{"id":109686,"date":"2025-09-03T14:14:12","date_gmt":"2025-09-03T12:14:12","guid":{"rendered":"https:\/\/msk.lodz.pl\/?post_type=mec-events&#038;p=109686"},"modified":"2026-04-17T10:37:07","modified_gmt":"2026-04-17T08:37:07","slug":"chor-kvitka-dla-dzieci-zajecia-stale-wrzesien-2025","status":"publish","type":"mec-events","link":"https:\/\/msk.lodz.pl\/en\/msk\/chor-kvitka-dla-dzieci-zajecia-stale-wrzesien-2025\/","title":{"rendered":"Ch\u00f3r KVITKA \/\/ dla dzieci \/\/ zaj\u0119cia sta\u0142e \/\/ 2026"},"content":{"rendered":"<h3 data-start=\"75\" data-end=\"165\">UWAGA! ZAJ\u0118CIA Z CH\u00d3RU S\u0104 ODWO\u0141ANE DO PO\u0141OWY MAJA, Z POWODU KONTUZJI PANI PROWADZ\u0104CEJ.<\/h3>\n<h3 data-start=\"75\" data-end=\"165\"><strong data-start=\"78\" data-end=\"105\">Do\u0142\u0105cz do ch\u00f3ru KVITKA!<\/strong><br data-start=\"108\" data-end=\"111\" \/>Bezp\u0142atne zaj\u0119cia muzyczne dla dzieci w wieku <strong>5\u201311 lat<\/strong><\/h3>\n<h3 data-start=\"167\" data-end=\"324\">Kochacie \u015bpiew? My te\u017c! Ch\u00f3r <strong data-start=\"196\" data-end=\"206\">KVITKA<\/strong> to radosna przestrze\u0144, gdzie dzieci rozwijaj\u0105 g\u0142os, wra\u017cliwo\u015b\u0107 i pewno\u015b\u0107 siebie \u2013 poprzez muzyk\u0119 i wsp\u00f3lne \u015bpiewanie.<\/h3>\n<h3 data-start=\"326\" data-end=\"457\">\u015apiewamy utwory ludowe, religijne i klasyczne. Zaj\u0119cia prowadzi z pasj\u0105 Julia Jurczak \u2013 dyrygentka, aran\u017cerka i za\u0142o\u017cycielka ch\u00f3ru.<\/h3>\n<h3 data-start=\"459\" data-end=\"536\">\u2728 Zaj\u0119cia s\u0105 ca\u0142kowicie <strong data-start=\"483\" data-end=\"496\">free<\/strong>!<br data-start=\"497\" data-end=\"500\" \/>\ud83c\udfa4 Do\u0142\u0105cz do nas i odkryj rado\u015b\u0107 wsp\u00f3lnego \u015bpiewania!<\/h3>\n<h3><strong>Dni wolne od zaj\u0119\u0107:<\/strong><\/h3>\n<h3><strong>15.09.2025<\/strong><\/h3>\n<h3><strong>10.11.2025<\/strong><\/h3>\n<h3><strong>3 i 10.02.2026<\/strong><\/h3>","protected":false},"excerpt":{"rendered":"<p>UWAGA! ZAJ\u0118CIA Z CH\u00d3RU S\u0104 ODWO\u0141ANE DO PO\u0141OWY MAJA, Z POWODU KONTUZJI PANI PROWADZ\u0104CEJ. Do\u0142\u0105cz do ch\u00f3ru KVITKA!Bezp\u0142atne zaj\u0119cia muzyczne dla dzieci w wieku 5\u201311 lat Kochacie \u015bpiew? My te\u017c! Ch\u00f3r KVITKA to radosna przestrze\u0144, gdzie dzieci rozwijaj\u0105 g\u0142os, wra\u017cliwo\u015b\u0107 i pewno\u015b\u0107 siebie \u2013 poprzez muzyk\u0119 i wsp\u00f3lne \u015bpiewanie. \u015apiewamy utwory ludowe, religijne i klasyczne. [&hellip;]<\/p>","protected":false},"author":35,"featured_media":111439,"comment_status":"closed","ping_status":"closed","template":"","tags":[],"mec_category":[368,393,371],"class_list":["post-109686","mec-events","type-mec-events","status-publish","has-post-thumbnail","hentry","mec_category-dzieci","mec_category-muzyka-spiew","mec_category-zajecia"],"yoast_head":"<!-- This site is optimized with the Yoast SEO plugin v26.5 - https:\/\/yoast.com\/wordpress\/plugins\/seo\/ -->\n<title>Ch\u00f3r KVITKA \/\/ dla dzieci \/\/ zaj\u0119cia sta\u0142e \/\/ 2026 - MSK<\/title>\n<meta name=\"robots\" content=\"index, follow, max-snippet:-1, max-image-preview:large, max-video-preview:-1\" \/>\n<link rel=\"canonical\" href=\"https:\/\/msk.lodz.pl\/en\/msk\/chor-kvitka-dla-dzieci-zajecia-stale-wrzesien-2025\/\" \/>\n<meta property=\"og:locale\" content=\"en_GB\" \/>\n<meta property=\"og:type\" content=\"article\" \/>\n<meta property=\"og:title\" content=\"Ch\u00f3r KVITKA \/\/ dla dzieci \/\/ zaj\u0119cia sta\u0142e \/\/ 2026 - MSK\" \/>\n<meta property=\"og:description\" content=\"UWAGA! ZAJ\u0118CIA Z CH\u00d3RU S\u0104 ODWO\u0141ANE DO PO\u0141OWY MAJA, Z POWODU KONTUZJI PANI PROWADZ\u0104CEJ. Do\u0142\u0105cz do ch\u00f3ru KVITKA!Bezp\u0142atne zaj\u0119cia muzyczne dla dzieci w wieku 5\u201311 lat Kochacie \u015bpiew? My te\u017c! Ch\u00f3r KVITKA to radosna przestrze\u0144, gdzie dzieci rozwijaj\u0105 g\u0142os, wra\u017cliwo\u015b\u0107 i pewno\u015b\u0107 siebie \u2013 poprzez muzyk\u0119 i wsp\u00f3lne \u015bpiewanie. \u015apiewamy utwory ludowe, religijne i klasyczne. [&hellip;]\" \/>\n<meta property=\"og:url\" content=\"https:\/\/msk.lodz.pl\/en\/msk\/chor-kvitka-dla-dzieci-zajecia-stale-wrzesien-2025\/\" \/>\n<meta property=\"og:site_name\" content=\"MSK\" \/>\n<meta property=\"article:modified_time\" content=\"2026-04-17T08:37:07+00:00\" \/>\n<meta property=\"og:image\" content=\"https:\/\/msk.lodz.pl\/wp-content\/uploads\/2025\/09\/kvitka1.jpg\" \/>\n\t<meta property=\"og:image:width\" content=\"1424\" \/>\n\t<meta property=\"og:image:height\" content=\"1024\" \/>\n\t<meta property=\"og:image:type\" content=\"image\/jpeg\" \/>\n<meta name=\"twitter:card\" content=\"summary_large_image\" \/>\n<meta name=\"twitter:label1\" content=\"Estimated reading time\" \/>\n\t<meta name=\"twitter:data1\" content=\"1 minute\" \/>\n<script type=\"application\/ld+json\" class=\"yoast-schema-graph\">{\"@context\":\"https:\/\/schema.org\",\"@graph\":[{\"@type\":\"WebPage\",\"@id\":\"https:\/\/msk.lodz.pl\/msk\/chor-kvitka-dla-dzieci-zajecia-stale-wrzesien-2025\/\",\"url\":\"https:\/\/msk.lodz.pl\/msk\/chor-kvitka-dla-dzieci-zajecia-stale-wrzesien-2025\/\",\"name\":\"Ch\u00f3r KVITKA \/\/ dla dzieci \/\/ zaj\u0119cia sta\u0142e \/\/ 2026 - MSK\",\"isPartOf\":{\"@id\":\"https:\/\/msk.lodz.pl\/#website\"},\"primaryImageOfPage\":{\"@id\":\"https:\/\/msk.lodz.pl\/msk\/chor-kvitka-dla-dzieci-zajecia-stale-wrzesien-2025\/#primaryimage\"},\"image\":{\"@id\":\"https:\/\/msk.lodz.pl\/msk\/chor-kvitka-dla-dzieci-zajecia-stale-wrzesien-2025\/#primaryimage\"},\"thumbnailUrl\":\"https:\/\/msk.lodz.pl\/wp-content\/uploads\/2025\/09\/kvitka1.jpg\",\"datePublished\":\"2025-09-03T12:14:12+00:00\",\"dateModified\":\"2026-04-17T08:37:07+00:00\",\"breadcrumb\":{\"@id\":\"https:\/\/msk.lodz.pl\/msk\/chor-kvitka-dla-dzieci-zajecia-stale-wrzesien-2025\/#breadcrumb\"},\"inLanguage\":\"en-GB\",\"potentialAction\":[{\"@type\":\"ReadAction\",\"target\":[\"https:\/\/msk.lodz.pl\/msk\/chor-kvitka-dla-dzieci-zajecia-stale-wrzesien-2025\/\"]}]},{\"@type\":\"ImageObject\",\"inLanguage\":\"en-GB\",\"@id\":\"https:\/\/msk.lodz.pl\/msk\/chor-kvitka-dla-dzieci-zajecia-stale-wrzesien-2025\/#primaryimage\",\"url\":\"https:\/\/msk.lodz.pl\/wp-content\/uploads\/2025\/09\/kvitka1.jpg\",\"contentUrl\":\"https:\/\/msk.lodz.pl\/wp-content\/uploads\/2025\/09\/kvitka1.jpg\",\"width\":1424,\"height\":1024},{\"@type\":\"BreadcrumbList\",\"@id\":\"https:\/\/msk.lodz.pl\/msk\/chor-kvitka-dla-dzieci-zajecia-stale-wrzesien-2025\/#breadcrumb\",\"itemListElement\":[{\"@type\":\"ListItem\",\"position\":1,\"name\":\"Strona g\u0142\u00f3wna\",\"item\":\"http:\/\/msk.lodz.pl\/en\/\"},{\"@type\":\"ListItem\",\"position\":2,\"name\":\"Wydarzenia\",\"item\":\"https:\/\/msk.lodz.pl\/msk\/\"},{\"@type\":\"ListItem\",\"position\":3,\"name\":\"Ch\u00f3r KVITKA \/\/ dla dzieci \/\/ zaj\u0119cia sta\u0142e \/\/ 2026\"}]},{\"@type\":\"WebSite\",\"@id\":\"https:\/\/msk.lodz.pl\/#website\",\"url\":\"https:\/\/msk.lodz.pl\/\",\"name\":\"MSK - \u0141\u00f3d\u017a\",\"description\":\"\",\"publisher\":{\"@id\":\"https:\/\/msk.lodz.pl\/#organization\"},\"potentialAction\":[{\"@type\":\"SearchAction\",\"target\":{\"@type\":\"EntryPoint\",\"urlTemplate\":\"https:\/\/msk.lodz.pl\/?s={search_term_string}\"},\"query-input\":{\"@type\":\"PropertyValueSpecification\",\"valueRequired\":true,\"valueName\":\"search_term_string\"}}],\"inLanguage\":\"en-GB\"},{\"@type\":\"Organization\",\"@id\":\"https:\/\/msk.lodz.pl\/#organization\",\"name\":\"MSK - \u0141\u00f3d\u017a\",\"url\":\"https:\/\/msk.lodz.pl\/\",\"logo\":{\"@type\":\"ImageObject\",\"inLanguage\":\"en-GB\",\"@id\":\"https:\/\/msk.lodz.pl\/#\/schema\/logo\/image\/\",\"url\":\"https:\/\/msk.lodz.pl\/wp-content\/uploads\/2023\/04\/cropped-Fav_icon_MSK.png\",\"contentUrl\":\"https:\/\/msk.lodz.pl\/wp-content\/uploads\/2023\/04\/cropped-Fav_icon_MSK.png\",\"width\":512,\"height\":512,\"caption\":\"MSK - \u0141\u00f3d\u017a\"},\"image\":{\"@id\":\"https:\/\/msk.lodz.pl\/#\/schema\/logo\/image\/\"}}]}<\/script>\n<!-- \/ Yoast SEO plugin. -->","yoast_head_json":{"title":"Ch\u00f3r KVITKA \/\/ dla dzieci \/\/ zaj\u0119cia sta\u0142e \/\/ 2026 - MSK","robots":{"index":"index","follow":"follow","max-snippet":"max-snippet:-1","max-image-preview":"max-image-preview:large","max-video-preview":"max-video-preview:-1"},"canonical":"https:\/\/msk.lodz.pl\/en\/msk\/chor-kvitka-dla-dzieci-zajecia-stale-wrzesien-2025\/","og_locale":"en_GB","og_type":"article","og_title":"Ch\u00f3r KVITKA \/\/ dla dzieci \/\/ zaj\u0119cia sta\u0142e \/\/ 2026 - MSK","og_description":"UWAGA! ZAJ\u0118CIA Z CH\u00d3RU S\u0104 ODWO\u0141ANE DO PO\u0141OWY MAJA, Z POWODU KONTUZJI PANI PROWADZ\u0104CEJ. Do\u0142\u0105cz do ch\u00f3ru KVITKA!Bezp\u0142atne zaj\u0119cia muzyczne dla dzieci w wieku 5\u201311 lat Kochacie \u015bpiew? My te\u017c! Ch\u00f3r KVITKA to radosna przestrze\u0144, gdzie dzieci rozwijaj\u0105 g\u0142os, wra\u017cliwo\u015b\u0107 i pewno\u015b\u0107 siebie \u2013 poprzez muzyk\u0119 i wsp\u00f3lne \u015bpiewanie. \u015apiewamy utwory ludowe, religijne i klasyczne. [&hellip;]","og_url":"https:\/\/msk.lodz.pl\/en\/msk\/chor-kvitka-dla-dzieci-zajecia-stale-wrzesien-2025\/","og_site_name":"MSK","article_modified_time":"2026-04-17T08:37:07+00:00","og_image":[{"width":1424,"height":1024,"url":"https:\/\/msk.lodz.pl\/wp-content\/uploads\/2025\/09\/kvitka1.jpg","type":"image\/jpeg"}],"twitter_card":"summary_large_image","twitter_misc":{"Estimated reading time":"1 minute"},"schema":{"@context":"https:\/\/schema.org","@graph":[{"@type":"WebPage","@id":"https:\/\/msk.lodz.pl\/msk\/chor-kvitka-dla-dzieci-zajecia-stale-wrzesien-2025\/","url":"https:\/\/msk.lodz.pl\/msk\/chor-kvitka-dla-dzieci-zajecia-stale-wrzesien-2025\/","name":"Ch\u00f3r KVITKA \/\/ dla dzieci \/\/ zaj\u0119cia sta\u0142e \/\/ 2026 - MSK","isPartOf":{"@id":"https:\/\/msk.lodz.pl\/#website"},"primaryImageOfPage":{"@id":"https:\/\/msk.lodz.pl\/msk\/chor-kvitka-dla-dzieci-zajecia-stale-wrzesien-2025\/#primaryimage"},"image":{"@id":"https:\/\/msk.lodz.pl\/msk\/chor-kvitka-dla-dzieci-zajecia-stale-wrzesien-2025\/#primaryimage"},"thumbnailUrl":"https:\/\/msk.lodz.pl\/wp-content\/uploads\/2025\/09\/kvitka1.jpg","datePublished":"2025-09-03T12:14:12+00:00","dateModified":"2026-04-17T08:37:07+00:00","breadcrumb":{"@id":"https:\/\/msk.lodz.pl\/msk\/chor-kvitka-dla-dzieci-zajecia-stale-wrzesien-2025\/#breadcrumb"},"inLanguage":"en-GB","potentialAction":[{"@type":"ReadAction","target":["https:\/\/msk.lodz.pl\/msk\/chor-kvitka-dla-dzieci-zajecia-stale-wrzesien-2025\/"]}]},{"@type":"ImageObject","inLanguage":"en-GB","@id":"https:\/\/msk.lodz.pl\/msk\/chor-kvitka-dla-dzieci-zajecia-stale-wrzesien-2025\/#primaryimage","url":"https:\/\/msk.lodz.pl\/wp-content\/uploads\/2025\/09\/kvitka1.jpg","contentUrl":"https:\/\/msk.lodz.pl\/wp-content\/uploads\/2025\/09\/kvitka1.jpg","width":1424,"height":1024},{"@type":"BreadcrumbList","@id":"https:\/\/msk.lodz.pl\/msk\/chor-kvitka-dla-dzieci-zajecia-stale-wrzesien-2025\/#breadcrumb","itemListElement":[{"@type":"ListItem","position":1,"name":"Strona g\u0142\u00f3wna","item":"http:\/\/msk.lodz.pl\/en\/"},{"@type":"ListItem","position":2,"name":"Wydarzenia","item":"https:\/\/msk.lodz.pl\/msk\/"},{"@type":"ListItem","position":3,"name":"Ch\u00f3r KVITKA \/\/ dla dzieci \/\/ zaj\u0119cia sta\u0142e \/\/ 2026"}]},{"@type":"WebSite","@id":"https:\/\/msk.lodz.pl\/#website","url":"https:\/\/msk.lodz.pl\/","name":"MSK - \u0141\u00f3d\u017a","description":"","publisher":{"@id":"https:\/\/msk.lodz.pl\/#organization"},"potentialAction":[{"@type":"SearchAction","target":{"@type":"EntryPoint","urlTemplate":"https:\/\/msk.lodz.pl\/?s={search_term_string}"},"query-input":{"@type":"PropertyValueSpecification","valueRequired":true,"valueName":"search_term_string"}}],"inLanguage":"en-GB"},{"@type":"Organization","@id":"https:\/\/msk.lodz.pl\/#organization","name":"MSK - \u0141\u00f3d\u017a","url":"https:\/\/msk.lodz.pl\/","logo":{"@type":"ImageObject","inLanguage":"en-GB","@id":"https:\/\/msk.lodz.pl\/#\/schema\/logo\/image\/","url":"https:\/\/msk.lodz.pl\/wp-content\/uploads\/2023\/04\/cropped-Fav_icon_MSK.png","contentUrl":"https:\/\/msk.lodz.pl\/wp-content\/uploads\/2023\/04\/cropped-Fav_icon_MSK.png","width":512,"height":512,"caption":"MSK - \u0141\u00f3d\u017a"},"image":{"@id":"https:\/\/msk.lodz.pl\/#\/schema\/logo\/image\/"}}]}},"_links":{"self":[{"href":"https:\/\/msk.lodz.pl\/en\/wp-json\/wp\/v2\/mec-events\/109686","targetHints":{"allow":["GET"]}}],"collection":[{"href":"https:\/\/msk.lodz.pl\/en\/wp-json\/wp\/v2\/mec-events"}],"about":[{"href":"https:\/\/msk.lodz.pl\/en\/wp-json\/wp\/v2\/types\/mec-events"}],"author":[{"embeddable":true,"href":"https:\/\/msk.lodz.pl\/en\/wp-json\/wp\/v2\/users\/35"}],"replies":[{"embeddable":true,"href":"https:\/\/msk.lodz.pl\/en\/wp-json\/wp\/v2\/comments?post=109686"}],"wp:featuredmedia":[{"embeddable":true,"href":"https:\/\/msk.lodz.pl\/en\/wp-json\/wp\/v2\/media\/111439"}],"wp:attachment":[{"href":"https:\/\/msk.lodz.pl\/en\/wp-json\/wp\/v2\/media?parent=109686"}],"wp:term":[{"taxonomy":"post_tag","embeddable":true,"href":"https:\/\/msk.lodz.pl\/en\/wp-json\/wp\/v2\/tags?post=109686"},{"taxonomy":"mec_category","embeddable":true,"href":"https:\/\/msk.lodz.pl\/en\/wp-json\/wp\/v2\/mec_category?post=109686"}],"curies":[{"name":"wp","href":"https:\/\/api.w.org\/{rel}","templated":true}]}}