{"id":122797,"date":"2025-11-20T16:59:44","date_gmt":"2025-11-20T15:59:44","guid":{"rendered":"https:\/\/msk.lodz.pl\/?post_type=mec-events&#038;p=122797"},"modified":"2025-11-20T16:59:44","modified_gmt":"2025-11-20T15:59:44","slug":"wieczor-autorski-wydarzenie","status":"publish","type":"mec-events","link":"https:\/\/msk.lodz.pl\/en\/msk\/wieczor-autorski-wydarzenie\/","title":{"rendered":"Wiecz\u00f3r autorski \/\/ wydarzenie"},"content":{"rendered":"<p>Wiecz\u00f3r autorski Iwony Klimczak.<\/p>\n<p>Wyj\u0105tkowe spotkanie z Iwon\u0105 Klimczak, pisark\u0105 z \u0142\u00f3dzkimi korzeniami, autork\u0105 poruszaj\u0105cych opowie\u015bci o emocjach, relacjach i poszukiwaniu w\u0142asnego miejsca w \u015bwiecie. To niepowtarzalna okazja, by pozna\u0107 bli\u017cej tw\u00f3rczo\u015b\u0107 autorki, kt\u00f3ra w ci\u0105gu ostatnich miesi\u0119cy podbi\u0142a serca czytelnik\u00f3w trzema ksi\u0105\u017ckami: \u201eKiedy\u015b jest teraz\u201d, \u201eZ\u0142ote godziny\u201d oraz najnowsz\u0105 powie\u015bci\u0105 \u201eBez s\u0142\u00f3w\u201d.<\/p>\n<p>Podczas wieczoru Iwona Klimczak opowie o swoich inspiracjach, procesie tworzenia i wyj\u0105tkowych miejscach regionu \u0142\u00f3dzkiego, kt\u00f3re stanowi\u0105 t\u0142o wszystkich jej powie\u015bci. Nie zabraknie tak\u017ce fragment\u00f3w ksi\u0105\u017cek, rozmowy o bohaterach oraz kulisach pracy nad kolejnymi tytu\u0142ami.<\/p>\n<p>Spotkanie poprowadz\u0105: Dorota Samborska-Kuku\u0107 i Maria Berkan-Jab\u0142o\u0144ska, kt\u00f3re zadbaj\u0105 o ciekawy dialog z autork\u0105. Publiczno\u015b\u0107 b\u0119dzie mia\u0142a mo\u017cliwo\u015b\u0107 zadawania pyta\u0144, a po rozmowie, zdobycia autografu oraz chwil\u0119 na osobiste s\u0142owo z pisark\u0105.<\/p>","protected":false},"excerpt":{"rendered":"<p>Wiecz\u00f3r autorski Iwony Klimczak. Wyj\u0105tkowe spotkanie z Iwon\u0105 Klimczak, pisark\u0105 z \u0142\u00f3dzkimi korzeniami, autork\u0105 poruszaj\u0105cych opowie\u015bci o emocjach, relacjach i poszukiwaniu w\u0142asnego miejsca w \u015bwiecie. To niepowtarzalna okazja, by pozna\u0107 bli\u017cej tw\u00f3rczo\u015b\u0107 autorki, kt\u00f3ra w ci\u0105gu ostatnich miesi\u0119cy podbi\u0142a serca czytelnik\u00f3w trzema ksi\u0105\u017ckami: \u201eKiedy\u015b jest teraz\u201d, \u201eZ\u0142ote godziny\u201d oraz najnowsz\u0105 powie\u015bci\u0105 \u201eBez s\u0142\u00f3w\u201d. Podczas wieczoru [&hellip;]<\/p>","protected":false},"author":15,"featured_media":122798,"comment_status":"closed","ping_status":"closed","template":"","tags":[192,39,46,193,494],"mec_category":[405,389,358,392,361],"class_list":["post-122797","mec-events","type-mec-events","status-publish","has-post-thumbnail","hentry","tag-dorosli","tag-kluby-zainteresowan","tag-literatura","tag-seniorzy","tag-wydarzenie","mec_category-aktualnosci","mec_category-dorosli","mec_category-kluby-zainteresowan","mec_category-literatura","mec_category-wydarzenia"],"yoast_head":"<!-- This site is optimized with the Yoast SEO plugin v26.5 - https:\/\/yoast.com\/wordpress\/plugins\/seo\/ -->\n<title>Wiecz\u00f3r autorski \/\/ wydarzenie - MSK<\/title>\n<meta name=\"robots\" content=\"index, follow, max-snippet:-1, max-image-preview:large, max-video-preview:-1\" \/>\n<link rel=\"canonical\" href=\"https:\/\/msk.lodz.pl\/en\/msk\/wieczor-autorski-wydarzenie\/\" \/>\n<meta property=\"og:locale\" content=\"en_GB\" \/>\n<meta property=\"og:type\" content=\"article\" \/>\n<meta property=\"og:title\" content=\"Wiecz\u00f3r autorski \/\/ wydarzenie - MSK\" \/>\n<meta property=\"og:description\" content=\"Wiecz\u00f3r autorski Iwony Klimczak. Wyj\u0105tkowe spotkanie z Iwon\u0105 Klimczak, pisark\u0105 z \u0142\u00f3dzkimi korzeniami, autork\u0105 poruszaj\u0105cych opowie\u015bci o emocjach, relacjach i poszukiwaniu w\u0142asnego miejsca w \u015bwiecie. To niepowtarzalna okazja, by pozna\u0107 bli\u017cej tw\u00f3rczo\u015b\u0107 autorki, kt\u00f3ra w ci\u0105gu ostatnich miesi\u0119cy podbi\u0142a serca czytelnik\u00f3w trzema ksi\u0105\u017ckami: \u201eKiedy\u015b jest teraz\u201d, \u201eZ\u0142ote godziny\u201d oraz najnowsz\u0105 powie\u015bci\u0105 \u201eBez s\u0142\u00f3w\u201d. Podczas wieczoru [&hellip;]\" \/>\n<meta property=\"og:url\" content=\"https:\/\/msk.lodz.pl\/en\/msk\/wieczor-autorski-wydarzenie\/\" \/>\n<meta property=\"og:site_name\" content=\"MSK\" \/>\n<meta property=\"og:image\" content=\"https:\/\/msk.lodz.pl\/wp-content\/uploads\/2025\/11\/be76d7c9-7570-45d7-ae80-e8a0c0a190d5.jpg\" \/>\n\t<meta property=\"og:image:width\" content=\"1424\" \/>\n\t<meta property=\"og:image:height\" content=\"1024\" \/>\n\t<meta property=\"og:image:type\" content=\"image\/jpeg\" \/>\n<meta name=\"twitter:card\" content=\"summary_large_image\" \/>\n<meta name=\"twitter:label1\" content=\"Estimated reading time\" \/>\n\t<meta name=\"twitter:data1\" content=\"1 minute\" \/>\n<script type=\"application\/ld+json\" class=\"yoast-schema-graph\">{\"@context\":\"https:\/\/schema.org\",\"@graph\":[{\"@type\":\"WebPage\",\"@id\":\"https:\/\/msk.lodz.pl\/msk\/wieczor-autorski-wydarzenie\/\",\"url\":\"https:\/\/msk.lodz.pl\/msk\/wieczor-autorski-wydarzenie\/\",\"name\":\"Wiecz\u00f3r autorski \/\/ wydarzenie - MSK\",\"isPartOf\":{\"@id\":\"https:\/\/msk.lodz.pl\/#website\"},\"primaryImageOfPage\":{\"@id\":\"https:\/\/msk.lodz.pl\/msk\/wieczor-autorski-wydarzenie\/#primaryimage\"},\"image\":{\"@id\":\"https:\/\/msk.lodz.pl\/msk\/wieczor-autorski-wydarzenie\/#primaryimage\"},\"thumbnailUrl\":\"https:\/\/msk.lodz.pl\/wp-content\/uploads\/2025\/11\/be76d7c9-7570-45d7-ae80-e8a0c0a190d5.jpg\",\"datePublished\":\"2025-11-20T15:59:44+00:00\",\"breadcrumb\":{\"@id\":\"https:\/\/msk.lodz.pl\/msk\/wieczor-autorski-wydarzenie\/#breadcrumb\"},\"inLanguage\":\"en-GB\",\"potentialAction\":[{\"@type\":\"ReadAction\",\"target\":[\"https:\/\/msk.lodz.pl\/msk\/wieczor-autorski-wydarzenie\/\"]}]},{\"@type\":\"ImageObject\",\"inLanguage\":\"en-GB\",\"@id\":\"https:\/\/msk.lodz.pl\/msk\/wieczor-autorski-wydarzenie\/#primaryimage\",\"url\":\"https:\/\/msk.lodz.pl\/wp-content\/uploads\/2025\/11\/be76d7c9-7570-45d7-ae80-e8a0c0a190d5.jpg\",\"contentUrl\":\"https:\/\/msk.lodz.pl\/wp-content\/uploads\/2025\/11\/be76d7c9-7570-45d7-ae80-e8a0c0a190d5.jpg\",\"width\":1424,\"height\":1024},{\"@type\":\"BreadcrumbList\",\"@id\":\"https:\/\/msk.lodz.pl\/msk\/wieczor-autorski-wydarzenie\/#breadcrumb\",\"itemListElement\":[{\"@type\":\"ListItem\",\"position\":1,\"name\":\"Strona g\u0142\u00f3wna\",\"item\":\"http:\/\/msk.lodz.pl\/en\/\"},{\"@type\":\"ListItem\",\"position\":2,\"name\":\"Wydarzenia\",\"item\":\"https:\/\/msk.lodz.pl\/msk\/\"},{\"@type\":\"ListItem\",\"position\":3,\"name\":\"Wiecz\u00f3r autorski \/\/ wydarzenie\"}]},{\"@type\":\"WebSite\",\"@id\":\"https:\/\/msk.lodz.pl\/#website\",\"url\":\"https:\/\/msk.lodz.pl\/\",\"name\":\"MSK - \u0141\u00f3d\u017a\",\"description\":\"\",\"publisher\":{\"@id\":\"https:\/\/msk.lodz.pl\/#organization\"},\"potentialAction\":[{\"@type\":\"SearchAction\",\"target\":{\"@type\":\"EntryPoint\",\"urlTemplate\":\"https:\/\/msk.lodz.pl\/?s={search_term_string}\"},\"query-input\":{\"@type\":\"PropertyValueSpecification\",\"valueRequired\":true,\"valueName\":\"search_term_string\"}}],\"inLanguage\":\"en-GB\"},{\"@type\":\"Organization\",\"@id\":\"https:\/\/msk.lodz.pl\/#organization\",\"name\":\"MSK - \u0141\u00f3d\u017a\",\"url\":\"https:\/\/msk.lodz.pl\/\",\"logo\":{\"@type\":\"ImageObject\",\"inLanguage\":\"en-GB\",\"@id\":\"https:\/\/msk.lodz.pl\/#\/schema\/logo\/image\/\",\"url\":\"https:\/\/msk.lodz.pl\/wp-content\/uploads\/2023\/04\/cropped-Fav_icon_MSK.png\",\"contentUrl\":\"https:\/\/msk.lodz.pl\/wp-content\/uploads\/2023\/04\/cropped-Fav_icon_MSK.png\",\"width\":512,\"height\":512,\"caption\":\"MSK - \u0141\u00f3d\u017a\"},\"image\":{\"@id\":\"https:\/\/msk.lodz.pl\/#\/schema\/logo\/image\/\"}}]}<\/script>\n<!-- \/ Yoast SEO plugin. -->","yoast_head_json":{"title":"Wiecz\u00f3r autorski \/\/ wydarzenie - MSK","robots":{"index":"index","follow":"follow","max-snippet":"max-snippet:-1","max-image-preview":"max-image-preview:large","max-video-preview":"max-video-preview:-1"},"canonical":"https:\/\/msk.lodz.pl\/en\/msk\/wieczor-autorski-wydarzenie\/","og_locale":"en_GB","og_type":"article","og_title":"Wiecz\u00f3r autorski \/\/ wydarzenie - MSK","og_description":"Wiecz\u00f3r autorski Iwony Klimczak. Wyj\u0105tkowe spotkanie z Iwon\u0105 Klimczak, pisark\u0105 z \u0142\u00f3dzkimi korzeniami, autork\u0105 poruszaj\u0105cych opowie\u015bci o emocjach, relacjach i poszukiwaniu w\u0142asnego miejsca w \u015bwiecie. To niepowtarzalna okazja, by pozna\u0107 bli\u017cej tw\u00f3rczo\u015b\u0107 autorki, kt\u00f3ra w ci\u0105gu ostatnich miesi\u0119cy podbi\u0142a serca czytelnik\u00f3w trzema ksi\u0105\u017ckami: \u201eKiedy\u015b jest teraz\u201d, \u201eZ\u0142ote godziny\u201d oraz najnowsz\u0105 powie\u015bci\u0105 \u201eBez s\u0142\u00f3w\u201d. Podczas wieczoru [&hellip;]","og_url":"https:\/\/msk.lodz.pl\/en\/msk\/wieczor-autorski-wydarzenie\/","og_site_name":"MSK","og_image":[{"width":1424,"height":1024,"url":"https:\/\/msk.lodz.pl\/wp-content\/uploads\/2025\/11\/be76d7c9-7570-45d7-ae80-e8a0c0a190d5.jpg","type":"image\/jpeg"}],"twitter_card":"summary_large_image","twitter_misc":{"Estimated reading time":"1 minute"},"schema":{"@context":"https:\/\/schema.org","@graph":[{"@type":"WebPage","@id":"https:\/\/msk.lodz.pl\/msk\/wieczor-autorski-wydarzenie\/","url":"https:\/\/msk.lodz.pl\/msk\/wieczor-autorski-wydarzenie\/","name":"Wiecz\u00f3r autorski \/\/ wydarzenie - MSK","isPartOf":{"@id":"https:\/\/msk.lodz.pl\/#website"},"primaryImageOfPage":{"@id":"https:\/\/msk.lodz.pl\/msk\/wieczor-autorski-wydarzenie\/#primaryimage"},"image":{"@id":"https:\/\/msk.lodz.pl\/msk\/wieczor-autorski-wydarzenie\/#primaryimage"},"thumbnailUrl":"https:\/\/msk.lodz.pl\/wp-content\/uploads\/2025\/11\/be76d7c9-7570-45d7-ae80-e8a0c0a190d5.jpg","datePublished":"2025-11-20T15:59:44+00:00","breadcrumb":{"@id":"https:\/\/msk.lodz.pl\/msk\/wieczor-autorski-wydarzenie\/#breadcrumb"},"inLanguage":"en-GB","potentialAction":[{"@type":"ReadAction","target":["https:\/\/msk.lodz.pl\/msk\/wieczor-autorski-wydarzenie\/"]}]},{"@type":"ImageObject","inLanguage":"en-GB","@id":"https:\/\/msk.lodz.pl\/msk\/wieczor-autorski-wydarzenie\/#primaryimage","url":"https:\/\/msk.lodz.pl\/wp-content\/uploads\/2025\/11\/be76d7c9-7570-45d7-ae80-e8a0c0a190d5.jpg","contentUrl":"https:\/\/msk.lodz.pl\/wp-content\/uploads\/2025\/11\/be76d7c9-7570-45d7-ae80-e8a0c0a190d5.jpg","width":1424,"height":1024},{"@type":"BreadcrumbList","@id":"https:\/\/msk.lodz.pl\/msk\/wieczor-autorski-wydarzenie\/#breadcrumb","itemListElement":[{"@type":"ListItem","position":1,"name":"Strona g\u0142\u00f3wna","item":"http:\/\/msk.lodz.pl\/en\/"},{"@type":"ListItem","position":2,"name":"Wydarzenia","item":"https:\/\/msk.lodz.pl\/msk\/"},{"@type":"ListItem","position":3,"name":"Wiecz\u00f3r autorski \/\/ wydarzenie"}]},{"@type":"WebSite","@id":"https:\/\/msk.lodz.pl\/#website","url":"https:\/\/msk.lodz.pl\/","name":"MSK - \u0141\u00f3d\u017a","description":"","publisher":{"@id":"https:\/\/msk.lodz.pl\/#organization"},"potentialAction":[{"@type":"SearchAction","target":{"@type":"EntryPoint","urlTemplate":"https:\/\/msk.lodz.pl\/?s={search_term_string}"},"query-input":{"@type":"PropertyValueSpecification","valueRequired":true,"valueName":"search_term_string"}}],"inLanguage":"en-GB"},{"@type":"Organization","@id":"https:\/\/msk.lodz.pl\/#organization","name":"MSK - \u0141\u00f3d\u017a","url":"https:\/\/msk.lodz.pl\/","logo":{"@type":"ImageObject","inLanguage":"en-GB","@id":"https:\/\/msk.lodz.pl\/#\/schema\/logo\/image\/","url":"https:\/\/msk.lodz.pl\/wp-content\/uploads\/2023\/04\/cropped-Fav_icon_MSK.png","contentUrl":"https:\/\/msk.lodz.pl\/wp-content\/uploads\/2023\/04\/cropped-Fav_icon_MSK.png","width":512,"height":512,"caption":"MSK - \u0141\u00f3d\u017a"},"image":{"@id":"https:\/\/msk.lodz.pl\/#\/schema\/logo\/image\/"}}]}},"_links":{"self":[{"href":"https:\/\/msk.lodz.pl\/en\/wp-json\/wp\/v2\/mec-events\/122797","targetHints":{"allow":["GET"]}}],"collection":[{"href":"https:\/\/msk.lodz.pl\/en\/wp-json\/wp\/v2\/mec-events"}],"about":[{"href":"https:\/\/msk.lodz.pl\/en\/wp-json\/wp\/v2\/types\/mec-events"}],"author":[{"embeddable":true,"href":"https:\/\/msk.lodz.pl\/en\/wp-json\/wp\/v2\/users\/15"}],"replies":[{"embeddable":true,"href":"https:\/\/msk.lodz.pl\/en\/wp-json\/wp\/v2\/comments?post=122797"}],"wp:featuredmedia":[{"embeddable":true,"href":"https:\/\/msk.lodz.pl\/en\/wp-json\/wp\/v2\/media\/122798"}],"wp:attachment":[{"href":"https:\/\/msk.lodz.pl\/en\/wp-json\/wp\/v2\/media?parent=122797"}],"wp:term":[{"taxonomy":"post_tag","embeddable":true,"href":"https:\/\/msk.lodz.pl\/en\/wp-json\/wp\/v2\/tags?post=122797"},{"taxonomy":"mec_category","embeddable":true,"href":"https:\/\/msk.lodz.pl\/en\/wp-json\/wp\/v2\/mec_category?post=122797"}],"curies":[{"name":"wp","href":"https:\/\/api.w.org\/{rel}","templated":true}]}}