{"id":126331,"date":"2025-12-15T22:10:03","date_gmt":"2025-12-15T21:10:03","guid":{"rendered":"https:\/\/msk.lodz.pl\/?post_type=mec-events&#038;p=126331"},"modified":"2026-01-23T14:03:33","modified_gmt":"2026-01-23T13:03:33","slug":"ferionauci-msk-polkolonie-zimowe-w-msk-teofilow","status":"publish","type":"mec-events","link":"https:\/\/msk.lodz.pl\/en\/msk\/ferionauci-msk-polkolonie-zimowe-w-msk-teofilow\/","title":{"rendered":"FERIONAUCI MSK &#8211; p\u00f3\u0142kolonie zimowe w MSK: Teofil\u00f3w"},"content":{"rendered":"<p style=\"margin-top: 0cm; background: white;\"><span style=\"font-size: 10.0pt; font-family: 'Verdana',sans-serif; color: #2c363a;\">FERIONAUCI MSK &#8222;<strong>Przestrzenie \u015awiat\u0142a: Laboratorium Przezroczysto\u015bci<\/strong>&#8221; &#8211; p\u00f3\u0142kolonie zimowe dla dzieci w wieku 7\u201312 lat, podczas kt\u00f3rych uczestnicy odkryj\u0105 magi\u0119 \u015bwiat\u0142a, koloru i ruchu. W tw\u00f3rczej atmosferze b\u0119d\u0105 tworzy\u0107 w\u0142asne \u015bwietlne kompozycje. Czekaj\u0105 na nich r\u00f3wnie\u017c ekscytuj\u0105ce wycieczki, zaj\u0119cia muzyczne, wokalne,\u00a0 teatralne i r\u00f3\u017cnorodne aktywno\u015bci ruchowe, kt\u00f3re uzupe\u0142ni\u0105 artystyczne eksperymenty. Ka\u017cdy dzie\u0144 przyniesie nowe odkrycia, zabaw\u0119 i okazj\u0119 do rozwijania kreatywno\u015bci. To wyj\u0105tkowa zimowa przygoda w MSK: Teofil\u00f3w, kt\u00f3ra pozwoli dzieciom zobaczy\u0107 \u015bwiat w zupe\u0142nie nowym \u015bwietle.<\/span><\/p>\n<p><strong>PROMOCJA!<\/strong><\/p>\n<p>Twoje dzieci ju\u017c bra\u0142y udzia\u0142 w naszych p\u00f3\u0142koloniach i masz pewno\u015b\u0107, \u017ce b\u0119d\u0105 si\u0119 dobrze bawi\u0107? A mo\u017ce jeszcze ich u nas nie by\u0142o ale nie masz cienia w\u0105tpliwo\u015bci, \u017ce sp\u0119dz\u0105 u nas czas kreatywnie i tw\u00f3rczo? Zapisz swoje dziecko ju\u017c dzi\u015b!<\/p>\n<p><strong>Do ko\u0144ca grudnia<\/strong>\u00a0(31.12.2025) cena za tydzie\u0144 kosmicznej zabawy to\u00a0<strong>500 z\u0142\/osoba\/tydzie\u0144<\/strong>.<br \/>\nOd stycznia koszt p\u00f3\u0142kolonii to\u00a0<strong>600 z\u0142\/os\/tydzie\u0144<\/strong>.<\/p>","protected":false},"excerpt":{"rendered":"<p>FERIONAUCI MSK &#8222;Przestrzenie \u015awiat\u0142a: Laboratorium Przezroczysto\u015bci&#8221; &#8211; p\u00f3\u0142kolonie zimowe dla dzieci w wieku 7\u201312 lat, podczas kt\u00f3rych uczestnicy odkryj\u0105 magi\u0119 \u015bwiat\u0142a, koloru i ruchu. W tw\u00f3rczej atmosferze b\u0119d\u0105 tworzy\u0107 w\u0142asne \u015bwietlne kompozycje. Czekaj\u0105 na nich r\u00f3wnie\u017c ekscytuj\u0105ce wycieczki, zaj\u0119cia muzyczne, wokalne,\u00a0 teatralne i r\u00f3\u017cnorodne aktywno\u015bci ruchowe, kt\u00f3re uzupe\u0142ni\u0105 artystyczne eksperymenty. Ka\u017cdy dzie\u0144 przyniesie nowe odkrycia, [&hellip;]<\/p>","protected":false},"author":3,"featured_media":127364,"comment_status":"closed","ping_status":"closed","template":"","tags":[191,569],"mec_category":[405,368,359,361],"class_list":["post-126331","mec-events","type-mec-events","status-publish","has-post-thumbnail","hentry","tag-dzieci","tag-polkolonie","mec_category-aktualnosci","mec_category-dzieci","mec_category-polkolonie","mec_category-wydarzenia"],"yoast_head":"<!-- This site is optimized with the Yoast SEO plugin v26.5 - https:\/\/yoast.com\/wordpress\/plugins\/seo\/ -->\n<title>FERIONAUCI MSK - p\u00f3\u0142kolonie zimowe w MSK: Teofil\u00f3w - MSK<\/title>\n<meta name=\"robots\" content=\"index, follow, max-snippet:-1, max-image-preview:large, max-video-preview:-1\" \/>\n<link rel=\"canonical\" href=\"https:\/\/msk.lodz.pl\/en\/msk\/ferionauci-msk-polkolonie-zimowe-w-msk-teofilow\/\" \/>\n<meta property=\"og:locale\" content=\"en_GB\" \/>\n<meta property=\"og:type\" content=\"article\" \/>\n<meta property=\"og:title\" content=\"FERIONAUCI MSK - p\u00f3\u0142kolonie zimowe w MSK: Teofil\u00f3w - MSK\" \/>\n<meta property=\"og:description\" content=\"FERIONAUCI MSK &#8222;Przestrzenie \u015awiat\u0142a: Laboratorium Przezroczysto\u015bci&#8221; &#8211; p\u00f3\u0142kolonie zimowe dla dzieci w wieku 7\u201312 lat, podczas kt\u00f3rych uczestnicy odkryj\u0105 magi\u0119 \u015bwiat\u0142a, koloru i ruchu. W tw\u00f3rczej atmosferze b\u0119d\u0105 tworzy\u0107 w\u0142asne \u015bwietlne kompozycje. Czekaj\u0105 na nich r\u00f3wnie\u017c ekscytuj\u0105ce wycieczki, zaj\u0119cia muzyczne, wokalne,\u00a0 teatralne i r\u00f3\u017cnorodne aktywno\u015bci ruchowe, kt\u00f3re uzupe\u0142ni\u0105 artystyczne eksperymenty. Ka\u017cdy dzie\u0144 przyniesie nowe odkrycia, [&hellip;]\" \/>\n<meta property=\"og:url\" content=\"https:\/\/msk.lodz.pl\/en\/msk\/ferionauci-msk-polkolonie-zimowe-w-msk-teofilow\/\" \/>\n<meta property=\"og:site_name\" content=\"MSK\" \/>\n<meta property=\"article:modified_time\" content=\"2026-01-23T13:03:33+00:00\" \/>\n<meta property=\"og:image\" content=\"https:\/\/msk.lodz.pl\/wp-content\/uploads\/2025\/12\/1-1-1024x736.png\" \/>\n\t<meta property=\"og:image:width\" content=\"1024\" \/>\n\t<meta property=\"og:image:height\" content=\"736\" \/>\n\t<meta property=\"og:image:type\" content=\"image\/png\" \/>\n<meta name=\"twitter:card\" content=\"summary_large_image\" \/>\n<meta name=\"twitter:label1\" content=\"Estimated reading time\" \/>\n\t<meta name=\"twitter:data1\" content=\"1 minute\" \/>\n<script type=\"application\/ld+json\" class=\"yoast-schema-graph\">{\"@context\":\"https:\/\/schema.org\",\"@graph\":[{\"@type\":\"WebPage\",\"@id\":\"https:\/\/msk.lodz.pl\/msk\/ferionauci-msk-polkolonie-zimowe-w-msk-teofilow\/\",\"url\":\"https:\/\/msk.lodz.pl\/msk\/ferionauci-msk-polkolonie-zimowe-w-msk-teofilow\/\",\"name\":\"FERIONAUCI MSK - p\u00f3\u0142kolonie zimowe w MSK: Teofil\u00f3w - MSK\",\"isPartOf\":{\"@id\":\"https:\/\/msk.lodz.pl\/#website\"},\"primaryImageOfPage\":{\"@id\":\"https:\/\/msk.lodz.pl\/msk\/ferionauci-msk-polkolonie-zimowe-w-msk-teofilow\/#primaryimage\"},\"image\":{\"@id\":\"https:\/\/msk.lodz.pl\/msk\/ferionauci-msk-polkolonie-zimowe-w-msk-teofilow\/#primaryimage\"},\"thumbnailUrl\":\"https:\/\/msk.lodz.pl\/wp-content\/uploads\/2025\/12\/1-1.png\",\"datePublished\":\"2025-12-15T21:10:03+00:00\",\"dateModified\":\"2026-01-23T13:03:33+00:00\",\"breadcrumb\":{\"@id\":\"https:\/\/msk.lodz.pl\/msk\/ferionauci-msk-polkolonie-zimowe-w-msk-teofilow\/#breadcrumb\"},\"inLanguage\":\"en-GB\",\"potentialAction\":[{\"@type\":\"ReadAction\",\"target\":[\"https:\/\/msk.lodz.pl\/msk\/ferionauci-msk-polkolonie-zimowe-w-msk-teofilow\/\"]}]},{\"@type\":\"ImageObject\",\"inLanguage\":\"en-GB\",\"@id\":\"https:\/\/msk.lodz.pl\/msk\/ferionauci-msk-polkolonie-zimowe-w-msk-teofilow\/#primaryimage\",\"url\":\"https:\/\/msk.lodz.pl\/wp-content\/uploads\/2025\/12\/1-1.png\",\"contentUrl\":\"https:\/\/msk.lodz.pl\/wp-content\/uploads\/2025\/12\/1-1.png\",\"width\":1958,\"height\":1408},{\"@type\":\"BreadcrumbList\",\"@id\":\"https:\/\/msk.lodz.pl\/msk\/ferionauci-msk-polkolonie-zimowe-w-msk-teofilow\/#breadcrumb\",\"itemListElement\":[{\"@type\":\"ListItem\",\"position\":1,\"name\":\"Strona g\u0142\u00f3wna\",\"item\":\"http:\/\/msk.lodz.pl\/en\/\"},{\"@type\":\"ListItem\",\"position\":2,\"name\":\"Wydarzenia\",\"item\":\"https:\/\/msk.lodz.pl\/msk\/\"},{\"@type\":\"ListItem\",\"position\":3,\"name\":\"FERIONAUCI MSK &#8211; p\u00f3\u0142kolonie zimowe w MSK: Teofil\u00f3w\"}]},{\"@type\":\"WebSite\",\"@id\":\"https:\/\/msk.lodz.pl\/#website\",\"url\":\"https:\/\/msk.lodz.pl\/\",\"name\":\"MSK - \u0141\u00f3d\u017a\",\"description\":\"\",\"publisher\":{\"@id\":\"https:\/\/msk.lodz.pl\/#organization\"},\"potentialAction\":[{\"@type\":\"SearchAction\",\"target\":{\"@type\":\"EntryPoint\",\"urlTemplate\":\"https:\/\/msk.lodz.pl\/?s={search_term_string}\"},\"query-input\":{\"@type\":\"PropertyValueSpecification\",\"valueRequired\":true,\"valueName\":\"search_term_string\"}}],\"inLanguage\":\"en-GB\"},{\"@type\":\"Organization\",\"@id\":\"https:\/\/msk.lodz.pl\/#organization\",\"name\":\"MSK - \u0141\u00f3d\u017a\",\"url\":\"https:\/\/msk.lodz.pl\/\",\"logo\":{\"@type\":\"ImageObject\",\"inLanguage\":\"en-GB\",\"@id\":\"https:\/\/msk.lodz.pl\/#\/schema\/logo\/image\/\",\"url\":\"https:\/\/msk.lodz.pl\/wp-content\/uploads\/2023\/04\/cropped-Fav_icon_MSK.png\",\"contentUrl\":\"https:\/\/msk.lodz.pl\/wp-content\/uploads\/2023\/04\/cropped-Fav_icon_MSK.png\",\"width\":512,\"height\":512,\"caption\":\"MSK - \u0141\u00f3d\u017a\"},\"image\":{\"@id\":\"https:\/\/msk.lodz.pl\/#\/schema\/logo\/image\/\"}}]}<\/script>\n<!-- \/ Yoast SEO plugin. -->","yoast_head_json":{"title":"FERIONAUCI MSK - p\u00f3\u0142kolonie zimowe w MSK: Teofil\u00f3w - MSK","robots":{"index":"index","follow":"follow","max-snippet":"max-snippet:-1","max-image-preview":"max-image-preview:large","max-video-preview":"max-video-preview:-1"},"canonical":"https:\/\/msk.lodz.pl\/en\/msk\/ferionauci-msk-polkolonie-zimowe-w-msk-teofilow\/","og_locale":"en_GB","og_type":"article","og_title":"FERIONAUCI MSK - p\u00f3\u0142kolonie zimowe w MSK: Teofil\u00f3w - MSK","og_description":"FERIONAUCI MSK &#8222;Przestrzenie \u015awiat\u0142a: Laboratorium Przezroczysto\u015bci&#8221; &#8211; p\u00f3\u0142kolonie zimowe dla dzieci w wieku 7\u201312 lat, podczas kt\u00f3rych uczestnicy odkryj\u0105 magi\u0119 \u015bwiat\u0142a, koloru i ruchu. W tw\u00f3rczej atmosferze b\u0119d\u0105 tworzy\u0107 w\u0142asne \u015bwietlne kompozycje. Czekaj\u0105 na nich r\u00f3wnie\u017c ekscytuj\u0105ce wycieczki, zaj\u0119cia muzyczne, wokalne,\u00a0 teatralne i r\u00f3\u017cnorodne aktywno\u015bci ruchowe, kt\u00f3re uzupe\u0142ni\u0105 artystyczne eksperymenty. Ka\u017cdy dzie\u0144 przyniesie nowe odkrycia, [&hellip;]","og_url":"https:\/\/msk.lodz.pl\/en\/msk\/ferionauci-msk-polkolonie-zimowe-w-msk-teofilow\/","og_site_name":"MSK","article_modified_time":"2026-01-23T13:03:33+00:00","og_image":[{"width":1024,"height":736,"url":"https:\/\/msk.lodz.pl\/wp-content\/uploads\/2025\/12\/1-1-1024x736.png","type":"image\/png"}],"twitter_card":"summary_large_image","twitter_misc":{"Estimated reading time":"1 minute"},"schema":{"@context":"https:\/\/schema.org","@graph":[{"@type":"WebPage","@id":"https:\/\/msk.lodz.pl\/msk\/ferionauci-msk-polkolonie-zimowe-w-msk-teofilow\/","url":"https:\/\/msk.lodz.pl\/msk\/ferionauci-msk-polkolonie-zimowe-w-msk-teofilow\/","name":"FERIONAUCI MSK - p\u00f3\u0142kolonie zimowe w MSK: Teofil\u00f3w - MSK","isPartOf":{"@id":"https:\/\/msk.lodz.pl\/#website"},"primaryImageOfPage":{"@id":"https:\/\/msk.lodz.pl\/msk\/ferionauci-msk-polkolonie-zimowe-w-msk-teofilow\/#primaryimage"},"image":{"@id":"https:\/\/msk.lodz.pl\/msk\/ferionauci-msk-polkolonie-zimowe-w-msk-teofilow\/#primaryimage"},"thumbnailUrl":"https:\/\/msk.lodz.pl\/wp-content\/uploads\/2025\/12\/1-1.png","datePublished":"2025-12-15T21:10:03+00:00","dateModified":"2026-01-23T13:03:33+00:00","breadcrumb":{"@id":"https:\/\/msk.lodz.pl\/msk\/ferionauci-msk-polkolonie-zimowe-w-msk-teofilow\/#breadcrumb"},"inLanguage":"en-GB","potentialAction":[{"@type":"ReadAction","target":["https:\/\/msk.lodz.pl\/msk\/ferionauci-msk-polkolonie-zimowe-w-msk-teofilow\/"]}]},{"@type":"ImageObject","inLanguage":"en-GB","@id":"https:\/\/msk.lodz.pl\/msk\/ferionauci-msk-polkolonie-zimowe-w-msk-teofilow\/#primaryimage","url":"https:\/\/msk.lodz.pl\/wp-content\/uploads\/2025\/12\/1-1.png","contentUrl":"https:\/\/msk.lodz.pl\/wp-content\/uploads\/2025\/12\/1-1.png","width":1958,"height":1408},{"@type":"BreadcrumbList","@id":"https:\/\/msk.lodz.pl\/msk\/ferionauci-msk-polkolonie-zimowe-w-msk-teofilow\/#breadcrumb","itemListElement":[{"@type":"ListItem","position":1,"name":"Strona g\u0142\u00f3wna","item":"http:\/\/msk.lodz.pl\/en\/"},{"@type":"ListItem","position":2,"name":"Wydarzenia","item":"https:\/\/msk.lodz.pl\/msk\/"},{"@type":"ListItem","position":3,"name":"FERIONAUCI MSK &#8211; p\u00f3\u0142kolonie zimowe w MSK: Teofil\u00f3w"}]},{"@type":"WebSite","@id":"https:\/\/msk.lodz.pl\/#website","url":"https:\/\/msk.lodz.pl\/","name":"MSK - \u0141\u00f3d\u017a","description":"","publisher":{"@id":"https:\/\/msk.lodz.pl\/#organization"},"potentialAction":[{"@type":"SearchAction","target":{"@type":"EntryPoint","urlTemplate":"https:\/\/msk.lodz.pl\/?s={search_term_string}"},"query-input":{"@type":"PropertyValueSpecification","valueRequired":true,"valueName":"search_term_string"}}],"inLanguage":"en-GB"},{"@type":"Organization","@id":"https:\/\/msk.lodz.pl\/#organization","name":"MSK - \u0141\u00f3d\u017a","url":"https:\/\/msk.lodz.pl\/","logo":{"@type":"ImageObject","inLanguage":"en-GB","@id":"https:\/\/msk.lodz.pl\/#\/schema\/logo\/image\/","url":"https:\/\/msk.lodz.pl\/wp-content\/uploads\/2023\/04\/cropped-Fav_icon_MSK.png","contentUrl":"https:\/\/msk.lodz.pl\/wp-content\/uploads\/2023\/04\/cropped-Fav_icon_MSK.png","width":512,"height":512,"caption":"MSK - \u0141\u00f3d\u017a"},"image":{"@id":"https:\/\/msk.lodz.pl\/#\/schema\/logo\/image\/"}}]}},"_links":{"self":[{"href":"https:\/\/msk.lodz.pl\/en\/wp-json\/wp\/v2\/mec-events\/126331","targetHints":{"allow":["GET"]}}],"collection":[{"href":"https:\/\/msk.lodz.pl\/en\/wp-json\/wp\/v2\/mec-events"}],"about":[{"href":"https:\/\/msk.lodz.pl\/en\/wp-json\/wp\/v2\/types\/mec-events"}],"author":[{"embeddable":true,"href":"https:\/\/msk.lodz.pl\/en\/wp-json\/wp\/v2\/users\/3"}],"replies":[{"embeddable":true,"href":"https:\/\/msk.lodz.pl\/en\/wp-json\/wp\/v2\/comments?post=126331"}],"wp:featuredmedia":[{"embeddable":true,"href":"https:\/\/msk.lodz.pl\/en\/wp-json\/wp\/v2\/media\/127364"}],"wp:attachment":[{"href":"https:\/\/msk.lodz.pl\/en\/wp-json\/wp\/v2\/media?parent=126331"}],"wp:term":[{"taxonomy":"post_tag","embeddable":true,"href":"https:\/\/msk.lodz.pl\/en\/wp-json\/wp\/v2\/tags?post=126331"},{"taxonomy":"mec_category","embeddable":true,"href":"https:\/\/msk.lodz.pl\/en\/wp-json\/wp\/v2\/mec_category?post=126331"}],"curies":[{"name":"wp","href":"https:\/\/api.w.org\/{rel}","templated":true}]}}