{"id":139257,"date":"2026-02-23T14:50:09","date_gmt":"2026-02-23T13:50:09","guid":{"rendered":"https:\/\/msk.lodz.pl\/?post_type=mec-events&#038;p=139257"},"modified":"2026-02-24T16:05:01","modified_gmt":"2026-02-24T15:05:01","slug":"aperitivo-italiano-pop-jazz-100-made-in-italy-koncert","status":"publish","type":"mec-events","link":"https:\/\/msk.lodz.pl\/en\/msk\/aperitivo-italiano-pop-jazz-100-made-in-italy-koncert\/","title":{"rendered":"Aperitivo Italiano \u2013 pop &#038; jazz 100% Made in Italy | Koncert"},"content":{"rendered":"<p>Zapraszamy do O\u015brodka G\u00f3rna na wyj\u0105tkowy koncert &#8211; \u017cywio\u0142ow\u0105 mieszank\u0119 wsp\u00f3\u0142czesnej w\u0142oskiej muzyki!<\/p>\n<p>&#8222;<strong>Aperitivo Italiano<\/strong> to wyrafinowany format pop-jazzowy presti\u017cowego <strong>Progetto Bel Canto<\/strong> \u2013 jednego z najwa\u017cniejszych na \u015bwiecie program\u00f3w promuj\u0105cych kultur\u0119 w\u0142osk\u0105, realizowanego w ponad 30 krajach pod Wysokim Patronatem Prezydenta Republiki W\u0142oskiej.<\/p>\n<p>To nie jest jazz, nie jest to pop ani muzyka klasyczna \u2013 to harmonijna mieszanka, niczym muzyczny koktajl, kt\u00f3rym mo\u017cna delektowa\u0107 si\u0119 bez po\u015bpiechu. Na scenie spotykaj\u0105 si\u0119 wirtuozeria <strong>saksofonisty Marco Rossina<\/strong>, elegancja <strong>pianisty Alessandra Vuono<\/strong> oraz popowe do\u015bwiadczenie <strong>skrzypka Francesca Clemente<\/strong>, wieloletniego koncertmistrza orkiestry Festiwalu w Sanremo.<\/p>\n<p>Repertuar obejmuje oryginalne aran\u017cacje najwi\u0119kszych przeboj\u00f3w w\u0142oskich cantautor\u00f3w \u2014 od <strong>Lucio Dalli<\/strong> after <strong>Min\u0119<\/strong>, od <strong>Paola Conte<\/strong> after<strong> Pino Daniele<\/strong>, od <strong>Fabrizia De Andr\u00e9<\/strong> after <strong>Adriana Celentano<\/strong> \u2014 w muzycznej podr\u00f3\u017cy mi\u0119dzy popem a jazzem, \u0142\u0105cz\u0105cej emocje, elegancj\u0119 i tradycj\u0119.<\/p>\n<p>To wszechstronny i pe\u0142en uroku spektakl, kt\u00f3ry zachwyca publiczno\u015b\u0107 i zamienia ka\u017cde wydarzenie w prawdziwe w\u0142oskie do\u015bwiadczenie.&#8221;<\/p>\n<p>Koncert jest organizowany przez<strong> Comites Polonia<\/strong> we wsp\u00f3\u0142pracy z <strong>MSK: Upper<\/strong>, <strong>Fundacj\u0105 W\u0142osko-Polsk\u0105 InteRe<\/strong> oraz <strong>Marco Italian Food &amp; Street Art \u2013 \u0141\u00f3d\u017a.<\/strong><\/p>\n<p>Wst\u0119p na wydarzenie jest bezp\u0142atny.<\/p>\n<p>Obowi\u0105zuje rezerwacja miejsc.<\/p>\n<p>&nbsp;<\/p>","protected":false},"excerpt":{"rendered":"<p>Zapraszamy do O\u015brodka G\u00f3rna na wyj\u0105tkowy koncert &#8211; \u017cywio\u0142ow\u0105 mieszank\u0119 wsp\u00f3\u0142czesnej w\u0142oskiej muzyki! &#8222;Aperitivo Italiano to wyrafinowany format pop-jazzowy presti\u017cowego Progetto Bel Canto \u2013 jednego z najwa\u017cniejszych na \u015bwiecie program\u00f3w promuj\u0105cych kultur\u0119 w\u0142osk\u0105, realizowanego w ponad 30 krajach pod Wysokim Patronatem Prezydenta Republiki W\u0142oskiej. To nie jest jazz, nie jest to pop ani muzyka klasyczna [&hellip;]<\/p>","protected":false},"author":78,"featured_media":139253,"comment_status":"closed","ping_status":"closed","template":"","tags":[909,294,334],"mec_category":[389,368,394,537,393,397,536,361],"class_list":["post-139257","mec-events","type-mec-events","status-publish","has-post-thumbnail","hentry","tag-aperitivoitaliano","tag-koncert","tag-osrodekgorna","mec_category-dorosli","mec_category-dzieci","mec_category-mlodziez","mec_category-muzyka","mec_category-muzyka-spiew","mec_category-seniorzy","mec_category-spiew","mec_category-wydarzenia"],"yoast_head":"<!-- This site is optimized with the Yoast SEO plugin v26.5 - https:\/\/yoast.com\/wordpress\/plugins\/seo\/ -->\n<title>Aperitivo Italiano \u2013 pop &amp; jazz 100% Made in Italy | Koncert - MSK<\/title>\n<meta name=\"robots\" content=\"index, follow, max-snippet:-1, max-image-preview:large, max-video-preview:-1\" \/>\n<link rel=\"canonical\" href=\"https:\/\/msk.lodz.pl\/en\/msk\/aperitivo-italiano-pop-jazz-100-made-in-italy-koncert\/\" \/>\n<meta property=\"og:locale\" content=\"en_GB\" \/>\n<meta property=\"og:type\" content=\"article\" \/>\n<meta property=\"og:title\" content=\"Aperitivo Italiano \u2013 pop &amp; jazz 100% Made in Italy | Koncert - MSK\" \/>\n<meta property=\"og:description\" content=\"Zapraszamy do O\u015brodka G\u00f3rna na wyj\u0105tkowy koncert &#8211; \u017cywio\u0142ow\u0105 mieszank\u0119 wsp\u00f3\u0142czesnej w\u0142oskiej muzyki! &#8222;Aperitivo Italiano to wyrafinowany format pop-jazzowy presti\u017cowego Progetto Bel Canto \u2013 jednego z najwa\u017cniejszych na \u015bwiecie program\u00f3w promuj\u0105cych kultur\u0119 w\u0142osk\u0105, realizowanego w ponad 30 krajach pod Wysokim Patronatem Prezydenta Republiki W\u0142oskiej. To nie jest jazz, nie jest to pop ani muzyka klasyczna [&hellip;]\" \/>\n<meta property=\"og:url\" content=\"https:\/\/msk.lodz.pl\/en\/msk\/aperitivo-italiano-pop-jazz-100-made-in-italy-koncert\/\" \/>\n<meta property=\"og:site_name\" content=\"MSK\" \/>\n<meta property=\"article:modified_time\" content=\"2026-02-24T15:05:01+00:00\" \/>\n<meta property=\"og:image\" content=\"https:\/\/msk.lodz.pl\/wp-content\/uploads\/2026\/02\/Illustrative-Motown-A5-wydarzenie_www.png\" \/>\n\t<meta property=\"og:image:width\" content=\"1080\" \/>\n\t<meta property=\"og:image:height\" content=\"1080\" \/>\n\t<meta property=\"og:image:type\" content=\"image\/png\" \/>\n<meta name=\"twitter:card\" content=\"summary_large_image\" \/>\n<meta name=\"twitter:label1\" content=\"Estimated reading time\" \/>\n\t<meta name=\"twitter:data1\" content=\"1 minute\" \/>\n<script type=\"application\/ld+json\" class=\"yoast-schema-graph\">{\"@context\":\"https:\/\/schema.org\",\"@graph\":[{\"@type\":\"WebPage\",\"@id\":\"https:\/\/msk.lodz.pl\/msk\/aperitivo-italiano-pop-jazz-100-made-in-italy-koncert\/\",\"url\":\"https:\/\/msk.lodz.pl\/msk\/aperitivo-italiano-pop-jazz-100-made-in-italy-koncert\/\",\"name\":\"Aperitivo Italiano \u2013 pop & jazz 100% Made in Italy | Koncert - MSK\",\"isPartOf\":{\"@id\":\"https:\/\/msk.lodz.pl\/#website\"},\"primaryImageOfPage\":{\"@id\":\"https:\/\/msk.lodz.pl\/msk\/aperitivo-italiano-pop-jazz-100-made-in-italy-koncert\/#primaryimage\"},\"image\":{\"@id\":\"https:\/\/msk.lodz.pl\/msk\/aperitivo-italiano-pop-jazz-100-made-in-italy-koncert\/#primaryimage\"},\"thumbnailUrl\":\"https:\/\/msk.lodz.pl\/wp-content\/uploads\/2026\/02\/Illustrative-Motown-A5-wydarzenie_www.png\",\"datePublished\":\"2026-02-23T13:50:09+00:00\",\"dateModified\":\"2026-02-24T15:05:01+00:00\",\"breadcrumb\":{\"@id\":\"https:\/\/msk.lodz.pl\/msk\/aperitivo-italiano-pop-jazz-100-made-in-italy-koncert\/#breadcrumb\"},\"inLanguage\":\"en-GB\",\"potentialAction\":[{\"@type\":\"ReadAction\",\"target\":[\"https:\/\/msk.lodz.pl\/msk\/aperitivo-italiano-pop-jazz-100-made-in-italy-koncert\/\"]}]},{\"@type\":\"ImageObject\",\"inLanguage\":\"en-GB\",\"@id\":\"https:\/\/msk.lodz.pl\/msk\/aperitivo-italiano-pop-jazz-100-made-in-italy-koncert\/#primaryimage\",\"url\":\"https:\/\/msk.lodz.pl\/wp-content\/uploads\/2026\/02\/Illustrative-Motown-A5-wydarzenie_www.png\",\"contentUrl\":\"https:\/\/msk.lodz.pl\/wp-content\/uploads\/2026\/02\/Illustrative-Motown-A5-wydarzenie_www.png\",\"width\":1080,\"height\":1080},{\"@type\":\"BreadcrumbList\",\"@id\":\"https:\/\/msk.lodz.pl\/msk\/aperitivo-italiano-pop-jazz-100-made-in-italy-koncert\/#breadcrumb\",\"itemListElement\":[{\"@type\":\"ListItem\",\"position\":1,\"name\":\"Strona g\u0142\u00f3wna\",\"item\":\"http:\/\/msk.lodz.pl\/en\/\"},{\"@type\":\"ListItem\",\"position\":2,\"name\":\"Wydarzenia\",\"item\":\"https:\/\/msk.lodz.pl\/msk\/\"},{\"@type\":\"ListItem\",\"position\":3,\"name\":\"Aperitivo Italiano \u2013 pop &#038; jazz 100% Made in Italy | Koncert\"}]},{\"@type\":\"WebSite\",\"@id\":\"https:\/\/msk.lodz.pl\/#website\",\"url\":\"https:\/\/msk.lodz.pl\/\",\"name\":\"MSK - \u0141\u00f3d\u017a\",\"description\":\"\",\"publisher\":{\"@id\":\"https:\/\/msk.lodz.pl\/#organization\"},\"potentialAction\":[{\"@type\":\"SearchAction\",\"target\":{\"@type\":\"EntryPoint\",\"urlTemplate\":\"https:\/\/msk.lodz.pl\/?s={search_term_string}\"},\"query-input\":{\"@type\":\"PropertyValueSpecification\",\"valueRequired\":true,\"valueName\":\"search_term_string\"}}],\"inLanguage\":\"en-GB\"},{\"@type\":\"Organization\",\"@id\":\"https:\/\/msk.lodz.pl\/#organization\",\"name\":\"MSK - \u0141\u00f3d\u017a\",\"url\":\"https:\/\/msk.lodz.pl\/\",\"logo\":{\"@type\":\"ImageObject\",\"inLanguage\":\"en-GB\",\"@id\":\"https:\/\/msk.lodz.pl\/#\/schema\/logo\/image\/\",\"url\":\"https:\/\/msk.lodz.pl\/wp-content\/uploads\/2023\/04\/cropped-Fav_icon_MSK.png\",\"contentUrl\":\"https:\/\/msk.lodz.pl\/wp-content\/uploads\/2023\/04\/cropped-Fav_icon_MSK.png\",\"width\":512,\"height\":512,\"caption\":\"MSK - \u0141\u00f3d\u017a\"},\"image\":{\"@id\":\"https:\/\/msk.lodz.pl\/#\/schema\/logo\/image\/\"}}]}<\/script>\n<!-- \/ Yoast SEO plugin. -->","yoast_head_json":{"title":"Aperitivo Italiano \u2013 pop & jazz 100% Made in Italy | Koncert - MSK","robots":{"index":"index","follow":"follow","max-snippet":"max-snippet:-1","max-image-preview":"max-image-preview:large","max-video-preview":"max-video-preview:-1"},"canonical":"https:\/\/msk.lodz.pl\/en\/msk\/aperitivo-italiano-pop-jazz-100-made-in-italy-koncert\/","og_locale":"en_GB","og_type":"article","og_title":"Aperitivo Italiano \u2013 pop & jazz 100% Made in Italy | Koncert - MSK","og_description":"Zapraszamy do O\u015brodka G\u00f3rna na wyj\u0105tkowy koncert &#8211; \u017cywio\u0142ow\u0105 mieszank\u0119 wsp\u00f3\u0142czesnej w\u0142oskiej muzyki! &#8222;Aperitivo Italiano to wyrafinowany format pop-jazzowy presti\u017cowego Progetto Bel Canto \u2013 jednego z najwa\u017cniejszych na \u015bwiecie program\u00f3w promuj\u0105cych kultur\u0119 w\u0142osk\u0105, realizowanego w ponad 30 krajach pod Wysokim Patronatem Prezydenta Republiki W\u0142oskiej. To nie jest jazz, nie jest to pop ani muzyka klasyczna [&hellip;]","og_url":"https:\/\/msk.lodz.pl\/en\/msk\/aperitivo-italiano-pop-jazz-100-made-in-italy-koncert\/","og_site_name":"MSK","article_modified_time":"2026-02-24T15:05:01+00:00","og_image":[{"width":1080,"height":1080,"url":"https:\/\/msk.lodz.pl\/wp-content\/uploads\/2026\/02\/Illustrative-Motown-A5-wydarzenie_www.png","type":"image\/png"}],"twitter_card":"summary_large_image","twitter_misc":{"Estimated reading time":"1 minute"},"schema":{"@context":"https:\/\/schema.org","@graph":[{"@type":"WebPage","@id":"https:\/\/msk.lodz.pl\/msk\/aperitivo-italiano-pop-jazz-100-made-in-italy-koncert\/","url":"https:\/\/msk.lodz.pl\/msk\/aperitivo-italiano-pop-jazz-100-made-in-italy-koncert\/","name":"Aperitivo Italiano \u2013 pop & jazz 100% Made in Italy | Koncert - MSK","isPartOf":{"@id":"https:\/\/msk.lodz.pl\/#website"},"primaryImageOfPage":{"@id":"https:\/\/msk.lodz.pl\/msk\/aperitivo-italiano-pop-jazz-100-made-in-italy-koncert\/#primaryimage"},"image":{"@id":"https:\/\/msk.lodz.pl\/msk\/aperitivo-italiano-pop-jazz-100-made-in-italy-koncert\/#primaryimage"},"thumbnailUrl":"https:\/\/msk.lodz.pl\/wp-content\/uploads\/2026\/02\/Illustrative-Motown-A5-wydarzenie_www.png","datePublished":"2026-02-23T13:50:09+00:00","dateModified":"2026-02-24T15:05:01+00:00","breadcrumb":{"@id":"https:\/\/msk.lodz.pl\/msk\/aperitivo-italiano-pop-jazz-100-made-in-italy-koncert\/#breadcrumb"},"inLanguage":"en-GB","potentialAction":[{"@type":"ReadAction","target":["https:\/\/msk.lodz.pl\/msk\/aperitivo-italiano-pop-jazz-100-made-in-italy-koncert\/"]}]},{"@type":"ImageObject","inLanguage":"en-GB","@id":"https:\/\/msk.lodz.pl\/msk\/aperitivo-italiano-pop-jazz-100-made-in-italy-koncert\/#primaryimage","url":"https:\/\/msk.lodz.pl\/wp-content\/uploads\/2026\/02\/Illustrative-Motown-A5-wydarzenie_www.png","contentUrl":"https:\/\/msk.lodz.pl\/wp-content\/uploads\/2026\/02\/Illustrative-Motown-A5-wydarzenie_www.png","width":1080,"height":1080},{"@type":"BreadcrumbList","@id":"https:\/\/msk.lodz.pl\/msk\/aperitivo-italiano-pop-jazz-100-made-in-italy-koncert\/#breadcrumb","itemListElement":[{"@type":"ListItem","position":1,"name":"Strona g\u0142\u00f3wna","item":"http:\/\/msk.lodz.pl\/en\/"},{"@type":"ListItem","position":2,"name":"Wydarzenia","item":"https:\/\/msk.lodz.pl\/msk\/"},{"@type":"ListItem","position":3,"name":"Aperitivo Italiano \u2013 pop &#038; jazz 100% Made in Italy | Koncert"}]},{"@type":"WebSite","@id":"https:\/\/msk.lodz.pl\/#website","url":"https:\/\/msk.lodz.pl\/","name":"MSK - \u0141\u00f3d\u017a","description":"","publisher":{"@id":"https:\/\/msk.lodz.pl\/#organization"},"potentialAction":[{"@type":"SearchAction","target":{"@type":"EntryPoint","urlTemplate":"https:\/\/msk.lodz.pl\/?s={search_term_string}"},"query-input":{"@type":"PropertyValueSpecification","valueRequired":true,"valueName":"search_term_string"}}],"inLanguage":"en-GB"},{"@type":"Organization","@id":"https:\/\/msk.lodz.pl\/#organization","name":"MSK - \u0141\u00f3d\u017a","url":"https:\/\/msk.lodz.pl\/","logo":{"@type":"ImageObject","inLanguage":"en-GB","@id":"https:\/\/msk.lodz.pl\/#\/schema\/logo\/image\/","url":"https:\/\/msk.lodz.pl\/wp-content\/uploads\/2023\/04\/cropped-Fav_icon_MSK.png","contentUrl":"https:\/\/msk.lodz.pl\/wp-content\/uploads\/2023\/04\/cropped-Fav_icon_MSK.png","width":512,"height":512,"caption":"MSK - \u0141\u00f3d\u017a"},"image":{"@id":"https:\/\/msk.lodz.pl\/#\/schema\/logo\/image\/"}}]}},"_links":{"self":[{"href":"https:\/\/msk.lodz.pl\/en\/wp-json\/wp\/v2\/mec-events\/139257","targetHints":{"allow":["GET"]}}],"collection":[{"href":"https:\/\/msk.lodz.pl\/en\/wp-json\/wp\/v2\/mec-events"}],"about":[{"href":"https:\/\/msk.lodz.pl\/en\/wp-json\/wp\/v2\/types\/mec-events"}],"author":[{"embeddable":true,"href":"https:\/\/msk.lodz.pl\/en\/wp-json\/wp\/v2\/users\/78"}],"replies":[{"embeddable":true,"href":"https:\/\/msk.lodz.pl\/en\/wp-json\/wp\/v2\/comments?post=139257"}],"wp:featuredmedia":[{"embeddable":true,"href":"https:\/\/msk.lodz.pl\/en\/wp-json\/wp\/v2\/media\/139253"}],"wp:attachment":[{"href":"https:\/\/msk.lodz.pl\/en\/wp-json\/wp\/v2\/media?parent=139257"}],"wp:term":[{"taxonomy":"post_tag","embeddable":true,"href":"https:\/\/msk.lodz.pl\/en\/wp-json\/wp\/v2\/tags?post=139257"},{"taxonomy":"mec_category","embeddable":true,"href":"https:\/\/msk.lodz.pl\/en\/wp-json\/wp\/v2\/mec_category?post=139257"}],"curies":[{"name":"wp","href":"https:\/\/api.w.org\/{rel}","templated":true}]}}