{"id":13928,"date":"2023-07-14T00:36:48","date_gmt":"2023-07-13T22:36:48","guid":{"rendered":"https:\/\/msk.lodz.pl\/?post_type=mec-events&#038;p=13928"},"modified":"2023-11-29T14:50:42","modified_gmt":"2023-11-29T13:50:42","slug":"zespol-tanca-wspolczesnego-pajeczyna-zajecia-stale-x","status":"publish","type":"mec-events","link":"https:\/\/msk.lodz.pl\/en\/msk\/zespol-tanca-wspolczesnego-pajeczyna-zajecia-stale-x\/","title":{"rendered":"Zesp\u00f3\u0142 Ta\u0144ca Wsp\u00f3\u0142czesnego Paj\u0119czyna \/\/ zaj\u0119cia sta\u0142e \/ XI"},"content":{"rendered":"<p>Zaj\u0119cia s\u0105 adresowane do m\u0142odzie\u017cy od 13 do 16 lat.<\/p>\n<p>Jeste\u015bmy m\u0142odym zespo\u0142em z du\u017cymi ambicjami! Na zaj\u0119ciach Paj\u0119czyny zawsze panuje przyjazna atmosfera, a dzie\u0144 po treningu cz\u0119sto bol\u0105 nas brzuchy ze \u015bmiechu. Uczestnicy zaj\u0119\u0107 maj\u0105 mo\u017cliwo\u015b\u0107 wszechstronnego rozwoju tanecznego &#8211; od element\u00f3w ta\u0144ca klasycznego, przez taniec wsp\u00f3\u0142czesny i jazzowy, a\u017c po taniec nowoczesny. Opr\u00f3cz tego uczymy si\u0119 wzajemnego zaufania, co jest niezwykle istotne przy \u0107wiczeniu partnerowania i grupowych podnosze\u0144. Podczas zaj\u0119\u0107 staramy si\u0119 prze\u0142amywa\u0107 l\u0119ki &#8211; przed wykonaniem akrobacji, przed pierwszym wyst\u0119pem i tymi kolejnymi, r\u00f3wnie\u017c na konkursach.<\/p>\n<p>Prowadz\u0105cy:<\/p>\n<p>Anna Witczak-Szumska, laureatka wielu konkurs\u00f3w tanecznych, choreografka Zespo\u0142u Tanecznego \u201eSylfida&#8221;, absolwentka pedagogiki ta\u0144ca.<\/p>\n<p>&nbsp;<\/p>","protected":false},"excerpt":{"rendered":"<p>Zaj\u0119cia s\u0105 adresowane do m\u0142odzie\u017cy od 13 do 16 lat. Jeste\u015bmy m\u0142odym zespo\u0142em z du\u017cymi ambicjami! Na zaj\u0119ciach Paj\u0119czyny zawsze panuje przyjazna atmosfera, a dzie\u0144 po treningu cz\u0119sto bol\u0105 nas brzuchy ze \u015bmiechu. Uczestnicy zaj\u0119\u0107 maj\u0105 mo\u017cliwo\u015b\u0107 wszechstronnego rozwoju tanecznego &#8211; od element\u00f3w ta\u0144ca klasycznego, przez taniec wsp\u00f3\u0142czesny i jazzowy, a\u017c po taniec nowoczesny. Opr\u00f3cz [&hellip;]<\/p>","protected":false},"author":8,"featured_media":13971,"comment_status":"closed","ping_status":"closed","template":"","tags":[],"mec_category":[405,394,369,371],"class_list":["post-13928","mec-events","type-mec-events","status-publish","has-post-thumbnail","hentry","mec_category-aktualnosci","mec_category-mlodziez","mec_category-taniec","mec_category-zajecia"],"yoast_head":"<!-- This site is optimized with the Yoast SEO plugin v26.5 - https:\/\/yoast.com\/wordpress\/plugins\/seo\/ -->\n<title>Zesp\u00f3\u0142 Ta\u0144ca Wsp\u00f3\u0142czesnego Paj\u0119czyna \/\/ zaj\u0119cia sta\u0142e \/ XI - MSK<\/title>\n<meta name=\"robots\" content=\"index, follow, max-snippet:-1, max-image-preview:large, max-video-preview:-1\" \/>\n<link rel=\"canonical\" href=\"https:\/\/msk.lodz.pl\/en\/msk\/zespol-tanca-wspolczesnego-pajeczyna-zajecia-stale-x\/\" \/>\n<meta property=\"og:locale\" content=\"en_GB\" \/>\n<meta property=\"og:type\" content=\"article\" \/>\n<meta property=\"og:title\" content=\"Zesp\u00f3\u0142 Ta\u0144ca Wsp\u00f3\u0142czesnego Paj\u0119czyna \/\/ zaj\u0119cia sta\u0142e \/ XI - MSK\" \/>\n<meta property=\"og:description\" content=\"Zaj\u0119cia s\u0105 adresowane do m\u0142odzie\u017cy od 13 do 16 lat. Jeste\u015bmy m\u0142odym zespo\u0142em z du\u017cymi ambicjami! Na zaj\u0119ciach Paj\u0119czyny zawsze panuje przyjazna atmosfera, a dzie\u0144 po treningu cz\u0119sto bol\u0105 nas brzuchy ze \u015bmiechu. Uczestnicy zaj\u0119\u0107 maj\u0105 mo\u017cliwo\u015b\u0107 wszechstronnego rozwoju tanecznego &#8211; od element\u00f3w ta\u0144ca klasycznego, przez taniec wsp\u00f3\u0142czesny i jazzowy, a\u017c po taniec nowoczesny. Opr\u00f3cz [&hellip;]\" \/>\n<meta property=\"og:url\" content=\"https:\/\/msk.lodz.pl\/en\/msk\/zespol-tanca-wspolczesnego-pajeczyna-zajecia-stale-x\/\" \/>\n<meta property=\"og:site_name\" content=\"MSK\" \/>\n<meta property=\"article:modified_time\" content=\"2023-11-29T13:50:42+00:00\" \/>\n<meta property=\"og:image\" content=\"https:\/\/msk.lodz.pl\/wp-content\/uploads\/2023\/07\/www-19.png\" \/>\n\t<meta property=\"og:image:width\" content=\"1424\" \/>\n\t<meta property=\"og:image:height\" content=\"1024\" \/>\n\t<meta property=\"og:image:type\" content=\"image\/png\" \/>\n<meta name=\"twitter:card\" content=\"summary_large_image\" \/>\n<meta name=\"twitter:label1\" content=\"Estimated reading time\" \/>\n\t<meta name=\"twitter:data1\" content=\"1 minute\" \/>\n<script type=\"application\/ld+json\" class=\"yoast-schema-graph\">{\"@context\":\"https:\/\/schema.org\",\"@graph\":[{\"@type\":\"WebPage\",\"@id\":\"https:\/\/msk.lodz.pl\/msk\/zespol-tanca-wspolczesnego-pajeczyna-zajecia-stale-x\/\",\"url\":\"https:\/\/msk.lodz.pl\/msk\/zespol-tanca-wspolczesnego-pajeczyna-zajecia-stale-x\/\",\"name\":\"Zesp\u00f3\u0142 Ta\u0144ca Wsp\u00f3\u0142czesnego Paj\u0119czyna \/\/ zaj\u0119cia sta\u0142e \/ XI - MSK\",\"isPartOf\":{\"@id\":\"https:\/\/msk.lodz.pl\/#website\"},\"primaryImageOfPage\":{\"@id\":\"https:\/\/msk.lodz.pl\/msk\/zespol-tanca-wspolczesnego-pajeczyna-zajecia-stale-x\/#primaryimage\"},\"image\":{\"@id\":\"https:\/\/msk.lodz.pl\/msk\/zespol-tanca-wspolczesnego-pajeczyna-zajecia-stale-x\/#primaryimage\"},\"thumbnailUrl\":\"https:\/\/msk.lodz.pl\/wp-content\/uploads\/2023\/07\/www-19.png\",\"datePublished\":\"2023-07-13T22:36:48+00:00\",\"dateModified\":\"2023-11-29T13:50:42+00:00\",\"breadcrumb\":{\"@id\":\"https:\/\/msk.lodz.pl\/msk\/zespol-tanca-wspolczesnego-pajeczyna-zajecia-stale-x\/#breadcrumb\"},\"inLanguage\":\"en-GB\",\"potentialAction\":[{\"@type\":\"ReadAction\",\"target\":[\"https:\/\/msk.lodz.pl\/msk\/zespol-tanca-wspolczesnego-pajeczyna-zajecia-stale-x\/\"]}]},{\"@type\":\"ImageObject\",\"inLanguage\":\"en-GB\",\"@id\":\"https:\/\/msk.lodz.pl\/msk\/zespol-tanca-wspolczesnego-pajeczyna-zajecia-stale-x\/#primaryimage\",\"url\":\"https:\/\/msk.lodz.pl\/wp-content\/uploads\/2023\/07\/www-19.png\",\"contentUrl\":\"https:\/\/msk.lodz.pl\/wp-content\/uploads\/2023\/07\/www-19.png\",\"width\":1424,\"height\":1024},{\"@type\":\"BreadcrumbList\",\"@id\":\"https:\/\/msk.lodz.pl\/msk\/zespol-tanca-wspolczesnego-pajeczyna-zajecia-stale-x\/#breadcrumb\",\"itemListElement\":[{\"@type\":\"ListItem\",\"position\":1,\"name\":\"Strona g\u0142\u00f3wna\",\"item\":\"http:\/\/msk.lodz.pl\/en\/\"},{\"@type\":\"ListItem\",\"position\":2,\"name\":\"Wydarzenia\",\"item\":\"https:\/\/msk.lodz.pl\/msk\/\"},{\"@type\":\"ListItem\",\"position\":3,\"name\":\"Zesp\u00f3\u0142 Ta\u0144ca Wsp\u00f3\u0142czesnego Paj\u0119czyna \/\/ zaj\u0119cia sta\u0142e \/ XI\"}]},{\"@type\":\"WebSite\",\"@id\":\"https:\/\/msk.lodz.pl\/#website\",\"url\":\"https:\/\/msk.lodz.pl\/\",\"name\":\"MSK - \u0141\u00f3d\u017a\",\"description\":\"\",\"publisher\":{\"@id\":\"https:\/\/msk.lodz.pl\/#organization\"},\"potentialAction\":[{\"@type\":\"SearchAction\",\"target\":{\"@type\":\"EntryPoint\",\"urlTemplate\":\"https:\/\/msk.lodz.pl\/?s={search_term_string}\"},\"query-input\":{\"@type\":\"PropertyValueSpecification\",\"valueRequired\":true,\"valueName\":\"search_term_string\"}}],\"inLanguage\":\"en-GB\"},{\"@type\":\"Organization\",\"@id\":\"https:\/\/msk.lodz.pl\/#organization\",\"name\":\"MSK - \u0141\u00f3d\u017a\",\"url\":\"https:\/\/msk.lodz.pl\/\",\"logo\":{\"@type\":\"ImageObject\",\"inLanguage\":\"en-GB\",\"@id\":\"https:\/\/msk.lodz.pl\/#\/schema\/logo\/image\/\",\"url\":\"https:\/\/msk.lodz.pl\/wp-content\/uploads\/2023\/04\/cropped-Fav_icon_MSK.png\",\"contentUrl\":\"https:\/\/msk.lodz.pl\/wp-content\/uploads\/2023\/04\/cropped-Fav_icon_MSK.png\",\"width\":512,\"height\":512,\"caption\":\"MSK - \u0141\u00f3d\u017a\"},\"image\":{\"@id\":\"https:\/\/msk.lodz.pl\/#\/schema\/logo\/image\/\"}}]}<\/script>\n<!-- \/ Yoast SEO plugin. -->","yoast_head_json":{"title":"Zesp\u00f3\u0142 Ta\u0144ca Wsp\u00f3\u0142czesnego Paj\u0119czyna \/\/ zaj\u0119cia sta\u0142e \/ XI - MSK","robots":{"index":"index","follow":"follow","max-snippet":"max-snippet:-1","max-image-preview":"max-image-preview:large","max-video-preview":"max-video-preview:-1"},"canonical":"https:\/\/msk.lodz.pl\/en\/msk\/zespol-tanca-wspolczesnego-pajeczyna-zajecia-stale-x\/","og_locale":"en_GB","og_type":"article","og_title":"Zesp\u00f3\u0142 Ta\u0144ca Wsp\u00f3\u0142czesnego Paj\u0119czyna \/\/ zaj\u0119cia sta\u0142e \/ XI - MSK","og_description":"Zaj\u0119cia s\u0105 adresowane do m\u0142odzie\u017cy od 13 do 16 lat. Jeste\u015bmy m\u0142odym zespo\u0142em z du\u017cymi ambicjami! Na zaj\u0119ciach Paj\u0119czyny zawsze panuje przyjazna atmosfera, a dzie\u0144 po treningu cz\u0119sto bol\u0105 nas brzuchy ze \u015bmiechu. Uczestnicy zaj\u0119\u0107 maj\u0105 mo\u017cliwo\u015b\u0107 wszechstronnego rozwoju tanecznego &#8211; od element\u00f3w ta\u0144ca klasycznego, przez taniec wsp\u00f3\u0142czesny i jazzowy, a\u017c po taniec nowoczesny. Opr\u00f3cz [&hellip;]","og_url":"https:\/\/msk.lodz.pl\/en\/msk\/zespol-tanca-wspolczesnego-pajeczyna-zajecia-stale-x\/","og_site_name":"MSK","article_modified_time":"2023-11-29T13:50:42+00:00","og_image":[{"width":1424,"height":1024,"url":"https:\/\/msk.lodz.pl\/wp-content\/uploads\/2023\/07\/www-19.png","type":"image\/png"}],"twitter_card":"summary_large_image","twitter_misc":{"Estimated reading time":"1 minute"},"schema":{"@context":"https:\/\/schema.org","@graph":[{"@type":"WebPage","@id":"https:\/\/msk.lodz.pl\/msk\/zespol-tanca-wspolczesnego-pajeczyna-zajecia-stale-x\/","url":"https:\/\/msk.lodz.pl\/msk\/zespol-tanca-wspolczesnego-pajeczyna-zajecia-stale-x\/","name":"Zesp\u00f3\u0142 Ta\u0144ca Wsp\u00f3\u0142czesnego Paj\u0119czyna \/\/ zaj\u0119cia sta\u0142e \/ XI - MSK","isPartOf":{"@id":"https:\/\/msk.lodz.pl\/#website"},"primaryImageOfPage":{"@id":"https:\/\/msk.lodz.pl\/msk\/zespol-tanca-wspolczesnego-pajeczyna-zajecia-stale-x\/#primaryimage"},"image":{"@id":"https:\/\/msk.lodz.pl\/msk\/zespol-tanca-wspolczesnego-pajeczyna-zajecia-stale-x\/#primaryimage"},"thumbnailUrl":"https:\/\/msk.lodz.pl\/wp-content\/uploads\/2023\/07\/www-19.png","datePublished":"2023-07-13T22:36:48+00:00","dateModified":"2023-11-29T13:50:42+00:00","breadcrumb":{"@id":"https:\/\/msk.lodz.pl\/msk\/zespol-tanca-wspolczesnego-pajeczyna-zajecia-stale-x\/#breadcrumb"},"inLanguage":"en-GB","potentialAction":[{"@type":"ReadAction","target":["https:\/\/msk.lodz.pl\/msk\/zespol-tanca-wspolczesnego-pajeczyna-zajecia-stale-x\/"]}]},{"@type":"ImageObject","inLanguage":"en-GB","@id":"https:\/\/msk.lodz.pl\/msk\/zespol-tanca-wspolczesnego-pajeczyna-zajecia-stale-x\/#primaryimage","url":"https:\/\/msk.lodz.pl\/wp-content\/uploads\/2023\/07\/www-19.png","contentUrl":"https:\/\/msk.lodz.pl\/wp-content\/uploads\/2023\/07\/www-19.png","width":1424,"height":1024},{"@type":"BreadcrumbList","@id":"https:\/\/msk.lodz.pl\/msk\/zespol-tanca-wspolczesnego-pajeczyna-zajecia-stale-x\/#breadcrumb","itemListElement":[{"@type":"ListItem","position":1,"name":"Strona g\u0142\u00f3wna","item":"http:\/\/msk.lodz.pl\/en\/"},{"@type":"ListItem","position":2,"name":"Wydarzenia","item":"https:\/\/msk.lodz.pl\/msk\/"},{"@type":"ListItem","position":3,"name":"Zesp\u00f3\u0142 Ta\u0144ca Wsp\u00f3\u0142czesnego Paj\u0119czyna \/\/ zaj\u0119cia sta\u0142e \/ XI"}]},{"@type":"WebSite","@id":"https:\/\/msk.lodz.pl\/#website","url":"https:\/\/msk.lodz.pl\/","name":"MSK - \u0141\u00f3d\u017a","description":"","publisher":{"@id":"https:\/\/msk.lodz.pl\/#organization"},"potentialAction":[{"@type":"SearchAction","target":{"@type":"EntryPoint","urlTemplate":"https:\/\/msk.lodz.pl\/?s={search_term_string}"},"query-input":{"@type":"PropertyValueSpecification","valueRequired":true,"valueName":"search_term_string"}}],"inLanguage":"en-GB"},{"@type":"Organization","@id":"https:\/\/msk.lodz.pl\/#organization","name":"MSK - \u0141\u00f3d\u017a","url":"https:\/\/msk.lodz.pl\/","logo":{"@type":"ImageObject","inLanguage":"en-GB","@id":"https:\/\/msk.lodz.pl\/#\/schema\/logo\/image\/","url":"https:\/\/msk.lodz.pl\/wp-content\/uploads\/2023\/04\/cropped-Fav_icon_MSK.png","contentUrl":"https:\/\/msk.lodz.pl\/wp-content\/uploads\/2023\/04\/cropped-Fav_icon_MSK.png","width":512,"height":512,"caption":"MSK - \u0141\u00f3d\u017a"},"image":{"@id":"https:\/\/msk.lodz.pl\/#\/schema\/logo\/image\/"}}]}},"_links":{"self":[{"href":"https:\/\/msk.lodz.pl\/en\/wp-json\/wp\/v2\/mec-events\/13928","targetHints":{"allow":["GET"]}}],"collection":[{"href":"https:\/\/msk.lodz.pl\/en\/wp-json\/wp\/v2\/mec-events"}],"about":[{"href":"https:\/\/msk.lodz.pl\/en\/wp-json\/wp\/v2\/types\/mec-events"}],"author":[{"embeddable":true,"href":"https:\/\/msk.lodz.pl\/en\/wp-json\/wp\/v2\/users\/8"}],"replies":[{"embeddable":true,"href":"https:\/\/msk.lodz.pl\/en\/wp-json\/wp\/v2\/comments?post=13928"}],"wp:featuredmedia":[{"embeddable":true,"href":"https:\/\/msk.lodz.pl\/en\/wp-json\/wp\/v2\/media\/13971"}],"wp:attachment":[{"href":"https:\/\/msk.lodz.pl\/en\/wp-json\/wp\/v2\/media?parent=13928"}],"wp:term":[{"taxonomy":"post_tag","embeddable":true,"href":"https:\/\/msk.lodz.pl\/en\/wp-json\/wp\/v2\/tags?post=13928"},{"taxonomy":"mec_category","embeddable":true,"href":"https:\/\/msk.lodz.pl\/en\/wp-json\/wp\/v2\/mec_category?post=13928"}],"curies":[{"name":"wp","href":"https:\/\/api.w.org\/{rel}","templated":true}]}}