{"id":162316,"date":"2026-08-01T00:00:25","date_gmt":"2026-07-31T22:00:25","guid":{"rendered":"https:\/\/msk.lodz.pl\/?post_type=mec-events&#038;p=162316"},"modified":"2026-08-21T11:44:18","modified_gmt":"2026-08-21T09:44:18","slug":"studio-muzyczne-502-640-699","status":"publish","type":"mec-events","link":"https:\/\/msk.lodz.pl\/en\/msk\/studio-muzyczne-502-640-699\/","title":{"rendered":"Studio Muzyczne 502: \u015bpiew \/\/ zaj\u0119cia indywidualne \/\/ IX 2026"},"content":{"rendered":"<p><strong>Studio Muzyczne 502 \u2013 Twoja muzyczna podr\u00f3\u017c zaczyna si\u0119 tutaj!<\/strong><\/p>\n<p>Zapraszamy wszystkich mi\u0142o\u015bnik\u00f3w muzyki \u2013 niezale\u017cnie od wieku i poziomu zaawansowania \u2013 do <strong>Studia Muzycznego 502<\/strong>! Oferujemy profesjonalne zaj\u0119cia dla ka\u017cdego, kto chce rozwija\u0107 swoje umiej\u0119tno\u015bci wokalne, dba\u0107 o zdrowie g\u0142osu oraz zg\u0142\u0119bia\u0107 tajniki teorii muzyki.<\/p>\n<p><strong>Co oferujemy?<\/strong><\/p>\n<ul>\n<li><strong>Indywidualne lekcje \u015bpiewu<\/strong> \u2013 nauka r\u00f3\u017cnych styl\u00f3w muzycznych<\/li>\n<li><strong>Rehabilitacja g\u0142osu<\/strong> \u2013 zaj\u0119cia wspomagaj\u0105ce emisj\u0119 g\u0142osu, techniki oddechowe, dykcj\u0119 i regeneracj\u0119 po intensywnym \u015bpiewie<\/li>\n<li><strong>Teoria muzyki i kszta\u0142cenie s\u0142uchu<\/strong> \u2013 dla pocz\u0105tkuj\u0105cych i zaawansowanych, nauka nut, rytmu, harmonii oraz analizy muzycznej<\/li>\n<li><strong>Przygotowanie do przes\u0142ucha\u0144, egzamin\u00f3w muzycznych i egzamin\u00f3w wst\u0119pnych na Akademi\u0119 Muzyczn\u0105<\/strong><\/li>\n<li><strong>Praca nad interpretacj\u0105, ekspresj\u0105 sceniczn\u0105<\/strong><\/li>\n<\/ul>\n<p><strong>Dla kogo?<\/strong><\/p>\n<ul>\n<li>Dla os\u00f3b pragn\u0105cych rozwija\u0107 swoje umiej\u0119tno\u015bci wokalne i doskonali\u0107 technik\u0119 \u015bpiewu<\/li>\n<li>Dla os\u00f3b z problemami g\u0142osowymi, kt\u00f3re chc\u0105 zadba\u0107 o rehabilitacj\u0119 i popraw\u0119 emisji g\u0142osu<\/li>\n<li>Dla tych, kt\u00f3rzy chc\u0105 zg\u0142\u0119bia\u0107 teori\u0119 muzyki, kszta\u0142ci\u0107 s\u0142uch i lepiej rozumie\u0107 muzyk\u0119<\/li>\n<li>Dla wszystkich, kt\u00f3rzy kochaj\u0105 muzyk\u0119 i pragn\u0105 si\u0119 rozwija\u0107 w tym kierunku!<\/li>\n<\/ul>\n<p><strong>Miejsce: MSK: Widzew Wsch\u00f3d \u2013 Dom Kultury 502, ul. Sacharowa 18, \u0141\u00f3d\u017a<\/strong><\/p>\n<p><strong>Deadlines:<\/strong> \u015arody, czwartki &#8211;\u00a0 termin do ustalenia <strong>individually<\/strong> z prowadz\u0105c\u0105.<\/p>\n<p><strong>Notes:<\/strong> Skontaktuj si\u0119 z nami telefonicznie 574190682 lub mejlowo: justyna.ciunowicz@gmail.com<\/p>\n<p><strong>Prowadz\u0105ca<\/strong>: Justyna Ciunowicz\u00a0 &#8211; instruktorka wokalna, specjalistka rehabilitacji g\u0142osu, ch\u00f3rmisrz, pedagog, gitarzystka. Absolwentka Wydzia\u0142u Kompozycji, Teorii Muzyki, Dyrygentury, Rytmiki i Edukacji Muzycznej w Akademii Muzycznej im. G. i K. Bacewicz\u00f3w w \u0141odzi, Podyplomowych Studi\u00f3w Ch\u00f3rmistrzostwa i Emisji G\u0142osu w Akademii Muzycznej im.\u00a0F. Nowowiejskiego w Bydgoszczy oraz Rehabilitacji zaburze\u0144 g\u0142osu na Uniwersytecie \u0141\u00f3dzkim. Razem z zespo\u0142em bra\u0142a udzia\u0142 w wielu mi\u0119dzynarodowych konkursach i festiwalach w kraju jak i za granic\u0105, z ktorych przywioz\u0142a liczne nagrody i trofea. Koncertowa\u0142a m. in. we W\u0142oszech, Hiszpanii, Grecji, Niemczech, Bu\u0142garii, Chorwacji, Rosji, Tajwanie, Czarnog\u00f3rze i Stanach Zjednoczonych. W latach 2020-2022 pe\u0142ni\u0142a funkcje kuratora regionalnego projektu Akademia Ch\u00f3ralna &#8211; \u015apiewaj\u0105ca Polska. Od 2020 jest instruktorem wokalnym w Miejskim O\u015brodku Kultury w Piotrkowie Trybunalskim, a od 2021 jest za\u0142o\u017cycielka i dyrygentka Ch\u00f3ru Miejskiego Piotrkowa Trybunalskiego. W 2022 i 2023 zosta\u0142a wyr\u00f3\u017cniona nagrod\u0105 specjaln\u0105 dla najlepszego dyrygenta podczas Miedzynarodowego Festiwalu Chorus Inside Croatia oraz podczas II Og\u00f3lnopolskiego Festiwalu Ch\u00f3ralnego Pie\u015bni Patriotycznej &#8222;Musica Patriae&#8221; w Poznaniu, w 2025 zostala nagrodzona w plebiscycie Osobowo\u015b\u0107 Roku 2024 w kategorii KULTURA. Swoja wiedz\u0119 i umiej\u0119tno\u015bci wokalne, dyrygenckie i pedagogiczne regularnie dokszta\u0142ca uczestnicz\u0105c w\u00a0 warsztatach i seminariach w kraju i za granic\u0105.<\/p>\n<blockquote>\n<div dir=\"auto\"><\/div>\n<div dir=\"auto\">&#8222;Jako instruktor wokalny skupiam si\u0119 na holistycznym podej\u015bciu do g\u0142osu. Pomagam wokalistom budowa\u0107 zdrowy, swobodny, pe\u0142en rezonansu glos. Pracuje z wokalistami na ka\u017cdym etapie ich drogi &#8211; od os\u00f3b pocz\u0105tkuj\u0105cych, po do\u015bwiadczonych artyst\u00f3w poszukuj\u0105cych prze\u0142omu w swojej technice i wydolno\u015bci wokalnej. W mojej praktyce traktuj\u0119 g\u0142os jako zintegrowany system biomechaniczny i somatyczny. Wierz\u0119, \u017ce kluczem do pe\u0142nego brzmienia nie jest forsowanie aparatu, lecz precyzyjna eliminacja nie\u015bwiadomych napi\u0119\u0107 strukturalno-powi\u0119ziowych, kt\u00f3re blokuj\u0105 naturalny trakt wokalny&#8221;.<\/div>\n<\/blockquote>","protected":false},"excerpt":{"rendered":"<p>Studio Muzyczne 502 \u2013 Twoja muzyczna podr\u00f3\u017c zaczyna si\u0119 tutaj! Zapraszamy wszystkich mi\u0142o\u015bnik\u00f3w muzyki \u2013 niezale\u017cnie od wieku i poziomu zaawansowania \u2013 do Studia Muzycznego 502! Oferujemy profesjonalne zaj\u0119cia dla ka\u017cdego, kto chce rozwija\u0107 swoje umiej\u0119tno\u015bci wokalne, dba\u0107 o zdrowie g\u0142osu oraz zg\u0142\u0119bia\u0107 tajniki teorii muzyki. Co oferujemy? Indywidualne lekcje \u015bpiewu \u2013 nauka r\u00f3\u017cnych styl\u00f3w [&hellip;]<\/p>\n","protected":false},"author":101,"featured_media":163271,"comment_status":"closed","ping_status":"closed","template":"","tags":[],"mec_category":[389,368,537,393,536,371],"class_list":["post-162316","mec-events","type-mec-events","status-publish","has-post-thumbnail","hentry","mec_category-dorosli","mec_category-dzieci","mec_category-muzyka","mec_category-muzyka-spiew","mec_category-spiew","mec_category-zajecia"],"yoast_head":"<!-- This site is optimized with the Yoast SEO plugin v28.3 - https:\/\/yoast.com\/product\/yoast-seo-wordpress\/ -->\n<title>Studio Muzyczne 502: \u015bpiew \/\/ zaj\u0119cia indywidualne \/\/ IX 2026 - MSK<\/title>\n<meta name=\"robots\" content=\"index, follow, max-snippet:-1, max-image-preview:large, max-video-preview:-1\" \/>\n<link rel=\"canonical\" href=\"https:\/\/msk.lodz.pl\/en\/msk\/studio-muzyczne-502-640-699\/\" \/>\n<meta property=\"og:locale\" content=\"en_GB\" \/>\n<meta property=\"og:type\" content=\"article\" \/>\n<meta property=\"og:title\" content=\"Studio Muzyczne 502: \u015bpiew \/\/ zaj\u0119cia indywidualne \/\/ IX 2026 - MSK\" \/>\n<meta property=\"og:description\" content=\"Studio Muzyczne 502 \u2013 Twoja muzyczna podr\u00f3\u017c zaczyna si\u0119 tutaj! Zapraszamy wszystkich mi\u0142o\u015bnik\u00f3w muzyki \u2013 niezale\u017cnie od wieku i poziomu zaawansowania \u2013 do Studia Muzycznego 502! Oferujemy profesjonalne zaj\u0119cia dla ka\u017cdego, kto chce rozwija\u0107 swoje umiej\u0119tno\u015bci wokalne, dba\u0107 o zdrowie g\u0142osu oraz zg\u0142\u0119bia\u0107 tajniki teorii muzyki. Co oferujemy? Indywidualne lekcje \u015bpiewu \u2013 nauka r\u00f3\u017cnych styl\u00f3w [&hellip;]\" \/>\n<meta property=\"og:url\" content=\"https:\/\/msk.lodz.pl\/en\/msk\/studio-muzyczne-502-640-699\/\" \/>\n<meta property=\"og:site_name\" content=\"MSK\" \/>\n<meta property=\"article:modified_time\" content=\"2026-08-21T09:44:18+00:00\" \/>\n<meta property=\"og:image\" content=\"https:\/\/msk.lodz.pl\/wp-content\/uploads\/2026\/08\/32-scaled.jpg\" \/>\n\t<meta property=\"og:image:width\" content=\"2560\" \/>\n\t<meta property=\"og:image:height\" content=\"1841\" \/>\n\t<meta property=\"og:image:type\" content=\"image\/jpeg\" \/>\n<meta name=\"twitter:card\" content=\"summary_large_image\" \/>\n<meta name=\"twitter:label1\" content=\"Estimated reading time\" \/>\n\t<meta name=\"twitter:data1\" content=\"3 minutes\" \/>\n<script type=\"application\/ld+json\" class=\"yoast-schema-graph\">{\"@context\":\"https:\\\/\\\/schema.org\",\"@graph\":[{\"@type\":\"WebPage\",\"@id\":\"https:\\\/\\\/msk.lodz.pl\\\/msk\\\/studio-muzyczne-502-640-699\\\/\",\"url\":\"https:\\\/\\\/msk.lodz.pl\\\/msk\\\/studio-muzyczne-502-640-699\\\/\",\"name\":\"Studio Muzyczne 502: \u015bpiew \\\/\\\/ zaj\u0119cia indywidualne \\\/\\\/ IX 2026 - MSK\",\"isPartOf\":{\"@id\":\"https:\\\/\\\/msk.lodz.pl\\\/#website\"},\"primaryImageOfPage\":{\"@id\":\"https:\\\/\\\/msk.lodz.pl\\\/msk\\\/studio-muzyczne-502-640-699\\\/#primaryimage\"},\"image\":{\"@id\":\"https:\\\/\\\/msk.lodz.pl\\\/msk\\\/studio-muzyczne-502-640-699\\\/#primaryimage\"},\"thumbnailUrl\":\"https:\\\/\\\/msk.lodz.pl\\\/wp-content\\\/uploads\\\/2026\\\/08\\\/32-scaled.jpg\",\"datePublished\":\"2026-07-31T22:00:25+00:00\",\"dateModified\":\"2026-08-21T09:44:18+00:00\",\"breadcrumb\":{\"@id\":\"https:\\\/\\\/msk.lodz.pl\\\/msk\\\/studio-muzyczne-502-640-699\\\/#breadcrumb\"},\"inLanguage\":\"en-GB\",\"potentialAction\":[{\"@type\":\"ReadAction\",\"target\":[\"https:\\\/\\\/msk.lodz.pl\\\/msk\\\/studio-muzyczne-502-640-699\\\/\"]}]},{\"@type\":\"ImageObject\",\"inLanguage\":\"en-GB\",\"@id\":\"https:\\\/\\\/msk.lodz.pl\\\/msk\\\/studio-muzyczne-502-640-699\\\/#primaryimage\",\"url\":\"https:\\\/\\\/msk.lodz.pl\\\/wp-content\\\/uploads\\\/2026\\\/08\\\/32-scaled.jpg\",\"contentUrl\":\"https:\\\/\\\/msk.lodz.pl\\\/wp-content\\\/uploads\\\/2026\\\/08\\\/32-scaled.jpg\",\"width\":2560,\"height\":1841},{\"@type\":\"BreadcrumbList\",\"@id\":\"https:\\\/\\\/msk.lodz.pl\\\/msk\\\/studio-muzyczne-502-640-699\\\/#breadcrumb\",\"itemListElement\":[{\"@type\":\"ListItem\",\"position\":1,\"name\":\"Strona g\u0142\u00f3wna\",\"item\":\"https:\\\/\\\/msk.lodz.pl\\\/\"},{\"@type\":\"ListItem\",\"position\":2,\"name\":\"Wydarzenia\",\"item\":\"https:\\\/\\\/msk.lodz.pl\\\/msk\\\/\"},{\"@type\":\"ListItem\",\"position\":3,\"name\":\"Studio Muzyczne 502: \u015bpiew \\\/\\\/ zaj\u0119cia indywidualne \\\/\\\/ IX 2026\"}]},{\"@type\":\"WebSite\",\"@id\":\"https:\\\/\\\/msk.lodz.pl\\\/#website\",\"url\":\"https:\\\/\\\/msk.lodz.pl\\\/\",\"name\":\"MSK - \u0141\u00f3d\u017a\",\"description\":\"\",\"publisher\":{\"@id\":\"https:\\\/\\\/msk.lodz.pl\\\/#organization\"},\"potentialAction\":[{\"@type\":\"SearchAction\",\"target\":{\"@type\":\"EntryPoint\",\"urlTemplate\":\"https:\\\/\\\/msk.lodz.pl\\\/?s={search_term_string}\"},\"query-input\":{\"@type\":\"PropertyValueSpecification\",\"valueRequired\":true,\"valueName\":\"search_term_string\"}}],\"inLanguage\":\"en-GB\"},{\"@type\":\"Organization\",\"@id\":\"https:\\\/\\\/msk.lodz.pl\\\/#organization\",\"name\":\"MSK - \u0141\u00f3d\u017a\",\"url\":\"https:\\\/\\\/msk.lodz.pl\\\/\",\"logo\":{\"@type\":\"ImageObject\",\"inLanguage\":\"en-GB\",\"@id\":\"https:\\\/\\\/msk.lodz.pl\\\/#\\\/schema\\\/logo\\\/image\\\/\",\"url\":\"https:\\\/\\\/msk.lodz.pl\\\/wp-content\\\/uploads\\\/2023\\\/04\\\/cropped-Fav_icon_MSK.png\",\"contentUrl\":\"https:\\\/\\\/msk.lodz.pl\\\/wp-content\\\/uploads\\\/2023\\\/04\\\/cropped-Fav_icon_MSK.png\",\"width\":512,\"height\":512,\"caption\":\"MSK - \u0141\u00f3d\u017a\"},\"image\":{\"@id\":\"https:\\\/\\\/msk.lodz.pl\\\/#\\\/schema\\\/logo\\\/image\\\/\"}}]}<\/script>\n<!-- \/ Yoast SEO plugin. -->","yoast_head_json":{"title":"Studio Muzyczne 502: \u015bpiew \/\/ zaj\u0119cia indywidualne \/\/ IX 2026 - MSK","robots":{"index":"index","follow":"follow","max-snippet":"max-snippet:-1","max-image-preview":"max-image-preview:large","max-video-preview":"max-video-preview:-1"},"canonical":"https:\/\/msk.lodz.pl\/en\/msk\/studio-muzyczne-502-640-699\/","og_locale":"en_GB","og_type":"article","og_title":"Studio Muzyczne 502: \u015bpiew \/\/ zaj\u0119cia indywidualne \/\/ IX 2026 - MSK","og_description":"Studio Muzyczne 502 \u2013 Twoja muzyczna podr\u00f3\u017c zaczyna si\u0119 tutaj! Zapraszamy wszystkich mi\u0142o\u015bnik\u00f3w muzyki \u2013 niezale\u017cnie od wieku i poziomu zaawansowania \u2013 do Studia Muzycznego 502! Oferujemy profesjonalne zaj\u0119cia dla ka\u017cdego, kto chce rozwija\u0107 swoje umiej\u0119tno\u015bci wokalne, dba\u0107 o zdrowie g\u0142osu oraz zg\u0142\u0119bia\u0107 tajniki teorii muzyki. Co oferujemy? Indywidualne lekcje \u015bpiewu \u2013 nauka r\u00f3\u017cnych styl\u00f3w [&hellip;]","og_url":"https:\/\/msk.lodz.pl\/en\/msk\/studio-muzyczne-502-640-699\/","og_site_name":"MSK","article_modified_time":"2026-08-21T09:44:18+00:00","og_image":[{"width":2560,"height":1841,"url":"https:\/\/msk.lodz.pl\/wp-content\/uploads\/2026\/08\/32-scaled.jpg","type":"image\/jpeg"}],"twitter_card":"summary_large_image","twitter_misc":{"Estimated reading time":"3 minutes"},"schema":{"@context":"https:\/\/schema.org","@graph":[{"@type":"WebPage","@id":"https:\/\/msk.lodz.pl\/msk\/studio-muzyczne-502-640-699\/","url":"https:\/\/msk.lodz.pl\/msk\/studio-muzyczne-502-640-699\/","name":"Studio Muzyczne 502: \u015bpiew \/\/ zaj\u0119cia indywidualne \/\/ IX 2026 - MSK","isPartOf":{"@id":"https:\/\/msk.lodz.pl\/#website"},"primaryImageOfPage":{"@id":"https:\/\/msk.lodz.pl\/msk\/studio-muzyczne-502-640-699\/#primaryimage"},"image":{"@id":"https:\/\/msk.lodz.pl\/msk\/studio-muzyczne-502-640-699\/#primaryimage"},"thumbnailUrl":"https:\/\/msk.lodz.pl\/wp-content\/uploads\/2026\/08\/32-scaled.jpg","datePublished":"2026-07-31T22:00:25+00:00","dateModified":"2026-08-21T09:44:18+00:00","breadcrumb":{"@id":"https:\/\/msk.lodz.pl\/msk\/studio-muzyczne-502-640-699\/#breadcrumb"},"inLanguage":"en-GB","potentialAction":[{"@type":"ReadAction","target":["https:\/\/msk.lodz.pl\/msk\/studio-muzyczne-502-640-699\/"]}]},{"@type":"ImageObject","inLanguage":"en-GB","@id":"https:\/\/msk.lodz.pl\/msk\/studio-muzyczne-502-640-699\/#primaryimage","url":"https:\/\/msk.lodz.pl\/wp-content\/uploads\/2026\/08\/32-scaled.jpg","contentUrl":"https:\/\/msk.lodz.pl\/wp-content\/uploads\/2026\/08\/32-scaled.jpg","width":2560,"height":1841},{"@type":"BreadcrumbList","@id":"https:\/\/msk.lodz.pl\/msk\/studio-muzyczne-502-640-699\/#breadcrumb","itemListElement":[{"@type":"ListItem","position":1,"name":"Strona g\u0142\u00f3wna","item":"https:\/\/msk.lodz.pl\/"},{"@type":"ListItem","position":2,"name":"Wydarzenia","item":"https:\/\/msk.lodz.pl\/msk\/"},{"@type":"ListItem","position":3,"name":"Studio Muzyczne 502: \u015bpiew \/\/ zaj\u0119cia indywidualne \/\/ IX 2026"}]},{"@type":"WebSite","@id":"https:\/\/msk.lodz.pl\/#website","url":"https:\/\/msk.lodz.pl\/","name":"MSK - \u0141\u00f3d\u017a","description":"","publisher":{"@id":"https:\/\/msk.lodz.pl\/#organization"},"potentialAction":[{"@type":"SearchAction","target":{"@type":"EntryPoint","urlTemplate":"https:\/\/msk.lodz.pl\/?s={search_term_string}"},"query-input":{"@type":"PropertyValueSpecification","valueRequired":true,"valueName":"search_term_string"}}],"inLanguage":"en-GB"},{"@type":"Organization","@id":"https:\/\/msk.lodz.pl\/#organization","name":"MSK - \u0141\u00f3d\u017a","url":"https:\/\/msk.lodz.pl\/","logo":{"@type":"ImageObject","inLanguage":"en-GB","@id":"https:\/\/msk.lodz.pl\/#\/schema\/logo\/image\/","url":"https:\/\/msk.lodz.pl\/wp-content\/uploads\/2023\/04\/cropped-Fav_icon_MSK.png","contentUrl":"https:\/\/msk.lodz.pl\/wp-content\/uploads\/2023\/04\/cropped-Fav_icon_MSK.png","width":512,"height":512,"caption":"MSK - \u0141\u00f3d\u017a"},"image":{"@id":"https:\/\/msk.lodz.pl\/#\/schema\/logo\/image\/"}}]}},"_links":{"self":[{"href":"https:\/\/msk.lodz.pl\/en\/wp-json\/wp\/v2\/mec-events\/162316","targetHints":{"allow":["GET"]}}],"collection":[{"href":"https:\/\/msk.lodz.pl\/en\/wp-json\/wp\/v2\/mec-events"}],"about":[{"href":"https:\/\/msk.lodz.pl\/en\/wp-json\/wp\/v2\/types\/mec-events"}],"author":[{"embeddable":true,"href":"https:\/\/msk.lodz.pl\/en\/wp-json\/wp\/v2\/users\/101"}],"replies":[{"embeddable":true,"href":"https:\/\/msk.lodz.pl\/en\/wp-json\/wp\/v2\/comments?post=162316"}],"wp:featuredmedia":[{"embeddable":true,"href":"https:\/\/msk.lodz.pl\/en\/wp-json\/wp\/v2\/media\/163271"}],"wp:attachment":[{"href":"https:\/\/msk.lodz.pl\/en\/wp-json\/wp\/v2\/media?parent=162316"}],"wp:term":[{"taxonomy":"post_tag","embeddable":true,"href":"https:\/\/msk.lodz.pl\/en\/wp-json\/wp\/v2\/tags?post=162316"},{"taxonomy":"mec_category","embeddable":true,"href":"https:\/\/msk.lodz.pl\/en\/wp-json\/wp\/v2\/mec_category?post=162316"}],"curies":[{"name":"wp","href":"https:\/\/api.w.org\/{rel}","templated":true}]}}