{"id":16239,"date":"2023-08-29T11:43:54","date_gmt":"2023-08-29T09:43:54","guid":{"rendered":"https:\/\/msk.lodz.pl\/?post_type=mec-events&#038;p=16239"},"modified":"2024-11-25T11:02:56","modified_gmt":"2024-11-25T10:02:56","slug":"33-wystawa-rysunku-i-malarstwa-moj-teatr","status":"publish","type":"mec-events","link":"https:\/\/msk.lodz.pl\/en\/msk\/33-wystawa-rysunku-i-malarstwa-moj-teatr\/","title":{"rendered":"33. Wystawa Rysunku i Malarstwa \u201eM\u00f3j Teatr\u201d"},"content":{"rendered":"<p>Wernisa\u017c wystawy pokonkursowej realizowany jest w ramach <strong>44 Og\u00f3lnopolskiego Festiwalu Teatru M\u0142odych \u201eDziatwa\u201d<\/strong>. W trakcie wernisa\u017cu odb\u0119dzie si\u0119 wr\u0119czenie nagr\u00f3d laureatom konkursu.<\/p>\n<p>Zdarzenie ma charakter popularyzatorski, przybli\u017camy teatr m\u0142odym ludziom poprzez dzia\u0142ania plastyczne.<\/p>\n<p>Projekt wsp\u00f3\u0142finansowany ze \u015brodk\u00f3w Miasta \u0141odzi.<\/p>\n<p><strong>Warsztaty plastyczno-teatralne dla dzieci <\/strong><\/p>\n<ul>\n<li>Warsztaty odb\u0119d\u0105 si\u0119 27.09.2023 o godz. 10:30 w Przedszkolu Miejskim nr 140<\/li>\n<li>Warsztaty odb\u0119d\u0105 si\u0119 11.10.2023 o godz. 10:30 w Przedszkolu Miejskim nr 140<\/li>\n<\/ul>\n<p>Ka\u017cd\u0105 edycj\u0119 \u201eMojego Teatru\u201d poprzedzaj\u0105 warsztaty tw\u00f3rcze, kt\u00f3re maj\u0105 na celu zaktywizowanie do dzia\u0142alno\u015bci plastycznej zar\u00f3wno dzieci jak i ich opiekun\u00f3w. Tak\u017ce w tym roku zapraszamy do wsp\u00f3lnych dzia\u0142a\u0144 plastycznych inspirowanych wybranym tekstem literackim. Tematyk\u0105 poruszan\u0105 podczas tegorocznych warsztat\u00f3w jest rola \u015bwiat\u0142a, cienia, ruchu, barwy i kszta\u0142tu zar\u00f3wno w plastyce jak i w teatrze. Najistotniejsze dla nas jest zach\u0119canie uczestnik\u00f3w do czytania, kt\u00f3re w nast\u0119pstwie pozwoli stworzy\u0107 prac\u0119 plastyczn\u0105 o wyj\u0105tkowym, osobistym charakterze.<\/p>\n<p>PROTOK\u00d3\u0141 Z OBRAD JURY KONKURS PLASTYCZNEGO \u201eM\u00d3J TEATR\u201d 2023 <a href=\"https:\/\/msk.lodz.pl\/wp-content\/uploads\/2023\/09\/protokol-Moj-teatr-2023.pdf\"><strong>&#8211; do pobrania_tutaj<\/strong><\/a><\/p>","protected":false},"excerpt":{"rendered":"<p>Wernisa\u017c wystawy pokonkursowej realizowany jest w ramach 44 Og\u00f3lnopolskiego Festiwalu Teatru M\u0142odych \u201eDziatwa\u201d. W trakcie wernisa\u017cu odb\u0119dzie si\u0119 wr\u0119czenie nagr\u00f3d laureatom konkursu. Zdarzenie ma charakter popularyzatorski, przybli\u017camy teatr m\u0142odym ludziom poprzez dzia\u0142ania plastyczne. Projekt wsp\u00f3\u0142finansowany ze \u015brodk\u00f3w Miasta \u0141odzi. Warsztaty plastyczno-teatralne dla dzieci Warsztaty odb\u0119d\u0105 si\u0119 27.09.2023 o godz. 10:30 w Przedszkolu Miejskim nr 140 [&hellip;]<\/p>","protected":false},"author":9,"featured_media":16240,"comment_status":"closed","ping_status":"closed","template":"","tags":[],"mec_category":[405,368,394,360,433,361],"class_list":["post-16239","mec-events","type-mec-events","status-publish","has-post-thumbnail","hentry","mec_category-aktualnosci","mec_category-dzieci","mec_category-mlodziez","mec_category-sztuka","mec_category-teatr","mec_category-wydarzenia"],"yoast_head":"<!-- This site is optimized with the Yoast SEO plugin v26.5 - https:\/\/yoast.com\/wordpress\/plugins\/seo\/ -->\n<title>33. Wystawa Rysunku i Malarstwa \u201eM\u00f3j Teatr\u201d - MSK<\/title>\n<meta name=\"robots\" content=\"index, follow, max-snippet:-1, max-image-preview:large, max-video-preview:-1\" \/>\n<link rel=\"canonical\" href=\"https:\/\/msk.lodz.pl\/en\/msk\/33-wystawa-rysunku-i-malarstwa-moj-teatr\/\" \/>\n<meta property=\"og:locale\" content=\"en_GB\" \/>\n<meta property=\"og:type\" content=\"article\" \/>\n<meta property=\"og:title\" content=\"33. Wystawa Rysunku i Malarstwa \u201eM\u00f3j Teatr\u201d - MSK\" \/>\n<meta property=\"og:description\" content=\"Wernisa\u017c wystawy pokonkursowej realizowany jest w ramach 44 Og\u00f3lnopolskiego Festiwalu Teatru M\u0142odych \u201eDziatwa\u201d. W trakcie wernisa\u017cu odb\u0119dzie si\u0119 wr\u0119czenie nagr\u00f3d laureatom konkursu. Zdarzenie ma charakter popularyzatorski, przybli\u017camy teatr m\u0142odym ludziom poprzez dzia\u0142ania plastyczne. Projekt wsp\u00f3\u0142finansowany ze \u015brodk\u00f3w Miasta \u0141odzi. Warsztaty plastyczno-teatralne dla dzieci Warsztaty odb\u0119d\u0105 si\u0119 27.09.2023 o godz. 10:30 w Przedszkolu Miejskim nr 140 [&hellip;]\" \/>\n<meta property=\"og:url\" content=\"https:\/\/msk.lodz.pl\/en\/msk\/33-wystawa-rysunku-i-malarstwa-moj-teatr\/\" \/>\n<meta property=\"og:site_name\" content=\"MSK\" \/>\n<meta property=\"article:modified_time\" content=\"2024-11-25T10:02:56+00:00\" \/>\n<meta property=\"og:image\" content=\"https:\/\/msk.lodz.pl\/wp-content\/uploads\/2023\/08\/mojteatr_23_net.jpg\" \/>\n\t<meta property=\"og:image:width\" content=\"1424\" \/>\n\t<meta property=\"og:image:height\" content=\"1042\" \/>\n\t<meta property=\"og:image:type\" content=\"image\/jpeg\" \/>\n<meta name=\"twitter:card\" content=\"summary_large_image\" \/>\n<meta name=\"twitter:label1\" content=\"Estimated reading time\" \/>\n\t<meta name=\"twitter:data1\" content=\"1 minute\" \/>\n<script type=\"application\/ld+json\" class=\"yoast-schema-graph\">{\"@context\":\"https:\/\/schema.org\",\"@graph\":[{\"@type\":\"WebPage\",\"@id\":\"https:\/\/msk.lodz.pl\/msk\/33-wystawa-rysunku-i-malarstwa-moj-teatr\/\",\"url\":\"https:\/\/msk.lodz.pl\/msk\/33-wystawa-rysunku-i-malarstwa-moj-teatr\/\",\"name\":\"33. Wystawa Rysunku i Malarstwa \u201eM\u00f3j Teatr\u201d - MSK\",\"isPartOf\":{\"@id\":\"https:\/\/msk.lodz.pl\/#website\"},\"primaryImageOfPage\":{\"@id\":\"https:\/\/msk.lodz.pl\/msk\/33-wystawa-rysunku-i-malarstwa-moj-teatr\/#primaryimage\"},\"image\":{\"@id\":\"https:\/\/msk.lodz.pl\/msk\/33-wystawa-rysunku-i-malarstwa-moj-teatr\/#primaryimage\"},\"thumbnailUrl\":\"https:\/\/msk.lodz.pl\/wp-content\/uploads\/2023\/08\/mojteatr_23_net.jpg\",\"datePublished\":\"2023-08-29T09:43:54+00:00\",\"dateModified\":\"2024-11-25T10:02:56+00:00\",\"breadcrumb\":{\"@id\":\"https:\/\/msk.lodz.pl\/msk\/33-wystawa-rysunku-i-malarstwa-moj-teatr\/#breadcrumb\"},\"inLanguage\":\"en-GB\",\"potentialAction\":[{\"@type\":\"ReadAction\",\"target\":[\"https:\/\/msk.lodz.pl\/msk\/33-wystawa-rysunku-i-malarstwa-moj-teatr\/\"]}]},{\"@type\":\"ImageObject\",\"inLanguage\":\"en-GB\",\"@id\":\"https:\/\/msk.lodz.pl\/msk\/33-wystawa-rysunku-i-malarstwa-moj-teatr\/#primaryimage\",\"url\":\"https:\/\/msk.lodz.pl\/wp-content\/uploads\/2023\/08\/mojteatr_23_net.jpg\",\"contentUrl\":\"https:\/\/msk.lodz.pl\/wp-content\/uploads\/2023\/08\/mojteatr_23_net.jpg\",\"width\":1424,\"height\":1042},{\"@type\":\"BreadcrumbList\",\"@id\":\"https:\/\/msk.lodz.pl\/msk\/33-wystawa-rysunku-i-malarstwa-moj-teatr\/#breadcrumb\",\"itemListElement\":[{\"@type\":\"ListItem\",\"position\":1,\"name\":\"Strona g\u0142\u00f3wna\",\"item\":\"http:\/\/msk.lodz.pl\/en\/\"},{\"@type\":\"ListItem\",\"position\":2,\"name\":\"Wydarzenia\",\"item\":\"https:\/\/msk.lodz.pl\/msk\/\"},{\"@type\":\"ListItem\",\"position\":3,\"name\":\"33. Wystawa Rysunku i Malarstwa \u201eM\u00f3j Teatr\u201d\"}]},{\"@type\":\"WebSite\",\"@id\":\"https:\/\/msk.lodz.pl\/#website\",\"url\":\"https:\/\/msk.lodz.pl\/\",\"name\":\"MSK - \u0141\u00f3d\u017a\",\"description\":\"\",\"publisher\":{\"@id\":\"https:\/\/msk.lodz.pl\/#organization\"},\"potentialAction\":[{\"@type\":\"SearchAction\",\"target\":{\"@type\":\"EntryPoint\",\"urlTemplate\":\"https:\/\/msk.lodz.pl\/?s={search_term_string}\"},\"query-input\":{\"@type\":\"PropertyValueSpecification\",\"valueRequired\":true,\"valueName\":\"search_term_string\"}}],\"inLanguage\":\"en-GB\"},{\"@type\":\"Organization\",\"@id\":\"https:\/\/msk.lodz.pl\/#organization\",\"name\":\"MSK - \u0141\u00f3d\u017a\",\"url\":\"https:\/\/msk.lodz.pl\/\",\"logo\":{\"@type\":\"ImageObject\",\"inLanguage\":\"en-GB\",\"@id\":\"https:\/\/msk.lodz.pl\/#\/schema\/logo\/image\/\",\"url\":\"https:\/\/msk.lodz.pl\/wp-content\/uploads\/2023\/04\/cropped-Fav_icon_MSK.png\",\"contentUrl\":\"https:\/\/msk.lodz.pl\/wp-content\/uploads\/2023\/04\/cropped-Fav_icon_MSK.png\",\"width\":512,\"height\":512,\"caption\":\"MSK - \u0141\u00f3d\u017a\"},\"image\":{\"@id\":\"https:\/\/msk.lodz.pl\/#\/schema\/logo\/image\/\"}}]}<\/script>\n<!-- \/ Yoast SEO plugin. -->","yoast_head_json":{"title":"33. Wystawa Rysunku i Malarstwa \u201eM\u00f3j Teatr\u201d - MSK","robots":{"index":"index","follow":"follow","max-snippet":"max-snippet:-1","max-image-preview":"max-image-preview:large","max-video-preview":"max-video-preview:-1"},"canonical":"https:\/\/msk.lodz.pl\/en\/msk\/33-wystawa-rysunku-i-malarstwa-moj-teatr\/","og_locale":"en_GB","og_type":"article","og_title":"33. Wystawa Rysunku i Malarstwa \u201eM\u00f3j Teatr\u201d - MSK","og_description":"Wernisa\u017c wystawy pokonkursowej realizowany jest w ramach 44 Og\u00f3lnopolskiego Festiwalu Teatru M\u0142odych \u201eDziatwa\u201d. W trakcie wernisa\u017cu odb\u0119dzie si\u0119 wr\u0119czenie nagr\u00f3d laureatom konkursu. Zdarzenie ma charakter popularyzatorski, przybli\u017camy teatr m\u0142odym ludziom poprzez dzia\u0142ania plastyczne. Projekt wsp\u00f3\u0142finansowany ze \u015brodk\u00f3w Miasta \u0141odzi. Warsztaty plastyczno-teatralne dla dzieci Warsztaty odb\u0119d\u0105 si\u0119 27.09.2023 o godz. 10:30 w Przedszkolu Miejskim nr 140 [&hellip;]","og_url":"https:\/\/msk.lodz.pl\/en\/msk\/33-wystawa-rysunku-i-malarstwa-moj-teatr\/","og_site_name":"MSK","article_modified_time":"2024-11-25T10:02:56+00:00","og_image":[{"width":1424,"height":1042,"url":"https:\/\/msk.lodz.pl\/wp-content\/uploads\/2023\/08\/mojteatr_23_net.jpg","type":"image\/jpeg"}],"twitter_card":"summary_large_image","twitter_misc":{"Estimated reading time":"1 minute"},"schema":{"@context":"https:\/\/schema.org","@graph":[{"@type":"WebPage","@id":"https:\/\/msk.lodz.pl\/msk\/33-wystawa-rysunku-i-malarstwa-moj-teatr\/","url":"https:\/\/msk.lodz.pl\/msk\/33-wystawa-rysunku-i-malarstwa-moj-teatr\/","name":"33. Wystawa Rysunku i Malarstwa \u201eM\u00f3j Teatr\u201d - MSK","isPartOf":{"@id":"https:\/\/msk.lodz.pl\/#website"},"primaryImageOfPage":{"@id":"https:\/\/msk.lodz.pl\/msk\/33-wystawa-rysunku-i-malarstwa-moj-teatr\/#primaryimage"},"image":{"@id":"https:\/\/msk.lodz.pl\/msk\/33-wystawa-rysunku-i-malarstwa-moj-teatr\/#primaryimage"},"thumbnailUrl":"https:\/\/msk.lodz.pl\/wp-content\/uploads\/2023\/08\/mojteatr_23_net.jpg","datePublished":"2023-08-29T09:43:54+00:00","dateModified":"2024-11-25T10:02:56+00:00","breadcrumb":{"@id":"https:\/\/msk.lodz.pl\/msk\/33-wystawa-rysunku-i-malarstwa-moj-teatr\/#breadcrumb"},"inLanguage":"en-GB","potentialAction":[{"@type":"ReadAction","target":["https:\/\/msk.lodz.pl\/msk\/33-wystawa-rysunku-i-malarstwa-moj-teatr\/"]}]},{"@type":"ImageObject","inLanguage":"en-GB","@id":"https:\/\/msk.lodz.pl\/msk\/33-wystawa-rysunku-i-malarstwa-moj-teatr\/#primaryimage","url":"https:\/\/msk.lodz.pl\/wp-content\/uploads\/2023\/08\/mojteatr_23_net.jpg","contentUrl":"https:\/\/msk.lodz.pl\/wp-content\/uploads\/2023\/08\/mojteatr_23_net.jpg","width":1424,"height":1042},{"@type":"BreadcrumbList","@id":"https:\/\/msk.lodz.pl\/msk\/33-wystawa-rysunku-i-malarstwa-moj-teatr\/#breadcrumb","itemListElement":[{"@type":"ListItem","position":1,"name":"Strona g\u0142\u00f3wna","item":"http:\/\/msk.lodz.pl\/en\/"},{"@type":"ListItem","position":2,"name":"Wydarzenia","item":"https:\/\/msk.lodz.pl\/msk\/"},{"@type":"ListItem","position":3,"name":"33. Wystawa Rysunku i Malarstwa \u201eM\u00f3j Teatr\u201d"}]},{"@type":"WebSite","@id":"https:\/\/msk.lodz.pl\/#website","url":"https:\/\/msk.lodz.pl\/","name":"MSK - \u0141\u00f3d\u017a","description":"","publisher":{"@id":"https:\/\/msk.lodz.pl\/#organization"},"potentialAction":[{"@type":"SearchAction","target":{"@type":"EntryPoint","urlTemplate":"https:\/\/msk.lodz.pl\/?s={search_term_string}"},"query-input":{"@type":"PropertyValueSpecification","valueRequired":true,"valueName":"search_term_string"}}],"inLanguage":"en-GB"},{"@type":"Organization","@id":"https:\/\/msk.lodz.pl\/#organization","name":"MSK - \u0141\u00f3d\u017a","url":"https:\/\/msk.lodz.pl\/","logo":{"@type":"ImageObject","inLanguage":"en-GB","@id":"https:\/\/msk.lodz.pl\/#\/schema\/logo\/image\/","url":"https:\/\/msk.lodz.pl\/wp-content\/uploads\/2023\/04\/cropped-Fav_icon_MSK.png","contentUrl":"https:\/\/msk.lodz.pl\/wp-content\/uploads\/2023\/04\/cropped-Fav_icon_MSK.png","width":512,"height":512,"caption":"MSK - \u0141\u00f3d\u017a"},"image":{"@id":"https:\/\/msk.lodz.pl\/#\/schema\/logo\/image\/"}}]}},"_links":{"self":[{"href":"https:\/\/msk.lodz.pl\/en\/wp-json\/wp\/v2\/mec-events\/16239","targetHints":{"allow":["GET"]}}],"collection":[{"href":"https:\/\/msk.lodz.pl\/en\/wp-json\/wp\/v2\/mec-events"}],"about":[{"href":"https:\/\/msk.lodz.pl\/en\/wp-json\/wp\/v2\/types\/mec-events"}],"author":[{"embeddable":true,"href":"https:\/\/msk.lodz.pl\/en\/wp-json\/wp\/v2\/users\/9"}],"replies":[{"embeddable":true,"href":"https:\/\/msk.lodz.pl\/en\/wp-json\/wp\/v2\/comments?post=16239"}],"wp:featuredmedia":[{"embeddable":true,"href":"https:\/\/msk.lodz.pl\/en\/wp-json\/wp\/v2\/media\/16240"}],"wp:attachment":[{"href":"https:\/\/msk.lodz.pl\/en\/wp-json\/wp\/v2\/media?parent=16239"}],"wp:term":[{"taxonomy":"post_tag","embeddable":true,"href":"https:\/\/msk.lodz.pl\/en\/wp-json\/wp\/v2\/tags?post=16239"},{"taxonomy":"mec_category","embeddable":true,"href":"https:\/\/msk.lodz.pl\/en\/wp-json\/wp\/v2\/mec_category?post=16239"}],"curies":[{"name":"wp","href":"https:\/\/api.w.org\/{rel}","templated":true}]}}