{"id":163159,"date":"2026-08-10T12:44:27","date_gmt":"2026-08-10T10:44:27","guid":{"rendered":"https:\/\/msk.lodz.pl\/?post_type=mec-events&#038;p=163159"},"modified":"2026-09-02T11:54:32","modified_gmt":"2026-09-02T09:54:32","slug":"taniec-wspolczesny-dorosli-zajecia-stale-ix-26-wk","status":"publish","type":"mec-events","link":"https:\/\/msk.lodz.pl\/en\/msk\/taniec-wspolczesny-dorosli-zajecia-stale-ix-26-wk\/","title":{"rendered":"Taniec wsp\u00f3\u0142czesny doro\u015bli \/\/ zaj\u0119cia sta\u0142e \/\/ IX 26 \/\/ wk"},"content":{"rendered":"<h2 dir=\"ltr\"><span data-olk-copy-source=\"MessageBody\">Taniec Wsp\u00f3\u0142czesny dla Doros\u0142ych<\/span><\/h2>\n<p dir=\"ltr\">Kiedy codzienny p\u0119d zaczyna nas przyt\u0142acza\u0107, to najlepszy moment, by zatrzyma\u0107 si\u0119 i zadzia\u0142a\u0107 wbrew niemu. Taniec wsp\u00f3\u0142czesny pozwala us\u0142ysze\u0107 siebie, uwolni\u0107 stres nagromadzony w ci\u0105gu dnia i by\u0107 w pe\u0142ni tu i teraz.<\/p>\n<p dir=\"ltr\">Zaj\u0119cia z ta\u0144ca wsp\u00f3\u0142czesnego to znacznie wi\u0119cej ni\u017c tylko nauka krok\u00f3w \u2014 to warto\u015bciowy czas sp\u0119dzony ze sob\u0105 i z drugim cz\u0142owiekiem. W trakcie spotka\u0144 wzmocnisz cia\u0142o, poprawisz elastyczno\u015b\u0107 oraz p\u0142ynno\u015b\u0107 ruch\u00f3w, a przede wszystkim: oczy\u015bcisz g\u0142ow\u0119.<\/p>\n<h3 dir=\"ltr\">Co czeka Ci\u0119 na zaj\u0119ciach?<\/h3>\n<p dir=\"ltr\">Poznamy podstawowe zasady ta\u0144ca wsp\u00f3\u0142czesnego, b\u0119dziemy odkrywa\u0107 wp\u0142yw naszego oddechu na ruch, eksplorowa\u0107 nasze cia\u0142o i mo\u017cliwo\u015bci przestrzeni. Nauczymy si\u0119 kilku choreografii dostosowanych do poziomu grupy. B\u0119dziemy pracowa\u0107 z emocjami i improwizacj\u0105 ruchow\u0105. Pragn\u0119 r\u00f3wnie\u017c, aby\u015bmy poprzez taniec \u015bwietnie si\u0119 bawili i sp\u0119dzili razem dobry czas.<\/p>\n<h3 dir=\"ltr\">Dla kogo s\u0105 te zaj\u0119cia?<\/h3>\n<p dir=\"ltr\">Dla ka\u017cdego! Mo\u017cesz rozpocz\u0105\u0107 w ka\u017cdym momencie. Niezale\u017cnie od wieku czy wcze\u015bniejszego do\u015bwiadczenia tanecznego. Wystarcz\u0105 ch\u0119ci, wygodny str\u00f3j i otwarta g\u0142owa.<\/p>\n<p dir=\"ltr\">Taniec jest dla naszego cia\u0142a czym\u015b absolutnie naturalnym. Czasem jedynie brak znajomo\u015bci krok\u00f3w lub wewn\u0119trzne blokady sprawiaj\u0105, \u017ce wydaje nam si\u0119, \u017ce &#8222;nie potrafimy ta\u0144czy\u0107&#8221;. Taniec wsp\u00f3\u0142czesny to bezpieczna przestrze\u0144 gdzie najwa\u017cniejsze jest bycie sob\u0105.<\/p>\n<p dir=\"ltr\">Je\u015bli stawiasz swoje pierwsze kroki \u2014 zaopiekujemy si\u0119 Tob\u0105.<\/p>\n<p dir=\"ltr\">Je\u015bli masz ju\u017c do\u015bwiadczenie i ta\u0144czysz od lat \u2014 na pewno znajdziesz tu du\u017co przestrzeni do w\u0142asnego rozwoju.<\/p>\n<p dir=\"ltr\">Bez wzgl\u0119du na to, czy ta\u0144czysz od lat, czy to Tw\u00f3j pierwszy raz \u2014 to miejsce jest dla Ciebie!<\/p>","protected":false},"excerpt":{"rendered":"<p>Taniec Wsp\u00f3\u0142czesny dla Doros\u0142ych Kiedy codzienny p\u0119d zaczyna nas przyt\u0142acza\u0107, to najlepszy moment, by zatrzyma\u0107 si\u0119 i zadzia\u0142a\u0107 wbrew niemu. Taniec wsp\u00f3\u0142czesny pozwala us\u0142ysze\u0107 siebie, uwolni\u0107 stres nagromadzony w ci\u0105gu dnia i by\u0107 w pe\u0142ni tu i teraz. Zaj\u0119cia z ta\u0144ca wsp\u00f3\u0142czesnego to znacznie wi\u0119cej ni\u017c tylko nauka krok\u00f3w \u2014 to warto\u015bciowy czas sp\u0119dzony ze [&hellip;]<\/p>\n","protected":false},"author":16,"featured_media":163160,"comment_status":"closed","ping_status":"closed","template":"","tags":[],"mec_category":[389,369,371],"class_list":["post-163159","mec-events","type-mec-events","status-publish","has-post-thumbnail","hentry","mec_category-dorosli","mec_category-taniec","mec_category-zajecia"],"yoast_head":"<!-- This site is optimized with the Yoast SEO plugin v28.3 - https:\/\/yoast.com\/product\/yoast-seo-wordpress\/ -->\n<title>Taniec wsp\u00f3\u0142czesny doro\u015bli \/\/ zaj\u0119cia sta\u0142e \/\/ IX 26 \/\/ wk - MSK<\/title>\n<meta name=\"robots\" content=\"index, follow, max-snippet:-1, max-image-preview:large, max-video-preview:-1\" \/>\n<link rel=\"canonical\" href=\"https:\/\/msk.lodz.pl\/en\/msk\/taniec-wspolczesny-dorosli-zajecia-stale-ix-26-wk\/\" \/>\n<meta property=\"og:locale\" content=\"en_GB\" \/>\n<meta property=\"og:type\" content=\"article\" \/>\n<meta property=\"og:title\" content=\"Taniec wsp\u00f3\u0142czesny doro\u015bli \/\/ zaj\u0119cia sta\u0142e \/\/ IX 26 \/\/ wk - MSK\" \/>\n<meta property=\"og:description\" content=\"Taniec Wsp\u00f3\u0142czesny dla Doros\u0142ych Kiedy codzienny p\u0119d zaczyna nas przyt\u0142acza\u0107, to najlepszy moment, by zatrzyma\u0107 si\u0119 i zadzia\u0142a\u0107 wbrew niemu. Taniec wsp\u00f3\u0142czesny pozwala us\u0142ysze\u0107 siebie, uwolni\u0107 stres nagromadzony w ci\u0105gu dnia i by\u0107 w pe\u0142ni tu i teraz. Zaj\u0119cia z ta\u0144ca wsp\u00f3\u0142czesnego to znacznie wi\u0119cej ni\u017c tylko nauka krok\u00f3w \u2014 to warto\u015bciowy czas sp\u0119dzony ze [&hellip;]\" \/>\n<meta property=\"og:url\" content=\"https:\/\/msk.lodz.pl\/en\/msk\/taniec-wspolczesny-dorosli-zajecia-stale-ix-26-wk\/\" \/>\n<meta property=\"og:site_name\" content=\"MSK\" \/>\n<meta property=\"article:modified_time\" content=\"2026-09-02T09:54:32+00:00\" \/>\n<meta property=\"og:image\" content=\"https:\/\/msk.lodz.pl\/wp-content\/uploads\/2026\/08\/plakaty-sezon-202627-\u2013-kopia-11.png\" \/>\n\t<meta property=\"og:image:width\" content=\"1424\" \/>\n\t<meta property=\"og:image:height\" content=\"1024\" \/>\n\t<meta property=\"og:image:type\" content=\"image\/png\" \/>\n<meta name=\"twitter:card\" content=\"summary_large_image\" \/>\n<meta name=\"twitter:label1\" content=\"Estimated reading time\" \/>\n\t<meta name=\"twitter:data1\" content=\"1 minute\" \/>\n<script type=\"application\/ld+json\" class=\"yoast-schema-graph\">{\"@context\":\"https:\\\/\\\/schema.org\",\"@graph\":[{\"@type\":\"WebPage\",\"@id\":\"https:\\\/\\\/msk.lodz.pl\\\/msk\\\/taniec-wspolczesny-dorosli-zajecia-stale-ix-26-wk\\\/\",\"url\":\"https:\\\/\\\/msk.lodz.pl\\\/msk\\\/taniec-wspolczesny-dorosli-zajecia-stale-ix-26-wk\\\/\",\"name\":\"Taniec wsp\u00f3\u0142czesny doro\u015bli \\\/\\\/ zaj\u0119cia sta\u0142e \\\/\\\/ IX 26 \\\/\\\/ wk - MSK\",\"isPartOf\":{\"@id\":\"https:\\\/\\\/msk.lodz.pl\\\/#website\"},\"primaryImageOfPage\":{\"@id\":\"https:\\\/\\\/msk.lodz.pl\\\/msk\\\/taniec-wspolczesny-dorosli-zajecia-stale-ix-26-wk\\\/#primaryimage\"},\"image\":{\"@id\":\"https:\\\/\\\/msk.lodz.pl\\\/msk\\\/taniec-wspolczesny-dorosli-zajecia-stale-ix-26-wk\\\/#primaryimage\"},\"thumbnailUrl\":\"https:\\\/\\\/msk.lodz.pl\\\/wp-content\\\/uploads\\\/2026\\\/08\\\/plakaty-sezon-202627-\u2013-kopia-11.png\",\"datePublished\":\"2026-08-10T10:44:27+00:00\",\"dateModified\":\"2026-09-02T09:54:32+00:00\",\"breadcrumb\":{\"@id\":\"https:\\\/\\\/msk.lodz.pl\\\/msk\\\/taniec-wspolczesny-dorosli-zajecia-stale-ix-26-wk\\\/#breadcrumb\"},\"inLanguage\":\"en-GB\",\"potentialAction\":[{\"@type\":\"ReadAction\",\"target\":[\"https:\\\/\\\/msk.lodz.pl\\\/msk\\\/taniec-wspolczesny-dorosli-zajecia-stale-ix-26-wk\\\/\"]}]},{\"@type\":\"ImageObject\",\"inLanguage\":\"en-GB\",\"@id\":\"https:\\\/\\\/msk.lodz.pl\\\/msk\\\/taniec-wspolczesny-dorosli-zajecia-stale-ix-26-wk\\\/#primaryimage\",\"url\":\"https:\\\/\\\/msk.lodz.pl\\\/wp-content\\\/uploads\\\/2026\\\/08\\\/plakaty-sezon-202627-\u2013-kopia-11.png\",\"contentUrl\":\"https:\\\/\\\/msk.lodz.pl\\\/wp-content\\\/uploads\\\/2026\\\/08\\\/plakaty-sezon-202627-\u2013-kopia-11.png\",\"width\":1424,\"height\":1024},{\"@type\":\"BreadcrumbList\",\"@id\":\"https:\\\/\\\/msk.lodz.pl\\\/msk\\\/taniec-wspolczesny-dorosli-zajecia-stale-ix-26-wk\\\/#breadcrumb\",\"itemListElement\":[{\"@type\":\"ListItem\",\"position\":1,\"name\":\"Strona g\u0142\u00f3wna\",\"item\":\"https:\\\/\\\/msk.lodz.pl\\\/\"},{\"@type\":\"ListItem\",\"position\":2,\"name\":\"Wydarzenia\",\"item\":\"https:\\\/\\\/msk.lodz.pl\\\/msk\\\/\"},{\"@type\":\"ListItem\",\"position\":3,\"name\":\"Taniec wsp\u00f3\u0142czesny doro\u015bli \\\/\\\/ zaj\u0119cia sta\u0142e \\\/\\\/ IX 26 \\\/\\\/ wk\"}]},{\"@type\":\"WebSite\",\"@id\":\"https:\\\/\\\/msk.lodz.pl\\\/#website\",\"url\":\"https:\\\/\\\/msk.lodz.pl\\\/\",\"name\":\"MSK - \u0141\u00f3d\u017a\",\"description\":\"\",\"publisher\":{\"@id\":\"https:\\\/\\\/msk.lodz.pl\\\/#organization\"},\"potentialAction\":[{\"@type\":\"SearchAction\",\"target\":{\"@type\":\"EntryPoint\",\"urlTemplate\":\"https:\\\/\\\/msk.lodz.pl\\\/?s={search_term_string}\"},\"query-input\":{\"@type\":\"PropertyValueSpecification\",\"valueRequired\":true,\"valueName\":\"search_term_string\"}}],\"inLanguage\":\"en-GB\"},{\"@type\":\"Organization\",\"@id\":\"https:\\\/\\\/msk.lodz.pl\\\/#organization\",\"name\":\"MSK - \u0141\u00f3d\u017a\",\"url\":\"https:\\\/\\\/msk.lodz.pl\\\/\",\"logo\":{\"@type\":\"ImageObject\",\"inLanguage\":\"en-GB\",\"@id\":\"https:\\\/\\\/msk.lodz.pl\\\/#\\\/schema\\\/logo\\\/image\\\/\",\"url\":\"https:\\\/\\\/msk.lodz.pl\\\/wp-content\\\/uploads\\\/2023\\\/04\\\/cropped-Fav_icon_MSK.png\",\"contentUrl\":\"https:\\\/\\\/msk.lodz.pl\\\/wp-content\\\/uploads\\\/2023\\\/04\\\/cropped-Fav_icon_MSK.png\",\"width\":512,\"height\":512,\"caption\":\"MSK - \u0141\u00f3d\u017a\"},\"image\":{\"@id\":\"https:\\\/\\\/msk.lodz.pl\\\/#\\\/schema\\\/logo\\\/image\\\/\"}}]}<\/script>\n<!-- \/ Yoast SEO plugin. -->","yoast_head_json":{"title":"Taniec wsp\u00f3\u0142czesny doro\u015bli \/\/ zaj\u0119cia sta\u0142e \/\/ IX 26 \/\/ wk - MSK","robots":{"index":"index","follow":"follow","max-snippet":"max-snippet:-1","max-image-preview":"max-image-preview:large","max-video-preview":"max-video-preview:-1"},"canonical":"https:\/\/msk.lodz.pl\/en\/msk\/taniec-wspolczesny-dorosli-zajecia-stale-ix-26-wk\/","og_locale":"en_GB","og_type":"article","og_title":"Taniec wsp\u00f3\u0142czesny doro\u015bli \/\/ zaj\u0119cia sta\u0142e \/\/ IX 26 \/\/ wk - MSK","og_description":"Taniec Wsp\u00f3\u0142czesny dla Doros\u0142ych Kiedy codzienny p\u0119d zaczyna nas przyt\u0142acza\u0107, to najlepszy moment, by zatrzyma\u0107 si\u0119 i zadzia\u0142a\u0107 wbrew niemu. Taniec wsp\u00f3\u0142czesny pozwala us\u0142ysze\u0107 siebie, uwolni\u0107 stres nagromadzony w ci\u0105gu dnia i by\u0107 w pe\u0142ni tu i teraz. Zaj\u0119cia z ta\u0144ca wsp\u00f3\u0142czesnego to znacznie wi\u0119cej ni\u017c tylko nauka krok\u00f3w \u2014 to warto\u015bciowy czas sp\u0119dzony ze [&hellip;]","og_url":"https:\/\/msk.lodz.pl\/en\/msk\/taniec-wspolczesny-dorosli-zajecia-stale-ix-26-wk\/","og_site_name":"MSK","article_modified_time":"2026-09-02T09:54:32+00:00","og_image":[{"width":1424,"height":1024,"url":"https:\/\/msk.lodz.pl\/wp-content\/uploads\/2026\/08\/plakaty-sezon-202627-\u2013-kopia-11.png","type":"image\/png"}],"twitter_card":"summary_large_image","twitter_misc":{"Estimated reading time":"1 minute"},"schema":{"@context":"https:\/\/schema.org","@graph":[{"@type":"WebPage","@id":"https:\/\/msk.lodz.pl\/msk\/taniec-wspolczesny-dorosli-zajecia-stale-ix-26-wk\/","url":"https:\/\/msk.lodz.pl\/msk\/taniec-wspolczesny-dorosli-zajecia-stale-ix-26-wk\/","name":"Taniec wsp\u00f3\u0142czesny doro\u015bli \/\/ zaj\u0119cia sta\u0142e \/\/ IX 26 \/\/ wk - MSK","isPartOf":{"@id":"https:\/\/msk.lodz.pl\/#website"},"primaryImageOfPage":{"@id":"https:\/\/msk.lodz.pl\/msk\/taniec-wspolczesny-dorosli-zajecia-stale-ix-26-wk\/#primaryimage"},"image":{"@id":"https:\/\/msk.lodz.pl\/msk\/taniec-wspolczesny-dorosli-zajecia-stale-ix-26-wk\/#primaryimage"},"thumbnailUrl":"https:\/\/msk.lodz.pl\/wp-content\/uploads\/2026\/08\/plakaty-sezon-202627-\u2013-kopia-11.png","datePublished":"2026-08-10T10:44:27+00:00","dateModified":"2026-09-02T09:54:32+00:00","breadcrumb":{"@id":"https:\/\/msk.lodz.pl\/msk\/taniec-wspolczesny-dorosli-zajecia-stale-ix-26-wk\/#breadcrumb"},"inLanguage":"en-GB","potentialAction":[{"@type":"ReadAction","target":["https:\/\/msk.lodz.pl\/msk\/taniec-wspolczesny-dorosli-zajecia-stale-ix-26-wk\/"]}]},{"@type":"ImageObject","inLanguage":"en-GB","@id":"https:\/\/msk.lodz.pl\/msk\/taniec-wspolczesny-dorosli-zajecia-stale-ix-26-wk\/#primaryimage","url":"https:\/\/msk.lodz.pl\/wp-content\/uploads\/2026\/08\/plakaty-sezon-202627-\u2013-kopia-11.png","contentUrl":"https:\/\/msk.lodz.pl\/wp-content\/uploads\/2026\/08\/plakaty-sezon-202627-\u2013-kopia-11.png","width":1424,"height":1024},{"@type":"BreadcrumbList","@id":"https:\/\/msk.lodz.pl\/msk\/taniec-wspolczesny-dorosli-zajecia-stale-ix-26-wk\/#breadcrumb","itemListElement":[{"@type":"ListItem","position":1,"name":"Strona g\u0142\u00f3wna","item":"https:\/\/msk.lodz.pl\/"},{"@type":"ListItem","position":2,"name":"Wydarzenia","item":"https:\/\/msk.lodz.pl\/msk\/"},{"@type":"ListItem","position":3,"name":"Taniec wsp\u00f3\u0142czesny doro\u015bli \/\/ zaj\u0119cia sta\u0142e \/\/ IX 26 \/\/ wk"}]},{"@type":"WebSite","@id":"https:\/\/msk.lodz.pl\/#website","url":"https:\/\/msk.lodz.pl\/","name":"MSK - \u0141\u00f3d\u017a","description":"","publisher":{"@id":"https:\/\/msk.lodz.pl\/#organization"},"potentialAction":[{"@type":"SearchAction","target":{"@type":"EntryPoint","urlTemplate":"https:\/\/msk.lodz.pl\/?s={search_term_string}"},"query-input":{"@type":"PropertyValueSpecification","valueRequired":true,"valueName":"search_term_string"}}],"inLanguage":"en-GB"},{"@type":"Organization","@id":"https:\/\/msk.lodz.pl\/#organization","name":"MSK - \u0141\u00f3d\u017a","url":"https:\/\/msk.lodz.pl\/","logo":{"@type":"ImageObject","inLanguage":"en-GB","@id":"https:\/\/msk.lodz.pl\/#\/schema\/logo\/image\/","url":"https:\/\/msk.lodz.pl\/wp-content\/uploads\/2023\/04\/cropped-Fav_icon_MSK.png","contentUrl":"https:\/\/msk.lodz.pl\/wp-content\/uploads\/2023\/04\/cropped-Fav_icon_MSK.png","width":512,"height":512,"caption":"MSK - \u0141\u00f3d\u017a"},"image":{"@id":"https:\/\/msk.lodz.pl\/#\/schema\/logo\/image\/"}}]}},"_links":{"self":[{"href":"https:\/\/msk.lodz.pl\/en\/wp-json\/wp\/v2\/mec-events\/163159","targetHints":{"allow":["GET"]}}],"collection":[{"href":"https:\/\/msk.lodz.pl\/en\/wp-json\/wp\/v2\/mec-events"}],"about":[{"href":"https:\/\/msk.lodz.pl\/en\/wp-json\/wp\/v2\/types\/mec-events"}],"author":[{"embeddable":true,"href":"https:\/\/msk.lodz.pl\/en\/wp-json\/wp\/v2\/users\/16"}],"replies":[{"embeddable":true,"href":"https:\/\/msk.lodz.pl\/en\/wp-json\/wp\/v2\/comments?post=163159"}],"wp:featuredmedia":[{"embeddable":true,"href":"https:\/\/msk.lodz.pl\/en\/wp-json\/wp\/v2\/media\/163160"}],"wp:attachment":[{"href":"https:\/\/msk.lodz.pl\/en\/wp-json\/wp\/v2\/media?parent=163159"}],"wp:term":[{"taxonomy":"post_tag","embeddable":true,"href":"https:\/\/msk.lodz.pl\/en\/wp-json\/wp\/v2\/tags?post=163159"},{"taxonomy":"mec_category","embeddable":true,"href":"https:\/\/msk.lodz.pl\/en\/wp-json\/wp\/v2\/mec_category?post=163159"}],"curies":[{"name":"wp","href":"https:\/\/api.w.org\/{rel}","templated":true}]}}