{"id":164708,"date":"2026-09-03T14:51:08","date_gmt":"2026-09-03T12:51:08","guid":{"rendered":"https:\/\/msk.lodz.pl\/?post_type=mec-events&#038;p=164708"},"modified":"2026-09-03T15:50:18","modified_gmt":"2026-09-03T13:50:18","slug":"tworcza-grupa-nitka-i-kordonkiem-zajecia-stale-2026-2027","status":"publish","type":"mec-events","link":"https:\/\/msk.lodz.pl\/en\/msk\/tworcza-grupa-nitka-i-kordonkiem-zajecia-stale-2026-2027\/","title":{"rendered":"Tw\u00f3rcza Grupa &#8222;Nitk\u0105 i kordonkiem&#8221;  \/\/ zaj\u0119cia sta\u0142e \/\/ 2026-2027"},"content":{"rendered":"<p>Tw\u00f3rcza Grupa \u201eNitk\u0105 i kordonkiem\u201d czyli pasjonatki i pasjonaci r\u0119kodzie\u0142a artystycznego, kt\u00f3rzy rozwijaj\u0105 swoje umiej\u0119tno\u015bci w zakresie technik frywolitkowych \u2013 delikatnej koronki tworzonej za pomoc\u0105 cz\u00f3\u0142enka lub ig\u0142y (technika idealna do tworzenia finezyjnych ozd\u00f3b) oraz haftu temari, tradycyjnej japo\u0144skiej sztuki zdobienia kul styropianowych, kt\u00f3re \u015bwietnie sprawdzaj\u0105 si\u0119 jako unikatowe bombki choinkowe. Ich spotkania owocuj\u0105 pi\u0119knymi, unikalnymi dzie\u0142ami, pe\u0142nymi precyzji i kreatywno\u015bci.<\/p>\n<p>Do Tw\u00f3rczej Grupy mo\u017cna do\u0142\u0105czy\u0107 w ka\u017cdej chwili -zach\u0119camy i zapraszamy.<\/p>\n<p>&nbsp;<\/p>","protected":false},"excerpt":{"rendered":"<p>Tw\u00f3rcza Grupa \u201eNitk\u0105 i kordonkiem\u201d czyli pasjonatki i pasjonaci r\u0119kodzie\u0142a artystycznego, kt\u00f3rzy rozwijaj\u0105 swoje umiej\u0119tno\u015bci w zakresie technik frywolitkowych \u2013 delikatnej koronki tworzonej za pomoc\u0105 cz\u00f3\u0142enka lub ig\u0142y (technika idealna do tworzenia finezyjnych ozd\u00f3b) oraz haftu temari, tradycyjnej japo\u0144skiej sztuki zdobienia kul styropianowych, kt\u00f3re \u015bwietnie sprawdzaj\u0105 si\u0119 jako unikatowe bombki choinkowe. Ich spotkania owocuj\u0105 pi\u0119knymi, [&hellip;]<\/p>\n","protected":false},"author":15,"featured_media":164961,"comment_status":"closed","ping_status":"closed","template":"","tags":[],"mec_category":[405,389,358,535,397,371],"class_list":["post-164708","mec-events","type-mec-events","status-publish","has-post-thumbnail","hentry","mec_category-aktualnosci","mec_category-dorosli","mec_category-kluby-zainteresowan","mec_category-rekodzielo-rzemioslo","mec_category-seniorzy","mec_category-zajecia"],"yoast_head":"<!-- This site is optimized with the Yoast SEO plugin v28.3 - https:\/\/yoast.com\/product\/yoast-seo-wordpress\/ -->\n<title>Tw\u00f3rcza Grupa &quot;Nitk\u0105 i kordonkiem&quot; \/\/ zaj\u0119cia sta\u0142e \/\/ 2026-2027 - MSK<\/title>\n<meta name=\"robots\" content=\"index, follow, max-snippet:-1, max-image-preview:large, max-video-preview:-1\" \/>\n<link rel=\"canonical\" href=\"https:\/\/msk.lodz.pl\/en\/msk\/tworcza-grupa-nitka-i-kordonkiem-zajecia-stale-2026-2027\/\" \/>\n<meta property=\"og:locale\" content=\"en_GB\" \/>\n<meta property=\"og:type\" content=\"article\" \/>\n<meta property=\"og:title\" content=\"Tw\u00f3rcza Grupa &quot;Nitk\u0105 i kordonkiem&quot; \/\/ zaj\u0119cia sta\u0142e \/\/ 2026-2027 - MSK\" \/>\n<meta property=\"og:description\" content=\"Tw\u00f3rcza Grupa \u201eNitk\u0105 i kordonkiem\u201d czyli pasjonatki i pasjonaci r\u0119kodzie\u0142a artystycznego, kt\u00f3rzy rozwijaj\u0105 swoje umiej\u0119tno\u015bci w zakresie technik frywolitkowych \u2013 delikatnej koronki tworzonej za pomoc\u0105 cz\u00f3\u0142enka lub ig\u0142y (technika idealna do tworzenia finezyjnych ozd\u00f3b) oraz haftu temari, tradycyjnej japo\u0144skiej sztuki zdobienia kul styropianowych, kt\u00f3re \u015bwietnie sprawdzaj\u0105 si\u0119 jako unikatowe bombki choinkowe. Ich spotkania owocuj\u0105 pi\u0119knymi, [&hellip;]\" \/>\n<meta property=\"og:url\" content=\"https:\/\/msk.lodz.pl\/en\/msk\/tworcza-grupa-nitka-i-kordonkiem-zajecia-stale-2026-2027\/\" \/>\n<meta property=\"og:site_name\" content=\"MSK\" \/>\n<meta property=\"article:modified_time\" content=\"2026-09-03T13:50:18+00:00\" \/>\n<meta property=\"og:image\" content=\"https:\/\/msk.lodz.pl\/wp-content\/uploads\/2026\/08\/38_20260824_130158_0039-1.png\" \/>\n\t<meta property=\"og:image:width\" content=\"1424\" \/>\n\t<meta property=\"og:image:height\" content=\"1024\" \/>\n\t<meta property=\"og:image:type\" content=\"image\/png\" \/>\n<meta name=\"twitter:card\" content=\"summary_large_image\" \/>\n<script type=\"application\/ld+json\" class=\"yoast-schema-graph\">{\"@context\":\"https:\\\/\\\/schema.org\",\"@graph\":[{\"@type\":\"WebPage\",\"@id\":\"https:\\\/\\\/msk.lodz.pl\\\/msk\\\/tworcza-grupa-nitka-i-kordonkiem-zajecia-stale-2026-2027\\\/\",\"url\":\"https:\\\/\\\/msk.lodz.pl\\\/msk\\\/tworcza-grupa-nitka-i-kordonkiem-zajecia-stale-2026-2027\\\/\",\"name\":\"Tw\u00f3rcza Grupa \\\"Nitk\u0105 i kordonkiem\\\" \\\/\\\/ zaj\u0119cia sta\u0142e \\\/\\\/ 2026-2027 - MSK\",\"isPartOf\":{\"@id\":\"https:\\\/\\\/msk.lodz.pl\\\/#website\"},\"primaryImageOfPage\":{\"@id\":\"https:\\\/\\\/msk.lodz.pl\\\/msk\\\/tworcza-grupa-nitka-i-kordonkiem-zajecia-stale-2026-2027\\\/#primaryimage\"},\"image\":{\"@id\":\"https:\\\/\\\/msk.lodz.pl\\\/msk\\\/tworcza-grupa-nitka-i-kordonkiem-zajecia-stale-2026-2027\\\/#primaryimage\"},\"thumbnailUrl\":\"https:\\\/\\\/msk.lodz.pl\\\/wp-content\\\/uploads\\\/2026\\\/08\\\/38_20260824_130158_0039-1.png\",\"datePublished\":\"2026-09-03T12:51:08+00:00\",\"dateModified\":\"2026-09-03T13:50:18+00:00\",\"breadcrumb\":{\"@id\":\"https:\\\/\\\/msk.lodz.pl\\\/msk\\\/tworcza-grupa-nitka-i-kordonkiem-zajecia-stale-2026-2027\\\/#breadcrumb\"},\"inLanguage\":\"en-GB\",\"potentialAction\":[{\"@type\":\"ReadAction\",\"target\":[\"https:\\\/\\\/msk.lodz.pl\\\/msk\\\/tworcza-grupa-nitka-i-kordonkiem-zajecia-stale-2026-2027\\\/\"]}]},{\"@type\":\"ImageObject\",\"inLanguage\":\"en-GB\",\"@id\":\"https:\\\/\\\/msk.lodz.pl\\\/msk\\\/tworcza-grupa-nitka-i-kordonkiem-zajecia-stale-2026-2027\\\/#primaryimage\",\"url\":\"https:\\\/\\\/msk.lodz.pl\\\/wp-content\\\/uploads\\\/2026\\\/08\\\/38_20260824_130158_0039-1.png\",\"contentUrl\":\"https:\\\/\\\/msk.lodz.pl\\\/wp-content\\\/uploads\\\/2026\\\/08\\\/38_20260824_130158_0039-1.png\",\"width\":1424,\"height\":1024},{\"@type\":\"BreadcrumbList\",\"@id\":\"https:\\\/\\\/msk.lodz.pl\\\/msk\\\/tworcza-grupa-nitka-i-kordonkiem-zajecia-stale-2026-2027\\\/#breadcrumb\",\"itemListElement\":[{\"@type\":\"ListItem\",\"position\":1,\"name\":\"Strona g\u0142\u00f3wna\",\"item\":\"https:\\\/\\\/msk.lodz.pl\\\/\"},{\"@type\":\"ListItem\",\"position\":2,\"name\":\"Wydarzenia\",\"item\":\"https:\\\/\\\/msk.lodz.pl\\\/msk\\\/\"},{\"@type\":\"ListItem\",\"position\":3,\"name\":\"Tw\u00f3rcza Grupa &#8222;Nitk\u0105 i kordonkiem&#8221; \\\/\\\/ zaj\u0119cia sta\u0142e \\\/\\\/ 2026-2027\"}]},{\"@type\":\"WebSite\",\"@id\":\"https:\\\/\\\/msk.lodz.pl\\\/#website\",\"url\":\"https:\\\/\\\/msk.lodz.pl\\\/\",\"name\":\"MSK - \u0141\u00f3d\u017a\",\"description\":\"\",\"publisher\":{\"@id\":\"https:\\\/\\\/msk.lodz.pl\\\/#organization\"},\"potentialAction\":[{\"@type\":\"SearchAction\",\"target\":{\"@type\":\"EntryPoint\",\"urlTemplate\":\"https:\\\/\\\/msk.lodz.pl\\\/?s={search_term_string}\"},\"query-input\":{\"@type\":\"PropertyValueSpecification\",\"valueRequired\":true,\"valueName\":\"search_term_string\"}}],\"inLanguage\":\"en-GB\"},{\"@type\":\"Organization\",\"@id\":\"https:\\\/\\\/msk.lodz.pl\\\/#organization\",\"name\":\"MSK - \u0141\u00f3d\u017a\",\"url\":\"https:\\\/\\\/msk.lodz.pl\\\/\",\"logo\":{\"@type\":\"ImageObject\",\"inLanguage\":\"en-GB\",\"@id\":\"https:\\\/\\\/msk.lodz.pl\\\/#\\\/schema\\\/logo\\\/image\\\/\",\"url\":\"https:\\\/\\\/msk.lodz.pl\\\/wp-content\\\/uploads\\\/2023\\\/04\\\/cropped-Fav_icon_MSK.png\",\"contentUrl\":\"https:\\\/\\\/msk.lodz.pl\\\/wp-content\\\/uploads\\\/2023\\\/04\\\/cropped-Fav_icon_MSK.png\",\"width\":512,\"height\":512,\"caption\":\"MSK - \u0141\u00f3d\u017a\"},\"image\":{\"@id\":\"https:\\\/\\\/msk.lodz.pl\\\/#\\\/schema\\\/logo\\\/image\\\/\"}}]}<\/script>\n<!-- \/ Yoast SEO plugin. -->","yoast_head_json":{"title":"Tw\u00f3rcza Grupa \"Nitk\u0105 i kordonkiem\" \/\/ zaj\u0119cia sta\u0142e \/\/ 2026-2027 - MSK","robots":{"index":"index","follow":"follow","max-snippet":"max-snippet:-1","max-image-preview":"max-image-preview:large","max-video-preview":"max-video-preview:-1"},"canonical":"https:\/\/msk.lodz.pl\/en\/msk\/tworcza-grupa-nitka-i-kordonkiem-zajecia-stale-2026-2027\/","og_locale":"en_GB","og_type":"article","og_title":"Tw\u00f3rcza Grupa \"Nitk\u0105 i kordonkiem\" \/\/ zaj\u0119cia sta\u0142e \/\/ 2026-2027 - MSK","og_description":"Tw\u00f3rcza Grupa \u201eNitk\u0105 i kordonkiem\u201d czyli pasjonatki i pasjonaci r\u0119kodzie\u0142a artystycznego, kt\u00f3rzy rozwijaj\u0105 swoje umiej\u0119tno\u015bci w zakresie technik frywolitkowych \u2013 delikatnej koronki tworzonej za pomoc\u0105 cz\u00f3\u0142enka lub ig\u0142y (technika idealna do tworzenia finezyjnych ozd\u00f3b) oraz haftu temari, tradycyjnej japo\u0144skiej sztuki zdobienia kul styropianowych, kt\u00f3re \u015bwietnie sprawdzaj\u0105 si\u0119 jako unikatowe bombki choinkowe. Ich spotkania owocuj\u0105 pi\u0119knymi, [&hellip;]","og_url":"https:\/\/msk.lodz.pl\/en\/msk\/tworcza-grupa-nitka-i-kordonkiem-zajecia-stale-2026-2027\/","og_site_name":"MSK","article_modified_time":"2026-09-03T13:50:18+00:00","og_image":[{"width":1424,"height":1024,"url":"https:\/\/msk.lodz.pl\/wp-content\/uploads\/2026\/08\/38_20260824_130158_0039-1.png","type":"image\/png"}],"twitter_card":"summary_large_image","schema":{"@context":"https:\/\/schema.org","@graph":[{"@type":"WebPage","@id":"https:\/\/msk.lodz.pl\/msk\/tworcza-grupa-nitka-i-kordonkiem-zajecia-stale-2026-2027\/","url":"https:\/\/msk.lodz.pl\/msk\/tworcza-grupa-nitka-i-kordonkiem-zajecia-stale-2026-2027\/","name":"Tw\u00f3rcza Grupa \"Nitk\u0105 i kordonkiem\" \/\/ zaj\u0119cia sta\u0142e \/\/ 2026-2027 - MSK","isPartOf":{"@id":"https:\/\/msk.lodz.pl\/#website"},"primaryImageOfPage":{"@id":"https:\/\/msk.lodz.pl\/msk\/tworcza-grupa-nitka-i-kordonkiem-zajecia-stale-2026-2027\/#primaryimage"},"image":{"@id":"https:\/\/msk.lodz.pl\/msk\/tworcza-grupa-nitka-i-kordonkiem-zajecia-stale-2026-2027\/#primaryimage"},"thumbnailUrl":"https:\/\/msk.lodz.pl\/wp-content\/uploads\/2026\/08\/38_20260824_130158_0039-1.png","datePublished":"2026-09-03T12:51:08+00:00","dateModified":"2026-09-03T13:50:18+00:00","breadcrumb":{"@id":"https:\/\/msk.lodz.pl\/msk\/tworcza-grupa-nitka-i-kordonkiem-zajecia-stale-2026-2027\/#breadcrumb"},"inLanguage":"en-GB","potentialAction":[{"@type":"ReadAction","target":["https:\/\/msk.lodz.pl\/msk\/tworcza-grupa-nitka-i-kordonkiem-zajecia-stale-2026-2027\/"]}]},{"@type":"ImageObject","inLanguage":"en-GB","@id":"https:\/\/msk.lodz.pl\/msk\/tworcza-grupa-nitka-i-kordonkiem-zajecia-stale-2026-2027\/#primaryimage","url":"https:\/\/msk.lodz.pl\/wp-content\/uploads\/2026\/08\/38_20260824_130158_0039-1.png","contentUrl":"https:\/\/msk.lodz.pl\/wp-content\/uploads\/2026\/08\/38_20260824_130158_0039-1.png","width":1424,"height":1024},{"@type":"BreadcrumbList","@id":"https:\/\/msk.lodz.pl\/msk\/tworcza-grupa-nitka-i-kordonkiem-zajecia-stale-2026-2027\/#breadcrumb","itemListElement":[{"@type":"ListItem","position":1,"name":"Strona g\u0142\u00f3wna","item":"https:\/\/msk.lodz.pl\/"},{"@type":"ListItem","position":2,"name":"Wydarzenia","item":"https:\/\/msk.lodz.pl\/msk\/"},{"@type":"ListItem","position":3,"name":"Tw\u00f3rcza Grupa &#8222;Nitk\u0105 i kordonkiem&#8221; \/\/ zaj\u0119cia sta\u0142e \/\/ 2026-2027"}]},{"@type":"WebSite","@id":"https:\/\/msk.lodz.pl\/#website","url":"https:\/\/msk.lodz.pl\/","name":"MSK - \u0141\u00f3d\u017a","description":"","publisher":{"@id":"https:\/\/msk.lodz.pl\/#organization"},"potentialAction":[{"@type":"SearchAction","target":{"@type":"EntryPoint","urlTemplate":"https:\/\/msk.lodz.pl\/?s={search_term_string}"},"query-input":{"@type":"PropertyValueSpecification","valueRequired":true,"valueName":"search_term_string"}}],"inLanguage":"en-GB"},{"@type":"Organization","@id":"https:\/\/msk.lodz.pl\/#organization","name":"MSK - \u0141\u00f3d\u017a","url":"https:\/\/msk.lodz.pl\/","logo":{"@type":"ImageObject","inLanguage":"en-GB","@id":"https:\/\/msk.lodz.pl\/#\/schema\/logo\/image\/","url":"https:\/\/msk.lodz.pl\/wp-content\/uploads\/2023\/04\/cropped-Fav_icon_MSK.png","contentUrl":"https:\/\/msk.lodz.pl\/wp-content\/uploads\/2023\/04\/cropped-Fav_icon_MSK.png","width":512,"height":512,"caption":"MSK - \u0141\u00f3d\u017a"},"image":{"@id":"https:\/\/msk.lodz.pl\/#\/schema\/logo\/image\/"}}]}},"_links":{"self":[{"href":"https:\/\/msk.lodz.pl\/en\/wp-json\/wp\/v2\/mec-events\/164708","targetHints":{"allow":["GET"]}}],"collection":[{"href":"https:\/\/msk.lodz.pl\/en\/wp-json\/wp\/v2\/mec-events"}],"about":[{"href":"https:\/\/msk.lodz.pl\/en\/wp-json\/wp\/v2\/types\/mec-events"}],"author":[{"embeddable":true,"href":"https:\/\/msk.lodz.pl\/en\/wp-json\/wp\/v2\/users\/15"}],"replies":[{"embeddable":true,"href":"https:\/\/msk.lodz.pl\/en\/wp-json\/wp\/v2\/comments?post=164708"}],"wp:featuredmedia":[{"embeddable":true,"href":"https:\/\/msk.lodz.pl\/en\/wp-json\/wp\/v2\/media\/164961"}],"wp:attachment":[{"href":"https:\/\/msk.lodz.pl\/en\/wp-json\/wp\/v2\/media?parent=164708"}],"wp:term":[{"taxonomy":"post_tag","embeddable":true,"href":"https:\/\/msk.lodz.pl\/en\/wp-json\/wp\/v2\/tags?post=164708"},{"taxonomy":"mec_category","embeddable":true,"href":"https:\/\/msk.lodz.pl\/en\/wp-json\/wp\/v2\/mec_category?post=164708"}],"curies":[{"name":"wp","href":"https:\/\/api.w.org\/{rel}","templated":true}]}}