{"id":164866,"date":"2026-08-28T13:00:39","date_gmt":"2026-08-28T11:00:39","guid":{"rendered":"https:\/\/msk.lodz.pl\/?post_type=mec-events&#038;p=164866"},"modified":"2026-08-28T13:03:45","modified_gmt":"2026-08-28T11:03:45","slug":"wielkie-otwarcie-widoku","status":"publish","type":"mec-events","link":"https:\/\/msk.lodz.pl\/en\/msk\/wielkie-otwarcie-widoku\/","title":{"rendered":"WIELKIE OTWARCIE WIDOKU!"},"content":{"rendered":"<p>\u2728 WIELKIE OTWARCIE WIDOKU! \u2728<\/p>\n<p>&nbsp;<\/p>\n<p>Po miesi\u0105cach remontu MSK Stary Widzew \u2013 Dom Kultury WIDOK otwiera si\u0119 na nowo! \ud83c\udf89<br \/>\n3 pa\u017adziernika o godz. 17:00 zapraszamy Was do odnowionej przestrzeni przy al. J. Pi\u0142sudskiego 133, gdzie wsp\u00f3lnie rozpoczniemy nowy rozdzia\u0142 WIDOKU \u2013 miejsca z histori\u0105, kt\u00f3re zmienia si\u0119, rozwija i otwiera na nowe pomys\u0142y, dzia\u0142ania i mo\u017cliwo\u015bci.<\/p>\n<p>&nbsp;<\/p>\n<p>\u2728 3 PA\u0179DZIERNIKA | DZIE\u0143 OTWARCIA<br \/>\nZaczniemy od oficjalnego przeci\u0119cia wst\u0119gi, a zaraz potem wsp\u00f3lnie zajrzymy do odnowionych wn\u0119trz WIDOKU. Zwiedzimy budynek i sale warsztatowe, poznacie naszych instruktor\u00f3w i ich ofert\u0119 zaj\u0119\u0107 oraz warsztat\u00f3w, kt\u00f3re wype\u0142ni\u0105 nowe pracownie \u2013 od malarstwa i ceramiki, przez dzia\u0142ania kreatywne, a\u017c po muzyk\u0119.<\/p>\n<p>Tego dnia zaprosimy Was r\u00f3wnie\u017c do obejrzenia wystawy \u201eHistoria miejsca. Wsp\u00f3\u0142czesno\u015b\u0107 mieszka\u0144c\u00f3w\u201d, przybli\u017caj\u0105cej histori\u0119 Domu Kultury i jego miejsca w lokalnej spo\u0142eczno\u015bci.<br \/>\n\ud83c\udfad Otwarciu towarzyszy\u0107 b\u0119dzie tak\u017ce dzia\u0142anie performatywne, kt\u00f3re stanie si\u0119 symbolicznym dialogiem z histori\u0105 i to\u017csamo\u015bci\u0105 Domu Kultury \u2013 miejsca spotka\u0144, rozwijania pasji i wsp\u00f3lnego dzia\u0142ania.<\/p>\n<p>\ud83c\udf99\ufe0f O godz. 18:00 \u2013 spotkanie z tw\u00f3rcami Podcastexu!<br \/>\nWiecz\u00f3r dope\u0142ni spotkanie z wyj\u0105tkowymi go\u015b\u0107mi \u2013 tw\u00f3rcami Podcastexu. Szczeg\u00f3\u0142y ju\u017c wkr\u00f3tce w osobnym wydarzeniu.<\/p>\n<p>&nbsp;<\/p>\n<p>Ale 3 pa\u017adziernika to dopiero pocz\u0105tek! \ud83d\udc9b<br \/>\nW kolejnych dniach i tygodniach zaprosimy Was na spotkania, warsztaty, wydarzenia artystyczne i muzyczne, kt\u00f3re b\u0119d\u0105 cz\u0119\u015bci\u0105 Wielkiego Otwarcia MSK Stary Widzew Dom Kultury WIDOK. W programie:<br \/>\n\ud83c\udfa8 5\u20139.10 | TYDZIE\u0143 OTWARTYCH PRACOWNI<br \/>\n\ud83c\udfa4 16.10 | SPOTKANIE Z HAKOBO<br \/>\n\ud83c\udf99\ufe0f 6.11 | SPOTKANIE Z ALEKSANDREM MAL\u0104GIEM<br \/>\n\ud83c\udfb7 20.11 | KONCERT JAZZOWY WITOLD JANIAK TRIO<br \/>\nSzczeg\u00f3\u0142owe informacje o poszczeg\u00f3lnych wydarzeniach, programie i zapisach b\u0119d\u0105 pojawia\u0107 si\u0119 ju\u017c wkr\u00f3tce. \u015aled\u017acie nasze media spo\u0142eczno\u015bciowe, \u017ceby by\u0107 na bie\u017c\u0105co i nie przegapi\u0107 kolejnych ods\u0142on Wielkiego Otwarcia WIDOKU!<\/p>\n<p>&nbsp;<\/p>\n<p>\u2728 Otwieramy drzwi, pracownie i nowy rozdzia\u0142 MSK Stary Widzew. B\u0105d\u017acie z nami! \u2728<br \/>\n\ud83d\udccd MSK Stary Widzew \u2013 Dom Kultury WIDOK<br \/>\nal. J. Pi\u0142sudskiego 133, \u0141\u00f3d\u017a<br \/>\n\ud83d\udcc5 Start: 3 pa\u017adziernika 2026, godz. 17:00<br \/>\nWYDARZENIA BEZP\u0141ATNE!<\/p>\n<p>Do zobaczenia w WIDOKU! \ud83d\udc9b<\/p>","protected":false},"excerpt":{"rendered":"<p>\u2728 WIELKIE OTWARCIE WIDOKU! \u2728 &nbsp; Po miesi\u0105cach remontu MSK Stary Widzew \u2013 Dom Kultury WIDOK otwiera si\u0119 na nowo! \ud83c\udf89 3 pa\u017adziernika o godz. 17:00 zapraszamy Was do odnowionej przestrzeni przy al. J. Pi\u0142sudskiego 133, gdzie wsp\u00f3lnie rozpoczniemy nowy rozdzia\u0142 WIDOKU \u2013 miejsca z histori\u0105, kt\u00f3re zmienia si\u0119, rozwija i otwiera na nowe pomys\u0142y, [&hellip;]<\/p>\n","protected":false},"author":139,"featured_media":165085,"comment_status":"closed","ping_status":"closed","template":"","tags":[],"mec_category":[405,389,368,394,537,535,397,398,360,361],"class_list":["post-164866","mec-events","type-mec-events","status-publish","has-post-thumbnail","hentry","mec_category-aktualnosci","mec_category-dorosli","mec_category-dzieci","mec_category-mlodziez","mec_category-muzyka","mec_category-rekodzielo-rzemioslo","mec_category-seniorzy","mec_category-styl-zycia","mec_category-sztuka","mec_category-wydarzenia"],"yoast_head":"<!-- This site is optimized with the Yoast SEO plugin v28.3 - https:\/\/yoast.com\/product\/yoast-seo-wordpress\/ -->\n<title>WIELKIE OTWARCIE WIDOKU! - MSK<\/title>\n<meta name=\"robots\" content=\"index, follow, max-snippet:-1, max-image-preview:large, max-video-preview:-1\" \/>\n<link rel=\"canonical\" href=\"https:\/\/msk.lodz.pl\/en\/msk\/wielkie-otwarcie-widoku\/\" \/>\n<meta property=\"og:locale\" content=\"en_GB\" \/>\n<meta property=\"og:type\" content=\"article\" \/>\n<meta property=\"og:title\" content=\"WIELKIE OTWARCIE WIDOKU! - MSK\" \/>\n<meta property=\"og:description\" content=\"\u2728 WIELKIE OTWARCIE WIDOKU! \u2728 &nbsp; Po miesi\u0105cach remontu MSK Stary Widzew \u2013 Dom Kultury WIDOK otwiera si\u0119 na nowo! \ud83c\udf89 3 pa\u017adziernika o godz. 17:00 zapraszamy Was do odnowionej przestrzeni przy al. J. Pi\u0142sudskiego 133, gdzie wsp\u00f3lnie rozpoczniemy nowy rozdzia\u0142 WIDOKU \u2013 miejsca z histori\u0105, kt\u00f3re zmienia si\u0119, rozwija i otwiera na nowe pomys\u0142y, [&hellip;]\" \/>\n<meta property=\"og:url\" content=\"https:\/\/msk.lodz.pl\/en\/msk\/wielkie-otwarcie-widoku\/\" \/>\n<meta property=\"og:site_name\" content=\"MSK\" \/>\n<meta property=\"article:modified_time\" content=\"2026-08-28T11:03:45+00:00\" \/>\n<meta property=\"og:image\" content=\"https:\/\/msk.lodz.pl\/wp-content\/uploads\/2026\/08\/wielkie-otwarcie-msk_stary-widzew-3-scaled.jpg\" \/>\n\t<meta property=\"og:image:width\" content=\"2560\" \/>\n\t<meta property=\"og:image:height\" content=\"1841\" \/>\n\t<meta property=\"og:image:type\" content=\"image\/jpeg\" \/>\n<meta name=\"twitter:card\" content=\"summary_large_image\" \/>\n<meta name=\"twitter:label1\" content=\"Estimated reading time\" \/>\n\t<meta name=\"twitter:data1\" content=\"2 minutes\" \/>\n<script type=\"application\/ld+json\" class=\"yoast-schema-graph\">{\"@context\":\"https:\\\/\\\/schema.org\",\"@graph\":[{\"@type\":\"WebPage\",\"@id\":\"https:\\\/\\\/msk.lodz.pl\\\/msk\\\/wielkie-otwarcie-widoku\\\/\",\"url\":\"https:\\\/\\\/msk.lodz.pl\\\/msk\\\/wielkie-otwarcie-widoku\\\/\",\"name\":\"WIELKIE OTWARCIE WIDOKU! - MSK\",\"isPartOf\":{\"@id\":\"https:\\\/\\\/msk.lodz.pl\\\/#website\"},\"primaryImageOfPage\":{\"@id\":\"https:\\\/\\\/msk.lodz.pl\\\/msk\\\/wielkie-otwarcie-widoku\\\/#primaryimage\"},\"image\":{\"@id\":\"https:\\\/\\\/msk.lodz.pl\\\/msk\\\/wielkie-otwarcie-widoku\\\/#primaryimage\"},\"thumbnailUrl\":\"https:\\\/\\\/msk.lodz.pl\\\/wp-content\\\/uploads\\\/2026\\\/08\\\/wielkie-otwarcie-msk_stary-widzew-3-scaled.jpg\",\"datePublished\":\"2026-08-28T11:00:39+00:00\",\"dateModified\":\"2026-08-28T11:03:45+00:00\",\"breadcrumb\":{\"@id\":\"https:\\\/\\\/msk.lodz.pl\\\/msk\\\/wielkie-otwarcie-widoku\\\/#breadcrumb\"},\"inLanguage\":\"en-GB\",\"potentialAction\":[{\"@type\":\"ReadAction\",\"target\":[\"https:\\\/\\\/msk.lodz.pl\\\/msk\\\/wielkie-otwarcie-widoku\\\/\"]}]},{\"@type\":\"ImageObject\",\"inLanguage\":\"en-GB\",\"@id\":\"https:\\\/\\\/msk.lodz.pl\\\/msk\\\/wielkie-otwarcie-widoku\\\/#primaryimage\",\"url\":\"https:\\\/\\\/msk.lodz.pl\\\/wp-content\\\/uploads\\\/2026\\\/08\\\/wielkie-otwarcie-msk_stary-widzew-3-scaled.jpg\",\"contentUrl\":\"https:\\\/\\\/msk.lodz.pl\\\/wp-content\\\/uploads\\\/2026\\\/08\\\/wielkie-otwarcie-msk_stary-widzew-3-scaled.jpg\",\"width\":2560,\"height\":1841},{\"@type\":\"BreadcrumbList\",\"@id\":\"https:\\\/\\\/msk.lodz.pl\\\/msk\\\/wielkie-otwarcie-widoku\\\/#breadcrumb\",\"itemListElement\":[{\"@type\":\"ListItem\",\"position\":1,\"name\":\"Strona g\u0142\u00f3wna\",\"item\":\"https:\\\/\\\/msk.lodz.pl\\\/\"},{\"@type\":\"ListItem\",\"position\":2,\"name\":\"Wydarzenia\",\"item\":\"https:\\\/\\\/msk.lodz.pl\\\/msk\\\/\"},{\"@type\":\"ListItem\",\"position\":3,\"name\":\"WIELKIE OTWARCIE WIDOKU!\"}]},{\"@type\":\"WebSite\",\"@id\":\"https:\\\/\\\/msk.lodz.pl\\\/#website\",\"url\":\"https:\\\/\\\/msk.lodz.pl\\\/\",\"name\":\"MSK - \u0141\u00f3d\u017a\",\"description\":\"\",\"publisher\":{\"@id\":\"https:\\\/\\\/msk.lodz.pl\\\/#organization\"},\"potentialAction\":[{\"@type\":\"SearchAction\",\"target\":{\"@type\":\"EntryPoint\",\"urlTemplate\":\"https:\\\/\\\/msk.lodz.pl\\\/?s={search_term_string}\"},\"query-input\":{\"@type\":\"PropertyValueSpecification\",\"valueRequired\":true,\"valueName\":\"search_term_string\"}}],\"inLanguage\":\"en-GB\"},{\"@type\":\"Organization\",\"@id\":\"https:\\\/\\\/msk.lodz.pl\\\/#organization\",\"name\":\"MSK - \u0141\u00f3d\u017a\",\"url\":\"https:\\\/\\\/msk.lodz.pl\\\/\",\"logo\":{\"@type\":\"ImageObject\",\"inLanguage\":\"en-GB\",\"@id\":\"https:\\\/\\\/msk.lodz.pl\\\/#\\\/schema\\\/logo\\\/image\\\/\",\"url\":\"https:\\\/\\\/msk.lodz.pl\\\/wp-content\\\/uploads\\\/2023\\\/04\\\/cropped-Fav_icon_MSK.png\",\"contentUrl\":\"https:\\\/\\\/msk.lodz.pl\\\/wp-content\\\/uploads\\\/2023\\\/04\\\/cropped-Fav_icon_MSK.png\",\"width\":512,\"height\":512,\"caption\":\"MSK - \u0141\u00f3d\u017a\"},\"image\":{\"@id\":\"https:\\\/\\\/msk.lodz.pl\\\/#\\\/schema\\\/logo\\\/image\\\/\"}}]}<\/script>\n<!-- \/ Yoast SEO plugin. -->","yoast_head_json":{"title":"WIELKIE OTWARCIE WIDOKU! - MSK","robots":{"index":"index","follow":"follow","max-snippet":"max-snippet:-1","max-image-preview":"max-image-preview:large","max-video-preview":"max-video-preview:-1"},"canonical":"https:\/\/msk.lodz.pl\/en\/msk\/wielkie-otwarcie-widoku\/","og_locale":"en_GB","og_type":"article","og_title":"WIELKIE OTWARCIE WIDOKU! - MSK","og_description":"\u2728 WIELKIE OTWARCIE WIDOKU! \u2728 &nbsp; Po miesi\u0105cach remontu MSK Stary Widzew \u2013 Dom Kultury WIDOK otwiera si\u0119 na nowo! \ud83c\udf89 3 pa\u017adziernika o godz. 17:00 zapraszamy Was do odnowionej przestrzeni przy al. J. Pi\u0142sudskiego 133, gdzie wsp\u00f3lnie rozpoczniemy nowy rozdzia\u0142 WIDOKU \u2013 miejsca z histori\u0105, kt\u00f3re zmienia si\u0119, rozwija i otwiera na nowe pomys\u0142y, [&hellip;]","og_url":"https:\/\/msk.lodz.pl\/en\/msk\/wielkie-otwarcie-widoku\/","og_site_name":"MSK","article_modified_time":"2026-08-28T11:03:45+00:00","og_image":[{"width":2560,"height":1841,"url":"https:\/\/msk.lodz.pl\/wp-content\/uploads\/2026\/08\/wielkie-otwarcie-msk_stary-widzew-3-scaled.jpg","type":"image\/jpeg"}],"twitter_card":"summary_large_image","twitter_misc":{"Estimated reading time":"2 minutes"},"schema":{"@context":"https:\/\/schema.org","@graph":[{"@type":"WebPage","@id":"https:\/\/msk.lodz.pl\/msk\/wielkie-otwarcie-widoku\/","url":"https:\/\/msk.lodz.pl\/msk\/wielkie-otwarcie-widoku\/","name":"WIELKIE OTWARCIE WIDOKU! - MSK","isPartOf":{"@id":"https:\/\/msk.lodz.pl\/#website"},"primaryImageOfPage":{"@id":"https:\/\/msk.lodz.pl\/msk\/wielkie-otwarcie-widoku\/#primaryimage"},"image":{"@id":"https:\/\/msk.lodz.pl\/msk\/wielkie-otwarcie-widoku\/#primaryimage"},"thumbnailUrl":"https:\/\/msk.lodz.pl\/wp-content\/uploads\/2026\/08\/wielkie-otwarcie-msk_stary-widzew-3-scaled.jpg","datePublished":"2026-08-28T11:00:39+00:00","dateModified":"2026-08-28T11:03:45+00:00","breadcrumb":{"@id":"https:\/\/msk.lodz.pl\/msk\/wielkie-otwarcie-widoku\/#breadcrumb"},"inLanguage":"en-GB","potentialAction":[{"@type":"ReadAction","target":["https:\/\/msk.lodz.pl\/msk\/wielkie-otwarcie-widoku\/"]}]},{"@type":"ImageObject","inLanguage":"en-GB","@id":"https:\/\/msk.lodz.pl\/msk\/wielkie-otwarcie-widoku\/#primaryimage","url":"https:\/\/msk.lodz.pl\/wp-content\/uploads\/2026\/08\/wielkie-otwarcie-msk_stary-widzew-3-scaled.jpg","contentUrl":"https:\/\/msk.lodz.pl\/wp-content\/uploads\/2026\/08\/wielkie-otwarcie-msk_stary-widzew-3-scaled.jpg","width":2560,"height":1841},{"@type":"BreadcrumbList","@id":"https:\/\/msk.lodz.pl\/msk\/wielkie-otwarcie-widoku\/#breadcrumb","itemListElement":[{"@type":"ListItem","position":1,"name":"Strona g\u0142\u00f3wna","item":"https:\/\/msk.lodz.pl\/"},{"@type":"ListItem","position":2,"name":"Wydarzenia","item":"https:\/\/msk.lodz.pl\/msk\/"},{"@type":"ListItem","position":3,"name":"WIELKIE OTWARCIE WIDOKU!"}]},{"@type":"WebSite","@id":"https:\/\/msk.lodz.pl\/#website","url":"https:\/\/msk.lodz.pl\/","name":"MSK - \u0141\u00f3d\u017a","description":"","publisher":{"@id":"https:\/\/msk.lodz.pl\/#organization"},"potentialAction":[{"@type":"SearchAction","target":{"@type":"EntryPoint","urlTemplate":"https:\/\/msk.lodz.pl\/?s={search_term_string}"},"query-input":{"@type":"PropertyValueSpecification","valueRequired":true,"valueName":"search_term_string"}}],"inLanguage":"en-GB"},{"@type":"Organization","@id":"https:\/\/msk.lodz.pl\/#organization","name":"MSK - \u0141\u00f3d\u017a","url":"https:\/\/msk.lodz.pl\/","logo":{"@type":"ImageObject","inLanguage":"en-GB","@id":"https:\/\/msk.lodz.pl\/#\/schema\/logo\/image\/","url":"https:\/\/msk.lodz.pl\/wp-content\/uploads\/2023\/04\/cropped-Fav_icon_MSK.png","contentUrl":"https:\/\/msk.lodz.pl\/wp-content\/uploads\/2023\/04\/cropped-Fav_icon_MSK.png","width":512,"height":512,"caption":"MSK - \u0141\u00f3d\u017a"},"image":{"@id":"https:\/\/msk.lodz.pl\/#\/schema\/logo\/image\/"}}]}},"_links":{"self":[{"href":"https:\/\/msk.lodz.pl\/en\/wp-json\/wp\/v2\/mec-events\/164866","targetHints":{"allow":["GET"]}}],"collection":[{"href":"https:\/\/msk.lodz.pl\/en\/wp-json\/wp\/v2\/mec-events"}],"about":[{"href":"https:\/\/msk.lodz.pl\/en\/wp-json\/wp\/v2\/types\/mec-events"}],"author":[{"embeddable":true,"href":"https:\/\/msk.lodz.pl\/en\/wp-json\/wp\/v2\/users\/139"}],"replies":[{"embeddable":true,"href":"https:\/\/msk.lodz.pl\/en\/wp-json\/wp\/v2\/comments?post=164866"}],"wp:featuredmedia":[{"embeddable":true,"href":"https:\/\/msk.lodz.pl\/en\/wp-json\/wp\/v2\/media\/165085"}],"wp:attachment":[{"href":"https:\/\/msk.lodz.pl\/en\/wp-json\/wp\/v2\/media?parent=164866"}],"wp:term":[{"taxonomy":"post_tag","embeddable":true,"href":"https:\/\/msk.lodz.pl\/en\/wp-json\/wp\/v2\/tags?post=164866"},{"taxonomy":"mec_category","embeddable":true,"href":"https:\/\/msk.lodz.pl\/en\/wp-json\/wp\/v2\/mec_category?post=164866"}],"curies":[{"name":"wp","href":"https:\/\/api.w.org\/{rel}","templated":true}]}}