{"id":166175,"date":"2026-09-04T14:20:19","date_gmt":"2026-09-04T12:20:19","guid":{"rendered":"https:\/\/msk.lodz.pl\/?post_type=mec-events&#038;p=166175"},"modified":"2026-09-04T14:29:42","modified_gmt":"2026-09-04T12:29:42","slug":"wielkie-otwarcie-widoku-podcastex-spotkanie-z-tworcami-828-556-752-199","status":"publish","type":"mec-events","link":"https:\/\/msk.lodz.pl\/en\/msk\/wielkie-otwarcie-widoku-podcastex-spotkanie-z-tworcami-828-556-752-199\/","title":{"rendered":"WIELKIE OTWARCIE MSK: Niciarniana"},"content":{"rendered":"<div class=\"xdj266r x14z9mp xat24cr x1lziwak x1vvkbs\">Wracamy po remoncie i serdecznie zapraszamy do od\u015bwie\u017conej Ariadny!<\/div>\n<div><\/div>\n<div class=\"x14z9mp xat24cr x1lziwak x1vvkbs xtlvy1s\">Ju\u017c 13 wrze\u015bnia o godz. 16:00 oficjalnie otworzymy drzwi MSK: Niciarniana \u2013 Domu Kultury Ariadna. Tego dnia przygotowali\u015bmy dla Was wyj\u0105tkowy program pe\u0142en muzyki, ta\u0144ca, wystaw i spotka\u0144.<\/div>\n<div class=\"x14z9mp xat24cr x1lziwak x1vvkbs xtlvy1s\">Po oficjalnym otwarciu b\u0119dzie mo\u017cna zajrze\u0107 do naszych nowych przestrzeni, zobaczy\u0107 otwart\u0105 pr\u00f3b\u0119 Zespo\u0142u Pie\u015bni i Ta\u0144ca Anilana oraz kapeli, odwiedzi\u0107 pracowni\u0119 ceramiki, wzi\u0105\u0107 udzia\u0142 w warsztatach r\u0119kodzie\u0142a oraz zobaczy\u0107 dwie wystawy.<\/div>\n<div class=\"x14z9mp xat24cr x1lziwak x1vvkbs xtlvy1s\">Nie zabraknie r\u00f3wnie\u017c wyj\u0105tkowego wydarzenia na zako\u0144czenie dnia \u2013 o 18:15 zapraszamy na premier\u0119 spektaklu \u201eOberek Repeat\u201d, przygotowanego we wsp\u00f3\u0142pracy z Akademi\u0105 Muzyczn\u0105 w \u0141odzi oraz z tancerzami Anilany.<\/div>\n<div><\/div>\n<div class=\"x14z9mp xat24cr x1lziwak x1vvkbs xtlvy1s\">A to dopiero pocz\u0105tek!<br class=\"html-br\" \/>Od 14 do 18 wrze\u015bnia zapraszamy na tydzie\u0144 bezp\u0142atnych warsztat\u00f3w i zaj\u0119\u0107 dla dzieci, doros\u0142ych i senior\u00f3w. To \u015bwietna okazja, \u017ceby zajrze\u0107 do Ariadny, pozna\u0107 nasz\u0105 ofert\u0119, spr\u00f3bowa\u0107 czego\u015b nowego i by\u0107 mo\u017ce odkry\u0107 swoj\u0105 now\u0105 pasj\u0119.<\/div>\n<p>&nbsp;<\/p>\n<p>&nbsp;<\/p>","protected":false},"excerpt":{"rendered":"<p>Wracamy po remoncie i serdecznie zapraszamy do od\u015bwie\u017conej Ariadny! Ju\u017c 13 wrze\u015bnia o godz. 16:00 oficjalnie otworzymy drzwi MSK: Niciarniana \u2013 Domu Kultury Ariadna. Tego dnia przygotowali\u015bmy dla Was wyj\u0105tkowy program pe\u0142en muzyki, ta\u0144ca, wystaw i spotka\u0144. Po oficjalnym otwarciu b\u0119dzie mo\u017cna zajrze\u0107 do naszych nowych przestrzeni, zobaczy\u0107 otwart\u0105 pr\u00f3b\u0119 Zespo\u0142u Pie\u015bni i Ta\u0144ca Anilana [&hellip;]<\/p>\n","protected":false},"author":49,"featured_media":166182,"comment_status":"closed","ping_status":"closed","template":"","tags":[],"mec_category":[405,369,361],"class_list":["post-166175","mec-events","type-mec-events","status-publish","has-post-thumbnail","hentry","mec_category-aktualnosci","mec_category-taniec","mec_category-wydarzenia"],"yoast_head":"<!-- This site is optimized with the Yoast SEO plugin v28.3 - https:\/\/yoast.com\/product\/yoast-seo-wordpress\/ -->\n<title>WIELKIE OTWARCIE MSK: Niciarniana - MSK<\/title>\n<meta name=\"robots\" content=\"index, follow, max-snippet:-1, max-image-preview:large, max-video-preview:-1\" \/>\n<link rel=\"canonical\" href=\"https:\/\/msk.lodz.pl\/en\/msk\/wielkie-otwarcie-widoku-podcastex-spotkanie-z-tworcami-828-556-752-199\/\" \/>\n<meta property=\"og:locale\" content=\"en_GB\" \/>\n<meta property=\"og:type\" content=\"article\" \/>\n<meta property=\"og:title\" content=\"WIELKIE OTWARCIE MSK: Niciarniana - MSK\" \/>\n<meta property=\"og:description\" content=\"Wracamy po remoncie i serdecznie zapraszamy do od\u015bwie\u017conej Ariadny! Ju\u017c 13 wrze\u015bnia o godz. 16:00 oficjalnie otworzymy drzwi MSK: Niciarniana \u2013 Domu Kultury Ariadna. Tego dnia przygotowali\u015bmy dla Was wyj\u0105tkowy program pe\u0142en muzyki, ta\u0144ca, wystaw i spotka\u0144. Po oficjalnym otwarciu b\u0119dzie mo\u017cna zajrze\u0107 do naszych nowych przestrzeni, zobaczy\u0107 otwart\u0105 pr\u00f3b\u0119 Zespo\u0142u Pie\u015bni i Ta\u0144ca Anilana [&hellip;]\" \/>\n<meta property=\"og:url\" content=\"https:\/\/msk.lodz.pl\/en\/msk\/wielkie-otwarcie-widoku-podcastex-spotkanie-z-tworcami-828-556-752-199\/\" \/>\n<meta property=\"og:site_name\" content=\"MSK\" \/>\n<meta property=\"article:modified_time\" content=\"2026-09-04T12:29:42+00:00\" \/>\n<meta property=\"og:image\" content=\"https:\/\/msk.lodz.pl\/wp-content\/uploads\/2026\/09\/post-otwarcie--scaled.png\" \/>\n\t<meta property=\"og:image:width\" content=\"2560\" \/>\n\t<meta property=\"og:image:height\" content=\"1344\" \/>\n\t<meta property=\"og:image:type\" content=\"image\/png\" \/>\n<meta name=\"twitter:card\" content=\"summary_large_image\" \/>\n<meta name=\"twitter:label1\" content=\"Estimated reading time\" \/>\n\t<meta name=\"twitter:data1\" content=\"1 minute\" \/>\n<script type=\"application\/ld+json\" class=\"yoast-schema-graph\">{\"@context\":\"https:\\\/\\\/schema.org\",\"@graph\":[{\"@type\":\"WebPage\",\"@id\":\"https:\\\/\\\/msk.lodz.pl\\\/msk\\\/wielkie-otwarcie-widoku-podcastex-spotkanie-z-tworcami-828-556-752-199\\\/\",\"url\":\"https:\\\/\\\/msk.lodz.pl\\\/msk\\\/wielkie-otwarcie-widoku-podcastex-spotkanie-z-tworcami-828-556-752-199\\\/\",\"name\":\"WIELKIE OTWARCIE MSK: Niciarniana - MSK\",\"isPartOf\":{\"@id\":\"https:\\\/\\\/msk.lodz.pl\\\/#website\"},\"primaryImageOfPage\":{\"@id\":\"https:\\\/\\\/msk.lodz.pl\\\/msk\\\/wielkie-otwarcie-widoku-podcastex-spotkanie-z-tworcami-828-556-752-199\\\/#primaryimage\"},\"image\":{\"@id\":\"https:\\\/\\\/msk.lodz.pl\\\/msk\\\/wielkie-otwarcie-widoku-podcastex-spotkanie-z-tworcami-828-556-752-199\\\/#primaryimage\"},\"thumbnailUrl\":\"https:\\\/\\\/msk.lodz.pl\\\/wp-content\\\/uploads\\\/2026\\\/09\\\/post-otwarcie--scaled.png\",\"datePublished\":\"2026-09-04T12:20:19+00:00\",\"dateModified\":\"2026-09-04T12:29:42+00:00\",\"breadcrumb\":{\"@id\":\"https:\\\/\\\/msk.lodz.pl\\\/msk\\\/wielkie-otwarcie-widoku-podcastex-spotkanie-z-tworcami-828-556-752-199\\\/#breadcrumb\"},\"inLanguage\":\"en-GB\",\"potentialAction\":[{\"@type\":\"ReadAction\",\"target\":[\"https:\\\/\\\/msk.lodz.pl\\\/msk\\\/wielkie-otwarcie-widoku-podcastex-spotkanie-z-tworcami-828-556-752-199\\\/\"]}]},{\"@type\":\"ImageObject\",\"inLanguage\":\"en-GB\",\"@id\":\"https:\\\/\\\/msk.lodz.pl\\\/msk\\\/wielkie-otwarcie-widoku-podcastex-spotkanie-z-tworcami-828-556-752-199\\\/#primaryimage\",\"url\":\"https:\\\/\\\/msk.lodz.pl\\\/wp-content\\\/uploads\\\/2026\\\/09\\\/post-otwarcie--scaled.png\",\"contentUrl\":\"https:\\\/\\\/msk.lodz.pl\\\/wp-content\\\/uploads\\\/2026\\\/09\\\/post-otwarcie--scaled.png\",\"width\":2560,\"height\":1344},{\"@type\":\"BreadcrumbList\",\"@id\":\"https:\\\/\\\/msk.lodz.pl\\\/msk\\\/wielkie-otwarcie-widoku-podcastex-spotkanie-z-tworcami-828-556-752-199\\\/#breadcrumb\",\"itemListElement\":[{\"@type\":\"ListItem\",\"position\":1,\"name\":\"Strona g\u0142\u00f3wna\",\"item\":\"https:\\\/\\\/msk.lodz.pl\\\/\"},{\"@type\":\"ListItem\",\"position\":2,\"name\":\"Wydarzenia\",\"item\":\"https:\\\/\\\/msk.lodz.pl\\\/msk\\\/\"},{\"@type\":\"ListItem\",\"position\":3,\"name\":\"WIELKIE OTWARCIE MSK: Niciarniana\"}]},{\"@type\":\"WebSite\",\"@id\":\"https:\\\/\\\/msk.lodz.pl\\\/#website\",\"url\":\"https:\\\/\\\/msk.lodz.pl\\\/\",\"name\":\"MSK - \u0141\u00f3d\u017a\",\"description\":\"\",\"publisher\":{\"@id\":\"https:\\\/\\\/msk.lodz.pl\\\/#organization\"},\"potentialAction\":[{\"@type\":\"SearchAction\",\"target\":{\"@type\":\"EntryPoint\",\"urlTemplate\":\"https:\\\/\\\/msk.lodz.pl\\\/?s={search_term_string}\"},\"query-input\":{\"@type\":\"PropertyValueSpecification\",\"valueRequired\":true,\"valueName\":\"search_term_string\"}}],\"inLanguage\":\"en-GB\"},{\"@type\":\"Organization\",\"@id\":\"https:\\\/\\\/msk.lodz.pl\\\/#organization\",\"name\":\"MSK - \u0141\u00f3d\u017a\",\"url\":\"https:\\\/\\\/msk.lodz.pl\\\/\",\"logo\":{\"@type\":\"ImageObject\",\"inLanguage\":\"en-GB\",\"@id\":\"https:\\\/\\\/msk.lodz.pl\\\/#\\\/schema\\\/logo\\\/image\\\/\",\"url\":\"https:\\\/\\\/msk.lodz.pl\\\/wp-content\\\/uploads\\\/2023\\\/04\\\/cropped-Fav_icon_MSK.png\",\"contentUrl\":\"https:\\\/\\\/msk.lodz.pl\\\/wp-content\\\/uploads\\\/2023\\\/04\\\/cropped-Fav_icon_MSK.png\",\"width\":512,\"height\":512,\"caption\":\"MSK - \u0141\u00f3d\u017a\"},\"image\":{\"@id\":\"https:\\\/\\\/msk.lodz.pl\\\/#\\\/schema\\\/logo\\\/image\\\/\"}}]}<\/script>\n<!-- \/ Yoast SEO plugin. -->","yoast_head_json":{"title":"WIELKIE OTWARCIE MSK: Niciarniana - MSK","robots":{"index":"index","follow":"follow","max-snippet":"max-snippet:-1","max-image-preview":"max-image-preview:large","max-video-preview":"max-video-preview:-1"},"canonical":"https:\/\/msk.lodz.pl\/en\/msk\/wielkie-otwarcie-widoku-podcastex-spotkanie-z-tworcami-828-556-752-199\/","og_locale":"en_GB","og_type":"article","og_title":"WIELKIE OTWARCIE MSK: Niciarniana - MSK","og_description":"Wracamy po remoncie i serdecznie zapraszamy do od\u015bwie\u017conej Ariadny! Ju\u017c 13 wrze\u015bnia o godz. 16:00 oficjalnie otworzymy drzwi MSK: Niciarniana \u2013 Domu Kultury Ariadna. Tego dnia przygotowali\u015bmy dla Was wyj\u0105tkowy program pe\u0142en muzyki, ta\u0144ca, wystaw i spotka\u0144. Po oficjalnym otwarciu b\u0119dzie mo\u017cna zajrze\u0107 do naszych nowych przestrzeni, zobaczy\u0107 otwart\u0105 pr\u00f3b\u0119 Zespo\u0142u Pie\u015bni i Ta\u0144ca Anilana [&hellip;]","og_url":"https:\/\/msk.lodz.pl\/en\/msk\/wielkie-otwarcie-widoku-podcastex-spotkanie-z-tworcami-828-556-752-199\/","og_site_name":"MSK","article_modified_time":"2026-09-04T12:29:42+00:00","og_image":[{"width":2560,"height":1344,"url":"https:\/\/msk.lodz.pl\/wp-content\/uploads\/2026\/09\/post-otwarcie--scaled.png","type":"image\/png"}],"twitter_card":"summary_large_image","twitter_misc":{"Estimated reading time":"1 minute"},"schema":{"@context":"https:\/\/schema.org","@graph":[{"@type":"WebPage","@id":"https:\/\/msk.lodz.pl\/msk\/wielkie-otwarcie-widoku-podcastex-spotkanie-z-tworcami-828-556-752-199\/","url":"https:\/\/msk.lodz.pl\/msk\/wielkie-otwarcie-widoku-podcastex-spotkanie-z-tworcami-828-556-752-199\/","name":"WIELKIE OTWARCIE MSK: Niciarniana - MSK","isPartOf":{"@id":"https:\/\/msk.lodz.pl\/#website"},"primaryImageOfPage":{"@id":"https:\/\/msk.lodz.pl\/msk\/wielkie-otwarcie-widoku-podcastex-spotkanie-z-tworcami-828-556-752-199\/#primaryimage"},"image":{"@id":"https:\/\/msk.lodz.pl\/msk\/wielkie-otwarcie-widoku-podcastex-spotkanie-z-tworcami-828-556-752-199\/#primaryimage"},"thumbnailUrl":"https:\/\/msk.lodz.pl\/wp-content\/uploads\/2026\/09\/post-otwarcie--scaled.png","datePublished":"2026-09-04T12:20:19+00:00","dateModified":"2026-09-04T12:29:42+00:00","breadcrumb":{"@id":"https:\/\/msk.lodz.pl\/msk\/wielkie-otwarcie-widoku-podcastex-spotkanie-z-tworcami-828-556-752-199\/#breadcrumb"},"inLanguage":"en-GB","potentialAction":[{"@type":"ReadAction","target":["https:\/\/msk.lodz.pl\/msk\/wielkie-otwarcie-widoku-podcastex-spotkanie-z-tworcami-828-556-752-199\/"]}]},{"@type":"ImageObject","inLanguage":"en-GB","@id":"https:\/\/msk.lodz.pl\/msk\/wielkie-otwarcie-widoku-podcastex-spotkanie-z-tworcami-828-556-752-199\/#primaryimage","url":"https:\/\/msk.lodz.pl\/wp-content\/uploads\/2026\/09\/post-otwarcie--scaled.png","contentUrl":"https:\/\/msk.lodz.pl\/wp-content\/uploads\/2026\/09\/post-otwarcie--scaled.png","width":2560,"height":1344},{"@type":"BreadcrumbList","@id":"https:\/\/msk.lodz.pl\/msk\/wielkie-otwarcie-widoku-podcastex-spotkanie-z-tworcami-828-556-752-199\/#breadcrumb","itemListElement":[{"@type":"ListItem","position":1,"name":"Strona g\u0142\u00f3wna","item":"https:\/\/msk.lodz.pl\/"},{"@type":"ListItem","position":2,"name":"Wydarzenia","item":"https:\/\/msk.lodz.pl\/msk\/"},{"@type":"ListItem","position":3,"name":"WIELKIE OTWARCIE MSK: Niciarniana"}]},{"@type":"WebSite","@id":"https:\/\/msk.lodz.pl\/#website","url":"https:\/\/msk.lodz.pl\/","name":"MSK - \u0141\u00f3d\u017a","description":"","publisher":{"@id":"https:\/\/msk.lodz.pl\/#organization"},"potentialAction":[{"@type":"SearchAction","target":{"@type":"EntryPoint","urlTemplate":"https:\/\/msk.lodz.pl\/?s={search_term_string}"},"query-input":{"@type":"PropertyValueSpecification","valueRequired":true,"valueName":"search_term_string"}}],"inLanguage":"en-GB"},{"@type":"Organization","@id":"https:\/\/msk.lodz.pl\/#organization","name":"MSK - \u0141\u00f3d\u017a","url":"https:\/\/msk.lodz.pl\/","logo":{"@type":"ImageObject","inLanguage":"en-GB","@id":"https:\/\/msk.lodz.pl\/#\/schema\/logo\/image\/","url":"https:\/\/msk.lodz.pl\/wp-content\/uploads\/2023\/04\/cropped-Fav_icon_MSK.png","contentUrl":"https:\/\/msk.lodz.pl\/wp-content\/uploads\/2023\/04\/cropped-Fav_icon_MSK.png","width":512,"height":512,"caption":"MSK - \u0141\u00f3d\u017a"},"image":{"@id":"https:\/\/msk.lodz.pl\/#\/schema\/logo\/image\/"}}]}},"_links":{"self":[{"href":"https:\/\/msk.lodz.pl\/en\/wp-json\/wp\/v2\/mec-events\/166175","targetHints":{"allow":["GET"]}}],"collection":[{"href":"https:\/\/msk.lodz.pl\/en\/wp-json\/wp\/v2\/mec-events"}],"about":[{"href":"https:\/\/msk.lodz.pl\/en\/wp-json\/wp\/v2\/types\/mec-events"}],"author":[{"embeddable":true,"href":"https:\/\/msk.lodz.pl\/en\/wp-json\/wp\/v2\/users\/49"}],"replies":[{"embeddable":true,"href":"https:\/\/msk.lodz.pl\/en\/wp-json\/wp\/v2\/comments?post=166175"}],"wp:featuredmedia":[{"embeddable":true,"href":"https:\/\/msk.lodz.pl\/en\/wp-json\/wp\/v2\/media\/166182"}],"wp:attachment":[{"href":"https:\/\/msk.lodz.pl\/en\/wp-json\/wp\/v2\/media?parent=166175"}],"wp:term":[{"taxonomy":"post_tag","embeddable":true,"href":"https:\/\/msk.lodz.pl\/en\/wp-json\/wp\/v2\/tags?post=166175"},{"taxonomy":"mec_category","embeddable":true,"href":"https:\/\/msk.lodz.pl\/en\/wp-json\/wp\/v2\/mec_category?post=166175"}],"curies":[{"name":"wp","href":"https:\/\/api.w.org\/{rel}","templated":true}]}}