{"id":21317,"date":"2023-10-04T18:45:28","date_gmt":"2023-10-04T16:45:28","guid":{"rendered":"https:\/\/msk.lodz.pl\/?post_type=mec-events&#038;p=21317"},"modified":"2023-10-04T18:46:29","modified_gmt":"2023-10-04T16:46:29","slug":"blokowiska-lodzi-spotkanie-ze-wspolautorami-ksiazki-karolew","status":"publish","type":"mec-events","link":"https:\/\/msk.lodz.pl\/en\/msk\/blokowiska-lodzi-spotkanie-ze-wspolautorami-ksiazki-karolew\/","title":{"rendered":"&#8222;Blokowiska \u0141odzi&#8221; &#8211; spotkanie ze wsp\u00f3\u0142autorami ksi\u0105\u017cki &#8211; Karolew"},"content":{"rendered":"<p>Spotkanie ze wsp\u00f3\u0142autorami ksi\u0105\u017cki &#8222;Blokowiska \u0141odzi&#8221; &#8211; <strong>Piotrem Borowskim i Micha\u0142em Koli\u0144skim.<\/strong><\/p>\n<p>Ka\u017cde osiedle jest inne. Szare bloki to przesz\u0142o\u015b\u0107.<\/p>\n<p>Teraz wi\u0119kszo\u015b\u0107 z nich ma kolorowe elewacje, a bujna ziele\u0144 zast\u0105pi\u0142a wszechobecne b\u0142oto i ka\u0142u\u017ce. Blokowiska to nie tylko &#8222;sypialnie miast&#8221;.<\/p>\n<p>To kawa\u0142 \u017cycia wi\u0119kszo\u015bci mieszka\u0144c\u00f3w.<\/p>\n<p>Dw\u00f3ch wielki fan\u00f3w \u0141odzi i blokowisk opowie Wam najlepsze historie, przypomni cudowne lata beztroskiego dzieci\u0144stwa i moment, gdy klucze do upragnionego M w ko\u0144cu trafi\u0142y w Wasze r\u0119ce!<\/p>\n<p>W tomie 1 ksi\u0105\u017cki s\u0105 prezentowane m.in. osiedla: Karolew i Retkinia<\/p>\n<p>Wst\u0119p bezp\u0142atny, obowi\u0105zuj\u0105 zapisy: (42) 687 02 07 \/ 501 939 033<\/p>","protected":false},"excerpt":{"rendered":"<p>Spotkanie ze wsp\u00f3\u0142autorami ksi\u0105\u017cki &#8222;Blokowiska \u0141odzi&#8221; &#8211; Piotrem Borowskim i Micha\u0142em Koli\u0144skim. Ka\u017cde osiedle jest inne. Szare bloki to przesz\u0142o\u015b\u0107. Teraz wi\u0119kszo\u015b\u0107 z nich ma kolorowe elewacje, a bujna ziele\u0144 zast\u0105pi\u0142a wszechobecne b\u0142oto i ka\u0142u\u017ce. Blokowiska to nie tylko &#8222;sypialnie miast&#8221;. To kawa\u0142 \u017cycia wi\u0119kszo\u015bci mieszka\u0144c\u00f3w. Dw\u00f3ch wielki fan\u00f3w \u0141odzi i blokowisk opowie Wam najlepsze [&hellip;]<\/p>","protected":false},"author":12,"featured_media":21320,"comment_status":"closed","ping_status":"closed","template":"","tags":[],"mec_category":[389,392,397,361],"class_list":["post-21317","mec-events","type-mec-events","status-publish","has-post-thumbnail","hentry","mec_category-dorosli","mec_category-literatura","mec_category-seniorzy","mec_category-wydarzenia"],"yoast_head":"<!-- This site is optimized with the Yoast SEO plugin v26.5 - https:\/\/yoast.com\/wordpress\/plugins\/seo\/ -->\n<title>&quot;Blokowiska \u0141odzi&quot; - spotkanie ze wsp\u00f3\u0142autorami ksi\u0105\u017cki - Karolew - MSK<\/title>\n<meta name=\"robots\" content=\"index, follow, max-snippet:-1, max-image-preview:large, max-video-preview:-1\" \/>\n<link rel=\"canonical\" href=\"https:\/\/msk.lodz.pl\/en\/msk\/blokowiska-lodzi-spotkanie-ze-wspolautorami-ksiazki-karolew\/\" \/>\n<meta property=\"og:locale\" content=\"en_GB\" \/>\n<meta property=\"og:type\" content=\"article\" \/>\n<meta property=\"og:title\" content=\"&quot;Blokowiska \u0141odzi&quot; - spotkanie ze wsp\u00f3\u0142autorami ksi\u0105\u017cki - Karolew - MSK\" \/>\n<meta property=\"og:description\" content=\"Spotkanie ze wsp\u00f3\u0142autorami ksi\u0105\u017cki &#8222;Blokowiska \u0141odzi&#8221; &#8211; Piotrem Borowskim i Micha\u0142em Koli\u0144skim. Ka\u017cde osiedle jest inne. Szare bloki to przesz\u0142o\u015b\u0107. Teraz wi\u0119kszo\u015b\u0107 z nich ma kolorowe elewacje, a bujna ziele\u0144 zast\u0105pi\u0142a wszechobecne b\u0142oto i ka\u0142u\u017ce. Blokowiska to nie tylko &#8222;sypialnie miast&#8221;. To kawa\u0142 \u017cycia wi\u0119kszo\u015bci mieszka\u0144c\u00f3w. Dw\u00f3ch wielki fan\u00f3w \u0141odzi i blokowisk opowie Wam najlepsze [&hellip;]\" \/>\n<meta property=\"og:url\" content=\"https:\/\/msk.lodz.pl\/en\/msk\/blokowiska-lodzi-spotkanie-ze-wspolautorami-ksiazki-karolew\/\" \/>\n<meta property=\"og:site_name\" content=\"MSK\" \/>\n<meta property=\"article:modified_time\" content=\"2023-10-04T16:46:29+00:00\" \/>\n<meta property=\"og:image\" content=\"https:\/\/msk.lodz.pl\/wp-content\/uploads\/2023\/10\/2.jpg\" \/>\n\t<meta property=\"og:image:width\" content=\"1424\" \/>\n\t<meta property=\"og:image:height\" content=\"1024\" \/>\n\t<meta property=\"og:image:type\" content=\"image\/jpeg\" \/>\n<meta name=\"twitter:card\" content=\"summary_large_image\" \/>\n<meta name=\"twitter:label1\" content=\"Estimated reading time\" \/>\n\t<meta name=\"twitter:data1\" content=\"1 minute\" \/>\n<script type=\"application\/ld+json\" class=\"yoast-schema-graph\">{\"@context\":\"https:\/\/schema.org\",\"@graph\":[{\"@type\":\"WebPage\",\"@id\":\"https:\/\/msk.lodz.pl\/msk\/blokowiska-lodzi-spotkanie-ze-wspolautorami-ksiazki-karolew\/\",\"url\":\"https:\/\/msk.lodz.pl\/msk\/blokowiska-lodzi-spotkanie-ze-wspolautorami-ksiazki-karolew\/\",\"name\":\"\\\"Blokowiska \u0141odzi\\\" - spotkanie ze wsp\u00f3\u0142autorami ksi\u0105\u017cki - Karolew - MSK\",\"isPartOf\":{\"@id\":\"https:\/\/msk.lodz.pl\/#website\"},\"primaryImageOfPage\":{\"@id\":\"https:\/\/msk.lodz.pl\/msk\/blokowiska-lodzi-spotkanie-ze-wspolautorami-ksiazki-karolew\/#primaryimage\"},\"image\":{\"@id\":\"https:\/\/msk.lodz.pl\/msk\/blokowiska-lodzi-spotkanie-ze-wspolautorami-ksiazki-karolew\/#primaryimage\"},\"thumbnailUrl\":\"https:\/\/msk.lodz.pl\/wp-content\/uploads\/2023\/10\/2.jpg\",\"datePublished\":\"2023-10-04T16:45:28+00:00\",\"dateModified\":\"2023-10-04T16:46:29+00:00\",\"breadcrumb\":{\"@id\":\"https:\/\/msk.lodz.pl\/msk\/blokowiska-lodzi-spotkanie-ze-wspolautorami-ksiazki-karolew\/#breadcrumb\"},\"inLanguage\":\"en-GB\",\"potentialAction\":[{\"@type\":\"ReadAction\",\"target\":[\"https:\/\/msk.lodz.pl\/msk\/blokowiska-lodzi-spotkanie-ze-wspolautorami-ksiazki-karolew\/\"]}]},{\"@type\":\"ImageObject\",\"inLanguage\":\"en-GB\",\"@id\":\"https:\/\/msk.lodz.pl\/msk\/blokowiska-lodzi-spotkanie-ze-wspolautorami-ksiazki-karolew\/#primaryimage\",\"url\":\"https:\/\/msk.lodz.pl\/wp-content\/uploads\/2023\/10\/2.jpg\",\"contentUrl\":\"https:\/\/msk.lodz.pl\/wp-content\/uploads\/2023\/10\/2.jpg\",\"width\":1424,\"height\":1024},{\"@type\":\"BreadcrumbList\",\"@id\":\"https:\/\/msk.lodz.pl\/msk\/blokowiska-lodzi-spotkanie-ze-wspolautorami-ksiazki-karolew\/#breadcrumb\",\"itemListElement\":[{\"@type\":\"ListItem\",\"position\":1,\"name\":\"Strona g\u0142\u00f3wna\",\"item\":\"http:\/\/msk.lodz.pl\/en\/\"},{\"@type\":\"ListItem\",\"position\":2,\"name\":\"Wydarzenia\",\"item\":\"https:\/\/msk.lodz.pl\/msk\/\"},{\"@type\":\"ListItem\",\"position\":3,\"name\":\"&#8222;Blokowiska \u0141odzi&#8221; &#8211; spotkanie ze wsp\u00f3\u0142autorami ksi\u0105\u017cki &#8211; Karolew\"}]},{\"@type\":\"WebSite\",\"@id\":\"https:\/\/msk.lodz.pl\/#website\",\"url\":\"https:\/\/msk.lodz.pl\/\",\"name\":\"MSK - \u0141\u00f3d\u017a\",\"description\":\"\",\"publisher\":{\"@id\":\"https:\/\/msk.lodz.pl\/#organization\"},\"potentialAction\":[{\"@type\":\"SearchAction\",\"target\":{\"@type\":\"EntryPoint\",\"urlTemplate\":\"https:\/\/msk.lodz.pl\/?s={search_term_string}\"},\"query-input\":{\"@type\":\"PropertyValueSpecification\",\"valueRequired\":true,\"valueName\":\"search_term_string\"}}],\"inLanguage\":\"en-GB\"},{\"@type\":\"Organization\",\"@id\":\"https:\/\/msk.lodz.pl\/#organization\",\"name\":\"MSK - \u0141\u00f3d\u017a\",\"url\":\"https:\/\/msk.lodz.pl\/\",\"logo\":{\"@type\":\"ImageObject\",\"inLanguage\":\"en-GB\",\"@id\":\"https:\/\/msk.lodz.pl\/#\/schema\/logo\/image\/\",\"url\":\"https:\/\/msk.lodz.pl\/wp-content\/uploads\/2023\/04\/cropped-Fav_icon_MSK.png\",\"contentUrl\":\"https:\/\/msk.lodz.pl\/wp-content\/uploads\/2023\/04\/cropped-Fav_icon_MSK.png\",\"width\":512,\"height\":512,\"caption\":\"MSK - \u0141\u00f3d\u017a\"},\"image\":{\"@id\":\"https:\/\/msk.lodz.pl\/#\/schema\/logo\/image\/\"}}]}<\/script>\n<!-- \/ Yoast SEO plugin. -->","yoast_head_json":{"title":"\"Blokowiska \u0141odzi\" - spotkanie ze wsp\u00f3\u0142autorami ksi\u0105\u017cki - Karolew - MSK","robots":{"index":"index","follow":"follow","max-snippet":"max-snippet:-1","max-image-preview":"max-image-preview:large","max-video-preview":"max-video-preview:-1"},"canonical":"https:\/\/msk.lodz.pl\/en\/msk\/blokowiska-lodzi-spotkanie-ze-wspolautorami-ksiazki-karolew\/","og_locale":"en_GB","og_type":"article","og_title":"\"Blokowiska \u0141odzi\" - spotkanie ze wsp\u00f3\u0142autorami ksi\u0105\u017cki - Karolew - MSK","og_description":"Spotkanie ze wsp\u00f3\u0142autorami ksi\u0105\u017cki &#8222;Blokowiska \u0141odzi&#8221; &#8211; Piotrem Borowskim i Micha\u0142em Koli\u0144skim. Ka\u017cde osiedle jest inne. Szare bloki to przesz\u0142o\u015b\u0107. Teraz wi\u0119kszo\u015b\u0107 z nich ma kolorowe elewacje, a bujna ziele\u0144 zast\u0105pi\u0142a wszechobecne b\u0142oto i ka\u0142u\u017ce. Blokowiska to nie tylko &#8222;sypialnie miast&#8221;. To kawa\u0142 \u017cycia wi\u0119kszo\u015bci mieszka\u0144c\u00f3w. Dw\u00f3ch wielki fan\u00f3w \u0141odzi i blokowisk opowie Wam najlepsze [&hellip;]","og_url":"https:\/\/msk.lodz.pl\/en\/msk\/blokowiska-lodzi-spotkanie-ze-wspolautorami-ksiazki-karolew\/","og_site_name":"MSK","article_modified_time":"2023-10-04T16:46:29+00:00","og_image":[{"width":1424,"height":1024,"url":"https:\/\/msk.lodz.pl\/wp-content\/uploads\/2023\/10\/2.jpg","type":"image\/jpeg"}],"twitter_card":"summary_large_image","twitter_misc":{"Estimated reading time":"1 minute"},"schema":{"@context":"https:\/\/schema.org","@graph":[{"@type":"WebPage","@id":"https:\/\/msk.lodz.pl\/msk\/blokowiska-lodzi-spotkanie-ze-wspolautorami-ksiazki-karolew\/","url":"https:\/\/msk.lodz.pl\/msk\/blokowiska-lodzi-spotkanie-ze-wspolautorami-ksiazki-karolew\/","name":"\"Blokowiska \u0141odzi\" - spotkanie ze wsp\u00f3\u0142autorami ksi\u0105\u017cki - Karolew - MSK","isPartOf":{"@id":"https:\/\/msk.lodz.pl\/#website"},"primaryImageOfPage":{"@id":"https:\/\/msk.lodz.pl\/msk\/blokowiska-lodzi-spotkanie-ze-wspolautorami-ksiazki-karolew\/#primaryimage"},"image":{"@id":"https:\/\/msk.lodz.pl\/msk\/blokowiska-lodzi-spotkanie-ze-wspolautorami-ksiazki-karolew\/#primaryimage"},"thumbnailUrl":"https:\/\/msk.lodz.pl\/wp-content\/uploads\/2023\/10\/2.jpg","datePublished":"2023-10-04T16:45:28+00:00","dateModified":"2023-10-04T16:46:29+00:00","breadcrumb":{"@id":"https:\/\/msk.lodz.pl\/msk\/blokowiska-lodzi-spotkanie-ze-wspolautorami-ksiazki-karolew\/#breadcrumb"},"inLanguage":"en-GB","potentialAction":[{"@type":"ReadAction","target":["https:\/\/msk.lodz.pl\/msk\/blokowiska-lodzi-spotkanie-ze-wspolautorami-ksiazki-karolew\/"]}]},{"@type":"ImageObject","inLanguage":"en-GB","@id":"https:\/\/msk.lodz.pl\/msk\/blokowiska-lodzi-spotkanie-ze-wspolautorami-ksiazki-karolew\/#primaryimage","url":"https:\/\/msk.lodz.pl\/wp-content\/uploads\/2023\/10\/2.jpg","contentUrl":"https:\/\/msk.lodz.pl\/wp-content\/uploads\/2023\/10\/2.jpg","width":1424,"height":1024},{"@type":"BreadcrumbList","@id":"https:\/\/msk.lodz.pl\/msk\/blokowiska-lodzi-spotkanie-ze-wspolautorami-ksiazki-karolew\/#breadcrumb","itemListElement":[{"@type":"ListItem","position":1,"name":"Strona g\u0142\u00f3wna","item":"http:\/\/msk.lodz.pl\/en\/"},{"@type":"ListItem","position":2,"name":"Wydarzenia","item":"https:\/\/msk.lodz.pl\/msk\/"},{"@type":"ListItem","position":3,"name":"&#8222;Blokowiska \u0141odzi&#8221; &#8211; spotkanie ze wsp\u00f3\u0142autorami ksi\u0105\u017cki &#8211; Karolew"}]},{"@type":"WebSite","@id":"https:\/\/msk.lodz.pl\/#website","url":"https:\/\/msk.lodz.pl\/","name":"MSK - \u0141\u00f3d\u017a","description":"","publisher":{"@id":"https:\/\/msk.lodz.pl\/#organization"},"potentialAction":[{"@type":"SearchAction","target":{"@type":"EntryPoint","urlTemplate":"https:\/\/msk.lodz.pl\/?s={search_term_string}"},"query-input":{"@type":"PropertyValueSpecification","valueRequired":true,"valueName":"search_term_string"}}],"inLanguage":"en-GB"},{"@type":"Organization","@id":"https:\/\/msk.lodz.pl\/#organization","name":"MSK - \u0141\u00f3d\u017a","url":"https:\/\/msk.lodz.pl\/","logo":{"@type":"ImageObject","inLanguage":"en-GB","@id":"https:\/\/msk.lodz.pl\/#\/schema\/logo\/image\/","url":"https:\/\/msk.lodz.pl\/wp-content\/uploads\/2023\/04\/cropped-Fav_icon_MSK.png","contentUrl":"https:\/\/msk.lodz.pl\/wp-content\/uploads\/2023\/04\/cropped-Fav_icon_MSK.png","width":512,"height":512,"caption":"MSK - \u0141\u00f3d\u017a"},"image":{"@id":"https:\/\/msk.lodz.pl\/#\/schema\/logo\/image\/"}}]}},"_links":{"self":[{"href":"https:\/\/msk.lodz.pl\/en\/wp-json\/wp\/v2\/mec-events\/21317","targetHints":{"allow":["GET"]}}],"collection":[{"href":"https:\/\/msk.lodz.pl\/en\/wp-json\/wp\/v2\/mec-events"}],"about":[{"href":"https:\/\/msk.lodz.pl\/en\/wp-json\/wp\/v2\/types\/mec-events"}],"author":[{"embeddable":true,"href":"https:\/\/msk.lodz.pl\/en\/wp-json\/wp\/v2\/users\/12"}],"replies":[{"embeddable":true,"href":"https:\/\/msk.lodz.pl\/en\/wp-json\/wp\/v2\/comments?post=21317"}],"wp:featuredmedia":[{"embeddable":true,"href":"https:\/\/msk.lodz.pl\/en\/wp-json\/wp\/v2\/media\/21320"}],"wp:attachment":[{"href":"https:\/\/msk.lodz.pl\/en\/wp-json\/wp\/v2\/media?parent=21317"}],"wp:term":[{"taxonomy":"post_tag","embeddable":true,"href":"https:\/\/msk.lodz.pl\/en\/wp-json\/wp\/v2\/tags?post=21317"},{"taxonomy":"mec_category","embeddable":true,"href":"https:\/\/msk.lodz.pl\/en\/wp-json\/wp\/v2\/mec_category?post=21317"}],"curies":[{"name":"wp","href":"https:\/\/api.w.org\/{rel}","templated":true}]}}