{"id":22686,"date":"2023-10-13T19:08:31","date_gmt":"2023-10-13T17:08:31","guid":{"rendered":"https:\/\/msk.lodz.pl\/?post_type=mec-events&#038;p=22686"},"modified":"2023-11-10T14:41:15","modified_gmt":"2023-11-10T13:41:15","slug":"nieobojetne-czytanie-czytanie-performatywne","status":"publish","type":"mec-events","link":"https:\/\/msk.lodz.pl\/en\/msk\/nieobojetne-czytanie-czytanie-performatywne\/","title":{"rendered":"Nieoboj\u0119tne czytanie: sztuka \u201eDlaczego dopiero teraz?&#8221; autorstwa Jerzego Milewskiego"},"content":{"rendered":"<p>Ju\u017c 19 listopada pierwsze w tym sezonie czytanie performatywne z cyklu Nieoboj\u0119tne czytanie.<\/p>\n<p>Aktorzy &#8211; Ma\u0142gorzata Flegel, Jan Wojciech Poradowski i Dorian Zypper odczytaj\u0105\u00a0 sztuk\u0119 \u201eDlaczego dopiero teraz?&#8221; autorstwa Jerzego Milewskiego.<\/p>\n<p>Bohaterowie, ojciec i jego doros\u0142y syn, spotykaj\u0105 si\u0119 po latach roz\u0142\u0105ki w momencie, gdy ojciec traci \u015blady dawnego \u017cycia. Opuszczony przez drug\u0105 \u017con\u0119, wyrzucony z teatru, topi \u017cale w alkoholu. Wszystko zmienia si\u0119, gdy syn ponownie pojawia si\u0119 w jego \u017cyciu.<\/p>\n<p>W spektaklu mieszaj\u0105 si\u0119 prawda i teatr, a bohaterowie odgrywaj\u0105 sceny ze swojej przesz\u0142o\u015bci, odkrywaj\u0105c d\u0142ugo ukrywane sekrety.<\/p>\n<p><strong>Deadline:<\/strong>\u00a019 listopada 2023, godzina 17, wst\u0119p wolny<\/p>\n<p><strong>Miejsce:<\/strong>\u00a0O\u015brodek Sztuki MSK Polesie, O\u015brodek Sztuki, ul. Krzemienicka 2a<\/p>\n<p><strong>Do zobaczenia na spektaklu\u00a0 \u201eDlaczego dopiero teraz?&#8221;!\u00a0 \u00a0 \u00a0 \u00a0 \u00a0 \u00a0 \u00a0 \u00a0 \u00a0 \u00a0 \u00a0 \u00a0 \u00a0 \u00a0 \u00a0 \u00a0\u00a0<\/strong><\/p>\n<p>Pomys\u0142odawczyni\u0105 cyklu \u201eNieoboj\u0119tne czytanie&#8221; jest Ma\u0142gorzata Flegel \u2013 aktorka scen \u0142\u00f3dzkich, wyk\u0142adowczyni Wydzia\u0142u Aktorskiego w Szkole Filmowej w \u0141odzi.<\/p>\n<div id=\"v1signature\">&#8212;<\/div>","protected":false},"excerpt":{"rendered":"<p>Ju\u017c 19 listopada pierwsze w tym sezonie czytanie performatywne z cyklu Nieoboj\u0119tne czytanie. Aktorzy &#8211; Ma\u0142gorzata Flegel, Jan Wojciech Poradowski i Dorian Zypper odczytaj\u0105\u00a0 sztuk\u0119 \u201eDlaczego dopiero teraz?&#8221; autorstwa Jerzego Milewskiego. Bohaterowie, ojciec i jego doros\u0142y syn, spotykaj\u0105 si\u0119 po latach roz\u0142\u0105ki w momencie, gdy ojciec traci \u015blady dawnego \u017cycia. Opuszczony przez drug\u0105 \u017con\u0119, wyrzucony [&hellip;]<\/p>","protected":false},"author":10,"featured_media":26381,"comment_status":"closed","ping_status":"closed","template":"","tags":[],"mec_category":[389,392,394,397,433,361],"class_list":["post-22686","mec-events","type-mec-events","status-publish","has-post-thumbnail","hentry","mec_category-dorosli","mec_category-literatura","mec_category-mlodziez","mec_category-seniorzy","mec_category-teatr","mec_category-wydarzenia"],"yoast_head":"<!-- This site is optimized with the Yoast SEO plugin v26.5 - https:\/\/yoast.com\/wordpress\/plugins\/seo\/ -->\n<title>Nieoboj\u0119tne czytanie: sztuka \u201eDlaczego dopiero teraz?&quot; autorstwa Jerzego Milewskiego - MSK<\/title>\n<meta name=\"robots\" content=\"index, follow, max-snippet:-1, max-image-preview:large, max-video-preview:-1\" \/>\n<link rel=\"canonical\" href=\"https:\/\/msk.lodz.pl\/en\/msk\/nieobojetne-czytanie-czytanie-performatywne\/\" \/>\n<meta property=\"og:locale\" content=\"en_GB\" \/>\n<meta property=\"og:type\" content=\"article\" \/>\n<meta property=\"og:title\" content=\"Nieoboj\u0119tne czytanie: sztuka \u201eDlaczego dopiero teraz?&quot; autorstwa Jerzego Milewskiego - MSK\" \/>\n<meta property=\"og:description\" content=\"Ju\u017c 19 listopada pierwsze w tym sezonie czytanie performatywne z cyklu Nieoboj\u0119tne czytanie. Aktorzy &#8211; Ma\u0142gorzata Flegel, Jan Wojciech Poradowski i Dorian Zypper odczytaj\u0105\u00a0 sztuk\u0119 \u201eDlaczego dopiero teraz?&#8221; autorstwa Jerzego Milewskiego. Bohaterowie, ojciec i jego doros\u0142y syn, spotykaj\u0105 si\u0119 po latach roz\u0142\u0105ki w momencie, gdy ojciec traci \u015blady dawnego \u017cycia. Opuszczony przez drug\u0105 \u017con\u0119, wyrzucony [&hellip;]\" \/>\n<meta property=\"og:url\" content=\"https:\/\/msk.lodz.pl\/en\/msk\/nieobojetne-czytanie-czytanie-performatywne\/\" \/>\n<meta property=\"og:site_name\" content=\"MSK\" \/>\n<meta property=\"article:modified_time\" content=\"2023-11-10T13:41:15+00:00\" \/>\n<meta property=\"og:image\" content=\"https:\/\/msk.lodz.pl\/wp-content\/uploads\/2023\/10\/grafo-na-czytu-1024x536.jpg\" \/>\n\t<meta property=\"og:image:width\" content=\"1024\" \/>\n\t<meta property=\"og:image:height\" content=\"536\" \/>\n\t<meta property=\"og:image:type\" content=\"image\/jpeg\" \/>\n<meta name=\"twitter:card\" content=\"summary_large_image\" \/>\n<meta name=\"twitter:label1\" content=\"Estimated reading time\" \/>\n\t<meta name=\"twitter:data1\" content=\"1 minute\" \/>\n<script type=\"application\/ld+json\" class=\"yoast-schema-graph\">{\"@context\":\"https:\/\/schema.org\",\"@graph\":[{\"@type\":\"WebPage\",\"@id\":\"https:\/\/msk.lodz.pl\/msk\/nieobojetne-czytanie-czytanie-performatywne\/\",\"url\":\"https:\/\/msk.lodz.pl\/msk\/nieobojetne-czytanie-czytanie-performatywne\/\",\"name\":\"Nieoboj\u0119tne czytanie: sztuka \u201eDlaczego dopiero teraz?\\\" autorstwa Jerzego Milewskiego - MSK\",\"isPartOf\":{\"@id\":\"https:\/\/msk.lodz.pl\/#website\"},\"primaryImageOfPage\":{\"@id\":\"https:\/\/msk.lodz.pl\/msk\/nieobojetne-czytanie-czytanie-performatywne\/#primaryimage\"},\"image\":{\"@id\":\"https:\/\/msk.lodz.pl\/msk\/nieobojetne-czytanie-czytanie-performatywne\/#primaryimage\"},\"thumbnailUrl\":\"https:\/\/msk.lodz.pl\/wp-content\/uploads\/2023\/10\/grafo-na-czytu.jpg\",\"datePublished\":\"2023-10-13T17:08:31+00:00\",\"dateModified\":\"2023-11-10T13:41:15+00:00\",\"breadcrumb\":{\"@id\":\"https:\/\/msk.lodz.pl\/msk\/nieobojetne-czytanie-czytanie-performatywne\/#breadcrumb\"},\"inLanguage\":\"en-GB\",\"potentialAction\":[{\"@type\":\"ReadAction\",\"target\":[\"https:\/\/msk.lodz.pl\/msk\/nieobojetne-czytanie-czytanie-performatywne\/\"]}]},{\"@type\":\"ImageObject\",\"inLanguage\":\"en-GB\",\"@id\":\"https:\/\/msk.lodz.pl\/msk\/nieobojetne-czytanie-czytanie-performatywne\/#primaryimage\",\"url\":\"https:\/\/msk.lodz.pl\/wp-content\/uploads\/2023\/10\/grafo-na-czytu.jpg\",\"contentUrl\":\"https:\/\/msk.lodz.pl\/wp-content\/uploads\/2023\/10\/grafo-na-czytu.jpg\",\"width\":2048,\"height\":1072},{\"@type\":\"BreadcrumbList\",\"@id\":\"https:\/\/msk.lodz.pl\/msk\/nieobojetne-czytanie-czytanie-performatywne\/#breadcrumb\",\"itemListElement\":[{\"@type\":\"ListItem\",\"position\":1,\"name\":\"Strona g\u0142\u00f3wna\",\"item\":\"http:\/\/msk.lodz.pl\/en\/\"},{\"@type\":\"ListItem\",\"position\":2,\"name\":\"Wydarzenia\",\"item\":\"https:\/\/msk.lodz.pl\/msk\/\"},{\"@type\":\"ListItem\",\"position\":3,\"name\":\"Nieoboj\u0119tne czytanie: sztuka \u201eDlaczego dopiero teraz?&#8221; autorstwa Jerzego Milewskiego\"}]},{\"@type\":\"WebSite\",\"@id\":\"https:\/\/msk.lodz.pl\/#website\",\"url\":\"https:\/\/msk.lodz.pl\/\",\"name\":\"MSK - \u0141\u00f3d\u017a\",\"description\":\"\",\"publisher\":{\"@id\":\"https:\/\/msk.lodz.pl\/#organization\"},\"potentialAction\":[{\"@type\":\"SearchAction\",\"target\":{\"@type\":\"EntryPoint\",\"urlTemplate\":\"https:\/\/msk.lodz.pl\/?s={search_term_string}\"},\"query-input\":{\"@type\":\"PropertyValueSpecification\",\"valueRequired\":true,\"valueName\":\"search_term_string\"}}],\"inLanguage\":\"en-GB\"},{\"@type\":\"Organization\",\"@id\":\"https:\/\/msk.lodz.pl\/#organization\",\"name\":\"MSK - \u0141\u00f3d\u017a\",\"url\":\"https:\/\/msk.lodz.pl\/\",\"logo\":{\"@type\":\"ImageObject\",\"inLanguage\":\"en-GB\",\"@id\":\"https:\/\/msk.lodz.pl\/#\/schema\/logo\/image\/\",\"url\":\"https:\/\/msk.lodz.pl\/wp-content\/uploads\/2023\/04\/cropped-Fav_icon_MSK.png\",\"contentUrl\":\"https:\/\/msk.lodz.pl\/wp-content\/uploads\/2023\/04\/cropped-Fav_icon_MSK.png\",\"width\":512,\"height\":512,\"caption\":\"MSK - \u0141\u00f3d\u017a\"},\"image\":{\"@id\":\"https:\/\/msk.lodz.pl\/#\/schema\/logo\/image\/\"}}]}<\/script>\n<!-- \/ Yoast SEO plugin. -->","yoast_head_json":{"title":"Nieoboj\u0119tne czytanie: sztuka \u201eDlaczego dopiero teraz?\" autorstwa Jerzego Milewskiego - MSK","robots":{"index":"index","follow":"follow","max-snippet":"max-snippet:-1","max-image-preview":"max-image-preview:large","max-video-preview":"max-video-preview:-1"},"canonical":"https:\/\/msk.lodz.pl\/en\/msk\/nieobojetne-czytanie-czytanie-performatywne\/","og_locale":"en_GB","og_type":"article","og_title":"Nieoboj\u0119tne czytanie: sztuka \u201eDlaczego dopiero teraz?\" autorstwa Jerzego Milewskiego - MSK","og_description":"Ju\u017c 19 listopada pierwsze w tym sezonie czytanie performatywne z cyklu Nieoboj\u0119tne czytanie. Aktorzy &#8211; Ma\u0142gorzata Flegel, Jan Wojciech Poradowski i Dorian Zypper odczytaj\u0105\u00a0 sztuk\u0119 \u201eDlaczego dopiero teraz?&#8221; autorstwa Jerzego Milewskiego. Bohaterowie, ojciec i jego doros\u0142y syn, spotykaj\u0105 si\u0119 po latach roz\u0142\u0105ki w momencie, gdy ojciec traci \u015blady dawnego \u017cycia. Opuszczony przez drug\u0105 \u017con\u0119, wyrzucony [&hellip;]","og_url":"https:\/\/msk.lodz.pl\/en\/msk\/nieobojetne-czytanie-czytanie-performatywne\/","og_site_name":"MSK","article_modified_time":"2023-11-10T13:41:15+00:00","og_image":[{"width":1024,"height":536,"url":"https:\/\/msk.lodz.pl\/wp-content\/uploads\/2023\/10\/grafo-na-czytu-1024x536.jpg","type":"image\/jpeg"}],"twitter_card":"summary_large_image","twitter_misc":{"Estimated reading time":"1 minute"},"schema":{"@context":"https:\/\/schema.org","@graph":[{"@type":"WebPage","@id":"https:\/\/msk.lodz.pl\/msk\/nieobojetne-czytanie-czytanie-performatywne\/","url":"https:\/\/msk.lodz.pl\/msk\/nieobojetne-czytanie-czytanie-performatywne\/","name":"Nieoboj\u0119tne czytanie: sztuka \u201eDlaczego dopiero teraz?\" autorstwa Jerzego Milewskiego - MSK","isPartOf":{"@id":"https:\/\/msk.lodz.pl\/#website"},"primaryImageOfPage":{"@id":"https:\/\/msk.lodz.pl\/msk\/nieobojetne-czytanie-czytanie-performatywne\/#primaryimage"},"image":{"@id":"https:\/\/msk.lodz.pl\/msk\/nieobojetne-czytanie-czytanie-performatywne\/#primaryimage"},"thumbnailUrl":"https:\/\/msk.lodz.pl\/wp-content\/uploads\/2023\/10\/grafo-na-czytu.jpg","datePublished":"2023-10-13T17:08:31+00:00","dateModified":"2023-11-10T13:41:15+00:00","breadcrumb":{"@id":"https:\/\/msk.lodz.pl\/msk\/nieobojetne-czytanie-czytanie-performatywne\/#breadcrumb"},"inLanguage":"en-GB","potentialAction":[{"@type":"ReadAction","target":["https:\/\/msk.lodz.pl\/msk\/nieobojetne-czytanie-czytanie-performatywne\/"]}]},{"@type":"ImageObject","inLanguage":"en-GB","@id":"https:\/\/msk.lodz.pl\/msk\/nieobojetne-czytanie-czytanie-performatywne\/#primaryimage","url":"https:\/\/msk.lodz.pl\/wp-content\/uploads\/2023\/10\/grafo-na-czytu.jpg","contentUrl":"https:\/\/msk.lodz.pl\/wp-content\/uploads\/2023\/10\/grafo-na-czytu.jpg","width":2048,"height":1072},{"@type":"BreadcrumbList","@id":"https:\/\/msk.lodz.pl\/msk\/nieobojetne-czytanie-czytanie-performatywne\/#breadcrumb","itemListElement":[{"@type":"ListItem","position":1,"name":"Strona g\u0142\u00f3wna","item":"http:\/\/msk.lodz.pl\/en\/"},{"@type":"ListItem","position":2,"name":"Wydarzenia","item":"https:\/\/msk.lodz.pl\/msk\/"},{"@type":"ListItem","position":3,"name":"Nieoboj\u0119tne czytanie: sztuka \u201eDlaczego dopiero teraz?&#8221; autorstwa Jerzego Milewskiego"}]},{"@type":"WebSite","@id":"https:\/\/msk.lodz.pl\/#website","url":"https:\/\/msk.lodz.pl\/","name":"MSK - \u0141\u00f3d\u017a","description":"","publisher":{"@id":"https:\/\/msk.lodz.pl\/#organization"},"potentialAction":[{"@type":"SearchAction","target":{"@type":"EntryPoint","urlTemplate":"https:\/\/msk.lodz.pl\/?s={search_term_string}"},"query-input":{"@type":"PropertyValueSpecification","valueRequired":true,"valueName":"search_term_string"}}],"inLanguage":"en-GB"},{"@type":"Organization","@id":"https:\/\/msk.lodz.pl\/#organization","name":"MSK - \u0141\u00f3d\u017a","url":"https:\/\/msk.lodz.pl\/","logo":{"@type":"ImageObject","inLanguage":"en-GB","@id":"https:\/\/msk.lodz.pl\/#\/schema\/logo\/image\/","url":"https:\/\/msk.lodz.pl\/wp-content\/uploads\/2023\/04\/cropped-Fav_icon_MSK.png","contentUrl":"https:\/\/msk.lodz.pl\/wp-content\/uploads\/2023\/04\/cropped-Fav_icon_MSK.png","width":512,"height":512,"caption":"MSK - \u0141\u00f3d\u017a"},"image":{"@id":"https:\/\/msk.lodz.pl\/#\/schema\/logo\/image\/"}}]}},"_links":{"self":[{"href":"https:\/\/msk.lodz.pl\/en\/wp-json\/wp\/v2\/mec-events\/22686","targetHints":{"allow":["GET"]}}],"collection":[{"href":"https:\/\/msk.lodz.pl\/en\/wp-json\/wp\/v2\/mec-events"}],"about":[{"href":"https:\/\/msk.lodz.pl\/en\/wp-json\/wp\/v2\/types\/mec-events"}],"author":[{"embeddable":true,"href":"https:\/\/msk.lodz.pl\/en\/wp-json\/wp\/v2\/users\/10"}],"replies":[{"embeddable":true,"href":"https:\/\/msk.lodz.pl\/en\/wp-json\/wp\/v2\/comments?post=22686"}],"wp:featuredmedia":[{"embeddable":true,"href":"https:\/\/msk.lodz.pl\/en\/wp-json\/wp\/v2\/media\/26381"}],"wp:attachment":[{"href":"https:\/\/msk.lodz.pl\/en\/wp-json\/wp\/v2\/media?parent=22686"}],"wp:term":[{"taxonomy":"post_tag","embeddable":true,"href":"https:\/\/msk.lodz.pl\/en\/wp-json\/wp\/v2\/tags?post=22686"},{"taxonomy":"mec_category","embeddable":true,"href":"https:\/\/msk.lodz.pl\/en\/wp-json\/wp\/v2\/mec_category?post=22686"}],"curies":[{"name":"wp","href":"https:\/\/api.w.org\/{rel}","templated":true}]}}