{"id":23150,"date":"2023-10-18T13:39:15","date_gmt":"2023-10-18T11:39:15","guid":{"rendered":"https:\/\/msk.lodz.pl\/?post_type=mec-events&#038;p=23150"},"modified":"2024-01-24T12:51:52","modified_gmt":"2024-01-24T11:51:52","slug":"bal-folk-zajecia-stale-i","status":"publish","type":"mec-events","link":"https:\/\/msk.lodz.pl\/en\/msk\/bal-folk-zajecia-stale-i\/","title":{"rendered":"BAL FOLK \/\/ zaj\u0119cia sta\u0142e \/\/ I"},"content":{"rendered":"<p>Bal Folkowa Klasyka to najpopularniejsze ta\u0144ce wykonywane podczas pota\u0144c\u00f3wek w zachodniej Europie. Ta\u0144ce te wykonywane s\u0105 przewa\u017cnie w parach oraz korowodach liniowych lub parowych.<\/p>\n<div class=\"xdj266r x11i5rnm xat24cr x1mh8g0r x1vvkbs\">W styczniu zapraszam na cotygodniowe warsztaty ta\u0144ca, podczas kt\u00f3rych pos\u0142uchamy, przyjrzymy si\u0119 i nauczymy si\u0119 bal folkowych walczyk\u00f3w.<\/div>\n<div class=\"x11i5rnm xat24cr x1mh8g0r x1vvkbs xtlvy1s\">Walczyk kojarzy si\u0119 z rytmem rozliczanym na trzy. Jednak od po\u0142owy XIX wieku zw\u0142aszcza we Francji zacz\u0119\u0142y si\u0119 pojawia\u0107 walczyki o bardziej z\u0142o\u017conej strukturze rytmicznej. Nazywa si\u0119 je potocznie \u201ewalcami asymetrycznymi\u201d i rozliczane s\u0105 na 5, 8 lub 11.<\/div>\n<div class=\"x11i5rnm xat24cr x1mh8g0r x1vvkbs xtlvy1s\">W trakcie naszych warsztat\u00f3w skupimy si\u0119 na poznaniu podstawowych krokach i figurach tanecznych, rytmie oraz relacjach jakie zachodz\u0105 pomi\u0119dzy tancerzami.<\/div>\n<div class=\"x11i5rnm xat24cr x1mh8g0r x1vvkbs xtlvy1s\">W trakcie warsztat\u00f3w pojawi\u0105 si\u0119 te\u017c na pewno w ramach rozgrzewki hanter dro, andro, chapelloise czy cercle circassien.<\/div>\n<p>Podczas naszych warsztat\u00f3w poprawicie w sobie poczucie rytmu oraz p\u0142ynno\u015b\u0107 i lekko\u015b\u0107 w ta\u0144cu. Opanujecie zasady obowi\u0105zuj\u0105ce w niescenicznych formach ta\u0144ca tradycyjnego, tak aby ta\u0144czenie sprawia\u0142o Wam jak najwi\u0119cej przyjemno\u015bci i rado\u015bci.<\/p>\n<p>Dzi\u0119ki uczestnictwu w warsztatach wzmocnicie swoj\u0105 koordynacj\u0119 fizyczn\u0105 i nadasz swoim codziennym ruchom p\u0142ynno\u015bci.<br \/>\nB\u0119dzie to te\u017c du\u017ca porcja inspiracji, dobrej zabawy, kt\u00f3re pozwol\u0105 Wam cieszy\u0107 si\u0119 ta\u0144cem nie tylko na wszelkiego rodzaju imprezach tanecznych.<\/p>\n<p>Zaj\u0119cia s\u0105 przeznaczone dla os\u00f3b od 16 lat.<\/p>\n<p>Prowadz\u0105cy:<\/p>\n<p>Piotr Zgorzelski<\/p>","protected":false},"excerpt":{"rendered":"<p>Bal Folkowa Klasyka to najpopularniejsze ta\u0144ce wykonywane podczas pota\u0144c\u00f3wek w zachodniej Europie. Ta\u0144ce te wykonywane s\u0105 przewa\u017cnie w parach oraz korowodach liniowych lub parowych. W styczniu zapraszam na cotygodniowe warsztaty ta\u0144ca, podczas kt\u00f3rych pos\u0142uchamy, przyjrzymy si\u0119 i nauczymy si\u0119 bal folkowych walczyk\u00f3w. Walczyk kojarzy si\u0119 z rytmem rozliczanym na trzy. Jednak od po\u0142owy XIX wieku [&hellip;]<\/p>","protected":false},"author":8,"featured_media":18345,"comment_status":"closed","ping_status":"closed","template":"","tags":[],"mec_category":[389,394,369,371],"class_list":["post-23150","mec-events","type-mec-events","status-publish","has-post-thumbnail","hentry","mec_category-dorosli","mec_category-mlodziez","mec_category-taniec","mec_category-zajecia"],"yoast_head":"<!-- This site is optimized with the Yoast SEO plugin v26.5 - https:\/\/yoast.com\/wordpress\/plugins\/seo\/ -->\n<title>BAL FOLK \/\/ zaj\u0119cia sta\u0142e \/\/ I - MSK<\/title>\n<meta name=\"robots\" content=\"index, follow, max-snippet:-1, max-image-preview:large, max-video-preview:-1\" \/>\n<link rel=\"canonical\" href=\"https:\/\/msk.lodz.pl\/en\/msk\/bal-folk-zajecia-stale-i\/\" \/>\n<meta property=\"og:locale\" content=\"en_GB\" \/>\n<meta property=\"og:type\" content=\"article\" \/>\n<meta property=\"og:title\" content=\"BAL FOLK \/\/ zaj\u0119cia sta\u0142e \/\/ I - MSK\" \/>\n<meta property=\"og:description\" content=\"Bal Folkowa Klasyka to najpopularniejsze ta\u0144ce wykonywane podczas pota\u0144c\u00f3wek w zachodniej Europie. Ta\u0144ce te wykonywane s\u0105 przewa\u017cnie w parach oraz korowodach liniowych lub parowych. W styczniu zapraszam na cotygodniowe warsztaty ta\u0144ca, podczas kt\u00f3rych pos\u0142uchamy, przyjrzymy si\u0119 i nauczymy si\u0119 bal folkowych walczyk\u00f3w. Walczyk kojarzy si\u0119 z rytmem rozliczanym na trzy. Jednak od po\u0142owy XIX wieku [&hellip;]\" \/>\n<meta property=\"og:url\" content=\"https:\/\/msk.lodz.pl\/en\/msk\/bal-folk-zajecia-stale-i\/\" \/>\n<meta property=\"og:site_name\" content=\"MSK\" \/>\n<meta property=\"article:modified_time\" content=\"2024-01-24T11:51:52+00:00\" \/>\n<meta property=\"og:image\" content=\"https:\/\/msk.lodz.pl\/wp-content\/uploads\/2023\/09\/bal-folk--1024x736.png\" \/>\n\t<meta property=\"og:image:width\" content=\"1024\" \/>\n\t<meta property=\"og:image:height\" content=\"736\" \/>\n\t<meta property=\"og:image:type\" content=\"image\/png\" \/>\n<meta name=\"twitter:card\" content=\"summary_large_image\" \/>\n<meta name=\"twitter:label1\" content=\"Estimated reading time\" \/>\n\t<meta name=\"twitter:data1\" content=\"1 minute\" \/>\n<script type=\"application\/ld+json\" class=\"yoast-schema-graph\">{\"@context\":\"https:\/\/schema.org\",\"@graph\":[{\"@type\":\"WebPage\",\"@id\":\"https:\/\/msk.lodz.pl\/msk\/bal-folk-zajecia-stale-i\/\",\"url\":\"https:\/\/msk.lodz.pl\/msk\/bal-folk-zajecia-stale-i\/\",\"name\":\"BAL FOLK \/\/ zaj\u0119cia sta\u0142e \/\/ I - MSK\",\"isPartOf\":{\"@id\":\"https:\/\/msk.lodz.pl\/#website\"},\"primaryImageOfPage\":{\"@id\":\"https:\/\/msk.lodz.pl\/msk\/bal-folk-zajecia-stale-i\/#primaryimage\"},\"image\":{\"@id\":\"https:\/\/msk.lodz.pl\/msk\/bal-folk-zajecia-stale-i\/#primaryimage\"},\"thumbnailUrl\":\"https:\/\/msk.lodz.pl\/wp-content\/uploads\/2023\/09\/bal-folk-.png\",\"datePublished\":\"2023-10-18T11:39:15+00:00\",\"dateModified\":\"2024-01-24T11:51:52+00:00\",\"breadcrumb\":{\"@id\":\"https:\/\/msk.lodz.pl\/msk\/bal-folk-zajecia-stale-i\/#breadcrumb\"},\"inLanguage\":\"en-GB\",\"potentialAction\":[{\"@type\":\"ReadAction\",\"target\":[\"https:\/\/msk.lodz.pl\/msk\/bal-folk-zajecia-stale-i\/\"]}]},{\"@type\":\"ImageObject\",\"inLanguage\":\"en-GB\",\"@id\":\"https:\/\/msk.lodz.pl\/msk\/bal-folk-zajecia-stale-i\/#primaryimage\",\"url\":\"https:\/\/msk.lodz.pl\/wp-content\/uploads\/2023\/09\/bal-folk-.png\",\"contentUrl\":\"https:\/\/msk.lodz.pl\/wp-content\/uploads\/2023\/09\/bal-folk-.png\",\"width\":2492,\"height\":1792,\"caption\":\"Zdj\u0119cie przedstawia ta\u0144cz\u0105c\u0105 par\u0119.\"},{\"@type\":\"BreadcrumbList\",\"@id\":\"https:\/\/msk.lodz.pl\/msk\/bal-folk-zajecia-stale-i\/#breadcrumb\",\"itemListElement\":[{\"@type\":\"ListItem\",\"position\":1,\"name\":\"Strona g\u0142\u00f3wna\",\"item\":\"http:\/\/msk.lodz.pl\/en\/\"},{\"@type\":\"ListItem\",\"position\":2,\"name\":\"Wydarzenia\",\"item\":\"https:\/\/msk.lodz.pl\/msk\/\"},{\"@type\":\"ListItem\",\"position\":3,\"name\":\"BAL FOLK \/\/ zaj\u0119cia sta\u0142e \/\/ I\"}]},{\"@type\":\"WebSite\",\"@id\":\"https:\/\/msk.lodz.pl\/#website\",\"url\":\"https:\/\/msk.lodz.pl\/\",\"name\":\"MSK - \u0141\u00f3d\u017a\",\"description\":\"\",\"publisher\":{\"@id\":\"https:\/\/msk.lodz.pl\/#organization\"},\"potentialAction\":[{\"@type\":\"SearchAction\",\"target\":{\"@type\":\"EntryPoint\",\"urlTemplate\":\"https:\/\/msk.lodz.pl\/?s={search_term_string}\"},\"query-input\":{\"@type\":\"PropertyValueSpecification\",\"valueRequired\":true,\"valueName\":\"search_term_string\"}}],\"inLanguage\":\"en-GB\"},{\"@type\":\"Organization\",\"@id\":\"https:\/\/msk.lodz.pl\/#organization\",\"name\":\"MSK - \u0141\u00f3d\u017a\",\"url\":\"https:\/\/msk.lodz.pl\/\",\"logo\":{\"@type\":\"ImageObject\",\"inLanguage\":\"en-GB\",\"@id\":\"https:\/\/msk.lodz.pl\/#\/schema\/logo\/image\/\",\"url\":\"https:\/\/msk.lodz.pl\/wp-content\/uploads\/2023\/04\/cropped-Fav_icon_MSK.png\",\"contentUrl\":\"https:\/\/msk.lodz.pl\/wp-content\/uploads\/2023\/04\/cropped-Fav_icon_MSK.png\",\"width\":512,\"height\":512,\"caption\":\"MSK - \u0141\u00f3d\u017a\"},\"image\":{\"@id\":\"https:\/\/msk.lodz.pl\/#\/schema\/logo\/image\/\"}}]}<\/script>\n<!-- \/ Yoast SEO plugin. -->","yoast_head_json":{"title":"BAL FOLK \/\/ zaj\u0119cia sta\u0142e \/\/ I - MSK","robots":{"index":"index","follow":"follow","max-snippet":"max-snippet:-1","max-image-preview":"max-image-preview:large","max-video-preview":"max-video-preview:-1"},"canonical":"https:\/\/msk.lodz.pl\/en\/msk\/bal-folk-zajecia-stale-i\/","og_locale":"en_GB","og_type":"article","og_title":"BAL FOLK \/\/ zaj\u0119cia sta\u0142e \/\/ I - MSK","og_description":"Bal Folkowa Klasyka to najpopularniejsze ta\u0144ce wykonywane podczas pota\u0144c\u00f3wek w zachodniej Europie. Ta\u0144ce te wykonywane s\u0105 przewa\u017cnie w parach oraz korowodach liniowych lub parowych. W styczniu zapraszam na cotygodniowe warsztaty ta\u0144ca, podczas kt\u00f3rych pos\u0142uchamy, przyjrzymy si\u0119 i nauczymy si\u0119 bal folkowych walczyk\u00f3w. Walczyk kojarzy si\u0119 z rytmem rozliczanym na trzy. Jednak od po\u0142owy XIX wieku [&hellip;]","og_url":"https:\/\/msk.lodz.pl\/en\/msk\/bal-folk-zajecia-stale-i\/","og_site_name":"MSK","article_modified_time":"2024-01-24T11:51:52+00:00","og_image":[{"width":1024,"height":736,"url":"https:\/\/msk.lodz.pl\/wp-content\/uploads\/2023\/09\/bal-folk--1024x736.png","type":"image\/png"}],"twitter_card":"summary_large_image","twitter_misc":{"Estimated reading time":"1 minute"},"schema":{"@context":"https:\/\/schema.org","@graph":[{"@type":"WebPage","@id":"https:\/\/msk.lodz.pl\/msk\/bal-folk-zajecia-stale-i\/","url":"https:\/\/msk.lodz.pl\/msk\/bal-folk-zajecia-stale-i\/","name":"BAL FOLK \/\/ zaj\u0119cia sta\u0142e \/\/ I - MSK","isPartOf":{"@id":"https:\/\/msk.lodz.pl\/#website"},"primaryImageOfPage":{"@id":"https:\/\/msk.lodz.pl\/msk\/bal-folk-zajecia-stale-i\/#primaryimage"},"image":{"@id":"https:\/\/msk.lodz.pl\/msk\/bal-folk-zajecia-stale-i\/#primaryimage"},"thumbnailUrl":"https:\/\/msk.lodz.pl\/wp-content\/uploads\/2023\/09\/bal-folk-.png","datePublished":"2023-10-18T11:39:15+00:00","dateModified":"2024-01-24T11:51:52+00:00","breadcrumb":{"@id":"https:\/\/msk.lodz.pl\/msk\/bal-folk-zajecia-stale-i\/#breadcrumb"},"inLanguage":"en-GB","potentialAction":[{"@type":"ReadAction","target":["https:\/\/msk.lodz.pl\/msk\/bal-folk-zajecia-stale-i\/"]}]},{"@type":"ImageObject","inLanguage":"en-GB","@id":"https:\/\/msk.lodz.pl\/msk\/bal-folk-zajecia-stale-i\/#primaryimage","url":"https:\/\/msk.lodz.pl\/wp-content\/uploads\/2023\/09\/bal-folk-.png","contentUrl":"https:\/\/msk.lodz.pl\/wp-content\/uploads\/2023\/09\/bal-folk-.png","width":2492,"height":1792,"caption":"Zdj\u0119cie przedstawia ta\u0144cz\u0105c\u0105 par\u0119."},{"@type":"BreadcrumbList","@id":"https:\/\/msk.lodz.pl\/msk\/bal-folk-zajecia-stale-i\/#breadcrumb","itemListElement":[{"@type":"ListItem","position":1,"name":"Strona g\u0142\u00f3wna","item":"http:\/\/msk.lodz.pl\/en\/"},{"@type":"ListItem","position":2,"name":"Wydarzenia","item":"https:\/\/msk.lodz.pl\/msk\/"},{"@type":"ListItem","position":3,"name":"BAL FOLK \/\/ zaj\u0119cia sta\u0142e \/\/ I"}]},{"@type":"WebSite","@id":"https:\/\/msk.lodz.pl\/#website","url":"https:\/\/msk.lodz.pl\/","name":"MSK - \u0141\u00f3d\u017a","description":"","publisher":{"@id":"https:\/\/msk.lodz.pl\/#organization"},"potentialAction":[{"@type":"SearchAction","target":{"@type":"EntryPoint","urlTemplate":"https:\/\/msk.lodz.pl\/?s={search_term_string}"},"query-input":{"@type":"PropertyValueSpecification","valueRequired":true,"valueName":"search_term_string"}}],"inLanguage":"en-GB"},{"@type":"Organization","@id":"https:\/\/msk.lodz.pl\/#organization","name":"MSK - \u0141\u00f3d\u017a","url":"https:\/\/msk.lodz.pl\/","logo":{"@type":"ImageObject","inLanguage":"en-GB","@id":"https:\/\/msk.lodz.pl\/#\/schema\/logo\/image\/","url":"https:\/\/msk.lodz.pl\/wp-content\/uploads\/2023\/04\/cropped-Fav_icon_MSK.png","contentUrl":"https:\/\/msk.lodz.pl\/wp-content\/uploads\/2023\/04\/cropped-Fav_icon_MSK.png","width":512,"height":512,"caption":"MSK - \u0141\u00f3d\u017a"},"image":{"@id":"https:\/\/msk.lodz.pl\/#\/schema\/logo\/image\/"}}]}},"_links":{"self":[{"href":"https:\/\/msk.lodz.pl\/en\/wp-json\/wp\/v2\/mec-events\/23150","targetHints":{"allow":["GET"]}}],"collection":[{"href":"https:\/\/msk.lodz.pl\/en\/wp-json\/wp\/v2\/mec-events"}],"about":[{"href":"https:\/\/msk.lodz.pl\/en\/wp-json\/wp\/v2\/types\/mec-events"}],"author":[{"embeddable":true,"href":"https:\/\/msk.lodz.pl\/en\/wp-json\/wp\/v2\/users\/8"}],"replies":[{"embeddable":true,"href":"https:\/\/msk.lodz.pl\/en\/wp-json\/wp\/v2\/comments?post=23150"}],"wp:featuredmedia":[{"embeddable":true,"href":"https:\/\/msk.lodz.pl\/en\/wp-json\/wp\/v2\/media\/18345"}],"wp:attachment":[{"href":"https:\/\/msk.lodz.pl\/en\/wp-json\/wp\/v2\/media?parent=23150"}],"wp:term":[{"taxonomy":"post_tag","embeddable":true,"href":"https:\/\/msk.lodz.pl\/en\/wp-json\/wp\/v2\/tags?post=23150"},{"taxonomy":"mec_category","embeddable":true,"href":"https:\/\/msk.lodz.pl\/en\/wp-json\/wp\/v2\/mec_category?post=23150"}],"curies":[{"name":"wp","href":"https:\/\/api.w.org\/{rel}","templated":true}]}}