{"id":28239,"date":"2023-11-28T15:29:16","date_gmt":"2023-11-28T14:29:16","guid":{"rendered":"https:\/\/msk.lodz.pl\/?post_type=mec-events&#038;p=28239"},"modified":"2024-05-06T12:18:41","modified_gmt":"2024-05-06T10:18:41","slug":"tance-tradycyjne-zajecia-stale-v","status":"publish","type":"mec-events","link":"https:\/\/msk.lodz.pl\/en\/msk\/tance-tradycyjne-zajecia-stale-v\/","title":{"rendered":"Bal folk \/\/ zaj\u0119cia sta\u0142e \/\/ V"},"content":{"rendered":"<div class=\"xdj266r x11i5rnm xat24cr x1mh8g0r x1vvkbs\">\n<div class=\"xdj266r x11i5rnm xat24cr x1mh8g0r x1vvkbs\">\n<div class=\"xdj266r x11i5rnm xat24cr x1mh8g0r x1vvkbs\">W maju zapraszamy na cykl Bal Folkowych practis\u00f3w. Podczas warsztat\u00f3w skupimy uwag\u0119 na czterech ta\u0144cach:<\/div>\n<div><\/div>\n<div class=\"xdj266r x11i5rnm xat24cr x1mh8g0r x1vvkbs\"><br class=\"html-br\" \/>&#8211; francuska mazurka<br class=\"html-br\" \/>&#8211; walce rozliczane na 3, 5, 8 i 11<br class=\"html-br\" \/>&#8211; scottish<br class=\"html-br\" \/>&#8211; bourree rozliczane na 3 i na 2<\/div>\n<div><\/div>\n<div class=\"x11i5rnm xat24cr x1mh8g0r x1vvkbs xtlvy1s\">W ramach rozgrzewek zata\u0144czymy te\u017c hanter dro, andro, plinn, chapelloise lub cercle circassien.<\/div>\n<div class=\"x11i5rnm xat24cr x1mh8g0r x1vvkbs xtlvy1s\"><\/div>\n<\/div>\n<ul>\n<li class=\"x11i5rnm xat24cr x1mh8g0r x1vvkbs xtlvy1s\">Podczas warsztat\u00f3w pojawi\u0105 si\u0119 \u0107wiczenia rytmiczne, dzi\u0119ki kt\u00f3rym wyrobicie w sobie poczucie rytmu, koordynacj\u0119 ruchow\u0105, wzmocnicie t\u0119\u017cyzn\u0119 fizyczn\u0105 oraz nadacie swoim ruchom tanecznym si\u0142\u0119, p\u0142ynno\u015b\u0107 i lekko\u015b\u0107 .<\/li>\n<li class=\"x11i5rnm xat24cr x1mh8g0r x1vvkbs xtlvy1s\">Opanujecie kroki oraz zasady obowi\u0105zuj\u0105ce w niescenicznych formach ta\u0144ca tradycyjnego, wykonywanego na pota\u0144c\u00f3wkach, tak aby ta\u0144czenie sprawia\u0142o Wam jak najwi\u0119cej przyjemno\u015bci i rado\u015bci.<\/li>\n<li class=\"x11i5rnm xat24cr x1mh8g0r x1vvkbs xtlvy1s\">B\u0119dzie to te\u017c du\u017ca porcja inspiracji, dobrej zabawy, w gronie fantastycznych os\u00f3b, kt\u00f3re przychodz\u0105 na nasze warsztaty.<\/li>\n<li class=\"x11i5rnm xat24cr x1mh8g0r x1vvkbs xtlvy1s\">B\u0119dzie to r\u00f3wnie\u017c pretekst do poznania si\u0119 nawzajem, co pomorze Wam do szybkiego znalezienia sobie partnera\/partnerki do ta\u0144ca na najbli\u017cszej pota\u0144c\u00f3wce.<\/li>\n<\/ul>\n<p>&nbsp;<\/p>\n<\/div>\n<p>Zaj\u0119cia s\u0105 przeznaczone dla os\u00f3b od 16 lat.<\/p>\n<p>Prowadz\u0105cy:<\/p>\n<p>Piotr Zgorzelski<\/p>","protected":false},"excerpt":{"rendered":"<p>W maju zapraszamy na cykl Bal Folkowych practis\u00f3w. Podczas warsztat\u00f3w skupimy uwag\u0119 na czterech ta\u0144cach: &#8211; francuska mazurka&#8211; walce rozliczane na 3, 5, 8 i 11&#8211; scottish&#8211; bourree rozliczane na 3 i na 2 W ramach rozgrzewek zata\u0144czymy te\u017c hanter dro, andro, plinn, chapelloise lub cercle circassien. Podczas warsztat\u00f3w pojawi\u0105 si\u0119 \u0107wiczenia rytmiczne, dzi\u0119ki kt\u00f3rym [&hellip;]<\/p>","protected":false},"author":8,"featured_media":18343,"comment_status":"closed","ping_status":"closed","template":"","tags":[],"mec_category":[389,394,369,371],"class_list":["post-28239","mec-events","type-mec-events","status-publish","has-post-thumbnail","hentry","mec_category-dorosli","mec_category-mlodziez","mec_category-taniec","mec_category-zajecia"],"yoast_head":"<!-- This site is optimized with the Yoast SEO plugin v26.5 - https:\/\/yoast.com\/wordpress\/plugins\/seo\/ -->\n<title>Bal folk \/\/ zaj\u0119cia sta\u0142e \/\/ V - MSK<\/title>\n<meta name=\"robots\" content=\"index, follow, max-snippet:-1, max-image-preview:large, max-video-preview:-1\" \/>\n<link rel=\"canonical\" href=\"https:\/\/msk.lodz.pl\/en\/msk\/tance-tradycyjne-zajecia-stale-v\/\" \/>\n<meta property=\"og:locale\" content=\"en_GB\" \/>\n<meta property=\"og:type\" content=\"article\" \/>\n<meta property=\"og:title\" content=\"Bal folk \/\/ zaj\u0119cia sta\u0142e \/\/ V - MSK\" \/>\n<meta property=\"og:description\" content=\"W maju zapraszamy na cykl Bal Folkowych practis\u00f3w. Podczas warsztat\u00f3w skupimy uwag\u0119 na czterech ta\u0144cach: &#8211; francuska mazurka&#8211; walce rozliczane na 3, 5, 8 i 11&#8211; scottish&#8211; bourree rozliczane na 3 i na 2 W ramach rozgrzewek zata\u0144czymy te\u017c hanter dro, andro, plinn, chapelloise lub cercle circassien. Podczas warsztat\u00f3w pojawi\u0105 si\u0119 \u0107wiczenia rytmiczne, dzi\u0119ki kt\u00f3rym [&hellip;]\" \/>\n<meta property=\"og:url\" content=\"https:\/\/msk.lodz.pl\/en\/msk\/tance-tradycyjne-zajecia-stale-v\/\" \/>\n<meta property=\"og:site_name\" content=\"MSK\" \/>\n<meta property=\"article:modified_time\" content=\"2024-05-06T10:18:41+00:00\" \/>\n<meta property=\"og:image\" content=\"https:\/\/msk.lodz.pl\/wp-content\/uploads\/2023\/08\/Tance-tradycyjne--1024x736.png\" \/>\n\t<meta property=\"og:image:width\" content=\"1024\" \/>\n\t<meta property=\"og:image:height\" content=\"736\" \/>\n\t<meta property=\"og:image:type\" content=\"image\/png\" \/>\n<meta name=\"twitter:card\" content=\"summary_large_image\" \/>\n<meta name=\"twitter:label1\" content=\"Estimated reading time\" \/>\n\t<meta name=\"twitter:data1\" content=\"1 minute\" \/>\n<script type=\"application\/ld+json\" class=\"yoast-schema-graph\">{\"@context\":\"https:\/\/schema.org\",\"@graph\":[{\"@type\":\"WebPage\",\"@id\":\"https:\/\/msk.lodz.pl\/msk\/tance-tradycyjne-zajecia-stale-v\/\",\"url\":\"https:\/\/msk.lodz.pl\/msk\/tance-tradycyjne-zajecia-stale-v\/\",\"name\":\"Bal folk \/\/ zaj\u0119cia sta\u0142e \/\/ V - MSK\",\"isPartOf\":{\"@id\":\"https:\/\/msk.lodz.pl\/#website\"},\"primaryImageOfPage\":{\"@id\":\"https:\/\/msk.lodz.pl\/msk\/tance-tradycyjne-zajecia-stale-v\/#primaryimage\"},\"image\":{\"@id\":\"https:\/\/msk.lodz.pl\/msk\/tance-tradycyjne-zajecia-stale-v\/#primaryimage\"},\"thumbnailUrl\":\"https:\/\/msk.lodz.pl\/wp-content\/uploads\/2023\/08\/Tance-tradycyjne-.png\",\"datePublished\":\"2023-11-28T14:29:16+00:00\",\"dateModified\":\"2024-05-06T10:18:41+00:00\",\"breadcrumb\":{\"@id\":\"https:\/\/msk.lodz.pl\/msk\/tance-tradycyjne-zajecia-stale-v\/#breadcrumb\"},\"inLanguage\":\"en-GB\",\"potentialAction\":[{\"@type\":\"ReadAction\",\"target\":[\"https:\/\/msk.lodz.pl\/msk\/tance-tradycyjne-zajecia-stale-v\/\"]}]},{\"@type\":\"ImageObject\",\"inLanguage\":\"en-GB\",\"@id\":\"https:\/\/msk.lodz.pl\/msk\/tance-tradycyjne-zajecia-stale-v\/#primaryimage\",\"url\":\"https:\/\/msk.lodz.pl\/wp-content\/uploads\/2023\/08\/Tance-tradycyjne-.png\",\"contentUrl\":\"https:\/\/msk.lodz.pl\/wp-content\/uploads\/2023\/08\/Tance-tradycyjne-.png\",\"width\":2848,\"height\":2048,\"caption\":\"Zdj\u0119cie przedstawia ta\u0144cz\u0105c\u0105 par\u0119.\"},{\"@type\":\"BreadcrumbList\",\"@id\":\"https:\/\/msk.lodz.pl\/msk\/tance-tradycyjne-zajecia-stale-v\/#breadcrumb\",\"itemListElement\":[{\"@type\":\"ListItem\",\"position\":1,\"name\":\"Strona g\u0142\u00f3wna\",\"item\":\"http:\/\/msk.lodz.pl\/en\/\"},{\"@type\":\"ListItem\",\"position\":2,\"name\":\"Wydarzenia\",\"item\":\"https:\/\/msk.lodz.pl\/msk\/\"},{\"@type\":\"ListItem\",\"position\":3,\"name\":\"Bal folk \/\/ zaj\u0119cia sta\u0142e \/\/ V\"}]},{\"@type\":\"WebSite\",\"@id\":\"https:\/\/msk.lodz.pl\/#website\",\"url\":\"https:\/\/msk.lodz.pl\/\",\"name\":\"MSK - \u0141\u00f3d\u017a\",\"description\":\"\",\"publisher\":{\"@id\":\"https:\/\/msk.lodz.pl\/#organization\"},\"potentialAction\":[{\"@type\":\"SearchAction\",\"target\":{\"@type\":\"EntryPoint\",\"urlTemplate\":\"https:\/\/msk.lodz.pl\/?s={search_term_string}\"},\"query-input\":{\"@type\":\"PropertyValueSpecification\",\"valueRequired\":true,\"valueName\":\"search_term_string\"}}],\"inLanguage\":\"en-GB\"},{\"@type\":\"Organization\",\"@id\":\"https:\/\/msk.lodz.pl\/#organization\",\"name\":\"MSK - \u0141\u00f3d\u017a\",\"url\":\"https:\/\/msk.lodz.pl\/\",\"logo\":{\"@type\":\"ImageObject\",\"inLanguage\":\"en-GB\",\"@id\":\"https:\/\/msk.lodz.pl\/#\/schema\/logo\/image\/\",\"url\":\"https:\/\/msk.lodz.pl\/wp-content\/uploads\/2023\/04\/cropped-Fav_icon_MSK.png\",\"contentUrl\":\"https:\/\/msk.lodz.pl\/wp-content\/uploads\/2023\/04\/cropped-Fav_icon_MSK.png\",\"width\":512,\"height\":512,\"caption\":\"MSK - \u0141\u00f3d\u017a\"},\"image\":{\"@id\":\"https:\/\/msk.lodz.pl\/#\/schema\/logo\/image\/\"}}]}<\/script>\n<!-- \/ Yoast SEO plugin. -->","yoast_head_json":{"title":"Bal folk \/\/ zaj\u0119cia sta\u0142e \/\/ V - MSK","robots":{"index":"index","follow":"follow","max-snippet":"max-snippet:-1","max-image-preview":"max-image-preview:large","max-video-preview":"max-video-preview:-1"},"canonical":"https:\/\/msk.lodz.pl\/en\/msk\/tance-tradycyjne-zajecia-stale-v\/","og_locale":"en_GB","og_type":"article","og_title":"Bal folk \/\/ zaj\u0119cia sta\u0142e \/\/ V - MSK","og_description":"W maju zapraszamy na cykl Bal Folkowych practis\u00f3w. Podczas warsztat\u00f3w skupimy uwag\u0119 na czterech ta\u0144cach: &#8211; francuska mazurka&#8211; walce rozliczane na 3, 5, 8 i 11&#8211; scottish&#8211; bourree rozliczane na 3 i na 2 W ramach rozgrzewek zata\u0144czymy te\u017c hanter dro, andro, plinn, chapelloise lub cercle circassien. Podczas warsztat\u00f3w pojawi\u0105 si\u0119 \u0107wiczenia rytmiczne, dzi\u0119ki kt\u00f3rym [&hellip;]","og_url":"https:\/\/msk.lodz.pl\/en\/msk\/tance-tradycyjne-zajecia-stale-v\/","og_site_name":"MSK","article_modified_time":"2024-05-06T10:18:41+00:00","og_image":[{"width":1024,"height":736,"url":"https:\/\/msk.lodz.pl\/wp-content\/uploads\/2023\/08\/Tance-tradycyjne--1024x736.png","type":"image\/png"}],"twitter_card":"summary_large_image","twitter_misc":{"Estimated reading time":"1 minute"},"schema":{"@context":"https:\/\/schema.org","@graph":[{"@type":"WebPage","@id":"https:\/\/msk.lodz.pl\/msk\/tance-tradycyjne-zajecia-stale-v\/","url":"https:\/\/msk.lodz.pl\/msk\/tance-tradycyjne-zajecia-stale-v\/","name":"Bal folk \/\/ zaj\u0119cia sta\u0142e \/\/ V - MSK","isPartOf":{"@id":"https:\/\/msk.lodz.pl\/#website"},"primaryImageOfPage":{"@id":"https:\/\/msk.lodz.pl\/msk\/tance-tradycyjne-zajecia-stale-v\/#primaryimage"},"image":{"@id":"https:\/\/msk.lodz.pl\/msk\/tance-tradycyjne-zajecia-stale-v\/#primaryimage"},"thumbnailUrl":"https:\/\/msk.lodz.pl\/wp-content\/uploads\/2023\/08\/Tance-tradycyjne-.png","datePublished":"2023-11-28T14:29:16+00:00","dateModified":"2024-05-06T10:18:41+00:00","breadcrumb":{"@id":"https:\/\/msk.lodz.pl\/msk\/tance-tradycyjne-zajecia-stale-v\/#breadcrumb"},"inLanguage":"en-GB","potentialAction":[{"@type":"ReadAction","target":["https:\/\/msk.lodz.pl\/msk\/tance-tradycyjne-zajecia-stale-v\/"]}]},{"@type":"ImageObject","inLanguage":"en-GB","@id":"https:\/\/msk.lodz.pl\/msk\/tance-tradycyjne-zajecia-stale-v\/#primaryimage","url":"https:\/\/msk.lodz.pl\/wp-content\/uploads\/2023\/08\/Tance-tradycyjne-.png","contentUrl":"https:\/\/msk.lodz.pl\/wp-content\/uploads\/2023\/08\/Tance-tradycyjne-.png","width":2848,"height":2048,"caption":"Zdj\u0119cie przedstawia ta\u0144cz\u0105c\u0105 par\u0119."},{"@type":"BreadcrumbList","@id":"https:\/\/msk.lodz.pl\/msk\/tance-tradycyjne-zajecia-stale-v\/#breadcrumb","itemListElement":[{"@type":"ListItem","position":1,"name":"Strona g\u0142\u00f3wna","item":"http:\/\/msk.lodz.pl\/en\/"},{"@type":"ListItem","position":2,"name":"Wydarzenia","item":"https:\/\/msk.lodz.pl\/msk\/"},{"@type":"ListItem","position":3,"name":"Bal folk \/\/ zaj\u0119cia sta\u0142e \/\/ V"}]},{"@type":"WebSite","@id":"https:\/\/msk.lodz.pl\/#website","url":"https:\/\/msk.lodz.pl\/","name":"MSK - \u0141\u00f3d\u017a","description":"","publisher":{"@id":"https:\/\/msk.lodz.pl\/#organization"},"potentialAction":[{"@type":"SearchAction","target":{"@type":"EntryPoint","urlTemplate":"https:\/\/msk.lodz.pl\/?s={search_term_string}"},"query-input":{"@type":"PropertyValueSpecification","valueRequired":true,"valueName":"search_term_string"}}],"inLanguage":"en-GB"},{"@type":"Organization","@id":"https:\/\/msk.lodz.pl\/#organization","name":"MSK - \u0141\u00f3d\u017a","url":"https:\/\/msk.lodz.pl\/","logo":{"@type":"ImageObject","inLanguage":"en-GB","@id":"https:\/\/msk.lodz.pl\/#\/schema\/logo\/image\/","url":"https:\/\/msk.lodz.pl\/wp-content\/uploads\/2023\/04\/cropped-Fav_icon_MSK.png","contentUrl":"https:\/\/msk.lodz.pl\/wp-content\/uploads\/2023\/04\/cropped-Fav_icon_MSK.png","width":512,"height":512,"caption":"MSK - \u0141\u00f3d\u017a"},"image":{"@id":"https:\/\/msk.lodz.pl\/#\/schema\/logo\/image\/"}}]}},"_links":{"self":[{"href":"https:\/\/msk.lodz.pl\/en\/wp-json\/wp\/v2\/mec-events\/28239","targetHints":{"allow":["GET"]}}],"collection":[{"href":"https:\/\/msk.lodz.pl\/en\/wp-json\/wp\/v2\/mec-events"}],"about":[{"href":"https:\/\/msk.lodz.pl\/en\/wp-json\/wp\/v2\/types\/mec-events"}],"author":[{"embeddable":true,"href":"https:\/\/msk.lodz.pl\/en\/wp-json\/wp\/v2\/users\/8"}],"replies":[{"embeddable":true,"href":"https:\/\/msk.lodz.pl\/en\/wp-json\/wp\/v2\/comments?post=28239"}],"wp:featuredmedia":[{"embeddable":true,"href":"https:\/\/msk.lodz.pl\/en\/wp-json\/wp\/v2\/media\/18343"}],"wp:attachment":[{"href":"https:\/\/msk.lodz.pl\/en\/wp-json\/wp\/v2\/media?parent=28239"}],"wp:term":[{"taxonomy":"post_tag","embeddable":true,"href":"https:\/\/msk.lodz.pl\/en\/wp-json\/wp\/v2\/tags?post=28239"},{"taxonomy":"mec_category","embeddable":true,"href":"https:\/\/msk.lodz.pl\/en\/wp-json\/wp\/v2\/mec_category?post=28239"}],"curies":[{"name":"wp","href":"https:\/\/api.w.org\/{rel}","templated":true}]}}