{"id":30167,"date":"2023-12-19T10:33:57","date_gmt":"2023-12-19T09:33:57","guid":{"rendered":"https:\/\/msk.lodz.pl\/?post_type=mec-events&#038;p=30167"},"modified":"2023-12-21T11:31:13","modified_gmt":"2023-12-21T10:31:13","slug":"warsztat-upcyclingowy-zajecia-stale-913-157-895","status":"publish","type":"mec-events","link":"https:\/\/msk.lodz.pl\/en\/msk\/warsztat-upcyclingowy-zajecia-stale-913-157-895\/","title":{"rendered":"Dom PrzeTw\u00f3rc\u00f3w \/\/ Zaj\u0119cia z upcyclingu \/\/ Zaj\u0119cia sta\u0142e \/\/I"},"content":{"rendered":"<p><strong>Poczuj si\u0119 jak w Domu Przetw\u00f3rc\u00f3w!<\/strong><br \/>\nI stw\u00f3rz funkcjonalne, upcyklingowe akcesoria z odratowanych materia\u0142\u00f3w.<\/p>\n<p>Miejsce do tw\u00f3rczej pracy oraz wsp\u00f3lnoty dla ludzi z pasj\u0105 tworzenia, z tego, co jest. Dom PrzeTw\u00f3rc\u00f3w prowadzi artystka Anna Becherka\u00a0 \u2013 autorka w\u0142asnej marki BECHANN opartej na upcyklingu. Pod okiem artystki, u\u017cywaj\u0105c r\u00f3\u017cnych technik stworzycie z materia\u0142\u00f3w odpadowych akcesoria, obrazy i inne funkcjonalne przedmioty. W trakcie p\u00f3\u0142rocznych, cyklicznych zaj\u0119\u0107 b\u0119dziemy wsp\u00f3lnie pracowa\u0107 nad kolekcj\u0105, kt\u00f3r\u0105 w pod koniec sezonu publicznie zaprezentujemy. Zapraszamy osoby, kt\u00f3rym bliskie s\u0105 zasady Zero Waste i wszystkich, kt\u00f3rzy chc\u0105 je pozna\u0107!<\/p>\n<p><em>Jestem prze-tw\u00f3rc\u0105, w dos\u0142ownym znaczeniu. Odnajduj\u0119 pi\u0119kno i nowe funkcjonalno\u015bci niepotrzebnych przewod\u00f3w. Daj\u0119 im drugie, nowe \u017cycie. \u0141\u0105cz\u0119 kolory, struktury w nowoczesne kszta\u0142ty i formy. Przetwarzaj\u0105c to, co jest, odkrywam obfito\u015b\u0107 niedocenionych zasob\u00f3w. To chc\u0119 pokaza\u0107 i tym si\u0119 z Wami podzieli\u0107.<\/em>\u00a0\u2013 Anna Becherka<\/p>\n<p>Prowadzenie: Anna Becherka<\/p>\n<p>Zaj\u0119cia odbywaj\u0105 si\u0119 we wtorki.<\/p>\n<p>Op\u0142ata: 200 z\u0142 \/karnet miesi\u0119czny<br \/>\n60 z\u0142 \/ pojedyncze wej\u015bcie<\/p>","protected":false},"excerpt":{"rendered":"<p>Poczuj si\u0119 jak w Domu Przetw\u00f3rc\u00f3w! I stw\u00f3rz funkcjonalne, upcyklingowe akcesoria z odratowanych materia\u0142\u00f3w. Miejsce do tw\u00f3rczej pracy oraz wsp\u00f3lnoty dla ludzi z pasj\u0105 tworzenia, z tego, co jest. Dom PrzeTw\u00f3rc\u00f3w prowadzi artystka Anna Becherka\u00a0 \u2013 autorka w\u0142asnej marki BECHANN opartej na upcyklingu. Pod okiem artystki, u\u017cywaj\u0105c r\u00f3\u017cnych technik stworzycie z materia\u0142\u00f3w odpadowych akcesoria, obrazy [&hellip;]<\/p>","protected":false},"author":10,"featured_media":28908,"comment_status":"closed","ping_status":"closed","template":"","tags":[],"mec_category":[389,394,535,397,398,360,371],"class_list":["post-30167","mec-events","type-mec-events","status-publish","has-post-thumbnail","hentry","mec_category-dorosli","mec_category-mlodziez","mec_category-rekodzielo-rzemioslo","mec_category-seniorzy","mec_category-styl-zycia","mec_category-sztuka","mec_category-zajecia"],"yoast_head":"<!-- This site is optimized with the Yoast SEO plugin v26.5 - https:\/\/yoast.com\/wordpress\/plugins\/seo\/ -->\n<title>Dom PrzeTw\u00f3rc\u00f3w \/\/ Zaj\u0119cia z upcyclingu \/\/ Zaj\u0119cia sta\u0142e \/\/I - MSK<\/title>\n<meta name=\"robots\" content=\"index, follow, max-snippet:-1, max-image-preview:large, max-video-preview:-1\" \/>\n<link rel=\"canonical\" href=\"https:\/\/msk.lodz.pl\/en\/msk\/warsztat-upcyclingowy-zajecia-stale-913-157-895\/\" \/>\n<meta property=\"og:locale\" content=\"en_GB\" \/>\n<meta property=\"og:type\" content=\"article\" \/>\n<meta property=\"og:title\" content=\"Dom PrzeTw\u00f3rc\u00f3w \/\/ Zaj\u0119cia z upcyclingu \/\/ Zaj\u0119cia sta\u0142e \/\/I - MSK\" \/>\n<meta property=\"og:description\" content=\"Poczuj si\u0119 jak w Domu Przetw\u00f3rc\u00f3w! I stw\u00f3rz funkcjonalne, upcyklingowe akcesoria z odratowanych materia\u0142\u00f3w. Miejsce do tw\u00f3rczej pracy oraz wsp\u00f3lnoty dla ludzi z pasj\u0105 tworzenia, z tego, co jest. Dom PrzeTw\u00f3rc\u00f3w prowadzi artystka Anna Becherka\u00a0 \u2013 autorka w\u0142asnej marki BECHANN opartej na upcyklingu. Pod okiem artystki, u\u017cywaj\u0105c r\u00f3\u017cnych technik stworzycie z materia\u0142\u00f3w odpadowych akcesoria, obrazy [&hellip;]\" \/>\n<meta property=\"og:url\" content=\"https:\/\/msk.lodz.pl\/en\/msk\/warsztat-upcyclingowy-zajecia-stale-913-157-895\/\" \/>\n<meta property=\"og:site_name\" content=\"MSK\" \/>\n<meta property=\"article:modified_time\" content=\"2023-12-21T10:31:13+00:00\" \/>\n<meta property=\"og:image\" content=\"https:\/\/msk.lodz.pl\/wp-content\/uploads\/2023\/11\/www-19.png\" \/>\n\t<meta property=\"og:image:width\" content=\"1424\" \/>\n\t<meta property=\"og:image:height\" content=\"1024\" \/>\n\t<meta property=\"og:image:type\" content=\"image\/png\" \/>\n<meta name=\"twitter:card\" content=\"summary_large_image\" \/>\n<meta name=\"twitter:label1\" content=\"Estimated reading time\" \/>\n\t<meta name=\"twitter:data1\" content=\"1 minute\" \/>\n<script type=\"application\/ld+json\" class=\"yoast-schema-graph\">{\"@context\":\"https:\/\/schema.org\",\"@graph\":[{\"@type\":\"WebPage\",\"@id\":\"https:\/\/msk.lodz.pl\/msk\/warsztat-upcyclingowy-zajecia-stale-913-157-895\/\",\"url\":\"https:\/\/msk.lodz.pl\/msk\/warsztat-upcyclingowy-zajecia-stale-913-157-895\/\",\"name\":\"Dom PrzeTw\u00f3rc\u00f3w \/\/ Zaj\u0119cia z upcyclingu \/\/ Zaj\u0119cia sta\u0142e \/\/I - MSK\",\"isPartOf\":{\"@id\":\"https:\/\/msk.lodz.pl\/#website\"},\"primaryImageOfPage\":{\"@id\":\"https:\/\/msk.lodz.pl\/msk\/warsztat-upcyclingowy-zajecia-stale-913-157-895\/#primaryimage\"},\"image\":{\"@id\":\"https:\/\/msk.lodz.pl\/msk\/warsztat-upcyclingowy-zajecia-stale-913-157-895\/#primaryimage\"},\"thumbnailUrl\":\"https:\/\/msk.lodz.pl\/wp-content\/uploads\/2023\/11\/www-19.png\",\"datePublished\":\"2023-12-19T09:33:57+00:00\",\"dateModified\":\"2023-12-21T10:31:13+00:00\",\"breadcrumb\":{\"@id\":\"https:\/\/msk.lodz.pl\/msk\/warsztat-upcyclingowy-zajecia-stale-913-157-895\/#breadcrumb\"},\"inLanguage\":\"en-GB\",\"potentialAction\":[{\"@type\":\"ReadAction\",\"target\":[\"https:\/\/msk.lodz.pl\/msk\/warsztat-upcyclingowy-zajecia-stale-913-157-895\/\"]}]},{\"@type\":\"ImageObject\",\"inLanguage\":\"en-GB\",\"@id\":\"https:\/\/msk.lodz.pl\/msk\/warsztat-upcyclingowy-zajecia-stale-913-157-895\/#primaryimage\",\"url\":\"https:\/\/msk.lodz.pl\/wp-content\/uploads\/2023\/11\/www-19.png\",\"contentUrl\":\"https:\/\/msk.lodz.pl\/wp-content\/uploads\/2023\/11\/www-19.png\",\"width\":1424,\"height\":1024},{\"@type\":\"BreadcrumbList\",\"@id\":\"https:\/\/msk.lodz.pl\/msk\/warsztat-upcyclingowy-zajecia-stale-913-157-895\/#breadcrumb\",\"itemListElement\":[{\"@type\":\"ListItem\",\"position\":1,\"name\":\"Strona g\u0142\u00f3wna\",\"item\":\"http:\/\/msk.lodz.pl\/en\/\"},{\"@type\":\"ListItem\",\"position\":2,\"name\":\"Wydarzenia\",\"item\":\"https:\/\/msk.lodz.pl\/msk\/\"},{\"@type\":\"ListItem\",\"position\":3,\"name\":\"Dom PrzeTw\u00f3rc\u00f3w \/\/ Zaj\u0119cia z upcyclingu \/\/ Zaj\u0119cia sta\u0142e \/\/I\"}]},{\"@type\":\"WebSite\",\"@id\":\"https:\/\/msk.lodz.pl\/#website\",\"url\":\"https:\/\/msk.lodz.pl\/\",\"name\":\"MSK - \u0141\u00f3d\u017a\",\"description\":\"\",\"publisher\":{\"@id\":\"https:\/\/msk.lodz.pl\/#organization\"},\"potentialAction\":[{\"@type\":\"SearchAction\",\"target\":{\"@type\":\"EntryPoint\",\"urlTemplate\":\"https:\/\/msk.lodz.pl\/?s={search_term_string}\"},\"query-input\":{\"@type\":\"PropertyValueSpecification\",\"valueRequired\":true,\"valueName\":\"search_term_string\"}}],\"inLanguage\":\"en-GB\"},{\"@type\":\"Organization\",\"@id\":\"https:\/\/msk.lodz.pl\/#organization\",\"name\":\"MSK - \u0141\u00f3d\u017a\",\"url\":\"https:\/\/msk.lodz.pl\/\",\"logo\":{\"@type\":\"ImageObject\",\"inLanguage\":\"en-GB\",\"@id\":\"https:\/\/msk.lodz.pl\/#\/schema\/logo\/image\/\",\"url\":\"https:\/\/msk.lodz.pl\/wp-content\/uploads\/2023\/04\/cropped-Fav_icon_MSK.png\",\"contentUrl\":\"https:\/\/msk.lodz.pl\/wp-content\/uploads\/2023\/04\/cropped-Fav_icon_MSK.png\",\"width\":512,\"height\":512,\"caption\":\"MSK - \u0141\u00f3d\u017a\"},\"image\":{\"@id\":\"https:\/\/msk.lodz.pl\/#\/schema\/logo\/image\/\"}}]}<\/script>\n<!-- \/ Yoast SEO plugin. -->","yoast_head_json":{"title":"Dom PrzeTw\u00f3rc\u00f3w \/\/ Zaj\u0119cia z upcyclingu \/\/ Zaj\u0119cia sta\u0142e \/\/I - MSK","robots":{"index":"index","follow":"follow","max-snippet":"max-snippet:-1","max-image-preview":"max-image-preview:large","max-video-preview":"max-video-preview:-1"},"canonical":"https:\/\/msk.lodz.pl\/en\/msk\/warsztat-upcyclingowy-zajecia-stale-913-157-895\/","og_locale":"en_GB","og_type":"article","og_title":"Dom PrzeTw\u00f3rc\u00f3w \/\/ Zaj\u0119cia z upcyclingu \/\/ Zaj\u0119cia sta\u0142e \/\/I - MSK","og_description":"Poczuj si\u0119 jak w Domu Przetw\u00f3rc\u00f3w! I stw\u00f3rz funkcjonalne, upcyklingowe akcesoria z odratowanych materia\u0142\u00f3w. Miejsce do tw\u00f3rczej pracy oraz wsp\u00f3lnoty dla ludzi z pasj\u0105 tworzenia, z tego, co jest. Dom PrzeTw\u00f3rc\u00f3w prowadzi artystka Anna Becherka\u00a0 \u2013 autorka w\u0142asnej marki BECHANN opartej na upcyklingu. Pod okiem artystki, u\u017cywaj\u0105c r\u00f3\u017cnych technik stworzycie z materia\u0142\u00f3w odpadowych akcesoria, obrazy [&hellip;]","og_url":"https:\/\/msk.lodz.pl\/en\/msk\/warsztat-upcyclingowy-zajecia-stale-913-157-895\/","og_site_name":"MSK","article_modified_time":"2023-12-21T10:31:13+00:00","og_image":[{"width":1424,"height":1024,"url":"https:\/\/msk.lodz.pl\/wp-content\/uploads\/2023\/11\/www-19.png","type":"image\/png"}],"twitter_card":"summary_large_image","twitter_misc":{"Estimated reading time":"1 minute"},"schema":{"@context":"https:\/\/schema.org","@graph":[{"@type":"WebPage","@id":"https:\/\/msk.lodz.pl\/msk\/warsztat-upcyclingowy-zajecia-stale-913-157-895\/","url":"https:\/\/msk.lodz.pl\/msk\/warsztat-upcyclingowy-zajecia-stale-913-157-895\/","name":"Dom PrzeTw\u00f3rc\u00f3w \/\/ Zaj\u0119cia z upcyclingu \/\/ Zaj\u0119cia sta\u0142e \/\/I - MSK","isPartOf":{"@id":"https:\/\/msk.lodz.pl\/#website"},"primaryImageOfPage":{"@id":"https:\/\/msk.lodz.pl\/msk\/warsztat-upcyclingowy-zajecia-stale-913-157-895\/#primaryimage"},"image":{"@id":"https:\/\/msk.lodz.pl\/msk\/warsztat-upcyclingowy-zajecia-stale-913-157-895\/#primaryimage"},"thumbnailUrl":"https:\/\/msk.lodz.pl\/wp-content\/uploads\/2023\/11\/www-19.png","datePublished":"2023-12-19T09:33:57+00:00","dateModified":"2023-12-21T10:31:13+00:00","breadcrumb":{"@id":"https:\/\/msk.lodz.pl\/msk\/warsztat-upcyclingowy-zajecia-stale-913-157-895\/#breadcrumb"},"inLanguage":"en-GB","potentialAction":[{"@type":"ReadAction","target":["https:\/\/msk.lodz.pl\/msk\/warsztat-upcyclingowy-zajecia-stale-913-157-895\/"]}]},{"@type":"ImageObject","inLanguage":"en-GB","@id":"https:\/\/msk.lodz.pl\/msk\/warsztat-upcyclingowy-zajecia-stale-913-157-895\/#primaryimage","url":"https:\/\/msk.lodz.pl\/wp-content\/uploads\/2023\/11\/www-19.png","contentUrl":"https:\/\/msk.lodz.pl\/wp-content\/uploads\/2023\/11\/www-19.png","width":1424,"height":1024},{"@type":"BreadcrumbList","@id":"https:\/\/msk.lodz.pl\/msk\/warsztat-upcyclingowy-zajecia-stale-913-157-895\/#breadcrumb","itemListElement":[{"@type":"ListItem","position":1,"name":"Strona g\u0142\u00f3wna","item":"http:\/\/msk.lodz.pl\/en\/"},{"@type":"ListItem","position":2,"name":"Wydarzenia","item":"https:\/\/msk.lodz.pl\/msk\/"},{"@type":"ListItem","position":3,"name":"Dom PrzeTw\u00f3rc\u00f3w \/\/ Zaj\u0119cia z upcyclingu \/\/ Zaj\u0119cia sta\u0142e \/\/I"}]},{"@type":"WebSite","@id":"https:\/\/msk.lodz.pl\/#website","url":"https:\/\/msk.lodz.pl\/","name":"MSK - \u0141\u00f3d\u017a","description":"","publisher":{"@id":"https:\/\/msk.lodz.pl\/#organization"},"potentialAction":[{"@type":"SearchAction","target":{"@type":"EntryPoint","urlTemplate":"https:\/\/msk.lodz.pl\/?s={search_term_string}"},"query-input":{"@type":"PropertyValueSpecification","valueRequired":true,"valueName":"search_term_string"}}],"inLanguage":"en-GB"},{"@type":"Organization","@id":"https:\/\/msk.lodz.pl\/#organization","name":"MSK - \u0141\u00f3d\u017a","url":"https:\/\/msk.lodz.pl\/","logo":{"@type":"ImageObject","inLanguage":"en-GB","@id":"https:\/\/msk.lodz.pl\/#\/schema\/logo\/image\/","url":"https:\/\/msk.lodz.pl\/wp-content\/uploads\/2023\/04\/cropped-Fav_icon_MSK.png","contentUrl":"https:\/\/msk.lodz.pl\/wp-content\/uploads\/2023\/04\/cropped-Fav_icon_MSK.png","width":512,"height":512,"caption":"MSK - \u0141\u00f3d\u017a"},"image":{"@id":"https:\/\/msk.lodz.pl\/#\/schema\/logo\/image\/"}}]}},"_links":{"self":[{"href":"https:\/\/msk.lodz.pl\/en\/wp-json\/wp\/v2\/mec-events\/30167","targetHints":{"allow":["GET"]}}],"collection":[{"href":"https:\/\/msk.lodz.pl\/en\/wp-json\/wp\/v2\/mec-events"}],"about":[{"href":"https:\/\/msk.lodz.pl\/en\/wp-json\/wp\/v2\/types\/mec-events"}],"author":[{"embeddable":true,"href":"https:\/\/msk.lodz.pl\/en\/wp-json\/wp\/v2\/users\/10"}],"replies":[{"embeddable":true,"href":"https:\/\/msk.lodz.pl\/en\/wp-json\/wp\/v2\/comments?post=30167"}],"wp:featuredmedia":[{"embeddable":true,"href":"https:\/\/msk.lodz.pl\/en\/wp-json\/wp\/v2\/media\/28908"}],"wp:attachment":[{"href":"https:\/\/msk.lodz.pl\/en\/wp-json\/wp\/v2\/media?parent=30167"}],"wp:term":[{"taxonomy":"post_tag","embeddable":true,"href":"https:\/\/msk.lodz.pl\/en\/wp-json\/wp\/v2\/tags?post=30167"},{"taxonomy":"mec_category","embeddable":true,"href":"https:\/\/msk.lodz.pl\/en\/wp-json\/wp\/v2\/mec_category?post=30167"}],"curies":[{"name":"wp","href":"https:\/\/api.w.org\/{rel}","templated":true}]}}