{"id":36466,"date":"2024-01-26T10:29:01","date_gmt":"2024-01-26T09:29:01","guid":{"rendered":"https:\/\/msk.lodz.pl\/?post_type=mec-events&#038;p=36466"},"modified":"2024-02-12T11:11:18","modified_gmt":"2024-02-12T10:11:18","slug":"gimnastyka-baletowa-srebrny-labedz-zajecia-stale-luty","status":"publish","type":"mec-events","link":"https:\/\/msk.lodz.pl\/en\/msk\/gimnastyka-baletowa-srebrny-labedz-zajecia-stale-luty\/","title":{"rendered":"Gimnastyka baletowa \u201eSrebrny \u0142ab\u0119d\u017a\u201d \/\/ zaj\u0119cia sta\u0142e \/\/ luty"},"content":{"rendered":"<p align=\"left\"><span style=\"font-family: Calibri, sans-serif;\"><span style=\"font-size: medium;\"><span style=\"color: #2c363a;\">Zapraszamy senior\u00f3w na wyj\u0105tkowe zaj\u0119cia taneczne. Nie licz\u0105 si\u0119 umiej\u0119tno\u015bci, a przede wszystkim u\u015bmiech na twarzach uczestnik\u00f3w i pozytywna, wr\u0119cz rodzinna atmosfera. <\/span><\/span><\/span><\/p>\n<p align=\"left\"><span style=\"font-family: Calibri, sans-serif;\"><span style=\"font-size: medium;\"><span style=\"color: #2c363a;\">Zaj\u0119cia b\u0119d\u0105 dostosowywane do mo\u017cliwo\u015bci uczestnik\u00f3w, wi\u0119c nie trzeba si\u0119 martwi\u0107 tym, \u017ce kto\u015b nie da rady wykona\u0107 jakiego\u015b \u0107wiczenia &#8211; zale\u017cy mi przede wszystkim na tym, \u017ceby przychodzenie na zaj\u0119cia by\u0142o przyjemno\u015bci\u0105.<\/span><\/span><\/span><\/p>\n<p align=\"left\"><span style=\"font-family: Calibri, sans-serif;\"><span style=\"font-size: medium;\"><span style=\"color: #2c363a;\">Zaj\u0119cia poprowadzi Ania Witczak-Szumska, kt\u00f3ra uko\u0144czy\u0142a szko\u0142\u0119 baletow\u0105, a w tym roku ko\u0144cz\u0119 r\u00f3wnie\u017c studia z pedagogiki ta\u0144ca. Taniec jest jej pasj\u0105 od najm\u0142odszych lat. Chce, aby osoby uczestnicz\u0105ce w jej zaj\u0119ciach przede wszystkim by\u0142y szcz\u0119\u015bliwe, cieszy\u0142y si\u0119 zar\u00f3wno z zaj\u0119\u0107, jak i ze spotkania z innymi.<\/span><\/span><\/span><\/p>","protected":false},"excerpt":{"rendered":"<p>Zapraszamy senior\u00f3w na wyj\u0105tkowe zaj\u0119cia taneczne. Nie licz\u0105 si\u0119 umiej\u0119tno\u015bci, a przede wszystkim u\u015bmiech na twarzach uczestnik\u00f3w i pozytywna, wr\u0119cz rodzinna atmosfera. Zaj\u0119cia b\u0119d\u0105 dostosowywane do mo\u017cliwo\u015bci uczestnik\u00f3w, wi\u0119c nie trzeba si\u0119 martwi\u0107 tym, \u017ce kto\u015b nie da rady wykona\u0107 jakiego\u015b \u0107wiczenia &#8211; zale\u017cy mi przede wszystkim na tym, \u017ceby przychodzenie na zaj\u0119cia by\u0142o przyjemno\u015bci\u0105. [&hellip;]<\/p>","protected":false},"author":35,"featured_media":36457,"comment_status":"closed","ping_status":"closed","template":"","tags":[],"mec_category":[397,369,371],"class_list":["post-36466","mec-events","type-mec-events","status-publish","has-post-thumbnail","hentry","mec_category-seniorzy","mec_category-taniec","mec_category-zajecia"],"yoast_head":"<!-- This site is optimized with the Yoast SEO plugin v26.5 - https:\/\/yoast.com\/wordpress\/plugins\/seo\/ -->\n<title>Gimnastyka baletowa \u201eSrebrny \u0142ab\u0119d\u017a\u201d \/\/ zaj\u0119cia sta\u0142e \/\/ luty - MSK<\/title>\n<meta name=\"robots\" content=\"index, follow, max-snippet:-1, max-image-preview:large, max-video-preview:-1\" \/>\n<link rel=\"canonical\" href=\"https:\/\/msk.lodz.pl\/en\/msk\/gimnastyka-baletowa-srebrny-labedz-zajecia-stale-luty\/\" \/>\n<meta property=\"og:locale\" content=\"en_GB\" \/>\n<meta property=\"og:type\" content=\"article\" \/>\n<meta property=\"og:title\" content=\"Gimnastyka baletowa \u201eSrebrny \u0142ab\u0119d\u017a\u201d \/\/ zaj\u0119cia sta\u0142e \/\/ luty - MSK\" \/>\n<meta property=\"og:description\" content=\"Zapraszamy senior\u00f3w na wyj\u0105tkowe zaj\u0119cia taneczne. Nie licz\u0105 si\u0119 umiej\u0119tno\u015bci, a przede wszystkim u\u015bmiech na twarzach uczestnik\u00f3w i pozytywna, wr\u0119cz rodzinna atmosfera. Zaj\u0119cia b\u0119d\u0105 dostosowywane do mo\u017cliwo\u015bci uczestnik\u00f3w, wi\u0119c nie trzeba si\u0119 martwi\u0107 tym, \u017ce kto\u015b nie da rady wykona\u0107 jakiego\u015b \u0107wiczenia &#8211; zale\u017cy mi przede wszystkim na tym, \u017ceby przychodzenie na zaj\u0119cia by\u0142o przyjemno\u015bci\u0105. [&hellip;]\" \/>\n<meta property=\"og:url\" content=\"https:\/\/msk.lodz.pl\/en\/msk\/gimnastyka-baletowa-srebrny-labedz-zajecia-stale-luty\/\" \/>\n<meta property=\"og:site_name\" content=\"MSK\" \/>\n<meta property=\"article:modified_time\" content=\"2024-02-12T10:11:18+00:00\" \/>\n<meta property=\"og:image\" content=\"https:\/\/msk.lodz.pl\/wp-content\/uploads\/2024\/01\/WWW-wydarzenia-w-502-23-1024x736.png\" \/>\n\t<meta property=\"og:image:width\" content=\"1024\" \/>\n\t<meta property=\"og:image:height\" content=\"736\" \/>\n\t<meta property=\"og:image:type\" content=\"image\/png\" \/>\n<meta name=\"twitter:card\" content=\"summary_large_image\" \/>\n<meta name=\"twitter:label1\" content=\"Estimated reading time\" \/>\n\t<meta name=\"twitter:data1\" content=\"1 minute\" \/>\n<script type=\"application\/ld+json\" class=\"yoast-schema-graph\">{\"@context\":\"https:\/\/schema.org\",\"@graph\":[{\"@type\":\"WebPage\",\"@id\":\"https:\/\/msk.lodz.pl\/msk\/gimnastyka-baletowa-srebrny-labedz-zajecia-stale-luty\/\",\"url\":\"https:\/\/msk.lodz.pl\/msk\/gimnastyka-baletowa-srebrny-labedz-zajecia-stale-luty\/\",\"name\":\"Gimnastyka baletowa \u201eSrebrny \u0142ab\u0119d\u017a\u201d \/\/ zaj\u0119cia sta\u0142e \/\/ luty - MSK\",\"isPartOf\":{\"@id\":\"https:\/\/msk.lodz.pl\/#website\"},\"primaryImageOfPage\":{\"@id\":\"https:\/\/msk.lodz.pl\/msk\/gimnastyka-baletowa-srebrny-labedz-zajecia-stale-luty\/#primaryimage\"},\"image\":{\"@id\":\"https:\/\/msk.lodz.pl\/msk\/gimnastyka-baletowa-srebrny-labedz-zajecia-stale-luty\/#primaryimage\"},\"thumbnailUrl\":\"https:\/\/msk.lodz.pl\/wp-content\/uploads\/2024\/01\/WWW-wydarzenia-w-502-23.png\",\"datePublished\":\"2024-01-26T09:29:01+00:00\",\"dateModified\":\"2024-02-12T10:11:18+00:00\",\"breadcrumb\":{\"@id\":\"https:\/\/msk.lodz.pl\/msk\/gimnastyka-baletowa-srebrny-labedz-zajecia-stale-luty\/#breadcrumb\"},\"inLanguage\":\"en-GB\",\"potentialAction\":[{\"@type\":\"ReadAction\",\"target\":[\"https:\/\/msk.lodz.pl\/msk\/gimnastyka-baletowa-srebrny-labedz-zajecia-stale-luty\/\"]}]},{\"@type\":\"ImageObject\",\"inLanguage\":\"en-GB\",\"@id\":\"https:\/\/msk.lodz.pl\/msk\/gimnastyka-baletowa-srebrny-labedz-zajecia-stale-luty\/#primaryimage\",\"url\":\"https:\/\/msk.lodz.pl\/wp-content\/uploads\/2024\/01\/WWW-wydarzenia-w-502-23.png\",\"contentUrl\":\"https:\/\/msk.lodz.pl\/wp-content\/uploads\/2024\/01\/WWW-wydarzenia-w-502-23.png\",\"width\":1424,\"height\":1024,\"caption\":\"Baletnica stoj\u0105ca w plenerze na tle drzew\"},{\"@type\":\"BreadcrumbList\",\"@id\":\"https:\/\/msk.lodz.pl\/msk\/gimnastyka-baletowa-srebrny-labedz-zajecia-stale-luty\/#breadcrumb\",\"itemListElement\":[{\"@type\":\"ListItem\",\"position\":1,\"name\":\"Strona g\u0142\u00f3wna\",\"item\":\"http:\/\/msk.lodz.pl\/en\/\"},{\"@type\":\"ListItem\",\"position\":2,\"name\":\"Wydarzenia\",\"item\":\"https:\/\/msk.lodz.pl\/msk\/\"},{\"@type\":\"ListItem\",\"position\":3,\"name\":\"Gimnastyka baletowa \u201eSrebrny \u0142ab\u0119d\u017a\u201d \/\/ zaj\u0119cia sta\u0142e \/\/ luty\"}]},{\"@type\":\"WebSite\",\"@id\":\"https:\/\/msk.lodz.pl\/#website\",\"url\":\"https:\/\/msk.lodz.pl\/\",\"name\":\"MSK - \u0141\u00f3d\u017a\",\"description\":\"\",\"publisher\":{\"@id\":\"https:\/\/msk.lodz.pl\/#organization\"},\"potentialAction\":[{\"@type\":\"SearchAction\",\"target\":{\"@type\":\"EntryPoint\",\"urlTemplate\":\"https:\/\/msk.lodz.pl\/?s={search_term_string}\"},\"query-input\":{\"@type\":\"PropertyValueSpecification\",\"valueRequired\":true,\"valueName\":\"search_term_string\"}}],\"inLanguage\":\"en-GB\"},{\"@type\":\"Organization\",\"@id\":\"https:\/\/msk.lodz.pl\/#organization\",\"name\":\"MSK - \u0141\u00f3d\u017a\",\"url\":\"https:\/\/msk.lodz.pl\/\",\"logo\":{\"@type\":\"ImageObject\",\"inLanguage\":\"en-GB\",\"@id\":\"https:\/\/msk.lodz.pl\/#\/schema\/logo\/image\/\",\"url\":\"https:\/\/msk.lodz.pl\/wp-content\/uploads\/2023\/04\/cropped-Fav_icon_MSK.png\",\"contentUrl\":\"https:\/\/msk.lodz.pl\/wp-content\/uploads\/2023\/04\/cropped-Fav_icon_MSK.png\",\"width\":512,\"height\":512,\"caption\":\"MSK - \u0141\u00f3d\u017a\"},\"image\":{\"@id\":\"https:\/\/msk.lodz.pl\/#\/schema\/logo\/image\/\"}}]}<\/script>\n<!-- \/ Yoast SEO plugin. -->","yoast_head_json":{"title":"Gimnastyka baletowa \u201eSrebrny \u0142ab\u0119d\u017a\u201d \/\/ zaj\u0119cia sta\u0142e \/\/ luty - MSK","robots":{"index":"index","follow":"follow","max-snippet":"max-snippet:-1","max-image-preview":"max-image-preview:large","max-video-preview":"max-video-preview:-1"},"canonical":"https:\/\/msk.lodz.pl\/en\/msk\/gimnastyka-baletowa-srebrny-labedz-zajecia-stale-luty\/","og_locale":"en_GB","og_type":"article","og_title":"Gimnastyka baletowa \u201eSrebrny \u0142ab\u0119d\u017a\u201d \/\/ zaj\u0119cia sta\u0142e \/\/ luty - MSK","og_description":"Zapraszamy senior\u00f3w na wyj\u0105tkowe zaj\u0119cia taneczne. Nie licz\u0105 si\u0119 umiej\u0119tno\u015bci, a przede wszystkim u\u015bmiech na twarzach uczestnik\u00f3w i pozytywna, wr\u0119cz rodzinna atmosfera. Zaj\u0119cia b\u0119d\u0105 dostosowywane do mo\u017cliwo\u015bci uczestnik\u00f3w, wi\u0119c nie trzeba si\u0119 martwi\u0107 tym, \u017ce kto\u015b nie da rady wykona\u0107 jakiego\u015b \u0107wiczenia &#8211; zale\u017cy mi przede wszystkim na tym, \u017ceby przychodzenie na zaj\u0119cia by\u0142o przyjemno\u015bci\u0105. [&hellip;]","og_url":"https:\/\/msk.lodz.pl\/en\/msk\/gimnastyka-baletowa-srebrny-labedz-zajecia-stale-luty\/","og_site_name":"MSK","article_modified_time":"2024-02-12T10:11:18+00:00","og_image":[{"width":1024,"height":736,"url":"https:\/\/msk.lodz.pl\/wp-content\/uploads\/2024\/01\/WWW-wydarzenia-w-502-23-1024x736.png","type":"image\/png"}],"twitter_card":"summary_large_image","twitter_misc":{"Estimated reading time":"1 minute"},"schema":{"@context":"https:\/\/schema.org","@graph":[{"@type":"WebPage","@id":"https:\/\/msk.lodz.pl\/msk\/gimnastyka-baletowa-srebrny-labedz-zajecia-stale-luty\/","url":"https:\/\/msk.lodz.pl\/msk\/gimnastyka-baletowa-srebrny-labedz-zajecia-stale-luty\/","name":"Gimnastyka baletowa \u201eSrebrny \u0142ab\u0119d\u017a\u201d \/\/ zaj\u0119cia sta\u0142e \/\/ luty - MSK","isPartOf":{"@id":"https:\/\/msk.lodz.pl\/#website"},"primaryImageOfPage":{"@id":"https:\/\/msk.lodz.pl\/msk\/gimnastyka-baletowa-srebrny-labedz-zajecia-stale-luty\/#primaryimage"},"image":{"@id":"https:\/\/msk.lodz.pl\/msk\/gimnastyka-baletowa-srebrny-labedz-zajecia-stale-luty\/#primaryimage"},"thumbnailUrl":"https:\/\/msk.lodz.pl\/wp-content\/uploads\/2024\/01\/WWW-wydarzenia-w-502-23.png","datePublished":"2024-01-26T09:29:01+00:00","dateModified":"2024-02-12T10:11:18+00:00","breadcrumb":{"@id":"https:\/\/msk.lodz.pl\/msk\/gimnastyka-baletowa-srebrny-labedz-zajecia-stale-luty\/#breadcrumb"},"inLanguage":"en-GB","potentialAction":[{"@type":"ReadAction","target":["https:\/\/msk.lodz.pl\/msk\/gimnastyka-baletowa-srebrny-labedz-zajecia-stale-luty\/"]}]},{"@type":"ImageObject","inLanguage":"en-GB","@id":"https:\/\/msk.lodz.pl\/msk\/gimnastyka-baletowa-srebrny-labedz-zajecia-stale-luty\/#primaryimage","url":"https:\/\/msk.lodz.pl\/wp-content\/uploads\/2024\/01\/WWW-wydarzenia-w-502-23.png","contentUrl":"https:\/\/msk.lodz.pl\/wp-content\/uploads\/2024\/01\/WWW-wydarzenia-w-502-23.png","width":1424,"height":1024,"caption":"Baletnica stoj\u0105ca w plenerze na tle drzew"},{"@type":"BreadcrumbList","@id":"https:\/\/msk.lodz.pl\/msk\/gimnastyka-baletowa-srebrny-labedz-zajecia-stale-luty\/#breadcrumb","itemListElement":[{"@type":"ListItem","position":1,"name":"Strona g\u0142\u00f3wna","item":"http:\/\/msk.lodz.pl\/en\/"},{"@type":"ListItem","position":2,"name":"Wydarzenia","item":"https:\/\/msk.lodz.pl\/msk\/"},{"@type":"ListItem","position":3,"name":"Gimnastyka baletowa \u201eSrebrny \u0142ab\u0119d\u017a\u201d \/\/ zaj\u0119cia sta\u0142e \/\/ luty"}]},{"@type":"WebSite","@id":"https:\/\/msk.lodz.pl\/#website","url":"https:\/\/msk.lodz.pl\/","name":"MSK - \u0141\u00f3d\u017a","description":"","publisher":{"@id":"https:\/\/msk.lodz.pl\/#organization"},"potentialAction":[{"@type":"SearchAction","target":{"@type":"EntryPoint","urlTemplate":"https:\/\/msk.lodz.pl\/?s={search_term_string}"},"query-input":{"@type":"PropertyValueSpecification","valueRequired":true,"valueName":"search_term_string"}}],"inLanguage":"en-GB"},{"@type":"Organization","@id":"https:\/\/msk.lodz.pl\/#organization","name":"MSK - \u0141\u00f3d\u017a","url":"https:\/\/msk.lodz.pl\/","logo":{"@type":"ImageObject","inLanguage":"en-GB","@id":"https:\/\/msk.lodz.pl\/#\/schema\/logo\/image\/","url":"https:\/\/msk.lodz.pl\/wp-content\/uploads\/2023\/04\/cropped-Fav_icon_MSK.png","contentUrl":"https:\/\/msk.lodz.pl\/wp-content\/uploads\/2023\/04\/cropped-Fav_icon_MSK.png","width":512,"height":512,"caption":"MSK - \u0141\u00f3d\u017a"},"image":{"@id":"https:\/\/msk.lodz.pl\/#\/schema\/logo\/image\/"}}]}},"_links":{"self":[{"href":"https:\/\/msk.lodz.pl\/en\/wp-json\/wp\/v2\/mec-events\/36466","targetHints":{"allow":["GET"]}}],"collection":[{"href":"https:\/\/msk.lodz.pl\/en\/wp-json\/wp\/v2\/mec-events"}],"about":[{"href":"https:\/\/msk.lodz.pl\/en\/wp-json\/wp\/v2\/types\/mec-events"}],"author":[{"embeddable":true,"href":"https:\/\/msk.lodz.pl\/en\/wp-json\/wp\/v2\/users\/35"}],"replies":[{"embeddable":true,"href":"https:\/\/msk.lodz.pl\/en\/wp-json\/wp\/v2\/comments?post=36466"}],"wp:featuredmedia":[{"embeddable":true,"href":"https:\/\/msk.lodz.pl\/en\/wp-json\/wp\/v2\/media\/36457"}],"wp:attachment":[{"href":"https:\/\/msk.lodz.pl\/en\/wp-json\/wp\/v2\/media?parent=36466"}],"wp:term":[{"taxonomy":"post_tag","embeddable":true,"href":"https:\/\/msk.lodz.pl\/en\/wp-json\/wp\/v2\/tags?post=36466"},{"taxonomy":"mec_category","embeddable":true,"href":"https:\/\/msk.lodz.pl\/en\/wp-json\/wp\/v2\/mec_category?post=36466"}],"curies":[{"name":"wp","href":"https:\/\/api.w.org\/{rel}","templated":true}]}}