{"id":39246,"date":"2024-02-16T13:35:00","date_gmt":"2024-02-16T12:35:00","guid":{"rendered":"https:\/\/msk.lodz.pl\/?post_type=mec-events&#038;p=39246"},"modified":"2024-02-16T13:35:00","modified_gmt":"2024-02-16T12:35:00","slug":"pracownia-ubran-i-akcesoriow-dla-lalek-1700-zajecia-stale-ii-628","status":"publish","type":"mec-events","link":"https:\/\/msk.lodz.pl\/en\/msk\/pracownia-ubran-i-akcesoriow-dla-lalek-1700-zajecia-stale-ii-628\/","title":{"rendered":"Pracownia ubra\u0144 i akcesori\u00f3w dla lalek &#8211; 17:00 \/\/ zaj\u0119cia sta\u0142e \/\/ III"},"content":{"rendered":"<p><strong>Pracownia ubra\u0144 i akcesori\u00f3w dla lalek<\/strong> jest wyj\u0105tkowym pomys\u0142em w ramach kt\u00f3rego dzieci b\u0119d\u0105 nie tylko projektowa\u0107, ale tak\u017ce samodzielnie zrealizuj\u0105 w\u0142asne projekty. Zadaniem Pracowni jest rozwijanie kreatywno\u015bci, poczucia w\u0142asnej sprawczo\u015bci, pobudzanie wyobra\u017ani, pomys\u0142owo\u015bci oraz zaradno\u015bci poprzez samodzielne wykonanie przedmiotu zabawy. Jednym z temat\u00f3w b\u0119dzie \u201eBal moich Lal\u201d, dzieci stworz\u0105 kostium na bal karnawa\u0142owy dla swoich lalek. Uczestnicy w\u0142asnor\u0119cznie wykonaj\u0105 r\u00f3wnie\u017c niezb\u0119dne dodatki: bi\u017cuteri\u0119, torby\u2026 oraz wyposa\u017cenie domk\u00f3w dla lalek na przyk\u0142ad serwis do herbaty i s\u0142odko\u015bci.<\/p>\n<p>Pracowania prowadzona przez Beat\u0119 Jarmu\u017c-Soch\u0119, tw\u00f3rczyni\u0119 kostium\u00f3w i lalek do film\u00f3w animowanych.<\/p>\n<p>W planach utworzenie grupy dla starszych uczestnik\u00f3w &#8211; realizacja zawansowanych projekt\u00f3w opartych na \u015bwiecie mody i designie.<\/p>\n<p>Zapisy: b.socha@msk.lodz.pl, 42 653 36 45, 502 623 846<br \/>\n<strong>Dodatkowe informacje: pro\u015bba do uczestnik\u00f3w o przyniesienie swoich lalek, maskotek na zaj\u0119cia.<\/strong><\/p>","protected":false},"excerpt":{"rendered":"<p>Pracownia ubra\u0144 i akcesori\u00f3w dla lalek jest wyj\u0105tkowym pomys\u0142em w ramach kt\u00f3rego dzieci b\u0119d\u0105 nie tylko projektowa\u0107, ale tak\u017ce samodzielnie zrealizuj\u0105 w\u0142asne projekty. Zadaniem Pracowni jest rozwijanie kreatywno\u015bci, poczucia w\u0142asnej sprawczo\u015bci, pobudzanie wyobra\u017ani, pomys\u0142owo\u015bci oraz zaradno\u015bci poprzez samodzielne wykonanie przedmiotu zabawy. Jednym z temat\u00f3w b\u0119dzie \u201eBal moich Lal\u201d, dzieci stworz\u0105 kostium na bal karnawa\u0142owy dla [&hellip;]<\/p>","protected":false},"author":3,"featured_media":22819,"comment_status":"closed","ping_status":"closed","template":"","tags":[191],"mec_category":[405,368,360,371],"class_list":["post-39246","mec-events","type-mec-events","status-publish","has-post-thumbnail","hentry","tag-dzieci","mec_category-aktualnosci","mec_category-dzieci","mec_category-sztuka","mec_category-zajecia"],"yoast_head":"<!-- This site is optimized with the Yoast SEO plugin v26.5 - https:\/\/yoast.com\/wordpress\/plugins\/seo\/ -->\n<title>Pracownia ubra\u0144 i akcesori\u00f3w dla lalek - 17:00 \/\/ zaj\u0119cia sta\u0142e \/\/ III - MSK<\/title>\n<meta name=\"robots\" content=\"index, follow, max-snippet:-1, max-image-preview:large, max-video-preview:-1\" \/>\n<link rel=\"canonical\" href=\"https:\/\/msk.lodz.pl\/en\/msk\/pracownia-ubran-i-akcesoriow-dla-lalek-1700-zajecia-stale-ii-628\/\" \/>\n<meta property=\"og:locale\" content=\"en_GB\" \/>\n<meta property=\"og:type\" content=\"article\" \/>\n<meta property=\"og:title\" content=\"Pracownia ubra\u0144 i akcesori\u00f3w dla lalek - 17:00 \/\/ zaj\u0119cia sta\u0142e \/\/ III - MSK\" \/>\n<meta property=\"og:description\" content=\"Pracownia ubra\u0144 i akcesori\u00f3w dla lalek jest wyj\u0105tkowym pomys\u0142em w ramach kt\u00f3rego dzieci b\u0119d\u0105 nie tylko projektowa\u0107, ale tak\u017ce samodzielnie zrealizuj\u0105 w\u0142asne projekty. Zadaniem Pracowni jest rozwijanie kreatywno\u015bci, poczucia w\u0142asnej sprawczo\u015bci, pobudzanie wyobra\u017ani, pomys\u0142owo\u015bci oraz zaradno\u015bci poprzez samodzielne wykonanie przedmiotu zabawy. Jednym z temat\u00f3w b\u0119dzie \u201eBal moich Lal\u201d, dzieci stworz\u0105 kostium na bal karnawa\u0142owy dla [&hellip;]\" \/>\n<meta property=\"og:url\" content=\"https:\/\/msk.lodz.pl\/en\/msk\/pracownia-ubran-i-akcesoriow-dla-lalek-1700-zajecia-stale-ii-628\/\" \/>\n<meta property=\"og:site_name\" content=\"MSK\" \/>\n<meta property=\"og:image\" content=\"https:\/\/msk.lodz.pl\/wp-content\/uploads\/2023\/10\/pracownia_23.jpg\" \/>\n\t<meta property=\"og:image:width\" content=\"1424\" \/>\n\t<meta property=\"og:image:height\" content=\"1042\" \/>\n\t<meta property=\"og:image:type\" content=\"image\/jpeg\" \/>\n<meta name=\"twitter:card\" content=\"summary_large_image\" \/>\n<meta name=\"twitter:label1\" content=\"Estimated reading time\" \/>\n\t<meta name=\"twitter:data1\" content=\"1 minute\" \/>\n<script type=\"application\/ld+json\" class=\"yoast-schema-graph\">{\"@context\":\"https:\/\/schema.org\",\"@graph\":[{\"@type\":\"WebPage\",\"@id\":\"https:\/\/msk.lodz.pl\/msk\/pracownia-ubran-i-akcesoriow-dla-lalek-1700-zajecia-stale-ii-628\/\",\"url\":\"https:\/\/msk.lodz.pl\/msk\/pracownia-ubran-i-akcesoriow-dla-lalek-1700-zajecia-stale-ii-628\/\",\"name\":\"Pracownia ubra\u0144 i akcesori\u00f3w dla lalek - 17:00 \/\/ zaj\u0119cia sta\u0142e \/\/ III - MSK\",\"isPartOf\":{\"@id\":\"https:\/\/msk.lodz.pl\/#website\"},\"primaryImageOfPage\":{\"@id\":\"https:\/\/msk.lodz.pl\/msk\/pracownia-ubran-i-akcesoriow-dla-lalek-1700-zajecia-stale-ii-628\/#primaryimage\"},\"image\":{\"@id\":\"https:\/\/msk.lodz.pl\/msk\/pracownia-ubran-i-akcesoriow-dla-lalek-1700-zajecia-stale-ii-628\/#primaryimage\"},\"thumbnailUrl\":\"https:\/\/msk.lodz.pl\/wp-content\/uploads\/2023\/10\/pracownia_23.jpg\",\"datePublished\":\"2024-02-16T12:35:00+00:00\",\"breadcrumb\":{\"@id\":\"https:\/\/msk.lodz.pl\/msk\/pracownia-ubran-i-akcesoriow-dla-lalek-1700-zajecia-stale-ii-628\/#breadcrumb\"},\"inLanguage\":\"en-GB\",\"potentialAction\":[{\"@type\":\"ReadAction\",\"target\":[\"https:\/\/msk.lodz.pl\/msk\/pracownia-ubran-i-akcesoriow-dla-lalek-1700-zajecia-stale-ii-628\/\"]}]},{\"@type\":\"ImageObject\",\"inLanguage\":\"en-GB\",\"@id\":\"https:\/\/msk.lodz.pl\/msk\/pracownia-ubran-i-akcesoriow-dla-lalek-1700-zajecia-stale-ii-628\/#primaryimage\",\"url\":\"https:\/\/msk.lodz.pl\/wp-content\/uploads\/2023\/10\/pracownia_23.jpg\",\"contentUrl\":\"https:\/\/msk.lodz.pl\/wp-content\/uploads\/2023\/10\/pracownia_23.jpg\",\"width\":1424,\"height\":1042},{\"@type\":\"BreadcrumbList\",\"@id\":\"https:\/\/msk.lodz.pl\/msk\/pracownia-ubran-i-akcesoriow-dla-lalek-1700-zajecia-stale-ii-628\/#breadcrumb\",\"itemListElement\":[{\"@type\":\"ListItem\",\"position\":1,\"name\":\"Strona g\u0142\u00f3wna\",\"item\":\"http:\/\/msk.lodz.pl\/en\/\"},{\"@type\":\"ListItem\",\"position\":2,\"name\":\"Wydarzenia\",\"item\":\"https:\/\/msk.lodz.pl\/msk\/\"},{\"@type\":\"ListItem\",\"position\":3,\"name\":\"Pracownia ubra\u0144 i akcesori\u00f3w dla lalek &#8211; 17:00 \/\/ zaj\u0119cia sta\u0142e \/\/ III\"}]},{\"@type\":\"WebSite\",\"@id\":\"https:\/\/msk.lodz.pl\/#website\",\"url\":\"https:\/\/msk.lodz.pl\/\",\"name\":\"MSK - \u0141\u00f3d\u017a\",\"description\":\"\",\"publisher\":{\"@id\":\"https:\/\/msk.lodz.pl\/#organization\"},\"potentialAction\":[{\"@type\":\"SearchAction\",\"target\":{\"@type\":\"EntryPoint\",\"urlTemplate\":\"https:\/\/msk.lodz.pl\/?s={search_term_string}\"},\"query-input\":{\"@type\":\"PropertyValueSpecification\",\"valueRequired\":true,\"valueName\":\"search_term_string\"}}],\"inLanguage\":\"en-GB\"},{\"@type\":\"Organization\",\"@id\":\"https:\/\/msk.lodz.pl\/#organization\",\"name\":\"MSK - \u0141\u00f3d\u017a\",\"url\":\"https:\/\/msk.lodz.pl\/\",\"logo\":{\"@type\":\"ImageObject\",\"inLanguage\":\"en-GB\",\"@id\":\"https:\/\/msk.lodz.pl\/#\/schema\/logo\/image\/\",\"url\":\"https:\/\/msk.lodz.pl\/wp-content\/uploads\/2023\/04\/cropped-Fav_icon_MSK.png\",\"contentUrl\":\"https:\/\/msk.lodz.pl\/wp-content\/uploads\/2023\/04\/cropped-Fav_icon_MSK.png\",\"width\":512,\"height\":512,\"caption\":\"MSK - \u0141\u00f3d\u017a\"},\"image\":{\"@id\":\"https:\/\/msk.lodz.pl\/#\/schema\/logo\/image\/\"}}]}<\/script>\n<!-- \/ Yoast SEO plugin. -->","yoast_head_json":{"title":"Pracownia ubra\u0144 i akcesori\u00f3w dla lalek - 17:00 \/\/ zaj\u0119cia sta\u0142e \/\/ III - MSK","robots":{"index":"index","follow":"follow","max-snippet":"max-snippet:-1","max-image-preview":"max-image-preview:large","max-video-preview":"max-video-preview:-1"},"canonical":"https:\/\/msk.lodz.pl\/en\/msk\/pracownia-ubran-i-akcesoriow-dla-lalek-1700-zajecia-stale-ii-628\/","og_locale":"en_GB","og_type":"article","og_title":"Pracownia ubra\u0144 i akcesori\u00f3w dla lalek - 17:00 \/\/ zaj\u0119cia sta\u0142e \/\/ III - MSK","og_description":"Pracownia ubra\u0144 i akcesori\u00f3w dla lalek jest wyj\u0105tkowym pomys\u0142em w ramach kt\u00f3rego dzieci b\u0119d\u0105 nie tylko projektowa\u0107, ale tak\u017ce samodzielnie zrealizuj\u0105 w\u0142asne projekty. Zadaniem Pracowni jest rozwijanie kreatywno\u015bci, poczucia w\u0142asnej sprawczo\u015bci, pobudzanie wyobra\u017ani, pomys\u0142owo\u015bci oraz zaradno\u015bci poprzez samodzielne wykonanie przedmiotu zabawy. Jednym z temat\u00f3w b\u0119dzie \u201eBal moich Lal\u201d, dzieci stworz\u0105 kostium na bal karnawa\u0142owy dla [&hellip;]","og_url":"https:\/\/msk.lodz.pl\/en\/msk\/pracownia-ubran-i-akcesoriow-dla-lalek-1700-zajecia-stale-ii-628\/","og_site_name":"MSK","og_image":[{"width":1424,"height":1042,"url":"https:\/\/msk.lodz.pl\/wp-content\/uploads\/2023\/10\/pracownia_23.jpg","type":"image\/jpeg"}],"twitter_card":"summary_large_image","twitter_misc":{"Estimated reading time":"1 minute"},"schema":{"@context":"https:\/\/schema.org","@graph":[{"@type":"WebPage","@id":"https:\/\/msk.lodz.pl\/msk\/pracownia-ubran-i-akcesoriow-dla-lalek-1700-zajecia-stale-ii-628\/","url":"https:\/\/msk.lodz.pl\/msk\/pracownia-ubran-i-akcesoriow-dla-lalek-1700-zajecia-stale-ii-628\/","name":"Pracownia ubra\u0144 i akcesori\u00f3w dla lalek - 17:00 \/\/ zaj\u0119cia sta\u0142e \/\/ III - MSK","isPartOf":{"@id":"https:\/\/msk.lodz.pl\/#website"},"primaryImageOfPage":{"@id":"https:\/\/msk.lodz.pl\/msk\/pracownia-ubran-i-akcesoriow-dla-lalek-1700-zajecia-stale-ii-628\/#primaryimage"},"image":{"@id":"https:\/\/msk.lodz.pl\/msk\/pracownia-ubran-i-akcesoriow-dla-lalek-1700-zajecia-stale-ii-628\/#primaryimage"},"thumbnailUrl":"https:\/\/msk.lodz.pl\/wp-content\/uploads\/2023\/10\/pracownia_23.jpg","datePublished":"2024-02-16T12:35:00+00:00","breadcrumb":{"@id":"https:\/\/msk.lodz.pl\/msk\/pracownia-ubran-i-akcesoriow-dla-lalek-1700-zajecia-stale-ii-628\/#breadcrumb"},"inLanguage":"en-GB","potentialAction":[{"@type":"ReadAction","target":["https:\/\/msk.lodz.pl\/msk\/pracownia-ubran-i-akcesoriow-dla-lalek-1700-zajecia-stale-ii-628\/"]}]},{"@type":"ImageObject","inLanguage":"en-GB","@id":"https:\/\/msk.lodz.pl\/msk\/pracownia-ubran-i-akcesoriow-dla-lalek-1700-zajecia-stale-ii-628\/#primaryimage","url":"https:\/\/msk.lodz.pl\/wp-content\/uploads\/2023\/10\/pracownia_23.jpg","contentUrl":"https:\/\/msk.lodz.pl\/wp-content\/uploads\/2023\/10\/pracownia_23.jpg","width":1424,"height":1042},{"@type":"BreadcrumbList","@id":"https:\/\/msk.lodz.pl\/msk\/pracownia-ubran-i-akcesoriow-dla-lalek-1700-zajecia-stale-ii-628\/#breadcrumb","itemListElement":[{"@type":"ListItem","position":1,"name":"Strona g\u0142\u00f3wna","item":"http:\/\/msk.lodz.pl\/en\/"},{"@type":"ListItem","position":2,"name":"Wydarzenia","item":"https:\/\/msk.lodz.pl\/msk\/"},{"@type":"ListItem","position":3,"name":"Pracownia ubra\u0144 i akcesori\u00f3w dla lalek &#8211; 17:00 \/\/ zaj\u0119cia sta\u0142e \/\/ III"}]},{"@type":"WebSite","@id":"https:\/\/msk.lodz.pl\/#website","url":"https:\/\/msk.lodz.pl\/","name":"MSK - \u0141\u00f3d\u017a","description":"","publisher":{"@id":"https:\/\/msk.lodz.pl\/#organization"},"potentialAction":[{"@type":"SearchAction","target":{"@type":"EntryPoint","urlTemplate":"https:\/\/msk.lodz.pl\/?s={search_term_string}"},"query-input":{"@type":"PropertyValueSpecification","valueRequired":true,"valueName":"search_term_string"}}],"inLanguage":"en-GB"},{"@type":"Organization","@id":"https:\/\/msk.lodz.pl\/#organization","name":"MSK - \u0141\u00f3d\u017a","url":"https:\/\/msk.lodz.pl\/","logo":{"@type":"ImageObject","inLanguage":"en-GB","@id":"https:\/\/msk.lodz.pl\/#\/schema\/logo\/image\/","url":"https:\/\/msk.lodz.pl\/wp-content\/uploads\/2023\/04\/cropped-Fav_icon_MSK.png","contentUrl":"https:\/\/msk.lodz.pl\/wp-content\/uploads\/2023\/04\/cropped-Fav_icon_MSK.png","width":512,"height":512,"caption":"MSK - \u0141\u00f3d\u017a"},"image":{"@id":"https:\/\/msk.lodz.pl\/#\/schema\/logo\/image\/"}}]}},"_links":{"self":[{"href":"https:\/\/msk.lodz.pl\/en\/wp-json\/wp\/v2\/mec-events\/39246","targetHints":{"allow":["GET"]}}],"collection":[{"href":"https:\/\/msk.lodz.pl\/en\/wp-json\/wp\/v2\/mec-events"}],"about":[{"href":"https:\/\/msk.lodz.pl\/en\/wp-json\/wp\/v2\/types\/mec-events"}],"author":[{"embeddable":true,"href":"https:\/\/msk.lodz.pl\/en\/wp-json\/wp\/v2\/users\/3"}],"replies":[{"embeddable":true,"href":"https:\/\/msk.lodz.pl\/en\/wp-json\/wp\/v2\/comments?post=39246"}],"wp:featuredmedia":[{"embeddable":true,"href":"https:\/\/msk.lodz.pl\/en\/wp-json\/wp\/v2\/media\/22819"}],"wp:attachment":[{"href":"https:\/\/msk.lodz.pl\/en\/wp-json\/wp\/v2\/media?parent=39246"}],"wp:term":[{"taxonomy":"post_tag","embeddable":true,"href":"https:\/\/msk.lodz.pl\/en\/wp-json\/wp\/v2\/tags?post=39246"},{"taxonomy":"mec_category","embeddable":true,"href":"https:\/\/msk.lodz.pl\/en\/wp-json\/wp\/v2\/mec_category?post=39246"}],"curies":[{"name":"wp","href":"https:\/\/api.w.org\/{rel}","templated":true}]}}