{"id":39315,"date":"2024-02-16T18:30:05","date_gmt":"2024-02-16T17:30:05","guid":{"rendered":"https:\/\/msk.lodz.pl\/?post_type=mec-events&#038;p=39315"},"modified":"2024-02-16T18:30:54","modified_gmt":"2024-02-16T17:30:54","slug":"koncert-muzyki-powaznej-w-wykonaniu-studentow-akademii-muzycznej-z-lodzi-w-swiat-2","status":"publish","type":"mec-events","link":"https:\/\/msk.lodz.pl\/en\/msk\/koncert-muzyki-powaznej-w-wykonaniu-studentow-akademii-muzycznej-z-lodzi-w-swiat-2\/","title":{"rendered":"Koncert muzyki powa\u017cnej w wykonaniu student\u00f3w Akademii Muzycznej &#8211; \u201e Z \u0141ODZI W \u015aWIAT \u201d"},"content":{"rendered":"<p>\ud83c\udfbc Zapraszamy na Koncert Muzyki Powa\u017cnej w wykonaniu student\u00f3w Akademii Muzycznej w \u0141odzi! \ud83c\udfbb<\/p>\n<p>Czy lubisz muzyk\u0119 klasyczn\u0105?<\/p>\n<p>Je\u015bli tak, koniecznie przyjd\u017a na nasz koncert, 24 lutego 2024 roku o godzinie 13:00.<\/p>\n<p>Repertuar:<\/p>\n<p>\ud83c\udfb5 E. W. Korngold &#8211; Suita na dwoje skrzypiec, wiolonczel\u0119 i fortepian op.23<br \/>\nWykonawcy: Kacper Pa\u0142uba, Zuzanna Cio\u0142ek, Kajetan Kosiec, Wiktoria Kochman<\/p>\n<p>\ud83c\udfb5 J. S. Bach &#8211; 3 Suita C-dur na wiolonczel\u0119 solo<br \/>\n\ud83c\udfb5 D. Popper &#8211; Etiuda g-moll op.73 nr 20<br \/>\nWykonawca: Teresa G\u0105sieniec<\/p>\n<p>\ud83c\udfb5 D. Szostakowicz &#8211; Kwartet smyczkowy nr 8 op.110<br \/>\nWykonawcy: Paulina Parol, Tymoteusz Pietrzak, Gustaw Klubczewski, Mateusz Kabzi\u0144ski<\/p>\n<p>Zapraszamy na niezapomniane spotkanie z muzyk\u0105 w wykonaniu utalentowanych student\u00f3w Akademii Muzycznej w \u0141odzi. Wydarzenie jest organizowane we wsp\u00f3\u0142pracy z Pa\u0144stwem Magdalen\u0105 i Robertem Fender.<\/p>\n<p>Zarezerwuj czas na chwil\u0119 relaksu w otoczeniu d\u017awi\u0119k\u00f3w klasyki!<\/p>\n<p>Miejsce: O\u015brodek Sztuki MSK: Polesie przy ulicy Krzemienieckiej 2a<\/p>\n<p>Wst\u0119p wolny!<\/p>\n<p>Do zobaczenia na koncercie! \ud83c\udfb6<\/p>","protected":false},"excerpt":{"rendered":"<p>\ud83c\udfbc Zapraszamy na Koncert Muzyki Powa\u017cnej w wykonaniu student\u00f3w Akademii Muzycznej w \u0141odzi! \ud83c\udfbb Czy lubisz muzyk\u0119 klasyczn\u0105? Je\u015bli tak, koniecznie przyjd\u017a na nasz koncert, 24 lutego 2024 roku o godzinie 13:00. Repertuar: \ud83c\udfb5 E. W. Korngold &#8211; Suita na dwoje skrzypiec, wiolonczel\u0119 i fortepian op.23 Wykonawcy: Kacper Pa\u0142uba, Zuzanna Cio\u0142ek, Kajetan Kosiec, Wiktoria Kochman [&hellip;]<\/p>","protected":false},"author":10,"featured_media":39317,"comment_status":"closed","ping_status":"closed","template":"","tags":[],"mec_category":[405,389,368,394,537,397,361],"class_list":["post-39315","mec-events","type-mec-events","status-publish","has-post-thumbnail","hentry","mec_category-aktualnosci","mec_category-dorosli","mec_category-dzieci","mec_category-mlodziez","mec_category-muzyka","mec_category-seniorzy","mec_category-wydarzenia"],"yoast_head":"<!-- This site is optimized with the Yoast SEO plugin v26.5 - https:\/\/yoast.com\/wordpress\/plugins\/seo\/ -->\n<title>Koncert muzyki powa\u017cnej w wykonaniu student\u00f3w Akademii Muzycznej - \u201e Z \u0141ODZI W \u015aWIAT \u201d - MSK<\/title>\n<meta name=\"robots\" content=\"index, follow, max-snippet:-1, max-image-preview:large, max-video-preview:-1\" \/>\n<link rel=\"canonical\" href=\"https:\/\/msk.lodz.pl\/en\/msk\/koncert-muzyki-powaznej-w-wykonaniu-studentow-akademii-muzycznej-z-lodzi-w-swiat-2\/\" \/>\n<meta property=\"og:locale\" content=\"en_GB\" \/>\n<meta property=\"og:type\" content=\"article\" \/>\n<meta property=\"og:title\" content=\"Koncert muzyki powa\u017cnej w wykonaniu student\u00f3w Akademii Muzycznej - \u201e Z \u0141ODZI W \u015aWIAT \u201d - MSK\" \/>\n<meta property=\"og:description\" content=\"\ud83c\udfbc Zapraszamy na Koncert Muzyki Powa\u017cnej w wykonaniu student\u00f3w Akademii Muzycznej w \u0141odzi! \ud83c\udfbb Czy lubisz muzyk\u0119 klasyczn\u0105? Je\u015bli tak, koniecznie przyjd\u017a na nasz koncert, 24 lutego 2024 roku o godzinie 13:00. Repertuar: \ud83c\udfb5 E. W. Korngold &#8211; Suita na dwoje skrzypiec, wiolonczel\u0119 i fortepian op.23 Wykonawcy: Kacper Pa\u0142uba, Zuzanna Cio\u0142ek, Kajetan Kosiec, Wiktoria Kochman [&hellip;]\" \/>\n<meta property=\"og:url\" content=\"https:\/\/msk.lodz.pl\/en\/msk\/koncert-muzyki-powaznej-w-wykonaniu-studentow-akademii-muzycznej-z-lodzi-w-swiat-2\/\" \/>\n<meta property=\"og:site_name\" content=\"MSK\" \/>\n<meta property=\"article:modified_time\" content=\"2024-02-16T17:30:54+00:00\" \/>\n<meta property=\"og:image\" content=\"https:\/\/msk.lodz.pl\/wp-content\/uploads\/2024\/02\/serce-5.jpg\" \/>\n\t<meta property=\"og:image:width\" content=\"1424\" \/>\n\t<meta property=\"og:image:height\" content=\"1024\" \/>\n\t<meta property=\"og:image:type\" content=\"image\/jpeg\" \/>\n<meta name=\"twitter:card\" content=\"summary_large_image\" \/>\n<meta name=\"twitter:label1\" content=\"Estimated reading time\" \/>\n\t<meta name=\"twitter:data1\" content=\"1 minute\" \/>\n<script type=\"application\/ld+json\" class=\"yoast-schema-graph\">{\"@context\":\"https:\/\/schema.org\",\"@graph\":[{\"@type\":\"WebPage\",\"@id\":\"https:\/\/msk.lodz.pl\/msk\/koncert-muzyki-powaznej-w-wykonaniu-studentow-akademii-muzycznej-z-lodzi-w-swiat-2\/\",\"url\":\"https:\/\/msk.lodz.pl\/msk\/koncert-muzyki-powaznej-w-wykonaniu-studentow-akademii-muzycznej-z-lodzi-w-swiat-2\/\",\"name\":\"Koncert muzyki powa\u017cnej w wykonaniu student\u00f3w Akademii Muzycznej - \u201e Z \u0141ODZI W \u015aWIAT \u201d - MSK\",\"isPartOf\":{\"@id\":\"https:\/\/msk.lodz.pl\/#website\"},\"primaryImageOfPage\":{\"@id\":\"https:\/\/msk.lodz.pl\/msk\/koncert-muzyki-powaznej-w-wykonaniu-studentow-akademii-muzycznej-z-lodzi-w-swiat-2\/#primaryimage\"},\"image\":{\"@id\":\"https:\/\/msk.lodz.pl\/msk\/koncert-muzyki-powaznej-w-wykonaniu-studentow-akademii-muzycznej-z-lodzi-w-swiat-2\/#primaryimage\"},\"thumbnailUrl\":\"https:\/\/msk.lodz.pl\/wp-content\/uploads\/2024\/02\/serce-5.jpg\",\"datePublished\":\"2024-02-16T17:30:05+00:00\",\"dateModified\":\"2024-02-16T17:30:54+00:00\",\"breadcrumb\":{\"@id\":\"https:\/\/msk.lodz.pl\/msk\/koncert-muzyki-powaznej-w-wykonaniu-studentow-akademii-muzycznej-z-lodzi-w-swiat-2\/#breadcrumb\"},\"inLanguage\":\"en-GB\",\"potentialAction\":[{\"@type\":\"ReadAction\",\"target\":[\"https:\/\/msk.lodz.pl\/msk\/koncert-muzyki-powaznej-w-wykonaniu-studentow-akademii-muzycznej-z-lodzi-w-swiat-2\/\"]}]},{\"@type\":\"ImageObject\",\"inLanguage\":\"en-GB\",\"@id\":\"https:\/\/msk.lodz.pl\/msk\/koncert-muzyki-powaznej-w-wykonaniu-studentow-akademii-muzycznej-z-lodzi-w-swiat-2\/#primaryimage\",\"url\":\"https:\/\/msk.lodz.pl\/wp-content\/uploads\/2024\/02\/serce-5.jpg\",\"contentUrl\":\"https:\/\/msk.lodz.pl\/wp-content\/uploads\/2024\/02\/serce-5.jpg\",\"width\":1424,\"height\":1024},{\"@type\":\"BreadcrumbList\",\"@id\":\"https:\/\/msk.lodz.pl\/msk\/koncert-muzyki-powaznej-w-wykonaniu-studentow-akademii-muzycznej-z-lodzi-w-swiat-2\/#breadcrumb\",\"itemListElement\":[{\"@type\":\"ListItem\",\"position\":1,\"name\":\"Strona g\u0142\u00f3wna\",\"item\":\"http:\/\/msk.lodz.pl\/en\/\"},{\"@type\":\"ListItem\",\"position\":2,\"name\":\"Wydarzenia\",\"item\":\"https:\/\/msk.lodz.pl\/msk\/\"},{\"@type\":\"ListItem\",\"position\":3,\"name\":\"Koncert muzyki powa\u017cnej w wykonaniu student\u00f3w Akademii Muzycznej &#8211; \u201e Z \u0141ODZI W \u015aWIAT \u201d\"}]},{\"@type\":\"WebSite\",\"@id\":\"https:\/\/msk.lodz.pl\/#website\",\"url\":\"https:\/\/msk.lodz.pl\/\",\"name\":\"MSK - \u0141\u00f3d\u017a\",\"description\":\"\",\"publisher\":{\"@id\":\"https:\/\/msk.lodz.pl\/#organization\"},\"potentialAction\":[{\"@type\":\"SearchAction\",\"target\":{\"@type\":\"EntryPoint\",\"urlTemplate\":\"https:\/\/msk.lodz.pl\/?s={search_term_string}\"},\"query-input\":{\"@type\":\"PropertyValueSpecification\",\"valueRequired\":true,\"valueName\":\"search_term_string\"}}],\"inLanguage\":\"en-GB\"},{\"@type\":\"Organization\",\"@id\":\"https:\/\/msk.lodz.pl\/#organization\",\"name\":\"MSK - \u0141\u00f3d\u017a\",\"url\":\"https:\/\/msk.lodz.pl\/\",\"logo\":{\"@type\":\"ImageObject\",\"inLanguage\":\"en-GB\",\"@id\":\"https:\/\/msk.lodz.pl\/#\/schema\/logo\/image\/\",\"url\":\"https:\/\/msk.lodz.pl\/wp-content\/uploads\/2023\/04\/cropped-Fav_icon_MSK.png\",\"contentUrl\":\"https:\/\/msk.lodz.pl\/wp-content\/uploads\/2023\/04\/cropped-Fav_icon_MSK.png\",\"width\":512,\"height\":512,\"caption\":\"MSK - \u0141\u00f3d\u017a\"},\"image\":{\"@id\":\"https:\/\/msk.lodz.pl\/#\/schema\/logo\/image\/\"}}]}<\/script>\n<!-- \/ Yoast SEO plugin. -->","yoast_head_json":{"title":"Koncert muzyki powa\u017cnej w wykonaniu student\u00f3w Akademii Muzycznej - \u201e Z \u0141ODZI W \u015aWIAT \u201d - MSK","robots":{"index":"index","follow":"follow","max-snippet":"max-snippet:-1","max-image-preview":"max-image-preview:large","max-video-preview":"max-video-preview:-1"},"canonical":"https:\/\/msk.lodz.pl\/en\/msk\/koncert-muzyki-powaznej-w-wykonaniu-studentow-akademii-muzycznej-z-lodzi-w-swiat-2\/","og_locale":"en_GB","og_type":"article","og_title":"Koncert muzyki powa\u017cnej w wykonaniu student\u00f3w Akademii Muzycznej - \u201e Z \u0141ODZI W \u015aWIAT \u201d - MSK","og_description":"\ud83c\udfbc Zapraszamy na Koncert Muzyki Powa\u017cnej w wykonaniu student\u00f3w Akademii Muzycznej w \u0141odzi! \ud83c\udfbb Czy lubisz muzyk\u0119 klasyczn\u0105? Je\u015bli tak, koniecznie przyjd\u017a na nasz koncert, 24 lutego 2024 roku o godzinie 13:00. Repertuar: \ud83c\udfb5 E. W. Korngold &#8211; Suita na dwoje skrzypiec, wiolonczel\u0119 i fortepian op.23 Wykonawcy: Kacper Pa\u0142uba, Zuzanna Cio\u0142ek, Kajetan Kosiec, Wiktoria Kochman [&hellip;]","og_url":"https:\/\/msk.lodz.pl\/en\/msk\/koncert-muzyki-powaznej-w-wykonaniu-studentow-akademii-muzycznej-z-lodzi-w-swiat-2\/","og_site_name":"MSK","article_modified_time":"2024-02-16T17:30:54+00:00","og_image":[{"width":1424,"height":1024,"url":"https:\/\/msk.lodz.pl\/wp-content\/uploads\/2024\/02\/serce-5.jpg","type":"image\/jpeg"}],"twitter_card":"summary_large_image","twitter_misc":{"Estimated reading time":"1 minute"},"schema":{"@context":"https:\/\/schema.org","@graph":[{"@type":"WebPage","@id":"https:\/\/msk.lodz.pl\/msk\/koncert-muzyki-powaznej-w-wykonaniu-studentow-akademii-muzycznej-z-lodzi-w-swiat-2\/","url":"https:\/\/msk.lodz.pl\/msk\/koncert-muzyki-powaznej-w-wykonaniu-studentow-akademii-muzycznej-z-lodzi-w-swiat-2\/","name":"Koncert muzyki powa\u017cnej w wykonaniu student\u00f3w Akademii Muzycznej - \u201e Z \u0141ODZI W \u015aWIAT \u201d - MSK","isPartOf":{"@id":"https:\/\/msk.lodz.pl\/#website"},"primaryImageOfPage":{"@id":"https:\/\/msk.lodz.pl\/msk\/koncert-muzyki-powaznej-w-wykonaniu-studentow-akademii-muzycznej-z-lodzi-w-swiat-2\/#primaryimage"},"image":{"@id":"https:\/\/msk.lodz.pl\/msk\/koncert-muzyki-powaznej-w-wykonaniu-studentow-akademii-muzycznej-z-lodzi-w-swiat-2\/#primaryimage"},"thumbnailUrl":"https:\/\/msk.lodz.pl\/wp-content\/uploads\/2024\/02\/serce-5.jpg","datePublished":"2024-02-16T17:30:05+00:00","dateModified":"2024-02-16T17:30:54+00:00","breadcrumb":{"@id":"https:\/\/msk.lodz.pl\/msk\/koncert-muzyki-powaznej-w-wykonaniu-studentow-akademii-muzycznej-z-lodzi-w-swiat-2\/#breadcrumb"},"inLanguage":"en-GB","potentialAction":[{"@type":"ReadAction","target":["https:\/\/msk.lodz.pl\/msk\/koncert-muzyki-powaznej-w-wykonaniu-studentow-akademii-muzycznej-z-lodzi-w-swiat-2\/"]}]},{"@type":"ImageObject","inLanguage":"en-GB","@id":"https:\/\/msk.lodz.pl\/msk\/koncert-muzyki-powaznej-w-wykonaniu-studentow-akademii-muzycznej-z-lodzi-w-swiat-2\/#primaryimage","url":"https:\/\/msk.lodz.pl\/wp-content\/uploads\/2024\/02\/serce-5.jpg","contentUrl":"https:\/\/msk.lodz.pl\/wp-content\/uploads\/2024\/02\/serce-5.jpg","width":1424,"height":1024},{"@type":"BreadcrumbList","@id":"https:\/\/msk.lodz.pl\/msk\/koncert-muzyki-powaznej-w-wykonaniu-studentow-akademii-muzycznej-z-lodzi-w-swiat-2\/#breadcrumb","itemListElement":[{"@type":"ListItem","position":1,"name":"Strona g\u0142\u00f3wna","item":"http:\/\/msk.lodz.pl\/en\/"},{"@type":"ListItem","position":2,"name":"Wydarzenia","item":"https:\/\/msk.lodz.pl\/msk\/"},{"@type":"ListItem","position":3,"name":"Koncert muzyki powa\u017cnej w wykonaniu student\u00f3w Akademii Muzycznej &#8211; \u201e Z \u0141ODZI W \u015aWIAT \u201d"}]},{"@type":"WebSite","@id":"https:\/\/msk.lodz.pl\/#website","url":"https:\/\/msk.lodz.pl\/","name":"MSK - \u0141\u00f3d\u017a","description":"","publisher":{"@id":"https:\/\/msk.lodz.pl\/#organization"},"potentialAction":[{"@type":"SearchAction","target":{"@type":"EntryPoint","urlTemplate":"https:\/\/msk.lodz.pl\/?s={search_term_string}"},"query-input":{"@type":"PropertyValueSpecification","valueRequired":true,"valueName":"search_term_string"}}],"inLanguage":"en-GB"},{"@type":"Organization","@id":"https:\/\/msk.lodz.pl\/#organization","name":"MSK - \u0141\u00f3d\u017a","url":"https:\/\/msk.lodz.pl\/","logo":{"@type":"ImageObject","inLanguage":"en-GB","@id":"https:\/\/msk.lodz.pl\/#\/schema\/logo\/image\/","url":"https:\/\/msk.lodz.pl\/wp-content\/uploads\/2023\/04\/cropped-Fav_icon_MSK.png","contentUrl":"https:\/\/msk.lodz.pl\/wp-content\/uploads\/2023\/04\/cropped-Fav_icon_MSK.png","width":512,"height":512,"caption":"MSK - \u0141\u00f3d\u017a"},"image":{"@id":"https:\/\/msk.lodz.pl\/#\/schema\/logo\/image\/"}}]}},"_links":{"self":[{"href":"https:\/\/msk.lodz.pl\/en\/wp-json\/wp\/v2\/mec-events\/39315","targetHints":{"allow":["GET"]}}],"collection":[{"href":"https:\/\/msk.lodz.pl\/en\/wp-json\/wp\/v2\/mec-events"}],"about":[{"href":"https:\/\/msk.lodz.pl\/en\/wp-json\/wp\/v2\/types\/mec-events"}],"author":[{"embeddable":true,"href":"https:\/\/msk.lodz.pl\/en\/wp-json\/wp\/v2\/users\/10"}],"replies":[{"embeddable":true,"href":"https:\/\/msk.lodz.pl\/en\/wp-json\/wp\/v2\/comments?post=39315"}],"wp:featuredmedia":[{"embeddable":true,"href":"https:\/\/msk.lodz.pl\/en\/wp-json\/wp\/v2\/media\/39317"}],"wp:attachment":[{"href":"https:\/\/msk.lodz.pl\/en\/wp-json\/wp\/v2\/media?parent=39315"}],"wp:term":[{"taxonomy":"post_tag","embeddable":true,"href":"https:\/\/msk.lodz.pl\/en\/wp-json\/wp\/v2\/tags?post=39315"},{"taxonomy":"mec_category","embeddable":true,"href":"https:\/\/msk.lodz.pl\/en\/wp-json\/wp\/v2\/mec_category?post=39315"}],"curies":[{"name":"wp","href":"https:\/\/api.w.org\/{rel}","templated":true}]}}