{"id":40131,"date":"2024-02-26T14:12:47","date_gmt":"2024-02-26T13:12:47","guid":{"rendered":"https:\/\/msk.lodz.pl\/?post_type=mec-events&#038;p=40131"},"modified":"2024-02-27T09:15:55","modified_gmt":"2024-02-27T08:15:55","slug":"dziecieca-akademia-tworczosci-zajecia-stale-marzec","status":"publish","type":"mec-events","link":"https:\/\/msk.lodz.pl\/en\/msk\/dziecieca-akademia-tworczosci-zajecia-stale-marzec\/","title":{"rendered":"Dzieci\u0119ca Akademia Tw\u00f3rczo\u015bci \/\/ zaj\u0119cia sta\u0142e \/\/ marzec"},"content":{"rendered":"<p><span style=\"color: #000000;\"><span style=\"font-family: Calibri, sans-serif;\"><span style=\"font-size: medium;\">Zaj\u0119cia plastyczne skierowane do dzieci w wieku szkolnym\u00a0\u00a0(m\u0142odsze dzieci zapraszamy z rodzicami) podczas kt\u00f3rych b\u0119dzie mo\u017cna pozna\u0107 ro\u017cne techniki tw\u00f3rcze. Na warsztatach powstan\u0105 rze\u017aby, kola\u017ce kompozycje przestrzenne i przedmioty u\u017cytkowe z takich materia\u0142\u00f3w jak masa papierowa gips, zimna porcelana, glina\u00a0\u00a0oraz papier, gazety, tektura, opakowania po jajkach, czy rolki po papierze toaletowym .Podczas zaj\u0119\u0107 b\u0119dzie mo\u017cna wykona\u0107 m.in. przybornik na biurko, portrety le\u015bnych zwierz\u0105t, wianek kwiatowy, fotokola\u017c.<\/span><\/span><\/span><\/p>\n<p><span style=\"color: #000000;\"><span style=\"font-family: Calibri, sans-serif;\"><span style=\"font-size: medium;\">Celem zaj\u0119\u0107 jest poznanie szerokiego spektrum technik plastycznych i ich mo\u017cliwo\u015bci. Dzi\u0119ki nam dzieci wyra\u017c\u0105 siebie i swoje emocje poprzez sztuk\u0119, a tak\u017ce rozwin\u0105 swoj\u0105 wyobra\u017ani\u0119 przestrzenn\u0105, kreatywno\u015b\u0107 i zdolno\u015bci manualne.<\/span><\/span><\/span><\/p>\n<p align=\"left\"><span style=\"color: #000000;\"><span style=\"font-family: Calibri, sans-serif;\"><span style=\"font-size: medium;\"><span lang=\"en-US\">Zaj\u0119cia poprowadzi Aleksandra Mingielewicz \u2013 terapeuta zaj\u0119ciowy, animator kultury, plastyk \u2013 ceramik. W 2019 r. obroni\u0142a licencjat z pedagogiki na Uniwersytecie \u0141\u00f3dzkim o specjalno\u015bci \u201eEdukacja wczesnoszkolna z wychowaniem przedszkolnym\u201d. Od 2013 roku jest zwi\u0105zana z \u0142\u00f3dzk\u0105 Fundacj\u0105 JiM, gdzie prowadzi pracowni\u0119 ceramiczn\u0105 pracuj\u0105c z osobami niepe\u0142nosprawnymi. Ponadto prowadzi tak\u017ce terapi\u0119 zaj\u0119ciow\u0105 z osobami starszymi, oraz animacje dla dzieci wsp\u00f3\u0142pracuj\u0105c z \u0142\u00f3dzkimi firmami. W wolnym czasie sporo podr\u00f3\u017cuje, gra w plansz\u00f3wki i oddaje si\u0119 zabawie ze swoimi ukochanymi kociakami \u2013 Cynamonem i P\u0119dzlem. <\/span><\/span><\/span><\/span><\/p>","protected":false},"excerpt":{"rendered":"<p>Zaj\u0119cia plastyczne skierowane do dzieci w wieku szkolnym\u00a0\u00a0(m\u0142odsze dzieci zapraszamy z rodzicami) podczas kt\u00f3rych b\u0119dzie mo\u017cna pozna\u0107 ro\u017cne techniki tw\u00f3rcze. Na warsztatach powstan\u0105 rze\u017aby, kola\u017ce kompozycje przestrzenne i przedmioty u\u017cytkowe z takich materia\u0142\u00f3w jak masa papierowa gips, zimna porcelana, glina\u00a0\u00a0oraz papier, gazety, tektura, opakowania po jajkach, czy rolki po papierze toaletowym .Podczas zaj\u0119\u0107 b\u0119dzie mo\u017cna [&hellip;]<\/p>","protected":false},"author":35,"featured_media":40132,"comment_status":"closed","ping_status":"closed","template":"","tags":[],"mec_category":[368,360,371],"class_list":["post-40131","mec-events","type-mec-events","status-publish","has-post-thumbnail","hentry","mec_category-dzieci","mec_category-sztuka","mec_category-zajecia"],"yoast_head":"<!-- This site is optimized with the Yoast SEO plugin v26.5 - https:\/\/yoast.com\/wordpress\/plugins\/seo\/ -->\n<title>Dzieci\u0119ca Akademia Tw\u00f3rczo\u015bci \/\/ zaj\u0119cia sta\u0142e \/\/ marzec - MSK<\/title>\n<meta name=\"robots\" content=\"index, follow, max-snippet:-1, max-image-preview:large, max-video-preview:-1\" \/>\n<link rel=\"canonical\" href=\"https:\/\/msk.lodz.pl\/en\/msk\/dziecieca-akademia-tworczosci-zajecia-stale-marzec\/\" \/>\n<meta property=\"og:locale\" content=\"en_GB\" \/>\n<meta property=\"og:type\" content=\"article\" \/>\n<meta property=\"og:title\" content=\"Dzieci\u0119ca Akademia Tw\u00f3rczo\u015bci \/\/ zaj\u0119cia sta\u0142e \/\/ marzec - MSK\" \/>\n<meta property=\"og:description\" content=\"Zaj\u0119cia plastyczne skierowane do dzieci w wieku szkolnym\u00a0\u00a0(m\u0142odsze dzieci zapraszamy z rodzicami) podczas kt\u00f3rych b\u0119dzie mo\u017cna pozna\u0107 ro\u017cne techniki tw\u00f3rcze. Na warsztatach powstan\u0105 rze\u017aby, kola\u017ce kompozycje przestrzenne i przedmioty u\u017cytkowe z takich materia\u0142\u00f3w jak masa papierowa gips, zimna porcelana, glina\u00a0\u00a0oraz papier, gazety, tektura, opakowania po jajkach, czy rolki po papierze toaletowym .Podczas zaj\u0119\u0107 b\u0119dzie mo\u017cna [&hellip;]\" \/>\n<meta property=\"og:url\" content=\"https:\/\/msk.lodz.pl\/en\/msk\/dziecieca-akademia-tworczosci-zajecia-stale-marzec\/\" \/>\n<meta property=\"og:site_name\" content=\"MSK\" \/>\n<meta property=\"article:modified_time\" content=\"2024-02-27T08:15:55+00:00\" \/>\n<meta property=\"og:image\" content=\"https:\/\/msk.lodz.pl\/wp-content\/uploads\/2024\/02\/WWW-wydarzenia-w-502-16.png\" \/>\n\t<meta property=\"og:image:width\" content=\"1424\" \/>\n\t<meta property=\"og:image:height\" content=\"1024\" \/>\n\t<meta property=\"og:image:type\" content=\"image\/png\" \/>\n<meta name=\"twitter:card\" content=\"summary_large_image\" \/>\n<meta name=\"twitter:label1\" content=\"Estimated reading time\" \/>\n\t<meta name=\"twitter:data1\" content=\"1 minute\" \/>\n<script type=\"application\/ld+json\" class=\"yoast-schema-graph\">{\"@context\":\"https:\/\/schema.org\",\"@graph\":[{\"@type\":\"WebPage\",\"@id\":\"https:\/\/msk.lodz.pl\/msk\/dziecieca-akademia-tworczosci-zajecia-stale-marzec\/\",\"url\":\"https:\/\/msk.lodz.pl\/msk\/dziecieca-akademia-tworczosci-zajecia-stale-marzec\/\",\"name\":\"Dzieci\u0119ca Akademia Tw\u00f3rczo\u015bci \/\/ zaj\u0119cia sta\u0142e \/\/ marzec - MSK\",\"isPartOf\":{\"@id\":\"https:\/\/msk.lodz.pl\/#website\"},\"primaryImageOfPage\":{\"@id\":\"https:\/\/msk.lodz.pl\/msk\/dziecieca-akademia-tworczosci-zajecia-stale-marzec\/#primaryimage\"},\"image\":{\"@id\":\"https:\/\/msk.lodz.pl\/msk\/dziecieca-akademia-tworczosci-zajecia-stale-marzec\/#primaryimage\"},\"thumbnailUrl\":\"https:\/\/msk.lodz.pl\/wp-content\/uploads\/2024\/02\/WWW-wydarzenia-w-502-16.png\",\"datePublished\":\"2024-02-26T13:12:47+00:00\",\"dateModified\":\"2024-02-27T08:15:55+00:00\",\"breadcrumb\":{\"@id\":\"https:\/\/msk.lodz.pl\/msk\/dziecieca-akademia-tworczosci-zajecia-stale-marzec\/#breadcrumb\"},\"inLanguage\":\"en-GB\",\"potentialAction\":[{\"@type\":\"ReadAction\",\"target\":[\"https:\/\/msk.lodz.pl\/msk\/dziecieca-akademia-tworczosci-zajecia-stale-marzec\/\"]}]},{\"@type\":\"ImageObject\",\"inLanguage\":\"en-GB\",\"@id\":\"https:\/\/msk.lodz.pl\/msk\/dziecieca-akademia-tworczosci-zajecia-stale-marzec\/#primaryimage\",\"url\":\"https:\/\/msk.lodz.pl\/wp-content\/uploads\/2024\/02\/WWW-wydarzenia-w-502-16.png\",\"contentUrl\":\"https:\/\/msk.lodz.pl\/wp-content\/uploads\/2024\/02\/WWW-wydarzenia-w-502-16.png\",\"width\":1424,\"height\":1024,\"caption\":\"Dzieci w pracowni plastycznej\"},{\"@type\":\"BreadcrumbList\",\"@id\":\"https:\/\/msk.lodz.pl\/msk\/dziecieca-akademia-tworczosci-zajecia-stale-marzec\/#breadcrumb\",\"itemListElement\":[{\"@type\":\"ListItem\",\"position\":1,\"name\":\"Strona g\u0142\u00f3wna\",\"item\":\"http:\/\/msk.lodz.pl\/en\/\"},{\"@type\":\"ListItem\",\"position\":2,\"name\":\"Wydarzenia\",\"item\":\"https:\/\/msk.lodz.pl\/msk\/\"},{\"@type\":\"ListItem\",\"position\":3,\"name\":\"Dzieci\u0119ca Akademia Tw\u00f3rczo\u015bci \/\/ zaj\u0119cia sta\u0142e \/\/ marzec\"}]},{\"@type\":\"WebSite\",\"@id\":\"https:\/\/msk.lodz.pl\/#website\",\"url\":\"https:\/\/msk.lodz.pl\/\",\"name\":\"MSK - \u0141\u00f3d\u017a\",\"description\":\"\",\"publisher\":{\"@id\":\"https:\/\/msk.lodz.pl\/#organization\"},\"potentialAction\":[{\"@type\":\"SearchAction\",\"target\":{\"@type\":\"EntryPoint\",\"urlTemplate\":\"https:\/\/msk.lodz.pl\/?s={search_term_string}\"},\"query-input\":{\"@type\":\"PropertyValueSpecification\",\"valueRequired\":true,\"valueName\":\"search_term_string\"}}],\"inLanguage\":\"en-GB\"},{\"@type\":\"Organization\",\"@id\":\"https:\/\/msk.lodz.pl\/#organization\",\"name\":\"MSK - \u0141\u00f3d\u017a\",\"url\":\"https:\/\/msk.lodz.pl\/\",\"logo\":{\"@type\":\"ImageObject\",\"inLanguage\":\"en-GB\",\"@id\":\"https:\/\/msk.lodz.pl\/#\/schema\/logo\/image\/\",\"url\":\"https:\/\/msk.lodz.pl\/wp-content\/uploads\/2023\/04\/cropped-Fav_icon_MSK.png\",\"contentUrl\":\"https:\/\/msk.lodz.pl\/wp-content\/uploads\/2023\/04\/cropped-Fav_icon_MSK.png\",\"width\":512,\"height\":512,\"caption\":\"MSK - \u0141\u00f3d\u017a\"},\"image\":{\"@id\":\"https:\/\/msk.lodz.pl\/#\/schema\/logo\/image\/\"}}]}<\/script>\n<!-- \/ Yoast SEO plugin. -->","yoast_head_json":{"title":"Dzieci\u0119ca Akademia Tw\u00f3rczo\u015bci \/\/ zaj\u0119cia sta\u0142e \/\/ marzec - MSK","robots":{"index":"index","follow":"follow","max-snippet":"max-snippet:-1","max-image-preview":"max-image-preview:large","max-video-preview":"max-video-preview:-1"},"canonical":"https:\/\/msk.lodz.pl\/en\/msk\/dziecieca-akademia-tworczosci-zajecia-stale-marzec\/","og_locale":"en_GB","og_type":"article","og_title":"Dzieci\u0119ca Akademia Tw\u00f3rczo\u015bci \/\/ zaj\u0119cia sta\u0142e \/\/ marzec - MSK","og_description":"Zaj\u0119cia plastyczne skierowane do dzieci w wieku szkolnym\u00a0\u00a0(m\u0142odsze dzieci zapraszamy z rodzicami) podczas kt\u00f3rych b\u0119dzie mo\u017cna pozna\u0107 ro\u017cne techniki tw\u00f3rcze. Na warsztatach powstan\u0105 rze\u017aby, kola\u017ce kompozycje przestrzenne i przedmioty u\u017cytkowe z takich materia\u0142\u00f3w jak masa papierowa gips, zimna porcelana, glina\u00a0\u00a0oraz papier, gazety, tektura, opakowania po jajkach, czy rolki po papierze toaletowym .Podczas zaj\u0119\u0107 b\u0119dzie mo\u017cna [&hellip;]","og_url":"https:\/\/msk.lodz.pl\/en\/msk\/dziecieca-akademia-tworczosci-zajecia-stale-marzec\/","og_site_name":"MSK","article_modified_time":"2024-02-27T08:15:55+00:00","og_image":[{"width":1424,"height":1024,"url":"https:\/\/msk.lodz.pl\/wp-content\/uploads\/2024\/02\/WWW-wydarzenia-w-502-16.png","type":"image\/png"}],"twitter_card":"summary_large_image","twitter_misc":{"Estimated reading time":"1 minute"},"schema":{"@context":"https:\/\/schema.org","@graph":[{"@type":"WebPage","@id":"https:\/\/msk.lodz.pl\/msk\/dziecieca-akademia-tworczosci-zajecia-stale-marzec\/","url":"https:\/\/msk.lodz.pl\/msk\/dziecieca-akademia-tworczosci-zajecia-stale-marzec\/","name":"Dzieci\u0119ca Akademia Tw\u00f3rczo\u015bci \/\/ zaj\u0119cia sta\u0142e \/\/ marzec - MSK","isPartOf":{"@id":"https:\/\/msk.lodz.pl\/#website"},"primaryImageOfPage":{"@id":"https:\/\/msk.lodz.pl\/msk\/dziecieca-akademia-tworczosci-zajecia-stale-marzec\/#primaryimage"},"image":{"@id":"https:\/\/msk.lodz.pl\/msk\/dziecieca-akademia-tworczosci-zajecia-stale-marzec\/#primaryimage"},"thumbnailUrl":"https:\/\/msk.lodz.pl\/wp-content\/uploads\/2024\/02\/WWW-wydarzenia-w-502-16.png","datePublished":"2024-02-26T13:12:47+00:00","dateModified":"2024-02-27T08:15:55+00:00","breadcrumb":{"@id":"https:\/\/msk.lodz.pl\/msk\/dziecieca-akademia-tworczosci-zajecia-stale-marzec\/#breadcrumb"},"inLanguage":"en-GB","potentialAction":[{"@type":"ReadAction","target":["https:\/\/msk.lodz.pl\/msk\/dziecieca-akademia-tworczosci-zajecia-stale-marzec\/"]}]},{"@type":"ImageObject","inLanguage":"en-GB","@id":"https:\/\/msk.lodz.pl\/msk\/dziecieca-akademia-tworczosci-zajecia-stale-marzec\/#primaryimage","url":"https:\/\/msk.lodz.pl\/wp-content\/uploads\/2024\/02\/WWW-wydarzenia-w-502-16.png","contentUrl":"https:\/\/msk.lodz.pl\/wp-content\/uploads\/2024\/02\/WWW-wydarzenia-w-502-16.png","width":1424,"height":1024,"caption":"Dzieci w pracowni plastycznej"},{"@type":"BreadcrumbList","@id":"https:\/\/msk.lodz.pl\/msk\/dziecieca-akademia-tworczosci-zajecia-stale-marzec\/#breadcrumb","itemListElement":[{"@type":"ListItem","position":1,"name":"Strona g\u0142\u00f3wna","item":"http:\/\/msk.lodz.pl\/en\/"},{"@type":"ListItem","position":2,"name":"Wydarzenia","item":"https:\/\/msk.lodz.pl\/msk\/"},{"@type":"ListItem","position":3,"name":"Dzieci\u0119ca Akademia Tw\u00f3rczo\u015bci \/\/ zaj\u0119cia sta\u0142e \/\/ marzec"}]},{"@type":"WebSite","@id":"https:\/\/msk.lodz.pl\/#website","url":"https:\/\/msk.lodz.pl\/","name":"MSK - \u0141\u00f3d\u017a","description":"","publisher":{"@id":"https:\/\/msk.lodz.pl\/#organization"},"potentialAction":[{"@type":"SearchAction","target":{"@type":"EntryPoint","urlTemplate":"https:\/\/msk.lodz.pl\/?s={search_term_string}"},"query-input":{"@type":"PropertyValueSpecification","valueRequired":true,"valueName":"search_term_string"}}],"inLanguage":"en-GB"},{"@type":"Organization","@id":"https:\/\/msk.lodz.pl\/#organization","name":"MSK - \u0141\u00f3d\u017a","url":"https:\/\/msk.lodz.pl\/","logo":{"@type":"ImageObject","inLanguage":"en-GB","@id":"https:\/\/msk.lodz.pl\/#\/schema\/logo\/image\/","url":"https:\/\/msk.lodz.pl\/wp-content\/uploads\/2023\/04\/cropped-Fav_icon_MSK.png","contentUrl":"https:\/\/msk.lodz.pl\/wp-content\/uploads\/2023\/04\/cropped-Fav_icon_MSK.png","width":512,"height":512,"caption":"MSK - \u0141\u00f3d\u017a"},"image":{"@id":"https:\/\/msk.lodz.pl\/#\/schema\/logo\/image\/"}}]}},"_links":{"self":[{"href":"https:\/\/msk.lodz.pl\/en\/wp-json\/wp\/v2\/mec-events\/40131","targetHints":{"allow":["GET"]}}],"collection":[{"href":"https:\/\/msk.lodz.pl\/en\/wp-json\/wp\/v2\/mec-events"}],"about":[{"href":"https:\/\/msk.lodz.pl\/en\/wp-json\/wp\/v2\/types\/mec-events"}],"author":[{"embeddable":true,"href":"https:\/\/msk.lodz.pl\/en\/wp-json\/wp\/v2\/users\/35"}],"replies":[{"embeddable":true,"href":"https:\/\/msk.lodz.pl\/en\/wp-json\/wp\/v2\/comments?post=40131"}],"wp:featuredmedia":[{"embeddable":true,"href":"https:\/\/msk.lodz.pl\/en\/wp-json\/wp\/v2\/media\/40132"}],"wp:attachment":[{"href":"https:\/\/msk.lodz.pl\/en\/wp-json\/wp\/v2\/media?parent=40131"}],"wp:term":[{"taxonomy":"post_tag","embeddable":true,"href":"https:\/\/msk.lodz.pl\/en\/wp-json\/wp\/v2\/tags?post=40131"},{"taxonomy":"mec_category","embeddable":true,"href":"https:\/\/msk.lodz.pl\/en\/wp-json\/wp\/v2\/mec_category?post=40131"}],"curies":[{"name":"wp","href":"https:\/\/api.w.org\/{rel}","templated":true}]}}