{"id":47642,"date":"2024-04-24T12:19:21","date_gmt":"2024-04-24T10:19:21","guid":{"rendered":"https:\/\/msk.lodz.pl\/?post_type=mec-events&#038;p=47642"},"modified":"2024-04-24T12:19:21","modified_gmt":"2024-04-24T10:19:21","slug":"warsztaty-szydelkowania-dla-poczatkujacych-zajecia-stale-luty-661-753-844","status":"publish","type":"mec-events","link":"https:\/\/msk.lodz.pl\/en\/msk\/warsztaty-szydelkowania-dla-poczatkujacych-zajecia-stale-luty-661-753-844\/","title":{"rendered":"Warsztaty szyde\u0142kowania\u00a0dla pocz\u0105tkuj\u0105cych \/\/ zaj\u0119cia sta\u0142e \/\/ maj"},"content":{"rendered":"<p><span style=\"font-family: Calibri, sans-serif;\"><span style=\"font-size: medium;\"><span style=\"color: #000000;\">Tw\u00f3rcza praca na warsztatach przyniesie rado\u015b\u0107 z siebie i estetyczn\u0105 satysfakcj\u0119 z efektu pracy w postaci indywidualnych wytwor\u00f3w. Opr\u00f3cz stymulowania kreatywno\u015bci, wa\u017cnym elementem spotka\u0144 b\u0119dzie skupienie si\u0119 na tera\u017aniejszo\u015bci (bycie tu i teraz), odpoczynek od \u015brodowiska elektronicznego zwi\u0119kszaj\u0105cy koncentracj\u0119 i pog\u0142\u0119biaj\u0105cy relacj\u0119, co wp\u0142ywa pozytywnie na dobrostan i samoocen\u0119.<\/span><\/span><\/span><\/p>\n<p><span style=\"font-family: Calibri, sans-serif;\"><span style=\"font-size: medium;\"><span style=\"color: #000000;\">Warsztaty maj\u0105 na celu nauk\u0119 szyde\u0142kowych umiej\u0119tno\u015bci np: magiczne k\u00f3\u0142eczko, s\u0142upek, p\u00f3\u0142s\u0142upek, oczko \u015bcis\u0142e, \u0142\u0105czenie okr\u0105\u017ce\u0144 i zmian\u0119 koloru sznurka na inny kolor. <\/span><\/span><\/span><\/p>\n<p><span style=\"color: #000000;\"><span style=\"font-family: Calibri, sans-serif;\"><span style=\"font-size: medium;\">Na pocz\u0105tek polecamy prac\u0119 tw\u00f3rcz\u0105 na<\/span><\/span><\/span><span style=\"color: #000000;\"><span style=\"font-family: Calibri, sans-serif;\"><span style=\"font-size: medium;\">\u00a0w\u0142\u00f3czce\u00a0 bawe\u0142niano-akrylowej Yarn Art Jeans &#8211;<\/span><\/span><\/span><span style=\"color: #000000;\"><span style=\"font-family: Calibri, sans-serif;\"><span style=\"font-size: medium;\">\u00a0kolory do wyboru. <\/span><\/span><\/span><span style=\"color: #000000;\"><span style=\"font-family: Calibri, sans-serif;\"><span style=\"font-size: medium;\">P<\/span><\/span><\/span><span style=\"color: #000000;\"><span style=\"font-family: Calibri, sans-serif;\"><span style=\"font-size: medium;\">onadto potrzebne b\u0119dzie\u00a0<\/span><\/span><\/span><span style=\"color: #000000;\"><span style=\"font-family: Calibri, sans-serif;\"><span style=\"font-size: medium;\">szyde\u0142ko<\/span><\/span><\/span><span style=\"color: #000000;\"><span style=\"font-family: Calibri, sans-serif;\"><span style=\"font-size: medium;\">\u00a0<\/span><\/span><\/span><span style=\"color: #000000;\"><span style=\"font-family: Calibri, sans-serif;\"><span style=\"font-size: medium;\">3mm, 3,5 mm. <\/span><\/span><\/span><span style=\"color: #000000;\"><span style=\"font-family: Calibri, sans-serif;\"><span style=\"font-size: medium;\">Prosz\u0119 przynie\u015b\u0107 jeszcze<\/span><\/span><\/span><span style=\"color: #000000;\"><span style=\"font-family: Calibri, sans-serif;\"><span style=\"font-size: medium;\">\u00a0<\/span><\/span><\/span><span style=\"color: #000000;\"><span style=\"font-family: Calibri, sans-serif;\"><span style=\"font-size: medium;\">wype\u0142niacz<\/span><\/span><\/span><span style=\"color: #000000;\"><span style=\"font-family: Calibri, sans-serif;\"><span style=\"font-size: medium;\">:\u00a0<\/span><\/span><\/span><span style=\"color: #000000;\"><span style=\"font-family: Calibri, sans-serif;\"><span style=\"font-size: medium;\">kulk\u0119 silikonow\u0105, poduszk\u0119, lub wat\u0119, bawe\u0142n\u0119, ga\u0142ganki.<\/span><\/span><\/span><\/p>\n<p><span style=\"font-family: Calibri, sans-serif;\"><span style=\"font-size: medium;\"><span style=\"color: #000000;\">Pierwsze spotkanie b\u0119dzie obejmowa\u0142o kr\u00f3tk\u0105 histori\u0119 sztuki szyde\u0142kowania, poznanie materia\u0142\u00f3w, prezentacj\u0119 \u015bcieg\u00f3w oraz rozpocz\u0119cie szyde\u0142kowania serc. <\/span><\/span><\/span><span style=\"font-family: Calibri, sans-serif;\"><span style=\"font-size: medium;\"><span style=\"color: #000000;\">Kolejne propozycje zaj\u0119\u0107 to: torba, koszyczki, jaja i kurczaczki wielkanocne, seria \u201cupi\u0119ksz sw\u00f3j dom\u201d, czyli obrus, podk\u0142adki, bie\u017cnik, os\u0142onka na doniczk\u0119, a\u017c dojdziemy do robienia zabawek, zwierz\u0105tek, breloczk\u00f3w.<\/span><\/span><\/span><\/p>\n<p><span style=\"font-family: Calibri, sans-serif;\"><span style=\"font-size: medium;\"><span style=\"color: #000000;\">Zaj\u0119cia prowadzi Emilia J\u00f3\u017awiak-Rosiak &#8211; historyczka sztuki, absolwentka Uniwersytetu \u0141\u00f3dzkiego.\u00a0Od czterech lat jest nierozerwalnie zwi\u0105zana z szyde\u0142kiem (w domu, w poci\u0105gu i nad morzem).\u00a0Do\u015bwiadczenie w prowadzeniu warsztat\u00f3w z tworzenia zabawek (amigurumi) i innych przedmiot\u00f3w zdobywa\u0142a jako wolontariuszka w Bibliotece Miejskiej w \u0141odzi.\u00a0Za\u0142o\u017cycielka profilu DZINDZIBO\u0141Y na FB.\u00a0Mi\u0142o\u015bniczka \u015bredniowiecznych miast, miasteczek, uliczek i kramik\u00f3w pe\u0142nych osobliwo\u015bci i niepowtarzalnych ma\u0142ych i du\u017cych dzie\u0142 sztuki r\u0119kodzielniczej.<\/span><\/span><\/span><\/p>","protected":false},"excerpt":{"rendered":"<p>Tw\u00f3rcza praca na warsztatach przyniesie rado\u015b\u0107 z siebie i estetyczn\u0105 satysfakcj\u0119 z efektu pracy w postaci indywidualnych wytwor\u00f3w. Opr\u00f3cz stymulowania kreatywno\u015bci, wa\u017cnym elementem spotka\u0144 b\u0119dzie skupienie si\u0119 na tera\u017aniejszo\u015bci (bycie tu i teraz), odpoczynek od \u015brodowiska elektronicznego zwi\u0119kszaj\u0105cy koncentracj\u0119 i pog\u0142\u0119biaj\u0105cy relacj\u0119, co wp\u0142ywa pozytywnie na dobrostan i samoocen\u0119. Warsztaty maj\u0105 na celu nauk\u0119 szyde\u0142kowych [&hellip;]<\/p>","protected":false},"author":35,"featured_media":36456,"comment_status":"closed","ping_status":"closed","template":"","tags":[],"mec_category":[389,358,535,371],"class_list":["post-47642","mec-events","type-mec-events","status-publish","has-post-thumbnail","hentry","mec_category-dorosli","mec_category-kluby-zainteresowan","mec_category-rekodzielo-rzemioslo","mec_category-zajecia"],"yoast_head":"<!-- This site is optimized with the Yoast SEO plugin v26.5 - https:\/\/yoast.com\/wordpress\/plugins\/seo\/ -->\n<title>Warsztaty szyde\u0142kowania\u00a0dla pocz\u0105tkuj\u0105cych \/\/ zaj\u0119cia sta\u0142e \/\/ maj - MSK<\/title>\n<meta name=\"robots\" content=\"index, follow, max-snippet:-1, max-image-preview:large, max-video-preview:-1\" \/>\n<link rel=\"canonical\" href=\"https:\/\/msk.lodz.pl\/en\/msk\/warsztaty-szydelkowania-dla-poczatkujacych-zajecia-stale-luty-661-753-844\/\" \/>\n<meta property=\"og:locale\" content=\"en_GB\" \/>\n<meta property=\"og:type\" content=\"article\" \/>\n<meta property=\"og:title\" content=\"Warsztaty szyde\u0142kowania\u00a0dla pocz\u0105tkuj\u0105cych \/\/ zaj\u0119cia sta\u0142e \/\/ maj - MSK\" \/>\n<meta property=\"og:description\" content=\"Tw\u00f3rcza praca na warsztatach przyniesie rado\u015b\u0107 z siebie i estetyczn\u0105 satysfakcj\u0119 z efektu pracy w postaci indywidualnych wytwor\u00f3w. Opr\u00f3cz stymulowania kreatywno\u015bci, wa\u017cnym elementem spotka\u0144 b\u0119dzie skupienie si\u0119 na tera\u017aniejszo\u015bci (bycie tu i teraz), odpoczynek od \u015brodowiska elektronicznego zwi\u0119kszaj\u0105cy koncentracj\u0119 i pog\u0142\u0119biaj\u0105cy relacj\u0119, co wp\u0142ywa pozytywnie na dobrostan i samoocen\u0119. Warsztaty maj\u0105 na celu nauk\u0119 szyde\u0142kowych [&hellip;]\" \/>\n<meta property=\"og:url\" content=\"https:\/\/msk.lodz.pl\/en\/msk\/warsztaty-szydelkowania-dla-poczatkujacych-zajecia-stale-luty-661-753-844\/\" \/>\n<meta property=\"og:site_name\" content=\"MSK\" \/>\n<meta property=\"og:image\" content=\"https:\/\/msk.lodz.pl\/wp-content\/uploads\/2024\/01\/WWW-wydarzenia-w-502-24-1024x736.png\" \/>\n\t<meta property=\"og:image:width\" content=\"1024\" \/>\n\t<meta property=\"og:image:height\" content=\"736\" \/>\n\t<meta property=\"og:image:type\" content=\"image\/png\" \/>\n<meta name=\"twitter:card\" content=\"summary_large_image\" \/>\n<meta name=\"twitter:label1\" content=\"Estimated reading time\" \/>\n\t<meta name=\"twitter:data1\" content=\"1 minute\" \/>\n<script type=\"application\/ld+json\" class=\"yoast-schema-graph\">{\"@context\":\"https:\/\/schema.org\",\"@graph\":[{\"@type\":\"WebPage\",\"@id\":\"https:\/\/msk.lodz.pl\/msk\/warsztaty-szydelkowania-dla-poczatkujacych-zajecia-stale-luty-661-753-844\/\",\"url\":\"https:\/\/msk.lodz.pl\/msk\/warsztaty-szydelkowania-dla-poczatkujacych-zajecia-stale-luty-661-753-844\/\",\"name\":\"Warsztaty szyde\u0142kowania\u00a0dla pocz\u0105tkuj\u0105cych \/\/ zaj\u0119cia sta\u0142e \/\/ maj - MSK\",\"isPartOf\":{\"@id\":\"https:\/\/msk.lodz.pl\/#website\"},\"primaryImageOfPage\":{\"@id\":\"https:\/\/msk.lodz.pl\/msk\/warsztaty-szydelkowania-dla-poczatkujacych-zajecia-stale-luty-661-753-844\/#primaryimage\"},\"image\":{\"@id\":\"https:\/\/msk.lodz.pl\/msk\/warsztaty-szydelkowania-dla-poczatkujacych-zajecia-stale-luty-661-753-844\/#primaryimage\"},\"thumbnailUrl\":\"https:\/\/msk.lodz.pl\/wp-content\/uploads\/2024\/01\/WWW-wydarzenia-w-502-24.png\",\"datePublished\":\"2024-04-24T10:19:21+00:00\",\"breadcrumb\":{\"@id\":\"https:\/\/msk.lodz.pl\/msk\/warsztaty-szydelkowania-dla-poczatkujacych-zajecia-stale-luty-661-753-844\/#breadcrumb\"},\"inLanguage\":\"en-GB\",\"potentialAction\":[{\"@type\":\"ReadAction\",\"target\":[\"https:\/\/msk.lodz.pl\/msk\/warsztaty-szydelkowania-dla-poczatkujacych-zajecia-stale-luty-661-753-844\/\"]}]},{\"@type\":\"ImageObject\",\"inLanguage\":\"en-GB\",\"@id\":\"https:\/\/msk.lodz.pl\/msk\/warsztaty-szydelkowania-dla-poczatkujacych-zajecia-stale-luty-661-753-844\/#primaryimage\",\"url\":\"https:\/\/msk.lodz.pl\/wp-content\/uploads\/2024\/01\/WWW-wydarzenia-w-502-24.png\",\"contentUrl\":\"https:\/\/msk.lodz.pl\/wp-content\/uploads\/2024\/01\/WWW-wydarzenia-w-502-24.png\",\"width\":1424,\"height\":1024,\"caption\":\"W\u0142\u00f3czka i szyde\u0142ka\"},{\"@type\":\"BreadcrumbList\",\"@id\":\"https:\/\/msk.lodz.pl\/msk\/warsztaty-szydelkowania-dla-poczatkujacych-zajecia-stale-luty-661-753-844\/#breadcrumb\",\"itemListElement\":[{\"@type\":\"ListItem\",\"position\":1,\"name\":\"Strona g\u0142\u00f3wna\",\"item\":\"http:\/\/msk.lodz.pl\/en\/\"},{\"@type\":\"ListItem\",\"position\":2,\"name\":\"Wydarzenia\",\"item\":\"https:\/\/msk.lodz.pl\/msk\/\"},{\"@type\":\"ListItem\",\"position\":3,\"name\":\"Warsztaty szyde\u0142kowania\u00a0dla pocz\u0105tkuj\u0105cych \/\/ zaj\u0119cia sta\u0142e \/\/ maj\"}]},{\"@type\":\"WebSite\",\"@id\":\"https:\/\/msk.lodz.pl\/#website\",\"url\":\"https:\/\/msk.lodz.pl\/\",\"name\":\"MSK - \u0141\u00f3d\u017a\",\"description\":\"\",\"publisher\":{\"@id\":\"https:\/\/msk.lodz.pl\/#organization\"},\"potentialAction\":[{\"@type\":\"SearchAction\",\"target\":{\"@type\":\"EntryPoint\",\"urlTemplate\":\"https:\/\/msk.lodz.pl\/?s={search_term_string}\"},\"query-input\":{\"@type\":\"PropertyValueSpecification\",\"valueRequired\":true,\"valueName\":\"search_term_string\"}}],\"inLanguage\":\"en-GB\"},{\"@type\":\"Organization\",\"@id\":\"https:\/\/msk.lodz.pl\/#organization\",\"name\":\"MSK - \u0141\u00f3d\u017a\",\"url\":\"https:\/\/msk.lodz.pl\/\",\"logo\":{\"@type\":\"ImageObject\",\"inLanguage\":\"en-GB\",\"@id\":\"https:\/\/msk.lodz.pl\/#\/schema\/logo\/image\/\",\"url\":\"https:\/\/msk.lodz.pl\/wp-content\/uploads\/2023\/04\/cropped-Fav_icon_MSK.png\",\"contentUrl\":\"https:\/\/msk.lodz.pl\/wp-content\/uploads\/2023\/04\/cropped-Fav_icon_MSK.png\",\"width\":512,\"height\":512,\"caption\":\"MSK - \u0141\u00f3d\u017a\"},\"image\":{\"@id\":\"https:\/\/msk.lodz.pl\/#\/schema\/logo\/image\/\"}}]}<\/script>\n<!-- \/ Yoast SEO plugin. -->","yoast_head_json":{"title":"Warsztaty szyde\u0142kowania\u00a0dla pocz\u0105tkuj\u0105cych \/\/ zaj\u0119cia sta\u0142e \/\/ maj - MSK","robots":{"index":"index","follow":"follow","max-snippet":"max-snippet:-1","max-image-preview":"max-image-preview:large","max-video-preview":"max-video-preview:-1"},"canonical":"https:\/\/msk.lodz.pl\/en\/msk\/warsztaty-szydelkowania-dla-poczatkujacych-zajecia-stale-luty-661-753-844\/","og_locale":"en_GB","og_type":"article","og_title":"Warsztaty szyde\u0142kowania\u00a0dla pocz\u0105tkuj\u0105cych \/\/ zaj\u0119cia sta\u0142e \/\/ maj - MSK","og_description":"Tw\u00f3rcza praca na warsztatach przyniesie rado\u015b\u0107 z siebie i estetyczn\u0105 satysfakcj\u0119 z efektu pracy w postaci indywidualnych wytwor\u00f3w. Opr\u00f3cz stymulowania kreatywno\u015bci, wa\u017cnym elementem spotka\u0144 b\u0119dzie skupienie si\u0119 na tera\u017aniejszo\u015bci (bycie tu i teraz), odpoczynek od \u015brodowiska elektronicznego zwi\u0119kszaj\u0105cy koncentracj\u0119 i pog\u0142\u0119biaj\u0105cy relacj\u0119, co wp\u0142ywa pozytywnie na dobrostan i samoocen\u0119. Warsztaty maj\u0105 na celu nauk\u0119 szyde\u0142kowych [&hellip;]","og_url":"https:\/\/msk.lodz.pl\/en\/msk\/warsztaty-szydelkowania-dla-poczatkujacych-zajecia-stale-luty-661-753-844\/","og_site_name":"MSK","og_image":[{"width":1024,"height":736,"url":"https:\/\/msk.lodz.pl\/wp-content\/uploads\/2024\/01\/WWW-wydarzenia-w-502-24-1024x736.png","type":"image\/png"}],"twitter_card":"summary_large_image","twitter_misc":{"Estimated reading time":"1 minute"},"schema":{"@context":"https:\/\/schema.org","@graph":[{"@type":"WebPage","@id":"https:\/\/msk.lodz.pl\/msk\/warsztaty-szydelkowania-dla-poczatkujacych-zajecia-stale-luty-661-753-844\/","url":"https:\/\/msk.lodz.pl\/msk\/warsztaty-szydelkowania-dla-poczatkujacych-zajecia-stale-luty-661-753-844\/","name":"Warsztaty szyde\u0142kowania\u00a0dla pocz\u0105tkuj\u0105cych \/\/ zaj\u0119cia sta\u0142e \/\/ maj - MSK","isPartOf":{"@id":"https:\/\/msk.lodz.pl\/#website"},"primaryImageOfPage":{"@id":"https:\/\/msk.lodz.pl\/msk\/warsztaty-szydelkowania-dla-poczatkujacych-zajecia-stale-luty-661-753-844\/#primaryimage"},"image":{"@id":"https:\/\/msk.lodz.pl\/msk\/warsztaty-szydelkowania-dla-poczatkujacych-zajecia-stale-luty-661-753-844\/#primaryimage"},"thumbnailUrl":"https:\/\/msk.lodz.pl\/wp-content\/uploads\/2024\/01\/WWW-wydarzenia-w-502-24.png","datePublished":"2024-04-24T10:19:21+00:00","breadcrumb":{"@id":"https:\/\/msk.lodz.pl\/msk\/warsztaty-szydelkowania-dla-poczatkujacych-zajecia-stale-luty-661-753-844\/#breadcrumb"},"inLanguage":"en-GB","potentialAction":[{"@type":"ReadAction","target":["https:\/\/msk.lodz.pl\/msk\/warsztaty-szydelkowania-dla-poczatkujacych-zajecia-stale-luty-661-753-844\/"]}]},{"@type":"ImageObject","inLanguage":"en-GB","@id":"https:\/\/msk.lodz.pl\/msk\/warsztaty-szydelkowania-dla-poczatkujacych-zajecia-stale-luty-661-753-844\/#primaryimage","url":"https:\/\/msk.lodz.pl\/wp-content\/uploads\/2024\/01\/WWW-wydarzenia-w-502-24.png","contentUrl":"https:\/\/msk.lodz.pl\/wp-content\/uploads\/2024\/01\/WWW-wydarzenia-w-502-24.png","width":1424,"height":1024,"caption":"W\u0142\u00f3czka i szyde\u0142ka"},{"@type":"BreadcrumbList","@id":"https:\/\/msk.lodz.pl\/msk\/warsztaty-szydelkowania-dla-poczatkujacych-zajecia-stale-luty-661-753-844\/#breadcrumb","itemListElement":[{"@type":"ListItem","position":1,"name":"Strona g\u0142\u00f3wna","item":"http:\/\/msk.lodz.pl\/en\/"},{"@type":"ListItem","position":2,"name":"Wydarzenia","item":"https:\/\/msk.lodz.pl\/msk\/"},{"@type":"ListItem","position":3,"name":"Warsztaty szyde\u0142kowania\u00a0dla pocz\u0105tkuj\u0105cych \/\/ zaj\u0119cia sta\u0142e \/\/ maj"}]},{"@type":"WebSite","@id":"https:\/\/msk.lodz.pl\/#website","url":"https:\/\/msk.lodz.pl\/","name":"MSK - \u0141\u00f3d\u017a","description":"","publisher":{"@id":"https:\/\/msk.lodz.pl\/#organization"},"potentialAction":[{"@type":"SearchAction","target":{"@type":"EntryPoint","urlTemplate":"https:\/\/msk.lodz.pl\/?s={search_term_string}"},"query-input":{"@type":"PropertyValueSpecification","valueRequired":true,"valueName":"search_term_string"}}],"inLanguage":"en-GB"},{"@type":"Organization","@id":"https:\/\/msk.lodz.pl\/#organization","name":"MSK - \u0141\u00f3d\u017a","url":"https:\/\/msk.lodz.pl\/","logo":{"@type":"ImageObject","inLanguage":"en-GB","@id":"https:\/\/msk.lodz.pl\/#\/schema\/logo\/image\/","url":"https:\/\/msk.lodz.pl\/wp-content\/uploads\/2023\/04\/cropped-Fav_icon_MSK.png","contentUrl":"https:\/\/msk.lodz.pl\/wp-content\/uploads\/2023\/04\/cropped-Fav_icon_MSK.png","width":512,"height":512,"caption":"MSK - \u0141\u00f3d\u017a"},"image":{"@id":"https:\/\/msk.lodz.pl\/#\/schema\/logo\/image\/"}}]}},"_links":{"self":[{"href":"https:\/\/msk.lodz.pl\/en\/wp-json\/wp\/v2\/mec-events\/47642","targetHints":{"allow":["GET"]}}],"collection":[{"href":"https:\/\/msk.lodz.pl\/en\/wp-json\/wp\/v2\/mec-events"}],"about":[{"href":"https:\/\/msk.lodz.pl\/en\/wp-json\/wp\/v2\/types\/mec-events"}],"author":[{"embeddable":true,"href":"https:\/\/msk.lodz.pl\/en\/wp-json\/wp\/v2\/users\/35"}],"replies":[{"embeddable":true,"href":"https:\/\/msk.lodz.pl\/en\/wp-json\/wp\/v2\/comments?post=47642"}],"wp:featuredmedia":[{"embeddable":true,"href":"https:\/\/msk.lodz.pl\/en\/wp-json\/wp\/v2\/media\/36456"}],"wp:attachment":[{"href":"https:\/\/msk.lodz.pl\/en\/wp-json\/wp\/v2\/media?parent=47642"}],"wp:term":[{"taxonomy":"post_tag","embeddable":true,"href":"https:\/\/msk.lodz.pl\/en\/wp-json\/wp\/v2\/tags?post=47642"},{"taxonomy":"mec_category","embeddable":true,"href":"https:\/\/msk.lodz.pl\/en\/wp-json\/wp\/v2\/mec_category?post=47642"}],"curies":[{"name":"wp","href":"https:\/\/api.w.org\/{rel}","templated":true}]}}