{"id":57873,"date":"2024-09-03T13:18:10","date_gmt":"2024-09-03T11:18:10","guid":{"rendered":"https:\/\/msk.lodz.pl\/?post_type=mec-events&#038;p=57873"},"modified":"2024-09-03T13:21:32","modified_gmt":"2024-09-03T11:21:32","slug":"zespol-piesni-i-tanca-mala-anilana-i-zajecia-stale-ix","status":"publish","type":"mec-events","link":"https:\/\/msk.lodz.pl\/en\/msk\/zespol-piesni-i-tanca-mala-anilana-i-zajecia-stale-ix\/","title":{"rendered":"Zesp\u00f3\u0142 Pie\u015bni i Ta\u0144ca Ma\u0142a Anilana I \/\/ zaj\u0119cia sta\u0142e \/\/ IX"},"content":{"rendered":"<p>Zaj\u0119cia Zespo\u0142u Pie\u015bni i Ta\u0144ca <strong>\u201eMa\u0142a Anilana I \u201d\u00a0<\/strong>to zaj\u0119cia adresowane do dzieci w wieku przedszkolnym.\u00a0Udzia\u0142 w zaj\u0119ciach <strong>\u201e<\/strong>Ma\u0142a Anilana<strong>\u201d<\/strong> to doskona\u0142y pomys\u0142 na rozpocz\u0119cie edukacji tanecznej! Podczas regularnych spotka\u0144 dzieci poznaj\u0105 podstawy ta\u0144ca klasycznego i ludowego, poprawi\u0105 swoj\u0105 koordynacj\u0119 i sprawno\u015b\u0107 oraz rozwin\u0105 estetyk\u0119 ruchu.<\/p>\n<p>24 wrze\u015bnia zapraszamy na pierwsze spotkanie organizacyjne!<\/p>\n<p>Prowadz\u0105cy: Mariusz Wolski<\/p>","protected":false},"excerpt":{"rendered":"<p>Zaj\u0119cia Zespo\u0142u Pie\u015bni i Ta\u0144ca \u201eMa\u0142a Anilana I \u201d\u00a0to zaj\u0119cia adresowane do dzieci w wieku przedszkolnym.\u00a0Udzia\u0142 w zaj\u0119ciach \u201eMa\u0142a Anilana\u201d to doskona\u0142y pomys\u0142 na rozpocz\u0119cie edukacji tanecznej! Podczas regularnych spotka\u0144 dzieci poznaj\u0105 podstawy ta\u0144ca klasycznego i ludowego, poprawi\u0105 swoj\u0105 koordynacj\u0119 i sprawno\u015b\u0107 oraz rozwin\u0105 estetyk\u0119 ruchu. 24 wrze\u015bnia zapraszamy na pierwsze spotkanie organizacyjne! Prowadz\u0105cy: Mariusz [&hellip;]<\/p>","protected":false},"author":8,"featured_media":57876,"comment_status":"closed","ping_status":"closed","template":"","tags":[],"mec_category":[368,369,371],"class_list":["post-57873","mec-events","type-mec-events","status-publish","has-post-thumbnail","hentry","mec_category-dzieci","mec_category-taniec","mec_category-zajecia"],"yoast_head":"<!-- This site is optimized with the Yoast SEO plugin v26.5 - https:\/\/yoast.com\/wordpress\/plugins\/seo\/ -->\n<title>Zesp\u00f3\u0142 Pie\u015bni i Ta\u0144ca Ma\u0142a Anilana I \/\/ zaj\u0119cia sta\u0142e \/\/ IX - MSK<\/title>\n<meta name=\"robots\" content=\"index, follow, max-snippet:-1, max-image-preview:large, max-video-preview:-1\" \/>\n<link rel=\"canonical\" href=\"https:\/\/msk.lodz.pl\/en\/msk\/zespol-piesni-i-tanca-mala-anilana-i-zajecia-stale-ix\/\" \/>\n<meta property=\"og:locale\" content=\"en_GB\" \/>\n<meta property=\"og:type\" content=\"article\" \/>\n<meta property=\"og:title\" content=\"Zesp\u00f3\u0142 Pie\u015bni i Ta\u0144ca Ma\u0142a Anilana I \/\/ zaj\u0119cia sta\u0142e \/\/ IX - MSK\" \/>\n<meta property=\"og:description\" content=\"Zaj\u0119cia Zespo\u0142u Pie\u015bni i Ta\u0144ca \u201eMa\u0142a Anilana I \u201d\u00a0to zaj\u0119cia adresowane do dzieci w wieku przedszkolnym.\u00a0Udzia\u0142 w zaj\u0119ciach \u201eMa\u0142a Anilana\u201d to doskona\u0142y pomys\u0142 na rozpocz\u0119cie edukacji tanecznej! Podczas regularnych spotka\u0144 dzieci poznaj\u0105 podstawy ta\u0144ca klasycznego i ludowego, poprawi\u0105 swoj\u0105 koordynacj\u0119 i sprawno\u015b\u0107 oraz rozwin\u0105 estetyk\u0119 ruchu. 24 wrze\u015bnia zapraszamy na pierwsze spotkanie organizacyjne! Prowadz\u0105cy: Mariusz [&hellip;]\" \/>\n<meta property=\"og:url\" content=\"https:\/\/msk.lodz.pl\/en\/msk\/zespol-piesni-i-tanca-mala-anilana-i-zajecia-stale-ix\/\" \/>\n<meta property=\"og:site_name\" content=\"MSK\" \/>\n<meta property=\"article:modified_time\" content=\"2024-09-03T11:21:32+00:00\" \/>\n<meta property=\"og:image\" content=\"https:\/\/msk.lodz.pl\/wp-content\/uploads\/2024\/08\/mala-anilana-.png\" \/>\n\t<meta property=\"og:image:width\" content=\"1424\" \/>\n\t<meta property=\"og:image:height\" content=\"1024\" \/>\n\t<meta property=\"og:image:type\" content=\"image\/png\" \/>\n<meta name=\"twitter:card\" content=\"summary_large_image\" \/>\n<script type=\"application\/ld+json\" class=\"yoast-schema-graph\">{\"@context\":\"https:\/\/schema.org\",\"@graph\":[{\"@type\":\"WebPage\",\"@id\":\"https:\/\/msk.lodz.pl\/msk\/zespol-piesni-i-tanca-mala-anilana-i-zajecia-stale-ix\/\",\"url\":\"https:\/\/msk.lodz.pl\/msk\/zespol-piesni-i-tanca-mala-anilana-i-zajecia-stale-ix\/\",\"name\":\"Zesp\u00f3\u0142 Pie\u015bni i Ta\u0144ca Ma\u0142a Anilana I \/\/ zaj\u0119cia sta\u0142e \/\/ IX - MSK\",\"isPartOf\":{\"@id\":\"https:\/\/msk.lodz.pl\/#website\"},\"primaryImageOfPage\":{\"@id\":\"https:\/\/msk.lodz.pl\/msk\/zespol-piesni-i-tanca-mala-anilana-i-zajecia-stale-ix\/#primaryimage\"},\"image\":{\"@id\":\"https:\/\/msk.lodz.pl\/msk\/zespol-piesni-i-tanca-mala-anilana-i-zajecia-stale-ix\/#primaryimage\"},\"thumbnailUrl\":\"https:\/\/msk.lodz.pl\/wp-content\/uploads\/2024\/08\/mala-anilana-.png\",\"datePublished\":\"2024-09-03T11:18:10+00:00\",\"dateModified\":\"2024-09-03T11:21:32+00:00\",\"breadcrumb\":{\"@id\":\"https:\/\/msk.lodz.pl\/msk\/zespol-piesni-i-tanca-mala-anilana-i-zajecia-stale-ix\/#breadcrumb\"},\"inLanguage\":\"en-GB\",\"potentialAction\":[{\"@type\":\"ReadAction\",\"target\":[\"https:\/\/msk.lodz.pl\/msk\/zespol-piesni-i-tanca-mala-anilana-i-zajecia-stale-ix\/\"]}]},{\"@type\":\"ImageObject\",\"inLanguage\":\"en-GB\",\"@id\":\"https:\/\/msk.lodz.pl\/msk\/zespol-piesni-i-tanca-mala-anilana-i-zajecia-stale-ix\/#primaryimage\",\"url\":\"https:\/\/msk.lodz.pl\/wp-content\/uploads\/2024\/08\/mala-anilana-.png\",\"contentUrl\":\"https:\/\/msk.lodz.pl\/wp-content\/uploads\/2024\/08\/mala-anilana-.png\",\"width\":1424,\"height\":1024},{\"@type\":\"BreadcrumbList\",\"@id\":\"https:\/\/msk.lodz.pl\/msk\/zespol-piesni-i-tanca-mala-anilana-i-zajecia-stale-ix\/#breadcrumb\",\"itemListElement\":[{\"@type\":\"ListItem\",\"position\":1,\"name\":\"Strona g\u0142\u00f3wna\",\"item\":\"http:\/\/msk.lodz.pl\/en\/\"},{\"@type\":\"ListItem\",\"position\":2,\"name\":\"Wydarzenia\",\"item\":\"https:\/\/msk.lodz.pl\/msk\/\"},{\"@type\":\"ListItem\",\"position\":3,\"name\":\"Zesp\u00f3\u0142 Pie\u015bni i Ta\u0144ca Ma\u0142a Anilana I \/\/ zaj\u0119cia sta\u0142e \/\/ IX\"}]},{\"@type\":\"WebSite\",\"@id\":\"https:\/\/msk.lodz.pl\/#website\",\"url\":\"https:\/\/msk.lodz.pl\/\",\"name\":\"MSK - \u0141\u00f3d\u017a\",\"description\":\"\",\"publisher\":{\"@id\":\"https:\/\/msk.lodz.pl\/#organization\"},\"potentialAction\":[{\"@type\":\"SearchAction\",\"target\":{\"@type\":\"EntryPoint\",\"urlTemplate\":\"https:\/\/msk.lodz.pl\/?s={search_term_string}\"},\"query-input\":{\"@type\":\"PropertyValueSpecification\",\"valueRequired\":true,\"valueName\":\"search_term_string\"}}],\"inLanguage\":\"en-GB\"},{\"@type\":\"Organization\",\"@id\":\"https:\/\/msk.lodz.pl\/#organization\",\"name\":\"MSK - \u0141\u00f3d\u017a\",\"url\":\"https:\/\/msk.lodz.pl\/\",\"logo\":{\"@type\":\"ImageObject\",\"inLanguage\":\"en-GB\",\"@id\":\"https:\/\/msk.lodz.pl\/#\/schema\/logo\/image\/\",\"url\":\"https:\/\/msk.lodz.pl\/wp-content\/uploads\/2023\/04\/cropped-Fav_icon_MSK.png\",\"contentUrl\":\"https:\/\/msk.lodz.pl\/wp-content\/uploads\/2023\/04\/cropped-Fav_icon_MSK.png\",\"width\":512,\"height\":512,\"caption\":\"MSK - \u0141\u00f3d\u017a\"},\"image\":{\"@id\":\"https:\/\/msk.lodz.pl\/#\/schema\/logo\/image\/\"}}]}<\/script>\n<!-- \/ Yoast SEO plugin. -->","yoast_head_json":{"title":"Zesp\u00f3\u0142 Pie\u015bni i Ta\u0144ca Ma\u0142a Anilana I \/\/ zaj\u0119cia sta\u0142e \/\/ IX - MSK","robots":{"index":"index","follow":"follow","max-snippet":"max-snippet:-1","max-image-preview":"max-image-preview:large","max-video-preview":"max-video-preview:-1"},"canonical":"https:\/\/msk.lodz.pl\/en\/msk\/zespol-piesni-i-tanca-mala-anilana-i-zajecia-stale-ix\/","og_locale":"en_GB","og_type":"article","og_title":"Zesp\u00f3\u0142 Pie\u015bni i Ta\u0144ca Ma\u0142a Anilana I \/\/ zaj\u0119cia sta\u0142e \/\/ IX - MSK","og_description":"Zaj\u0119cia Zespo\u0142u Pie\u015bni i Ta\u0144ca \u201eMa\u0142a Anilana I \u201d\u00a0to zaj\u0119cia adresowane do dzieci w wieku przedszkolnym.\u00a0Udzia\u0142 w zaj\u0119ciach \u201eMa\u0142a Anilana\u201d to doskona\u0142y pomys\u0142 na rozpocz\u0119cie edukacji tanecznej! Podczas regularnych spotka\u0144 dzieci poznaj\u0105 podstawy ta\u0144ca klasycznego i ludowego, poprawi\u0105 swoj\u0105 koordynacj\u0119 i sprawno\u015b\u0107 oraz rozwin\u0105 estetyk\u0119 ruchu. 24 wrze\u015bnia zapraszamy na pierwsze spotkanie organizacyjne! Prowadz\u0105cy: Mariusz [&hellip;]","og_url":"https:\/\/msk.lodz.pl\/en\/msk\/zespol-piesni-i-tanca-mala-anilana-i-zajecia-stale-ix\/","og_site_name":"MSK","article_modified_time":"2024-09-03T11:21:32+00:00","og_image":[{"width":1424,"height":1024,"url":"https:\/\/msk.lodz.pl\/wp-content\/uploads\/2024\/08\/mala-anilana-.png","type":"image\/png"}],"twitter_card":"summary_large_image","schema":{"@context":"https:\/\/schema.org","@graph":[{"@type":"WebPage","@id":"https:\/\/msk.lodz.pl\/msk\/zespol-piesni-i-tanca-mala-anilana-i-zajecia-stale-ix\/","url":"https:\/\/msk.lodz.pl\/msk\/zespol-piesni-i-tanca-mala-anilana-i-zajecia-stale-ix\/","name":"Zesp\u00f3\u0142 Pie\u015bni i Ta\u0144ca Ma\u0142a Anilana I \/\/ zaj\u0119cia sta\u0142e \/\/ IX - MSK","isPartOf":{"@id":"https:\/\/msk.lodz.pl\/#website"},"primaryImageOfPage":{"@id":"https:\/\/msk.lodz.pl\/msk\/zespol-piesni-i-tanca-mala-anilana-i-zajecia-stale-ix\/#primaryimage"},"image":{"@id":"https:\/\/msk.lodz.pl\/msk\/zespol-piesni-i-tanca-mala-anilana-i-zajecia-stale-ix\/#primaryimage"},"thumbnailUrl":"https:\/\/msk.lodz.pl\/wp-content\/uploads\/2024\/08\/mala-anilana-.png","datePublished":"2024-09-03T11:18:10+00:00","dateModified":"2024-09-03T11:21:32+00:00","breadcrumb":{"@id":"https:\/\/msk.lodz.pl\/msk\/zespol-piesni-i-tanca-mala-anilana-i-zajecia-stale-ix\/#breadcrumb"},"inLanguage":"en-GB","potentialAction":[{"@type":"ReadAction","target":["https:\/\/msk.lodz.pl\/msk\/zespol-piesni-i-tanca-mala-anilana-i-zajecia-stale-ix\/"]}]},{"@type":"ImageObject","inLanguage":"en-GB","@id":"https:\/\/msk.lodz.pl\/msk\/zespol-piesni-i-tanca-mala-anilana-i-zajecia-stale-ix\/#primaryimage","url":"https:\/\/msk.lodz.pl\/wp-content\/uploads\/2024\/08\/mala-anilana-.png","contentUrl":"https:\/\/msk.lodz.pl\/wp-content\/uploads\/2024\/08\/mala-anilana-.png","width":1424,"height":1024},{"@type":"BreadcrumbList","@id":"https:\/\/msk.lodz.pl\/msk\/zespol-piesni-i-tanca-mala-anilana-i-zajecia-stale-ix\/#breadcrumb","itemListElement":[{"@type":"ListItem","position":1,"name":"Strona g\u0142\u00f3wna","item":"http:\/\/msk.lodz.pl\/en\/"},{"@type":"ListItem","position":2,"name":"Wydarzenia","item":"https:\/\/msk.lodz.pl\/msk\/"},{"@type":"ListItem","position":3,"name":"Zesp\u00f3\u0142 Pie\u015bni i Ta\u0144ca Ma\u0142a Anilana I \/\/ zaj\u0119cia sta\u0142e \/\/ IX"}]},{"@type":"WebSite","@id":"https:\/\/msk.lodz.pl\/#website","url":"https:\/\/msk.lodz.pl\/","name":"MSK - \u0141\u00f3d\u017a","description":"","publisher":{"@id":"https:\/\/msk.lodz.pl\/#organization"},"potentialAction":[{"@type":"SearchAction","target":{"@type":"EntryPoint","urlTemplate":"https:\/\/msk.lodz.pl\/?s={search_term_string}"},"query-input":{"@type":"PropertyValueSpecification","valueRequired":true,"valueName":"search_term_string"}}],"inLanguage":"en-GB"},{"@type":"Organization","@id":"https:\/\/msk.lodz.pl\/#organization","name":"MSK - \u0141\u00f3d\u017a","url":"https:\/\/msk.lodz.pl\/","logo":{"@type":"ImageObject","inLanguage":"en-GB","@id":"https:\/\/msk.lodz.pl\/#\/schema\/logo\/image\/","url":"https:\/\/msk.lodz.pl\/wp-content\/uploads\/2023\/04\/cropped-Fav_icon_MSK.png","contentUrl":"https:\/\/msk.lodz.pl\/wp-content\/uploads\/2023\/04\/cropped-Fav_icon_MSK.png","width":512,"height":512,"caption":"MSK - \u0141\u00f3d\u017a"},"image":{"@id":"https:\/\/msk.lodz.pl\/#\/schema\/logo\/image\/"}}]}},"_links":{"self":[{"href":"https:\/\/msk.lodz.pl\/en\/wp-json\/wp\/v2\/mec-events\/57873","targetHints":{"allow":["GET"]}}],"collection":[{"href":"https:\/\/msk.lodz.pl\/en\/wp-json\/wp\/v2\/mec-events"}],"about":[{"href":"https:\/\/msk.lodz.pl\/en\/wp-json\/wp\/v2\/types\/mec-events"}],"author":[{"embeddable":true,"href":"https:\/\/msk.lodz.pl\/en\/wp-json\/wp\/v2\/users\/8"}],"replies":[{"embeddable":true,"href":"https:\/\/msk.lodz.pl\/en\/wp-json\/wp\/v2\/comments?post=57873"}],"wp:featuredmedia":[{"embeddable":true,"href":"https:\/\/msk.lodz.pl\/en\/wp-json\/wp\/v2\/media\/57876"}],"wp:attachment":[{"href":"https:\/\/msk.lodz.pl\/en\/wp-json\/wp\/v2\/media?parent=57873"}],"wp:term":[{"taxonomy":"post_tag","embeddable":true,"href":"https:\/\/msk.lodz.pl\/en\/wp-json\/wp\/v2\/tags?post=57873"},{"taxonomy":"mec_category","embeddable":true,"href":"https:\/\/msk.lodz.pl\/en\/wp-json\/wp\/v2\/mec_category?post=57873"}],"curies":[{"name":"wp","href":"https:\/\/api.w.org\/{rel}","templated":true}]}}