{"id":57926,"date":"2024-08-19T15:29:25","date_gmt":"2024-08-19T13:29:25","guid":{"rendered":"https:\/\/msk.lodz.pl\/?post_type=mec-events&#038;p=57926"},"modified":"2024-11-27T09:12:02","modified_gmt":"2024-11-27T08:12:02","slug":"uszyj-to-zajecia-stale-xii-325-271-902-949-732-794-627","status":"publish","type":"mec-events","link":"https:\/\/msk.lodz.pl\/en\/msk\/uszyj-to-zajecia-stale-xii-325-271-902-949-732-794-627\/","title":{"rendered":"Uszyj to &#8211; warsztaty szycia \/\/ zaj\u0119cia sta\u0142e \/\/ XII"},"content":{"rendered":"<p><strong>Poziom<\/strong> <strong>podstawowy<\/strong> dla\u00a0 os\u00f3b, kt\u00f3re dopiero zaczynaj\u0105 swoj\u0105 przygod\u0119 z szyciem.<\/p>\n<p>Nauczymy Ci\u0119 wszystkiego od podstaw: obs\u0142ugi maszyny, wyboru odpowiednich tkanin, nici, \u015bcieg\u00f3w i stopek oraz pracy z wykrojami. Zapewniamy wszystkie potrzebne materia\u0142y, narz\u0119dzia i maszyny. Uszyte rzeczy s\u0105 oczywi\u015bcie dla Ciebie.<\/p>\n<p>&nbsp;<\/p>\n<p>&nbsp;<\/p>\n<p><strong>Osoby \u015bredniozaawansowane<\/strong>, kt\u00f3ry maj\u0105 ju\u017c podstawowe umiej\u0119tno\u015bci szycia na maszynie i chcia\u0142yby doskonali\u0107 je szyj\u0105c lub przerabiaj\u0105c ubrania r\u00f3wnie\u017c zapraszamy.<\/p>\n<p>Jeste\u015bmy otwarci na indywidualne potrzeby i krawieckie pomys\u0142y w zakresie szycia ubra\u0144 lub ich przer\u00f3bek. Zach\u0119cam do szycia niepowtarzalnych stroj\u00f3w z w\u0142asnych materia\u0142\u00f3w.<\/p>\n<p>Oferujemy mo\u017cliwo\u015b\u0107 skorzystania z maszyn do szycia, pomoc merytoryczn\u0105\u00a0 w zakresie doboru i dopasowania wykroju, poszczeg\u00f3lnych etap\u00f3w pracy i technik szycia oraz wykonania detali krawieckich. Dajemy wskaz\u00f3wki techniczne i wsparcie od przygotowania wykroju, krojenie, a\u017c po kolejne etapy szycia i wyko\u0144czenie gotowego ubrania. Oferujemy mo\u017cliwo\u015b\u0107 skorzystania z maszyn do szycia i narz\u0119dzi oraz pomoc i wsparcie w ca\u0142ym procesie powstawania ubrania.<\/p>\n<p>Osoby wybieraj\u0105ce ten rodzaj udzia\u0142u w zaj\u0119ciach b\u0119d\u0105 pracowa\u0142y nad indywidualnymi projektami pod okiem instruktora z w\u0142asnych materia\u0142\u00f3w, tak aby uszyta garderoba, jak najlepiej odpowiada\u0142 ich potrzebom.<\/p>\n<p>&nbsp;<\/p>\n<p>&nbsp;<\/p>\n<p>&nbsp;<\/p>\n<p><strong>SZCZEG\u00d3\u0141OWY PLAN ZAJ\u0118\u0106 WRZESIE\u0143 \u2013 GRUDZIE\u0143 2024<\/strong><\/p>\n<p><strong>POZIOM PODSTAWOWY: <\/strong><\/p>\n<p>Ka\u017cde spotkanie warsztatowe b\u0119dzie podzielone na dwie cz\u0119\u015bci:<\/p>\n<ul>\n<li>teoretyczn\u0105 \u2013 uczestnicy zdob\u0119d\u0105 wiedz\u0119 z zakresu obs\u0142ugi maszyny, materia\u0142oznawstwa, zdejmowania miary, przygotowywania wykroj\u00f3w i realizacji krawieckich projekt\u00f3w itp.<\/li>\n<li>praktyczn\u0105 &#8211; uszyjemy w ka\u017cdym miesi\u0105cu dwie rzeczy, od toreb na zakupy, worko-plecka\u00f3w, przez kosmetyczki, nerki, akcesoria do domu \u2013 fartuszki, r\u0119kawice kuchenne, woreczki na pieczywo, a\u017c po ubrania.<\/li>\n<\/ul>\n<p>&nbsp;<\/p>\n<p>Zapewniamy wszystkie potrzebne materia\u0142y, narz\u0119dzia i maszyny. Uszyte rzeczy s\u0105 oczywi\u015bcie dla uczestnik\u00f3w.<\/p>\n<p>&nbsp;<\/p>\n<p><u>Wrzesie\u0144:<\/u><\/p>\n<p>Podstawy obs\u0142ugi maszyny do szycia. \u015aciegi i ich zastosowanie.<\/p>\n<p>Uszyjemy:<\/p>\n<p>&#8211; torb\u0119 na zakupy<\/p>\n<p>&#8211; worko-plecak z kieszonk\u0105 i podszewk\u0105.<\/p>\n<p>&nbsp;<\/p>\n<p><u>Pa\u017adziernik <\/u><\/p>\n<p>Materia\u0142y: tkaniny, dzianiny i inne, co z nich mo\u017cna uszy\u0107. Ig\u0142y i stopki \u2013 rodzaje i zastosowanie. Wykonywanie dziurek.<\/p>\n<p>Uszyjemy;<\/p>\n<p>&#8211; kosmetyczka wyko\u0144czona wypustk\u0105<\/p>\n<p>&#8211; poduszka z aplikacj\u0105 zapinana na guziki<\/p>\n<p>&nbsp;<\/p>\n<p><u>Listopad<\/u><\/p>\n<p>Wszywanie zamk\u00f3w. Przygotowywanie wykroj\u00f3w i instrukcje szycia w magazynach krawieckich \u2013 praktyczne wskaz\u00f3wki, jak z nich korzysta\u0107.<\/p>\n<p>Uszyjemy;<\/p>\n<p>&#8211; d\u017cinsowa nerka<\/p>\n<p>&#8211; kosmetyczka zapinana na zamek<\/p>\n<p>&nbsp;<\/p>\n<p><u>Grudzie\u0144 <\/u><\/p>\n<p>Wyko\u0144czenia odzie\u017cy: falbanki. Kieszenie \u2013 rodzaje i zastosowanie.<\/p>\n<p>Uszyjemy:<\/p>\n<p>&#8211; fartuszek z falbank\u0105<\/p>\n<p>&#8211; \u015bwi\u0105teczna choinka lub \u015bwi\u0105teczny skrzat<\/p>\n<p>&nbsp;<\/p>\n<p>W kolejnych miesi\u0105cach rozpoczniemy szycie ubra\u0144:<\/p>\n<p>&#8211; bluzka koszulowa<\/p>\n<p>&#8211; sp\u00f3dnica o\u0142\u00f3wkowa<\/p>\n<p>&#8211; sukienka kopertowa<\/p>\n<p>&#8211; spodnie<\/p>\n<p>&nbsp;<\/p>","protected":false},"excerpt":{"rendered":"<p>Chcesz nauczy\u0107 si\u0119 szy\u0107 na maszynie lub doskonali\u0107 umiej\u0119tno\u015bci krawieckie?<br \/>\nMarzysz o w\u0142asnor\u0119cznie uszytych ubraniach, dodatkach, a mo\u017ce domowych akcesoriach. Potrzebujesz nauczy\u0107 si\u0119 dopasowywa\u0107 stroje do w\u0142asnej sylwetki, przerobi\u0107 zapomniane ubrania lub skr\u00f3ci\u0107 spodnie. Z nami b\u0119dzie to \u0142atwe! <\/p>","protected":false},"author":14,"featured_media":57940,"comment_status":"open","ping_status":"closed","template":"","tags":[],"mec_category":[389,394,535,397,360,371],"class_list":["post-57926","mec-events","type-mec-events","status-publish","has-post-thumbnail","hentry","mec_category-dorosli","mec_category-mlodziez","mec_category-rekodzielo-rzemioslo","mec_category-seniorzy","mec_category-sztuka","mec_category-zajecia"],"yoast_head":"<!-- This site is optimized with the Yoast SEO plugin v26.5 - https:\/\/yoast.com\/wordpress\/plugins\/seo\/ -->\n<title>Uszyj to - warsztaty szycia \/\/ zaj\u0119cia sta\u0142e \/\/ XII - MSK<\/title>\n<meta name=\"robots\" content=\"index, follow, max-snippet:-1, max-image-preview:large, max-video-preview:-1\" \/>\n<link rel=\"canonical\" href=\"https:\/\/msk.lodz.pl\/en\/msk\/uszyj-to-zajecia-stale-xii-325-271-902-949-732-794-627\/\" \/>\n<meta property=\"og:locale\" content=\"en_GB\" \/>\n<meta property=\"og:type\" content=\"article\" \/>\n<meta property=\"og:title\" content=\"Uszyj to - warsztaty szycia \/\/ zaj\u0119cia sta\u0142e \/\/ XII - MSK\" \/>\n<meta property=\"og:description\" content=\"Chcesz nauczy\u0107 si\u0119 szy\u0107 na maszynie lub doskonali\u0107 umiej\u0119tno\u015bci krawieckie? Marzysz o w\u0142asnor\u0119cznie uszytych ubraniach, dodatkach, a mo\u017ce domowych akcesoriach. Potrzebujesz nauczy\u0107 si\u0119 dopasowywa\u0107 stroje do w\u0142asnej sylwetki, przerobi\u0107 zapomniane ubrania lub skr\u00f3ci\u0107 spodnie. Z nami b\u0119dzie to \u0142atwe!\" \/>\n<meta property=\"og:url\" content=\"https:\/\/msk.lodz.pl\/en\/msk\/uszyj-to-zajecia-stale-xii-325-271-902-949-732-794-627\/\" \/>\n<meta property=\"og:site_name\" content=\"MSK\" \/>\n<meta property=\"article:modified_time\" content=\"2024-11-27T08:12:02+00:00\" \/>\n<meta property=\"og:image\" content=\"https:\/\/msk.lodz.pl\/wp-content\/uploads\/2024\/08\/Widok-plakaty-1424-x-1024-px-36.png\" \/>\n\t<meta property=\"og:image:width\" content=\"1424\" \/>\n\t<meta property=\"og:image:height\" content=\"1024\" \/>\n\t<meta property=\"og:image:type\" content=\"image\/png\" \/>\n<meta name=\"twitter:card\" content=\"summary_large_image\" \/>\n<meta name=\"twitter:label1\" content=\"Estimated reading time\" \/>\n\t<meta name=\"twitter:data1\" content=\"2 minutes\" \/>\n<script type=\"application\/ld+json\" class=\"yoast-schema-graph\">{\"@context\":\"https:\/\/schema.org\",\"@graph\":[{\"@type\":\"WebPage\",\"@id\":\"https:\/\/msk.lodz.pl\/msk\/uszyj-to-zajecia-stale-xii-325-271-902-949-732-794-627\/\",\"url\":\"https:\/\/msk.lodz.pl\/msk\/uszyj-to-zajecia-stale-xii-325-271-902-949-732-794-627\/\",\"name\":\"Uszyj to - warsztaty szycia \/\/ zaj\u0119cia sta\u0142e \/\/ XII - MSK\",\"isPartOf\":{\"@id\":\"https:\/\/msk.lodz.pl\/#website\"},\"primaryImageOfPage\":{\"@id\":\"https:\/\/msk.lodz.pl\/msk\/uszyj-to-zajecia-stale-xii-325-271-902-949-732-794-627\/#primaryimage\"},\"image\":{\"@id\":\"https:\/\/msk.lodz.pl\/msk\/uszyj-to-zajecia-stale-xii-325-271-902-949-732-794-627\/#primaryimage\"},\"thumbnailUrl\":\"https:\/\/msk.lodz.pl\/wp-content\/uploads\/2024\/08\/Widok-plakaty-1424-x-1024-px-36.png\",\"datePublished\":\"2024-08-19T13:29:25+00:00\",\"dateModified\":\"2024-11-27T08:12:02+00:00\",\"breadcrumb\":{\"@id\":\"https:\/\/msk.lodz.pl\/msk\/uszyj-to-zajecia-stale-xii-325-271-902-949-732-794-627\/#breadcrumb\"},\"inLanguage\":\"en-GB\",\"potentialAction\":[{\"@type\":\"ReadAction\",\"target\":[\"https:\/\/msk.lodz.pl\/msk\/uszyj-to-zajecia-stale-xii-325-271-902-949-732-794-627\/\"]}]},{\"@type\":\"ImageObject\",\"inLanguage\":\"en-GB\",\"@id\":\"https:\/\/msk.lodz.pl\/msk\/uszyj-to-zajecia-stale-xii-325-271-902-949-732-794-627\/#primaryimage\",\"url\":\"https:\/\/msk.lodz.pl\/wp-content\/uploads\/2024\/08\/Widok-plakaty-1424-x-1024-px-36.png\",\"contentUrl\":\"https:\/\/msk.lodz.pl\/wp-content\/uploads\/2024\/08\/Widok-plakaty-1424-x-1024-px-36.png\",\"width\":1424,\"height\":1024},{\"@type\":\"BreadcrumbList\",\"@id\":\"https:\/\/msk.lodz.pl\/msk\/uszyj-to-zajecia-stale-xii-325-271-902-949-732-794-627\/#breadcrumb\",\"itemListElement\":[{\"@type\":\"ListItem\",\"position\":1,\"name\":\"Strona g\u0142\u00f3wna\",\"item\":\"http:\/\/msk.lodz.pl\/en\/\"},{\"@type\":\"ListItem\",\"position\":2,\"name\":\"Wydarzenia\",\"item\":\"https:\/\/msk.lodz.pl\/msk\/\"},{\"@type\":\"ListItem\",\"position\":3,\"name\":\"Uszyj to &#8211; warsztaty szycia \/\/ zaj\u0119cia sta\u0142e \/\/ XII\"}]},{\"@type\":\"WebSite\",\"@id\":\"https:\/\/msk.lodz.pl\/#website\",\"url\":\"https:\/\/msk.lodz.pl\/\",\"name\":\"MSK - \u0141\u00f3d\u017a\",\"description\":\"\",\"publisher\":{\"@id\":\"https:\/\/msk.lodz.pl\/#organization\"},\"potentialAction\":[{\"@type\":\"SearchAction\",\"target\":{\"@type\":\"EntryPoint\",\"urlTemplate\":\"https:\/\/msk.lodz.pl\/?s={search_term_string}\"},\"query-input\":{\"@type\":\"PropertyValueSpecification\",\"valueRequired\":true,\"valueName\":\"search_term_string\"}}],\"inLanguage\":\"en-GB\"},{\"@type\":\"Organization\",\"@id\":\"https:\/\/msk.lodz.pl\/#organization\",\"name\":\"MSK - \u0141\u00f3d\u017a\",\"url\":\"https:\/\/msk.lodz.pl\/\",\"logo\":{\"@type\":\"ImageObject\",\"inLanguage\":\"en-GB\",\"@id\":\"https:\/\/msk.lodz.pl\/#\/schema\/logo\/image\/\",\"url\":\"https:\/\/msk.lodz.pl\/wp-content\/uploads\/2023\/04\/cropped-Fav_icon_MSK.png\",\"contentUrl\":\"https:\/\/msk.lodz.pl\/wp-content\/uploads\/2023\/04\/cropped-Fav_icon_MSK.png\",\"width\":512,\"height\":512,\"caption\":\"MSK - \u0141\u00f3d\u017a\"},\"image\":{\"@id\":\"https:\/\/msk.lodz.pl\/#\/schema\/logo\/image\/\"}}]}<\/script>\n<!-- \/ Yoast SEO plugin. -->","yoast_head_json":{"title":"Uszyj to - warsztaty szycia \/\/ zaj\u0119cia sta\u0142e \/\/ XII - MSK","robots":{"index":"index","follow":"follow","max-snippet":"max-snippet:-1","max-image-preview":"max-image-preview:large","max-video-preview":"max-video-preview:-1"},"canonical":"https:\/\/msk.lodz.pl\/en\/msk\/uszyj-to-zajecia-stale-xii-325-271-902-949-732-794-627\/","og_locale":"en_GB","og_type":"article","og_title":"Uszyj to - warsztaty szycia \/\/ zaj\u0119cia sta\u0142e \/\/ XII - MSK","og_description":"Chcesz nauczy\u0107 si\u0119 szy\u0107 na maszynie lub doskonali\u0107 umiej\u0119tno\u015bci krawieckie? Marzysz o w\u0142asnor\u0119cznie uszytych ubraniach, dodatkach, a mo\u017ce domowych akcesoriach. Potrzebujesz nauczy\u0107 si\u0119 dopasowywa\u0107 stroje do w\u0142asnej sylwetki, przerobi\u0107 zapomniane ubrania lub skr\u00f3ci\u0107 spodnie. Z nami b\u0119dzie to \u0142atwe!","og_url":"https:\/\/msk.lodz.pl\/en\/msk\/uszyj-to-zajecia-stale-xii-325-271-902-949-732-794-627\/","og_site_name":"MSK","article_modified_time":"2024-11-27T08:12:02+00:00","og_image":[{"width":1424,"height":1024,"url":"https:\/\/msk.lodz.pl\/wp-content\/uploads\/2024\/08\/Widok-plakaty-1424-x-1024-px-36.png","type":"image\/png"}],"twitter_card":"summary_large_image","twitter_misc":{"Estimated reading time":"2 minutes"},"schema":{"@context":"https:\/\/schema.org","@graph":[{"@type":"WebPage","@id":"https:\/\/msk.lodz.pl\/msk\/uszyj-to-zajecia-stale-xii-325-271-902-949-732-794-627\/","url":"https:\/\/msk.lodz.pl\/msk\/uszyj-to-zajecia-stale-xii-325-271-902-949-732-794-627\/","name":"Uszyj to - warsztaty szycia \/\/ zaj\u0119cia sta\u0142e \/\/ XII - MSK","isPartOf":{"@id":"https:\/\/msk.lodz.pl\/#website"},"primaryImageOfPage":{"@id":"https:\/\/msk.lodz.pl\/msk\/uszyj-to-zajecia-stale-xii-325-271-902-949-732-794-627\/#primaryimage"},"image":{"@id":"https:\/\/msk.lodz.pl\/msk\/uszyj-to-zajecia-stale-xii-325-271-902-949-732-794-627\/#primaryimage"},"thumbnailUrl":"https:\/\/msk.lodz.pl\/wp-content\/uploads\/2024\/08\/Widok-plakaty-1424-x-1024-px-36.png","datePublished":"2024-08-19T13:29:25+00:00","dateModified":"2024-11-27T08:12:02+00:00","breadcrumb":{"@id":"https:\/\/msk.lodz.pl\/msk\/uszyj-to-zajecia-stale-xii-325-271-902-949-732-794-627\/#breadcrumb"},"inLanguage":"en-GB","potentialAction":[{"@type":"ReadAction","target":["https:\/\/msk.lodz.pl\/msk\/uszyj-to-zajecia-stale-xii-325-271-902-949-732-794-627\/"]}]},{"@type":"ImageObject","inLanguage":"en-GB","@id":"https:\/\/msk.lodz.pl\/msk\/uszyj-to-zajecia-stale-xii-325-271-902-949-732-794-627\/#primaryimage","url":"https:\/\/msk.lodz.pl\/wp-content\/uploads\/2024\/08\/Widok-plakaty-1424-x-1024-px-36.png","contentUrl":"https:\/\/msk.lodz.pl\/wp-content\/uploads\/2024\/08\/Widok-plakaty-1424-x-1024-px-36.png","width":1424,"height":1024},{"@type":"BreadcrumbList","@id":"https:\/\/msk.lodz.pl\/msk\/uszyj-to-zajecia-stale-xii-325-271-902-949-732-794-627\/#breadcrumb","itemListElement":[{"@type":"ListItem","position":1,"name":"Strona g\u0142\u00f3wna","item":"http:\/\/msk.lodz.pl\/en\/"},{"@type":"ListItem","position":2,"name":"Wydarzenia","item":"https:\/\/msk.lodz.pl\/msk\/"},{"@type":"ListItem","position":3,"name":"Uszyj to &#8211; warsztaty szycia \/\/ zaj\u0119cia sta\u0142e \/\/ XII"}]},{"@type":"WebSite","@id":"https:\/\/msk.lodz.pl\/#website","url":"https:\/\/msk.lodz.pl\/","name":"MSK - \u0141\u00f3d\u017a","description":"","publisher":{"@id":"https:\/\/msk.lodz.pl\/#organization"},"potentialAction":[{"@type":"SearchAction","target":{"@type":"EntryPoint","urlTemplate":"https:\/\/msk.lodz.pl\/?s={search_term_string}"},"query-input":{"@type":"PropertyValueSpecification","valueRequired":true,"valueName":"search_term_string"}}],"inLanguage":"en-GB"},{"@type":"Organization","@id":"https:\/\/msk.lodz.pl\/#organization","name":"MSK - \u0141\u00f3d\u017a","url":"https:\/\/msk.lodz.pl\/","logo":{"@type":"ImageObject","inLanguage":"en-GB","@id":"https:\/\/msk.lodz.pl\/#\/schema\/logo\/image\/","url":"https:\/\/msk.lodz.pl\/wp-content\/uploads\/2023\/04\/cropped-Fav_icon_MSK.png","contentUrl":"https:\/\/msk.lodz.pl\/wp-content\/uploads\/2023\/04\/cropped-Fav_icon_MSK.png","width":512,"height":512,"caption":"MSK - \u0141\u00f3d\u017a"},"image":{"@id":"https:\/\/msk.lodz.pl\/#\/schema\/logo\/image\/"}}]}},"_links":{"self":[{"href":"https:\/\/msk.lodz.pl\/en\/wp-json\/wp\/v2\/mec-events\/57926","targetHints":{"allow":["GET"]}}],"collection":[{"href":"https:\/\/msk.lodz.pl\/en\/wp-json\/wp\/v2\/mec-events"}],"about":[{"href":"https:\/\/msk.lodz.pl\/en\/wp-json\/wp\/v2\/types\/mec-events"}],"author":[{"embeddable":true,"href":"https:\/\/msk.lodz.pl\/en\/wp-json\/wp\/v2\/users\/14"}],"replies":[{"embeddable":true,"href":"https:\/\/msk.lodz.pl\/en\/wp-json\/wp\/v2\/comments?post=57926"}],"wp:featuredmedia":[{"embeddable":true,"href":"https:\/\/msk.lodz.pl\/en\/wp-json\/wp\/v2\/media\/57940"}],"wp:attachment":[{"href":"https:\/\/msk.lodz.pl\/en\/wp-json\/wp\/v2\/media?parent=57926"}],"wp:term":[{"taxonomy":"post_tag","embeddable":true,"href":"https:\/\/msk.lodz.pl\/en\/wp-json\/wp\/v2\/tags?post=57926"},{"taxonomy":"mec_category","embeddable":true,"href":"https:\/\/msk.lodz.pl\/en\/wp-json\/wp\/v2\/mec_category?post=57926"}],"curies":[{"name":"wp","href":"https:\/\/api.w.org\/{rel}","templated":true}]}}