{"id":74219,"date":"2024-12-06T16:28:23","date_gmt":"2024-12-06T15:28:23","guid":{"rendered":"https:\/\/msk.lodz.pl\/?post_type=mec-events&#038;p=74219"},"modified":"2024-12-06T16:28:23","modified_gmt":"2024-12-06T15:28:23","slug":"dzieciecy-zespol-piesni-i-tanca-lodeczki-zajecia-stale-vi-2","status":"publish","type":"mec-events","link":"https:\/\/msk.lodz.pl\/en\/msk\/dzieciecy-zespol-piesni-i-tanca-lodeczki-zajecia-stale-vi-2\/","title":{"rendered":"Dzieci\u0119cy Zesp\u00f3\u0142 Pie\u015bni i Ta\u0144ca &#8222;\u0141\u00f3deczki&#8221;\/\/zaj\u0119cia sta\u0142e\/\/VI"},"content":{"rendered":"<p>Zapraszamy na zaj\u0119cia <strong>Children<\/strong> i <strong>Youth<\/strong> w wieku od <strong>7<\/strong> do <strong>12<\/strong> lat. Ciekawy repertuar, pi\u0119kne, oryginalne kostiumy ludowe, akompaniament kapeli-muzyka na \u017cywo to niekt\u00f3re z atut\u00f3w naszego zespo\u0142u tanecznego. Podstawowe zadania realizowane podczas zaj\u0119\u0107 DzZPiT \u201e\u0141\u00f3deczki\u201d: pobudzenie inicjatywy, aktywno\u015bci, samodzielno\u015bci oraz wra\u017cliwo\u015bci dziecka; poznawanie ro\u017cnych technik ta\u0144ca, w tym podstaw ta\u0144ca klasycznego oraz polskich ta\u0144c\u00f3w narodowych i regionalnych; propagowanie folkloru polskiego (wyst\u0119py artystyczne) na terenie kraju; przygotowanie uk\u0142ad\u00f3w choreograficznych wchodz\u0105cych w sk\u0142ad programu artystycznego; opracowanie repertuaru \u015bpiewanego; praca pod okiem wykwalifikowanej kadry z wieloletnim do\u015bwiadczeniem; zaj\u0119cia przy akompaniamencie fortepianowym; mo\u017cliwo\u015b\u0107 kontynuacji przygody z ta\u0144cem w kolejnych grupach wiekowych: m\u0142odzie\u017cowej i doros\u0142ej. Wa\u017cnym aspektem uczestniczenia w &#8222;\u0141\u00f3deczkach&#8221; jest integracja w grupie r\u00f3wie\u015bnik\u00f3w oraz mo\u017cliwo\u015b\u0107 kontynuacji przygody z ta\u0144cem w trzech grupach wiekowych: dzieci\u0119cej, m\u0142odzie\u017cowej i doros\u0142ej.<\/p>\n<p>Prowadz\u0105ce: Beata Stelmach, Danuta Ciecha\u0144ska<\/p>\n<p>Sala widowiskowa<\/p>","protected":false},"excerpt":{"rendered":"<p>Zapraszamy na zaj\u0119cia Dzieci i M\u0142odzie\u017c w wieku od 7 do 12 lat. Ciekawy repertuar, pi\u0119kne, oryginalne kostiumy ludowe, akompaniament kapeli-muzyka na \u017cywo to niekt\u00f3re z atut\u00f3w naszego zespo\u0142u tanecznego. Podstawowe zadania realizowane podczas zaj\u0119\u0107 DzZPiT \u201e\u0141\u00f3deczki\u201d: pobudzenie inicjatywy, aktywno\u015bci, samodzielno\u015bci oraz wra\u017cliwo\u015bci dziecka; poznawanie ro\u017cnych technik ta\u0144ca, w tym podstaw ta\u0144ca klasycznego oraz polskich [&hellip;]<\/p>","protected":false},"author":25,"featured_media":14174,"comment_status":"closed","ping_status":"closed","template":"","tags":[],"mec_category":[405,368,394,537,393,536,369,371,633],"class_list":["post-74219","mec-events","type-mec-events","status-publish","has-post-thumbnail","hentry","mec_category-aktualnosci","mec_category-dzieci","mec_category-mlodziez","mec_category-muzyka","mec_category-muzyka-spiew","mec_category-spiew","mec_category-taniec","mec_category-zajecia","mec_category-zespoly-ludowe"],"yoast_head":"<!-- This site is optimized with the Yoast SEO plugin v26.5 - https:\/\/yoast.com\/wordpress\/plugins\/seo\/ -->\n<title>Dzieci\u0119cy Zesp\u00f3\u0142 Pie\u015bni i Ta\u0144ca &quot;\u0141\u00f3deczki&quot;\/\/zaj\u0119cia sta\u0142e\/\/VI - MSK<\/title>\n<meta name=\"robots\" content=\"index, follow, max-snippet:-1, max-image-preview:large, max-video-preview:-1\" \/>\n<link rel=\"canonical\" href=\"https:\/\/msk.lodz.pl\/en\/msk\/dzieciecy-zespol-piesni-i-tanca-lodeczki-zajecia-stale-vi-2\/\" \/>\n<meta property=\"og:locale\" content=\"en_GB\" \/>\n<meta property=\"og:type\" content=\"article\" \/>\n<meta property=\"og:title\" content=\"Dzieci\u0119cy Zesp\u00f3\u0142 Pie\u015bni i Ta\u0144ca &quot;\u0141\u00f3deczki&quot;\/\/zaj\u0119cia sta\u0142e\/\/VI - MSK\" \/>\n<meta property=\"og:description\" content=\"Zapraszamy na zaj\u0119cia Dzieci i M\u0142odzie\u017c w wieku od 7 do 12 lat. Ciekawy repertuar, pi\u0119kne, oryginalne kostiumy ludowe, akompaniament kapeli-muzyka na \u017cywo to niekt\u00f3re z atut\u00f3w naszego zespo\u0142u tanecznego. Podstawowe zadania realizowane podczas zaj\u0119\u0107 DzZPiT \u201e\u0141\u00f3deczki\u201d: pobudzenie inicjatywy, aktywno\u015bci, samodzielno\u015bci oraz wra\u017cliwo\u015bci dziecka; poznawanie ro\u017cnych technik ta\u0144ca, w tym podstaw ta\u0144ca klasycznego oraz polskich [&hellip;]\" \/>\n<meta property=\"og:url\" content=\"https:\/\/msk.lodz.pl\/en\/msk\/dzieciecy-zespol-piesni-i-tanca-lodeczki-zajecia-stale-vi-2\/\" \/>\n<meta property=\"og:site_name\" content=\"MSK\" \/>\n<meta property=\"og:image\" content=\"https:\/\/msk.lodz.pl\/wp-content\/uploads\/2023\/07\/www-43.png\" \/>\n\t<meta property=\"og:image:width\" content=\"1424\" \/>\n\t<meta property=\"og:image:height\" content=\"1024\" \/>\n\t<meta property=\"og:image:type\" content=\"image\/png\" \/>\n<meta name=\"twitter:card\" content=\"summary_large_image\" \/>\n<meta name=\"twitter:label1\" content=\"Estimated reading time\" \/>\n\t<meta name=\"twitter:data1\" content=\"1 minute\" \/>\n<script type=\"application\/ld+json\" class=\"yoast-schema-graph\">{\"@context\":\"https:\/\/schema.org\",\"@graph\":[{\"@type\":\"WebPage\",\"@id\":\"https:\/\/msk.lodz.pl\/msk\/dzieciecy-zespol-piesni-i-tanca-lodeczki-zajecia-stale-vi-2\/\",\"url\":\"https:\/\/msk.lodz.pl\/msk\/dzieciecy-zespol-piesni-i-tanca-lodeczki-zajecia-stale-vi-2\/\",\"name\":\"Dzieci\u0119cy Zesp\u00f3\u0142 Pie\u015bni i Ta\u0144ca \\\"\u0141\u00f3deczki\\\"\/\/zaj\u0119cia sta\u0142e\/\/VI - MSK\",\"isPartOf\":{\"@id\":\"https:\/\/msk.lodz.pl\/#website\"},\"primaryImageOfPage\":{\"@id\":\"https:\/\/msk.lodz.pl\/msk\/dzieciecy-zespol-piesni-i-tanca-lodeczki-zajecia-stale-vi-2\/#primaryimage\"},\"image\":{\"@id\":\"https:\/\/msk.lodz.pl\/msk\/dzieciecy-zespol-piesni-i-tanca-lodeczki-zajecia-stale-vi-2\/#primaryimage\"},\"thumbnailUrl\":\"https:\/\/msk.lodz.pl\/wp-content\/uploads\/2023\/07\/www-43.png\",\"datePublished\":\"2024-12-06T15:28:23+00:00\",\"breadcrumb\":{\"@id\":\"https:\/\/msk.lodz.pl\/msk\/dzieciecy-zespol-piesni-i-tanca-lodeczki-zajecia-stale-vi-2\/#breadcrumb\"},\"inLanguage\":\"en-GB\",\"potentialAction\":[{\"@type\":\"ReadAction\",\"target\":[\"https:\/\/msk.lodz.pl\/msk\/dzieciecy-zespol-piesni-i-tanca-lodeczki-zajecia-stale-vi-2\/\"]}]},{\"@type\":\"ImageObject\",\"inLanguage\":\"en-GB\",\"@id\":\"https:\/\/msk.lodz.pl\/msk\/dzieciecy-zespol-piesni-i-tanca-lodeczki-zajecia-stale-vi-2\/#primaryimage\",\"url\":\"https:\/\/msk.lodz.pl\/wp-content\/uploads\/2023\/07\/www-43.png\",\"contentUrl\":\"https:\/\/msk.lodz.pl\/wp-content\/uploads\/2023\/07\/www-43.png\",\"width\":1424,\"height\":1024},{\"@type\":\"BreadcrumbList\",\"@id\":\"https:\/\/msk.lodz.pl\/msk\/dzieciecy-zespol-piesni-i-tanca-lodeczki-zajecia-stale-vi-2\/#breadcrumb\",\"itemListElement\":[{\"@type\":\"ListItem\",\"position\":1,\"name\":\"Strona g\u0142\u00f3wna\",\"item\":\"http:\/\/msk.lodz.pl\/en\/\"},{\"@type\":\"ListItem\",\"position\":2,\"name\":\"Wydarzenia\",\"item\":\"https:\/\/msk.lodz.pl\/msk\/\"},{\"@type\":\"ListItem\",\"position\":3,\"name\":\"Dzieci\u0119cy Zesp\u00f3\u0142 Pie\u015bni i Ta\u0144ca &#8222;\u0141\u00f3deczki&#8221;\/\/zaj\u0119cia sta\u0142e\/\/VI\"}]},{\"@type\":\"WebSite\",\"@id\":\"https:\/\/msk.lodz.pl\/#website\",\"url\":\"https:\/\/msk.lodz.pl\/\",\"name\":\"MSK - \u0141\u00f3d\u017a\",\"description\":\"\",\"publisher\":{\"@id\":\"https:\/\/msk.lodz.pl\/#organization\"},\"potentialAction\":[{\"@type\":\"SearchAction\",\"target\":{\"@type\":\"EntryPoint\",\"urlTemplate\":\"https:\/\/msk.lodz.pl\/?s={search_term_string}\"},\"query-input\":{\"@type\":\"PropertyValueSpecification\",\"valueRequired\":true,\"valueName\":\"search_term_string\"}}],\"inLanguage\":\"en-GB\"},{\"@type\":\"Organization\",\"@id\":\"https:\/\/msk.lodz.pl\/#organization\",\"name\":\"MSK - \u0141\u00f3d\u017a\",\"url\":\"https:\/\/msk.lodz.pl\/\",\"logo\":{\"@type\":\"ImageObject\",\"inLanguage\":\"en-GB\",\"@id\":\"https:\/\/msk.lodz.pl\/#\/schema\/logo\/image\/\",\"url\":\"https:\/\/msk.lodz.pl\/wp-content\/uploads\/2023\/04\/cropped-Fav_icon_MSK.png\",\"contentUrl\":\"https:\/\/msk.lodz.pl\/wp-content\/uploads\/2023\/04\/cropped-Fav_icon_MSK.png\",\"width\":512,\"height\":512,\"caption\":\"MSK - \u0141\u00f3d\u017a\"},\"image\":{\"@id\":\"https:\/\/msk.lodz.pl\/#\/schema\/logo\/image\/\"}}]}<\/script>\n<!-- \/ Yoast SEO plugin. -->","yoast_head_json":{"title":"Dzieci\u0119cy Zesp\u00f3\u0142 Pie\u015bni i Ta\u0144ca \"\u0141\u00f3deczki\"\/\/zaj\u0119cia sta\u0142e\/\/VI - MSK","robots":{"index":"index","follow":"follow","max-snippet":"max-snippet:-1","max-image-preview":"max-image-preview:large","max-video-preview":"max-video-preview:-1"},"canonical":"https:\/\/msk.lodz.pl\/en\/msk\/dzieciecy-zespol-piesni-i-tanca-lodeczki-zajecia-stale-vi-2\/","og_locale":"en_GB","og_type":"article","og_title":"Dzieci\u0119cy Zesp\u00f3\u0142 Pie\u015bni i Ta\u0144ca \"\u0141\u00f3deczki\"\/\/zaj\u0119cia sta\u0142e\/\/VI - MSK","og_description":"Zapraszamy na zaj\u0119cia Dzieci i M\u0142odzie\u017c w wieku od 7 do 12 lat. Ciekawy repertuar, pi\u0119kne, oryginalne kostiumy ludowe, akompaniament kapeli-muzyka na \u017cywo to niekt\u00f3re z atut\u00f3w naszego zespo\u0142u tanecznego. Podstawowe zadania realizowane podczas zaj\u0119\u0107 DzZPiT \u201e\u0141\u00f3deczki\u201d: pobudzenie inicjatywy, aktywno\u015bci, samodzielno\u015bci oraz wra\u017cliwo\u015bci dziecka; poznawanie ro\u017cnych technik ta\u0144ca, w tym podstaw ta\u0144ca klasycznego oraz polskich [&hellip;]","og_url":"https:\/\/msk.lodz.pl\/en\/msk\/dzieciecy-zespol-piesni-i-tanca-lodeczki-zajecia-stale-vi-2\/","og_site_name":"MSK","og_image":[{"width":1424,"height":1024,"url":"https:\/\/msk.lodz.pl\/wp-content\/uploads\/2023\/07\/www-43.png","type":"image\/png"}],"twitter_card":"summary_large_image","twitter_misc":{"Estimated reading time":"1 minute"},"schema":{"@context":"https:\/\/schema.org","@graph":[{"@type":"WebPage","@id":"https:\/\/msk.lodz.pl\/msk\/dzieciecy-zespol-piesni-i-tanca-lodeczki-zajecia-stale-vi-2\/","url":"https:\/\/msk.lodz.pl\/msk\/dzieciecy-zespol-piesni-i-tanca-lodeczki-zajecia-stale-vi-2\/","name":"Dzieci\u0119cy Zesp\u00f3\u0142 Pie\u015bni i Ta\u0144ca \"\u0141\u00f3deczki\"\/\/zaj\u0119cia sta\u0142e\/\/VI - MSK","isPartOf":{"@id":"https:\/\/msk.lodz.pl\/#website"},"primaryImageOfPage":{"@id":"https:\/\/msk.lodz.pl\/msk\/dzieciecy-zespol-piesni-i-tanca-lodeczki-zajecia-stale-vi-2\/#primaryimage"},"image":{"@id":"https:\/\/msk.lodz.pl\/msk\/dzieciecy-zespol-piesni-i-tanca-lodeczki-zajecia-stale-vi-2\/#primaryimage"},"thumbnailUrl":"https:\/\/msk.lodz.pl\/wp-content\/uploads\/2023\/07\/www-43.png","datePublished":"2024-12-06T15:28:23+00:00","breadcrumb":{"@id":"https:\/\/msk.lodz.pl\/msk\/dzieciecy-zespol-piesni-i-tanca-lodeczki-zajecia-stale-vi-2\/#breadcrumb"},"inLanguage":"en-GB","potentialAction":[{"@type":"ReadAction","target":["https:\/\/msk.lodz.pl\/msk\/dzieciecy-zespol-piesni-i-tanca-lodeczki-zajecia-stale-vi-2\/"]}]},{"@type":"ImageObject","inLanguage":"en-GB","@id":"https:\/\/msk.lodz.pl\/msk\/dzieciecy-zespol-piesni-i-tanca-lodeczki-zajecia-stale-vi-2\/#primaryimage","url":"https:\/\/msk.lodz.pl\/wp-content\/uploads\/2023\/07\/www-43.png","contentUrl":"https:\/\/msk.lodz.pl\/wp-content\/uploads\/2023\/07\/www-43.png","width":1424,"height":1024},{"@type":"BreadcrumbList","@id":"https:\/\/msk.lodz.pl\/msk\/dzieciecy-zespol-piesni-i-tanca-lodeczki-zajecia-stale-vi-2\/#breadcrumb","itemListElement":[{"@type":"ListItem","position":1,"name":"Strona g\u0142\u00f3wna","item":"http:\/\/msk.lodz.pl\/en\/"},{"@type":"ListItem","position":2,"name":"Wydarzenia","item":"https:\/\/msk.lodz.pl\/msk\/"},{"@type":"ListItem","position":3,"name":"Dzieci\u0119cy Zesp\u00f3\u0142 Pie\u015bni i Ta\u0144ca &#8222;\u0141\u00f3deczki&#8221;\/\/zaj\u0119cia sta\u0142e\/\/VI"}]},{"@type":"WebSite","@id":"https:\/\/msk.lodz.pl\/#website","url":"https:\/\/msk.lodz.pl\/","name":"MSK - \u0141\u00f3d\u017a","description":"","publisher":{"@id":"https:\/\/msk.lodz.pl\/#organization"},"potentialAction":[{"@type":"SearchAction","target":{"@type":"EntryPoint","urlTemplate":"https:\/\/msk.lodz.pl\/?s={search_term_string}"},"query-input":{"@type":"PropertyValueSpecification","valueRequired":true,"valueName":"search_term_string"}}],"inLanguage":"en-GB"},{"@type":"Organization","@id":"https:\/\/msk.lodz.pl\/#organization","name":"MSK - \u0141\u00f3d\u017a","url":"https:\/\/msk.lodz.pl\/","logo":{"@type":"ImageObject","inLanguage":"en-GB","@id":"https:\/\/msk.lodz.pl\/#\/schema\/logo\/image\/","url":"https:\/\/msk.lodz.pl\/wp-content\/uploads\/2023\/04\/cropped-Fav_icon_MSK.png","contentUrl":"https:\/\/msk.lodz.pl\/wp-content\/uploads\/2023\/04\/cropped-Fav_icon_MSK.png","width":512,"height":512,"caption":"MSK - \u0141\u00f3d\u017a"},"image":{"@id":"https:\/\/msk.lodz.pl\/#\/schema\/logo\/image\/"}}]}},"_links":{"self":[{"href":"https:\/\/msk.lodz.pl\/en\/wp-json\/wp\/v2\/mec-events\/74219","targetHints":{"allow":["GET"]}}],"collection":[{"href":"https:\/\/msk.lodz.pl\/en\/wp-json\/wp\/v2\/mec-events"}],"about":[{"href":"https:\/\/msk.lodz.pl\/en\/wp-json\/wp\/v2\/types\/mec-events"}],"author":[{"embeddable":true,"href":"https:\/\/msk.lodz.pl\/en\/wp-json\/wp\/v2\/users\/25"}],"replies":[{"embeddable":true,"href":"https:\/\/msk.lodz.pl\/en\/wp-json\/wp\/v2\/comments?post=74219"}],"wp:featuredmedia":[{"embeddable":true,"href":"https:\/\/msk.lodz.pl\/en\/wp-json\/wp\/v2\/media\/14174"}],"wp:attachment":[{"href":"https:\/\/msk.lodz.pl\/en\/wp-json\/wp\/v2\/media?parent=74219"}],"wp:term":[{"taxonomy":"post_tag","embeddable":true,"href":"https:\/\/msk.lodz.pl\/en\/wp-json\/wp\/v2\/tags?post=74219"},{"taxonomy":"mec_category","embeddable":true,"href":"https:\/\/msk.lodz.pl\/en\/wp-json\/wp\/v2\/mec_category?post=74219"}],"curies":[{"name":"wp","href":"https:\/\/api.w.org\/{rel}","templated":true}]}}