{"id":74730,"date":"2024-12-10T15:19:59","date_gmt":"2024-12-10T14:19:59","guid":{"rendered":"https:\/\/msk.lodz.pl\/?post_type=mec-events&#038;p=74730"},"modified":"2024-12-11T12:49:55","modified_gmt":"2024-12-11T11:49:55","slug":"koncert-muzyki-powaznej-w-wykonaniu-studentow-akademii-muzycznej-w-lodzi-kopia-447","status":"publish","type":"mec-events","link":"https:\/\/msk.lodz.pl\/en\/msk\/koncert-muzyki-powaznej-w-wykonaniu-studentow-akademii-muzycznej-w-lodzi-kopia-447\/","title":{"rendered":"Koncert muzyki powa\u017cnej w wykonaniu student\u00f3w Akademii Muzycznej w \u0141odzi"},"content":{"rendered":"<p>\ud83c\udfb6 W niedzielne popo\u0142udnie zapraszamy serdecznie na koncert w wykonaniu student\u00f3w Akademii Muzycznej w \u0141odzi! \ud83c\udfb6<\/p>\n<p>&nbsp;<\/p>\n<p>To doskona\u0142a okazja, aby pos\u0142ucha\u0107 utalentowanych m\u0142odych artyst\u00f3w i cieszy\u0107 si\u0119 pi\u0119knem muzyki na \u017cywo.<\/p>\n<p>Do zobaczenia w niedziele 15 grudnia o 16! \ud83c\udfb5\u2728<\/p>\n<p>Repertuar:<\/p>\n<ol>\n<li><strong>Kexin Tang &#8211; fortepian<\/strong><\/li>\n<\/ol>\n<p><strong>\u00a0<\/strong><\/p>\n<p>W.A.Mozarta &#8211; Sonata a- moll KV 310<\/p>\n<ol>\n<li>II i III<\/li>\n<\/ol>\n<p>&nbsp;<\/p>\n<p>&nbsp;<\/p>\n<ol start=\"2\">\n<li><strong> Weronika Adamska &#8211; kontrabas<\/strong><\/li>\n<\/ol>\n<p><strong>\u00a0<\/strong><\/p>\n<p>J.S. Bach &#8211; II suita na wiolonczel\u0119 solo<\/p>\n<p>Preludium<\/p>\n<p>&nbsp;<\/p>\n<ol start=\"3\">\n<li><strong> Zofia Krzysztofik &#8211; wiolonczela<\/strong><\/li>\n<\/ol>\n<p><strong>\u00a0<\/strong><\/p>\n<ol>\n<li>S. Bach &#8211; II suita na wiolonczel\u0119 solo<\/li>\n<\/ol>\n<p>Sarabande<\/p>\n<p>Menuety<\/p>\n<p>&nbsp;<\/p>\n<p>&nbsp;<\/p>\n<ol start=\"4\">\n<li><strong> Julia Tkaczow &#8211; skrzypce<\/strong><\/li>\n<\/ol>\n<p><strong>Aleksandra \u0141ysiak &#8211; fortepian<\/strong><\/p>\n<p><strong>\u00a0<\/strong><\/p>\n<ol>\n<li>Wieniawski &#8211; Fantazja na tematy z opery \u201eFaust\u201d op. 20<\/li>\n<\/ol>\n<p>&nbsp;<\/p>\n<p>&nbsp;<\/p>\n<p>&nbsp;<\/p>\n<ol start=\"5\">\n<li><strong> Roksolana Patsiuta &#8211; fortepian<\/strong><\/li>\n<\/ol>\n<p><strong>\u00a0<\/strong><\/p>\n<ol>\n<li>Bortkiewicz &#8211; Etiuda fis-moll<\/li>\n<li>Debussy &#8211; La plus que lente<\/li>\n<\/ol>\n<p>&nbsp;<\/p>\n<p>&nbsp;<\/p>\n<p>&nbsp;<\/p>\n<ol start=\"6\">\n<li><strong> Aniela Szymula &#8211; wiolonczela<\/strong><\/li>\n<\/ol>\n<p><strong>\u00a0\u00a0\u00a0\u00a0 Micha\u0142 Kluska &#8211; fortepian<\/strong><\/p>\n<p><strong>\u00a0<\/strong><\/p>\n<ol>\n<li>van Beethoven &#8211; Sonata A-dur op. 69<\/li>\n<li>I Allegro ma nan tanto<\/li>\n<\/ol>\n<p>&nbsp;<\/p>\n<p>&nbsp;<\/p>\n<ol start=\"7\">\n<li><strong> Irena Kie\u0142basi\u0144ska &#8211; fortepian<\/strong><\/li>\n<\/ol>\n<p><strong>\u00a0<\/strong><\/p>\n<ol>\n<li>van Beethoven &#8211; Rondo a capriccio op. 129<\/li>\n<li>Chopin &#8211; Etiuda Ges-dur op. 10 nr 5<\/li>\n<\/ol>\n<p>&nbsp;<\/p>\n<p>&nbsp;<\/p>\n<ol start=\"8\">\n<li><strong> Izabela Ignatowska &#8211; skrzypce<\/strong><\/li>\n<\/ol>\n<p><strong>\u00a0\u00a0\u00a0\u00a0 Julia Wajer &#8211; wiolonczela<\/strong><\/p>\n<p><strong>\u00a0\u00a0\u00a0\u00a0 Piotr Jurkiewicz &#8211; fortepian<\/strong><\/p>\n<p><strong>\u00a0<\/strong><\/p>\n<ol>\n<li>Smetana &#8211; Trio fortepianowe g-moll op. 15<\/li>\n<li>I &#8211; Moderato Assai<\/li>\n<\/ol>\n<p>*wst\u0119p bezp\u0142atny<\/p>\n<p>&nbsp;<\/p>\n<p>&nbsp;<\/p>","protected":false},"excerpt":{"rendered":"<p>\ud83c\udfb6 W niedzielne popo\u0142udnie zapraszamy serdecznie na koncert w wykonaniu student\u00f3w Akademii Muzycznej w \u0141odzi! \ud83c\udfb6 &nbsp; To doskona\u0142a okazja, aby pos\u0142ucha\u0107 utalentowanych m\u0142odych artyst\u00f3w i cieszy\u0107 si\u0119 pi\u0119knem muzyki na \u017cywo. Do zobaczenia w niedziele 15 grudnia o 16! \ud83c\udfb5\u2728 Repertuar: Kexin Tang &#8211; fortepian \u00a0 W.A.Mozarta &#8211; Sonata a- moll KV 310 II [&hellip;]<\/p>","protected":false},"author":10,"featured_media":60426,"comment_status":"closed","ping_status":"closed","template":"","tags":[],"mec_category":[405,389,368,394,537,393,397,361],"class_list":["post-74730","mec-events","type-mec-events","status-publish","has-post-thumbnail","hentry","mec_category-aktualnosci","mec_category-dorosli","mec_category-dzieci","mec_category-mlodziez","mec_category-muzyka","mec_category-muzyka-spiew","mec_category-seniorzy","mec_category-wydarzenia"],"yoast_head":"<!-- This site is optimized with the Yoast SEO plugin v26.5 - https:\/\/yoast.com\/wordpress\/plugins\/seo\/ -->\n<title>Koncert muzyki powa\u017cnej w wykonaniu student\u00f3w Akademii Muzycznej w \u0141odzi - MSK<\/title>\n<meta name=\"robots\" content=\"index, follow, max-snippet:-1, max-image-preview:large, max-video-preview:-1\" \/>\n<link rel=\"canonical\" href=\"https:\/\/msk.lodz.pl\/en\/msk\/koncert-muzyki-powaznej-w-wykonaniu-studentow-akademii-muzycznej-w-lodzi-kopia-447\/\" \/>\n<meta property=\"og:locale\" content=\"en_GB\" \/>\n<meta property=\"og:type\" content=\"article\" \/>\n<meta property=\"og:title\" content=\"Koncert muzyki powa\u017cnej w wykonaniu student\u00f3w Akademii Muzycznej w \u0141odzi - MSK\" \/>\n<meta property=\"og:description\" content=\"\ud83c\udfb6 W niedzielne popo\u0142udnie zapraszamy serdecznie na koncert w wykonaniu student\u00f3w Akademii Muzycznej w \u0141odzi! \ud83c\udfb6 &nbsp; To doskona\u0142a okazja, aby pos\u0142ucha\u0107 utalentowanych m\u0142odych artyst\u00f3w i cieszy\u0107 si\u0119 pi\u0119knem muzyki na \u017cywo. Do zobaczenia w niedziele 15 grudnia o 16! \ud83c\udfb5\u2728 Repertuar: Kexin Tang &#8211; fortepian \u00a0 W.A.Mozarta &#8211; Sonata a- moll KV 310 II [&hellip;]\" \/>\n<meta property=\"og:url\" content=\"https:\/\/msk.lodz.pl\/en\/msk\/koncert-muzyki-powaznej-w-wykonaniu-studentow-akademii-muzycznej-w-lodzi-kopia-447\/\" \/>\n<meta property=\"og:site_name\" content=\"MSK\" \/>\n<meta property=\"article:modified_time\" content=\"2024-12-11T11:49:55+00:00\" \/>\n<meta property=\"og:image\" content=\"https:\/\/msk.lodz.pl\/wp-content\/uploads\/2024\/09\/Widok-plakaty-1424-x-1024-px-38.png\" \/>\n\t<meta property=\"og:image:width\" content=\"1424\" \/>\n\t<meta property=\"og:image:height\" content=\"1024\" \/>\n\t<meta property=\"og:image:type\" content=\"image\/png\" \/>\n<meta name=\"twitter:card\" content=\"summary_large_image\" \/>\n<meta name=\"twitter:label1\" content=\"Estimated reading time\" \/>\n\t<meta name=\"twitter:data1\" content=\"1 minute\" \/>\n<script type=\"application\/ld+json\" class=\"yoast-schema-graph\">{\"@context\":\"https:\/\/schema.org\",\"@graph\":[{\"@type\":\"WebPage\",\"@id\":\"https:\/\/msk.lodz.pl\/msk\/koncert-muzyki-powaznej-w-wykonaniu-studentow-akademii-muzycznej-w-lodzi-kopia-447\/\",\"url\":\"https:\/\/msk.lodz.pl\/msk\/koncert-muzyki-powaznej-w-wykonaniu-studentow-akademii-muzycznej-w-lodzi-kopia-447\/\",\"name\":\"Koncert muzyki powa\u017cnej w wykonaniu student\u00f3w Akademii Muzycznej w \u0141odzi - MSK\",\"isPartOf\":{\"@id\":\"https:\/\/msk.lodz.pl\/#website\"},\"primaryImageOfPage\":{\"@id\":\"https:\/\/msk.lodz.pl\/msk\/koncert-muzyki-powaznej-w-wykonaniu-studentow-akademii-muzycznej-w-lodzi-kopia-447\/#primaryimage\"},\"image\":{\"@id\":\"https:\/\/msk.lodz.pl\/msk\/koncert-muzyki-powaznej-w-wykonaniu-studentow-akademii-muzycznej-w-lodzi-kopia-447\/#primaryimage\"},\"thumbnailUrl\":\"https:\/\/msk.lodz.pl\/wp-content\/uploads\/2024\/09\/Widok-plakaty-1424-x-1024-px-38.png\",\"datePublished\":\"2024-12-10T14:19:59+00:00\",\"dateModified\":\"2024-12-11T11:49:55+00:00\",\"breadcrumb\":{\"@id\":\"https:\/\/msk.lodz.pl\/msk\/koncert-muzyki-powaznej-w-wykonaniu-studentow-akademii-muzycznej-w-lodzi-kopia-447\/#breadcrumb\"},\"inLanguage\":\"en-GB\",\"potentialAction\":[{\"@type\":\"ReadAction\",\"target\":[\"https:\/\/msk.lodz.pl\/msk\/koncert-muzyki-powaznej-w-wykonaniu-studentow-akademii-muzycznej-w-lodzi-kopia-447\/\"]}]},{\"@type\":\"ImageObject\",\"inLanguage\":\"en-GB\",\"@id\":\"https:\/\/msk.lodz.pl\/msk\/koncert-muzyki-powaznej-w-wykonaniu-studentow-akademii-muzycznej-w-lodzi-kopia-447\/#primaryimage\",\"url\":\"https:\/\/msk.lodz.pl\/wp-content\/uploads\/2024\/09\/Widok-plakaty-1424-x-1024-px-38.png\",\"contentUrl\":\"https:\/\/msk.lodz.pl\/wp-content\/uploads\/2024\/09\/Widok-plakaty-1424-x-1024-px-38.png\",\"width\":1424,\"height\":1024},{\"@type\":\"BreadcrumbList\",\"@id\":\"https:\/\/msk.lodz.pl\/msk\/koncert-muzyki-powaznej-w-wykonaniu-studentow-akademii-muzycznej-w-lodzi-kopia-447\/#breadcrumb\",\"itemListElement\":[{\"@type\":\"ListItem\",\"position\":1,\"name\":\"Strona g\u0142\u00f3wna\",\"item\":\"http:\/\/msk.lodz.pl\/en\/\"},{\"@type\":\"ListItem\",\"position\":2,\"name\":\"Wydarzenia\",\"item\":\"https:\/\/msk.lodz.pl\/msk\/\"},{\"@type\":\"ListItem\",\"position\":3,\"name\":\"Koncert muzyki powa\u017cnej w wykonaniu student\u00f3w Akademii Muzycznej w \u0141odzi\"}]},{\"@type\":\"WebSite\",\"@id\":\"https:\/\/msk.lodz.pl\/#website\",\"url\":\"https:\/\/msk.lodz.pl\/\",\"name\":\"MSK - \u0141\u00f3d\u017a\",\"description\":\"\",\"publisher\":{\"@id\":\"https:\/\/msk.lodz.pl\/#organization\"},\"potentialAction\":[{\"@type\":\"SearchAction\",\"target\":{\"@type\":\"EntryPoint\",\"urlTemplate\":\"https:\/\/msk.lodz.pl\/?s={search_term_string}\"},\"query-input\":{\"@type\":\"PropertyValueSpecification\",\"valueRequired\":true,\"valueName\":\"search_term_string\"}}],\"inLanguage\":\"en-GB\"},{\"@type\":\"Organization\",\"@id\":\"https:\/\/msk.lodz.pl\/#organization\",\"name\":\"MSK - \u0141\u00f3d\u017a\",\"url\":\"https:\/\/msk.lodz.pl\/\",\"logo\":{\"@type\":\"ImageObject\",\"inLanguage\":\"en-GB\",\"@id\":\"https:\/\/msk.lodz.pl\/#\/schema\/logo\/image\/\",\"url\":\"https:\/\/msk.lodz.pl\/wp-content\/uploads\/2023\/04\/cropped-Fav_icon_MSK.png\",\"contentUrl\":\"https:\/\/msk.lodz.pl\/wp-content\/uploads\/2023\/04\/cropped-Fav_icon_MSK.png\",\"width\":512,\"height\":512,\"caption\":\"MSK - \u0141\u00f3d\u017a\"},\"image\":{\"@id\":\"https:\/\/msk.lodz.pl\/#\/schema\/logo\/image\/\"}}]}<\/script>\n<!-- \/ Yoast SEO plugin. -->","yoast_head_json":{"title":"Koncert muzyki powa\u017cnej w wykonaniu student\u00f3w Akademii Muzycznej w \u0141odzi - MSK","robots":{"index":"index","follow":"follow","max-snippet":"max-snippet:-1","max-image-preview":"max-image-preview:large","max-video-preview":"max-video-preview:-1"},"canonical":"https:\/\/msk.lodz.pl\/en\/msk\/koncert-muzyki-powaznej-w-wykonaniu-studentow-akademii-muzycznej-w-lodzi-kopia-447\/","og_locale":"en_GB","og_type":"article","og_title":"Koncert muzyki powa\u017cnej w wykonaniu student\u00f3w Akademii Muzycznej w \u0141odzi - MSK","og_description":"\ud83c\udfb6 W niedzielne popo\u0142udnie zapraszamy serdecznie na koncert w wykonaniu student\u00f3w Akademii Muzycznej w \u0141odzi! \ud83c\udfb6 &nbsp; To doskona\u0142a okazja, aby pos\u0142ucha\u0107 utalentowanych m\u0142odych artyst\u00f3w i cieszy\u0107 si\u0119 pi\u0119knem muzyki na \u017cywo. Do zobaczenia w niedziele 15 grudnia o 16! \ud83c\udfb5\u2728 Repertuar: Kexin Tang &#8211; fortepian \u00a0 W.A.Mozarta &#8211; Sonata a- moll KV 310 II [&hellip;]","og_url":"https:\/\/msk.lodz.pl\/en\/msk\/koncert-muzyki-powaznej-w-wykonaniu-studentow-akademii-muzycznej-w-lodzi-kopia-447\/","og_site_name":"MSK","article_modified_time":"2024-12-11T11:49:55+00:00","og_image":[{"width":1424,"height":1024,"url":"https:\/\/msk.lodz.pl\/wp-content\/uploads\/2024\/09\/Widok-plakaty-1424-x-1024-px-38.png","type":"image\/png"}],"twitter_card":"summary_large_image","twitter_misc":{"Estimated reading time":"1 minute"},"schema":{"@context":"https:\/\/schema.org","@graph":[{"@type":"WebPage","@id":"https:\/\/msk.lodz.pl\/msk\/koncert-muzyki-powaznej-w-wykonaniu-studentow-akademii-muzycznej-w-lodzi-kopia-447\/","url":"https:\/\/msk.lodz.pl\/msk\/koncert-muzyki-powaznej-w-wykonaniu-studentow-akademii-muzycznej-w-lodzi-kopia-447\/","name":"Koncert muzyki powa\u017cnej w wykonaniu student\u00f3w Akademii Muzycznej w \u0141odzi - MSK","isPartOf":{"@id":"https:\/\/msk.lodz.pl\/#website"},"primaryImageOfPage":{"@id":"https:\/\/msk.lodz.pl\/msk\/koncert-muzyki-powaznej-w-wykonaniu-studentow-akademii-muzycznej-w-lodzi-kopia-447\/#primaryimage"},"image":{"@id":"https:\/\/msk.lodz.pl\/msk\/koncert-muzyki-powaznej-w-wykonaniu-studentow-akademii-muzycznej-w-lodzi-kopia-447\/#primaryimage"},"thumbnailUrl":"https:\/\/msk.lodz.pl\/wp-content\/uploads\/2024\/09\/Widok-plakaty-1424-x-1024-px-38.png","datePublished":"2024-12-10T14:19:59+00:00","dateModified":"2024-12-11T11:49:55+00:00","breadcrumb":{"@id":"https:\/\/msk.lodz.pl\/msk\/koncert-muzyki-powaznej-w-wykonaniu-studentow-akademii-muzycznej-w-lodzi-kopia-447\/#breadcrumb"},"inLanguage":"en-GB","potentialAction":[{"@type":"ReadAction","target":["https:\/\/msk.lodz.pl\/msk\/koncert-muzyki-powaznej-w-wykonaniu-studentow-akademii-muzycznej-w-lodzi-kopia-447\/"]}]},{"@type":"ImageObject","inLanguage":"en-GB","@id":"https:\/\/msk.lodz.pl\/msk\/koncert-muzyki-powaznej-w-wykonaniu-studentow-akademii-muzycznej-w-lodzi-kopia-447\/#primaryimage","url":"https:\/\/msk.lodz.pl\/wp-content\/uploads\/2024\/09\/Widok-plakaty-1424-x-1024-px-38.png","contentUrl":"https:\/\/msk.lodz.pl\/wp-content\/uploads\/2024\/09\/Widok-plakaty-1424-x-1024-px-38.png","width":1424,"height":1024},{"@type":"BreadcrumbList","@id":"https:\/\/msk.lodz.pl\/msk\/koncert-muzyki-powaznej-w-wykonaniu-studentow-akademii-muzycznej-w-lodzi-kopia-447\/#breadcrumb","itemListElement":[{"@type":"ListItem","position":1,"name":"Strona g\u0142\u00f3wna","item":"http:\/\/msk.lodz.pl\/en\/"},{"@type":"ListItem","position":2,"name":"Wydarzenia","item":"https:\/\/msk.lodz.pl\/msk\/"},{"@type":"ListItem","position":3,"name":"Koncert muzyki powa\u017cnej w wykonaniu student\u00f3w Akademii Muzycznej w \u0141odzi"}]},{"@type":"WebSite","@id":"https:\/\/msk.lodz.pl\/#website","url":"https:\/\/msk.lodz.pl\/","name":"MSK - \u0141\u00f3d\u017a","description":"","publisher":{"@id":"https:\/\/msk.lodz.pl\/#organization"},"potentialAction":[{"@type":"SearchAction","target":{"@type":"EntryPoint","urlTemplate":"https:\/\/msk.lodz.pl\/?s={search_term_string}"},"query-input":{"@type":"PropertyValueSpecification","valueRequired":true,"valueName":"search_term_string"}}],"inLanguage":"en-GB"},{"@type":"Organization","@id":"https:\/\/msk.lodz.pl\/#organization","name":"MSK - \u0141\u00f3d\u017a","url":"https:\/\/msk.lodz.pl\/","logo":{"@type":"ImageObject","inLanguage":"en-GB","@id":"https:\/\/msk.lodz.pl\/#\/schema\/logo\/image\/","url":"https:\/\/msk.lodz.pl\/wp-content\/uploads\/2023\/04\/cropped-Fav_icon_MSK.png","contentUrl":"https:\/\/msk.lodz.pl\/wp-content\/uploads\/2023\/04\/cropped-Fav_icon_MSK.png","width":512,"height":512,"caption":"MSK - \u0141\u00f3d\u017a"},"image":{"@id":"https:\/\/msk.lodz.pl\/#\/schema\/logo\/image\/"}}]}},"_links":{"self":[{"href":"https:\/\/msk.lodz.pl\/en\/wp-json\/wp\/v2\/mec-events\/74730","targetHints":{"allow":["GET"]}}],"collection":[{"href":"https:\/\/msk.lodz.pl\/en\/wp-json\/wp\/v2\/mec-events"}],"about":[{"href":"https:\/\/msk.lodz.pl\/en\/wp-json\/wp\/v2\/types\/mec-events"}],"author":[{"embeddable":true,"href":"https:\/\/msk.lodz.pl\/en\/wp-json\/wp\/v2\/users\/10"}],"replies":[{"embeddable":true,"href":"https:\/\/msk.lodz.pl\/en\/wp-json\/wp\/v2\/comments?post=74730"}],"wp:featuredmedia":[{"embeddable":true,"href":"https:\/\/msk.lodz.pl\/en\/wp-json\/wp\/v2\/media\/60426"}],"wp:attachment":[{"href":"https:\/\/msk.lodz.pl\/en\/wp-json\/wp\/v2\/media?parent=74730"}],"wp:term":[{"taxonomy":"post_tag","embeddable":true,"href":"https:\/\/msk.lodz.pl\/en\/wp-json\/wp\/v2\/tags?post=74730"},{"taxonomy":"mec_category","embeddable":true,"href":"https:\/\/msk.lodz.pl\/en\/wp-json\/wp\/v2\/mec_category?post=74730"}],"curies":[{"name":"wp","href":"https:\/\/api.w.org\/{rel}","templated":true}]}}