{"id":80487,"date":"2025-01-17T11:58:05","date_gmt":"2025-01-17T10:58:05","guid":{"rendered":"https:\/\/msk.lodz.pl\/?post_type=mec-events&#038;p=80487"},"modified":"2025-01-17T11:58:05","modified_gmt":"2025-01-17T10:58:05","slug":"o-milosci-i-nie-tylko-koncert-towarzystwa-spiewaczego-anna","status":"publish","type":"mec-events","link":"https:\/\/msk.lodz.pl\/en\/msk\/o-milosci-i-nie-tylko-koncert-towarzystwa-spiewaczego-anna\/","title":{"rendered":"&#8222;O mi\u0142o\u015bci i nie tylko&#8230;&#8221; &#8211; koncert Towarzystwa \u015apiewaczego Anna"},"content":{"rendered":"<p>Zapraszamy na koncert Towarzystwa \u015apiewaczego Anna. Motywem przewodnim spotkania b\u0119dzie has\u0142o &#8222;O mi\u0142o\u015bci i nie tylko&#8230;&#8221;.<\/p>\n<div>Towarzystwo \u015apiewacze \u201eAnna\u201d istnieje ju\u017c od 1988 r. Pomys\u0142odawczyni\u0105 i za\u0142o\u017cycielk\u0105 grupy by\u0142a Anna Lelental \u2013 od jej imienia zesp\u00f3\u0142 przyj\u0105\u0142 swoj\u0105 nazw\u0119.<br title=\"\" data-original-title=\"\" \/>Grup\u0119 tworz\u0105 seniorzy, kt\u00f3rych \u0142\u0105czy zami\u0142owanie do \u015bpiewania, ch\u0119\u0107 dostarczania wzrusze\u0144 i wra\u017ce\u0144 artystycznych, rado\u015b\u0107 p\u0142yn\u0105ca ze wsp\u00f3lnych spotka\u0144, aktywno\u015b\u0107 tw\u00f3rcza i ch\u0119\u0107 niebanalnego sp\u0119dzania srebrnych lat. Podczas swojej wieloletniej dzia\u0142alno\u015bci zesp\u00f3\u0142 prezentowa\u0142 si\u0119 na konkursach regionalnych i og\u00f3lnopolskich, zdobywaj\u0105c nagrody i wyr\u00f3\u017cnienia, ponadto zaistnia\u0142 w TV prezentuj\u0105c samodzielny recital.<\/div>\n<div><\/div>\n<div class=\"x11i5rnm xat24cr x1mh8g0r x1vvkbs xtlvy1s\">Wst\u0119p: bezp\u0142atny<\/div>\n<div><\/div>\n<div><strong>Liczba miejsc ograniczona. Obowi\u0105zuj\u0105 zapisy.<\/strong><\/div>\n<div><img fetchpriority=\"high\" decoding=\"async\" class=\"aligncenter wp-image-80488 size-large\" src=\"https:\/\/msk.lodz.pl\/wp-content\/uploads\/2025\/01\/towarzystwo-anna-2025-724x1024.png\" alt=\"\" width=\"724\" height=\"1024\" srcset=\"https:\/\/msk.lodz.pl\/wp-content\/uploads\/2025\/01\/towarzystwo-anna-2025-724x1024.png 724w, https:\/\/msk.lodz.pl\/wp-content\/uploads\/2025\/01\/towarzystwo-anna-2025-212x300.png 212w, https:\/\/msk.lodz.pl\/wp-content\/uploads\/2025\/01\/towarzystwo-anna-2025-768x1086.png 768w, https:\/\/msk.lodz.pl\/wp-content\/uploads\/2025\/01\/towarzystwo-anna-2025-1086x1536.png 1086w, https:\/\/msk.lodz.pl\/wp-content\/uploads\/2025\/01\/towarzystwo-anna-2025-8x12.png 8w, https:\/\/msk.lodz.pl\/wp-content\/uploads\/2025\/01\/towarzystwo-anna-2025-600x849.png 600w, https:\/\/msk.lodz.pl\/wp-content\/uploads\/2025\/01\/towarzystwo-anna-2025.png 1414w\" sizes=\"(max-width: 724px) 100vw, 724px\" \/><\/div>\n<div><\/div>\n<div><\/div>","protected":false},"excerpt":{"rendered":"<p>Zapraszamy na koncert Towarzystwa \u015apiewaczego Anna. Motywem przewodnim spotkania b\u0119dzie has\u0142o &#8222;O mi\u0142o\u015bci i nie tylko&#8230;&#8221;. Towarzystwo \u015apiewacze \u201eAnna\u201d istnieje ju\u017c od 1988 r. Pomys\u0142odawczyni\u0105 i za\u0142o\u017cycielk\u0105 grupy by\u0142a Anna Lelental \u2013 od jej imienia zesp\u00f3\u0142 przyj\u0105\u0142 swoj\u0105 nazw\u0119.Grup\u0119 tworz\u0105 seniorzy, kt\u00f3rych \u0142\u0105czy zami\u0142owanie do \u015bpiewania, ch\u0119\u0107 dostarczania wzrusze\u0144 i wra\u017ce\u0144 artystycznych, rado\u015b\u0107 p\u0142yn\u0105ca ze [&hellip;]<\/p>","protected":false},"author":14,"featured_media":52483,"comment_status":"closed","ping_status":"closed","template":"","tags":[],"mec_category":[405,389,537,393,397,536,361],"class_list":["post-80487","mec-events","type-mec-events","status-publish","has-post-thumbnail","hentry","mec_category-aktualnosci","mec_category-dorosli","mec_category-muzyka","mec_category-muzyka-spiew","mec_category-seniorzy","mec_category-spiew","mec_category-wydarzenia"],"yoast_head":"<!-- This site is optimized with the Yoast SEO plugin v26.5 - https:\/\/yoast.com\/wordpress\/plugins\/seo\/ -->\n<title>&quot;O mi\u0142o\u015bci i nie tylko...&quot; - koncert Towarzystwa \u015apiewaczego Anna - MSK<\/title>\n<meta name=\"robots\" content=\"index, follow, max-snippet:-1, max-image-preview:large, max-video-preview:-1\" \/>\n<link rel=\"canonical\" href=\"https:\/\/msk.lodz.pl\/en\/msk\/o-milosci-i-nie-tylko-koncert-towarzystwa-spiewaczego-anna\/\" \/>\n<meta property=\"og:locale\" content=\"en_GB\" \/>\n<meta property=\"og:type\" content=\"article\" \/>\n<meta property=\"og:title\" content=\"&quot;O mi\u0142o\u015bci i nie tylko...&quot; - koncert Towarzystwa \u015apiewaczego Anna - MSK\" \/>\n<meta property=\"og:description\" content=\"Zapraszamy na koncert Towarzystwa \u015apiewaczego Anna. Motywem przewodnim spotkania b\u0119dzie has\u0142o &#8222;O mi\u0142o\u015bci i nie tylko&#8230;&#8221;. Towarzystwo \u015apiewacze \u201eAnna\u201d istnieje ju\u017c od 1988 r. Pomys\u0142odawczyni\u0105 i za\u0142o\u017cycielk\u0105 grupy by\u0142a Anna Lelental \u2013 od jej imienia zesp\u00f3\u0142 przyj\u0105\u0142 swoj\u0105 nazw\u0119.Grup\u0119 tworz\u0105 seniorzy, kt\u00f3rych \u0142\u0105czy zami\u0142owanie do \u015bpiewania, ch\u0119\u0107 dostarczania wzrusze\u0144 i wra\u017ce\u0144 artystycznych, rado\u015b\u0107 p\u0142yn\u0105ca ze [&hellip;]\" \/>\n<meta property=\"og:url\" content=\"https:\/\/msk.lodz.pl\/en\/msk\/o-milosci-i-nie-tylko-koncert-towarzystwa-spiewaczego-anna\/\" \/>\n<meta property=\"og:site_name\" content=\"MSK\" \/>\n<meta property=\"og:image\" content=\"https:\/\/msk.lodz.pl\/wp-content\/uploads\/2024\/05\/Widok-plakaty-1424-x-1024-px-24.png\" \/>\n\t<meta property=\"og:image:width\" content=\"1424\" \/>\n\t<meta property=\"og:image:height\" content=\"1024\" \/>\n\t<meta property=\"og:image:type\" content=\"image\/png\" \/>\n<meta name=\"twitter:card\" content=\"summary_large_image\" \/>\n<meta name=\"twitter:label1\" content=\"Estimated reading time\" \/>\n\t<meta name=\"twitter:data1\" content=\"1 minute\" \/>\n<script type=\"application\/ld+json\" class=\"yoast-schema-graph\">{\"@context\":\"https:\/\/schema.org\",\"@graph\":[{\"@type\":\"WebPage\",\"@id\":\"https:\/\/msk.lodz.pl\/msk\/o-milosci-i-nie-tylko-koncert-towarzystwa-spiewaczego-anna\/\",\"url\":\"https:\/\/msk.lodz.pl\/msk\/o-milosci-i-nie-tylko-koncert-towarzystwa-spiewaczego-anna\/\",\"name\":\"\\\"O mi\u0142o\u015bci i nie tylko...\\\" - koncert Towarzystwa \u015apiewaczego Anna - MSK\",\"isPartOf\":{\"@id\":\"https:\/\/msk.lodz.pl\/#website\"},\"primaryImageOfPage\":{\"@id\":\"https:\/\/msk.lodz.pl\/msk\/o-milosci-i-nie-tylko-koncert-towarzystwa-spiewaczego-anna\/#primaryimage\"},\"image\":{\"@id\":\"https:\/\/msk.lodz.pl\/msk\/o-milosci-i-nie-tylko-koncert-towarzystwa-spiewaczego-anna\/#primaryimage\"},\"thumbnailUrl\":\"https:\/\/msk.lodz.pl\/wp-content\/uploads\/2024\/05\/Widok-plakaty-1424-x-1024-px-24.png\",\"datePublished\":\"2025-01-17T10:58:05+00:00\",\"breadcrumb\":{\"@id\":\"https:\/\/msk.lodz.pl\/msk\/o-milosci-i-nie-tylko-koncert-towarzystwa-spiewaczego-anna\/#breadcrumb\"},\"inLanguage\":\"en-GB\",\"potentialAction\":[{\"@type\":\"ReadAction\",\"target\":[\"https:\/\/msk.lodz.pl\/msk\/o-milosci-i-nie-tylko-koncert-towarzystwa-spiewaczego-anna\/\"]}]},{\"@type\":\"ImageObject\",\"inLanguage\":\"en-GB\",\"@id\":\"https:\/\/msk.lodz.pl\/msk\/o-milosci-i-nie-tylko-koncert-towarzystwa-spiewaczego-anna\/#primaryimage\",\"url\":\"https:\/\/msk.lodz.pl\/wp-content\/uploads\/2024\/05\/Widok-plakaty-1424-x-1024-px-24.png\",\"contentUrl\":\"https:\/\/msk.lodz.pl\/wp-content\/uploads\/2024\/05\/Widok-plakaty-1424-x-1024-px-24.png\",\"width\":1424,\"height\":1024},{\"@type\":\"BreadcrumbList\",\"@id\":\"https:\/\/msk.lodz.pl\/msk\/o-milosci-i-nie-tylko-koncert-towarzystwa-spiewaczego-anna\/#breadcrumb\",\"itemListElement\":[{\"@type\":\"ListItem\",\"position\":1,\"name\":\"Strona g\u0142\u00f3wna\",\"item\":\"http:\/\/msk.lodz.pl\/en\/\"},{\"@type\":\"ListItem\",\"position\":2,\"name\":\"Wydarzenia\",\"item\":\"https:\/\/msk.lodz.pl\/msk\/\"},{\"@type\":\"ListItem\",\"position\":3,\"name\":\"&#8222;O mi\u0142o\u015bci i nie tylko&#8230;&#8221; &#8211; koncert Towarzystwa \u015apiewaczego Anna\"}]},{\"@type\":\"WebSite\",\"@id\":\"https:\/\/msk.lodz.pl\/#website\",\"url\":\"https:\/\/msk.lodz.pl\/\",\"name\":\"MSK - \u0141\u00f3d\u017a\",\"description\":\"\",\"publisher\":{\"@id\":\"https:\/\/msk.lodz.pl\/#organization\"},\"potentialAction\":[{\"@type\":\"SearchAction\",\"target\":{\"@type\":\"EntryPoint\",\"urlTemplate\":\"https:\/\/msk.lodz.pl\/?s={search_term_string}\"},\"query-input\":{\"@type\":\"PropertyValueSpecification\",\"valueRequired\":true,\"valueName\":\"search_term_string\"}}],\"inLanguage\":\"en-GB\"},{\"@type\":\"Organization\",\"@id\":\"https:\/\/msk.lodz.pl\/#organization\",\"name\":\"MSK - \u0141\u00f3d\u017a\",\"url\":\"https:\/\/msk.lodz.pl\/\",\"logo\":{\"@type\":\"ImageObject\",\"inLanguage\":\"en-GB\",\"@id\":\"https:\/\/msk.lodz.pl\/#\/schema\/logo\/image\/\",\"url\":\"https:\/\/msk.lodz.pl\/wp-content\/uploads\/2023\/04\/cropped-Fav_icon_MSK.png\",\"contentUrl\":\"https:\/\/msk.lodz.pl\/wp-content\/uploads\/2023\/04\/cropped-Fav_icon_MSK.png\",\"width\":512,\"height\":512,\"caption\":\"MSK - \u0141\u00f3d\u017a\"},\"image\":{\"@id\":\"https:\/\/msk.lodz.pl\/#\/schema\/logo\/image\/\"}}]}<\/script>\n<!-- \/ Yoast SEO plugin. -->","yoast_head_json":{"title":"\"O mi\u0142o\u015bci i nie tylko...\" - koncert Towarzystwa \u015apiewaczego Anna - MSK","robots":{"index":"index","follow":"follow","max-snippet":"max-snippet:-1","max-image-preview":"max-image-preview:large","max-video-preview":"max-video-preview:-1"},"canonical":"https:\/\/msk.lodz.pl\/en\/msk\/o-milosci-i-nie-tylko-koncert-towarzystwa-spiewaczego-anna\/","og_locale":"en_GB","og_type":"article","og_title":"\"O mi\u0142o\u015bci i nie tylko...\" - koncert Towarzystwa \u015apiewaczego Anna - MSK","og_description":"Zapraszamy na koncert Towarzystwa \u015apiewaczego Anna. Motywem przewodnim spotkania b\u0119dzie has\u0142o &#8222;O mi\u0142o\u015bci i nie tylko&#8230;&#8221;. Towarzystwo \u015apiewacze \u201eAnna\u201d istnieje ju\u017c od 1988 r. Pomys\u0142odawczyni\u0105 i za\u0142o\u017cycielk\u0105 grupy by\u0142a Anna Lelental \u2013 od jej imienia zesp\u00f3\u0142 przyj\u0105\u0142 swoj\u0105 nazw\u0119.Grup\u0119 tworz\u0105 seniorzy, kt\u00f3rych \u0142\u0105czy zami\u0142owanie do \u015bpiewania, ch\u0119\u0107 dostarczania wzrusze\u0144 i wra\u017ce\u0144 artystycznych, rado\u015b\u0107 p\u0142yn\u0105ca ze [&hellip;]","og_url":"https:\/\/msk.lodz.pl\/en\/msk\/o-milosci-i-nie-tylko-koncert-towarzystwa-spiewaczego-anna\/","og_site_name":"MSK","og_image":[{"width":1424,"height":1024,"url":"https:\/\/msk.lodz.pl\/wp-content\/uploads\/2024\/05\/Widok-plakaty-1424-x-1024-px-24.png","type":"image\/png"}],"twitter_card":"summary_large_image","twitter_misc":{"Estimated reading time":"1 minute"},"schema":{"@context":"https:\/\/schema.org","@graph":[{"@type":"WebPage","@id":"https:\/\/msk.lodz.pl\/msk\/o-milosci-i-nie-tylko-koncert-towarzystwa-spiewaczego-anna\/","url":"https:\/\/msk.lodz.pl\/msk\/o-milosci-i-nie-tylko-koncert-towarzystwa-spiewaczego-anna\/","name":"\"O mi\u0142o\u015bci i nie tylko...\" - koncert Towarzystwa \u015apiewaczego Anna - MSK","isPartOf":{"@id":"https:\/\/msk.lodz.pl\/#website"},"primaryImageOfPage":{"@id":"https:\/\/msk.lodz.pl\/msk\/o-milosci-i-nie-tylko-koncert-towarzystwa-spiewaczego-anna\/#primaryimage"},"image":{"@id":"https:\/\/msk.lodz.pl\/msk\/o-milosci-i-nie-tylko-koncert-towarzystwa-spiewaczego-anna\/#primaryimage"},"thumbnailUrl":"https:\/\/msk.lodz.pl\/wp-content\/uploads\/2024\/05\/Widok-plakaty-1424-x-1024-px-24.png","datePublished":"2025-01-17T10:58:05+00:00","breadcrumb":{"@id":"https:\/\/msk.lodz.pl\/msk\/o-milosci-i-nie-tylko-koncert-towarzystwa-spiewaczego-anna\/#breadcrumb"},"inLanguage":"en-GB","potentialAction":[{"@type":"ReadAction","target":["https:\/\/msk.lodz.pl\/msk\/o-milosci-i-nie-tylko-koncert-towarzystwa-spiewaczego-anna\/"]}]},{"@type":"ImageObject","inLanguage":"en-GB","@id":"https:\/\/msk.lodz.pl\/msk\/o-milosci-i-nie-tylko-koncert-towarzystwa-spiewaczego-anna\/#primaryimage","url":"https:\/\/msk.lodz.pl\/wp-content\/uploads\/2024\/05\/Widok-plakaty-1424-x-1024-px-24.png","contentUrl":"https:\/\/msk.lodz.pl\/wp-content\/uploads\/2024\/05\/Widok-plakaty-1424-x-1024-px-24.png","width":1424,"height":1024},{"@type":"BreadcrumbList","@id":"https:\/\/msk.lodz.pl\/msk\/o-milosci-i-nie-tylko-koncert-towarzystwa-spiewaczego-anna\/#breadcrumb","itemListElement":[{"@type":"ListItem","position":1,"name":"Strona g\u0142\u00f3wna","item":"http:\/\/msk.lodz.pl\/en\/"},{"@type":"ListItem","position":2,"name":"Wydarzenia","item":"https:\/\/msk.lodz.pl\/msk\/"},{"@type":"ListItem","position":3,"name":"&#8222;O mi\u0142o\u015bci i nie tylko&#8230;&#8221; &#8211; koncert Towarzystwa \u015apiewaczego Anna"}]},{"@type":"WebSite","@id":"https:\/\/msk.lodz.pl\/#website","url":"https:\/\/msk.lodz.pl\/","name":"MSK - \u0141\u00f3d\u017a","description":"","publisher":{"@id":"https:\/\/msk.lodz.pl\/#organization"},"potentialAction":[{"@type":"SearchAction","target":{"@type":"EntryPoint","urlTemplate":"https:\/\/msk.lodz.pl\/?s={search_term_string}"},"query-input":{"@type":"PropertyValueSpecification","valueRequired":true,"valueName":"search_term_string"}}],"inLanguage":"en-GB"},{"@type":"Organization","@id":"https:\/\/msk.lodz.pl\/#organization","name":"MSK - \u0141\u00f3d\u017a","url":"https:\/\/msk.lodz.pl\/","logo":{"@type":"ImageObject","inLanguage":"en-GB","@id":"https:\/\/msk.lodz.pl\/#\/schema\/logo\/image\/","url":"https:\/\/msk.lodz.pl\/wp-content\/uploads\/2023\/04\/cropped-Fav_icon_MSK.png","contentUrl":"https:\/\/msk.lodz.pl\/wp-content\/uploads\/2023\/04\/cropped-Fav_icon_MSK.png","width":512,"height":512,"caption":"MSK - \u0141\u00f3d\u017a"},"image":{"@id":"https:\/\/msk.lodz.pl\/#\/schema\/logo\/image\/"}}]}},"_links":{"self":[{"href":"https:\/\/msk.lodz.pl\/en\/wp-json\/wp\/v2\/mec-events\/80487","targetHints":{"allow":["GET"]}}],"collection":[{"href":"https:\/\/msk.lodz.pl\/en\/wp-json\/wp\/v2\/mec-events"}],"about":[{"href":"https:\/\/msk.lodz.pl\/en\/wp-json\/wp\/v2\/types\/mec-events"}],"author":[{"embeddable":true,"href":"https:\/\/msk.lodz.pl\/en\/wp-json\/wp\/v2\/users\/14"}],"replies":[{"embeddable":true,"href":"https:\/\/msk.lodz.pl\/en\/wp-json\/wp\/v2\/comments?post=80487"}],"wp:featuredmedia":[{"embeddable":true,"href":"https:\/\/msk.lodz.pl\/en\/wp-json\/wp\/v2\/media\/52483"}],"wp:attachment":[{"href":"https:\/\/msk.lodz.pl\/en\/wp-json\/wp\/v2\/media?parent=80487"}],"wp:term":[{"taxonomy":"post_tag","embeddable":true,"href":"https:\/\/msk.lodz.pl\/en\/wp-json\/wp\/v2\/tags?post=80487"},{"taxonomy":"mec_category","embeddable":true,"href":"https:\/\/msk.lodz.pl\/en\/wp-json\/wp\/v2\/mec_category?post=80487"}],"curies":[{"name":"wp","href":"https:\/\/api.w.org\/{rel}","templated":true}]}}