{"id":81563,"date":"2025-01-24T14:27:34","date_gmt":"2025-01-24T13:27:34","guid":{"rendered":"https:\/\/msk.lodz.pl\/?post_type=mec-events&#038;p=81563"},"modified":"2025-01-24T14:27:34","modified_gmt":"2025-01-24T13:27:34","slug":"jak-dwie-krople-farby-wydarzenie","status":"publish","type":"mec-events","link":"https:\/\/msk.lodz.pl\/en\/msk\/jak-dwie-krople-farby-wydarzenie\/","title":{"rendered":"Jak dwie krople farby \/\/ wydarzenie"},"content":{"rendered":"<p>\u201eJak dwie krople farby\u201d to wyj\u0105tkowa wystawa prac malarskich ojca i c\u00f3rki. Prezentuje ona jak kreatywno\u015b\u0107 towarzyszy ich \u017cyciu rodzinnemu oraz pracy zawodowej na r\u00f3\u017cnych p\u0142aszczyznach. Przedstawia rol\u0119, kt\u00f3r\u0105 odgrywa tw\u00f3rczo\u015b\u0107 w radzeniu sobie z problemami i wyzwaniami. Wystawa oferuje wgl\u0105d w r\u00f3\u017cne strategie rozwoju w \u017cyciu zawodowym, znajdowania wolno\u015bci i niezale\u017cno\u015bci finansowej w trudnych czasach politycznych oraz wspierania innowacji dzi\u0119ki kreatywno\u015bci. Zapoznaj\u0105c si\u0119 z kr\u00f3tkimi historiami z \u017cycia Marty i Marka Depta przekonacie si\u0119, \u017ce nie talent decyduje o tw\u00f3rczo\u015bci i \u017ce kreatywno\u015b\u0107 jest jak mi\u0119sie\u0144, kt\u00f3ry mo\u017cna \u0107wiczy\u0107, \u015bwiadomie formowa\u0107 i stosowa\u0107 w codzienno\u015bci i \u017cyciu zawodowym. T\u0105 wystawa chcemy zach\u0119ci\u0107 do przygody z tw\u00f3rczo\u015bci\u0105 i pokaza\u0107, \u017ce warto podejmowa\u0107 dzia\u0142ania kreatywne.<\/p>\n<p>Kuratorka wystawy: Marta Siedlecka -Sidor<\/p>\n<p>Wernisa\u017c: 24.01.2025 | g. 18.00<\/p>\n<p>Wystaw\u0119 mo\u017cna odwiedza\u0107 od 27.01.2025 do 28.02.2025<\/p>\n<p>&nbsp;<\/p>\n<p>&nbsp;<\/p>\n<p>_________________________________________________________________________________________________<\/p>\n<p>&nbsp;<\/p>\n<p>&nbsp;<\/p>\n<p><strong>Marek Depta<\/strong> (1954) marzy\u0142 o tym, \u017ceby budowa\u0107 statki, wielkie frachtowce, p\u0142ywaj\u0105ce po ca\u0142ym \u015bwiecie. W latach siedemdziesi\u0105tych sko\u0144czy\u0142 Szko\u0142\u0119 Konradinum. W Gda\u0144sku przebywa\u0142 w najgor\u0119tszym okresie strajk\u00f3w stoczniowc\u00f3w i ucisku czas\u00f3w PRL-u. Okr\u0119ty o kad\u0142ubie kompozytowym budowa\u0142 jednak bardzo kr\u00f3tko. Szybko okaza\u0142o si\u0119 \u017ce przeprowadzanie innowacyjnych wdro\u017ce\u0144 technicznych jest poddane laickim racjonalizatorom partyjnym. Tworzenie nowoczesnych statk\u00f3w, kt\u00f3re mia\u0142y \u0142\u0105czy\u0107 i komunikowa\u0107 ludzi ca\u0142ego \u015bwiata szybko okaza\u0142o si\u0119 w tym systemie niezrealizowanym marzeniem. Dzi\u0119ki swoim zdolno\u015bciom technicznym i kreatywno\u015bci Marek Depta postanowi\u0142 uwolni\u0107 si\u0119 od swoich ci\u0105gle ocenzurowanych zada\u0144. W czasach, gdy nie by\u0142o nic, brakowa\u0142o materia\u0142\u00f3w, potrafi\u0142 zidentyfikowa\u0107 nieliczne surowce, z kt\u00f3rych tworzy\u0142 ma\u0142e formy jak torebki i galanteri\u0119. Szybko zauwa\u017cy\u0142, \u017ce bi\u017cuteria, kt\u00f3r\u0105 produkowa\u0142, najcz\u0119\u015bciej z blachy amunicyjnej, bardzo cieszy ludzi w ca\u0142ej Polsce. Dzisiejsi badacze designu i innowacji m\u00f3wiliby tu z pewno\u015bci\u0105 o frugalnych interwencjach wspieranych kreatywno\u015bci\u0105. Wtedy nazywano go po prostu prywaciarzem. Niezaprzeczalnie jednak jego pomys\u0142owo\u015b\u0107 oraz zdolno\u015bci techniczne jak i gotowo\u015b\u0107 do tworzenia nowych rzeczy by\u0142y podstaw\u0105 budowania egzystencji jego i jego rodziny w tamtych trudnych czasach. Przede wszystkim by\u0142 wolny, a jego produkty przynosi\u0142y rado\u015b\u0107 1000 ludzi w szarym PRL-u. Marek Depta nieustannie wymy\u015bla\u0142 nowe wzory i wprowadza\u0142 usprawnienia maszynowe w swojej produkcji. Do tej pory non stop buduje co\u015b i wymy\u015bla maszyny w swoim gara\u017cu. Tam, gdzie mieszka, jest kojarzony nie tylko z \u201cumiarkowanym\u201d ha\u0142asem, ale przede wszystkim z mo\u017cliwo\u015bci\u0105 porady technicznej, szybkiej pomocy przy naprawie czego\u015b oraz kogo\u015b, kto zawsze ma niezb\u0119dne narz\u0119dzia.<\/p>\n<p>Marek Depta malowa\u0107 obrazy zacz\u0105\u0142 dopiero w roku 2022. Wtedy to jeszcze raz sztuka pomog\u0142a mu w trudnej sytuacji, tym razem po osobistej stracie jego najlepszej doradczyni i krytyczki, czyli \u017bony.<\/p>\n<p>&nbsp;<\/p>\n<p><strong>Marta Depta<\/strong> (1981) jako ma\u0142a dziewczynka siedz\u0105c na kolanach u taty ju\u017c w wieku oko\u0142o 3 lat malowa\u0142a kwiatki na jego produktach. Odbywa\u0142o si\u0119 to w kuchni, przy stole, na wielkiej desce kre\u015blarskiej. Tam te\u017c le\u017ca\u0142y setki ma\u0142ych foremek, wcze\u015bniej wype\u0142nionych \u017cywic\u0105 w r\u00f3\u017cnych kolorach. Kwiatki malowa\u0142o si\u0119 zawsze oddzielnymi kolorami jakie mia\u0142y p\u0142atki. Ona najch\u0119tniej malowa\u0142a p\u0142atki niebieskie.<br \/>\nNie mo\u017cna powiedzie\u0107, \u017ceby Marta mia\u0142a jaki\u015b wyrazisty talent. Ona po prostu jako dziecko non stop co\u015b tworzy\u0142a; by\u0142a do tego niejako przyzwyczajona. Wsp\u00f3\u0142cze\u015bnie wielu badaczy wysuwa tez\u0119, \u017ce sk\u0142onno\u015bci tw\u00f3rcze w rodzinach artystycznych nie s\u0105 w takim stopniu dziedziczne jak wcze\u015bniej twierdzono, ale raczej kultywowane poprzez zachowania cz\u0142onk\u00f3w rodziny. (zobacz Simon Sinek)<\/p>\n<p>Marta studiowa\u0142a Projektowanie Form Przemys\u0142owych na ASP w \u0141odzi i uko\u0144czy\u0142a Studia na Bauhaus Universit\u00e4t. W tym czasie porzuci\u0142a malarstwo i zajmowa\u0142a si\u0119 wynalazkami oraz stosowaniem innowacyjnych bionicznych materia\u0142\u00f3w. Formalnie jest wynalazczyni\u0105. Kreatywno\u015b\u0107 i dobry zmys\u0142 techniczny towarzysz\u0105 jej \u017cyciu zawodowemu. Pracuje jako doradca dla naukowc\u00f3w, kt\u00f3rzy szukaj\u0105 zastosowa\u0144 dla swoich odkry\u0107 i pomaga im w tworzeniu nowych pomys\u0142\u00f3w oraz modeli wdra\u017cania innowacji. Naukowo pracuje i reflektuje nad teoriami oraz metodami zwi\u0105zanymi z tworzeniem pomys\u0142\u00f3w (ideation), nad rola innowacji dla zbilansowanego rozwoju gospodarczego i jako\u015bci zycia. Marta otworzy\u0142a si\u0119 na malarstwo i odkry\u0142a je na nowo jako strategie polepszania swojego samopoczucia w roku 2017, po kryzysie psychicznym spowodowanym tzw. wypaleniem.<\/p>\n<p>Tymi s\u0142owami pragn\u0119 zach\u0119ci\u0107 pa\u0144stwa do refleksji nad Wasza relacj\u0105 z tw\u00f3rczo\u015bci\u0105. Zach\u0119camy do czynnego kultywowania kreatywno\u015bci i dzi\u0119kujemy za odwiedzenie tej wystawy.<\/p>","protected":false},"excerpt":{"rendered":"<p>\u201eJak dwie krople farby\u201d to wyj\u0105tkowa wystawa prac malarskich ojca i c\u00f3rki. Prezentuje ona jak kreatywno\u015b\u0107 towarzyszy ich \u017cyciu rodzinnemu oraz pracy zawodowej na r\u00f3\u017cnych p\u0142aszczyznach. Przedstawia rol\u0119, kt\u00f3r\u0105 odgrywa tw\u00f3rczo\u015b\u0107 w radzeniu sobie z problemami i wyzwaniami. Wystawa oferuje wgl\u0105d w r\u00f3\u017cne strategie rozwoju w \u017cyciu zawodowym, znajdowania wolno\u015bci i niezale\u017cno\u015bci finansowej w trudnych [&hellip;]<\/p>","protected":false},"author":15,"featured_media":81565,"comment_status":"closed","ping_status":"closed","template":"","tags":[192,191,186,194,181,193,494],"mec_category":[405,389,368,394,397,360,361],"class_list":["post-81563","mec-events","type-mec-events","status-publish","has-post-thumbnail","hentry","tag-dorosli","tag-dzieci","tag-malarstwo","tag-mlodziez","tag-plastyka","tag-seniorzy","tag-wydarzenie","mec_category-aktualnosci","mec_category-dorosli","mec_category-dzieci","mec_category-mlodziez","mec_category-seniorzy","mec_category-sztuka","mec_category-wydarzenia"],"yoast_head":"<!-- This site is optimized with the Yoast SEO plugin v26.5 - https:\/\/yoast.com\/wordpress\/plugins\/seo\/ -->\n<title>Jak dwie krople farby \/\/ wydarzenie - MSK<\/title>\n<meta name=\"robots\" content=\"index, follow, max-snippet:-1, max-image-preview:large, max-video-preview:-1\" \/>\n<link rel=\"canonical\" href=\"https:\/\/msk.lodz.pl\/en\/msk\/jak-dwie-krople-farby-wydarzenie\/\" \/>\n<meta property=\"og:locale\" content=\"en_GB\" \/>\n<meta property=\"og:type\" content=\"article\" \/>\n<meta property=\"og:title\" content=\"Jak dwie krople farby \/\/ wydarzenie - MSK\" \/>\n<meta property=\"og:description\" content=\"\u201eJak dwie krople farby\u201d to wyj\u0105tkowa wystawa prac malarskich ojca i c\u00f3rki. Prezentuje ona jak kreatywno\u015b\u0107 towarzyszy ich \u017cyciu rodzinnemu oraz pracy zawodowej na r\u00f3\u017cnych p\u0142aszczyznach. Przedstawia rol\u0119, kt\u00f3r\u0105 odgrywa tw\u00f3rczo\u015b\u0107 w radzeniu sobie z problemami i wyzwaniami. Wystawa oferuje wgl\u0105d w r\u00f3\u017cne strategie rozwoju w \u017cyciu zawodowym, znajdowania wolno\u015bci i niezale\u017cno\u015bci finansowej w trudnych [&hellip;]\" \/>\n<meta property=\"og:url\" content=\"https:\/\/msk.lodz.pl\/en\/msk\/jak-dwie-krople-farby-wydarzenie\/\" \/>\n<meta property=\"og:site_name\" content=\"MSK\" \/>\n<meta property=\"og:image\" content=\"https:\/\/msk.lodz.pl\/wp-content\/uploads\/2025\/01\/474201867_1610962596179514_7036689614292213606_n.jpg\" \/>\n\t<meta property=\"og:image:width\" content=\"1228\" \/>\n\t<meta property=\"og:image:height\" content=\"1600\" \/>\n\t<meta property=\"og:image:type\" content=\"image\/jpeg\" \/>\n<meta name=\"twitter:card\" content=\"summary_large_image\" \/>\n<meta name=\"twitter:label1\" content=\"Estimated reading time\" \/>\n\t<meta name=\"twitter:data1\" content=\"4 minutes\" \/>\n<script type=\"application\/ld+json\" class=\"yoast-schema-graph\">{\"@context\":\"https:\/\/schema.org\",\"@graph\":[{\"@type\":\"WebPage\",\"@id\":\"https:\/\/msk.lodz.pl\/msk\/jak-dwie-krople-farby-wydarzenie\/\",\"url\":\"https:\/\/msk.lodz.pl\/msk\/jak-dwie-krople-farby-wydarzenie\/\",\"name\":\"Jak dwie krople farby \/\/ wydarzenie - MSK\",\"isPartOf\":{\"@id\":\"https:\/\/msk.lodz.pl\/#website\"},\"primaryImageOfPage\":{\"@id\":\"https:\/\/msk.lodz.pl\/msk\/jak-dwie-krople-farby-wydarzenie\/#primaryimage\"},\"image\":{\"@id\":\"https:\/\/msk.lodz.pl\/msk\/jak-dwie-krople-farby-wydarzenie\/#primaryimage\"},\"thumbnailUrl\":\"https:\/\/msk.lodz.pl\/wp-content\/uploads\/2025\/01\/474201867_1610962596179514_7036689614292213606_n.jpg\",\"datePublished\":\"2025-01-24T13:27:34+00:00\",\"breadcrumb\":{\"@id\":\"https:\/\/msk.lodz.pl\/msk\/jak-dwie-krople-farby-wydarzenie\/#breadcrumb\"},\"inLanguage\":\"en-GB\",\"potentialAction\":[{\"@type\":\"ReadAction\",\"target\":[\"https:\/\/msk.lodz.pl\/msk\/jak-dwie-krople-farby-wydarzenie\/\"]}]},{\"@type\":\"ImageObject\",\"inLanguage\":\"en-GB\",\"@id\":\"https:\/\/msk.lodz.pl\/msk\/jak-dwie-krople-farby-wydarzenie\/#primaryimage\",\"url\":\"https:\/\/msk.lodz.pl\/wp-content\/uploads\/2025\/01\/474201867_1610962596179514_7036689614292213606_n.jpg\",\"contentUrl\":\"https:\/\/msk.lodz.pl\/wp-content\/uploads\/2025\/01\/474201867_1610962596179514_7036689614292213606_n.jpg\",\"width\":1228,\"height\":1600},{\"@type\":\"BreadcrumbList\",\"@id\":\"https:\/\/msk.lodz.pl\/msk\/jak-dwie-krople-farby-wydarzenie\/#breadcrumb\",\"itemListElement\":[{\"@type\":\"ListItem\",\"position\":1,\"name\":\"Strona g\u0142\u00f3wna\",\"item\":\"http:\/\/msk.lodz.pl\/en\/\"},{\"@type\":\"ListItem\",\"position\":2,\"name\":\"Wydarzenia\",\"item\":\"https:\/\/msk.lodz.pl\/msk\/\"},{\"@type\":\"ListItem\",\"position\":3,\"name\":\"Jak dwie krople farby \/\/ wydarzenie\"}]},{\"@type\":\"WebSite\",\"@id\":\"https:\/\/msk.lodz.pl\/#website\",\"url\":\"https:\/\/msk.lodz.pl\/\",\"name\":\"MSK - \u0141\u00f3d\u017a\",\"description\":\"\",\"publisher\":{\"@id\":\"https:\/\/msk.lodz.pl\/#organization\"},\"potentialAction\":[{\"@type\":\"SearchAction\",\"target\":{\"@type\":\"EntryPoint\",\"urlTemplate\":\"https:\/\/msk.lodz.pl\/?s={search_term_string}\"},\"query-input\":{\"@type\":\"PropertyValueSpecification\",\"valueRequired\":true,\"valueName\":\"search_term_string\"}}],\"inLanguage\":\"en-GB\"},{\"@type\":\"Organization\",\"@id\":\"https:\/\/msk.lodz.pl\/#organization\",\"name\":\"MSK - \u0141\u00f3d\u017a\",\"url\":\"https:\/\/msk.lodz.pl\/\",\"logo\":{\"@type\":\"ImageObject\",\"inLanguage\":\"en-GB\",\"@id\":\"https:\/\/msk.lodz.pl\/#\/schema\/logo\/image\/\",\"url\":\"https:\/\/msk.lodz.pl\/wp-content\/uploads\/2023\/04\/cropped-Fav_icon_MSK.png\",\"contentUrl\":\"https:\/\/msk.lodz.pl\/wp-content\/uploads\/2023\/04\/cropped-Fav_icon_MSK.png\",\"width\":512,\"height\":512,\"caption\":\"MSK - \u0141\u00f3d\u017a\"},\"image\":{\"@id\":\"https:\/\/msk.lodz.pl\/#\/schema\/logo\/image\/\"}}]}<\/script>\n<!-- \/ Yoast SEO plugin. -->","yoast_head_json":{"title":"Jak dwie krople farby \/\/ wydarzenie - MSK","robots":{"index":"index","follow":"follow","max-snippet":"max-snippet:-1","max-image-preview":"max-image-preview:large","max-video-preview":"max-video-preview:-1"},"canonical":"https:\/\/msk.lodz.pl\/en\/msk\/jak-dwie-krople-farby-wydarzenie\/","og_locale":"en_GB","og_type":"article","og_title":"Jak dwie krople farby \/\/ wydarzenie - MSK","og_description":"\u201eJak dwie krople farby\u201d to wyj\u0105tkowa wystawa prac malarskich ojca i c\u00f3rki. Prezentuje ona jak kreatywno\u015b\u0107 towarzyszy ich \u017cyciu rodzinnemu oraz pracy zawodowej na r\u00f3\u017cnych p\u0142aszczyznach. Przedstawia rol\u0119, kt\u00f3r\u0105 odgrywa tw\u00f3rczo\u015b\u0107 w radzeniu sobie z problemami i wyzwaniami. Wystawa oferuje wgl\u0105d w r\u00f3\u017cne strategie rozwoju w \u017cyciu zawodowym, znajdowania wolno\u015bci i niezale\u017cno\u015bci finansowej w trudnych [&hellip;]","og_url":"https:\/\/msk.lodz.pl\/en\/msk\/jak-dwie-krople-farby-wydarzenie\/","og_site_name":"MSK","og_image":[{"width":1228,"height":1600,"url":"https:\/\/msk.lodz.pl\/wp-content\/uploads\/2025\/01\/474201867_1610962596179514_7036689614292213606_n.jpg","type":"image\/jpeg"}],"twitter_card":"summary_large_image","twitter_misc":{"Estimated reading time":"4 minutes"},"schema":{"@context":"https:\/\/schema.org","@graph":[{"@type":"WebPage","@id":"https:\/\/msk.lodz.pl\/msk\/jak-dwie-krople-farby-wydarzenie\/","url":"https:\/\/msk.lodz.pl\/msk\/jak-dwie-krople-farby-wydarzenie\/","name":"Jak dwie krople farby \/\/ wydarzenie - MSK","isPartOf":{"@id":"https:\/\/msk.lodz.pl\/#website"},"primaryImageOfPage":{"@id":"https:\/\/msk.lodz.pl\/msk\/jak-dwie-krople-farby-wydarzenie\/#primaryimage"},"image":{"@id":"https:\/\/msk.lodz.pl\/msk\/jak-dwie-krople-farby-wydarzenie\/#primaryimage"},"thumbnailUrl":"https:\/\/msk.lodz.pl\/wp-content\/uploads\/2025\/01\/474201867_1610962596179514_7036689614292213606_n.jpg","datePublished":"2025-01-24T13:27:34+00:00","breadcrumb":{"@id":"https:\/\/msk.lodz.pl\/msk\/jak-dwie-krople-farby-wydarzenie\/#breadcrumb"},"inLanguage":"en-GB","potentialAction":[{"@type":"ReadAction","target":["https:\/\/msk.lodz.pl\/msk\/jak-dwie-krople-farby-wydarzenie\/"]}]},{"@type":"ImageObject","inLanguage":"en-GB","@id":"https:\/\/msk.lodz.pl\/msk\/jak-dwie-krople-farby-wydarzenie\/#primaryimage","url":"https:\/\/msk.lodz.pl\/wp-content\/uploads\/2025\/01\/474201867_1610962596179514_7036689614292213606_n.jpg","contentUrl":"https:\/\/msk.lodz.pl\/wp-content\/uploads\/2025\/01\/474201867_1610962596179514_7036689614292213606_n.jpg","width":1228,"height":1600},{"@type":"BreadcrumbList","@id":"https:\/\/msk.lodz.pl\/msk\/jak-dwie-krople-farby-wydarzenie\/#breadcrumb","itemListElement":[{"@type":"ListItem","position":1,"name":"Strona g\u0142\u00f3wna","item":"http:\/\/msk.lodz.pl\/en\/"},{"@type":"ListItem","position":2,"name":"Wydarzenia","item":"https:\/\/msk.lodz.pl\/msk\/"},{"@type":"ListItem","position":3,"name":"Jak dwie krople farby \/\/ wydarzenie"}]},{"@type":"WebSite","@id":"https:\/\/msk.lodz.pl\/#website","url":"https:\/\/msk.lodz.pl\/","name":"MSK - \u0141\u00f3d\u017a","description":"","publisher":{"@id":"https:\/\/msk.lodz.pl\/#organization"},"potentialAction":[{"@type":"SearchAction","target":{"@type":"EntryPoint","urlTemplate":"https:\/\/msk.lodz.pl\/?s={search_term_string}"},"query-input":{"@type":"PropertyValueSpecification","valueRequired":true,"valueName":"search_term_string"}}],"inLanguage":"en-GB"},{"@type":"Organization","@id":"https:\/\/msk.lodz.pl\/#organization","name":"MSK - \u0141\u00f3d\u017a","url":"https:\/\/msk.lodz.pl\/","logo":{"@type":"ImageObject","inLanguage":"en-GB","@id":"https:\/\/msk.lodz.pl\/#\/schema\/logo\/image\/","url":"https:\/\/msk.lodz.pl\/wp-content\/uploads\/2023\/04\/cropped-Fav_icon_MSK.png","contentUrl":"https:\/\/msk.lodz.pl\/wp-content\/uploads\/2023\/04\/cropped-Fav_icon_MSK.png","width":512,"height":512,"caption":"MSK - \u0141\u00f3d\u017a"},"image":{"@id":"https:\/\/msk.lodz.pl\/#\/schema\/logo\/image\/"}}]}},"_links":{"self":[{"href":"https:\/\/msk.lodz.pl\/en\/wp-json\/wp\/v2\/mec-events\/81563","targetHints":{"allow":["GET"]}}],"collection":[{"href":"https:\/\/msk.lodz.pl\/en\/wp-json\/wp\/v2\/mec-events"}],"about":[{"href":"https:\/\/msk.lodz.pl\/en\/wp-json\/wp\/v2\/types\/mec-events"}],"author":[{"embeddable":true,"href":"https:\/\/msk.lodz.pl\/en\/wp-json\/wp\/v2\/users\/15"}],"replies":[{"embeddable":true,"href":"https:\/\/msk.lodz.pl\/en\/wp-json\/wp\/v2\/comments?post=81563"}],"wp:featuredmedia":[{"embeddable":true,"href":"https:\/\/msk.lodz.pl\/en\/wp-json\/wp\/v2\/media\/81565"}],"wp:attachment":[{"href":"https:\/\/msk.lodz.pl\/en\/wp-json\/wp\/v2\/media?parent=81563"}],"wp:term":[{"taxonomy":"post_tag","embeddable":true,"href":"https:\/\/msk.lodz.pl\/en\/wp-json\/wp\/v2\/tags?post=81563"},{"taxonomy":"mec_category","embeddable":true,"href":"https:\/\/msk.lodz.pl\/en\/wp-json\/wp\/v2\/mec_category?post=81563"}],"curies":[{"name":"wp","href":"https:\/\/api.w.org\/{rel}","templated":true}]}}