{"id":89368,"date":"2025-03-13T21:51:41","date_gmt":"2025-03-13T20:51:41","guid":{"rendered":"https:\/\/msk.lodz.pl\/?post_type=mec-events&#038;p=89368"},"modified":"2025-03-13T23:07:09","modified_gmt":"2025-03-13T22:07:09","slug":"koncert-muzyki-powaznej-w-wykonaniu-studentow-akademii-muzycznej-w-lodzi-2","status":"publish","type":"mec-events","link":"https:\/\/msk.lodz.pl\/en\/msk\/koncert-muzyki-powaznej-w-wykonaniu-studentow-akademii-muzycznej-w-lodzi-2\/","title":{"rendered":"Koncert muzyki powa\u017cnej w wykonaniu student\u00f3w Akademii Muzycznej w \u0141odzi"},"content":{"rendered":"<p>W niedzielne popo\u0142udnie zapraszamy serdecznie na koncert w wykonaniu student\u00f3w Akademii Muzycznej w \u0141odzi!<\/p>\n<p>To doskona\u0142a okazja, aby pos\u0142ucha\u0107 utalentowanych m\u0142odych artyst\u00f3w i cieszy\u0107 si\u0119 pi\u0119knem muzyki na \u017cywo.<\/p>\n<p>Do zobaczenia w niedziel\u0119 23 marca o 16:00!<\/p>\n<p>&nbsp;<\/p>\n<p>Program koncertu:<br \/>\n<strong>1<\/strong><br \/>\n<strong><em>Tymoteusz Pietrzak \u2013\u00a0<\/em><\/strong>skrzypce<br \/>\n<strong><em>Klara Forma\u0144ska\u00a0\u00a0\u00a0\u00a0 \u2013 <\/em><\/strong>skrzypce<br \/>\n<strong><em>Micha\u0142 Tomski\u00a0\u00a0\u00a0\u00a0\u00a0\u00a0\u00a0\u00a0\u00a0\u00a0 \u2013 <\/em><\/strong>alt\u00f3wka<br \/>\n<strong><em>Izabela Cie\u015blarek\u00a0\u00a0\u00a0\u00a0\u00a0 \u2013 <\/em><\/strong>wiolonczela<\/p>\n<p>F. Schubert \u2013\u00a0 Kwartet smyczkowy ,, \u015amier\u0107 i dziewczyna&#8221;<br \/>\n&#8211; cz. I &#8211; Allegro<br \/>\n&#8211; cz. II &#8211; Andante con moto<br \/>\n<strong>2<br \/>\n<\/strong><strong><em>Julia Loska \u2013 <\/em><\/strong>skrzypce<br \/>\n<strong><em>Marianna Sereda<\/em><\/strong> &#8211; fortepian<\/p>\n<p>G. Faure &#8211; Apres un reve op. 7, nr 1<br \/>\nJ. Brahms &#8211; Sonata na fortepian i skrzypce G-dur nr 1 op. 78<br \/>\n&#8211; cz. I &#8211; Vivace ma non troppo<br \/>\nW. Lutos\u0142awski &#8211; Subito<\/p>\n<p><strong>3<br \/>\n<em>Micha\u0142 Skibi\u0144ski<\/em><\/strong> &#8211; skrzypce<br \/>\n<strong><em>Jakub Lema\u0144ski<\/em><\/strong> &#8211; wiolonczela<br \/>\n<em><strong>Alan \u015awi\u0105tczak<\/strong><\/em> &#8211; fortepian<\/p>\n<p>D. Szostakowicz &#8211; Trio fortepianowe e-moll op. 67<br \/>\n&#8211; cz. I &#8211; Andante &#8211; Moderato<br \/>\n&#8211; cz. II &#8211; Allegro con brio<br \/>\n&#8211; cz. III &#8211; Largo<br \/>\n&#8211; cz. IV &#8211; Allegretto &#8211; Adagio<\/p>","protected":false},"excerpt":{"rendered":"<p>W niedzielne popo\u0142udnie zapraszamy serdecznie na koncert w wykonaniu student\u00f3w Akademii Muzycznej w \u0141odzi! To doskona\u0142a okazja, aby pos\u0142ucha\u0107 utalentowanych m\u0142odych artyst\u00f3w i cieszy\u0107 si\u0119 pi\u0119knem muzyki na \u017cywo. Do zobaczenia w niedziel\u0119 23 marca o 16:00! &nbsp; Program koncertu: 1 Tymoteusz Pietrzak \u2013\u00a0skrzypce Klara Forma\u0144ska\u00a0\u00a0\u00a0\u00a0 \u2013 skrzypce Micha\u0142 Tomski\u00a0\u00a0\u00a0\u00a0\u00a0\u00a0\u00a0\u00a0\u00a0\u00a0 \u2013 alt\u00f3wka Izabela Cie\u015blarek\u00a0\u00a0\u00a0\u00a0\u00a0 \u2013 [&hellip;]<\/p>","protected":false},"author":102,"featured_media":89372,"comment_status":"closed","ping_status":"closed","template":"","tags":[],"mec_category":[405,389,394,537,397,398,360,361],"class_list":["post-89368","mec-events","type-mec-events","status-publish","has-post-thumbnail","hentry","mec_category-aktualnosci","mec_category-dorosli","mec_category-mlodziez","mec_category-muzyka","mec_category-seniorzy","mec_category-styl-zycia","mec_category-sztuka","mec_category-wydarzenia"],"yoast_head":"<!-- This site is optimized with the Yoast SEO plugin v26.5 - https:\/\/yoast.com\/wordpress\/plugins\/seo\/ -->\n<title>Koncert muzyki powa\u017cnej w wykonaniu student\u00f3w Akademii Muzycznej w \u0141odzi - MSK<\/title>\n<meta name=\"robots\" content=\"index, follow, max-snippet:-1, max-image-preview:large, max-video-preview:-1\" \/>\n<link rel=\"canonical\" href=\"https:\/\/msk.lodz.pl\/en\/msk\/koncert-muzyki-powaznej-w-wykonaniu-studentow-akademii-muzycznej-w-lodzi-2\/\" \/>\n<meta property=\"og:locale\" content=\"en_GB\" \/>\n<meta property=\"og:type\" content=\"article\" \/>\n<meta property=\"og:title\" content=\"Koncert muzyki powa\u017cnej w wykonaniu student\u00f3w Akademii Muzycznej w \u0141odzi - MSK\" \/>\n<meta property=\"og:description\" content=\"W niedzielne popo\u0142udnie zapraszamy serdecznie na koncert w wykonaniu student\u00f3w Akademii Muzycznej w \u0141odzi! To doskona\u0142a okazja, aby pos\u0142ucha\u0107 utalentowanych m\u0142odych artyst\u00f3w i cieszy\u0107 si\u0119 pi\u0119knem muzyki na \u017cywo. Do zobaczenia w niedziel\u0119 23 marca o 16:00! &nbsp; Program koncertu: 1 Tymoteusz Pietrzak \u2013\u00a0skrzypce Klara Forma\u0144ska\u00a0\u00a0\u00a0\u00a0 \u2013 skrzypce Micha\u0142 Tomski\u00a0\u00a0\u00a0\u00a0\u00a0\u00a0\u00a0\u00a0\u00a0\u00a0 \u2013 alt\u00f3wka Izabela Cie\u015blarek\u00a0\u00a0\u00a0\u00a0\u00a0 \u2013 [&hellip;]\" \/>\n<meta property=\"og:url\" content=\"https:\/\/msk.lodz.pl\/en\/msk\/koncert-muzyki-powaznej-w-wykonaniu-studentow-akademii-muzycznej-w-lodzi-2\/\" \/>\n<meta property=\"og:site_name\" content=\"MSK\" \/>\n<meta property=\"article:modified_time\" content=\"2025-03-13T22:07:09+00:00\" \/>\n<meta property=\"og:image\" content=\"https:\/\/msk.lodz.pl\/wp-content\/uploads\/2025\/03\/AMUZ-23.03.2025-3.png\" \/>\n\t<meta property=\"og:image:width\" content=\"1200\" \/>\n\t<meta property=\"og:image:height\" content=\"628\" \/>\n\t<meta property=\"og:image:type\" content=\"image\/png\" \/>\n<meta name=\"twitter:card\" content=\"summary_large_image\" \/>\n<meta name=\"twitter:label1\" content=\"Estimated reading time\" \/>\n\t<meta name=\"twitter:data1\" content=\"1 minute\" \/>\n<script type=\"application\/ld+json\" class=\"yoast-schema-graph\">{\"@context\":\"https:\/\/schema.org\",\"@graph\":[{\"@type\":\"WebPage\",\"@id\":\"https:\/\/msk.lodz.pl\/msk\/koncert-muzyki-powaznej-w-wykonaniu-studentow-akademii-muzycznej-w-lodzi-2\/\",\"url\":\"https:\/\/msk.lodz.pl\/msk\/koncert-muzyki-powaznej-w-wykonaniu-studentow-akademii-muzycznej-w-lodzi-2\/\",\"name\":\"Koncert muzyki powa\u017cnej w wykonaniu student\u00f3w Akademii Muzycznej w \u0141odzi - MSK\",\"isPartOf\":{\"@id\":\"https:\/\/msk.lodz.pl\/#website\"},\"primaryImageOfPage\":{\"@id\":\"https:\/\/msk.lodz.pl\/msk\/koncert-muzyki-powaznej-w-wykonaniu-studentow-akademii-muzycznej-w-lodzi-2\/#primaryimage\"},\"image\":{\"@id\":\"https:\/\/msk.lodz.pl\/msk\/koncert-muzyki-powaznej-w-wykonaniu-studentow-akademii-muzycznej-w-lodzi-2\/#primaryimage\"},\"thumbnailUrl\":\"https:\/\/msk.lodz.pl\/wp-content\/uploads\/2025\/03\/AMUZ-23.03.2025-3.png\",\"datePublished\":\"2025-03-13T20:51:41+00:00\",\"dateModified\":\"2025-03-13T22:07:09+00:00\",\"breadcrumb\":{\"@id\":\"https:\/\/msk.lodz.pl\/msk\/koncert-muzyki-powaznej-w-wykonaniu-studentow-akademii-muzycznej-w-lodzi-2\/#breadcrumb\"},\"inLanguage\":\"en-GB\",\"potentialAction\":[{\"@type\":\"ReadAction\",\"target\":[\"https:\/\/msk.lodz.pl\/msk\/koncert-muzyki-powaznej-w-wykonaniu-studentow-akademii-muzycznej-w-lodzi-2\/\"]}]},{\"@type\":\"ImageObject\",\"inLanguage\":\"en-GB\",\"@id\":\"https:\/\/msk.lodz.pl\/msk\/koncert-muzyki-powaznej-w-wykonaniu-studentow-akademii-muzycznej-w-lodzi-2\/#primaryimage\",\"url\":\"https:\/\/msk.lodz.pl\/wp-content\/uploads\/2025\/03\/AMUZ-23.03.2025-3.png\",\"contentUrl\":\"https:\/\/msk.lodz.pl\/wp-content\/uploads\/2025\/03\/AMUZ-23.03.2025-3.png\",\"width\":1200,\"height\":628},{\"@type\":\"BreadcrumbList\",\"@id\":\"https:\/\/msk.lodz.pl\/msk\/koncert-muzyki-powaznej-w-wykonaniu-studentow-akademii-muzycznej-w-lodzi-2\/#breadcrumb\",\"itemListElement\":[{\"@type\":\"ListItem\",\"position\":1,\"name\":\"Strona g\u0142\u00f3wna\",\"item\":\"http:\/\/msk.lodz.pl\/en\/\"},{\"@type\":\"ListItem\",\"position\":2,\"name\":\"Wydarzenia\",\"item\":\"https:\/\/msk.lodz.pl\/msk\/\"},{\"@type\":\"ListItem\",\"position\":3,\"name\":\"Koncert muzyki powa\u017cnej w wykonaniu student\u00f3w Akademii Muzycznej w \u0141odzi\"}]},{\"@type\":\"WebSite\",\"@id\":\"https:\/\/msk.lodz.pl\/#website\",\"url\":\"https:\/\/msk.lodz.pl\/\",\"name\":\"MSK - \u0141\u00f3d\u017a\",\"description\":\"\",\"publisher\":{\"@id\":\"https:\/\/msk.lodz.pl\/#organization\"},\"potentialAction\":[{\"@type\":\"SearchAction\",\"target\":{\"@type\":\"EntryPoint\",\"urlTemplate\":\"https:\/\/msk.lodz.pl\/?s={search_term_string}\"},\"query-input\":{\"@type\":\"PropertyValueSpecification\",\"valueRequired\":true,\"valueName\":\"search_term_string\"}}],\"inLanguage\":\"en-GB\"},{\"@type\":\"Organization\",\"@id\":\"https:\/\/msk.lodz.pl\/#organization\",\"name\":\"MSK - \u0141\u00f3d\u017a\",\"url\":\"https:\/\/msk.lodz.pl\/\",\"logo\":{\"@type\":\"ImageObject\",\"inLanguage\":\"en-GB\",\"@id\":\"https:\/\/msk.lodz.pl\/#\/schema\/logo\/image\/\",\"url\":\"https:\/\/msk.lodz.pl\/wp-content\/uploads\/2023\/04\/cropped-Fav_icon_MSK.png\",\"contentUrl\":\"https:\/\/msk.lodz.pl\/wp-content\/uploads\/2023\/04\/cropped-Fav_icon_MSK.png\",\"width\":512,\"height\":512,\"caption\":\"MSK - \u0141\u00f3d\u017a\"},\"image\":{\"@id\":\"https:\/\/msk.lodz.pl\/#\/schema\/logo\/image\/\"}}]}<\/script>\n<!-- \/ Yoast SEO plugin. -->","yoast_head_json":{"title":"Koncert muzyki powa\u017cnej w wykonaniu student\u00f3w Akademii Muzycznej w \u0141odzi - MSK","robots":{"index":"index","follow":"follow","max-snippet":"max-snippet:-1","max-image-preview":"max-image-preview:large","max-video-preview":"max-video-preview:-1"},"canonical":"https:\/\/msk.lodz.pl\/en\/msk\/koncert-muzyki-powaznej-w-wykonaniu-studentow-akademii-muzycznej-w-lodzi-2\/","og_locale":"en_GB","og_type":"article","og_title":"Koncert muzyki powa\u017cnej w wykonaniu student\u00f3w Akademii Muzycznej w \u0141odzi - MSK","og_description":"W niedzielne popo\u0142udnie zapraszamy serdecznie na koncert w wykonaniu student\u00f3w Akademii Muzycznej w \u0141odzi! To doskona\u0142a okazja, aby pos\u0142ucha\u0107 utalentowanych m\u0142odych artyst\u00f3w i cieszy\u0107 si\u0119 pi\u0119knem muzyki na \u017cywo. Do zobaczenia w niedziel\u0119 23 marca o 16:00! &nbsp; Program koncertu: 1 Tymoteusz Pietrzak \u2013\u00a0skrzypce Klara Forma\u0144ska\u00a0\u00a0\u00a0\u00a0 \u2013 skrzypce Micha\u0142 Tomski\u00a0\u00a0\u00a0\u00a0\u00a0\u00a0\u00a0\u00a0\u00a0\u00a0 \u2013 alt\u00f3wka Izabela Cie\u015blarek\u00a0\u00a0\u00a0\u00a0\u00a0 \u2013 [&hellip;]","og_url":"https:\/\/msk.lodz.pl\/en\/msk\/koncert-muzyki-powaznej-w-wykonaniu-studentow-akademii-muzycznej-w-lodzi-2\/","og_site_name":"MSK","article_modified_time":"2025-03-13T22:07:09+00:00","og_image":[{"width":1200,"height":628,"url":"https:\/\/msk.lodz.pl\/wp-content\/uploads\/2025\/03\/AMUZ-23.03.2025-3.png","type":"image\/png"}],"twitter_card":"summary_large_image","twitter_misc":{"Estimated reading time":"1 minute"},"schema":{"@context":"https:\/\/schema.org","@graph":[{"@type":"WebPage","@id":"https:\/\/msk.lodz.pl\/msk\/koncert-muzyki-powaznej-w-wykonaniu-studentow-akademii-muzycznej-w-lodzi-2\/","url":"https:\/\/msk.lodz.pl\/msk\/koncert-muzyki-powaznej-w-wykonaniu-studentow-akademii-muzycznej-w-lodzi-2\/","name":"Koncert muzyki powa\u017cnej w wykonaniu student\u00f3w Akademii Muzycznej w \u0141odzi - MSK","isPartOf":{"@id":"https:\/\/msk.lodz.pl\/#website"},"primaryImageOfPage":{"@id":"https:\/\/msk.lodz.pl\/msk\/koncert-muzyki-powaznej-w-wykonaniu-studentow-akademii-muzycznej-w-lodzi-2\/#primaryimage"},"image":{"@id":"https:\/\/msk.lodz.pl\/msk\/koncert-muzyki-powaznej-w-wykonaniu-studentow-akademii-muzycznej-w-lodzi-2\/#primaryimage"},"thumbnailUrl":"https:\/\/msk.lodz.pl\/wp-content\/uploads\/2025\/03\/AMUZ-23.03.2025-3.png","datePublished":"2025-03-13T20:51:41+00:00","dateModified":"2025-03-13T22:07:09+00:00","breadcrumb":{"@id":"https:\/\/msk.lodz.pl\/msk\/koncert-muzyki-powaznej-w-wykonaniu-studentow-akademii-muzycznej-w-lodzi-2\/#breadcrumb"},"inLanguage":"en-GB","potentialAction":[{"@type":"ReadAction","target":["https:\/\/msk.lodz.pl\/msk\/koncert-muzyki-powaznej-w-wykonaniu-studentow-akademii-muzycznej-w-lodzi-2\/"]}]},{"@type":"ImageObject","inLanguage":"en-GB","@id":"https:\/\/msk.lodz.pl\/msk\/koncert-muzyki-powaznej-w-wykonaniu-studentow-akademii-muzycznej-w-lodzi-2\/#primaryimage","url":"https:\/\/msk.lodz.pl\/wp-content\/uploads\/2025\/03\/AMUZ-23.03.2025-3.png","contentUrl":"https:\/\/msk.lodz.pl\/wp-content\/uploads\/2025\/03\/AMUZ-23.03.2025-3.png","width":1200,"height":628},{"@type":"BreadcrumbList","@id":"https:\/\/msk.lodz.pl\/msk\/koncert-muzyki-powaznej-w-wykonaniu-studentow-akademii-muzycznej-w-lodzi-2\/#breadcrumb","itemListElement":[{"@type":"ListItem","position":1,"name":"Strona g\u0142\u00f3wna","item":"http:\/\/msk.lodz.pl\/en\/"},{"@type":"ListItem","position":2,"name":"Wydarzenia","item":"https:\/\/msk.lodz.pl\/msk\/"},{"@type":"ListItem","position":3,"name":"Koncert muzyki powa\u017cnej w wykonaniu student\u00f3w Akademii Muzycznej w \u0141odzi"}]},{"@type":"WebSite","@id":"https:\/\/msk.lodz.pl\/#website","url":"https:\/\/msk.lodz.pl\/","name":"MSK - \u0141\u00f3d\u017a","description":"","publisher":{"@id":"https:\/\/msk.lodz.pl\/#organization"},"potentialAction":[{"@type":"SearchAction","target":{"@type":"EntryPoint","urlTemplate":"https:\/\/msk.lodz.pl\/?s={search_term_string}"},"query-input":{"@type":"PropertyValueSpecification","valueRequired":true,"valueName":"search_term_string"}}],"inLanguage":"en-GB"},{"@type":"Organization","@id":"https:\/\/msk.lodz.pl\/#organization","name":"MSK - \u0141\u00f3d\u017a","url":"https:\/\/msk.lodz.pl\/","logo":{"@type":"ImageObject","inLanguage":"en-GB","@id":"https:\/\/msk.lodz.pl\/#\/schema\/logo\/image\/","url":"https:\/\/msk.lodz.pl\/wp-content\/uploads\/2023\/04\/cropped-Fav_icon_MSK.png","contentUrl":"https:\/\/msk.lodz.pl\/wp-content\/uploads\/2023\/04\/cropped-Fav_icon_MSK.png","width":512,"height":512,"caption":"MSK - \u0141\u00f3d\u017a"},"image":{"@id":"https:\/\/msk.lodz.pl\/#\/schema\/logo\/image\/"}}]}},"_links":{"self":[{"href":"https:\/\/msk.lodz.pl\/en\/wp-json\/wp\/v2\/mec-events\/89368","targetHints":{"allow":["GET"]}}],"collection":[{"href":"https:\/\/msk.lodz.pl\/en\/wp-json\/wp\/v2\/mec-events"}],"about":[{"href":"https:\/\/msk.lodz.pl\/en\/wp-json\/wp\/v2\/types\/mec-events"}],"author":[{"embeddable":true,"href":"https:\/\/msk.lodz.pl\/en\/wp-json\/wp\/v2\/users\/102"}],"replies":[{"embeddable":true,"href":"https:\/\/msk.lodz.pl\/en\/wp-json\/wp\/v2\/comments?post=89368"}],"wp:featuredmedia":[{"embeddable":true,"href":"https:\/\/msk.lodz.pl\/en\/wp-json\/wp\/v2\/media\/89372"}],"wp:attachment":[{"href":"https:\/\/msk.lodz.pl\/en\/wp-json\/wp\/v2\/media?parent=89368"}],"wp:term":[{"taxonomy":"post_tag","embeddable":true,"href":"https:\/\/msk.lodz.pl\/en\/wp-json\/wp\/v2\/tags?post=89368"},{"taxonomy":"mec_category","embeddable":true,"href":"https:\/\/msk.lodz.pl\/en\/wp-json\/wp\/v2\/mec_category?post=89368"}],"curies":[{"name":"wp","href":"https:\/\/api.w.org\/{rel}","templated":true}]}}