{"id":90602,"date":"2025-03-20T10:25:05","date_gmt":"2025-03-20T09:25:05","guid":{"rendered":"https:\/\/msk.lodz.pl\/?post_type=mec-events&#038;p=90602"},"modified":"2025-12-11T12:49:09","modified_gmt":"2025-12-11T11:49:09","slug":"radogoski-chor-seniora","status":"publish","type":"mec-events","link":"https:\/\/msk.lodz.pl\/en\/msk\/radogoski-chor-seniora\/","title":{"rendered":"RADOGOSKI CH\u00d3R SENIORA"},"content":{"rendered":"<h4 class=\"v1MsoNormal\">Ch\u00f3r Seniora to zaj\u0119cia wokalne skierowane do os\u00f3b, kt\u00f3re chc\u0105 rozwija\u0107 swoje umiej\u0119tno\u015bci \u015bpiewu i sp\u0119dza\u0107 czas w gronie pasjonat\u00f3w muzyki. Pr\u00f3by odbywaj\u0105 si\u0119 regularnie i obejmuj\u0105 \u0107wiczenia emisji g\u0142osu, nauk\u0119 poprawnej techniki oddechowej oraz prac\u0119 nad repertuarem dostosowanym do mo\u017cliwo\u015bci uczestnik\u00f3w.<\/h4>\n<p>&nbsp;<\/p>\n<h4>Repertuar obejmuje r\u00f3\u017cne gatunki muzyczne, w tym popularne kompozycje ch\u00f3ralne. Zaj\u0119cia prowadzone b\u0119d\u0105 przez do\u015bwiadczon\u0105 Artystk\u0119 Ch\u00f3ru Filharmonii \u0141\u00f3dzkiej, Patrycj\u0119 Cygan, kt\u00f3ra zadba o rozw\u00f3j umiej\u0119tno\u015bci wokalnych i harmonijn\u0105 wsp\u00f3\u0142prac\u0119 w grupie.<\/h4>\n<p>&nbsp;<\/p>\n<h4>Kilka s\u0142\u00f3w o prowadz\u0105cej:<\/h4>\n<h4>Patrycja Cygan &#8211; uko\u0144czy\u0142a studia magisterskie na Wydziale Wokalno-Aktorskim \u0141\u00f3dzkiej Akademii Muzycznej w klasie \u015bpiewu.<\/h4>\n<h4>Kszta\u0142ci\u0142a si\u0119 m.in. u Renate Weninger, Udo Reinemann, prof . Ryszarda Karczykowskiego, prof. Teresy \u017bylis-Gara oraz prof. W\u0142odzimierza Zalewskiego.<\/h4>\n<h4>Jej g\u0142os predestynuje do wykonawstwa partii liryczno-sopranowych.<\/h4>\n<h4>Interesuje si\u0119 tak\u017ce wokalistyk\u0105 estradow\u0105, swoje umiej\u0119tno\u015bci doskonali\u0142a na kursie mistrzowskim prof. Andrzeja \u017barneckiego<\/h4>\n<h4>Obecnie Artystka Ch\u00f3ru Filharmonii \u0141\u00f3dzkiej im. A. Rubinsteina.<\/h4>\n<p>&nbsp;<\/p>\n<h4>Wtorki 17:00-19:00<\/h4>\n<h4>Pierwsze spotkanie organizacyjne odb\u0119dzie si\u0119 9 wrze\u015bnia.<\/h4>\n<h4>Zapisy przez stron\u0119, lub telefonicznie &#8211; 501369349<\/h4>\n<p>&nbsp;<\/p>\n<p>Instruktor: <strong>Patrycja Cygan<\/strong><\/p>\n<p><img fetchpriority=\"high\" decoding=\"async\" class=\"alignnone size-medium wp-image-114468\" src=\"https:\/\/msk.lodz.pl\/wp-content\/uploads\/2025\/03\/patrycja-cygan-201x300.jpg\" alt=\"\" width=\"201\" height=\"300\" srcset=\"https:\/\/msk.lodz.pl\/wp-content\/uploads\/2025\/03\/patrycja-cygan-201x300.jpg 201w, https:\/\/msk.lodz.pl\/wp-content\/uploads\/2025\/03\/patrycja-cygan-685x1024.jpg 685w, https:\/\/msk.lodz.pl\/wp-content\/uploads\/2025\/03\/patrycja-cygan-768x1148.jpg 768w, https:\/\/msk.lodz.pl\/wp-content\/uploads\/2025\/03\/patrycja-cygan-1028x1536.jpg 1028w, https:\/\/msk.lodz.pl\/wp-content\/uploads\/2025\/03\/patrycja-cygan-8x12.jpg 8w, https:\/\/msk.lodz.pl\/wp-content\/uploads\/2025\/03\/patrycja-cygan-600x897.jpg 600w, https:\/\/msk.lodz.pl\/wp-content\/uploads\/2025\/03\/patrycja-cygan.jpg 1370w\" sizes=\"(max-width: 201px) 100vw, 201px\" \/><\/p>\n<p><strong>Patrycja Cygan<\/strong>\u00a0&#8211; Uko\u0144czy\u0142a studia magisterskie na Wydziale Wokalno-Aktorskim \u0141\u00f3dzkiej Akademii Muzycznej w klasie \u015bpiewu. Kszta\u0142ci\u0142a si\u0119 m.in. u Renate Weninger, Udo Reinemann, prof. Ryszarda Karczykowskiego, prof. Teresy \u017bylis-Gara oraz prof. W\u0142odzimierza Zalewskiego. Jej g\u0142os predestynuje do wykonawstwa partii liryczno-sopranowych.<\/p>\n<p>Interesuje si\u0119 tak\u017ce wokalistyk\u0105 estradow\u0105, swoje umiej\u0119tno\u015bci doskonali\u0142a na kursie mistrzowskim prof. Andrzeja \u017barneckiego. Obecnie Artystka Ch\u00f3ru Filharmonii \u0141\u00f3dzkiej. Na Wyspie Kultury prowadzi Radogoski Ch\u00f3r Seniora.<\/p>","protected":false},"excerpt":{"rendered":"<p>Ch\u00f3r Seniora to zaj\u0119cia wokalne skierowane do os\u00f3b, kt\u00f3re chc\u0105 rozwija\u0107 swoje umiej\u0119tno\u015bci \u015bpiewu i sp\u0119dza\u0107 czas w gronie pasjonat\u00f3w muzyki. Pr\u00f3by odbywaj\u0105 si\u0119 regularnie i obejmuj\u0105 \u0107wiczenia emisji g\u0142osu, nauk\u0119 poprawnej techniki oddechowej oraz prac\u0119 nad repertuarem dostosowanym do mo\u017cliwo\u015bci uczestnik\u00f3w. &nbsp; Repertuar obejmuje r\u00f3\u017cne gatunki muzyczne, w tym popularne kompozycje ch\u00f3ralne. Zaj\u0119cia prowadzone [&hellip;]<\/p>","protected":false},"author":16,"featured_media":90605,"comment_status":"closed","ping_status":"closed","template":"","tags":[],"mec_category":[537,393,397,536,371],"class_list":["post-90602","mec-events","type-mec-events","status-publish","has-post-thumbnail","hentry","mec_category-muzyka","mec_category-muzyka-spiew","mec_category-seniorzy","mec_category-spiew","mec_category-zajecia"],"yoast_head":"<!-- This site is optimized with the Yoast SEO plugin v26.5 - https:\/\/yoast.com\/wordpress\/plugins\/seo\/ -->\n<title>RADOGOSKI CH\u00d3R SENIORA - MSK<\/title>\n<meta name=\"robots\" content=\"index, follow, max-snippet:-1, max-image-preview:large, max-video-preview:-1\" \/>\n<link rel=\"canonical\" href=\"https:\/\/msk.lodz.pl\/en\/msk\/radogoski-chor-seniora\/\" \/>\n<meta property=\"og:locale\" content=\"en_GB\" \/>\n<meta property=\"og:type\" content=\"article\" \/>\n<meta property=\"og:title\" content=\"RADOGOSKI CH\u00d3R SENIORA - MSK\" \/>\n<meta property=\"og:description\" content=\"Ch\u00f3r Seniora to zaj\u0119cia wokalne skierowane do os\u00f3b, kt\u00f3re chc\u0105 rozwija\u0107 swoje umiej\u0119tno\u015bci \u015bpiewu i sp\u0119dza\u0107 czas w gronie pasjonat\u00f3w muzyki. Pr\u00f3by odbywaj\u0105 si\u0119 regularnie i obejmuj\u0105 \u0107wiczenia emisji g\u0142osu, nauk\u0119 poprawnej techniki oddechowej oraz prac\u0119 nad repertuarem dostosowanym do mo\u017cliwo\u015bci uczestnik\u00f3w. &nbsp; Repertuar obejmuje r\u00f3\u017cne gatunki muzyczne, w tym popularne kompozycje ch\u00f3ralne. Zaj\u0119cia prowadzone [&hellip;]\" \/>\n<meta property=\"og:url\" content=\"https:\/\/msk.lodz.pl\/en\/msk\/radogoski-chor-seniora\/\" \/>\n<meta property=\"og:site_name\" content=\"MSK\" \/>\n<meta property=\"article:modified_time\" content=\"2025-12-11T11:49:09+00:00\" \/>\n<meta property=\"og:image\" content=\"https:\/\/msk.lodz.pl\/wp-content\/uploads\/2025\/03\/JOGA-DLA-DZIECI.png\" \/>\n\t<meta property=\"og:image:width\" content=\"940\" \/>\n\t<meta property=\"og:image:height\" content=\"788\" \/>\n\t<meta property=\"og:image:type\" content=\"image\/png\" \/>\n<meta name=\"twitter:card\" content=\"summary_large_image\" \/>\n<meta name=\"twitter:label1\" content=\"Estimated reading time\" \/>\n\t<meta name=\"twitter:data1\" content=\"1 minute\" \/>\n<script type=\"application\/ld+json\" class=\"yoast-schema-graph\">{\"@context\":\"https:\/\/schema.org\",\"@graph\":[{\"@type\":\"WebPage\",\"@id\":\"https:\/\/msk.lodz.pl\/msk\/radogoski-chor-seniora\/\",\"url\":\"https:\/\/msk.lodz.pl\/msk\/radogoski-chor-seniora\/\",\"name\":\"RADOGOSKI CH\u00d3R SENIORA - MSK\",\"isPartOf\":{\"@id\":\"https:\/\/msk.lodz.pl\/#website\"},\"primaryImageOfPage\":{\"@id\":\"https:\/\/msk.lodz.pl\/msk\/radogoski-chor-seniora\/#primaryimage\"},\"image\":{\"@id\":\"https:\/\/msk.lodz.pl\/msk\/radogoski-chor-seniora\/#primaryimage\"},\"thumbnailUrl\":\"https:\/\/msk.lodz.pl\/wp-content\/uploads\/2025\/03\/JOGA-DLA-DZIECI.png\",\"datePublished\":\"2025-03-20T09:25:05+00:00\",\"dateModified\":\"2025-12-11T11:49:09+00:00\",\"breadcrumb\":{\"@id\":\"https:\/\/msk.lodz.pl\/msk\/radogoski-chor-seniora\/#breadcrumb\"},\"inLanguage\":\"en-GB\",\"potentialAction\":[{\"@type\":\"ReadAction\",\"target\":[\"https:\/\/msk.lodz.pl\/msk\/radogoski-chor-seniora\/\"]}]},{\"@type\":\"ImageObject\",\"inLanguage\":\"en-GB\",\"@id\":\"https:\/\/msk.lodz.pl\/msk\/radogoski-chor-seniora\/#primaryimage\",\"url\":\"https:\/\/msk.lodz.pl\/wp-content\/uploads\/2025\/03\/JOGA-DLA-DZIECI.png\",\"contentUrl\":\"https:\/\/msk.lodz.pl\/wp-content\/uploads\/2025\/03\/JOGA-DLA-DZIECI.png\",\"width\":940,\"height\":788},{\"@type\":\"BreadcrumbList\",\"@id\":\"https:\/\/msk.lodz.pl\/msk\/radogoski-chor-seniora\/#breadcrumb\",\"itemListElement\":[{\"@type\":\"ListItem\",\"position\":1,\"name\":\"Strona g\u0142\u00f3wna\",\"item\":\"http:\/\/msk.lodz.pl\/en\/\"},{\"@type\":\"ListItem\",\"position\":2,\"name\":\"Wydarzenia\",\"item\":\"https:\/\/msk.lodz.pl\/msk\/\"},{\"@type\":\"ListItem\",\"position\":3,\"name\":\"RADOGOSKI CH\u00d3R SENIORA\"}]},{\"@type\":\"WebSite\",\"@id\":\"https:\/\/msk.lodz.pl\/#website\",\"url\":\"https:\/\/msk.lodz.pl\/\",\"name\":\"MSK - \u0141\u00f3d\u017a\",\"description\":\"\",\"publisher\":{\"@id\":\"https:\/\/msk.lodz.pl\/#organization\"},\"potentialAction\":[{\"@type\":\"SearchAction\",\"target\":{\"@type\":\"EntryPoint\",\"urlTemplate\":\"https:\/\/msk.lodz.pl\/?s={search_term_string}\"},\"query-input\":{\"@type\":\"PropertyValueSpecification\",\"valueRequired\":true,\"valueName\":\"search_term_string\"}}],\"inLanguage\":\"en-GB\"},{\"@type\":\"Organization\",\"@id\":\"https:\/\/msk.lodz.pl\/#organization\",\"name\":\"MSK - \u0141\u00f3d\u017a\",\"url\":\"https:\/\/msk.lodz.pl\/\",\"logo\":{\"@type\":\"ImageObject\",\"inLanguage\":\"en-GB\",\"@id\":\"https:\/\/msk.lodz.pl\/#\/schema\/logo\/image\/\",\"url\":\"https:\/\/msk.lodz.pl\/wp-content\/uploads\/2023\/04\/cropped-Fav_icon_MSK.png\",\"contentUrl\":\"https:\/\/msk.lodz.pl\/wp-content\/uploads\/2023\/04\/cropped-Fav_icon_MSK.png\",\"width\":512,\"height\":512,\"caption\":\"MSK - \u0141\u00f3d\u017a\"},\"image\":{\"@id\":\"https:\/\/msk.lodz.pl\/#\/schema\/logo\/image\/\"}}]}<\/script>\n<!-- \/ Yoast SEO plugin. -->","yoast_head_json":{"title":"RADOGOSKI CH\u00d3R SENIORA - MSK","robots":{"index":"index","follow":"follow","max-snippet":"max-snippet:-1","max-image-preview":"max-image-preview:large","max-video-preview":"max-video-preview:-1"},"canonical":"https:\/\/msk.lodz.pl\/en\/msk\/radogoski-chor-seniora\/","og_locale":"en_GB","og_type":"article","og_title":"RADOGOSKI CH\u00d3R SENIORA - MSK","og_description":"Ch\u00f3r Seniora to zaj\u0119cia wokalne skierowane do os\u00f3b, kt\u00f3re chc\u0105 rozwija\u0107 swoje umiej\u0119tno\u015bci \u015bpiewu i sp\u0119dza\u0107 czas w gronie pasjonat\u00f3w muzyki. Pr\u00f3by odbywaj\u0105 si\u0119 regularnie i obejmuj\u0105 \u0107wiczenia emisji g\u0142osu, nauk\u0119 poprawnej techniki oddechowej oraz prac\u0119 nad repertuarem dostosowanym do mo\u017cliwo\u015bci uczestnik\u00f3w. &nbsp; Repertuar obejmuje r\u00f3\u017cne gatunki muzyczne, w tym popularne kompozycje ch\u00f3ralne. Zaj\u0119cia prowadzone [&hellip;]","og_url":"https:\/\/msk.lodz.pl\/en\/msk\/radogoski-chor-seniora\/","og_site_name":"MSK","article_modified_time":"2025-12-11T11:49:09+00:00","og_image":[{"width":940,"height":788,"url":"https:\/\/msk.lodz.pl\/wp-content\/uploads\/2025\/03\/JOGA-DLA-DZIECI.png","type":"image\/png"}],"twitter_card":"summary_large_image","twitter_misc":{"Estimated reading time":"1 minute"},"schema":{"@context":"https:\/\/schema.org","@graph":[{"@type":"WebPage","@id":"https:\/\/msk.lodz.pl\/msk\/radogoski-chor-seniora\/","url":"https:\/\/msk.lodz.pl\/msk\/radogoski-chor-seniora\/","name":"RADOGOSKI CH\u00d3R SENIORA - MSK","isPartOf":{"@id":"https:\/\/msk.lodz.pl\/#website"},"primaryImageOfPage":{"@id":"https:\/\/msk.lodz.pl\/msk\/radogoski-chor-seniora\/#primaryimage"},"image":{"@id":"https:\/\/msk.lodz.pl\/msk\/radogoski-chor-seniora\/#primaryimage"},"thumbnailUrl":"https:\/\/msk.lodz.pl\/wp-content\/uploads\/2025\/03\/JOGA-DLA-DZIECI.png","datePublished":"2025-03-20T09:25:05+00:00","dateModified":"2025-12-11T11:49:09+00:00","breadcrumb":{"@id":"https:\/\/msk.lodz.pl\/msk\/radogoski-chor-seniora\/#breadcrumb"},"inLanguage":"en-GB","potentialAction":[{"@type":"ReadAction","target":["https:\/\/msk.lodz.pl\/msk\/radogoski-chor-seniora\/"]}]},{"@type":"ImageObject","inLanguage":"en-GB","@id":"https:\/\/msk.lodz.pl\/msk\/radogoski-chor-seniora\/#primaryimage","url":"https:\/\/msk.lodz.pl\/wp-content\/uploads\/2025\/03\/JOGA-DLA-DZIECI.png","contentUrl":"https:\/\/msk.lodz.pl\/wp-content\/uploads\/2025\/03\/JOGA-DLA-DZIECI.png","width":940,"height":788},{"@type":"BreadcrumbList","@id":"https:\/\/msk.lodz.pl\/msk\/radogoski-chor-seniora\/#breadcrumb","itemListElement":[{"@type":"ListItem","position":1,"name":"Strona g\u0142\u00f3wna","item":"http:\/\/msk.lodz.pl\/en\/"},{"@type":"ListItem","position":2,"name":"Wydarzenia","item":"https:\/\/msk.lodz.pl\/msk\/"},{"@type":"ListItem","position":3,"name":"RADOGOSKI CH\u00d3R SENIORA"}]},{"@type":"WebSite","@id":"https:\/\/msk.lodz.pl\/#website","url":"https:\/\/msk.lodz.pl\/","name":"MSK - \u0141\u00f3d\u017a","description":"","publisher":{"@id":"https:\/\/msk.lodz.pl\/#organization"},"potentialAction":[{"@type":"SearchAction","target":{"@type":"EntryPoint","urlTemplate":"https:\/\/msk.lodz.pl\/?s={search_term_string}"},"query-input":{"@type":"PropertyValueSpecification","valueRequired":true,"valueName":"search_term_string"}}],"inLanguage":"en-GB"},{"@type":"Organization","@id":"https:\/\/msk.lodz.pl\/#organization","name":"MSK - \u0141\u00f3d\u017a","url":"https:\/\/msk.lodz.pl\/","logo":{"@type":"ImageObject","inLanguage":"en-GB","@id":"https:\/\/msk.lodz.pl\/#\/schema\/logo\/image\/","url":"https:\/\/msk.lodz.pl\/wp-content\/uploads\/2023\/04\/cropped-Fav_icon_MSK.png","contentUrl":"https:\/\/msk.lodz.pl\/wp-content\/uploads\/2023\/04\/cropped-Fav_icon_MSK.png","width":512,"height":512,"caption":"MSK - \u0141\u00f3d\u017a"},"image":{"@id":"https:\/\/msk.lodz.pl\/#\/schema\/logo\/image\/"}}]}},"_links":{"self":[{"href":"https:\/\/msk.lodz.pl\/en\/wp-json\/wp\/v2\/mec-events\/90602","targetHints":{"allow":["GET"]}}],"collection":[{"href":"https:\/\/msk.lodz.pl\/en\/wp-json\/wp\/v2\/mec-events"}],"about":[{"href":"https:\/\/msk.lodz.pl\/en\/wp-json\/wp\/v2\/types\/mec-events"}],"author":[{"embeddable":true,"href":"https:\/\/msk.lodz.pl\/en\/wp-json\/wp\/v2\/users\/16"}],"replies":[{"embeddable":true,"href":"https:\/\/msk.lodz.pl\/en\/wp-json\/wp\/v2\/comments?post=90602"}],"wp:featuredmedia":[{"embeddable":true,"href":"https:\/\/msk.lodz.pl\/en\/wp-json\/wp\/v2\/media\/90605"}],"wp:attachment":[{"href":"https:\/\/msk.lodz.pl\/en\/wp-json\/wp\/v2\/media?parent=90602"}],"wp:term":[{"taxonomy":"post_tag","embeddable":true,"href":"https:\/\/msk.lodz.pl\/en\/wp-json\/wp\/v2\/tags?post=90602"},{"taxonomy":"mec_category","embeddable":true,"href":"https:\/\/msk.lodz.pl\/en\/wp-json\/wp\/v2\/mec_category?post=90602"}],"curies":[{"name":"wp","href":"https:\/\/api.w.org\/{rel}","templated":true}]}}