{"id":11624,"date":"2023-05-29T21:28:06","date_gmt":"2023-05-29T19:28:06","guid":{"rendered":"https:\/\/msk.lodz.pl\/?page_id=11624"},"modified":"2025-12-12T13:25:14","modified_gmt":"2025-12-12T12:25:14","slug":"kalendarz-msk","status":"publish","type":"page","link":"https:\/\/msk.lodz.pl\/en\/kalendarz-msk\/","title":{"rendered":"MSK Calendar"},"content":{"rendered":"<div data-elementor-type=\"wp-page\" data-elementor-id=\"11624\" class=\"elementor elementor-11624\" data-elementor-post-type=\"page\">\n\t\t\t\t\t\t<section class=\"elementor-section elementor-top-section elementor-element elementor-element-1696865 elementor-section-boxed elementor-section-height-default elementor-section-height-default\" data-id=\"1696865\" data-element_type=\"section\">\n\t\t\t\t\t\t<div class=\"elementor-container elementor-column-gap-default\">\n\t\t\t\t\t<div class=\"elementor-column elementor-col-100 elementor-top-column elementor-element elementor-element-8f04b84\" data-id=\"8f04b84\" data-element_type=\"column\">\n\t\t\t<div class=\"elementor-widget-wrap elementor-element-populated\">\n\t\t\t\t\t\t<div class=\"elementor-element elementor-element-54d9e70 elementor-widget elementor-widget-heading\" data-id=\"54d9e70\" data-element_type=\"widget\" data-widget_type=\"heading.default\">\n\t\t\t\t<div class=\"elementor-widget-container\">\n\t\t\t\t\t<h1 class=\"elementor-heading-title elementor-size-default\">Wydarzenia \u0141\u00f3d\u017a - MSK<\/h1>\t\t\t\t<\/div>\n\t\t\t\t<\/div>\n\t\t\t\t<div class=\"elementor-element elementor-element-249d7de elementor-widget elementor-widget-text-editor\" data-id=\"249d7de\" data-element_type=\"widget\" data-widget_type=\"text-editor.default\">\n\t\t\t\t<div class=\"elementor-widget-container\">\n\t\t\t\t\t\t\t\t\t<p>Je\u015bli szukasz <strong>najciekawszych wydarze\u0144 w \u0141odzi<\/strong>, tutaj znajdziesz pe\u0142n\u0105 i aktualn\u0105 ofert\u0119. Prezentujemy koncerty, spotkania, warsztaty oraz propozycje kulturalne dost\u0119pne we wszystkich filiach Miejskiej Strefy Kultury dla dzieci m\u0142odzie\u017cy doros\u0142ych i senior\u00f3w.\u00a0<\/p>\t\t\t\t\t\t\t\t<\/div>\n\t\t\t\t<\/div>\n\t\t\t\t<div class=\"elementor-element elementor-element-b8002fd elementor-widget elementor-widget-shortcode\" data-id=\"b8002fd\" data-element_type=\"widget\" data-widget_type=\"shortcode.default\">\n\t\t\t\t<div class=\"elementor-widget-container\">\n\t\t\t\t\t\t\t<div class=\"elementor-shortcode\"><div id=\"mec_skin_11745\" class=\"mec-wrap colorskin-custom   mec-full-calendar-wrap\">\r\n\r\n    <div class=\"mec-search-form mec-totalcal-box\">\r\n                                    <div id=\"mec_search_form_11745\" class=\"mec-dropdown-wrap\">\r\n\r\n            \r\n            <div class=\"mec-dropdown-wrap\">\r\n                                    <div class=\"mec-dropdown-search\"><i class=\"mec-sl-folder\"><\/i><select name=' ' id='mec_sf_category_11745' class='postform'>\n\t<option value=''>Category<\/option>\n\t<option class=\"level-0\" value=\"361\">Events<\/option>\n\t<option class=\"level-0\" value=\"371\">Permanent activities<\/option>\n<\/select>\n<\/div>                                                                    <div class=\"mec-dropdown-search\"><i class=\"mec-sl-user\"><\/i><select name=' ' id='mec_sf_organizer_11745' class='postform'>\n\t<option value=''>Organizer<\/option>\n\t<option class=\"level-0\" value=\"381\">MSK: Chojny, Youth Cultural Centre<\/option>\n\t<option class=\"level-0\" value=\"382\">MSK: D\u0105browa, Klub D\u0105browa<\/option>\n\t<option class=\"level-0\" value=\"357\">MSK: Upper, Upper Centre<\/option>\n\t<option class=\"level-0\" value=\"388\">MSK: Harnam, Harnam Centre<\/option>\n\t<option class=\"level-0\" value=\"355\">MSK: Karolew, Karolew Centre<\/option>\n\t<option class=\"level-0\" value=\"385\">MSK: Niciarniana, Ariadna House of Culture<\/option>\n\t<option class=\"level-0\" value=\"383\">MSK: Olech\u00f3w, Open Culture Zone<\/option>\n\t<option class=\"level-0\" value=\"377\">MSK: Polesie, Art Centre<\/option>\n\t<option class=\"level-0\" value=\"378\">MSK: Radogoszcz, Island of Culture Centre<\/option>\n\t<option class=\"level-0\" value=\"386\">MSK: Old Widzew, Dom Kultury Widok<\/option>\n\t<option class=\"level-0\" value=\"379\">MSK: Teofil\u00f3w, Lutnia Creative Centre<\/option>\n\t<option class=\"level-0\" value=\"384\">MSK: Widzew Wsch\u00f3d, Dom Kultury 502<\/option>\n\t<option class=\"level-0\" value=\"356\">MSK: \u017babieniec, RONDO Animation and Revitalisation Centre<\/option>\n\t<option class=\"level-0\" value=\"380\">MSK: \u017bubard\u017a, Cultural Education Centre on \u017bubardzka Street<\/option>\n<\/select>\n<\/div>                                                                            <\/div>\r\n        <\/div>\r\n                <div>\r\n                                <\/div>\r\n        <div class=\"mec-full-calendar-search-ends\">\r\n                                        <div class=\"mec-date-search\"><input type=\"hidden\" id=\"mec-filter-none\" value=\"Select\"><i class=\"mec-sl-calendar\"><\/i>\r\n                    <select id=\"mec_sf_month_11745\" title=\"Month Filter\">\r\n                        <option value=\"\">Select Month<\/option><option value=\"01\">January<\/option><option value=\"02\">February<\/option><option value=\"03\">March<\/option><option value=\"04\">April<\/option><option value=\"05\">May<\/option><option value=\"06\">June<\/option><option value=\"07\">July<\/option><option value=\"08\">August<\/option><option value=\"09\">September<\/option><option value=\"10\">October<\/option><option value=\"11\">November<\/option><option value=\"12\">December<\/option><\/select><select id=\"mec_sf_year_11745\" title=\"Year Filter\"><option value=\"\">Select Year<\/option><option value=\"2026\" selected>2026<\/option><option value=\"2027\">2027<\/option><option value=\"2028\">2028<\/option><option value=\"2029\">2029<\/option><option value=\"2030\">2030<\/option><option value=\"2031\">2031<\/option><option value=\"2032\">2032<\/option><option value=\"2033\">2033<\/option><option value=\"2034\">2034<\/option><option value=\"2035\">2035<\/option><option value=\"2036\">2036<\/option><\/select><\/div>                                                <div class=\"col-md-12 mec-tab-loader\">\r\n                <div class=\"mec-totalcal-view\">\r\n                                        <span class=\"mec-totalcal-monthlyview mec-totalcalview-selected\" data-skin=\"monthly\">Monthly<\/span>                                        <span class=\"mec-totalcal-dailyview\" data-skin=\"daily\">Daily<\/span>                    <span class=\"mec-totalcal-listview\" data-skin=\"list\">List<\/span>                                                        <\/div>\r\n            <\/div>\r\n        <\/div>\r\n            <\/div>\r\n\r\n    <div id=\"mec_full_calendar_container_11745\" class=\"mec-full-calendar-skin-container\">\r\n        <div id=\"mec_skin_11745\" class=\"mec-wrap colorskin-custom\">\r\n\r\n    \r\n    <div class=\"mec-calendar\" id=\"mec_skin_events_11745_full\">\r\n        <div class=\"mec-calendar-topsec\">        <div class=\"mec-calendar-side mec-clear\">\r\n                        <div class=\"mec-skin-monthly-view-month-navigator-container\">\r\n                <div class=\"mec-month-navigator\" id=\"mec_month_navigator_11745_202604\"><div class=\"mec-calendar-header\"><h2>April 2026<\/h2><\/div><div class=\"mec-next-month mec-load-month mec-next-month\" data-mec-year=\"2026\" data-mec-month=\"05\"><a href=\"#\" class=\"mec-load-month-link\">May <i class=\"mec-sl-angle-right\"><\/i><\/a><\/div><\/div>\r\n            <\/div>\r\n            \r\n            <div class=\"mec-calendar-table\" id=\"mec_skin_events_11745\">\r\n                <div class=\"mec-month-container mec-month-container-selected\" id=\"mec_monthly_view_month_11745_202604\" data-month-id=\"202604\"><dl class=\"mec-calendar-table-head\"><dt class=\"mec-calendar-day-head\">MO<\/dt><dt class=\"mec-calendar-day-head\">TU<\/dt><dt class=\"mec-calendar-day-head\">WE<\/dt><dt class=\"mec-calendar-day-head\">TH<\/dt><dt class=\"mec-calendar-day-head\">FR<\/dt><dt class=\"mec-calendar-day-head\">SA<\/dt><dt class=\"mec-calendar-day-head\">SU<\/dt><\/dl><dl class=\"mec-calendar-row\">\r\n    <dt class=\"mec-table-nullday\">30<\/dt><dt class=\"mec-table-nullday\">31<\/dt><dt class=\"mec-calendar-day mec-has-event\" data-mec-cell=\"20260401\" data-day=\"1\" data-month=\"202604\"><a href=\"#\" class=\"mec-has-event-a\">1<\/a><\/dt><\/dt><dt class=\"mec-calendar-day mec-has-event\" data-mec-cell=\"20260402\" data-day=\"2\" data-month=\"202604\"><a href=\"#\" class=\"mec-has-event-a\">2<\/a><\/dt><\/dt><dt class=\"mec-calendar-day\" data-mec-cell=\"20260403\" data-day=\"3\" data-month=\"202604\">3<\/dt><\/dt><dt class=\"mec-calendar-day\" data-mec-cell=\"20260404\" data-day=\"4\" data-month=\"202604\">4<\/dt><\/dt><dt class=\"mec-calendar-day\" data-mec-cell=\"20260405\" data-day=\"5\" data-month=\"202604\">5<\/dt><\/dt><\/dl><dl class=\"mec-calendar-row\"><dt class=\"mec-calendar-day\" data-mec-cell=\"20260406\" data-day=\"6\" data-month=\"202604\">6<\/dt><\/dt><dt class=\"mec-calendar-day\" data-mec-cell=\"20260407\" data-day=\"7\" data-month=\"202604\">7<\/dt><\/dt><dt class=\"mec-calendar-day mec-has-event\" data-mec-cell=\"20260408\" data-day=\"8\" data-month=\"202604\"><a href=\"#\" class=\"mec-has-event-a\">8<\/a><\/dt><\/dt><dt class=\"mec-calendar-day mec-has-event\" data-mec-cell=\"20260409\" data-day=\"9\" data-month=\"202604\"><a href=\"#\" class=\"mec-has-event-a\">9<\/a><\/dt><\/dt><dt class=\"mec-calendar-day\" data-mec-cell=\"20260410\" data-day=\"10\" data-month=\"202604\">10<\/dt><\/dt><dt class=\"mec-calendar-day\" data-mec-cell=\"20260411\" data-day=\"11\" data-month=\"202604\">11<\/dt><\/dt><dt class=\"mec-calendar-day\" data-mec-cell=\"20260412\" data-day=\"12\" data-month=\"202604\">12<\/dt><\/dt><\/dl><dl class=\"mec-calendar-row\"><dt class=\"mec-calendar-day\" data-mec-cell=\"20260413\" data-day=\"13\" data-month=\"202604\">13<\/dt><\/dt><dt class=\"mec-calendar-day\" data-mec-cell=\"20260414\" data-day=\"14\" data-month=\"202604\">14<\/dt><\/dt><dt class=\"mec-calendar-day mec-has-event\" data-mec-cell=\"20260415\" data-day=\"15\" data-month=\"202604\"><a href=\"#\" class=\"mec-has-event-a\">15<\/a><\/dt><\/dt><dt class=\"mec-calendar-day mec-has-event\" data-mec-cell=\"20260416\" data-day=\"16\" data-month=\"202604\"><a href=\"#\" class=\"mec-has-event-a\">16<\/a><\/dt><\/dt><dt class=\"mec-calendar-day\" data-mec-cell=\"20260417\" data-day=\"17\" data-month=\"202604\">17<\/dt><\/dt><dt class=\"mec-calendar-day\" data-mec-cell=\"20260418\" data-day=\"18\" data-month=\"202604\">18<\/dt><\/dt><dt class=\"mec-calendar-day\" data-mec-cell=\"20260419\" data-day=\"19\" data-month=\"202604\">19<\/dt><\/dt><\/dl><dl class=\"mec-calendar-row\"><dt class=\"mec-calendar-day\" data-mec-cell=\"20260420\" data-day=\"20\" data-month=\"202604\">20<\/dt><\/dt><dt class=\"mec-calendar-day\" data-mec-cell=\"20260421\" data-day=\"21\" data-month=\"202604\">21<\/dt><\/dt><dt class=\"mec-calendar-day mec-has-event\" data-mec-cell=\"20260422\" data-day=\"22\" data-month=\"202604\"><a href=\"#\" class=\"mec-has-event-a\">22<\/a><\/dt><\/dt><dt class=\"mec-calendar-day mec-has-event\" data-mec-cell=\"20260423\" data-day=\"23\" data-month=\"202604\"><a href=\"#\" class=\"mec-has-event-a\">23<\/a><\/dt><\/dt><dt class=\"mec-calendar-day\" data-mec-cell=\"20260424\" data-day=\"24\" data-month=\"202604\">24<\/dt><\/dt><dt class=\"mec-calendar-day\" data-mec-cell=\"20260425\" data-day=\"25\" data-month=\"202604\">25<\/dt><\/dt><dt class=\"mec-calendar-day mec-has-event\" data-mec-cell=\"20260426\" data-day=\"26\" data-month=\"202604\"><a href=\"#\" class=\"mec-has-event-a\">26<\/a><\/dt><\/dt><\/dl><dl class=\"mec-calendar-row\"><dt class=\"mec-calendar-day mec-has-event\" data-mec-cell=\"20260427\" data-day=\"27\" data-month=\"202604\"><a href=\"#\" class=\"mec-has-event-a\">27<\/a><\/dt><\/dt><dt class=\"mec-calendar-day mec-has-event\" data-mec-cell=\"20260428\" data-day=\"28\" data-month=\"202604\"><a href=\"#\" class=\"mec-has-event-a\">28<\/a><\/dt><\/dt><dt class=\"mec-calendar-day mec-has-event  mec-selected-day\" data-mec-cell=\"20260429\" data-day=\"29\" data-month=\"202604\"><a href=\"#\" class=\"mec-has-event-a\">29<\/a><\/dt><\/dt><dt class=\"mec-calendar-day mec-has-event\" data-mec-cell=\"20260430\" data-day=\"30\" data-month=\"202604\"><a href=\"#\" class=\"mec-has-event-a\">30<\/a><\/dt><\/dt><dt class=\"mec-calendar-day mec-has-event\" data-mec-cell=\"20260501\" data-day=\"1\" data-month=\"202604\"><a href=\"#\" class=\"mec-has-event-a\">1<\/a><\/dt><dt class=\"mec-calendar-day mec-has-event\" data-mec-cell=\"20260502\" data-day=\"2\" data-month=\"202604\"><a href=\"#\" class=\"mec-has-event-a\">2<\/a><\/dt><dt class=\"mec-table-nullday\">3<\/dt><\/dl>\r\n<\/div>\r\n            <\/div>\r\n\r\n                    <\/div>\r\n        <div class=\"mec-calendar-events-side mec-clear\"><div class=\"mec-month-side\" id=\"mec_month_side_11745_202604\"><div class=\"mec-calendar-events-sec\" id=\"mec-calendar-events-sec-11745-20260401\" data-mec-cell=\"20260401\" ><h6 class=\"mec-table-side-title\">Events for April<\/h6><h3 class=\"mec-color mec-table-side-day\"> 1<\/h3><article class=\"mec-event-article\"><div class=\"mec-event-image\"><img fetchpriority=\"high\" decoding=\"async\" width=\"300\" height=\"300\" src=\"https:\/\/msk.lodz.pl\/wp-content\/uploads\/2024\/12\/474978545_1519103135444562_603731469924182328_n-300x300.jpg\" class=\"attachment-thumblist size-thumblist wp-post-image\" alt=\"\" data-mec-postid=\"75060\" \/><\/div><div class=\"mec-monthly-contents\" style=\"width: calc(100% - 85px)\"><div class=\"mec-event-time mec-color\"><i class=\"mec-sl-clock-o\"><\/i> 11:00 - 12:00<\/div><h4 class=\"mec-event-title\"><a class=\"mec-color-hover\" data-event-id=\"75060\" href=\"https:\/\/msk.lodz.pl\/en\/msk\/nitka-i-kordonkiem-tworcza-grupa-zajecia-stale\/?occurrence=2026-04-01\" target=\"_self\" rel=\"noopener\">Nitk\u0105 i kordonkiem -tw\u00f3rcza grupa\/\/ zaj\u0119cia sta\u0142e<\/a><\/h4><div class=\"mec-event-detail\">\r\n                        <div class=\"mec-event-loc-place\">MSK: Teofil\u00f3w, Lutnia Creative Centre<\/div>\r\n                        \r\n                    <\/div><\/div><div style=\"clear:both\"><\/div><\/article><article class=\"mec-event-article\"><div class=\"mec-event-image\"><img decoding=\"async\" width=\"300\" height=\"300\" data-src=\"https:\/\/msk.lodz.pl\/wp-content\/uploads\/2023\/08\/363838108_663073152131674_5622583870727877271_n-300x300.jpg\" class=\"attachment-thumblist size-thumblist wp-post-image lazyload\" alt=\"\" data-mec-postid=\"109193\" src=\"data:image\/gif;base64,R0lGODlhAQABAAAAACH5BAEKAAEALAAAAAABAAEAAAICTAEAOw==\" style=\"--smush-placeholder-width: 300px; --smush-placeholder-aspect-ratio: 300\/300;\" \/><noscript><img decoding=\"async\" width=\"300\" height=\"300\" data-src=\"https:\/\/msk.lodz.pl\/wp-content\/uploads\/2023\/08\/363838108_663073152131674_5622583870727877271_n-300x300.jpg\" class=\"attachment-thumblist size-thumblist wp-post-image lazyload\" alt=\"\" data-mec-postid=\"109193\" src=\"data:image\/gif;base64,R0lGODlhAQABAAAAACH5BAEKAAEALAAAAAABAAEAAAICTAEAOw==\" style=\"--smush-placeholder-width: 300px; --smush-placeholder-aspect-ratio: 300\/300;\" \/><noscript><img decoding=\"async\" width=\"300\" height=\"300\" data-src=\"https:\/\/msk.lodz.pl\/wp-content\/uploads\/2023\/08\/363838108_663073152131674_5622583870727877271_n-300x300.jpg\" class=\"attachment-thumblist size-thumblist wp-post-image lazyload\" alt=\"\" data-mec-postid=\"109193\" src=\"data:image\/gif;base64,R0lGODlhAQABAAAAACH5BAEKAAEALAAAAAABAAEAAAICTAEAOw==\" style=\"--smush-placeholder-width: 300px; --smush-placeholder-aspect-ratio: 300\/300;\" \/><noscript><img decoding=\"async\" width=\"300\" height=\"300\" data-src=\"https:\/\/msk.lodz.pl\/wp-content\/uploads\/2023\/08\/363838108_663073152131674_5622583870727877271_n-300x300.jpg\" class=\"attachment-thumblist size-thumblist wp-post-image lazyload\" alt=\"\" data-mec-postid=\"109193\" src=\"data:image\/gif;base64,R0lGODlhAQABAAAAACH5BAEKAAEALAAAAAABAAEAAAICTAEAOw==\" style=\"--smush-placeholder-width: 300px; --smush-placeholder-aspect-ratio: 300\/300;\" \/><noscript><img decoding=\"async\" width=\"300\" height=\"300\" data-src=\"https:\/\/msk.lodz.pl\/wp-content\/uploads\/2023\/08\/363838108_663073152131674_5622583870727877271_n-300x300.jpg\" class=\"attachment-thumblist size-thumblist wp-post-image lazyload\" alt=\"\" data-mec-postid=\"109193\" src=\"data:image\/gif;base64,R0lGODlhAQABAAAAACH5BAEKAAEALAAAAAABAAEAAAICTAEAOw==\" style=\"--smush-placeholder-width: 300px; --smush-placeholder-aspect-ratio: 300\/300;\" \/><noscript><img decoding=\"async\" width=\"300\" height=\"300\" src=\"https:\/\/msk.lodz.pl\/wp-content\/uploads\/2023\/08\/363838108_663073152131674_5622583870727877271_n-300x300.jpg\" class=\"attachment-thumblist size-thumblist wp-post-image\" alt=\"\" data-mec-postid=\"109193\" \/><\/noscript><\/noscript><\/noscript><\/noscript><\/noscript><\/div><div class=\"mec-monthly-contents\" style=\"width: calc(100% - 85px)\"><div class=\"mec-event-time mec-color\"><i class=\"mec-sl-clock-o\"><\/i> 11:00<\/div><h4 class=\"mec-event-title\"><a class=\"mec-color-hover\" data-event-id=\"109193\" href=\"https:\/\/msk.lodz.pl\/en\/msk\/chor-canto-zajecia-stale-3\/?occurrence=2026-04-01\" target=\"_self\" rel=\"noopener\">Ch\u00f3r CANTO \/\/ zaj\u0119cia sta\u0142e \/\/ sezon 2025\/2026<\/a><span class=\"event-color\" style=\"background: #e14d43\"><\/span><\/h4><div class=\"mec-event-detail\">\r\n                        <div class=\"mec-event-loc-place\">MSK: Teofil\u00f3w, Lutnia Creative Centre<\/div>\r\n                        \r\n                    <\/div><\/div><div style=\"clear:both\"><\/div><\/article><article class=\"mec-event-article\"><div class=\"mec-event-image\"><img decoding=\"async\" width=\"300\" height=\"300\" data-src=\"https:\/\/msk.lodz.pl\/wp-content\/uploads\/2023\/06\/353734435_276021151619514_9152851679136019414_n-300x300.jpg\" class=\"attachment-thumblist size-thumblist wp-post-image lazyload\" alt=\"Osoby w wieku senioralnym ustawione w kole.\" data-mec-postid=\"109220\" src=\"data:image\/gif;base64,R0lGODlhAQABAAAAACH5BAEKAAEALAAAAAABAAEAAAICTAEAOw==\" style=\"--smush-placeholder-width: 300px; --smush-placeholder-aspect-ratio: 300\/300;\" \/><noscript><img decoding=\"async\" width=\"300\" height=\"300\" data-src=\"https:\/\/msk.lodz.pl\/wp-content\/uploads\/2023\/06\/353734435_276021151619514_9152851679136019414_n-300x300.jpg\" class=\"attachment-thumblist size-thumblist wp-post-image lazyload\" alt=\"Osoby w wieku senioralnym ustawione w kole.\" data-mec-postid=\"109220\" src=\"data:image\/gif;base64,R0lGODlhAQABAAAAACH5BAEKAAEALAAAAAABAAEAAAICTAEAOw==\" style=\"--smush-placeholder-width: 300px; --smush-placeholder-aspect-ratio: 300\/300;\" \/><noscript><img decoding=\"async\" width=\"300\" height=\"300\" data-src=\"https:\/\/msk.lodz.pl\/wp-content\/uploads\/2023\/06\/353734435_276021151619514_9152851679136019414_n-300x300.jpg\" class=\"attachment-thumblist size-thumblist wp-post-image lazyload\" alt=\"Osoby w wieku senioralnym ustawione w kole.\" data-mec-postid=\"109220\" src=\"data:image\/gif;base64,R0lGODlhAQABAAAAACH5BAEKAAEALAAAAAABAAEAAAICTAEAOw==\" style=\"--smush-placeholder-width: 300px; --smush-placeholder-aspect-ratio: 300\/300;\" \/><noscript><img decoding=\"async\" width=\"300\" height=\"300\" data-src=\"https:\/\/msk.lodz.pl\/wp-content\/uploads\/2023\/06\/353734435_276021151619514_9152851679136019414_n-300x300.jpg\" class=\"attachment-thumblist size-thumblist wp-post-image lazyload\" alt=\"Osoby w wieku senioralnym ustawione w kole.\" data-mec-postid=\"109220\" src=\"data:image\/gif;base64,R0lGODlhAQABAAAAACH5BAEKAAEALAAAAAABAAEAAAICTAEAOw==\" style=\"--smush-placeholder-width: 300px; --smush-placeholder-aspect-ratio: 300\/300;\" \/><noscript><img decoding=\"async\" width=\"300\" height=\"300\" data-src=\"https:\/\/msk.lodz.pl\/wp-content\/uploads\/2023\/06\/353734435_276021151619514_9152851679136019414_n-300x300.jpg\" class=\"attachment-thumblist size-thumblist wp-post-image lazyload\" alt=\"Osoby w wieku senioralnym ustawione w kole.\" data-mec-postid=\"109220\" src=\"data:image\/gif;base64,R0lGODlhAQABAAAAACH5BAEKAAEALAAAAAABAAEAAAICTAEAOw==\" style=\"--smush-placeholder-width: 300px; --smush-placeholder-aspect-ratio: 300\/300;\" \/><noscript><img decoding=\"async\" width=\"300\" height=\"300\" src=\"https:\/\/msk.lodz.pl\/wp-content\/uploads\/2023\/06\/353734435_276021151619514_9152851679136019414_n-300x300.jpg\" class=\"attachment-thumblist size-thumblist wp-post-image\" alt=\"Osoby w wieku senioralnym ustawione w kole.\" data-mec-postid=\"109220\" \/><\/noscript><\/noscript><\/noscript><\/noscript><\/noscript><\/div><div class=\"mec-monthly-contents\" style=\"width: calc(100% - 85px)\"><div class=\"mec-event-time mec-color\"><i class=\"mec-sl-clock-o\"><\/i> 13:00 - 15:00<\/div><h4 class=\"mec-event-title\"><a class=\"mec-color-hover\" data-event-id=\"109220\" href=\"https:\/\/msk.lodz.pl\/en\/msk\/eretz-taniec-w-kregu-grupa-taneczna-zajecia-stale-2\/?occurrence=2026-04-01\" target=\"_self\" rel=\"noopener\">ERETZ taniec w kr\u0119gu -grupa taneczna \/\/ zaj\u0119cia sta\u0142e<\/a><span class=\"event-color\" style=\"background: #fdd700\"><\/span><\/h4><div class=\"mec-event-detail\">\r\n                        <div class=\"mec-event-loc-place\">MSK: Teofil\u00f3w, Lutnia Creative Centre<\/div>\r\n                        \r\n                    <\/div><\/div><div style=\"clear:both\"><\/div><\/article><\/div><div class=\"mec-calendar-events-sec\" id=\"mec-calendar-events-sec-11745-20260402\" data-mec-cell=\"20260402\" ><h6 class=\"mec-table-side-title\">Events for April<\/h6><h3 class=\"mec-color mec-table-side-day\"> 2<\/h3><article class=\"mec-event-article\"><div class=\"mec-event-image\"><img loading=\"lazy\" decoding=\"async\" width=\"300\" height=\"300\" data-src=\"https:\/\/msk.lodz.pl\/wp-content\/uploads\/2025\/04\/do-strony-www-1424-x-1024-px3-300x300.png\" class=\"attachment-thumblist size-thumblist wp-post-image lazyload\" alt=\"\" data-mec-postid=\"96644\" src=\"data:image\/gif;base64,R0lGODlhAQABAAAAACH5BAEKAAEALAAAAAABAAEAAAICTAEAOw==\" style=\"--smush-placeholder-width: 300px; --smush-placeholder-aspect-ratio: 300\/300;\" \/><noscript><img loading=\"lazy\" decoding=\"async\" width=\"300\" height=\"300\" data-src=\"https:\/\/msk.lodz.pl\/wp-content\/uploads\/2025\/04\/do-strony-www-1424-x-1024-px3-300x300.png\" class=\"attachment-thumblist size-thumblist wp-post-image lazyload\" alt=\"\" data-mec-postid=\"96644\" src=\"data:image\/gif;base64,R0lGODlhAQABAAAAACH5BAEKAAEALAAAAAABAAEAAAICTAEAOw==\" style=\"--smush-placeholder-width: 300px; --smush-placeholder-aspect-ratio: 300\/300;\" \/><noscript><img loading=\"lazy\" decoding=\"async\" width=\"300\" height=\"300\" data-src=\"https:\/\/msk.lodz.pl\/wp-content\/uploads\/2025\/04\/do-strony-www-1424-x-1024-px3-300x300.png\" class=\"attachment-thumblist size-thumblist wp-post-image lazyload\" alt=\"\" data-mec-postid=\"96644\" src=\"data:image\/gif;base64,R0lGODlhAQABAAAAACH5BAEKAAEALAAAAAABAAEAAAICTAEAOw==\" style=\"--smush-placeholder-width: 300px; --smush-placeholder-aspect-ratio: 300\/300;\" \/><noscript><img loading=\"lazy\" decoding=\"async\" width=\"300\" height=\"300\" data-src=\"https:\/\/msk.lodz.pl\/wp-content\/uploads\/2025\/04\/do-strony-www-1424-x-1024-px3-300x300.png\" class=\"attachment-thumblist size-thumblist wp-post-image lazyload\" alt=\"\" data-mec-postid=\"96644\" src=\"data:image\/gif;base64,R0lGODlhAQABAAAAACH5BAEKAAEALAAAAAABAAEAAAICTAEAOw==\" style=\"--smush-placeholder-width: 300px; --smush-placeholder-aspect-ratio: 300\/300;\" \/><noscript><img loading=\"lazy\" decoding=\"async\" width=\"300\" height=\"300\" data-src=\"https:\/\/msk.lodz.pl\/wp-content\/uploads\/2025\/04\/do-strony-www-1424-x-1024-px3-300x300.png\" class=\"attachment-thumblist size-thumblist wp-post-image lazyload\" alt=\"\" data-mec-postid=\"96644\" src=\"data:image\/gif;base64,R0lGODlhAQABAAAAACH5BAEKAAEALAAAAAABAAEAAAICTAEAOw==\" style=\"--smush-placeholder-width: 300px; --smush-placeholder-aspect-ratio: 300\/300;\" \/><noscript><img loading=\"lazy\" decoding=\"async\" width=\"300\" height=\"300\" src=\"https:\/\/msk.lodz.pl\/wp-content\/uploads\/2025\/04\/do-strony-www-1424-x-1024-px3-300x300.png\" class=\"attachment-thumblist size-thumblist wp-post-image\" alt=\"\" data-mec-postid=\"96644\" \/><\/noscript><\/noscript><\/noscript><\/noscript><\/noscript><\/div><div class=\"mec-monthly-contents\" style=\"width: calc(100% - 85px)\"><div class=\"mec-event-time mec-color\"><i class=\"mec-sl-clock-o\"><\/i> 10:30 - 11:30<\/div><h4 class=\"mec-event-title\"><a class=\"mec-color-hover\" data-event-id=\"96644\" href=\"https:\/\/msk.lodz.pl\/en\/msk\/muzykoterapia-dla-seniorow\/?occurrence=2026-04-02\" target=\"_self\" rel=\"noopener\">Muzykoterapia dla senior\u00f3w<\/a><\/h4><div class=\"mec-event-detail\">\r\n                        <div class=\"mec-event-loc-place\">MSK: D\u0105browa, Klub D\u0105browa<\/div>\r\n                        \r\n                    <\/div><\/div><div style=\"clear:both\"><\/div><\/article><\/div><div class=\"mec-calendar-events-sec\" id=\"mec-calendar-events-sec-11745-20260403\" data-mec-cell=\"20260403\" ><h6 class=\"mec-table-side-title\">Events for April<\/h6><h3 class=\"mec-color mec-table-side-day\"> 3<\/h3><article class=\"mec-event-article\"><div class=\"mec-event-detail\">No Events<\/div><\/article><\/div><div class=\"mec-calendar-events-sec\" id=\"mec-calendar-events-sec-11745-20260404\" data-mec-cell=\"20260404\" ><h6 class=\"mec-table-side-title\">Events for April<\/h6><h3 class=\"mec-color mec-table-side-day\"> 4<\/h3><article class=\"mec-event-article\"><div class=\"mec-event-detail\">No Events<\/div><\/article><\/div><div class=\"mec-calendar-events-sec\" id=\"mec-calendar-events-sec-11745-20260405\" data-mec-cell=\"20260405\" ><h6 class=\"mec-table-side-title\">Events for April<\/h6><h3 class=\"mec-color mec-table-side-day\"> 5<\/h3><article class=\"mec-event-article\"><div class=\"mec-event-detail\">No Events<\/div><\/article><\/div><div class=\"mec-calendar-events-sec\" id=\"mec-calendar-events-sec-11745-20260406\" data-mec-cell=\"20260406\" ><h6 class=\"mec-table-side-title\">Events for April<\/h6><h3 class=\"mec-color mec-table-side-day\"> 6<\/h3><article class=\"mec-event-article\"><div class=\"mec-event-detail\">No Events<\/div><\/article><\/div><div class=\"mec-calendar-events-sec\" id=\"mec-calendar-events-sec-11745-20260407\" data-mec-cell=\"20260407\" ><h6 class=\"mec-table-side-title\">Events for April<\/h6><h3 class=\"mec-color mec-table-side-day\"> 7<\/h3><article class=\"mec-event-article\"><div class=\"mec-event-detail\">No Events<\/div><\/article><\/div><div class=\"mec-calendar-events-sec\" id=\"mec-calendar-events-sec-11745-20260408\" data-mec-cell=\"20260408\" ><h6 class=\"mec-table-side-title\">Events for April<\/h6><h3 class=\"mec-color mec-table-side-day\"> 8<\/h3><article class=\"mec-event-article\"><div class=\"mec-event-image\"><img fetchpriority=\"high\" decoding=\"async\" width=\"300\" height=\"300\" src=\"https:\/\/msk.lodz.pl\/wp-content\/uploads\/2024\/12\/474978545_1519103135444562_603731469924182328_n-300x300.jpg\" class=\"attachment-thumblist size-thumblist wp-post-image\" alt=\"\" data-mec-postid=\"75060\" \/><\/div><div class=\"mec-monthly-contents\" style=\"width: calc(100% - 85px)\"><div class=\"mec-event-time mec-color\"><i class=\"mec-sl-clock-o\"><\/i> 11:00 - 12:00<\/div><h4 class=\"mec-event-title\"><a class=\"mec-color-hover\" data-event-id=\"75060\" href=\"https:\/\/msk.lodz.pl\/en\/msk\/nitka-i-kordonkiem-tworcza-grupa-zajecia-stale\/?occurrence=2026-04-08\" target=\"_self\" rel=\"noopener\">Nitk\u0105 i kordonkiem -tw\u00f3rcza grupa\/\/ zaj\u0119cia sta\u0142e<\/a><\/h4><div class=\"mec-event-detail\">\r\n                        <div class=\"mec-event-loc-place\">MSK: Teofil\u00f3w, Lutnia Creative Centre<\/div>\r\n                        \r\n                    <\/div><\/div><div style=\"clear:both\"><\/div><\/article><article class=\"mec-event-article\"><div class=\"mec-event-image\"><img decoding=\"async\" width=\"300\" height=\"300\" data-src=\"https:\/\/msk.lodz.pl\/wp-content\/uploads\/2023\/08\/363838108_663073152131674_5622583870727877271_n-300x300.jpg\" class=\"attachment-thumblist size-thumblist wp-post-image lazyload\" alt=\"\" data-mec-postid=\"109193\" src=\"data:image\/gif;base64,R0lGODlhAQABAAAAACH5BAEKAAEALAAAAAABAAEAAAICTAEAOw==\" style=\"--smush-placeholder-width: 300px; --smush-placeholder-aspect-ratio: 300\/300;\" \/><noscript><img decoding=\"async\" width=\"300\" height=\"300\" data-src=\"https:\/\/msk.lodz.pl\/wp-content\/uploads\/2023\/08\/363838108_663073152131674_5622583870727877271_n-300x300.jpg\" class=\"attachment-thumblist size-thumblist wp-post-image lazyload\" alt=\"\" data-mec-postid=\"109193\" src=\"data:image\/gif;base64,R0lGODlhAQABAAAAACH5BAEKAAEALAAAAAABAAEAAAICTAEAOw==\" style=\"--smush-placeholder-width: 300px; --smush-placeholder-aspect-ratio: 300\/300;\" \/><noscript><img decoding=\"async\" width=\"300\" height=\"300\" data-src=\"https:\/\/msk.lodz.pl\/wp-content\/uploads\/2023\/08\/363838108_663073152131674_5622583870727877271_n-300x300.jpg\" class=\"attachment-thumblist size-thumblist wp-post-image lazyload\" alt=\"\" data-mec-postid=\"109193\" src=\"data:image\/gif;base64,R0lGODlhAQABAAAAACH5BAEKAAEALAAAAAABAAEAAAICTAEAOw==\" style=\"--smush-placeholder-width: 300px; --smush-placeholder-aspect-ratio: 300\/300;\" \/><noscript><img decoding=\"async\" width=\"300\" height=\"300\" data-src=\"https:\/\/msk.lodz.pl\/wp-content\/uploads\/2023\/08\/363838108_663073152131674_5622583870727877271_n-300x300.jpg\" class=\"attachment-thumblist size-thumblist wp-post-image lazyload\" alt=\"\" data-mec-postid=\"109193\" src=\"data:image\/gif;base64,R0lGODlhAQABAAAAACH5BAEKAAEALAAAAAABAAEAAAICTAEAOw==\" style=\"--smush-placeholder-width: 300px; --smush-placeholder-aspect-ratio: 300\/300;\" \/><noscript><img decoding=\"async\" width=\"300\" height=\"300\" data-src=\"https:\/\/msk.lodz.pl\/wp-content\/uploads\/2023\/08\/363838108_663073152131674_5622583870727877271_n-300x300.jpg\" class=\"attachment-thumblist size-thumblist wp-post-image lazyload\" alt=\"\" data-mec-postid=\"109193\" src=\"data:image\/gif;base64,R0lGODlhAQABAAAAACH5BAEKAAEALAAAAAABAAEAAAICTAEAOw==\" style=\"--smush-placeholder-width: 300px; --smush-placeholder-aspect-ratio: 300\/300;\" \/><noscript><img decoding=\"async\" width=\"300\" height=\"300\" src=\"https:\/\/msk.lodz.pl\/wp-content\/uploads\/2023\/08\/363838108_663073152131674_5622583870727877271_n-300x300.jpg\" class=\"attachment-thumblist size-thumblist wp-post-image\" alt=\"\" data-mec-postid=\"109193\" \/><\/noscript><\/noscript><\/noscript><\/noscript><\/noscript><\/div><div class=\"mec-monthly-contents\" style=\"width: calc(100% - 85px)\"><div class=\"mec-event-time mec-color\"><i class=\"mec-sl-clock-o\"><\/i> 11:00<\/div><h4 class=\"mec-event-title\"><a class=\"mec-color-hover\" data-event-id=\"109193\" href=\"https:\/\/msk.lodz.pl\/en\/msk\/chor-canto-zajecia-stale-3\/?occurrence=2026-04-08\" target=\"_self\" rel=\"noopener\">Ch\u00f3r CANTO \/\/ zaj\u0119cia sta\u0142e \/\/ sezon 2025\/2026<\/a><span class=\"event-color\" style=\"background: #e14d43\"><\/span><\/h4><div class=\"mec-event-detail\">\r\n                        <div class=\"mec-event-loc-place\">MSK: Teofil\u00f3w, Lutnia Creative Centre<\/div>\r\n                        \r\n                    <\/div><\/div><div style=\"clear:both\"><\/div><\/article><article class=\"mec-event-article\"><div class=\"mec-event-image\"><img decoding=\"async\" width=\"300\" height=\"300\" data-src=\"https:\/\/msk.lodz.pl\/wp-content\/uploads\/2023\/06\/353734435_276021151619514_9152851679136019414_n-300x300.jpg\" class=\"attachment-thumblist size-thumblist wp-post-image lazyload\" alt=\"Osoby w wieku senioralnym ustawione w kole.\" data-mec-postid=\"109220\" src=\"data:image\/gif;base64,R0lGODlhAQABAAAAACH5BAEKAAEALAAAAAABAAEAAAICTAEAOw==\" style=\"--smush-placeholder-width: 300px; --smush-placeholder-aspect-ratio: 300\/300;\" \/><noscript><img decoding=\"async\" width=\"300\" height=\"300\" data-src=\"https:\/\/msk.lodz.pl\/wp-content\/uploads\/2023\/06\/353734435_276021151619514_9152851679136019414_n-300x300.jpg\" class=\"attachment-thumblist size-thumblist wp-post-image lazyload\" alt=\"Osoby w wieku senioralnym ustawione w kole.\" data-mec-postid=\"109220\" src=\"data:image\/gif;base64,R0lGODlhAQABAAAAACH5BAEKAAEALAAAAAABAAEAAAICTAEAOw==\" style=\"--smush-placeholder-width: 300px; --smush-placeholder-aspect-ratio: 300\/300;\" \/><noscript><img decoding=\"async\" width=\"300\" height=\"300\" data-src=\"https:\/\/msk.lodz.pl\/wp-content\/uploads\/2023\/06\/353734435_276021151619514_9152851679136019414_n-300x300.jpg\" class=\"attachment-thumblist size-thumblist wp-post-image lazyload\" alt=\"Osoby w wieku senioralnym ustawione w kole.\" data-mec-postid=\"109220\" src=\"data:image\/gif;base64,R0lGODlhAQABAAAAACH5BAEKAAEALAAAAAABAAEAAAICTAEAOw==\" style=\"--smush-placeholder-width: 300px; --smush-placeholder-aspect-ratio: 300\/300;\" \/><noscript><img decoding=\"async\" width=\"300\" height=\"300\" data-src=\"https:\/\/msk.lodz.pl\/wp-content\/uploads\/2023\/06\/353734435_276021151619514_9152851679136019414_n-300x300.jpg\" class=\"attachment-thumblist size-thumblist wp-post-image lazyload\" alt=\"Osoby w wieku senioralnym ustawione w kole.\" data-mec-postid=\"109220\" src=\"data:image\/gif;base64,R0lGODlhAQABAAAAACH5BAEKAAEALAAAAAABAAEAAAICTAEAOw==\" style=\"--smush-placeholder-width: 300px; --smush-placeholder-aspect-ratio: 300\/300;\" \/><noscript><img decoding=\"async\" width=\"300\" height=\"300\" data-src=\"https:\/\/msk.lodz.pl\/wp-content\/uploads\/2023\/06\/353734435_276021151619514_9152851679136019414_n-300x300.jpg\" class=\"attachment-thumblist size-thumblist wp-post-image lazyload\" alt=\"Osoby w wieku senioralnym ustawione w kole.\" data-mec-postid=\"109220\" src=\"data:image\/gif;base64,R0lGODlhAQABAAAAACH5BAEKAAEALAAAAAABAAEAAAICTAEAOw==\" style=\"--smush-placeholder-width: 300px; --smush-placeholder-aspect-ratio: 300\/300;\" \/><noscript><img decoding=\"async\" width=\"300\" height=\"300\" src=\"https:\/\/msk.lodz.pl\/wp-content\/uploads\/2023\/06\/353734435_276021151619514_9152851679136019414_n-300x300.jpg\" class=\"attachment-thumblist size-thumblist wp-post-image\" alt=\"Osoby w wieku senioralnym ustawione w kole.\" data-mec-postid=\"109220\" \/><\/noscript><\/noscript><\/noscript><\/noscript><\/noscript><\/div><div class=\"mec-monthly-contents\" style=\"width: calc(100% - 85px)\"><div class=\"mec-event-time mec-color\"><i class=\"mec-sl-clock-o\"><\/i> 13:00 - 15:00<\/div><h4 class=\"mec-event-title\"><a class=\"mec-color-hover\" data-event-id=\"109220\" href=\"https:\/\/msk.lodz.pl\/en\/msk\/eretz-taniec-w-kregu-grupa-taneczna-zajecia-stale-2\/?occurrence=2026-04-08\" target=\"_self\" rel=\"noopener\">ERETZ taniec w kr\u0119gu -grupa taneczna \/\/ zaj\u0119cia sta\u0142e<\/a><span class=\"event-color\" style=\"background: #fdd700\"><\/span><\/h4><div class=\"mec-event-detail\">\r\n                        <div class=\"mec-event-loc-place\">MSK: Teofil\u00f3w, Lutnia Creative Centre<\/div>\r\n                        \r\n                    <\/div><\/div><div style=\"clear:both\"><\/div><\/article><\/div><div class=\"mec-calendar-events-sec\" id=\"mec-calendar-events-sec-11745-20260409\" data-mec-cell=\"20260409\" ><h6 class=\"mec-table-side-title\">Events for April<\/h6><h3 class=\"mec-color mec-table-side-day\"> 9<\/h3><article class=\"mec-event-article\"><div class=\"mec-event-image\"><img loading=\"lazy\" decoding=\"async\" width=\"300\" height=\"300\" data-src=\"https:\/\/msk.lodz.pl\/wp-content\/uploads\/2025\/04\/do-strony-www-1424-x-1024-px3-300x300.png\" class=\"attachment-thumblist size-thumblist wp-post-image lazyload\" alt=\"\" data-mec-postid=\"96644\" src=\"data:image\/gif;base64,R0lGODlhAQABAAAAACH5BAEKAAEALAAAAAABAAEAAAICTAEAOw==\" style=\"--smush-placeholder-width: 300px; --smush-placeholder-aspect-ratio: 300\/300;\" \/><noscript><img loading=\"lazy\" decoding=\"async\" width=\"300\" height=\"300\" data-src=\"https:\/\/msk.lodz.pl\/wp-content\/uploads\/2025\/04\/do-strony-www-1424-x-1024-px3-300x300.png\" class=\"attachment-thumblist size-thumblist wp-post-image lazyload\" alt=\"\" data-mec-postid=\"96644\" src=\"data:image\/gif;base64,R0lGODlhAQABAAAAACH5BAEKAAEALAAAAAABAAEAAAICTAEAOw==\" style=\"--smush-placeholder-width: 300px; --smush-placeholder-aspect-ratio: 300\/300;\" \/><noscript><img loading=\"lazy\" decoding=\"async\" width=\"300\" height=\"300\" data-src=\"https:\/\/msk.lodz.pl\/wp-content\/uploads\/2025\/04\/do-strony-www-1424-x-1024-px3-300x300.png\" class=\"attachment-thumblist size-thumblist wp-post-image lazyload\" alt=\"\" data-mec-postid=\"96644\" src=\"data:image\/gif;base64,R0lGODlhAQABAAAAACH5BAEKAAEALAAAAAABAAEAAAICTAEAOw==\" style=\"--smush-placeholder-width: 300px; --smush-placeholder-aspect-ratio: 300\/300;\" \/><noscript><img loading=\"lazy\" decoding=\"async\" width=\"300\" height=\"300\" data-src=\"https:\/\/msk.lodz.pl\/wp-content\/uploads\/2025\/04\/do-strony-www-1424-x-1024-px3-300x300.png\" class=\"attachment-thumblist size-thumblist wp-post-image lazyload\" alt=\"\" data-mec-postid=\"96644\" src=\"data:image\/gif;base64,R0lGODlhAQABAAAAACH5BAEKAAEALAAAAAABAAEAAAICTAEAOw==\" style=\"--smush-placeholder-width: 300px; --smush-placeholder-aspect-ratio: 300\/300;\" \/><noscript><img loading=\"lazy\" decoding=\"async\" width=\"300\" height=\"300\" data-src=\"https:\/\/msk.lodz.pl\/wp-content\/uploads\/2025\/04\/do-strony-www-1424-x-1024-px3-300x300.png\" class=\"attachment-thumblist size-thumblist wp-post-image lazyload\" alt=\"\" data-mec-postid=\"96644\" src=\"data:image\/gif;base64,R0lGODlhAQABAAAAACH5BAEKAAEALAAAAAABAAEAAAICTAEAOw==\" style=\"--smush-placeholder-width: 300px; --smush-placeholder-aspect-ratio: 300\/300;\" \/><noscript><img loading=\"lazy\" decoding=\"async\" width=\"300\" height=\"300\" src=\"https:\/\/msk.lodz.pl\/wp-content\/uploads\/2025\/04\/do-strony-www-1424-x-1024-px3-300x300.png\" class=\"attachment-thumblist size-thumblist wp-post-image\" alt=\"\" data-mec-postid=\"96644\" \/><\/noscript><\/noscript><\/noscript><\/noscript><\/noscript><\/div><div class=\"mec-monthly-contents\" style=\"width: calc(100% - 85px)\"><div class=\"mec-event-time mec-color\"><i class=\"mec-sl-clock-o\"><\/i> 10:30 - 11:30<\/div><h4 class=\"mec-event-title\"><a class=\"mec-color-hover\" data-event-id=\"96644\" href=\"https:\/\/msk.lodz.pl\/en\/msk\/muzykoterapia-dla-seniorow\/?occurrence=2026-04-09\" target=\"_self\" rel=\"noopener\">Muzykoterapia dla senior\u00f3w<\/a><\/h4><div class=\"mec-event-detail\">\r\n                        <div class=\"mec-event-loc-place\">MSK: D\u0105browa, Klub D\u0105browa<\/div>\r\n                        \r\n                    <\/div><\/div><div style=\"clear:both\"><\/div><\/article><\/div><div class=\"mec-calendar-events-sec\" id=\"mec-calendar-events-sec-11745-20260410\" data-mec-cell=\"20260410\" ><h6 class=\"mec-table-side-title\">Events for April<\/h6><h3 class=\"mec-color mec-table-side-day\"> 10<\/h3><article class=\"mec-event-article\"><div class=\"mec-event-detail\">No Events<\/div><\/article><\/div><div class=\"mec-calendar-events-sec\" id=\"mec-calendar-events-sec-11745-20260411\" data-mec-cell=\"20260411\" ><h6 class=\"mec-table-side-title\">Events for April<\/h6><h3 class=\"mec-color mec-table-side-day\"> 11<\/h3><article class=\"mec-event-article\"><div class=\"mec-event-detail\">No Events<\/div><\/article><\/div><div class=\"mec-calendar-events-sec\" id=\"mec-calendar-events-sec-11745-20260412\" data-mec-cell=\"20260412\" ><h6 class=\"mec-table-side-title\">Events for April<\/h6><h3 class=\"mec-color mec-table-side-day\"> 12<\/h3><article class=\"mec-event-article\"><div class=\"mec-event-detail\">No Events<\/div><\/article><\/div><div class=\"mec-calendar-events-sec\" id=\"mec-calendar-events-sec-11745-20260413\" data-mec-cell=\"20260413\" ><h6 class=\"mec-table-side-title\">Events for April<\/h6><h3 class=\"mec-color mec-table-side-day\"> 13<\/h3><article class=\"mec-event-article\"><div class=\"mec-event-detail\">No Events<\/div><\/article><\/div><div class=\"mec-calendar-events-sec\" id=\"mec-calendar-events-sec-11745-20260414\" data-mec-cell=\"20260414\" ><h6 class=\"mec-table-side-title\">Events for April<\/h6><h3 class=\"mec-color mec-table-side-day\"> 14<\/h3><article class=\"mec-event-article\"><div class=\"mec-event-detail\">No Events<\/div><\/article><\/div><div class=\"mec-calendar-events-sec\" id=\"mec-calendar-events-sec-11745-20260415\" data-mec-cell=\"20260415\" ><h6 class=\"mec-table-side-title\">Events for April<\/h6><h3 class=\"mec-color mec-table-side-day\"> 15<\/h3><article class=\"mec-event-article\"><div class=\"mec-event-image\"><img fetchpriority=\"high\" decoding=\"async\" width=\"300\" height=\"300\" src=\"https:\/\/msk.lodz.pl\/wp-content\/uploads\/2024\/12\/474978545_1519103135444562_603731469924182328_n-300x300.jpg\" class=\"attachment-thumblist size-thumblist wp-post-image\" alt=\"\" data-mec-postid=\"75060\" \/><\/div><div class=\"mec-monthly-contents\" style=\"width: calc(100% - 85px)\"><div class=\"mec-event-time mec-color\"><i class=\"mec-sl-clock-o\"><\/i> 11:00 - 12:00<\/div><h4 class=\"mec-event-title\"><a class=\"mec-color-hover\" data-event-id=\"75060\" href=\"https:\/\/msk.lodz.pl\/en\/msk\/nitka-i-kordonkiem-tworcza-grupa-zajecia-stale\/?occurrence=2026-04-15\" target=\"_self\" rel=\"noopener\">Nitk\u0105 i kordonkiem -tw\u00f3rcza grupa\/\/ zaj\u0119cia sta\u0142e<\/a><\/h4><div class=\"mec-event-detail\">\r\n                        <div class=\"mec-event-loc-place\">MSK: Teofil\u00f3w, Lutnia Creative Centre<\/div>\r\n                        \r\n                    <\/div><\/div><div style=\"clear:both\"><\/div><\/article><article class=\"mec-event-article\"><div class=\"mec-event-image\"><img decoding=\"async\" width=\"300\" height=\"300\" data-src=\"https:\/\/msk.lodz.pl\/wp-content\/uploads\/2023\/08\/363838108_663073152131674_5622583870727877271_n-300x300.jpg\" class=\"attachment-thumblist size-thumblist wp-post-image lazyload\" alt=\"\" data-mec-postid=\"109193\" src=\"data:image\/gif;base64,R0lGODlhAQABAAAAACH5BAEKAAEALAAAAAABAAEAAAICTAEAOw==\" style=\"--smush-placeholder-width: 300px; --smush-placeholder-aspect-ratio: 300\/300;\" \/><noscript><img decoding=\"async\" width=\"300\" height=\"300\" data-src=\"https:\/\/msk.lodz.pl\/wp-content\/uploads\/2023\/08\/363838108_663073152131674_5622583870727877271_n-300x300.jpg\" class=\"attachment-thumblist size-thumblist wp-post-image lazyload\" alt=\"\" data-mec-postid=\"109193\" src=\"data:image\/gif;base64,R0lGODlhAQABAAAAACH5BAEKAAEALAAAAAABAAEAAAICTAEAOw==\" style=\"--smush-placeholder-width: 300px; --smush-placeholder-aspect-ratio: 300\/300;\" \/><noscript><img decoding=\"async\" width=\"300\" height=\"300\" data-src=\"https:\/\/msk.lodz.pl\/wp-content\/uploads\/2023\/08\/363838108_663073152131674_5622583870727877271_n-300x300.jpg\" class=\"attachment-thumblist size-thumblist wp-post-image lazyload\" alt=\"\" data-mec-postid=\"109193\" src=\"data:image\/gif;base64,R0lGODlhAQABAAAAACH5BAEKAAEALAAAAAABAAEAAAICTAEAOw==\" style=\"--smush-placeholder-width: 300px; --smush-placeholder-aspect-ratio: 300\/300;\" \/><noscript><img decoding=\"async\" width=\"300\" height=\"300\" data-src=\"https:\/\/msk.lodz.pl\/wp-content\/uploads\/2023\/08\/363838108_663073152131674_5622583870727877271_n-300x300.jpg\" class=\"attachment-thumblist size-thumblist wp-post-image lazyload\" alt=\"\" data-mec-postid=\"109193\" src=\"data:image\/gif;base64,R0lGODlhAQABAAAAACH5BAEKAAEALAAAAAABAAEAAAICTAEAOw==\" style=\"--smush-placeholder-width: 300px; --smush-placeholder-aspect-ratio: 300\/300;\" \/><noscript><img decoding=\"async\" width=\"300\" height=\"300\" data-src=\"https:\/\/msk.lodz.pl\/wp-content\/uploads\/2023\/08\/363838108_663073152131674_5622583870727877271_n-300x300.jpg\" class=\"attachment-thumblist size-thumblist wp-post-image lazyload\" alt=\"\" data-mec-postid=\"109193\" src=\"data:image\/gif;base64,R0lGODlhAQABAAAAACH5BAEKAAEALAAAAAABAAEAAAICTAEAOw==\" style=\"--smush-placeholder-width: 300px; --smush-placeholder-aspect-ratio: 300\/300;\" \/><noscript><img decoding=\"async\" width=\"300\" height=\"300\" src=\"https:\/\/msk.lodz.pl\/wp-content\/uploads\/2023\/08\/363838108_663073152131674_5622583870727877271_n-300x300.jpg\" class=\"attachment-thumblist size-thumblist wp-post-image\" alt=\"\" data-mec-postid=\"109193\" \/><\/noscript><\/noscript><\/noscript><\/noscript><\/noscript><\/div><div class=\"mec-monthly-contents\" style=\"width: calc(100% - 85px)\"><div class=\"mec-event-time mec-color\"><i class=\"mec-sl-clock-o\"><\/i> 11:00<\/div><h4 class=\"mec-event-title\"><a class=\"mec-color-hover\" data-event-id=\"109193\" href=\"https:\/\/msk.lodz.pl\/en\/msk\/chor-canto-zajecia-stale-3\/?occurrence=2026-04-15\" target=\"_self\" rel=\"noopener\">Ch\u00f3r CANTO \/\/ zaj\u0119cia sta\u0142e \/\/ sezon 2025\/2026<\/a><span class=\"event-color\" style=\"background: #e14d43\"><\/span><\/h4><div class=\"mec-event-detail\">\r\n                        <div class=\"mec-event-loc-place\">MSK: Teofil\u00f3w, Lutnia Creative Centre<\/div>\r\n                        \r\n                    <\/div><\/div><div style=\"clear:both\"><\/div><\/article><article class=\"mec-event-article\"><div class=\"mec-event-image\"><img decoding=\"async\" width=\"300\" height=\"300\" data-src=\"https:\/\/msk.lodz.pl\/wp-content\/uploads\/2023\/06\/353734435_276021151619514_9152851679136019414_n-300x300.jpg\" class=\"attachment-thumblist size-thumblist wp-post-image lazyload\" alt=\"Osoby w wieku senioralnym ustawione w kole.\" data-mec-postid=\"109220\" src=\"data:image\/gif;base64,R0lGODlhAQABAAAAACH5BAEKAAEALAAAAAABAAEAAAICTAEAOw==\" style=\"--smush-placeholder-width: 300px; --smush-placeholder-aspect-ratio: 300\/300;\" \/><noscript><img decoding=\"async\" width=\"300\" height=\"300\" data-src=\"https:\/\/msk.lodz.pl\/wp-content\/uploads\/2023\/06\/353734435_276021151619514_9152851679136019414_n-300x300.jpg\" class=\"attachment-thumblist size-thumblist wp-post-image lazyload\" alt=\"Osoby w wieku senioralnym ustawione w kole.\" data-mec-postid=\"109220\" src=\"data:image\/gif;base64,R0lGODlhAQABAAAAACH5BAEKAAEALAAAAAABAAEAAAICTAEAOw==\" style=\"--smush-placeholder-width: 300px; --smush-placeholder-aspect-ratio: 300\/300;\" \/><noscript><img decoding=\"async\" width=\"300\" height=\"300\" data-src=\"https:\/\/msk.lodz.pl\/wp-content\/uploads\/2023\/06\/353734435_276021151619514_9152851679136019414_n-300x300.jpg\" class=\"attachment-thumblist size-thumblist wp-post-image lazyload\" alt=\"Osoby w wieku senioralnym ustawione w kole.\" data-mec-postid=\"109220\" src=\"data:image\/gif;base64,R0lGODlhAQABAAAAACH5BAEKAAEALAAAAAABAAEAAAICTAEAOw==\" style=\"--smush-placeholder-width: 300px; --smush-placeholder-aspect-ratio: 300\/300;\" \/><noscript><img decoding=\"async\" width=\"300\" height=\"300\" data-src=\"https:\/\/msk.lodz.pl\/wp-content\/uploads\/2023\/06\/353734435_276021151619514_9152851679136019414_n-300x300.jpg\" class=\"attachment-thumblist size-thumblist wp-post-image lazyload\" alt=\"Osoby w wieku senioralnym ustawione w kole.\" data-mec-postid=\"109220\" src=\"data:image\/gif;base64,R0lGODlhAQABAAAAACH5BAEKAAEALAAAAAABAAEAAAICTAEAOw==\" style=\"--smush-placeholder-width: 300px; --smush-placeholder-aspect-ratio: 300\/300;\" \/><noscript><img decoding=\"async\" width=\"300\" height=\"300\" data-src=\"https:\/\/msk.lodz.pl\/wp-content\/uploads\/2023\/06\/353734435_276021151619514_9152851679136019414_n-300x300.jpg\" class=\"attachment-thumblist size-thumblist wp-post-image lazyload\" alt=\"Osoby w wieku senioralnym ustawione w kole.\" data-mec-postid=\"109220\" src=\"data:image\/gif;base64,R0lGODlhAQABAAAAACH5BAEKAAEALAAAAAABAAEAAAICTAEAOw==\" style=\"--smush-placeholder-width: 300px; --smush-placeholder-aspect-ratio: 300\/300;\" \/><noscript><img decoding=\"async\" width=\"300\" height=\"300\" src=\"https:\/\/msk.lodz.pl\/wp-content\/uploads\/2023\/06\/353734435_276021151619514_9152851679136019414_n-300x300.jpg\" class=\"attachment-thumblist size-thumblist wp-post-image\" alt=\"Osoby w wieku senioralnym ustawione w kole.\" data-mec-postid=\"109220\" \/><\/noscript><\/noscript><\/noscript><\/noscript><\/noscript><\/div><div class=\"mec-monthly-contents\" style=\"width: calc(100% - 85px)\"><div class=\"mec-event-time mec-color\"><i class=\"mec-sl-clock-o\"><\/i> 13:00 - 15:00<\/div><h4 class=\"mec-event-title\"><a class=\"mec-color-hover\" data-event-id=\"109220\" href=\"https:\/\/msk.lodz.pl\/en\/msk\/eretz-taniec-w-kregu-grupa-taneczna-zajecia-stale-2\/?occurrence=2026-04-15\" target=\"_self\" rel=\"noopener\">ERETZ taniec w kr\u0119gu -grupa taneczna \/\/ zaj\u0119cia sta\u0142e<\/a><span class=\"event-color\" style=\"background: #fdd700\"><\/span><\/h4><div class=\"mec-event-detail\">\r\n                        <div class=\"mec-event-loc-place\">MSK: Teofil\u00f3w, Lutnia Creative Centre<\/div>\r\n                        \r\n                    <\/div><\/div><div style=\"clear:both\"><\/div><\/article><article class=\"mec-event-article\"><div class=\"mec-event-image\"><img loading=\"lazy\" decoding=\"async\" width=\"300\" height=\"300\" data-src=\"https:\/\/msk.lodz.pl\/wp-content\/uploads\/2024\/08\/453544608_8581181655273792_3579650878000661405_n-300x300.jpg\" class=\"attachment-thumblist size-thumblist wp-post-image lazyload\" alt=\"\" data-mec-postid=\"109209\" src=\"data:image\/gif;base64,R0lGODlhAQABAAAAACH5BAEKAAEALAAAAAABAAEAAAICTAEAOw==\" style=\"--smush-placeholder-width: 300px; --smush-placeholder-aspect-ratio: 300\/300;\" \/><noscript><img loading=\"lazy\" decoding=\"async\" width=\"300\" height=\"300\" src=\"https:\/\/msk.lodz.pl\/wp-content\/uploads\/2024\/08\/453544608_8581181655273792_3579650878000661405_n-300x300.jpg\" class=\"attachment-thumblist size-thumblist wp-post-image\" alt=\"\" data-mec-postid=\"109209\" \/><\/noscript><\/div><div class=\"mec-monthly-contents\" style=\"width: calc(100% - 85px)\"><div class=\"mec-event-time mec-color\"><i class=\"mec-sl-clock-o\"><\/i> 15:00 - 17:00<\/div><h4 class=\"mec-event-title\"><a class=\"mec-color-hover\" data-event-id=\"109209\" href=\"https:\/\/msk.lodz.pl\/en\/msk\/tworcza-grupa-literacka-limeryk-zajecia-stale-2\/?occurrence=2026-04-15\" target=\"_self\" rel=\"noopener\">Tw\u00f3rcza Grupa Literacka LIMERYK \/\/ zaj\u0119cia sta\u0142e<\/a><span class=\"event-color\" style=\"background: #fdd700\"><\/span><\/h4><div class=\"mec-event-detail\">\r\n                        <div class=\"mec-event-loc-place\">MSK: Teofil\u00f3w, Lutnia Creative Centre<\/div>\r\n                        \r\n                    <\/div><\/div><div style=\"clear:both\"><\/div><\/article><\/div><div class=\"mec-calendar-events-sec\" id=\"mec-calendar-events-sec-11745-20260416\" data-mec-cell=\"20260416\" ><h6 class=\"mec-table-side-title\">Events for April<\/h6><h3 class=\"mec-color mec-table-side-day\"> 16<\/h3><article class=\"mec-event-article\"><div class=\"mec-event-image\"><img loading=\"lazy\" decoding=\"async\" width=\"300\" height=\"300\" data-src=\"https:\/\/msk.lodz.pl\/wp-content\/uploads\/2025\/04\/do-strony-www-1424-x-1024-px3-300x300.png\" class=\"attachment-thumblist size-thumblist wp-post-image lazyload\" alt=\"\" data-mec-postid=\"96644\" src=\"data:image\/gif;base64,R0lGODlhAQABAAAAACH5BAEKAAEALAAAAAABAAEAAAICTAEAOw==\" style=\"--smush-placeholder-width: 300px; --smush-placeholder-aspect-ratio: 300\/300;\" \/><noscript><img loading=\"lazy\" decoding=\"async\" width=\"300\" height=\"300\" data-src=\"https:\/\/msk.lodz.pl\/wp-content\/uploads\/2025\/04\/do-strony-www-1424-x-1024-px3-300x300.png\" class=\"attachment-thumblist size-thumblist wp-post-image lazyload\" alt=\"\" data-mec-postid=\"96644\" src=\"data:image\/gif;base64,R0lGODlhAQABAAAAACH5BAEKAAEALAAAAAABAAEAAAICTAEAOw==\" style=\"--smush-placeholder-width: 300px; --smush-placeholder-aspect-ratio: 300\/300;\" \/><noscript><img loading=\"lazy\" decoding=\"async\" width=\"300\" height=\"300\" data-src=\"https:\/\/msk.lodz.pl\/wp-content\/uploads\/2025\/04\/do-strony-www-1424-x-1024-px3-300x300.png\" class=\"attachment-thumblist size-thumblist wp-post-image lazyload\" alt=\"\" data-mec-postid=\"96644\" src=\"data:image\/gif;base64,R0lGODlhAQABAAAAACH5BAEKAAEALAAAAAABAAEAAAICTAEAOw==\" style=\"--smush-placeholder-width: 300px; --smush-placeholder-aspect-ratio: 300\/300;\" \/><noscript><img loading=\"lazy\" decoding=\"async\" width=\"300\" height=\"300\" data-src=\"https:\/\/msk.lodz.pl\/wp-content\/uploads\/2025\/04\/do-strony-www-1424-x-1024-px3-300x300.png\" class=\"attachment-thumblist size-thumblist wp-post-image lazyload\" alt=\"\" data-mec-postid=\"96644\" src=\"data:image\/gif;base64,R0lGODlhAQABAAAAACH5BAEKAAEALAAAAAABAAEAAAICTAEAOw==\" style=\"--smush-placeholder-width: 300px; --smush-placeholder-aspect-ratio: 300\/300;\" \/><noscript><img loading=\"lazy\" decoding=\"async\" width=\"300\" height=\"300\" data-src=\"https:\/\/msk.lodz.pl\/wp-content\/uploads\/2025\/04\/do-strony-www-1424-x-1024-px3-300x300.png\" class=\"attachment-thumblist size-thumblist wp-post-image lazyload\" alt=\"\" data-mec-postid=\"96644\" src=\"data:image\/gif;base64,R0lGODlhAQABAAAAACH5BAEKAAEALAAAAAABAAEAAAICTAEAOw==\" style=\"--smush-placeholder-width: 300px; --smush-placeholder-aspect-ratio: 300\/300;\" \/><noscript><img loading=\"lazy\" decoding=\"async\" width=\"300\" height=\"300\" src=\"https:\/\/msk.lodz.pl\/wp-content\/uploads\/2025\/04\/do-strony-www-1424-x-1024-px3-300x300.png\" class=\"attachment-thumblist size-thumblist wp-post-image\" alt=\"\" data-mec-postid=\"96644\" \/><\/noscript><\/noscript><\/noscript><\/noscript><\/noscript><\/div><div class=\"mec-monthly-contents\" style=\"width: calc(100% - 85px)\"><div class=\"mec-event-time mec-color\"><i class=\"mec-sl-clock-o\"><\/i> 10:30 - 11:30<\/div><h4 class=\"mec-event-title\"><a class=\"mec-color-hover\" data-event-id=\"96644\" href=\"https:\/\/msk.lodz.pl\/en\/msk\/muzykoterapia-dla-seniorow\/?occurrence=2026-04-16\" target=\"_self\" rel=\"noopener\">Muzykoterapia dla senior\u00f3w<\/a><\/h4><div class=\"mec-event-detail\">\r\n                        <div class=\"mec-event-loc-place\">MSK: D\u0105browa, Klub D\u0105browa<\/div>\r\n                        \r\n                    <\/div><\/div><div style=\"clear:both\"><\/div><\/article><\/div><div class=\"mec-calendar-events-sec\" id=\"mec-calendar-events-sec-11745-20260417\" data-mec-cell=\"20260417\" ><h6 class=\"mec-table-side-title\">Events for April<\/h6><h3 class=\"mec-color mec-table-side-day\"> 17<\/h3><article class=\"mec-event-article\"><div class=\"mec-event-detail\">No Events<\/div><\/article><\/div><div class=\"mec-calendar-events-sec\" id=\"mec-calendar-events-sec-11745-20260418\" data-mec-cell=\"20260418\" ><h6 class=\"mec-table-side-title\">Events for April<\/h6><h3 class=\"mec-color mec-table-side-day\"> 18<\/h3><article class=\"mec-event-article\"><div class=\"mec-event-detail\">No Events<\/div><\/article><\/div><div class=\"mec-calendar-events-sec\" id=\"mec-calendar-events-sec-11745-20260419\" data-mec-cell=\"20260419\" ><h6 class=\"mec-table-side-title\">Events for April<\/h6><h3 class=\"mec-color mec-table-side-day\"> 19<\/h3><article class=\"mec-event-article\"><div class=\"mec-event-detail\">No Events<\/div><\/article><\/div><div class=\"mec-calendar-events-sec\" id=\"mec-calendar-events-sec-11745-20260420\" data-mec-cell=\"20260420\" ><h6 class=\"mec-table-side-title\">Events for April<\/h6><h3 class=\"mec-color mec-table-side-day\"> 20<\/h3><article class=\"mec-event-article\"><div class=\"mec-event-detail\">No Events<\/div><\/article><\/div><div class=\"mec-calendar-events-sec\" id=\"mec-calendar-events-sec-11745-20260421\" data-mec-cell=\"20260421\" ><h6 class=\"mec-table-side-title\">Events for April<\/h6><h3 class=\"mec-color mec-table-side-day\"> 21<\/h3><article class=\"mec-event-article\"><div class=\"mec-event-detail\">No Events<\/div><\/article><\/div><div class=\"mec-calendar-events-sec\" id=\"mec-calendar-events-sec-11745-20260422\" data-mec-cell=\"20260422\" ><h6 class=\"mec-table-side-title\">Events for April<\/h6><h3 class=\"mec-color mec-table-side-day\"> 22<\/h3><article class=\"mec-event-article\"><div class=\"mec-event-image\"><img fetchpriority=\"high\" decoding=\"async\" width=\"300\" height=\"300\" src=\"https:\/\/msk.lodz.pl\/wp-content\/uploads\/2024\/12\/474978545_1519103135444562_603731469924182328_n-300x300.jpg\" class=\"attachment-thumblist size-thumblist wp-post-image\" alt=\"\" data-mec-postid=\"75060\" \/><\/div><div class=\"mec-monthly-contents\" style=\"width: calc(100% - 85px)\"><div class=\"mec-event-time mec-color\"><i class=\"mec-sl-clock-o\"><\/i> 11:00 - 12:00<\/div><h4 class=\"mec-event-title\"><a class=\"mec-color-hover\" data-event-id=\"75060\" href=\"https:\/\/msk.lodz.pl\/en\/msk\/nitka-i-kordonkiem-tworcza-grupa-zajecia-stale\/?occurrence=2026-04-22\" target=\"_self\" rel=\"noopener\">Nitk\u0105 i kordonkiem -tw\u00f3rcza grupa\/\/ zaj\u0119cia sta\u0142e<\/a><\/h4><div class=\"mec-event-detail\">\r\n                        <div class=\"mec-event-loc-place\">MSK: Teofil\u00f3w, Lutnia Creative Centre<\/div>\r\n                        \r\n                    <\/div><\/div><div style=\"clear:both\"><\/div><\/article><article class=\"mec-event-article\"><div class=\"mec-event-image\"><img decoding=\"async\" width=\"300\" height=\"300\" data-src=\"https:\/\/msk.lodz.pl\/wp-content\/uploads\/2023\/08\/363838108_663073152131674_5622583870727877271_n-300x300.jpg\" class=\"attachment-thumblist size-thumblist wp-post-image lazyload\" alt=\"\" data-mec-postid=\"109193\" src=\"data:image\/gif;base64,R0lGODlhAQABAAAAACH5BAEKAAEALAAAAAABAAEAAAICTAEAOw==\" style=\"--smush-placeholder-width: 300px; --smush-placeholder-aspect-ratio: 300\/300;\" \/><noscript><img decoding=\"async\" width=\"300\" height=\"300\" data-src=\"https:\/\/msk.lodz.pl\/wp-content\/uploads\/2023\/08\/363838108_663073152131674_5622583870727877271_n-300x300.jpg\" class=\"attachment-thumblist size-thumblist wp-post-image lazyload\" alt=\"\" data-mec-postid=\"109193\" src=\"data:image\/gif;base64,R0lGODlhAQABAAAAACH5BAEKAAEALAAAAAABAAEAAAICTAEAOw==\" style=\"--smush-placeholder-width: 300px; --smush-placeholder-aspect-ratio: 300\/300;\" \/><noscript><img decoding=\"async\" width=\"300\" height=\"300\" data-src=\"https:\/\/msk.lodz.pl\/wp-content\/uploads\/2023\/08\/363838108_663073152131674_5622583870727877271_n-300x300.jpg\" class=\"attachment-thumblist size-thumblist wp-post-image lazyload\" alt=\"\" data-mec-postid=\"109193\" src=\"data:image\/gif;base64,R0lGODlhAQABAAAAACH5BAEKAAEALAAAAAABAAEAAAICTAEAOw==\" style=\"--smush-placeholder-width: 300px; --smush-placeholder-aspect-ratio: 300\/300;\" \/><noscript><img decoding=\"async\" width=\"300\" height=\"300\" data-src=\"https:\/\/msk.lodz.pl\/wp-content\/uploads\/2023\/08\/363838108_663073152131674_5622583870727877271_n-300x300.jpg\" class=\"attachment-thumblist size-thumblist wp-post-image lazyload\" alt=\"\" data-mec-postid=\"109193\" src=\"data:image\/gif;base64,R0lGODlhAQABAAAAACH5BAEKAAEALAAAAAABAAEAAAICTAEAOw==\" style=\"--smush-placeholder-width: 300px; --smush-placeholder-aspect-ratio: 300\/300;\" \/><noscript><img decoding=\"async\" width=\"300\" height=\"300\" data-src=\"https:\/\/msk.lodz.pl\/wp-content\/uploads\/2023\/08\/363838108_663073152131674_5622583870727877271_n-300x300.jpg\" class=\"attachment-thumblist size-thumblist wp-post-image lazyload\" alt=\"\" data-mec-postid=\"109193\" src=\"data:image\/gif;base64,R0lGODlhAQABAAAAACH5BAEKAAEALAAAAAABAAEAAAICTAEAOw==\" style=\"--smush-placeholder-width: 300px; --smush-placeholder-aspect-ratio: 300\/300;\" \/><noscript><img decoding=\"async\" width=\"300\" height=\"300\" src=\"https:\/\/msk.lodz.pl\/wp-content\/uploads\/2023\/08\/363838108_663073152131674_5622583870727877271_n-300x300.jpg\" class=\"attachment-thumblist size-thumblist wp-post-image\" alt=\"\" data-mec-postid=\"109193\" \/><\/noscript><\/noscript><\/noscript><\/noscript><\/noscript><\/div><div class=\"mec-monthly-contents\" style=\"width: calc(100% - 85px)\"><div class=\"mec-event-time mec-color\"><i class=\"mec-sl-clock-o\"><\/i> 11:00<\/div><h4 class=\"mec-event-title\"><a class=\"mec-color-hover\" data-event-id=\"109193\" href=\"https:\/\/msk.lodz.pl\/en\/msk\/chor-canto-zajecia-stale-3\/?occurrence=2026-04-22\" target=\"_self\" rel=\"noopener\">Ch\u00f3r CANTO \/\/ zaj\u0119cia sta\u0142e \/\/ sezon 2025\/2026<\/a><span class=\"event-color\" style=\"background: #e14d43\"><\/span><\/h4><div class=\"mec-event-detail\">\r\n                        <div class=\"mec-event-loc-place\">MSK: Teofil\u00f3w, Lutnia Creative Centre<\/div>\r\n                        \r\n                    <\/div><\/div><div style=\"clear:both\"><\/div><\/article><article class=\"mec-event-article\"><div class=\"mec-event-image\"><img decoding=\"async\" width=\"300\" height=\"300\" data-src=\"https:\/\/msk.lodz.pl\/wp-content\/uploads\/2023\/06\/353734435_276021151619514_9152851679136019414_n-300x300.jpg\" class=\"attachment-thumblist size-thumblist wp-post-image lazyload\" alt=\"Osoby w wieku senioralnym ustawione w kole.\" data-mec-postid=\"109220\" src=\"data:image\/gif;base64,R0lGODlhAQABAAAAACH5BAEKAAEALAAAAAABAAEAAAICTAEAOw==\" style=\"--smush-placeholder-width: 300px; --smush-placeholder-aspect-ratio: 300\/300;\" \/><noscript><img decoding=\"async\" width=\"300\" height=\"300\" data-src=\"https:\/\/msk.lodz.pl\/wp-content\/uploads\/2023\/06\/353734435_276021151619514_9152851679136019414_n-300x300.jpg\" class=\"attachment-thumblist size-thumblist wp-post-image lazyload\" alt=\"Osoby w wieku senioralnym ustawione w kole.\" data-mec-postid=\"109220\" src=\"data:image\/gif;base64,R0lGODlhAQABAAAAACH5BAEKAAEALAAAAAABAAEAAAICTAEAOw==\" style=\"--smush-placeholder-width: 300px; --smush-placeholder-aspect-ratio: 300\/300;\" \/><noscript><img decoding=\"async\" width=\"300\" height=\"300\" data-src=\"https:\/\/msk.lodz.pl\/wp-content\/uploads\/2023\/06\/353734435_276021151619514_9152851679136019414_n-300x300.jpg\" class=\"attachment-thumblist size-thumblist wp-post-image lazyload\" alt=\"Osoby w wieku senioralnym ustawione w kole.\" data-mec-postid=\"109220\" src=\"data:image\/gif;base64,R0lGODlhAQABAAAAACH5BAEKAAEALAAAAAABAAEAAAICTAEAOw==\" style=\"--smush-placeholder-width: 300px; --smush-placeholder-aspect-ratio: 300\/300;\" \/><noscript><img decoding=\"async\" width=\"300\" height=\"300\" data-src=\"https:\/\/msk.lodz.pl\/wp-content\/uploads\/2023\/06\/353734435_276021151619514_9152851679136019414_n-300x300.jpg\" class=\"attachment-thumblist size-thumblist wp-post-image lazyload\" alt=\"Osoby w wieku senioralnym ustawione w kole.\" data-mec-postid=\"109220\" src=\"data:image\/gif;base64,R0lGODlhAQABAAAAACH5BAEKAAEALAAAAAABAAEAAAICTAEAOw==\" style=\"--smush-placeholder-width: 300px; --smush-placeholder-aspect-ratio: 300\/300;\" \/><noscript><img decoding=\"async\" width=\"300\" height=\"300\" data-src=\"https:\/\/msk.lodz.pl\/wp-content\/uploads\/2023\/06\/353734435_276021151619514_9152851679136019414_n-300x300.jpg\" class=\"attachment-thumblist size-thumblist wp-post-image lazyload\" alt=\"Osoby w wieku senioralnym ustawione w kole.\" data-mec-postid=\"109220\" src=\"data:image\/gif;base64,R0lGODlhAQABAAAAACH5BAEKAAEALAAAAAABAAEAAAICTAEAOw==\" style=\"--smush-placeholder-width: 300px; --smush-placeholder-aspect-ratio: 300\/300;\" \/><noscript><img decoding=\"async\" width=\"300\" height=\"300\" src=\"https:\/\/msk.lodz.pl\/wp-content\/uploads\/2023\/06\/353734435_276021151619514_9152851679136019414_n-300x300.jpg\" class=\"attachment-thumblist size-thumblist wp-post-image\" alt=\"Osoby w wieku senioralnym ustawione w kole.\" data-mec-postid=\"109220\" \/><\/noscript><\/noscript><\/noscript><\/noscript><\/noscript><\/div><div class=\"mec-monthly-contents\" style=\"width: calc(100% - 85px)\"><div class=\"mec-event-time mec-color\"><i class=\"mec-sl-clock-o\"><\/i> 13:00 - 15:00<\/div><h4 class=\"mec-event-title\"><a class=\"mec-color-hover\" data-event-id=\"109220\" href=\"https:\/\/msk.lodz.pl\/en\/msk\/eretz-taniec-w-kregu-grupa-taneczna-zajecia-stale-2\/?occurrence=2026-04-22\" target=\"_self\" rel=\"noopener\">ERETZ taniec w kr\u0119gu -grupa taneczna \/\/ zaj\u0119cia sta\u0142e<\/a><span class=\"event-color\" style=\"background: #fdd700\"><\/span><\/h4><div class=\"mec-event-detail\">\r\n                        <div class=\"mec-event-loc-place\">MSK: Teofil\u00f3w, Lutnia Creative Centre<\/div>\r\n                        \r\n                    <\/div><\/div><div style=\"clear:both\"><\/div><\/article><\/div><div class=\"mec-calendar-events-sec\" id=\"mec-calendar-events-sec-11745-20260423\" data-mec-cell=\"20260423\" ><h6 class=\"mec-table-side-title\">Events for April<\/h6><h3 class=\"mec-color mec-table-side-day\"> 23<\/h3><article class=\"mec-event-article\"><div class=\"mec-event-image\"><img loading=\"lazy\" decoding=\"async\" width=\"300\" height=\"300\" data-src=\"https:\/\/msk.lodz.pl\/wp-content\/uploads\/2025\/04\/do-strony-www-1424-x-1024-px3-300x300.png\" class=\"attachment-thumblist size-thumblist wp-post-image lazyload\" alt=\"\" data-mec-postid=\"96644\" src=\"data:image\/gif;base64,R0lGODlhAQABAAAAACH5BAEKAAEALAAAAAABAAEAAAICTAEAOw==\" style=\"--smush-placeholder-width: 300px; --smush-placeholder-aspect-ratio: 300\/300;\" \/><noscript><img loading=\"lazy\" decoding=\"async\" width=\"300\" height=\"300\" data-src=\"https:\/\/msk.lodz.pl\/wp-content\/uploads\/2025\/04\/do-strony-www-1424-x-1024-px3-300x300.png\" class=\"attachment-thumblist size-thumblist wp-post-image lazyload\" alt=\"\" data-mec-postid=\"96644\" src=\"data:image\/gif;base64,R0lGODlhAQABAAAAACH5BAEKAAEALAAAAAABAAEAAAICTAEAOw==\" style=\"--smush-placeholder-width: 300px; --smush-placeholder-aspect-ratio: 300\/300;\" \/><noscript><img loading=\"lazy\" decoding=\"async\" width=\"300\" height=\"300\" data-src=\"https:\/\/msk.lodz.pl\/wp-content\/uploads\/2025\/04\/do-strony-www-1424-x-1024-px3-300x300.png\" class=\"attachment-thumblist size-thumblist wp-post-image lazyload\" alt=\"\" data-mec-postid=\"96644\" src=\"data:image\/gif;base64,R0lGODlhAQABAAAAACH5BAEKAAEALAAAAAABAAEAAAICTAEAOw==\" style=\"--smush-placeholder-width: 300px; --smush-placeholder-aspect-ratio: 300\/300;\" \/><noscript><img loading=\"lazy\" decoding=\"async\" width=\"300\" height=\"300\" data-src=\"https:\/\/msk.lodz.pl\/wp-content\/uploads\/2025\/04\/do-strony-www-1424-x-1024-px3-300x300.png\" class=\"attachment-thumblist size-thumblist wp-post-image lazyload\" alt=\"\" data-mec-postid=\"96644\" src=\"data:image\/gif;base64,R0lGODlhAQABAAAAACH5BAEKAAEALAAAAAABAAEAAAICTAEAOw==\" style=\"--smush-placeholder-width: 300px; --smush-placeholder-aspect-ratio: 300\/300;\" \/><noscript><img loading=\"lazy\" decoding=\"async\" width=\"300\" height=\"300\" data-src=\"https:\/\/msk.lodz.pl\/wp-content\/uploads\/2025\/04\/do-strony-www-1424-x-1024-px3-300x300.png\" class=\"attachment-thumblist size-thumblist wp-post-image lazyload\" alt=\"\" data-mec-postid=\"96644\" src=\"data:image\/gif;base64,R0lGODlhAQABAAAAACH5BAEKAAEALAAAAAABAAEAAAICTAEAOw==\" style=\"--smush-placeholder-width: 300px; --smush-placeholder-aspect-ratio: 300\/300;\" \/><noscript><img loading=\"lazy\" decoding=\"async\" width=\"300\" height=\"300\" src=\"https:\/\/msk.lodz.pl\/wp-content\/uploads\/2025\/04\/do-strony-www-1424-x-1024-px3-300x300.png\" class=\"attachment-thumblist size-thumblist wp-post-image\" alt=\"\" data-mec-postid=\"96644\" \/><\/noscript><\/noscript><\/noscript><\/noscript><\/noscript><\/div><div class=\"mec-monthly-contents\" style=\"width: calc(100% - 85px)\"><div class=\"mec-event-time mec-color\"><i class=\"mec-sl-clock-o\"><\/i> 10:30 - 11:30<\/div><h4 class=\"mec-event-title\"><a class=\"mec-color-hover\" data-event-id=\"96644\" href=\"https:\/\/msk.lodz.pl\/en\/msk\/muzykoterapia-dla-seniorow\/?occurrence=2026-04-23\" target=\"_self\" rel=\"noopener\">Muzykoterapia dla senior\u00f3w<\/a><\/h4><div class=\"mec-event-detail\">\r\n                        <div class=\"mec-event-loc-place\">MSK: D\u0105browa, Klub D\u0105browa<\/div>\r\n                        \r\n                    <\/div><\/div><div style=\"clear:both\"><\/div><\/article><\/div><div class=\"mec-calendar-events-sec\" id=\"mec-calendar-events-sec-11745-20260424\" data-mec-cell=\"20260424\" ><h6 class=\"mec-table-side-title\">Events for April<\/h6><h3 class=\"mec-color mec-table-side-day\"> 24<\/h3><article class=\"mec-event-article\"><div class=\"mec-event-detail\">No Events<\/div><\/article><\/div><div class=\"mec-calendar-events-sec\" id=\"mec-calendar-events-sec-11745-20260425\" data-mec-cell=\"20260425\" ><h6 class=\"mec-table-side-title\">Events for April<\/h6><h3 class=\"mec-color mec-table-side-day\"> 25<\/h3><article class=\"mec-event-article\"><div class=\"mec-event-detail\">No Events<\/div><\/article><\/div><div class=\"mec-calendar-events-sec\" id=\"mec-calendar-events-sec-11745-20260426\" data-mec-cell=\"20260426\" ><h6 class=\"mec-table-side-title\">Events for April<\/h6><h3 class=\"mec-color mec-table-side-day\"> 26<\/h3><article class=\"mec-past-event mec-event-article\"><div class=\"mec-event-image\"><img loading=\"lazy\" decoding=\"async\" width=\"300\" height=\"300\" data-src=\"https:\/\/msk.lodz.pl\/wp-content\/uploads\/2026\/03\/kobiety1-300x300.png\" class=\"attachment-thumblist size-thumblist wp-post-image lazyload\" alt=\"\" data-mec-postid=\"146967\" src=\"data:image\/gif;base64,R0lGODlhAQABAAAAACH5BAEKAAEALAAAAAABAAEAAAICTAEAOw==\" style=\"--smush-placeholder-width: 300px; --smush-placeholder-aspect-ratio: 300\/300;\" \/><noscript><img loading=\"lazy\" decoding=\"async\" width=\"300\" height=\"300\" data-src=\"https:\/\/msk.lodz.pl\/wp-content\/uploads\/2026\/03\/kobiety1-300x300.png\" class=\"attachment-thumblist size-thumblist wp-post-image lazyload\" alt=\"\" data-mec-postid=\"146967\" src=\"data:image\/gif;base64,R0lGODlhAQABAAAAACH5BAEKAAEALAAAAAABAAEAAAICTAEAOw==\" style=\"--smush-placeholder-width: 300px; --smush-placeholder-aspect-ratio: 300\/300;\" \/><noscript><img loading=\"lazy\" decoding=\"async\" width=\"300\" height=\"300\" data-src=\"https:\/\/msk.lodz.pl\/wp-content\/uploads\/2026\/03\/kobiety1-300x300.png\" class=\"attachment-thumblist size-thumblist wp-post-image lazyload\" alt=\"\" data-mec-postid=\"146967\" src=\"data:image\/gif;base64,R0lGODlhAQABAAAAACH5BAEKAAEALAAAAAABAAEAAAICTAEAOw==\" style=\"--smush-placeholder-width: 300px; --smush-placeholder-aspect-ratio: 300\/300;\" \/><noscript><img loading=\"lazy\" decoding=\"async\" width=\"300\" height=\"300\" data-src=\"https:\/\/msk.lodz.pl\/wp-content\/uploads\/2026\/03\/kobiety1-300x300.png\" class=\"attachment-thumblist size-thumblist wp-post-image lazyload\" alt=\"\" data-mec-postid=\"146967\" src=\"data:image\/gif;base64,R0lGODlhAQABAAAAACH5BAEKAAEALAAAAAABAAEAAAICTAEAOw==\" style=\"--smush-placeholder-width: 300px; --smush-placeholder-aspect-ratio: 300\/300;\" \/><noscript><img loading=\"lazy\" decoding=\"async\" width=\"300\" height=\"300\" data-src=\"https:\/\/msk.lodz.pl\/wp-content\/uploads\/2026\/03\/kobiety1-300x300.png\" class=\"attachment-thumblist size-thumblist wp-post-image lazyload\" alt=\"\" data-mec-postid=\"146967\" src=\"data:image\/gif;base64,R0lGODlhAQABAAAAACH5BAEKAAEALAAAAAABAAEAAAICTAEAOw==\" style=\"--smush-placeholder-width: 300px; --smush-placeholder-aspect-ratio: 300\/300;\" \/><noscript><img loading=\"lazy\" decoding=\"async\" width=\"300\" height=\"300\" src=\"https:\/\/msk.lodz.pl\/wp-content\/uploads\/2026\/03\/kobiety1-300x300.png\" class=\"attachment-thumblist size-thumblist wp-post-image\" alt=\"\" data-mec-postid=\"146967\" \/><\/noscript><\/noscript><\/noscript><\/noscript><\/noscript><\/div><div class=\"mec-monthly-contents\" style=\"width: calc(100% - 85px)\"><div class=\"mec-event-time mec-color\"><i class=\"mec-sl-clock-o\"><\/i> 23:00 - 23:55<\/div><h4 class=\"mec-event-title\"><a class=\"mec-color-hover\" data-event-id=\"146967\" href=\"https:\/\/msk.lodz.pl\/en\/msk\/kobiety-niezwykle-2026-zglos-swoja-kandydatke\/?occurrence=2026-04-26\" target=\"_self\" rel=\"noopener\">Kobiety Niezwyk\u0142e 2026 \u2013 Zg\u0142o\u015b swoj\u0105 kandydatk\u0119!<\/a><span class=\"event-color\" style=\"background: #30f2eb\"><\/span><\/h4><div class=\"mec-event-detail\">\r\n                        <div class=\"mec-event-loc-place\">MSK: D\u0105browa, Klub D\u0105browa<\/div>\r\n                        \r\n                    <\/div><\/div><div style=\"clear:both\"><\/div><\/article><\/div><div class=\"mec-calendar-events-sec\" id=\"mec-calendar-events-sec-11745-20260427\" data-mec-cell=\"20260427\" ><h6 class=\"mec-table-side-title\">Events for April<\/h6><h3 class=\"mec-color mec-table-side-day\"> 27<\/h3><article class=\"mec-past-event mec-event-article\"><div class=\"mec-event-image\"><img loading=\"lazy\" decoding=\"async\" width=\"300\" height=\"300\" data-src=\"https:\/\/msk.lodz.pl\/wp-content\/uploads\/2025\/04\/AMUZ-27-kwietnia-Zdjecie--300x300.png\" class=\"attachment-thumblist size-thumblist wp-post-image lazyload\" alt=\"MUZYKA\" data-mec-postid=\"144309\" src=\"data:image\/gif;base64,R0lGODlhAQABAAAAACH5BAEKAAEALAAAAAABAAEAAAICTAEAOw==\" style=\"--smush-placeholder-width: 300px; --smush-placeholder-aspect-ratio: 300\/300;\" \/><noscript><img loading=\"lazy\" decoding=\"async\" width=\"300\" height=\"300\" src=\"https:\/\/msk.lodz.pl\/wp-content\/uploads\/2025\/04\/AMUZ-27-kwietnia-Zdjecie--300x300.png\" class=\"attachment-thumblist size-thumblist wp-post-image\" alt=\"MUZYKA\" data-mec-postid=\"144309\" \/><\/noscript><\/div><div class=\"mec-monthly-contents\" style=\"width: calc(100% - 85px)\"><div class=\"mec-event-time mec-color\"><i class=\"mec-sl-clock-o\"><\/i> 09:00 - 20:00<\/div><h4 class=\"mec-event-title\"><a class=\"mec-color-hover\" data-event-id=\"144309\" href=\"https:\/\/msk.lodz.pl\/en\/msk\/zajecia-instrumentalne-strefa-dzwieku-iv-26-wk\/?occurrence=2026-04-27\" target=\"_self\" rel=\"noopener\">ZAJ\u0118CIA INSTRUMENTALNE- STREFA D\u0179WI\u0118KU \/\/ IV 26 \/\/ wk<\/a><\/h4><div class=\"mec-event-detail\">\r\n                        <div class=\"mec-event-loc-place\">MSK: Radogoszcz, Island of Culture Centre<\/div>\r\n                        \r\n                    <\/div><\/div><div style=\"clear:both\"><\/div><\/article><article class=\"mec-past-event mec-event-article\"><div class=\"mec-event-image\"><img loading=\"lazy\" decoding=\"async\" width=\"300\" height=\"300\" data-src=\"https:\/\/msk.lodz.pl\/wp-content\/uploads\/2024\/09\/4-1-300x300.jpg\" class=\"attachment-thumblist size-thumblist wp-post-image lazyload\" alt=\"\" data-mec-postid=\"143107\" src=\"data:image\/gif;base64,R0lGODlhAQABAAAAACH5BAEKAAEALAAAAAABAAEAAAICTAEAOw==\" style=\"--smush-placeholder-width: 300px; --smush-placeholder-aspect-ratio: 300\/300;\" \/><noscript><img loading=\"lazy\" decoding=\"async\" width=\"300\" height=\"300\" src=\"https:\/\/msk.lodz.pl\/wp-content\/uploads\/2024\/09\/4-1-300x300.jpg\" class=\"attachment-thumblist size-thumblist wp-post-image\" alt=\"\" data-mec-postid=\"143107\" \/><\/noscript><\/div><div class=\"mec-monthly-contents\" style=\"width: calc(100% - 85px)\"><div class=\"mec-event-time mec-color\"><i class=\"mec-sl-clock-o\"><\/i> 09:30 - 10:30<\/div><h4 class=\"mec-event-title\"><a class=\"mec-color-hover\" data-event-id=\"143107\" href=\"https:\/\/msk.lodz.pl\/en\/msk\/taniec-dla-seniorow-gr-1-zajecia-stale-775-209-579-353-469-466-464-722-119-844-311-962-155-965-144-562-459-348-278-686-441-615-904-501-126-472\/?occurrence=2026-04-27\" target=\"_self\" rel=\"noopener\">Taniec dla senior\u00f3w \/ gr. 1 \/\/ zaj\u0119cia sta\u0142e \/\/ IV 2026<\/a> <span class=\"mec-event-title-soldout\"><span class=\"soldout\">Sold Out<\/span><\/span> <span class=\"event-color\" style=\"background: #e14d43\"><\/span><\/h4><div class=\"mec-event-detail\">\r\n                        <div class=\"mec-event-loc-place\">MSK: Widzew Wsch\u00f3d, Dom Kultury \"502\"<\/div>\r\n                        \r\n                    <\/div><\/div><div style=\"clear:both\"><\/div><\/article><article class=\"mec-past-event mec-event-article\"><div class=\"mec-event-image\"><img loading=\"lazy\" decoding=\"async\" width=\"300\" height=\"300\" data-src=\"https:\/\/msk.lodz.pl\/wp-content\/uploads\/2026\/02\/gramy-gramy-1424-x-1042-px-300x300.jpg\" class=\"attachment-thumblist size-thumblist wp-post-image lazyload\" alt=\"\" data-mec-postid=\"145249\" src=\"data:image\/gif;base64,R0lGODlhAQABAAAAACH5BAEKAAEALAAAAAABAAEAAAICTAEAOw==\" style=\"--smush-placeholder-width: 300px; --smush-placeholder-aspect-ratio: 300\/300;\" \/><noscript><img loading=\"lazy\" decoding=\"async\" width=\"300\" height=\"300\" src=\"https:\/\/msk.lodz.pl\/wp-content\/uploads\/2026\/02\/gramy-gramy-1424-x-1042-px-300x300.jpg\" class=\"attachment-thumblist size-thumblist wp-post-image\" alt=\"\" data-mec-postid=\"145249\" \/><\/noscript><\/div><div class=\"mec-monthly-contents\" style=\"width: calc(100% - 85px)\"><div class=\"mec-event-time mec-color\"><i class=\"mec-sl-clock-o\"><\/i> 10:00 - 11:30<\/div><h4 class=\"mec-event-title\"><a class=\"mec-color-hover\" data-event-id=\"145249\" href=\"https:\/\/msk.lodz.pl\/en\/msk\/dramobajki-czytanie-performatywne-dla-przedszkolakow-894-822-899-195-246-666\/?occurrence=2026-04-27\" target=\"_self\" rel=\"noopener\">Laboratorium M\u0142odego Aktora &#8211; Warsztaty teatralne dla grup \/\/ 27.04.2026<\/a> <span class=\"mec-event-title-soldout\"><span class=\"soldout\">Sold Out<\/span><\/span> <\/h4><div class=\"mec-event-detail\">\r\n                        <div class=\"mec-event-loc-place\">MSK: \u017babieniec, RONDO Animation and Revitalisation Centre<\/div>\r\n                        \r\n                    <\/div><\/div><div style=\"clear:both\"><\/div><\/article><article class=\"mec-past-event mec-event-article\"><div class=\"mec-event-image\"><img loading=\"lazy\" decoding=\"async\" width=\"300\" height=\"300\" data-src=\"https:\/\/msk.lodz.pl\/wp-content\/uploads\/2023\/08\/358803806_248073828101247_3242508306535626117_n-300x300.jpg\" class=\"attachment-thumblist size-thumblist wp-post-image lazyload\" alt=\"\" data-mec-postid=\"88773\" src=\"data:image\/gif;base64,R0lGODlhAQABAAAAACH5BAEKAAEALAAAAAABAAEAAAICTAEAOw==\" style=\"--smush-placeholder-width: 300px; --smush-placeholder-aspect-ratio: 300\/300;\" \/><noscript><img loading=\"lazy\" decoding=\"async\" width=\"300\" height=\"300\" src=\"https:\/\/msk.lodz.pl\/wp-content\/uploads\/2023\/08\/358803806_248073828101247_3242508306535626117_n-300x300.jpg\" class=\"attachment-thumblist size-thumblist wp-post-image\" alt=\"\" data-mec-postid=\"88773\" \/><\/noscript><\/div><div class=\"mec-monthly-contents\" style=\"width: calc(100% - 85px)\"><div class=\"mec-event-time mec-color\"><i class=\"mec-sl-clock-o\"><\/i> 10:30 - 12:30<\/div><h4 class=\"mec-event-title\"><a class=\"mec-color-hover\" data-event-id=\"88773\" href=\"https:\/\/msk.lodz.pl\/en\/msk\/klub-seniora-zajecia-stale-2024-2025-466\/?occurrence=2026-04-27\" target=\"_self\" rel=\"noopener\">Klub Seniora \/\/ zaj\u0119cia sta\u0142e 2025\/2026<\/a><span class=\"event-color\" style=\"background: #a3b745\"><\/span><\/h4><div class=\"mec-event-detail\">\r\n                        <div class=\"mec-event-loc-place\">MSK: D\u0105browa, Klub D\u0105browa<\/div>\r\n                        \r\n                    <\/div><\/div><div style=\"clear:both\"><\/div><\/article><article class=\"mec-past-event mec-event-article\"><div class=\"mec-event-image\"><img loading=\"lazy\" decoding=\"async\" width=\"300\" height=\"300\" data-src=\"https:\/\/msk.lodz.pl\/wp-content\/uploads\/2024\/09\/4-1-300x300.jpg\" class=\"attachment-thumblist size-thumblist wp-post-image lazyload\" alt=\"\" data-mec-postid=\"143104\" src=\"data:image\/gif;base64,R0lGODlhAQABAAAAACH5BAEKAAEALAAAAAABAAEAAAICTAEAOw==\" style=\"--smush-placeholder-width: 300px; --smush-placeholder-aspect-ratio: 300\/300;\" \/><noscript><img loading=\"lazy\" decoding=\"async\" width=\"300\" height=\"300\" src=\"https:\/\/msk.lodz.pl\/wp-content\/uploads\/2024\/09\/4-1-300x300.jpg\" class=\"attachment-thumblist size-thumblist wp-post-image\" alt=\"\" data-mec-postid=\"143104\" \/><\/noscript><\/div><div class=\"mec-monthly-contents\" style=\"width: calc(100% - 85px)\"><div class=\"mec-event-time mec-color\"><i class=\"mec-sl-clock-o\"><\/i> 10:45 - 11:45<\/div><h4 class=\"mec-event-title\"><a class=\"mec-color-hover\" data-event-id=\"143104\" href=\"https:\/\/msk.lodz.pl\/en\/msk\/taniec-dla-seniorow-gr-1-zajecia-stale-775-209-579-353-469-466-464-722-119-844-311-962-155-965-596-531-632-725-978-252-624-451-934-221-166-277\/?occurrence=2026-04-27\" target=\"_self\" rel=\"noopener\">Taniec dla senior\u00f3w \/ gr. 2 \/\/ zaj\u0119cia sta\u0142e \/\/ IV 2026<\/a> <span class=\"mec-event-title-soldout\"><span class=\"soldout\">Sold Out<\/span><\/span> <span class=\"event-color\" style=\"background: #fdd700\"><\/span><\/h4><div class=\"mec-event-detail\">\r\n                        <div class=\"mec-event-loc-place\">MSK: Widzew Wsch\u00f3d, Dom Kultury \"502\"<\/div>\r\n                        \r\n                    <\/div><\/div><div style=\"clear:both\"><\/div><\/article><article class=\"mec-past-event mec-event-article\"><div class=\"mec-event-image\"><img loading=\"lazy\" decoding=\"async\" width=\"300\" height=\"300\" data-src=\"https:\/\/msk.lodz.pl\/wp-content\/uploads\/2026\/03\/na-emeryturze-300x300.jpg\" class=\"attachment-thumblist size-thumblist wp-post-image lazyload\" alt=\"\" data-mec-postid=\"145250\" src=\"data:image\/gif;base64,R0lGODlhAQABAAAAACH5BAEKAAEALAAAAAABAAEAAAICTAEAOw==\" style=\"--smush-placeholder-width: 300px; --smush-placeholder-aspect-ratio: 300\/300;\" \/><noscript><img loading=\"lazy\" decoding=\"async\" width=\"300\" height=\"300\" src=\"https:\/\/msk.lodz.pl\/wp-content\/uploads\/2026\/03\/na-emeryturze-300x300.jpg\" class=\"attachment-thumblist size-thumblist wp-post-image\" alt=\"\" data-mec-postid=\"145250\" \/><\/noscript><\/div><div class=\"mec-monthly-contents\" style=\"width: calc(100% - 85px)\"><div class=\"mec-event-time mec-color\"><i class=\"mec-sl-clock-o\"><\/i> 11:00 - 13:00<\/div><h4 class=\"mec-event-title\"><a class=\"mec-color-hover\" data-event-id=\"145250\" href=\"https:\/\/msk.lodz.pl\/en\/msk\/na-emeryturze-wernisaz-obrazow-haliny-tokarskiej\/?occurrence=2026-04-27\" target=\"_self\" rel=\"noopener\">\u201eNa emeryturze\u201d wernisa\u017c obraz\u00f3w Haliny Tokarskiej<\/a><\/h4><div class=\"mec-event-detail\">\r\n                        <div class=\"mec-event-loc-place\">MSK: \u017babieniec, RONDO Animation and Revitalisation Centre<\/div>\r\n                        \r\n                    <\/div><\/div><div style=\"clear:both\"><\/div><\/article><article class=\"mec-past-event mec-event-article\"><div class=\"mec-event-image\"><img loading=\"lazy\" decoding=\"async\" width=\"300\" height=\"300\" data-src=\"https:\/\/msk.lodz.pl\/wp-content\/uploads\/2023\/07\/gimnastyka-300x300.png\" class=\"attachment-thumblist size-thumblist wp-post-image lazyload\" alt=\"zdj\u0119cie przedstawia tr\u00f3jk\u0119 senior\u00f3w \u0107wicz\u0105cych gimnastyk\u0119\" data-mec-postid=\"134719\" src=\"data:image\/gif;base64,R0lGODlhAQABAAAAACH5BAEKAAEALAAAAAABAAEAAAICTAEAOw==\" style=\"--smush-placeholder-width: 300px; --smush-placeholder-aspect-ratio: 300\/300;\" \/><noscript><img loading=\"lazy\" decoding=\"async\" width=\"300\" height=\"300\" src=\"https:\/\/msk.lodz.pl\/wp-content\/uploads\/2023\/07\/gimnastyka-300x300.png\" class=\"attachment-thumblist size-thumblist wp-post-image\" alt=\"zdj\u0119cie przedstawia tr\u00f3jk\u0119 senior\u00f3w \u0107wicz\u0105cych gimnastyk\u0119\" data-mec-postid=\"134719\" \/><\/noscript><\/div><div class=\"mec-monthly-contents\" style=\"width: calc(100% - 85px)\"><div class=\"mec-event-time mec-color\"><i class=\"mec-sl-clock-o\"><\/i> 11:40 - 12:40<\/div><h4 class=\"mec-event-title\"><a class=\"mec-color-hover\" data-event-id=\"134719\" href=\"https:\/\/msk.lodz.pl\/en\/msk\/gimnastyka-60-zajecia-stale-iv-3\/?occurrence=2026-04-27&#038;time=1777290000\" target=\"_self\" rel=\"noopener\">Gimnastyka 60+ \/\/ zaj\u0119cia sta\u0142e \/\/ IV<\/a><\/h4><div class=\"mec-event-detail\">\r\n                        <div class=\"mec-event-loc-place\">Liceum Og\u00f3lnokszta\u0142c\u0105ce nr XXIII im. ks. prof. J. Tischnera<\/div>\r\n                        \r\n                    <\/div><\/div><div style=\"clear:both\"><\/div><\/article><article class=\"mec-past-event mec-event-article\"><div class=\"mec-event-image\"><img loading=\"lazy\" decoding=\"async\" width=\"300\" height=\"300\" data-src=\"https:\/\/msk.lodz.pl\/wp-content\/uploads\/2024\/09\/459335257_2575711462628858_6112247564956660639_n-300x300.jpg\" class=\"attachment-thumblist size-thumblist wp-post-image lazyload\" alt=\"\" data-mec-postid=\"109161\" src=\"data:image\/gif;base64,R0lGODlhAQABAAAAACH5BAEKAAEALAAAAAABAAEAAAICTAEAOw==\" style=\"--smush-placeholder-width: 300px; --smush-placeholder-aspect-ratio: 300\/300;\" \/><noscript><img loading=\"lazy\" decoding=\"async\" width=\"300\" height=\"300\" src=\"https:\/\/msk.lodz.pl\/wp-content\/uploads\/2024\/09\/459335257_2575711462628858_6112247564956660639_n-300x300.jpg\" class=\"attachment-thumblist size-thumblist wp-post-image\" alt=\"\" data-mec-postid=\"109161\" \/><\/noscript><\/div><div class=\"mec-monthly-contents\" style=\"width: calc(100% - 85px)\"><div class=\"mec-event-time mec-color\"><i class=\"mec-sl-clock-o\"><\/i> 12:00 - 15:00<\/div><h4 class=\"mec-event-title\"><a class=\"mec-color-hover\" data-event-id=\"109161\" href=\"https:\/\/msk.lodz.pl\/en\/msk\/gramy-w-scrabble-klub-milosnikow-gry-w-scrabble-ix-2025-vi-2026\/?occurrence=2026-04-27\" target=\"_self\" rel=\"noopener\">graMY w SCRABBLE -Klub mi\u0142o\u015bnik\u00f3w gry w scrabble \/\/ IX 2025 &#8211; VI 2026<\/a><span class=\"event-color\" style=\"background: #fdd700\"><\/span><\/h4><div class=\"mec-event-detail\">\r\n                        <div class=\"mec-event-loc-place\">MSK: Teofil\u00f3w, Lutnia Creative Centre<\/div>\r\n                        \r\n                    <\/div><\/div><div style=\"clear:both\"><\/div><\/article><article class=\"mec-past-event mec-event-article\"><div class=\"mec-event-image\"><img loading=\"lazy\" decoding=\"async\" width=\"300\" height=\"300\" data-src=\"https:\/\/msk.lodz.pl\/wp-content\/uploads\/2024\/09\/4-1-300x300.jpg\" class=\"attachment-thumblist size-thumblist wp-post-image lazyload\" alt=\"\" data-mec-postid=\"143110\" src=\"data:image\/gif;base64,R0lGODlhAQABAAAAACH5BAEKAAEALAAAAAABAAEAAAICTAEAOw==\" style=\"--smush-placeholder-width: 300px; --smush-placeholder-aspect-ratio: 300\/300;\" \/><noscript><img loading=\"lazy\" decoding=\"async\" width=\"300\" height=\"300\" src=\"https:\/\/msk.lodz.pl\/wp-content\/uploads\/2024\/09\/4-1-300x300.jpg\" class=\"attachment-thumblist size-thumblist wp-post-image\" alt=\"\" data-mec-postid=\"143110\" \/><\/noscript><\/div><div class=\"mec-monthly-contents\" style=\"width: calc(100% - 85px)\"><div class=\"mec-event-time mec-color\"><i class=\"mec-sl-clock-o\"><\/i> 12:00 - 13:00<\/div><h4 class=\"mec-event-title\"><a class=\"mec-color-hover\" data-event-id=\"143110\" href=\"https:\/\/msk.lodz.pl\/en\/msk\/taniec-dla-seniorow-gr-1-zajecia-stale-701-878-614-286-810-800-430-666-353-768-569-502-239-984-480-460-811-702-652-994-422-902-535-777-326-953-890-365-172\/?occurrence=2026-04-27\" target=\"_self\" rel=\"noopener\">Taniec dla senior\u00f3w \/ gr. 3 \/\/ zaj\u0119cia sta\u0142e \/\/ IV 2026<\/a> <span class=\"mec-event-title-soldout\"><span class=\"soldout\">Sold Out<\/span><\/span> <span class=\"event-color\" style=\"background: #e14d43\"><\/span><\/h4><div class=\"mec-event-detail\">\r\n                        <div class=\"mec-event-loc-place\">MSK: Widzew Wsch\u00f3d, Dom Kultury \"502\"<\/div>\r\n                        \r\n                    <\/div><\/div><div style=\"clear:both\"><\/div><\/article><article class=\"mec-past-event mec-event-article\"><div class=\"mec-event-image\"><img loading=\"lazy\" decoding=\"async\" width=\"300\" height=\"300\" data-src=\"https:\/\/msk.lodz.pl\/wp-content\/uploads\/2023\/07\/www-16-1-300x300.png\" class=\"attachment-thumblist size-thumblist wp-post-image lazyload\" alt=\"\" data-mec-postid=\"144881\" src=\"data:image\/gif;base64,R0lGODlhAQABAAAAACH5BAEKAAEALAAAAAABAAEAAAICTAEAOw==\" style=\"--smush-placeholder-width: 300px; --smush-placeholder-aspect-ratio: 300\/300;\" \/><noscript><img loading=\"lazy\" decoding=\"async\" width=\"300\" height=\"300\" src=\"https:\/\/msk.lodz.pl\/wp-content\/uploads\/2023\/07\/www-16-1-300x300.png\" class=\"attachment-thumblist size-thumblist wp-post-image\" alt=\"\" data-mec-postid=\"144881\" \/><\/noscript><\/div><div class=\"mec-monthly-contents\" style=\"width: calc(100% - 85px)\"><div class=\"mec-event-time mec-color\"><i class=\"mec-sl-clock-o\"><\/i> 12:00 - 19:00<\/div><h4 class=\"mec-event-title\"><a class=\"mec-color-hover\" data-event-id=\"144881\" href=\"https:\/\/msk.lodz.pl\/en\/msk\/nauka-gry-kwiecien2026\/?occurrence=2026-04-27\" target=\"_self\" rel=\"noopener\">Nauka gry na gitarze klasycznej, elektrycznej, pianinie \/\/ zaj\u0119cia indywidualne \/\/ O\u015brodek G\u00f3rna \/\/ Kwiecie\u0144 2026<\/a><span class=\"event-color\" style=\"background: #e14d43\"><\/span><\/h4><div class=\"mec-event-detail\">\r\n                        <div class=\"mec-event-loc-place\">MSK: Upper, Upper Centre<\/div>\r\n                        \r\n                    <\/div><\/div><div style=\"clear:both\"><\/div><\/article><article class=\"mec-past-event mec-event-article\"><div class=\"mec-event-image\"><img loading=\"lazy\" decoding=\"async\" width=\"300\" height=\"300\" data-src=\"https:\/\/msk.lodz.pl\/wp-content\/uploads\/2026\/03\/www-kategorie-zajeciawydarzenia-6-300x300.png\" class=\"attachment-thumblist size-thumblist wp-post-image lazyload\" alt=\"\" data-mec-postid=\"145483\" src=\"data:image\/gif;base64,R0lGODlhAQABAAAAACH5BAEKAAEALAAAAAABAAEAAAICTAEAOw==\" style=\"--smush-placeholder-width: 300px; --smush-placeholder-aspect-ratio: 300\/300;\" \/><noscript><img loading=\"lazy\" decoding=\"async\" width=\"300\" height=\"300\" src=\"https:\/\/msk.lodz.pl\/wp-content\/uploads\/2026\/03\/www-kategorie-zajeciawydarzenia-6-300x300.png\" class=\"attachment-thumblist size-thumblist wp-post-image\" alt=\"\" data-mec-postid=\"145483\" \/><\/noscript><\/div><div class=\"mec-monthly-contents\" style=\"width: calc(100% - 85px)\"><div class=\"mec-event-time mec-color\"><i class=\"mec-sl-clock-o\"><\/i> 12:00 - 14:00<\/div><h4 class=\"mec-event-title\"><a class=\"mec-color-hover\" data-event-id=\"145483\" href=\"https:\/\/msk.lodz.pl\/en\/msk\/zwiedzanie-wydarzenie-2\/?occurrence=2026-04-27\" target=\"_self\" rel=\"noopener\">ZWIEDZANIE \/\/ wydarzenie<\/a><span class=\"event-color\" style=\"background: #fdd700\"><\/span><\/h4><div class=\"mec-event-detail\">\r\n                        <div class=\"mec-event-loc-place\">MSK: Teofil\u00f3w, Lutnia Creative Centre<\/div>\r\n                        \r\n                    <\/div><\/div><div style=\"clear:both\"><\/div><\/article><article class=\"mec-past-event mec-event-article\"><div class=\"mec-event-image\"><img loading=\"lazy\" decoding=\"async\" width=\"300\" height=\"300\" data-src=\"https:\/\/msk.lodz.pl\/wp-content\/uploads\/2024\/12\/www-kategorie-zajeciawydarzenia9-300x300.png\" class=\"attachment-thumblist size-thumblist wp-post-image lazyload\" alt=\"\" data-mec-postid=\"145646\" src=\"data:image\/gif;base64,R0lGODlhAQABAAAAACH5BAEKAAEALAAAAAABAAEAAAICTAEAOw==\" style=\"--smush-placeholder-width: 300px; --smush-placeholder-aspect-ratio: 300\/300;\" \/><noscript><img loading=\"lazy\" decoding=\"async\" width=\"300\" height=\"300\" data-src=\"https:\/\/msk.lodz.pl\/wp-content\/uploads\/2024\/12\/www-kategorie-zajeciawydarzenia9-300x300.png\" class=\"attachment-thumblist size-thumblist wp-post-image lazyload\" alt=\"\" data-mec-postid=\"145646\" src=\"data:image\/gif;base64,R0lGODlhAQABAAAAACH5BAEKAAEALAAAAAABAAEAAAICTAEAOw==\" style=\"--smush-placeholder-width: 300px; --smush-placeholder-aspect-ratio: 300\/300;\" \/><noscript><img loading=\"lazy\" decoding=\"async\" width=\"300\" height=\"300\" src=\"https:\/\/msk.lodz.pl\/wp-content\/uploads\/2024\/12\/www-kategorie-zajeciawydarzenia9-300x300.png\" class=\"attachment-thumblist size-thumblist wp-post-image\" alt=\"\" data-mec-postid=\"145646\" \/><\/noscript><\/noscript><\/div><div class=\"mec-monthly-contents\" style=\"width: calc(100% - 85px)\"><div class=\"mec-event-time mec-color\"><i class=\"mec-sl-clock-o\"><\/i> 12:30 - 13:30<\/div><h4 class=\"mec-event-title\"><a class=\"mec-color-hover\" data-event-id=\"145646\" href=\"https:\/\/msk.lodz.pl\/en\/msk\/grupa-taneczna-cheerleaderki-60-karolew-zajecia-stale-i-824-266-110-508-132-394-534-510\/?occurrence=2026-04-27\" target=\"_self\" rel=\"noopener\">Grupa taneczna Cheerleaderki 60+\/Karolew\/zaj\u0119cia sta\u0142e\/kwiecie\u0144 2026<\/a><\/h4><div class=\"mec-event-detail\">\r\n                        <div class=\"mec-event-loc-place\">MSK: Karolew, Karolew Centre<\/div>\r\n                        \r\n                    <\/div><\/div><div style=\"clear:both\"><\/div><\/article><article class=\"mec-past-event mec-event-article\"><div class=\"mec-event-image\"><img loading=\"lazy\" decoding=\"async\" width=\"300\" height=\"300\" data-src=\"https:\/\/msk.lodz.pl\/wp-content\/uploads\/2025\/11\/mowie-swiadomie-senior-300x300.jpg\" class=\"attachment-thumblist size-thumblist wp-post-image lazyload\" alt=\"\" data-mec-postid=\"145156\" src=\"data:image\/gif;base64,R0lGODlhAQABAAAAACH5BAEKAAEALAAAAAABAAEAAAICTAEAOw==\" style=\"--smush-placeholder-width: 300px; --smush-placeholder-aspect-ratio: 300\/300;\" \/><noscript><img loading=\"lazy\" decoding=\"async\" width=\"300\" height=\"300\" src=\"https:\/\/msk.lodz.pl\/wp-content\/uploads\/2025\/11\/mowie-swiadomie-senior-300x300.jpg\" class=\"attachment-thumblist size-thumblist wp-post-image\" alt=\"\" data-mec-postid=\"145156\" \/><\/noscript><\/div><div class=\"mec-monthly-contents\" style=\"width: calc(100% - 85px)\"><div class=\"mec-event-time mec-color\"><i class=\"mec-sl-clock-o\"><\/i> 13:00 - 14:00<\/div><h4 class=\"mec-event-title\"><a class=\"mec-color-hover\" data-event-id=\"145156\" href=\"https:\/\/msk.lodz.pl\/en\/msk\/pracownia-teatru-i-mowy-mowie-swiadomie-13-854-493-215-377-412-778-370-788\/?occurrence=2026-04-27\" target=\"_self\" rel=\"noopener\">M\u00f3wi\u0119 \u015awiadomie &#8211; teatralna praca ze s\u0142owem. Zaj\u0119cia dla doros\u0142ych \/\/ kwiecie\u0144 2026<\/a><\/h4><div class=\"mec-event-detail\">\r\n                        <div class=\"mec-event-loc-place\">MSK: \u017babieniec, RONDO Animation and Revitalisation Centre<\/div>\r\n                        \r\n                    <\/div><\/div><div style=\"clear:both\"><\/div><\/article><article class=\"mec-past-event mec-event-article\"><div class=\"mec-event-image\"><img loading=\"lazy\" decoding=\"async\" width=\"300\" height=\"300\" data-src=\"https:\/\/msk.lodz.pl\/wp-content\/uploads\/2025\/10\/MUZYKA-300x300.png\" class=\"attachment-thumblist size-thumblist wp-post-image lazyload\" alt=\"\" data-mec-postid=\"147979\" src=\"data:image\/gif;base64,R0lGODlhAQABAAAAACH5BAEKAAEALAAAAAABAAEAAAICTAEAOw==\" style=\"--smush-placeholder-width: 300px; --smush-placeholder-aspect-ratio: 300\/300;\" \/><noscript><img loading=\"lazy\" decoding=\"async\" width=\"300\" height=\"300\" data-src=\"https:\/\/msk.lodz.pl\/wp-content\/uploads\/2025\/10\/MUZYKA-300x300.png\" class=\"attachment-thumblist size-thumblist wp-post-image lazyload\" alt=\"\" data-mec-postid=\"147979\" src=\"data:image\/gif;base64,R0lGODlhAQABAAAAACH5BAEKAAEALAAAAAABAAEAAAICTAEAOw==\" style=\"--smush-placeholder-width: 300px; --smush-placeholder-aspect-ratio: 300\/300;\" \/><noscript><img loading=\"lazy\" decoding=\"async\" width=\"300\" height=\"300\" src=\"https:\/\/msk.lodz.pl\/wp-content\/uploads\/2025\/10\/MUZYKA-300x300.png\" class=\"attachment-thumblist size-thumblist wp-post-image\" alt=\"\" data-mec-postid=\"147979\" \/><\/noscript><\/noscript><\/div><div class=\"mec-monthly-contents\" style=\"width: calc(100% - 85px)\"><div class=\"mec-event-time mec-color\"><i class=\"mec-sl-clock-o\"><\/i> 13:00 - 18:00<\/div><h4 class=\"mec-event-title\"><a class=\"mec-color-hover\" data-event-id=\"147979\" href=\"https:\/\/msk.lodz.pl\/en\/msk\/nauka-gry-na-pianinie-emisja-glosu-146-483-487-300-814-204-154-575-241-681-730-426-220-961-564-419\/?occurrence=2026-04-27\" target=\"_self\" rel=\"noopener\">Nauka gry na gitarze &#8211; zaj\u0119cia indywidualne \/ zaj\u0119cia sta\u0142e\/\/ IV 2026<\/a><span class=\"event-color\" style=\"background: #fdd700\"><\/span><\/h4><div class=\"mec-event-detail\">\r\n                        <div class=\"mec-event-loc-place\">MSK: Widzew Wsch\u00f3d, Dom Kultury \"502\"<\/div>\r\n                        \r\n                    <\/div><\/div><div style=\"clear:both\"><\/div><\/article><article class=\"mec-past-event mec-event-article\"><div class=\"mec-event-image\"><img loading=\"lazy\" decoding=\"async\" width=\"300\" height=\"300\" data-src=\"https:\/\/msk.lodz.pl\/wp-content\/uploads\/2023\/09\/www-kategorie-zajeciawydarzenia-5-300x300.jpg\" class=\"attachment-thumblist size-thumblist wp-post-image lazyload\" alt=\"\" data-mec-postid=\"145639\" src=\"data:image\/gif;base64,R0lGODlhAQABAAAAACH5BAEKAAEALAAAAAABAAEAAAICTAEAOw==\" style=\"--smush-placeholder-width: 300px; --smush-placeholder-aspect-ratio: 300\/300;\" \/><noscript><img loading=\"lazy\" decoding=\"async\" width=\"300\" height=\"300\" src=\"https:\/\/msk.lodz.pl\/wp-content\/uploads\/2023\/09\/www-kategorie-zajeciawydarzenia-5-300x300.jpg\" class=\"attachment-thumblist size-thumblist wp-post-image\" alt=\"\" data-mec-postid=\"145639\" \/><\/noscript><\/div><div class=\"mec-monthly-contents\" style=\"width: calc(100% - 85px)\"><div class=\"mec-event-time mec-color\"><i class=\"mec-sl-clock-o\"><\/i> 13:30 - 15:00<\/div><h4 class=\"mec-event-title\"><a class=\"mec-color-hover\" data-event-id=\"145639\" href=\"https:\/\/msk.lodz.pl\/en\/msk\/chor-seniora-karolinki-zajecia-stale-919-613-517-698-816-223-767-185-274-286-254-356-880\/?occurrence=2026-04-27\" target=\"_self\" rel=\"noopener\">Ch\u00f3r seniora &#8222;Karolinki&#8221; \/Karolew\/zaj\u0119cia sta\u0142e\/kwiecie\u0144 2026<\/a><span class=\"event-color\" style=\"background: #e14d43\"><\/span><\/h4><div class=\"mec-event-detail\">\r\n                        <div class=\"mec-event-loc-place\">MSK: Karolew, Karolew Centre<\/div>\r\n                        \r\n                    <\/div><\/div><div style=\"clear:both\"><\/div><\/article><article class=\"mec-past-event mec-event-article\"><div class=\"mec-event-image\"><img loading=\"lazy\" decoding=\"async\" width=\"300\" height=\"300\" data-src=\"https:\/\/msk.lodz.pl\/wp-content\/uploads\/2025\/08\/RYSUNE-300x300.png\" class=\"attachment-thumblist size-thumblist wp-post-image lazyload\" alt=\"\" data-mec-postid=\"146315\" src=\"data:image\/gif;base64,R0lGODlhAQABAAAAACH5BAEKAAEALAAAAAABAAEAAAICTAEAOw==\" style=\"--smush-placeholder-width: 300px; --smush-placeholder-aspect-ratio: 300\/300;\" \/><noscript><img loading=\"lazy\" decoding=\"async\" width=\"300\" height=\"300\" data-src=\"https:\/\/msk.lodz.pl\/wp-content\/uploads\/2025\/08\/RYSUNE-300x300.png\" class=\"attachment-thumblist size-thumblist wp-post-image lazyload\" alt=\"\" data-mec-postid=\"146315\" src=\"data:image\/gif;base64,R0lGODlhAQABAAAAACH5BAEKAAEALAAAAAABAAEAAAICTAEAOw==\" style=\"--smush-placeholder-width: 300px; --smush-placeholder-aspect-ratio: 300\/300;\" \/><noscript><img loading=\"lazy\" decoding=\"async\" width=\"300\" height=\"300\" src=\"https:\/\/msk.lodz.pl\/wp-content\/uploads\/2025\/08\/RYSUNE-300x300.png\" class=\"attachment-thumblist size-thumblist wp-post-image\" alt=\"\" data-mec-postid=\"146315\" \/><\/noscript><\/noscript><\/div><div class=\"mec-monthly-contents\" style=\"width: calc(100% - 85px)\"><div class=\"mec-event-time mec-color\"><i class=\"mec-sl-clock-o\"><\/i> 14:00 - 15:00<\/div><h4 class=\"mec-event-title\"><a class=\"mec-color-hover\" data-event-id=\"146315\" href=\"https:\/\/msk.lodz.pl\/en\/msk\/magiczny-krag-warsztaty-taneczne-dla-seniorow-zajecia-stale-kwiecien-2026\/?occurrence=2026-04-27\" target=\"_self\" rel=\"noopener\">MAGICZNY KR\u0104G warsztaty taneczne dla senior\u00f3w \/ zaj\u0119cia sta\u0142e \/ kwiecie\u0144 2026<\/a><span class=\"event-color\" style=\"background: #fdd700\"><\/span><\/h4><div class=\"mec-event-detail\">\r\n                        <div class=\"mec-event-loc-place\">MSK: Chojny, Youth Cultural Centre<\/div>\r\n                        \r\n                    <\/div><\/div><div style=\"clear:both\"><\/div><\/article><article class=\"mec-past-event mec-event-article\"><div class=\"mec-event-image\"><img loading=\"lazy\" decoding=\"async\" width=\"300\" height=\"300\" data-src=\"https:\/\/msk.lodz.pl\/wp-content\/uploads\/2023\/07\/20-300x300.png\" class=\"attachment-thumblist size-thumblist wp-post-image lazyload\" alt=\"D\u0142onie graj\u0105ce na pianinie\" data-mec-postid=\"144685\" src=\"data:image\/gif;base64,R0lGODlhAQABAAAAACH5BAEKAAEALAAAAAABAAEAAAICTAEAOw==\" style=\"--smush-placeholder-width: 300px; --smush-placeholder-aspect-ratio: 300\/300;\" \/><noscript><img loading=\"lazy\" decoding=\"async\" width=\"300\" height=\"300\" src=\"https:\/\/msk.lodz.pl\/wp-content\/uploads\/2023\/07\/20-300x300.png\" class=\"attachment-thumblist size-thumblist wp-post-image\" alt=\"D\u0142onie graj\u0105ce na pianinie\" data-mec-postid=\"144685\" \/><\/noscript><\/div><div class=\"mec-monthly-contents\" style=\"width: calc(100% - 85px)\"><div class=\"mec-event-time mec-color\"><i class=\"mec-sl-clock-o\"><\/i> 14:30 - 18:00<\/div><h4 class=\"mec-event-title\"><a class=\"mec-color-hover\" data-event-id=\"144685\" href=\"https:\/\/msk.lodz.pl\/en\/msk\/nauka-gry-na-pianinie-zajecia-stale-i-3-654-459-609-993-808-958-500-272-683-621-400-206\/?occurrence=2026-04-27\" target=\"_self\" rel=\"noopener\">Nauka gry na pianinie \/\/ zaj\u0119cia sta\u0142e \/\/ \/\/ D\u0105browa \/\/ kwiecie\u0144 2026<\/a><\/h4><div class=\"mec-event-detail\">\r\n                        <div class=\"mec-event-loc-place\">MSK: D\u0105browa, Klub D\u0105browa<\/div>\r\n                        \r\n                    <\/div><\/div><div style=\"clear:both\"><\/div><\/article><article class=\"mec-past-event mec-event-article\"><div class=\"mec-event-image\"><img loading=\"lazy\" decoding=\"async\" width=\"300\" height=\"300\" data-src=\"https:\/\/msk.lodz.pl\/wp-content\/uploads\/2023\/08\/Studio-Maestro-wtorek-14.30--300x300.png\" class=\"attachment-thumblist size-thumblist wp-post-image lazyload\" alt=\"\" data-mec-postid=\"141717\" src=\"data:image\/gif;base64,R0lGODlhAQABAAAAACH5BAEKAAEALAAAAAABAAEAAAICTAEAOw==\" style=\"--smush-placeholder-width: 300px; --smush-placeholder-aspect-ratio: 300\/300;\" \/><noscript><img loading=\"lazy\" decoding=\"async\" width=\"300\" height=\"300\" data-src=\"https:\/\/msk.lodz.pl\/wp-content\/uploads\/2023\/08\/Studio-Maestro-wtorek-14.30--300x300.png\" class=\"attachment-thumblist size-thumblist wp-post-image lazyload\" alt=\"\" data-mec-postid=\"141717\" src=\"data:image\/gif;base64,R0lGODlhAQABAAAAACH5BAEKAAEALAAAAAABAAEAAAICTAEAOw==\" style=\"--smush-placeholder-width: 300px; --smush-placeholder-aspect-ratio: 300\/300;\" \/><noscript><img loading=\"lazy\" decoding=\"async\" width=\"300\" height=\"300\" src=\"https:\/\/msk.lodz.pl\/wp-content\/uploads\/2023\/08\/Studio-Maestro-wtorek-14.30--300x300.png\" class=\"attachment-thumblist size-thumblist wp-post-image\" alt=\"\" data-mec-postid=\"141717\" \/><\/noscript><\/noscript><\/div><div class=\"mec-monthly-contents\" style=\"width: calc(100% - 85px)\"><div class=\"mec-event-time mec-color\"><i class=\"mec-sl-clock-o\"><\/i> 15:00 - 19:00<\/div><h4 class=\"mec-event-title\"><a class=\"mec-color-hover\" data-event-id=\"141717\" href=\"https:\/\/msk.lodz.pl\/en\/msk\/studio-maestro-zajecia-stale-pazdziernik-2025-744\/?occurrence=2026-04-27\" target=\"_self\" rel=\"noopener\">STUDIO MAESTRO+ \/\/ZAJ\u0118CIA STA\u0141E\/\/ MARZEC-CZERWIEC 2026<\/a><span class=\"event-color\" style=\"background: #a3b745\"><\/span><\/h4><div class=\"mec-event-detail\">\r\n                        <div class=\"mec-event-loc-place\">MSK: \u017bubard\u017a, Cultural Education Centre on \u017bubardzka Street<\/div>\r\n                        \r\n                    <\/div><\/div><div style=\"clear:both\"><\/div><\/article><article class=\"mec-past-event mec-event-article\"><div class=\"mec-event-image\"><img loading=\"lazy\" decoding=\"async\" width=\"300\" height=\"300\" data-src=\"https:\/\/msk.lodz.pl\/wp-content\/uploads\/2023\/07\/www-15-1-300x300.png\" class=\"attachment-thumblist size-thumblist wp-post-image lazyload\" alt=\"\" data-mec-postid=\"144876\" src=\"data:image\/gif;base64,R0lGODlhAQABAAAAACH5BAEKAAEALAAAAAABAAEAAAICTAEAOw==\" style=\"--smush-placeholder-width: 300px; --smush-placeholder-aspect-ratio: 300\/300;\" \/><noscript><img loading=\"lazy\" decoding=\"async\" width=\"300\" height=\"300\" data-src=\"https:\/\/msk.lodz.pl\/wp-content\/uploads\/2023\/07\/www-15-1-300x300.png\" class=\"attachment-thumblist size-thumblist wp-post-image lazyload\" alt=\"\" data-mec-postid=\"144876\" src=\"data:image\/gif;base64,R0lGODlhAQABAAAAACH5BAEKAAEALAAAAAABAAEAAAICTAEAOw==\" style=\"--smush-placeholder-width: 300px; --smush-placeholder-aspect-ratio: 300\/300;\" \/><noscript><img loading=\"lazy\" decoding=\"async\" width=\"300\" height=\"300\" src=\"https:\/\/msk.lodz.pl\/wp-content\/uploads\/2023\/07\/www-15-1-300x300.png\" class=\"attachment-thumblist size-thumblist wp-post-image\" alt=\"\" data-mec-postid=\"144876\" \/><\/noscript><\/noscript><\/div><div class=\"mec-monthly-contents\" style=\"width: calc(100% - 85px)\"><div class=\"mec-event-time mec-color\"><i class=\"mec-sl-clock-o\"><\/i> 15:00 - 19:00<\/div><h4 class=\"mec-event-title\"><a class=\"mec-color-hover\" data-event-id=\"144876\" href=\"https:\/\/msk.lodz.pl\/en\/msk\/realizacja-dzwieku-kwiecien2026\/?occurrence=2026-04-27\" target=\"_self\" rel=\"noopener\">Realizacja d\u017awi\u0119ku (Studio Nagra\u0144) \/\/ zaj\u0119cia indywidualne \/\/ O\u015brodek G\u00f3rna \/\/ Kwiecie\u0144 2026<\/a><span class=\"event-color\" style=\"background: #00a0d2\"><\/span><\/h4><div class=\"mec-event-detail\">\r\n                        <div class=\"mec-event-loc-place\">MSK: Upper, Upper Centre<\/div>\r\n                        \r\n                    <\/div><\/div><div style=\"clear:both\"><\/div><\/article><article class=\"mec-past-event mec-event-article\"><div class=\"mec-event-image\"><img loading=\"lazy\" decoding=\"async\" width=\"300\" height=\"300\" data-src=\"https:\/\/msk.lodz.pl\/wp-content\/uploads\/2023\/08\/364213806_6386027864847001_262939063755503364_n-300x300.jpg\" class=\"attachment-thumblist size-thumblist wp-post-image lazyload\" alt=\"\" data-mec-postid=\"145773\" src=\"data:image\/gif;base64,R0lGODlhAQABAAAAACH5BAEKAAEALAAAAAABAAEAAAICTAEAOw==\" style=\"--smush-placeholder-width: 300px; --smush-placeholder-aspect-ratio: 300\/300;\" \/><noscript><img loading=\"lazy\" decoding=\"async\" width=\"300\" height=\"300\" data-src=\"https:\/\/msk.lodz.pl\/wp-content\/uploads\/2023\/08\/364213806_6386027864847001_262939063755503364_n-300x300.jpg\" class=\"attachment-thumblist size-thumblist wp-post-image lazyload\" alt=\"\" data-mec-postid=\"145773\" src=\"data:image\/gif;base64,R0lGODlhAQABAAAAACH5BAEKAAEALAAAAAABAAEAAAICTAEAOw==\" style=\"--smush-placeholder-width: 300px; --smush-placeholder-aspect-ratio: 300\/300;\" \/><noscript><img loading=\"lazy\" decoding=\"async\" width=\"300\" height=\"300\" src=\"https:\/\/msk.lodz.pl\/wp-content\/uploads\/2023\/08\/364213806_6386027864847001_262939063755503364_n-300x300.jpg\" class=\"attachment-thumblist size-thumblist wp-post-image\" alt=\"\" data-mec-postid=\"145773\" \/><\/noscript><\/noscript><\/div><div class=\"mec-monthly-contents\" style=\"width: calc(100% - 85px)\"><div class=\"mec-event-time mec-color\"><i class=\"mec-sl-clock-o\"><\/i> 15:00 - 20:00<\/div><h4 class=\"mec-event-title\"><a class=\"mec-color-hover\" data-event-id=\"145773\" href=\"https:\/\/msk.lodz.pl\/en\/msk\/studio-piosenki-melange-zajecia-stale-iv-2\/?occurrence=2026-04-27\" target=\"_self\" rel=\"noopener\">Studio Piosenki MELANGE \/\/ zaj\u0119cia sta\u0142e \/\/ IV<\/a><span class=\"event-color\" style=\"background: #e14d43\"><\/span><\/h4><div class=\"mec-event-detail\">\r\n                        <div class=\"mec-event-loc-place\">MSK: Teofil\u00f3w, Lutnia Creative Centre<\/div>\r\n                        \r\n                    <\/div><\/div><div style=\"clear:both\"><\/div><\/article><article class=\"mec-past-event mec-event-article\"><div class=\"mec-event-image\"><img loading=\"lazy\" decoding=\"async\" width=\"300\" height=\"300\" data-src=\"https:\/\/msk.lodz.pl\/wp-content\/uploads\/2023\/07\/MSK-Zubardz-na-www-7-300x300.png\" class=\"attachment-thumblist size-thumblist wp-post-image lazyload\" alt=\"\" data-mec-postid=\"145928\" src=\"data:image\/gif;base64,R0lGODlhAQABAAAAACH5BAEKAAEALAAAAAABAAEAAAICTAEAOw==\" style=\"--smush-placeholder-width: 300px; --smush-placeholder-aspect-ratio: 300\/300;\" \/><noscript><img loading=\"lazy\" decoding=\"async\" width=\"300\" height=\"300\" data-src=\"https:\/\/msk.lodz.pl\/wp-content\/uploads\/2023\/07\/MSK-Zubardz-na-www-7-300x300.png\" class=\"attachment-thumblist size-thumblist wp-post-image lazyload\" alt=\"\" data-mec-postid=\"145928\" src=\"data:image\/gif;base64,R0lGODlhAQABAAAAACH5BAEKAAEALAAAAAABAAEAAAICTAEAOw==\" style=\"--smush-placeholder-width: 300px; --smush-placeholder-aspect-ratio: 300\/300;\" \/><noscript><img loading=\"lazy\" decoding=\"async\" width=\"300\" height=\"300\" src=\"https:\/\/msk.lodz.pl\/wp-content\/uploads\/2023\/07\/MSK-Zubardz-na-www-7-300x300.png\" class=\"attachment-thumblist size-thumblist wp-post-image\" alt=\"\" data-mec-postid=\"145928\" \/><\/noscript><\/noscript><\/div><div class=\"mec-monthly-contents\" style=\"width: calc(100% - 85px)\"><div class=\"mec-event-time mec-color\"><i class=\"mec-sl-clock-o\"><\/i> 15:00 - 20:00<\/div><h4 class=\"mec-event-title\"><a class=\"mec-color-hover\" data-event-id=\"145928\" href=\"https:\/\/msk.lodz.pl\/en\/msk\/nauka-gry-na-gitarze-zajecia-stale-284-743-495-605-957-220-463\/?occurrence=2026-04-27\" target=\"_self\" rel=\"noopener\">NAUKA GRY NA GITARZE \/\/ ZAJ\u0118CIA STA\u0141E\/\/KWIECIE\u0143 2026<\/a><span class=\"event-color\" style=\"background: #e14d43\"><\/span><\/h4><div class=\"mec-event-detail\">\r\n                        <div class=\"mec-event-loc-place\">MSK: \u017bubard\u017a, Cultural Education Centre on \u017bubardzka Street<\/div>\r\n                        \r\n                    <\/div><\/div><div style=\"clear:both\"><\/div><\/article><article class=\"mec-past-event mec-event-article\"><div class=\"mec-event-image\"><img loading=\"lazy\" decoding=\"async\" width=\"300\" height=\"300\" data-src=\"https:\/\/msk.lodz.pl\/wp-content\/uploads\/2024\/08\/Kopia-Kopia-Kopia-31-300x300.png\" class=\"attachment-thumblist size-thumblist wp-post-image lazyload\" alt=\"\" data-mec-postid=\"145929\" src=\"data:image\/gif;base64,R0lGODlhAQABAAAAACH5BAEKAAEALAAAAAABAAEAAAICTAEAOw==\" style=\"--smush-placeholder-width: 300px; --smush-placeholder-aspect-ratio: 300\/300;\" \/><noscript><img loading=\"lazy\" decoding=\"async\" width=\"300\" height=\"300\" src=\"https:\/\/msk.lodz.pl\/wp-content\/uploads\/2024\/08\/Kopia-Kopia-Kopia-31-300x300.png\" class=\"attachment-thumblist size-thumblist wp-post-image\" alt=\"\" data-mec-postid=\"145929\" \/><\/noscript><\/div><div class=\"mec-monthly-contents\" style=\"width: calc(100% - 85px)\"><div class=\"mec-event-time mec-color\"><i class=\"mec-sl-clock-o\"><\/i> 15:00 - 16:00<\/div><h4 class=\"mec-event-title\"><a class=\"mec-color-hover\" data-event-id=\"145929\" href=\"https:\/\/msk.lodz.pl\/en\/msk\/joga-na-krzeselku-zajecia-stale-vi-186-393-785-856-963-822-149-720-250-995-451\/?occurrence=2026-04-27\" target=\"_self\" rel=\"noopener\">JOGA NA KRZESE\u0141KU \/\/ ZAJ\u0118CIA STA\u0141E \/\/KWIECIE\u0143 2026<\/a><span class=\"event-color\" style=\"background: #fdd700\"><\/span><\/h4><div class=\"mec-event-detail\">\r\n                        <div class=\"mec-event-loc-place\">MSK: \u017bubard\u017a, Cultural Education Centre on \u017bubardzka Street<\/div>\r\n                        \r\n                    <\/div><\/div><div style=\"clear:both\"><\/div><\/article><article class=\"mec-past-event mec-event-article\"><div class=\"mec-event-image\"><img loading=\"lazy\" decoding=\"async\" width=\"300\" height=\"300\" data-src=\"https:\/\/msk.lodz.pl\/wp-content\/uploads\/2023\/07\/MSK-Zubardz-na-www-7-300x300.png\" class=\"attachment-thumblist size-thumblist wp-post-image lazyload\" alt=\"\" data-mec-postid=\"145931\" src=\"data:image\/gif;base64,R0lGODlhAQABAAAAACH5BAEKAAEALAAAAAABAAEAAAICTAEAOw==\" style=\"--smush-placeholder-width: 300px; --smush-placeholder-aspect-ratio: 300\/300;\" \/><noscript><img loading=\"lazy\" decoding=\"async\" width=\"300\" height=\"300\" data-src=\"https:\/\/msk.lodz.pl\/wp-content\/uploads\/2023\/07\/MSK-Zubardz-na-www-7-300x300.png\" class=\"attachment-thumblist size-thumblist wp-post-image lazyload\" alt=\"\" data-mec-postid=\"145931\" src=\"data:image\/gif;base64,R0lGODlhAQABAAAAACH5BAEKAAEALAAAAAABAAEAAAICTAEAOw==\" style=\"--smush-placeholder-width: 300px; --smush-placeholder-aspect-ratio: 300\/300;\" \/><noscript><img loading=\"lazy\" decoding=\"async\" width=\"300\" height=\"300\" src=\"https:\/\/msk.lodz.pl\/wp-content\/uploads\/2023\/07\/MSK-Zubardz-na-www-7-300x300.png\" class=\"attachment-thumblist size-thumblist wp-post-image\" alt=\"\" data-mec-postid=\"145931\" \/><\/noscript><\/noscript><\/div><div class=\"mec-monthly-contents\" style=\"width: calc(100% - 85px)\"><div class=\"mec-event-time mec-color\"><i class=\"mec-sl-clock-o\"><\/i> 15:00 - 20:00<\/div><h4 class=\"mec-event-title\"><a class=\"mec-color-hover\" data-event-id=\"145931\" href=\"https:\/\/msk.lodz.pl\/en\/msk\/nauka-gry-na-ukulele-zajecia-stale-wrzesien-2025-239-378-888-127-412-124-253\/?occurrence=2026-04-27\" target=\"_self\" rel=\"noopener\">NAUKA GRY NA UKULELE \/\/ ZAJ\u0118CIA STA\u0141E\/\/ KWIECIE\u0143 2026<\/a><span class=\"event-color\" style=\"background: #e14d43\"><\/span><\/h4><div class=\"mec-event-detail\">\r\n                        <div class=\"mec-event-loc-place\">MSK: \u017bubard\u017a, Cultural Education Centre on \u017bubardzka Street<\/div>\r\n                        \r\n                    <\/div><\/div><div style=\"clear:both\"><\/div><\/article><article class=\"mec-past-event mec-event-article\"><div class=\"mec-event-image\"><img loading=\"lazy\" decoding=\"async\" width=\"300\" height=\"300\" data-src=\"https:\/\/msk.lodz.pl\/wp-content\/uploads\/2024\/02\/perkusja--300x300.png\" class=\"attachment-thumblist size-thumblist wp-post-image lazyload\" alt=\"\" data-mec-postid=\"145936\" src=\"data:image\/gif;base64,R0lGODlhAQABAAAAACH5BAEKAAEALAAAAAABAAEAAAICTAEAOw==\" style=\"--smush-placeholder-width: 300px; --smush-placeholder-aspect-ratio: 300\/300;\" \/><noscript><img loading=\"lazy\" decoding=\"async\" width=\"300\" height=\"300\" data-src=\"https:\/\/msk.lodz.pl\/wp-content\/uploads\/2024\/02\/perkusja--300x300.png\" class=\"attachment-thumblist size-thumblist wp-post-image lazyload\" alt=\"\" data-mec-postid=\"145936\" src=\"data:image\/gif;base64,R0lGODlhAQABAAAAACH5BAEKAAEALAAAAAABAAEAAAICTAEAOw==\" style=\"--smush-placeholder-width: 300px; --smush-placeholder-aspect-ratio: 300\/300;\" \/><noscript><img loading=\"lazy\" decoding=\"async\" width=\"300\" height=\"300\" src=\"https:\/\/msk.lodz.pl\/wp-content\/uploads\/2024\/02\/perkusja--300x300.png\" class=\"attachment-thumblist size-thumblist wp-post-image\" alt=\"\" data-mec-postid=\"145936\" \/><\/noscript><\/noscript><\/div><div class=\"mec-monthly-contents\" style=\"width: calc(100% - 85px)\"><div class=\"mec-event-time mec-color\"><i class=\"mec-sl-clock-o\"><\/i> 15:00 - 20:00<\/div><h4 class=\"mec-event-title\"><a class=\"mec-color-hover\" data-event-id=\"145936\" href=\"https:\/\/msk.lodz.pl\/en\/msk\/nauka-gry-na-ukulele-zajecia-stale-wrzesien-2025-2-106-651-412-583-118-248-815\/?occurrence=2026-04-27\" target=\"_self\" rel=\"noopener\">NAUKA GRY NA PERKUSJI \/\/ ZAJ\u0118CIA STA\u0141E\/\/ KWIECIE\u0143 2026<\/a><span class=\"event-color\" style=\"background: #e14d43\"><\/span><\/h4><div class=\"mec-event-detail\">\r\n                        <div class=\"mec-event-loc-place\">MSK: \u017bubard\u017a, Cultural Education Centre on \u017bubardzka Street<\/div>\r\n                        \r\n                    <\/div><\/div><div style=\"clear:both\"><\/div><\/article><article class=\"mec-past-event mec-event-article\"><div class=\"mec-event-image\"><img loading=\"lazy\" decoding=\"async\" width=\"300\" height=\"300\" data-src=\"https:\/\/msk.lodz.pl\/wp-content\/uploads\/2025\/09\/skrzypce-300x300.png\" class=\"attachment-thumblist size-thumblist wp-post-image lazyload\" alt=\"\" data-mec-postid=\"145942\" src=\"data:image\/gif;base64,R0lGODlhAQABAAAAACH5BAEKAAEALAAAAAABAAEAAAICTAEAOw==\" style=\"--smush-placeholder-width: 300px; --smush-placeholder-aspect-ratio: 300\/300;\" \/><noscript><img loading=\"lazy\" decoding=\"async\" width=\"300\" height=\"300\" src=\"https:\/\/msk.lodz.pl\/wp-content\/uploads\/2025\/09\/skrzypce-300x300.png\" class=\"attachment-thumblist size-thumblist wp-post-image\" alt=\"\" data-mec-postid=\"145942\" \/><\/noscript><\/div><div class=\"mec-monthly-contents\" style=\"width: calc(100% - 85px)\"><div class=\"mec-event-time mec-color\"><i class=\"mec-sl-clock-o\"><\/i> 15:00 - 20:00<\/div><h4 class=\"mec-event-title\"><a class=\"mec-color-hover\" data-event-id=\"145942\" href=\"https:\/\/msk.lodz.pl\/en\/msk\/nauka-gry-na-skrzypcach-zajecia-stale-pazdziernik-2025-287-575-796-547-321-531\/?occurrence=2026-04-27\" target=\"_self\" rel=\"noopener\">NAUKA GRY NA SKRZYPCACH\/\/ZAJ\u0118CIA STA\u0141E\/\/KWIECIE\u0143 2026<\/a><span class=\"event-color\" style=\"background: #00a0d2\"><\/span><\/h4><div class=\"mec-event-detail\">\r\n                        <div class=\"mec-event-loc-place\">MSK: \u017bubard\u017a, Cultural Education Centre on \u017bubardzka Street<\/div>\r\n                        \r\n                    <\/div><\/div><div style=\"clear:both\"><\/div><\/article><article class=\"mec-past-event mec-event-article\"><div class=\"mec-event-image\"><img loading=\"lazy\" decoding=\"async\" width=\"300\" height=\"300\" data-src=\"https:\/\/msk.lodz.pl\/wp-content\/uploads\/2024\/12\/462648184_1485339152868985_8803448760212739279_n-300x300.jpg\" class=\"attachment-thumblist size-thumblist wp-post-image lazyload\" alt=\"\" data-mec-postid=\"108824\" src=\"data:image\/gif;base64,R0lGODlhAQABAAAAACH5BAEKAAEALAAAAAABAAEAAAICTAEAOw==\" style=\"--smush-placeholder-width: 300px; --smush-placeholder-aspect-ratio: 300\/300;\" \/><noscript><img loading=\"lazy\" decoding=\"async\" width=\"300\" height=\"300\" data-src=\"https:\/\/msk.lodz.pl\/wp-content\/uploads\/2024\/12\/462648184_1485339152868985_8803448760212739279_n-300x300.jpg\" class=\"attachment-thumblist size-thumblist wp-post-image lazyload\" alt=\"\" data-mec-postid=\"108824\" src=\"data:image\/gif;base64,R0lGODlhAQABAAAAACH5BAEKAAEALAAAAAABAAEAAAICTAEAOw==\" style=\"--smush-placeholder-width: 300px; --smush-placeholder-aspect-ratio: 300\/300;\" \/><noscript><img loading=\"lazy\" decoding=\"async\" width=\"300\" height=\"300\" src=\"https:\/\/msk.lodz.pl\/wp-content\/uploads\/2024\/12\/462648184_1485339152868985_8803448760212739279_n-300x300.jpg\" class=\"attachment-thumblist size-thumblist wp-post-image\" alt=\"\" data-mec-postid=\"108824\" \/><\/noscript><\/noscript><\/div><div class=\"mec-monthly-contents\" style=\"width: calc(100% - 85px)\"><div class=\"mec-event-time mec-color\"><i class=\"mec-sl-clock-o\"><\/i> 16:00 - 18:00<\/div><h4 class=\"mec-event-title\"><a class=\"mec-color-hover\" data-event-id=\"108824\" href=\"https:\/\/msk.lodz.pl\/en\/msk\/orkiestra-instrumentow-perkusyjnych-maly-big-band-zajecia-stale-2\/?occurrence=2026-04-27\" target=\"_self\" rel=\"noopener\">Orkiestra Instrument\u00f3w Perkusyjnych MA\u0141Y BIG BAND \/\/ zaj\u0119cia sta\u0142e<\/a><span class=\"event-color\" style=\"background: #30f2eb\"><\/span><\/h4><div class=\"mec-event-detail\">\r\n                        <div class=\"mec-event-loc-place\">MSK: Teofil\u00f3w, Lutnia Creative Centre<\/div>\r\n                        \r\n                    <\/div><\/div><div style=\"clear:both\"><\/div><\/article><article class=\"mec-past-event mec-event-article\"><div class=\"mec-event-image\"><img loading=\"lazy\" decoding=\"async\" width=\"300\" height=\"300\" data-src=\"https:\/\/msk.lodz.pl\/wp-content\/uploads\/2024\/08\/Jaskoleczki-300x300.png\" class=\"attachment-thumblist size-thumblist wp-post-image lazyload\" alt=\"\" data-mec-postid=\"134703\" src=\"data:image\/gif;base64,R0lGODlhAQABAAAAACH5BAEKAAEALAAAAAABAAEAAAICTAEAOw==\" style=\"--smush-placeholder-width: 300px; --smush-placeholder-aspect-ratio: 300\/300;\" \/><noscript><img loading=\"lazy\" decoding=\"async\" width=\"300\" height=\"300\" src=\"https:\/\/msk.lodz.pl\/wp-content\/uploads\/2024\/08\/Jaskoleczki-300x300.png\" class=\"attachment-thumblist size-thumblist wp-post-image\" alt=\"\" data-mec-postid=\"134703\" \/><\/noscript><\/div><div class=\"mec-monthly-contents\" style=\"width: calc(100% - 85px)\"><div class=\"mec-event-time mec-color\"><i class=\"mec-sl-clock-o\"><\/i> 16:00 - 17:30<\/div><h4 class=\"mec-event-title\"><a class=\"mec-color-hover\" data-event-id=\"134703\" href=\"https:\/\/msk.lodz.pl\/en\/msk\/jaskoleczki-zajecia-stale-iv-3\/?occurrence=2026-04-27\" target=\"_self\" rel=\"noopener\">Jask\u00f3\u0142eczki \/\/ zaj\u0119cia sta\u0142e \/\/ IV<\/a><\/h4><div class=\"mec-event-detail\">\r\n                        <div class=\"mec-event-loc-place\">Liceum Og\u00f3lnokszta\u0142c\u0105ce nr XXIII im. ks. prof. J. Tischnera<\/div>\r\n                        \r\n                    <\/div><\/div><div style=\"clear:both\"><\/div><\/article><article class=\"mec-past-event mec-event-article\"><div class=\"mec-event-image\"><img loading=\"lazy\" decoding=\"async\" width=\"300\" height=\"300\" data-src=\"https:\/\/msk.lodz.pl\/wp-content\/uploads\/2024\/03\/ulala-300x300.jpg\" class=\"attachment-thumblist size-thumblist wp-post-image lazyload\" alt=\"\" data-mec-postid=\"145158\" src=\"data:image\/gif;base64,R0lGODlhAQABAAAAACH5BAEKAAEALAAAAAABAAEAAAICTAEAOw==\" style=\"--smush-placeholder-width: 300px; --smush-placeholder-aspect-ratio: 300\/300;\" \/><noscript><img loading=\"lazy\" decoding=\"async\" width=\"300\" height=\"300\" src=\"https:\/\/msk.lodz.pl\/wp-content\/uploads\/2024\/03\/ulala-300x300.jpg\" class=\"attachment-thumblist size-thumblist wp-post-image\" alt=\"\" data-mec-postid=\"145158\" \/><\/noscript><\/div><div class=\"mec-monthly-contents\" style=\"width: calc(100% - 85px)\"><div class=\"mec-event-time mec-color\"><i class=\"mec-sl-clock-o\"><\/i> 16:00 - 17:00<\/div><h4 class=\"mec-event-title\"><a class=\"mec-color-hover\" data-event-id=\"145158\" href=\"https:\/\/msk.lodz.pl\/en\/msk\/u-la-la-pracownia-lalek-strojow-i-akcesoriow-1700-zajecia-stale-xi-211-657-261-842-104-234-726-400-104-126-100-675-626-216-321-311-886-255-634\/?occurrence=2026-04-27\" target=\"_self\" rel=\"noopener\">U-LA-LA! pracownia lalek, stroj\u00f3w i akcesori\u00f3w \/\/ zaj\u0119cia sta\u0142e \/\/ kwiecie\u0144 2026<\/a><\/h4><div class=\"mec-event-detail\">\r\n                        <div class=\"mec-event-loc-place\">MSK: \u017babieniec, RONDO Animation and Revitalisation Centre<\/div>\r\n                        \r\n                    <\/div><\/div><div style=\"clear:both\"><\/div><\/article><article class=\"mec-past-event mec-event-article\"><div class=\"mec-event-image\"><img loading=\"lazy\" decoding=\"async\" width=\"300\" height=\"300\" data-src=\"https:\/\/msk.lodz.pl\/wp-content\/uploads\/2023\/07\/www-26-300x300.png\" class=\"attachment-thumblist size-thumblist wp-post-image lazyload\" alt=\"\" data-mec-postid=\"145680\" src=\"data:image\/gif;base64,R0lGODlhAQABAAAAACH5BAEKAAEALAAAAAABAAEAAAICTAEAOw==\" style=\"--smush-placeholder-width: 300px; --smush-placeholder-aspect-ratio: 300\/300;\" \/><noscript><img loading=\"lazy\" decoding=\"async\" width=\"300\" height=\"300\" src=\"https:\/\/msk.lodz.pl\/wp-content\/uploads\/2023\/07\/www-26-300x300.png\" class=\"attachment-thumblist size-thumblist wp-post-image\" alt=\"\" data-mec-postid=\"145680\" \/><\/noscript><\/div><div class=\"mec-monthly-contents\" style=\"width: calc(100% - 85px)\"><div class=\"mec-event-time mec-color\"><i class=\"mec-sl-clock-o\"><\/i> 16:00 - 17:30<\/div><h4 class=\"mec-event-title\"><a class=\"mec-color-hover\" data-event-id=\"145680\" href=\"https:\/\/msk.lodz.pl\/en\/msk\/pracownia-plastyczna-773-379-394-694-248-365-785-756-718-266-268-296-917-302-611-929-933-221-664-828-542-546-720-632-254-638\/?occurrence=2026-04-27\" target=\"_self\" rel=\"noopener\">Plastyka dla dzieci (7-11 lat) OS \/\/ zaj\u0119cia sta\u0142e \/\/ IV 2026<\/a> <span class=\"mec-event-title-soldout\"><span class=\"soldout\">Sold Out<\/span><\/span> <span class=\"event-color\" style=\"background: #4153f2\"><\/span><\/h4><div class=\"mec-event-detail\">\r\n                        <div class=\"mec-event-loc-place\">MSK: Polesie, Art Centre<\/div>\r\n                        \r\n                    <\/div><\/div><div style=\"clear:both\"><\/div><\/article><article class=\"mec-past-event mec-event-article\"><div class=\"mec-event-image\"><img loading=\"lazy\" decoding=\"async\" width=\"300\" height=\"300\" data-src=\"https:\/\/msk.lodz.pl\/wp-content\/uploads\/2025\/02\/9-300x300.png\" class=\"attachment-thumblist size-thumblist wp-post-image lazyload\" alt=\"\" data-mec-postid=\"143357\" src=\"data:image\/gif;base64,R0lGODlhAQABAAAAACH5BAEKAAEALAAAAAABAAEAAAICTAEAOw==\" style=\"--smush-placeholder-width: 300px; --smush-placeholder-aspect-ratio: 300\/300;\" \/><noscript><img loading=\"lazy\" decoding=\"async\" width=\"300\" height=\"300\" src=\"https:\/\/msk.lodz.pl\/wp-content\/uploads\/2025\/02\/9-300x300.png\" class=\"attachment-thumblist size-thumblist wp-post-image\" alt=\"\" data-mec-postid=\"143357\" \/><\/noscript><\/div><div class=\"mec-monthly-contents\" style=\"width: calc(100% - 85px)\"><div class=\"mec-event-time mec-color\"><i class=\"mec-sl-clock-o\"><\/i> 16:15 - 17:15<\/div><h4 class=\"mec-event-title\"><a class=\"mec-color-hover\" data-event-id=\"143357\" href=\"https:\/\/msk.lodz.pl\/en\/msk\/ceramika502-595-739-176-994-916-388-510-635-182-227-214-929-749\/?occurrence=2026-04-27\" target=\"_self\" rel=\"noopener\">Ceramika 502 dla dzieci \/\/ zaj\u0119cia sta\u0142e \/\/ IV 2026<\/a><span class=\"event-color\" style=\"background: #fdd700\"><\/span><\/h4><div class=\"mec-event-detail\">\r\n                        <div class=\"mec-event-loc-place\">MSK: Widzew Wsch\u00f3d, Dom Kultury \"502\"<\/div>\r\n                        \r\n                    <\/div><\/div><div style=\"clear:both\"><\/div><\/article><article class=\"mec-past-event mec-event-article\"><div class=\"mec-event-image\"><img loading=\"lazy\" decoding=\"async\" width=\"300\" height=\"300\" data-src=\"https:\/\/msk.lodz.pl\/wp-content\/uploads\/2025\/02\/11-300x300.png\" class=\"attachment-thumblist size-thumblist wp-post-image lazyload\" alt=\"\" data-mec-postid=\"143376\" src=\"data:image\/gif;base64,R0lGODlhAQABAAAAACH5BAEKAAEALAAAAAABAAEAAAICTAEAOw==\" style=\"--smush-placeholder-width: 300px; --smush-placeholder-aspect-ratio: 300\/300;\" \/><noscript><img loading=\"lazy\" decoding=\"async\" width=\"300\" height=\"300\" src=\"https:\/\/msk.lodz.pl\/wp-content\/uploads\/2025\/02\/11-300x300.png\" class=\"attachment-thumblist size-thumblist wp-post-image\" alt=\"\" data-mec-postid=\"143376\" \/><\/noscript><\/div><div class=\"mec-monthly-contents\" style=\"width: calc(100% - 85px)\"><div class=\"mec-event-time mec-color\"><i class=\"mec-sl-clock-o\"><\/i> 16:15 - 17:00<\/div><h4 class=\"mec-event-title\"><a class=\"mec-color-hover\" data-event-id=\"143376\" href=\"https:\/\/msk.lodz.pl\/en\/msk\/angielski-i-iii-684-253-547-340-579-185-803\/?occurrence=2026-04-27\" target=\"_self\" rel=\"noopener\">J\u0119zyk angielski dla dzieci &#8211; klasy I-III \/\/ zaj\u0119cia sta\u0142e \/\/ IV 2026<\/a> <span class=\"mec-event-title-soldout\"><span class=\"soldout\">Sold Out<\/span><\/span> <span class=\"event-color\" style=\"background: #fdd700\"><\/span><\/h4><div class=\"mec-event-detail\">\r\n                        <div class=\"mec-event-loc-place\">MSK: Widzew Wsch\u00f3d, Dom Kultury \"502\"<\/div>\r\n                        \r\n                    <\/div><\/div><div style=\"clear:both\"><\/div><\/article><article class=\"mec-past-event mec-event-article\"><div class=\"mec-event-image\"><img loading=\"lazy\" decoding=\"async\" width=\"300\" height=\"300\" data-src=\"https:\/\/msk.lodz.pl\/wp-content\/uploads\/2023\/09\/Strona-balet-dla-dzieci-300x300.png\" class=\"attachment-thumblist size-thumblist wp-post-image lazyload\" alt=\"Dziecki w figurze baletowej przy dr\u0105\u017cku w sali \u0107wicze\u0144\" data-mec-postid=\"145917\" src=\"data:image\/gif;base64,R0lGODlhAQABAAAAACH5BAEKAAEALAAAAAABAAEAAAICTAEAOw==\" style=\"--smush-placeholder-width: 300px; --smush-placeholder-aspect-ratio: 300\/300;\" \/><noscript><img loading=\"lazy\" decoding=\"async\" width=\"300\" height=\"300\" src=\"https:\/\/msk.lodz.pl\/wp-content\/uploads\/2023\/09\/Strona-balet-dla-dzieci-300x300.png\" class=\"attachment-thumblist size-thumblist wp-post-image\" alt=\"Dziecki w figurze baletowej przy dr\u0105\u017cku w sali \u0107wicze\u0144\" data-mec-postid=\"145917\" \/><\/noscript><\/div><div class=\"mec-monthly-contents\" style=\"width: calc(100% - 85px)\"><div class=\"mec-event-time mec-color\"><i class=\"mec-sl-clock-o\"><\/i> 16:30 - 17:15<\/div><h4 class=\"mec-event-title\"><a class=\"mec-color-hover\" data-event-id=\"145917\" href=\"https:\/\/msk.lodz.pl\/en\/msk\/balet-zajecia-stale-i-268-451-149-557-887-340-862\/?occurrence=2026-04-27\" target=\"_self\" rel=\"noopener\">BALET\/\/ZAJ\u0118CIA STA\u0141E\/\/ KWIECIE\u0143 2026<\/a><span class=\"event-color\" style=\"background: #e14d43\"><\/span><\/h4><div class=\"mec-event-detail\">\r\n                        <div class=\"mec-event-loc-place\">MSK: \u017bubard\u017a, Cultural Education Centre on \u017bubardzka Street<\/div>\r\n                        \r\n                    <\/div><\/div><div style=\"clear:both\"><\/div><\/article><article class=\"mec-past-event mec-event-article\"><div class=\"mec-event-image\"><img loading=\"lazy\" decoding=\"async\" width=\"300\" height=\"300\" data-src=\"https:\/\/msk.lodz.pl\/wp-content\/uploads\/2025\/08\/taniec-ludowy-1-300x300.png\" class=\"attachment-thumblist size-thumblist wp-post-image lazyload\" alt=\"\" data-mec-postid=\"146308\" src=\"data:image\/gif;base64,R0lGODlhAQABAAAAACH5BAEKAAEALAAAAAABAAEAAAICTAEAOw==\" style=\"--smush-placeholder-width: 300px; --smush-placeholder-aspect-ratio: 300\/300;\" \/><noscript><img loading=\"lazy\" decoding=\"async\" width=\"300\" height=\"300\" data-src=\"https:\/\/msk.lodz.pl\/wp-content\/uploads\/2025\/08\/taniec-ludowy-1-300x300.png\" class=\"attachment-thumblist size-thumblist wp-post-image lazyload\" alt=\"\" data-mec-postid=\"146308\" src=\"data:image\/gif;base64,R0lGODlhAQABAAAAACH5BAEKAAEALAAAAAABAAEAAAICTAEAOw==\" style=\"--smush-placeholder-width: 300px; --smush-placeholder-aspect-ratio: 300\/300;\" \/><noscript><img loading=\"lazy\" decoding=\"async\" width=\"300\" height=\"300\" src=\"https:\/\/msk.lodz.pl\/wp-content\/uploads\/2025\/08\/taniec-ludowy-1-300x300.png\" class=\"attachment-thumblist size-thumblist wp-post-image\" alt=\"\" data-mec-postid=\"146308\" \/><\/noscript><\/noscript><\/div><div class=\"mec-monthly-contents\" style=\"width: calc(100% - 85px)\"><div class=\"mec-event-time mec-color\"><i class=\"mec-sl-clock-o\"><\/i> 16:30 - 18:00<\/div><h4 class=\"mec-event-title\"><a class=\"mec-color-hover\" data-event-id=\"146308\" href=\"https:\/\/msk.lodz.pl\/en\/msk\/taniec-ludowy-zespol-piesni-i-tanca-lodeczki-grupa-dziecieca-zajecia-stale-kwiecien-2026\/?occurrence=2026-04-27\" target=\"_self\" rel=\"noopener\">TANIEC LUDOWY \/\/ Zesp\u00f3\u0142 Pie\u015bni i Ta\u0144ca  &#8222;\u0141\u00f3deczki&#8221; grupa dzieci\u0119ca \/\/ zaj\u0119cia sta\u0142e \/\/ kwiecie\u0144 2026<\/a><span class=\"event-color\" style=\"background: #dd823b\"><\/span><\/h4><div class=\"mec-event-detail\">\r\n                        <div class=\"mec-event-loc-place\">MSK: Chojny, Youth Cultural Centre<\/div>\r\n                        \r\n                    <\/div><\/div><div style=\"clear:both\"><\/div><\/article><article class=\"mec-past-event mec-event-article\"><div class=\"mec-event-image\"><img loading=\"lazy\" decoding=\"async\" width=\"300\" height=\"300\" data-src=\"https:\/\/msk.lodz.pl\/wp-content\/uploads\/2023\/09\/Kopia-Kopia-Kopia-5-300x300.png\" class=\"attachment-thumblist size-thumblist wp-post-image lazyload\" alt=\"\" data-mec-postid=\"145932\" src=\"data:image\/gif;base64,R0lGODlhAQABAAAAACH5BAEKAAEALAAAAAABAAEAAAICTAEAOw==\" style=\"--smush-placeholder-width: 300px; --smush-placeholder-aspect-ratio: 300\/300;\" \/><noscript><img loading=\"lazy\" decoding=\"async\" width=\"300\" height=\"300\" data-src=\"https:\/\/msk.lodz.pl\/wp-content\/uploads\/2023\/09\/Kopia-Kopia-Kopia-5-300x300.png\" class=\"attachment-thumblist size-thumblist wp-post-image lazyload\" alt=\"\" data-mec-postid=\"145932\" src=\"data:image\/gif;base64,R0lGODlhAQABAAAAACH5BAEKAAEALAAAAAABAAEAAAICTAEAOw==\" style=\"--smush-placeholder-width: 300px; --smush-placeholder-aspect-ratio: 300\/300;\" \/><noscript><img loading=\"lazy\" decoding=\"async\" width=\"300\" height=\"300\" src=\"https:\/\/msk.lodz.pl\/wp-content\/uploads\/2023\/09\/Kopia-Kopia-Kopia-5-300x300.png\" class=\"attachment-thumblist size-thumblist wp-post-image\" alt=\"\" data-mec-postid=\"145932\" \/><\/noscript><\/noscript><\/div><div class=\"mec-monthly-contents\" style=\"width: calc(100% - 85px)\"><div class=\"mec-event-time mec-color\"><i class=\"mec-sl-clock-o\"><\/i> 16:45 - 17:30<\/div><h4 class=\"mec-event-title\"><a class=\"mec-color-hover\" data-event-id=\"145932\" href=\"https:\/\/msk.lodz.pl\/en\/msk\/jezyk-angielski-grupa-iii-9lat-zajecia-stale-vi-569-592-827-720-813-108-678\/?occurrence=2026-04-27\" target=\"_self\" rel=\"noopener\">J\u0118ZYK ANGIELSKI DLA DZIECI \/\/ 4-6 LAT\/\/ZAJ\u0118CIA STA\u0141E\/\/KWIECIE\u0143 2026<\/a><span class=\"event-color\" style=\"background: #a3b745\"><\/span><\/h4><div class=\"mec-event-detail\">\r\n                        <div class=\"mec-event-loc-place\">MSK: \u017bubard\u017a, Cultural Education Centre on \u017bubardzka Street<\/div>\r\n                        \r\n                    <\/div><\/div><div style=\"clear:both\"><\/div><\/article><article class=\"mec-past-event mec-event-article\"><div class=\"mec-event-image\"><img loading=\"lazy\" decoding=\"async\" width=\"300\" height=\"300\" data-src=\"https:\/\/msk.lodz.pl\/wp-content\/uploads\/2024\/07\/harnam-www-zdjecia--300x300.png\" class=\"attachment-thumblist size-thumblist wp-post-image lazyload\" alt=\"\" data-mec-postid=\"56878\" src=\"data:image\/gif;base64,R0lGODlhAQABAAAAACH5BAEKAAEALAAAAAABAAEAAAICTAEAOw==\" style=\"--smush-placeholder-width: 300px; --smush-placeholder-aspect-ratio: 300\/300;\" \/><noscript><img loading=\"lazy\" decoding=\"async\" width=\"300\" height=\"300\" data-src=\"https:\/\/msk.lodz.pl\/wp-content\/uploads\/2024\/07\/harnam-www-zdjecia--300x300.png\" class=\"attachment-thumblist size-thumblist wp-post-image lazyload\" alt=\"\" data-mec-postid=\"56878\" src=\"data:image\/gif;base64,R0lGODlhAQABAAAAACH5BAEKAAEALAAAAAABAAEAAAICTAEAOw==\" style=\"--smush-placeholder-width: 300px; --smush-placeholder-aspect-ratio: 300\/300;\" \/><noscript><img loading=\"lazy\" decoding=\"async\" width=\"300\" height=\"300\" src=\"https:\/\/msk.lodz.pl\/wp-content\/uploads\/2024\/07\/harnam-www-zdjecia--300x300.png\" class=\"attachment-thumblist size-thumblist wp-post-image\" alt=\"\" data-mec-postid=\"56878\" \/><\/noscript><\/noscript><\/div><div class=\"mec-monthly-contents\" style=\"width: calc(100% - 85px)\"><div class=\"mec-event-time mec-color\"><i class=\"mec-sl-clock-o\"><\/i> 17:00 - 17:45<\/div><h4 class=\"mec-event-title\"><a class=\"mec-color-hover\" data-event-id=\"56878\" href=\"https:\/\/msk.lodz.pl\/en\/msk\/rytmika-a-dla-dzieci-4-6lat-zajecia-stale-ix-488-539-814-832-737-896-772\/?occurrence=2026-04-27\" target=\"_self\" rel=\"noopener\">Rytmika A \/ dla dzieci \/ 4-6lat \/zaj\u0119cia sta\u0142e IV<\/a><span class=\"event-color\" style=\"background: #fdd700\"><\/span><\/h4><div class=\"mec-event-detail\">\r\n                        <div class=\"mec-event-loc-place\">MSK: Harnam, Harnam Centre<\/div>\r\n                        \r\n                    <\/div><\/div><div style=\"clear:both\"><\/div><\/article><article class=\"mec-past-event mec-event-article\"><div class=\"mec-event-image\"><img loading=\"lazy\" decoding=\"async\" width=\"300\" height=\"300\" data-src=\"https:\/\/msk.lodz.pl\/wp-content\/uploads\/2025\/02\/11-300x300.png\" class=\"attachment-thumblist size-thumblist wp-post-image lazyload\" alt=\"\" data-mec-postid=\"143377\" src=\"data:image\/gif;base64,R0lGODlhAQABAAAAACH5BAEKAAEALAAAAAABAAEAAAICTAEAOw==\" style=\"--smush-placeholder-width: 300px; --smush-placeholder-aspect-ratio: 300\/300;\" \/><noscript><img loading=\"lazy\" decoding=\"async\" width=\"300\" height=\"300\" src=\"https:\/\/msk.lodz.pl\/wp-content\/uploads\/2025\/02\/11-300x300.png\" class=\"attachment-thumblist size-thumblist wp-post-image\" alt=\"\" data-mec-postid=\"143377\" \/><\/noscript><\/div><div class=\"mec-monthly-contents\" style=\"width: calc(100% - 85px)\"><div class=\"mec-event-time mec-color\"><i class=\"mec-sl-clock-o\"><\/i> 17:00 - 18:30<\/div><h4 class=\"mec-event-title\"><a class=\"mec-color-hover\" data-event-id=\"143377\" href=\"https:\/\/msk.lodz.pl\/en\/msk\/angielski-vii-viii-283-943-423-744-692-702-123\/?occurrence=2026-04-27\" target=\"_self\" rel=\"noopener\">J\u0119zyk angielski dla dzieci &#8211; klasy VII-VIII \/\/ zaj\u0119cia sta\u0142e \/\/ IV 2026<\/a> <span class=\"mec-event-title-soldout\"><span class=\"soldout\">Sold Out<\/span><\/span> <span class=\"event-color\" style=\"background: #fdd700\"><\/span><\/h4><div class=\"mec-event-detail\">\r\n                        <div class=\"mec-event-loc-place\">MSK: Widzew Wsch\u00f3d, Dom Kultury \"502\"<\/div>\r\n                        \r\n                    <\/div><\/div><div style=\"clear:both\"><\/div><\/article><article class=\"mec-past-event mec-event-article\"><div class=\"mec-event-image\"><img loading=\"lazy\" decoding=\"async\" width=\"300\" height=\"300\" data-src=\"https:\/\/msk.lodz.pl\/wp-content\/uploads\/2024\/11\/8-300x300.jpg\" class=\"attachment-thumblist size-thumblist wp-post-image lazyload\" alt=\"\" data-mec-postid=\"143385\" src=\"data:image\/gif;base64,R0lGODlhAQABAAAAACH5BAEKAAEALAAAAAABAAEAAAICTAEAOw==\" style=\"--smush-placeholder-width: 300px; --smush-placeholder-aspect-ratio: 300\/300;\" \/><noscript><img loading=\"lazy\" decoding=\"async\" width=\"300\" height=\"300\" data-src=\"https:\/\/msk.lodz.pl\/wp-content\/uploads\/2024\/11\/8-300x300.jpg\" class=\"attachment-thumblist size-thumblist wp-post-image lazyload\" alt=\"\" data-mec-postid=\"143385\" src=\"data:image\/gif;base64,R0lGODlhAQABAAAAACH5BAEKAAEALAAAAAABAAEAAAICTAEAOw==\" style=\"--smush-placeholder-width: 300px; --smush-placeholder-aspect-ratio: 300\/300;\" \/><noscript><img loading=\"lazy\" decoding=\"async\" width=\"300\" height=\"300\" src=\"https:\/\/msk.lodz.pl\/wp-content\/uploads\/2024\/11\/8-300x300.jpg\" class=\"attachment-thumblist size-thumblist wp-post-image\" alt=\"\" data-mec-postid=\"143385\" \/><\/noscript><\/noscript><\/div><div class=\"mec-monthly-contents\" style=\"width: calc(100% - 85px)\"><div class=\"mec-event-time mec-color\"><i class=\"mec-sl-clock-o\"><\/i> 17:00 - 18:00<\/div><h4 class=\"mec-event-title\"><a class=\"mec-color-hover\" data-event-id=\"143385\" href=\"https:\/\/msk.lodz.pl\/en\/msk\/taniec-wspolczesny-grupa-i-zajecia-stale-888-731-927-700-677-231-745-327-304-547-507-715-959-855\/?occurrence=2026-04-27\" target=\"_self\" rel=\"noopener\">Taniec wsp\u00f3\u0142czesny gr. I (8 &#8211; 15 lat) \/\/ zaj\u0119cia sta\u0142e \/\/ IV 2026 (poniedzia\u0142ki, \u015brody)<\/a><span class=\"event-color\" style=\"background: #fdd700\"><\/span><\/h4><div class=\"mec-event-detail\">\r\n                        <div class=\"mec-event-loc-place\">MSK: Widzew Wsch\u00f3d, Dom Kultury \"502\"<\/div>\r\n                        \r\n                    <\/div><\/div><div style=\"clear:both\"><\/div><\/article><article class=\"mec-past-event mec-event-article\"><div class=\"mec-event-image\"><img loading=\"lazy\" decoding=\"async\" width=\"300\" height=\"300\" data-src=\"https:\/\/msk.lodz.pl\/wp-content\/uploads\/2025\/08\/SZABLON-NA-WWW-4-300x300.png\" class=\"attachment-thumblist size-thumblist wp-post-image lazyload\" alt=\"\" data-mec-postid=\"144705\" src=\"data:image\/gif;base64,R0lGODlhAQABAAAAACH5BAEKAAEALAAAAAABAAEAAAICTAEAOw==\" style=\"--smush-placeholder-width: 300px; --smush-placeholder-aspect-ratio: 300\/300;\" \/><noscript><img loading=\"lazy\" decoding=\"async\" width=\"300\" height=\"300\" src=\"https:\/\/msk.lodz.pl\/wp-content\/uploads\/2025\/08\/SZABLON-NA-WWW-4-300x300.png\" class=\"attachment-thumblist size-thumblist wp-post-image\" alt=\"\" data-mec-postid=\"144705\" \/><\/noscript><\/div><div class=\"mec-monthly-contents\" style=\"width: calc(100% - 85px)\"><div class=\"mec-event-time mec-color\"><i class=\"mec-sl-clock-o\"><\/i> 17:00 - 18:00<\/div><h4 class=\"mec-event-title\"><a class=\"mec-color-hover\" data-event-id=\"144705\" href=\"https:\/\/msk.lodz.pl\/en\/msk\/jezyk-polski-jako-obcy-slowo-daje-gr-i-zajecia-stale-ix-699-147-842\/?occurrence=2026-04-27\" target=\"_self\" rel=\"noopener\">J\u0119zyk polski jako obcy &#8211; ,,S\u0142owo daj\u0119!&#8221; \/\/  zaj\u0119cia sta\u0142e \/\/ kwiecie\u0144 2026<\/a><span class=\"event-color\" style=\"background: #00a0d2\"><\/span><\/h4><div class=\"mec-event-detail\">\r\n                        <div class=\"mec-event-loc-place\">MSK: D\u0105browa, Klub D\u0105browa<\/div>\r\n                        \r\n                    <\/div><\/div><div style=\"clear:both\"><\/div><\/article><article class=\"mec-past-event mec-event-article\"><div class=\"mec-event-image\"><img loading=\"lazy\" decoding=\"async\" width=\"300\" height=\"300\" data-src=\"https:\/\/msk.lodz.pl\/wp-content\/uploads\/2025\/08\/5-300x300.png\" class=\"attachment-thumblist size-thumblist wp-post-image lazyload\" alt=\"\" data-mec-postid=\"144712\" src=\"data:image\/gif;base64,R0lGODlhAQABAAAAACH5BAEKAAEALAAAAAABAAEAAAICTAEAOw==\" style=\"--smush-placeholder-width: 300px; --smush-placeholder-aspect-ratio: 300\/300;\" \/><noscript><img loading=\"lazy\" decoding=\"async\" width=\"300\" height=\"300\" src=\"https:\/\/msk.lodz.pl\/wp-content\/uploads\/2025\/08\/5-300x300.png\" class=\"attachment-thumblist size-thumblist wp-post-image\" alt=\"\" data-mec-postid=\"144712\" \/><\/noscript><\/div><div class=\"mec-monthly-contents\" style=\"width: calc(100% - 85px)\"><div class=\"mec-event-time mec-color\"><i class=\"mec-sl-clock-o\"><\/i> 17:00 - 18:30<\/div><h4 class=\"mec-event-title\"><a class=\"mec-color-hover\" data-event-id=\"144712\" href=\"https:\/\/msk.lodz.pl\/en\/msk\/pracownia-wyobrazni-gr-i-zajecia-stale-ix-404-179-328-720\/?occurrence=2026-04-27\" target=\"_self\" rel=\"noopener\">Pracownia kreatywno\u015bci (gr. 8-12 lat) \/\/ zaj\u0119cia sta\u0142e \/\/ kwiecie\u0144 2026<\/a><span class=\"event-color\" style=\"background: #fdd700\"><\/span><\/h4><div class=\"mec-event-detail\">\r\n                        <div class=\"mec-event-loc-place\">MSK: D\u0105browa, Klub D\u0105browa<\/div>\r\n                        \r\n                    <\/div><\/div><div style=\"clear:both\"><\/div><\/article><article class=\"mec-past-event mec-event-article\"><div class=\"mec-event-image\"><img loading=\"lazy\" decoding=\"async\" width=\"300\" height=\"300\" data-src=\"https:\/\/msk.lodz.pl\/wp-content\/uploads\/2025\/08\/Okladka_kolaz-300x300.png\" class=\"attachment-thumblist size-thumblist wp-post-image lazyload\" alt=\"\" data-mec-postid=\"144882\" src=\"data:image\/gif;base64,R0lGODlhAQABAAAAACH5BAEKAAEALAAAAAABAAEAAAICTAEAOw==\" style=\"--smush-placeholder-width: 300px; --smush-placeholder-aspect-ratio: 300\/300;\" \/><noscript><img loading=\"lazy\" decoding=\"async\" width=\"300\" height=\"300\" src=\"https:\/\/msk.lodz.pl\/wp-content\/uploads\/2025\/08\/Okladka_kolaz-300x300.png\" class=\"attachment-thumblist size-thumblist wp-post-image\" alt=\"\" data-mec-postid=\"144882\" \/><\/noscript><\/div><div class=\"mec-monthly-contents\" style=\"width: calc(100% - 85px)\"><div class=\"mec-event-time mec-color\"><i class=\"mec-sl-clock-o\"><\/i> 17:00 - 18:30<\/div><h4 class=\"mec-event-title\"><a class=\"mec-color-hover\" data-event-id=\"144882\" href=\"https:\/\/msk.lodz.pl\/en\/msk\/kolaz-kwiecien2026\/?occurrence=2026-04-27\" target=\"_self\" rel=\"noopener\">Kola\u017c \/\/ m\u0142odzie\u017c 16+ i doro\u015bli \/\/ zaj\u0119cia sta\u0142e \/\/ O\u015brodek G\u00f3rna \/\/ Kwiecie\u0144 2026<\/a> <span class=\"mec-event-title-soldout\"><span class=\"soldout\">Sale has ended<\/span><\/span> <span class=\"event-color\" style=\"background: #fdd700\"><\/span><\/h4><div class=\"mec-event-detail\">\r\n                        <div class=\"mec-event-loc-place\">MSK: Upper, Upper Centre<\/div>\r\n                        \r\n                    <\/div><\/div><div style=\"clear:both\"><\/div><\/article><article class=\"mec-past-event mec-event-article\"><div class=\"mec-event-image\"><img loading=\"lazy\" decoding=\"async\" width=\"300\" height=\"300\" data-src=\"https:\/\/msk.lodz.pl\/wp-content\/uploads\/2023\/09\/www-kategorie-zajeciawydarzenia-5-300x300.jpg\" class=\"attachment-thumblist size-thumblist wp-post-image lazyload\" alt=\"\" data-mec-postid=\"145260\" src=\"data:image\/gif;base64,R0lGODlhAQABAAAAACH5BAEKAAEALAAAAAABAAEAAAICTAEAOw==\" style=\"--smush-placeholder-width: 300px; --smush-placeholder-aspect-ratio: 300\/300;\" \/><noscript><img loading=\"lazy\" decoding=\"async\" width=\"300\" height=\"300\" data-src=\"https:\/\/msk.lodz.pl\/wp-content\/uploads\/2023\/09\/www-kategorie-zajeciawydarzenia-5-300x300.jpg\" class=\"attachment-thumblist size-thumblist wp-post-image lazyload\" alt=\"\" data-mec-postid=\"145260\" src=\"data:image\/gif;base64,R0lGODlhAQABAAAAACH5BAEKAAEALAAAAAABAAEAAAICTAEAOw==\" style=\"--smush-placeholder-width: 300px; --smush-placeholder-aspect-ratio: 300\/300;\" \/><noscript><img loading=\"lazy\" decoding=\"async\" width=\"300\" height=\"300\" src=\"https:\/\/msk.lodz.pl\/wp-content\/uploads\/2023\/09\/www-kategorie-zajeciawydarzenia-5-300x300.jpg\" class=\"attachment-thumblist size-thumblist wp-post-image\" alt=\"\" data-mec-postid=\"145260\" \/><\/noscript><\/noscript><\/div><div class=\"mec-monthly-contents\" style=\"width: calc(100% - 85px)\"><div class=\"mec-event-time mec-color\"><i class=\"mec-sl-clock-o\"><\/i> 17:00 - 19:00<\/div><h4 class=\"mec-event-title\"><a class=\"mec-color-hover\" data-event-id=\"145260\" href=\"https:\/\/msk.lodz.pl\/en\/msk\/stowarzyszenie-spiewacze-echo-zajecia-stale-x-652-168-966-119-610-869-526-270-906-760-195-402-811-226-175-976\/?occurrence=2026-04-27\" target=\"_self\" rel=\"noopener\">Stowarzyszenie \u015apiewacze Echo \/\/ zaj\u0119cia sta\u0142e \/\/ kwiecie\u0144 2026<\/a> <span class=\"mec-event-title-soldout\"><span class=\"soldout\">Sold Out<\/span><\/span> <\/h4><div class=\"mec-event-detail\">\r\n                        <div class=\"mec-event-loc-place\">MSK: \u017babieniec, RONDO Animation and Revitalisation Centre<\/div>\r\n                        \r\n                    <\/div><\/div><div style=\"clear:both\"><\/div><\/article><article class=\"mec-past-event mec-event-article\"><div class=\"mec-event-image\"><img loading=\"lazy\" decoding=\"async\" width=\"300\" height=\"300\" data-src=\"https:\/\/msk.lodz.pl\/wp-content\/uploads\/2023\/07\/brydz-300x300.jpg\" class=\"attachment-thumblist size-thumblist wp-post-image lazyload\" alt=\"\" data-mec-postid=\"145268\" src=\"data:image\/gif;base64,R0lGODlhAQABAAAAACH5BAEKAAEALAAAAAABAAEAAAICTAEAOw==\" style=\"--smush-placeholder-width: 300px; --smush-placeholder-aspect-ratio: 300\/300;\" \/><noscript><img loading=\"lazy\" decoding=\"async\" width=\"300\" height=\"300\" data-src=\"https:\/\/msk.lodz.pl\/wp-content\/uploads\/2023\/07\/brydz-300x300.jpg\" class=\"attachment-thumblist size-thumblist wp-post-image lazyload\" alt=\"\" data-mec-postid=\"145268\" src=\"data:image\/gif;base64,R0lGODlhAQABAAAAACH5BAEKAAEALAAAAAABAAEAAAICTAEAOw==\" style=\"--smush-placeholder-width: 300px; --smush-placeholder-aspect-ratio: 300\/300;\" \/><noscript><img loading=\"lazy\" decoding=\"async\" width=\"300\" height=\"300\" src=\"https:\/\/msk.lodz.pl\/wp-content\/uploads\/2023\/07\/brydz-300x300.jpg\" class=\"attachment-thumblist size-thumblist wp-post-image\" alt=\"\" data-mec-postid=\"145268\" \/><\/noscript><\/noscript><\/div><div class=\"mec-monthly-contents\" style=\"width: calc(100% - 85px)\"><div class=\"mec-event-time mec-color\"><i class=\"mec-sl-clock-o\"><\/i> 17:00 - 21:00<\/div><h4 class=\"mec-event-title\"><a class=\"mec-color-hover\" data-event-id=\"145268\" href=\"https:\/\/msk.lodz.pl\/en\/msk\/klub-brydza-sportowego-na-zabiencu-zajecia-stale-x-168-330-240-422-807-409-286-522-781-636-783-393-870-478-915-211\/?occurrence=2026-04-27\" target=\"_self\" rel=\"noopener\">Klub Bryd\u017ca Sportowego na \u017babie\u0144cu \/\/ zaj\u0119cia sta\u0142e \/\/ kwiecie\u0144 2026<\/a> <span class=\"mec-event-title-soldout\"><span class=\"soldout\">Sold Out<\/span><\/span> <\/h4><div class=\"mec-event-detail\">\r\n                        <div class=\"mec-event-loc-place\">MSK: \u017babieniec, RONDO Animation and Revitalisation Centre<\/div>\r\n                        \r\n                    <\/div><\/div><div style=\"clear:both\"><\/div><\/article><article class=\"mec-past-event mec-event-article\"><div class=\"mec-event-image\"><img loading=\"lazy\" decoding=\"async\" width=\"300\" height=\"300\" data-src=\"https:\/\/msk.lodz.pl\/wp-content\/uploads\/2024\/08\/NITKA-MALOWANE-e1728983552896-300x300.png\" class=\"attachment-thumblist size-thumblist wp-post-image lazyload\" alt=\"\" data-mec-postid=\"145365\" src=\"data:image\/gif;base64,R0lGODlhAQABAAAAACH5BAEKAAEALAAAAAABAAEAAAICTAEAOw==\" style=\"--smush-placeholder-width: 300px; --smush-placeholder-aspect-ratio: 300\/300;\" \/><noscript><img loading=\"lazy\" decoding=\"async\" width=\"300\" height=\"300\" src=\"https:\/\/msk.lodz.pl\/wp-content\/uploads\/2024\/08\/NITKA-MALOWANE-e1728983552896-300x300.png\" class=\"attachment-thumblist size-thumblist wp-post-image\" alt=\"\" data-mec-postid=\"145365\" \/><\/noscript><\/div><div class=\"mec-monthly-contents\" style=\"width: calc(100% - 85px)\"><div class=\"mec-event-time mec-color\"><i class=\"mec-sl-clock-o\"><\/i> 17:00 - 18:00<\/div><h4 class=\"mec-event-title\"><a class=\"mec-color-hover\" data-event-id=\"145365\" href=\"https:\/\/msk.lodz.pl\/en\/msk\/nitka-malowane-haft-dla-malych-i-duzych-zajecia-stale-iv\/?occurrence=2026-04-27\" target=\"_self\" rel=\"noopener\">Nitk\u0105 malowane &#8211; haft dla ma\u0142ych i du\u017cych \/\/ zaj\u0119cia sta\u0142e \/\/ IV<\/a><\/h4><div class=\"mec-event-detail\">\r\n                        <div class=\"mec-event-loc-place\">MSK: Olech\u00f3w - Strefa Kultury Otwartej<\/div>\r\n                        \r\n                    <\/div><\/div><div style=\"clear:both\"><\/div><\/article><article class=\"mec-past-event mec-event-article\"><div class=\"mec-event-image\"><img loading=\"lazy\" decoding=\"async\" width=\"300\" height=\"300\" data-src=\"https:\/\/msk.lodz.pl\/wp-content\/uploads\/2023\/08\/364227098_652403863483069_5891909779860287517_n-300x300.jpg\" class=\"attachment-thumblist size-thumblist wp-post-image lazyload\" alt=\"\" data-mec-postid=\"145758\" src=\"data:image\/gif;base64,R0lGODlhAQABAAAAACH5BAEKAAEALAAAAAABAAEAAAICTAEAOw==\" style=\"--smush-placeholder-width: 300px; --smush-placeholder-aspect-ratio: 300\/300;\" \/><noscript><img loading=\"lazy\" decoding=\"async\" width=\"300\" height=\"300\" src=\"https:\/\/msk.lodz.pl\/wp-content\/uploads\/2023\/08\/364227098_652403863483069_5891909779860287517_n-300x300.jpg\" class=\"attachment-thumblist size-thumblist wp-post-image\" alt=\"\" data-mec-postid=\"145758\" \/><\/noscript><\/div><div class=\"mec-monthly-contents\" style=\"width: calc(100% - 85px)\"><div class=\"mec-event-time mec-color\"><i class=\"mec-sl-clock-o\"><\/i> 17:00 - 18:30<\/div><h4 class=\"mec-event-title\"><a class=\"mec-color-hover\" data-event-id=\"145758\" href=\"https:\/\/msk.lodz.pl\/en\/msk\/pracownia-plastyczna-lutnia-13-16-lat-lutnia-zajecia-stale-iv-3\/?occurrence=2026-04-27\" target=\"_self\" rel=\"noopener\">Pracownia Plastyczna LUTNIA (13-16 lat) \/\/ LUTNIA \/\/ zaj\u0119cia sta\u0142e \/\/ IV<\/a><span class=\"event-color\" style=\"background: #fdd700\"><\/span><\/h4><div class=\"mec-event-detail\">\r\n                        <div class=\"mec-event-loc-place\">MSK: Teofil\u00f3w, Lutnia Creative Centre<\/div>\r\n                        \r\n                    <\/div><\/div><div style=\"clear:both\"><\/div><\/article><article class=\"mec-past-event mec-event-article\"><div class=\"mec-event-image\"><img loading=\"lazy\" decoding=\"async\" width=\"300\" height=\"300\" data-src=\"https:\/\/msk.lodz.pl\/wp-content\/uploads\/2023\/08\/364360897_815366330312022_686944239410791814_n-300x300.jpg\" class=\"attachment-thumblist size-thumblist wp-post-image lazyload\" alt=\"\" data-mec-postid=\"145769\" src=\"data:image\/gif;base64,R0lGODlhAQABAAAAACH5BAEKAAEALAAAAAABAAEAAAICTAEAOw==\" style=\"--smush-placeholder-width: 300px; --smush-placeholder-aspect-ratio: 300\/300;\" \/><noscript><img loading=\"lazy\" decoding=\"async\" width=\"300\" height=\"300\" src=\"https:\/\/msk.lodz.pl\/wp-content\/uploads\/2023\/08\/364360897_815366330312022_686944239410791814_n-300x300.jpg\" class=\"attachment-thumblist size-thumblist wp-post-image\" alt=\"\" data-mec-postid=\"145769\" \/><\/noscript><\/div><div class=\"mec-monthly-contents\" style=\"width: calc(100% - 85px)\"><div class=\"mec-event-time mec-color\"><i class=\"mec-sl-clock-o\"><\/i> 17:00 - 18:00<\/div><h4 class=\"mec-event-title\"><a class=\"mec-color-hover\" data-event-id=\"145769\" href=\"https:\/\/msk.lodz.pl\/en\/msk\/pracownia-plastyczna-lutnia-8-12-lat-lutnia-zajecia-stale-iv-3\/?occurrence=2026-04-27\" target=\"_self\" rel=\"noopener\">Pracownia Plastyczna LUTNIA (8-12 lat) \/\/ LUTNIA\/\/ zaj\u0119cia sta\u0142e \/\/ IV<\/a><span class=\"event-color\" style=\"background: #fdd700\"><\/span><\/h4><div class=\"mec-event-detail\">\r\n                        <div class=\"mec-event-loc-place\">MSK: Teofil\u00f3w, Lutnia Creative Centre<\/div>\r\n                        \r\n                    <\/div><\/div><div style=\"clear:both\"><\/div><\/article><article class=\"mec-past-event mec-event-article\"><div class=\"mec-event-image\"><img loading=\"lazy\" decoding=\"async\" width=\"300\" height=\"300\" data-src=\"https:\/\/msk.lodz.pl\/wp-content\/uploads\/2024\/08\/453525195_2212950572405005_4911715009923653975_n-300x300.jpg\" class=\"attachment-thumblist size-thumblist wp-post-image lazyload\" alt=\"\" data-mec-postid=\"145775\" src=\"data:image\/gif;base64,R0lGODlhAQABAAAAACH5BAEKAAEALAAAAAABAAEAAAICTAEAOw==\" style=\"--smush-placeholder-width: 300px; --smush-placeholder-aspect-ratio: 300\/300;\" \/><noscript><img loading=\"lazy\" decoding=\"async\" width=\"300\" height=\"300\" src=\"https:\/\/msk.lodz.pl\/wp-content\/uploads\/2024\/08\/453525195_2212950572405005_4911715009923653975_n-300x300.jpg\" class=\"attachment-thumblist size-thumblist wp-post-image\" alt=\"\" data-mec-postid=\"145775\" \/><\/noscript><\/div><div class=\"mec-monthly-contents\" style=\"width: calc(100% - 85px)\"><div class=\"mec-event-time mec-color\"><i class=\"mec-sl-clock-o\"><\/i> 17:00 - 17:45<\/div><h4 class=\"mec-event-title\"><a class=\"mec-color-hover\" data-event-id=\"145775\" href=\"https:\/\/msk.lodz.pl\/en\/msk\/tutu-zajecia-baletowe-dla-dzieci-3-5-lat-zajecia-stale-iv-2\/?occurrence=2026-04-27\" target=\"_self\" rel=\"noopener\">TuTu -zaj\u0119cia baletowe dla dzieci 3-5 lat \/\/ zaj\u0119cia sta\u0142e \/\/ IV<\/a><span class=\"event-color\" style=\"background: #fdd700\"><\/span><\/h4><div class=\"mec-event-detail\">\r\n                        <div class=\"mec-event-loc-place\">MSK: Teofil\u00f3w, Lutnia Creative Centre<\/div>\r\n                        \r\n                    <\/div><\/div><div style=\"clear:both\"><\/div><\/article><article class=\"mec-past-event mec-event-article\"><div class=\"mec-event-image\"><img loading=\"lazy\" decoding=\"async\" width=\"300\" height=\"300\" data-src=\"https:\/\/msk.lodz.pl\/wp-content\/uploads\/2025\/09\/ceramika-zdjecie-300x300.png\" class=\"attachment-thumblist size-thumblist wp-post-image lazyload\" alt=\"\" data-mec-postid=\"146167\" src=\"data:image\/gif;base64,R0lGODlhAQABAAAAACH5BAEKAAEALAAAAAABAAEAAAICTAEAOw==\" style=\"--smush-placeholder-width: 300px; --smush-placeholder-aspect-ratio: 300\/300;\" \/><noscript><img loading=\"lazy\" decoding=\"async\" width=\"300\" height=\"300\" src=\"https:\/\/msk.lodz.pl\/wp-content\/uploads\/2025\/09\/ceramika-zdjecie-300x300.png\" class=\"attachment-thumblist size-thumblist wp-post-image\" alt=\"\" data-mec-postid=\"146167\" \/><\/noscript><\/div><div class=\"mec-monthly-contents\" style=\"width: calc(100% - 85px)\"><div class=\"mec-event-time mec-color\"><i class=\"mec-sl-clock-o\"><\/i> 17:00 - 19:00<\/div><h4 class=\"mec-event-title\"><a class=\"mec-color-hover\" data-event-id=\"146167\" href=\"https:\/\/msk.lodz.pl\/en\/msk\/ceramika-zajecia-stale-grupa-sroda-os-viii-991-495-734-918-177-239-281-440\/?occurrence=2026-04-27\" target=\"_self\" rel=\"noopener\">Ceramika \/\/ zaj\u0119cia sta\u0142e gr. poczatkuj\u0105ca \/\/ grupa poniedzia\u0142ek \/\/ OS \/\/ IV 2026<\/a> <span class=\"mec-event-title-soldout\"><span class=\"soldout\">Sold Out<\/span><\/span> <\/h4><div class=\"mec-event-detail\">\r\n                        <div class=\"mec-event-loc-place\">MSK: Polesie, Art Centre<\/div>\r\n                        \r\n                    <\/div><\/div><div style=\"clear:both\"><\/div><\/article><article class=\"mec-past-event mec-event-article\"><div class=\"mec-event-image\"><img loading=\"lazy\" decoding=\"async\" width=\"300\" height=\"300\" data-src=\"https:\/\/msk.lodz.pl\/wp-content\/uploads\/2024\/07\/7-300x300.png\" class=\"attachment-thumblist size-thumblist wp-post-image lazyload\" alt=\"\" data-mec-postid=\"56966\" src=\"data:image\/gif;base64,R0lGODlhAQABAAAAACH5BAEKAAEALAAAAAABAAEAAAICTAEAOw==\" style=\"--smush-placeholder-width: 300px; --smush-placeholder-aspect-ratio: 300\/300;\" \/><noscript><img loading=\"lazy\" decoding=\"async\" width=\"300\" height=\"300\" data-src=\"https:\/\/msk.lodz.pl\/wp-content\/uploads\/2024\/07\/7-300x300.png\" class=\"attachment-thumblist size-thumblist wp-post-image lazyload\" alt=\"\" data-mec-postid=\"56966\" src=\"data:image\/gif;base64,R0lGODlhAQABAAAAACH5BAEKAAEALAAAAAABAAEAAAICTAEAOw==\" style=\"--smush-placeholder-width: 300px; --smush-placeholder-aspect-ratio: 300\/300;\" \/><noscript><img loading=\"lazy\" decoding=\"async\" width=\"300\" height=\"300\" src=\"https:\/\/msk.lodz.pl\/wp-content\/uploads\/2024\/07\/7-300x300.png\" class=\"attachment-thumblist size-thumblist wp-post-image\" alt=\"\" data-mec-postid=\"56966\" \/><\/noscript><\/noscript><\/div><div class=\"mec-monthly-contents\" style=\"width: calc(100% - 85px)\"><div class=\"mec-event-time mec-color\"><i class=\"mec-sl-clock-o\"><\/i> 17:30 - 20:00<\/div><h4 class=\"mec-event-title\"><a class=\"mec-color-hover\" data-event-id=\"56966\" href=\"https:\/\/msk.lodz.pl\/en\/msk\/rytmika-a-dla-dzieci-4-6lat-zajecia-stale-ix-488-539-814-832-737-896-772-979-299-798-981-449-289-358-889-626-774-901-566-911-443-910-724-501-657-132-217-688-115-794-185-134-710-337-954-306-413-730-11\/?occurrence=2026-04-27\" target=\"_self\" rel=\"noopener\">Grupa M\u0142odzie\u017cowa (grupa zaawansowana posiadaj\u0105ca podstawy ta\u0144ca i \u015bpiewu)\/ dla m\u0142odzie\u017cy \/ 14 lat &#8211;   \/ zaj\u0119cia sta\u0142e IV<\/a><span class=\"event-color\" style=\"background: #fdd700\"><\/span><\/h4><div class=\"mec-event-detail\">\r\n                        <div class=\"mec-event-loc-place\">MSK: Harnam, Harnam Centre<\/div>\r\n                        \r\n                    <\/div><\/div><div style=\"clear:both\"><\/div><\/article><article class=\"mec-past-event mec-event-article\"><div class=\"mec-event-image\"><img loading=\"lazy\" decoding=\"async\" width=\"300\" height=\"300\" data-src=\"https:\/\/msk.lodz.pl\/wp-content\/uploads\/2024\/08\/Ariadance-III-300x300.png\" class=\"attachment-thumblist size-thumblist wp-post-image lazyload\" alt=\"\" data-mec-postid=\"134707\" src=\"data:image\/gif;base64,R0lGODlhAQABAAAAACH5BAEKAAEALAAAAAABAAEAAAICTAEAOw==\" style=\"--smush-placeholder-width: 300px; --smush-placeholder-aspect-ratio: 300\/300;\" \/><noscript><img loading=\"lazy\" decoding=\"async\" width=\"300\" height=\"300\" src=\"https:\/\/msk.lodz.pl\/wp-content\/uploads\/2024\/08\/Ariadance-III-300x300.png\" class=\"attachment-thumblist size-thumblist wp-post-image\" alt=\"\" data-mec-postid=\"134707\" \/><\/noscript><\/div><div class=\"mec-monthly-contents\" style=\"width: calc(100% - 85px)\"><div class=\"mec-event-time mec-color\"><i class=\"mec-sl-clock-o\"><\/i> 17:30 - 19:00<\/div><h4 class=\"mec-event-title\"><a class=\"mec-color-hover\" data-event-id=\"134707\" href=\"https:\/\/msk.lodz.pl\/en\/msk\/zespol-taneczny-ariadance-iii-zajecia-stale-iv-2\/?occurrence=2026-04-27\" target=\"_self\" rel=\"noopener\">Zesp\u00f3\u0142 Taneczny Ariadance III \/\/ zaj\u0119cia sta\u0142e \/\/ IV<\/a> <span class=\"mec-event-title-soldout\"><span class=\"soldout\">Sold Out<\/span><\/span> <\/h4><div class=\"mec-event-detail\">\r\n                        <div class=\"mec-event-loc-place\">Liceum Og\u00f3lnokszta\u0142c\u0105ce nr XXIII im. ks. prof. J. Tischnera<\/div>\r\n                        \r\n                    <\/div><\/div><div style=\"clear:both\"><\/div><\/article><article class=\"mec-past-event mec-event-article\"><div class=\"mec-event-image\"><img loading=\"lazy\" decoding=\"async\" width=\"300\" height=\"300\" data-src=\"https:\/\/msk.lodz.pl\/wp-content\/uploads\/2025\/02\/10-300x300.png\" class=\"attachment-thumblist size-thumblist wp-post-image lazyload\" alt=\"\" data-mec-postid=\"143365\" src=\"data:image\/gif;base64,R0lGODlhAQABAAAAACH5BAEKAAEALAAAAAABAAEAAAICTAEAOw==\" style=\"--smush-placeholder-width: 300px; --smush-placeholder-aspect-ratio: 300\/300;\" \/><noscript><img loading=\"lazy\" decoding=\"async\" width=\"300\" height=\"300\" src=\"https:\/\/msk.lodz.pl\/wp-content\/uploads\/2025\/02\/10-300x300.png\" class=\"attachment-thumblist size-thumblist wp-post-image\" alt=\"\" data-mec-postid=\"143365\" \/><\/noscript><\/div><div class=\"mec-monthly-contents\" style=\"width: calc(100% - 85px)\"><div class=\"mec-event-time mec-color\"><i class=\"mec-sl-clock-o\"><\/i> 17:30 - 19:30<\/div><h4 class=\"mec-event-title\"><a class=\"mec-color-hover\" data-event-id=\"143365\" href=\"https:\/\/msk.lodz.pl\/en\/msk\/ceramika502-595-939-386-361-700-729-485-405-463-656-866-870-207\/?occurrence=2026-04-27\" target=\"_self\" rel=\"noopener\">Ceramika 502 dla doros\u0142ych I grupa zaawansowana \/\/ zaj\u0119cia sta\u0142e \/\/ IV 2026<\/a> <span class=\"mec-event-title-soldout\"><span class=\"soldout\">Sold Out<\/span><\/span> <span class=\"event-color\" style=\"background: #fdd700\"><\/span><\/h4><div class=\"mec-event-detail\">\r\n                        <div class=\"mec-event-loc-place\">MSK: Widzew Wsch\u00f3d, Dom Kultury \"502\"<\/div>\r\n                        \r\n                    <\/div><\/div><div style=\"clear:both\"><\/div><\/article><article class=\"mec-past-event mec-event-article\"><div class=\"mec-event-image\"><img loading=\"lazy\" decoding=\"async\" width=\"300\" height=\"300\" data-src=\"https:\/\/msk.lodz.pl\/wp-content\/uploads\/2026\/03\/ze-sztuka-na-ty-www-wyd-300x300.png\" class=\"attachment-thumblist size-thumblist wp-post-image lazyload\" alt=\"\" data-mec-postid=\"144928\" src=\"data:image\/gif;base64,R0lGODlhAQABAAAAACH5BAEKAAEALAAAAAABAAEAAAICTAEAOw==\" style=\"--smush-placeholder-width: 300px; --smush-placeholder-aspect-ratio: 300\/300;\" \/><noscript><img loading=\"lazy\" decoding=\"async\" width=\"300\" height=\"300\" src=\"https:\/\/msk.lodz.pl\/wp-content\/uploads\/2026\/03\/ze-sztuka-na-ty-www-wyd-300x300.png\" class=\"attachment-thumblist size-thumblist wp-post-image\" alt=\"\" data-mec-postid=\"144928\" \/><\/noscript><\/div><div class=\"mec-monthly-contents\" style=\"width: calc(100% - 85px)\"><div class=\"mec-event-time mec-color\"><i class=\"mec-sl-clock-o\"><\/i> 17:30 - 19:00<\/div><h4 class=\"mec-event-title\"><a class=\"mec-color-hover\" data-event-id=\"144928\" href=\"https:\/\/msk.lodz.pl\/en\/msk\/ze-sztuka-na-ty-kwiecien2026\/?occurrence=2026-04-27\" target=\"_self\" rel=\"noopener\">Ze sztuk\u0105 na Ty &#8211; Laboratorium Tw\u00f3rczo\u015bci \/\/ zaj\u0119cia sta\u0142e \/\/ O\u015brodek G\u00f3rna \/\/ Kwiecie\u0144 2026<\/a> <span class=\"mec-event-title-soldout\"><span class=\"soldout\">Sale has ended<\/span><\/span> <span class=\"event-color\" style=\"background: #00a0d2\"><\/span><\/h4><div class=\"mec-event-detail\">\r\n                        <div class=\"mec-event-loc-place\">MSK: Upper, Upper Centre<\/div>\r\n                        \r\n                    <\/div><\/div><div style=\"clear:both\"><\/div><\/article><article class=\"mec-past-event mec-event-article\"><div class=\"mec-event-image\"><img loading=\"lazy\" decoding=\"async\" width=\"300\" height=\"300\" data-src=\"https:\/\/msk.lodz.pl\/wp-content\/uploads\/2025\/11\/zabienka-2-b-300x300.jpg\" class=\"attachment-thumblist size-thumblist wp-post-image lazyload\" alt=\"\" data-mec-postid=\"145157\" src=\"data:image\/gif;base64,R0lGODlhAQABAAAAACH5BAEKAAEALAAAAAABAAEAAAICTAEAOw==\" style=\"--smush-placeholder-width: 300px; --smush-placeholder-aspect-ratio: 300\/300;\" \/><noscript><img loading=\"lazy\" decoding=\"async\" width=\"300\" height=\"300\" src=\"https:\/\/msk.lodz.pl\/wp-content\/uploads\/2025\/11\/zabienka-2-b-300x300.jpg\" class=\"attachment-thumblist size-thumblist wp-post-image\" alt=\"\" data-mec-postid=\"145157\" \/><\/noscript><\/div><div class=\"mec-monthly-contents\" style=\"width: calc(100% - 85px)\"><div class=\"mec-event-time mec-color\"><i class=\"mec-sl-clock-o\"><\/i> 17:30 - 19:00<\/div><h4 class=\"mec-event-title\"><a class=\"mec-color-hover\" data-event-id=\"145157\" href=\"https:\/\/msk.lodz.pl\/en\/msk\/u-la-la-pracownia-lalek-strojow-i-akcesoriow-1700-zajecia-stale-xi-211-657-261-842-104-234-726-400-104-126-100-675-636-999-419-616-263-554-544-170\/?occurrence=2026-04-27\" target=\"_self\" rel=\"noopener\">\u017babie\u0144ka \u2013 pracownia plastyczna dla dzieci  \/\/ zaj\u0119cia sta\u0142e \/\/ kwiecie\u0144 2026<\/a><\/h4><div class=\"mec-event-detail\">\r\n                        <div class=\"mec-event-loc-place\">MSK: \u017babieniec, RONDO Animation and Revitalisation Centre<\/div>\r\n                        \r\n                    <\/div><\/div><div style=\"clear:both\"><\/div><\/article><article class=\"mec-past-event mec-event-article\"><div class=\"mec-event-image\"><img loading=\"lazy\" decoding=\"async\" width=\"300\" height=\"300\" data-src=\"https:\/\/msk.lodz.pl\/wp-content\/uploads\/2025\/09\/JEZYKI-300x300.png\" class=\"attachment-thumblist size-thumblist wp-post-image lazyload\" alt=\"\" data-mec-postid=\"145647\" src=\"data:image\/gif;base64,R0lGODlhAQABAAAAACH5BAEKAAEALAAAAAABAAEAAAICTAEAOw==\" style=\"--smush-placeholder-width: 300px; --smush-placeholder-aspect-ratio: 300\/300;\" \/><noscript><img loading=\"lazy\" decoding=\"async\" width=\"300\" height=\"300\" src=\"https:\/\/msk.lodz.pl\/wp-content\/uploads\/2025\/09\/JEZYKI-300x300.png\" class=\"attachment-thumblist size-thumblist wp-post-image\" alt=\"\" data-mec-postid=\"145647\" \/><\/noscript><\/div><div class=\"mec-monthly-contents\" style=\"width: calc(100% - 85px)\"><div class=\"mec-event-time mec-color\"><i class=\"mec-sl-clock-o\"><\/i> 17:30 - 20:00<\/div><h4 class=\"mec-event-title\"><a class=\"mec-color-hover\" data-event-id=\"145647\" href=\"https:\/\/msk.lodz.pl\/en\/msk\/polski-na-medal-karolew-zajecia-stale-wrzesien-2025-713-492-622-755-654-575\/?occurrence=2026-04-27\" target=\"_self\" rel=\"noopener\">Polski na medal\/Karolew\/zaj\u0119cia sta\u0142e\/kwiecie\u0144 2026<\/a><span class=\"event-color\" style=\"background: #e14d43\"><\/span><\/h4><div class=\"mec-event-detail\">\r\n                        <div class=\"mec-event-loc-place\">MSK: Karolew, Karolew Centre<\/div>\r\n                        \r\n                    <\/div><\/div><div style=\"clear:both\"><\/div><\/article><article class=\"mec-past-event mec-event-article\"><div class=\"mec-event-image\"><img loading=\"lazy\" decoding=\"async\" width=\"300\" height=\"300\" data-src=\"https:\/\/msk.lodz.pl\/wp-content\/uploads\/2026\/03\/architektura-300x300.jpg\" class=\"attachment-thumblist size-thumblist wp-post-image lazyload\" alt=\"\" data-mec-postid=\"145726\" src=\"data:image\/gif;base64,R0lGODlhAQABAAAAACH5BAEKAAEALAAAAAABAAEAAAICTAEAOw==\" style=\"--smush-placeholder-width: 300px; --smush-placeholder-aspect-ratio: 300\/300;\" \/><noscript><img loading=\"lazy\" decoding=\"async\" width=\"300\" height=\"300\" src=\"https:\/\/msk.lodz.pl\/wp-content\/uploads\/2026\/03\/architektura-300x300.jpg\" class=\"attachment-thumblist size-thumblist wp-post-image\" alt=\"\" data-mec-postid=\"145726\" \/><\/noscript><\/div><div class=\"mec-monthly-contents\" style=\"width: calc(100% - 85px)\"><div class=\"mec-event-time mec-color\"><i class=\"mec-sl-clock-o\"><\/i> 17:30 - 19:00<\/div><h4 class=\"mec-event-title\"><a class=\"mec-color-hover\" data-event-id=\"145726\" href=\"https:\/\/msk.lodz.pl\/en\/msk\/przygoda-z-fotografia-warsztaty-zajecia-stale-karolew-ii-708-997-786-846-332\/?occurrence=2026-04-27\" target=\"_self\" rel=\"noopener\">Przygoda z fotografi\u0105\/Karolew\/spotkanie cykliczne\/kwiecie\u0144 2026<\/a><span class=\"event-color\" style=\"background: #fdd700\"><\/span><\/h4><div class=\"mec-event-detail\">\r\n                        <div class=\"mec-event-loc-place\">MSK: Karolew, Karolew Centre<\/div>\r\n                        \r\n                    <\/div><\/div><div style=\"clear:both\"><\/div><\/article><article class=\"mec-past-event mec-event-article\"><div class=\"mec-event-image\"><img loading=\"lazy\" decoding=\"async\" width=\"300\" height=\"300\" data-src=\"https:\/\/msk.lodz.pl\/wp-content\/uploads\/2023\/07\/Kopia-Kopia-Kopia-3-300x300.png\" class=\"attachment-thumblist size-thumblist wp-post-image lazyload\" alt=\"\" data-mec-postid=\"145919\" src=\"data:image\/gif;base64,R0lGODlhAQABAAAAACH5BAEKAAEALAAAAAABAAEAAAICTAEAOw==\" style=\"--smush-placeholder-width: 300px; --smush-placeholder-aspect-ratio: 300\/300;\" \/><noscript><img loading=\"lazy\" decoding=\"async\" width=\"300\" height=\"300\" src=\"https:\/\/msk.lodz.pl\/wp-content\/uploads\/2023\/07\/Kopia-Kopia-Kopia-3-300x300.png\" class=\"attachment-thumblist size-thumblist wp-post-image\" alt=\"\" data-mec-postid=\"145919\" \/><\/noscript><\/div><div class=\"mec-monthly-contents\" style=\"width: calc(100% - 85px)\"><div class=\"mec-event-time mec-color\"><i class=\"mec-sl-clock-o\"><\/i> 17:30 - 18:30<\/div><h4 class=\"mec-event-title\"><a class=\"mec-color-hover\" data-event-id=\"145919\" href=\"https:\/\/msk.lodz.pl\/en\/msk\/formacja-taneczna-em-ka-504-761-818-400-333-600-702\/?occurrence=2026-04-27\" target=\"_self\" rel=\"noopener\">GRUPA TA\u0143CA WSP\u00d3\u0141CZESNEGO DLA DZIECI I M\u0141ODZIE\u017bY\/\/ZAJ\u0118CIA STA\u0141E\/KWIECIE\u0143 2026<\/a><span class=\"event-color\" style=\"background: #e14d43\"><\/span><\/h4><div class=\"mec-event-detail\">\r\n                        <div class=\"mec-event-loc-place\">MSK: \u017bubard\u017a, Cultural Education Centre on \u017bubardzka Street<\/div>\r\n                        \r\n                    <\/div><\/div><div style=\"clear:both\"><\/div><\/article><article class=\"mec-past-event mec-event-article\"><div class=\"mec-event-image\"><img loading=\"lazy\" decoding=\"async\" width=\"300\" height=\"300\" data-src=\"https:\/\/msk.lodz.pl\/wp-content\/uploads\/2023\/09\/Kopia-Kopia-Kopia-5-300x300.png\" class=\"attachment-thumblist size-thumblist wp-post-image lazyload\" alt=\"\" data-mec-postid=\"145933\" src=\"data:image\/gif;base64,R0lGODlhAQABAAAAACH5BAEKAAEALAAAAAABAAEAAAICTAEAOw==\" style=\"--smush-placeholder-width: 300px; --smush-placeholder-aspect-ratio: 300\/300;\" \/><noscript><img loading=\"lazy\" decoding=\"async\" width=\"300\" height=\"300\" src=\"https:\/\/msk.lodz.pl\/wp-content\/uploads\/2023\/09\/Kopia-Kopia-Kopia-5-300x300.png\" class=\"attachment-thumblist size-thumblist wp-post-image\" alt=\"\" data-mec-postid=\"145933\" \/><\/noscript><\/div><div class=\"mec-monthly-contents\" style=\"width: calc(100% - 85px)\"><div class=\"mec-event-time mec-color\"><i class=\"mec-sl-clock-o\"><\/i> 17:45 - 18:30<\/div><h4 class=\"mec-event-title\"><a class=\"mec-color-hover\" data-event-id=\"145933\" href=\"https:\/\/msk.lodz.pl\/en\/msk\/jezyk-angielski-dla-mlodziezy-zajecia-stale-wrzesien-2025-142-930-730-941-818-919-910\/?occurrence=2026-04-27\" target=\"_self\" rel=\"noopener\">J\u0118ZYK ANGIELSKI DLA M\u0141ODZIE\u017bY(13-14 lat) \/\/ ZAJ\u0118CIA STA\u0141E\/\/ KWIECIE\u0143 2026<\/a><span class=\"event-color\" style=\"background: #a3b745\"><\/span><\/h4><div class=\"mec-event-detail\">\r\n                        <div class=\"mec-event-loc-place\">MSK: \u017bubard\u017a, Cultural Education Centre on \u017bubardzka Street<\/div>\r\n                        \r\n                    <\/div><\/div><div style=\"clear:both\"><\/div><\/article><article class=\"mec-past-event mec-event-article\"><div class=\"mec-event-image\"><img loading=\"lazy\" decoding=\"async\" width=\"300\" height=\"300\" data-src=\"https:\/\/msk.lodz.pl\/wp-content\/uploads\/2024\/07\/harnam-www-zdjecia-1-300x300.png\" class=\"attachment-thumblist size-thumblist wp-post-image lazyload\" alt=\"\" data-mec-postid=\"56893\" src=\"data:image\/gif;base64,R0lGODlhAQABAAAAACH5BAEKAAEALAAAAAABAAEAAAICTAEAOw==\" style=\"--smush-placeholder-width: 300px; --smush-placeholder-aspect-ratio: 300\/300;\" \/><noscript><img loading=\"lazy\" decoding=\"async\" width=\"300\" height=\"300\" data-src=\"https:\/\/msk.lodz.pl\/wp-content\/uploads\/2024\/07\/harnam-www-zdjecia-1-300x300.png\" class=\"attachment-thumblist size-thumblist wp-post-image lazyload\" alt=\"\" data-mec-postid=\"56893\" src=\"data:image\/gif;base64,R0lGODlhAQABAAAAACH5BAEKAAEALAAAAAABAAEAAAICTAEAOw==\" style=\"--smush-placeholder-width: 300px; --smush-placeholder-aspect-ratio: 300\/300;\" \/><noscript><img loading=\"lazy\" decoding=\"async\" width=\"300\" height=\"300\" src=\"https:\/\/msk.lodz.pl\/wp-content\/uploads\/2024\/07\/harnam-www-zdjecia-1-300x300.png\" class=\"attachment-thumblist size-thumblist wp-post-image\" alt=\"\" data-mec-postid=\"56893\" \/><\/noscript><\/noscript><\/div><div class=\"mec-monthly-contents\" style=\"width: calc(100% - 85px)\"><div class=\"mec-event-time mec-color\"><i class=\"mec-sl-clock-o\"><\/i> 18:00 - 18:45<\/div><h4 class=\"mec-event-title\"><a class=\"mec-color-hover\" data-event-id=\"56893\" href=\"https:\/\/msk.lodz.pl\/en\/msk\/rytmika-a-dla-dzieci-4-6lat-zajecia-stale-ix-488-539-814-832-737-896-772-979-299-798-981-449-289-358-889-626-774\/?occurrence=2026-04-27\" target=\"_self\" rel=\"noopener\">Rytmika B \/ dla dzieci \/ 4-6lat \/zaj\u0119cia sta\u0142e IV<\/a><span class=\"event-color\" style=\"background: #fdd700\"><\/span><\/h4><div class=\"mec-event-detail\">\r\n                        <div class=\"mec-event-loc-place\">MSK: Harnam, Harnam Centre<\/div>\r\n                        \r\n                    <\/div><\/div><div style=\"clear:both\"><\/div><\/article><article class=\"mec-past-event mec-event-article\"><div class=\"mec-event-image\"><img loading=\"lazy\" decoding=\"async\" width=\"300\" height=\"300\" data-src=\"https:\/\/msk.lodz.pl\/wp-content\/uploads\/2025\/01\/6-11-300x300.jpg\" class=\"attachment-thumblist size-thumblist wp-post-image lazyload\" alt=\"\" data-mec-postid=\"143037\" src=\"data:image\/gif;base64,R0lGODlhAQABAAAAACH5BAEKAAEALAAAAAABAAEAAAICTAEAOw==\" style=\"--smush-placeholder-width: 300px; --smush-placeholder-aspect-ratio: 300\/300;\" \/><noscript><img loading=\"lazy\" decoding=\"async\" width=\"300\" height=\"300\" src=\"https:\/\/msk.lodz.pl\/wp-content\/uploads\/2025\/01\/6-11-300x300.jpg\" class=\"attachment-thumblist size-thumblist wp-post-image\" alt=\"\" data-mec-postid=\"143037\" \/><\/noscript><\/div><div class=\"mec-monthly-contents\" style=\"width: calc(100% - 85px)\"><div class=\"mec-event-time mec-color\"><i class=\"mec-sl-clock-o\"><\/i> 18:00 - 20:00<\/div><h4 class=\"mec-event-title\"><a class=\"mec-color-hover\" data-event-id=\"143037\" href=\"https:\/\/msk.lodz.pl\/en\/msk\/impast-zajecia-stale-693-721-673-649-363-707-870-375-400-551-356-522-809-645-905-775-429-213-446-235-244-464-434-503-902-925-985\/?occurrence=2026-04-27\" target=\"_self\" rel=\"noopener\">IMPAST &#8211; Malarstwo i rysunek dla doros\u0142ych \/\/ zaj\u0119cia sta\u0142e \/\/ IV 2026<\/a><span class=\"event-color\" style=\"background: #fdd700\"><\/span><\/h4><div class=\"mec-event-detail\">\r\n                        <div class=\"mec-event-loc-place\">MSK: Widzew Wsch\u00f3d, Dom Kultury \"502\"<\/div>\r\n                        \r\n                    <\/div><\/div><div style=\"clear:both\"><\/div><\/article><article class=\"mec-past-event mec-event-article\"><div class=\"mec-event-image\"><img loading=\"lazy\" decoding=\"async\" width=\"300\" height=\"300\" data-src=\"https:\/\/msk.lodz.pl\/wp-content\/uploads\/2024\/11\/8-300x300.jpg\" class=\"attachment-thumblist size-thumblist wp-post-image lazyload\" alt=\"\" data-mec-postid=\"143386\" src=\"data:image\/gif;base64,R0lGODlhAQABAAAAACH5BAEKAAEALAAAAAABAAEAAAICTAEAOw==\" style=\"--smush-placeholder-width: 300px; --smush-placeholder-aspect-ratio: 300\/300;\" \/><noscript><img loading=\"lazy\" decoding=\"async\" width=\"300\" height=\"300\" data-src=\"https:\/\/msk.lodz.pl\/wp-content\/uploads\/2024\/11\/8-300x300.jpg\" class=\"attachment-thumblist size-thumblist wp-post-image lazyload\" alt=\"\" data-mec-postid=\"143386\" src=\"data:image\/gif;base64,R0lGODlhAQABAAAAACH5BAEKAAEALAAAAAABAAEAAAICTAEAOw==\" style=\"--smush-placeholder-width: 300px; --smush-placeholder-aspect-ratio: 300\/300;\" \/><noscript><img loading=\"lazy\" decoding=\"async\" width=\"300\" height=\"300\" src=\"https:\/\/msk.lodz.pl\/wp-content\/uploads\/2024\/11\/8-300x300.jpg\" class=\"attachment-thumblist size-thumblist wp-post-image\" alt=\"\" data-mec-postid=\"143386\" \/><\/noscript><\/noscript><\/div><div class=\"mec-monthly-contents\" style=\"width: calc(100% - 85px)\"><div class=\"mec-event-time mec-color\"><i class=\"mec-sl-clock-o\"><\/i> 18:00 - 19:00<\/div><h4 class=\"mec-event-title\"><a class=\"mec-color-hover\" data-event-id=\"143386\" href=\"https:\/\/msk.lodz.pl\/en\/msk\/taniec-wspolczesny-grupa-i-zajecia-stale-888-731-927-700-677-231-745-828-464-838-950-759-995-421\/?occurrence=2026-04-27\" target=\"_self\" rel=\"noopener\">Taniec wsp\u00f3\u0142czesny gr. II (8 &#8211; 15 lat) \/\/ zaj\u0119cia sta\u0142e \/\/ IV 2026 (poniedzia\u0142ki, \u015brody)<\/a><span class=\"event-color\" style=\"background: #fdd700\"><\/span><\/h4><div class=\"mec-event-detail\">\r\n                        <div class=\"mec-event-loc-place\">MSK: Widzew Wsch\u00f3d, Dom Kultury \"502\"<\/div>\r\n                        \r\n                    <\/div><\/div><div style=\"clear:both\"><\/div><\/article><article class=\"mec-past-event mec-event-article\"><div class=\"mec-event-image\"><img loading=\"lazy\" decoding=\"async\" width=\"300\" height=\"300\" data-src=\"https:\/\/msk.lodz.pl\/wp-content\/uploads\/2023\/10\/7-1-300x300.jpg\" class=\"attachment-thumblist size-thumblist wp-post-image lazyload\" alt=\"\" data-mec-postid=\"143387\" src=\"data:image\/gif;base64,R0lGODlhAQABAAAAACH5BAEKAAEALAAAAAABAAEAAAICTAEAOw==\" style=\"--smush-placeholder-width: 300px; --smush-placeholder-aspect-ratio: 300\/300;\" \/><noscript><img loading=\"lazy\" decoding=\"async\" width=\"300\" height=\"300\" data-src=\"https:\/\/msk.lodz.pl\/wp-content\/uploads\/2023\/10\/7-1-300x300.jpg\" class=\"attachment-thumblist size-thumblist wp-post-image lazyload\" alt=\"\" data-mec-postid=\"143387\" src=\"data:image\/gif;base64,R0lGODlhAQABAAAAACH5BAEKAAEALAAAAAABAAEAAAICTAEAOw==\" style=\"--smush-placeholder-width: 300px; --smush-placeholder-aspect-ratio: 300\/300;\" \/><noscript><img loading=\"lazy\" decoding=\"async\" width=\"300\" height=\"300\" src=\"https:\/\/msk.lodz.pl\/wp-content\/uploads\/2023\/10\/7-1-300x300.jpg\" class=\"attachment-thumblist size-thumblist wp-post-image\" alt=\"\" data-mec-postid=\"143387\" \/><\/noscript><\/noscript><\/div><div class=\"mec-monthly-contents\" style=\"width: calc(100% - 85px)\"><div class=\"mec-event-time mec-color\"><i class=\"mec-sl-clock-o\"><\/i> 18:00 - 19:00<\/div><h4 class=\"mec-event-title\"><a class=\"mec-color-hover\" data-event-id=\"143387\" href=\"https:\/\/msk.lodz.pl\/en\/msk\/capoeira-dla-dzieci-265-897-330-280-652-164-376-592-794-349-619-759-801-260-616-511\/?occurrence=2026-04-27\" target=\"_self\" rel=\"noopener\">Capoeira dla dzieci \/\/ zaj\u0119cia sta\u0142e \/\/ IV 2026<\/a><span class=\"event-color\" style=\"background: #fdd700\"><\/span><\/h4><div class=\"mec-event-detail\">\r\n                        <div class=\"mec-event-loc-place\">MSK: Widzew Wsch\u00f3d, Dom Kultury \"502\"<\/div>\r\n                        \r\n                    <\/div><\/div><div style=\"clear:both\"><\/div><\/article><article class=\"mec-past-event mec-event-article\"><div class=\"mec-event-image\"><img loading=\"lazy\" decoding=\"async\" width=\"300\" height=\"300\" data-src=\"https:\/\/msk.lodz.pl\/wp-content\/uploads\/2024\/07\/9-300x300.png\" class=\"attachment-thumblist size-thumblist wp-post-image lazyload\" alt=\"\" data-mec-postid=\"57001\" src=\"data:image\/gif;base64,R0lGODlhAQABAAAAACH5BAEKAAEALAAAAAABAAEAAAICTAEAOw==\" style=\"--smush-placeholder-width: 300px; --smush-placeholder-aspect-ratio: 300\/300;\" \/><noscript><img loading=\"lazy\" decoding=\"async\" width=\"300\" height=\"300\" data-src=\"https:\/\/msk.lodz.pl\/wp-content\/uploads\/2024\/07\/9-300x300.png\" class=\"attachment-thumblist size-thumblist wp-post-image lazyload\" alt=\"\" data-mec-postid=\"57001\" src=\"data:image\/gif;base64,R0lGODlhAQABAAAAACH5BAEKAAEALAAAAAABAAEAAAICTAEAOw==\" style=\"--smush-placeholder-width: 300px; --smush-placeholder-aspect-ratio: 300\/300;\" \/><noscript><img loading=\"lazy\" decoding=\"async\" width=\"300\" height=\"300\" src=\"https:\/\/msk.lodz.pl\/wp-content\/uploads\/2024\/07\/9-300x300.png\" class=\"attachment-thumblist size-thumblist wp-post-image\" alt=\"\" data-mec-postid=\"57001\" \/><\/noscript><\/noscript><\/div><div class=\"mec-monthly-contents\" style=\"width: calc(100% - 85px)\"><div class=\"mec-event-time mec-color\"><i class=\"mec-sl-clock-o\"><\/i> 18:15 - 19:45<\/div><h4 class=\"mec-event-title\"><a class=\"mec-color-hover\" data-event-id=\"57001\" href=\"https:\/\/msk.lodz.pl\/en\/msk\/rytmika-a-dla-dzieci-4-6lat-zajecia-stale-ix-488-539-814-832-737-896-772-979-299-798-981-449-289-358-889-626-774-901-566-911-443-910-724-501-657-132-217-688-115-794-185-134-710-337-954-306-413-730-3-4\/?occurrence=2026-04-27\" target=\"_self\" rel=\"noopener\">Taniec -Seniorzy  \/ dla doros\u0142ych \/ 40 lat  &#8211;  \/ zaj\u0119cia sta\u0142e IV<\/a><span class=\"event-color\" style=\"background: #fdd700\"><\/span><\/h4><div class=\"mec-event-detail\">\r\n                        <div class=\"mec-event-loc-place\">MSK: Harnam, Harnam Centre<\/div>\r\n                        \r\n                    <\/div><\/div><div style=\"clear:both\"><\/div><\/article><article class=\"mec-past-event mec-event-article\"><div class=\"mec-event-image\"><img loading=\"lazy\" decoding=\"async\" width=\"300\" height=\"300\" data-src=\"https:\/\/msk.lodz.pl\/wp-content\/uploads\/2024\/09\/JOGA-DLA-DZIECI-300x300.png\" class=\"attachment-thumblist size-thumblist wp-post-image lazyload\" alt=\"\" data-mec-postid=\"144305\" src=\"data:image\/gif;base64,R0lGODlhAQABAAAAACH5BAEKAAEALAAAAAABAAEAAAICTAEAOw==\" style=\"--smush-placeholder-width: 300px; --smush-placeholder-aspect-ratio: 300\/300;\" \/><noscript><img loading=\"lazy\" decoding=\"async\" width=\"300\" height=\"300\" src=\"https:\/\/msk.lodz.pl\/wp-content\/uploads\/2024\/09\/JOGA-DLA-DZIECI-300x300.png\" class=\"attachment-thumblist size-thumblist wp-post-image\" alt=\"\" data-mec-postid=\"144305\" \/><\/noscript><\/div><div class=\"mec-monthly-contents\" style=\"width: calc(100% - 85px)\"><div class=\"mec-event-time mec-color\"><i class=\"mec-sl-clock-o\"><\/i> 18:15 - 19:15<\/div><h4 class=\"mec-event-title\"><a class=\"mec-color-hover\" data-event-id=\"144305\" href=\"https:\/\/msk.lodz.pl\/en\/msk\/zdrowy-kregoslup-wzmacnianie-poniedzialki-zajecia-stale-iv-26-wk\/?occurrence=2026-04-27\" target=\"_self\" rel=\"noopener\">ZDROWY KR\u0118GOS\u0141UP-WZMACNIANIE\/\/ PONIEDZIA\u0141KI \/\/ ZAJ\u0118CIA STA\u0141E \/\/ IV 26 \/\/ wk<\/a><\/h4><div class=\"mec-event-detail\">\r\n                        <div class=\"mec-event-loc-place\">MSK: Radogoszcz, Island of Culture Centre<\/div>\r\n                        \r\n                    <\/div><\/div><div style=\"clear:both\"><\/div><\/article><article class=\"mec-past-event mec-event-article\"><div class=\"mec-event-image\"><img loading=\"lazy\" decoding=\"async\" width=\"300\" height=\"300\" data-src=\"https:\/\/msk.lodz.pl\/wp-content\/uploads\/2025\/08\/teatralne-grafika-na-strone-300x300.png\" class=\"attachment-thumblist size-thumblist wp-post-image lazyload\" alt=\"\" data-mec-postid=\"144332\" src=\"data:image\/gif;base64,R0lGODlhAQABAAAAACH5BAEKAAEALAAAAAABAAEAAAICTAEAOw==\" style=\"--smush-placeholder-width: 300px; --smush-placeholder-aspect-ratio: 300\/300;\" \/><noscript><img loading=\"lazy\" decoding=\"async\" width=\"300\" height=\"300\" src=\"https:\/\/msk.lodz.pl\/wp-content\/uploads\/2025\/08\/teatralne-grafika-na-strone-300x300.png\" class=\"attachment-thumblist size-thumblist wp-post-image\" alt=\"\" data-mec-postid=\"144332\" \/><\/noscript><\/div><div class=\"mec-monthly-contents\" style=\"width: calc(100% - 85px)\"><div class=\"mec-event-time mec-color\"><i class=\"mec-sl-clock-o\"><\/i> 18:15 - 19:15<\/div><h4 class=\"mec-event-title\"><a class=\"mec-color-hover\" data-event-id=\"144332\" href=\"https:\/\/msk.lodz.pl\/en\/msk\/zajecia-teatralne-dla-dzieci-i-mlodziezy-zajecia-stale-iv-26-wk\/?occurrence=2026-04-27\" target=\"_self\" rel=\"noopener\">Zaj\u0119cia teatralne dla dzieci i m\u0142odzie\u017cy \/\/ zaj\u0119cia sta\u0142e \/\/ IV 26 \/\/ wk<\/a><\/h4><div class=\"mec-event-detail\">\r\n                        <div class=\"mec-event-loc-place\">MSK: Radogoszcz, Island of Culture Centre<\/div>\r\n                        \r\n                    <\/div><\/div><div style=\"clear:both\"><\/div><\/article><article class=\"mec-past-event mec-event-article\"><div class=\"mec-event-image\"><img loading=\"lazy\" decoding=\"async\" width=\"300\" height=\"300\" data-src=\"https:\/\/msk.lodz.pl\/wp-content\/uploads\/2023\/07\/canto-alegre-300x300.jpg\" class=\"attachment-thumblist size-thumblist wp-post-image lazyload\" alt=\"\" data-mec-postid=\"145259\" src=\"data:image\/gif;base64,R0lGODlhAQABAAAAACH5BAEKAAEALAAAAAABAAEAAAICTAEAOw==\" style=\"--smush-placeholder-width: 300px; --smush-placeholder-aspect-ratio: 300\/300;\" \/><noscript><img loading=\"lazy\" decoding=\"async\" width=\"300\" height=\"300\" src=\"https:\/\/msk.lodz.pl\/wp-content\/uploads\/2023\/07\/canto-alegre-300x300.jpg\" class=\"attachment-thumblist size-thumblist wp-post-image\" alt=\"\" data-mec-postid=\"145259\" \/><\/noscript><\/div><div class=\"mec-monthly-contents\" style=\"width: calc(100% - 85px)\"><div class=\"mec-event-time mec-color\"><i class=\"mec-sl-clock-o\"><\/i> 18:30 - 20:00<\/div><h4 class=\"mec-event-title\"><a class=\"mec-color-hover\" data-event-id=\"145259\" href=\"https:\/\/msk.lodz.pl\/en\/msk\/chor-canto-alegre-zajecia-stale-x-656-930-455-289-105-737-154-515-110-196-464-923-190-864-111-642\/?occurrence=2026-04-27\" target=\"_self\" rel=\"noopener\">Ch\u00f3r Canto Alegre \/\/ zaj\u0119cia sta\u0142e \/\/ kwiecie\u0144 2026<\/a> <span class=\"mec-event-title-soldout\"><span class=\"soldout\">Sold Out<\/span><\/span> <\/h4><div class=\"mec-event-detail\">\r\n                        <div class=\"mec-event-loc-place\">MSK: \u017babieniec, RONDO Animation and Revitalisation Centre<\/div>\r\n                        \r\n                    <\/div><\/div><div style=\"clear:both\"><\/div><\/article><article class=\"mec-past-event mec-event-article\"><div class=\"mec-event-image\"><img loading=\"lazy\" decoding=\"async\" width=\"300\" height=\"300\" data-src=\"https:\/\/msk.lodz.pl\/wp-content\/uploads\/2025\/08\/taniec-ludowy-1-300x300.png\" class=\"attachment-thumblist size-thumblist wp-post-image lazyload\" alt=\"\" data-mec-postid=\"145867\" src=\"data:image\/gif;base64,R0lGODlhAQABAAAAACH5BAEKAAEALAAAAAABAAEAAAICTAEAOw==\" style=\"--smush-placeholder-width: 300px; --smush-placeholder-aspect-ratio: 300\/300;\" \/><noscript><img loading=\"lazy\" decoding=\"async\" width=\"300\" height=\"300\" src=\"https:\/\/msk.lodz.pl\/wp-content\/uploads\/2025\/08\/taniec-ludowy-1-300x300.png\" class=\"attachment-thumblist size-thumblist wp-post-image\" alt=\"\" data-mec-postid=\"145867\" \/><\/noscript><\/div><div class=\"mec-monthly-contents\" style=\"width: calc(100% - 85px)\"><div class=\"mec-event-time mec-color\"><i class=\"mec-sl-clock-o\"><\/i> 18:30 - 20:15<\/div><h4 class=\"mec-event-title\"><a class=\"mec-color-hover\" data-event-id=\"145867\" href=\"https:\/\/msk.lodz.pl\/en\/msk\/taniec-ludowy-zespol-piesni-i-tanca-lodz-grupa-mlodziezowa-zajecia-stale-kwiecien-2026\/?occurrence=2026-04-27&#038;time=1777314600\" target=\"_self\" rel=\"noopener\">TANIEC LUDOWY \/\/ Zesp\u00f3\u0142 Pie\u015bni i Ta\u0144ca  &#8222;\u0141\u00f3d\u017a&#8221; grupa m\u0142odzie\u017cowa \/\/ zaj\u0119cia sta\u0142e \/\/ kwiecie\u0144 2026<\/a><span class=\"event-color\" style=\"background: #dd823b\"><\/span><\/h4><div class=\"mec-event-detail\">\r\n                        <div class=\"mec-event-loc-place\">MSK: Chojny, Youth Cultural Centre<\/div>\r\n                        \r\n                    <\/div><\/div><div style=\"clear:both\"><\/div><\/article><article class=\"mec-past-event mec-event-article\"><div class=\"mec-event-image\"><img loading=\"lazy\" decoding=\"async\" width=\"300\" height=\"300\" data-src=\"https:\/\/msk.lodz.pl\/wp-content\/uploads\/2024\/07\/6-300x300.png\" class=\"attachment-thumblist size-thumblist wp-post-image lazyload\" alt=\"\" data-mec-postid=\"56978\" src=\"data:image\/gif;base64,R0lGODlhAQABAAAAACH5BAEKAAEALAAAAAABAAEAAAICTAEAOw==\" style=\"--smush-placeholder-width: 300px; --smush-placeholder-aspect-ratio: 300\/300;\" \/><noscript><img loading=\"lazy\" decoding=\"async\" width=\"300\" height=\"300\" data-src=\"https:\/\/msk.lodz.pl\/wp-content\/uploads\/2024\/07\/6-300x300.png\" class=\"attachment-thumblist size-thumblist wp-post-image lazyload\" alt=\"\" data-mec-postid=\"56978\" src=\"data:image\/gif;base64,R0lGODlhAQABAAAAACH5BAEKAAEALAAAAAABAAEAAAICTAEAOw==\" style=\"--smush-placeholder-width: 300px; --smush-placeholder-aspect-ratio: 300\/300;\" \/><noscript><img loading=\"lazy\" decoding=\"async\" width=\"300\" height=\"300\" src=\"https:\/\/msk.lodz.pl\/wp-content\/uploads\/2024\/07\/6-300x300.png\" class=\"attachment-thumblist size-thumblist wp-post-image\" alt=\"\" data-mec-postid=\"56978\" \/><\/noscript><\/noscript><\/div><div class=\"mec-monthly-contents\" style=\"width: calc(100% - 85px)\"><div class=\"mec-event-time mec-color\"><i class=\"mec-sl-clock-o\"><\/i> 19:00 - 22:00<\/div><h4 class=\"mec-event-title\"><a class=\"mec-color-hover\" data-event-id=\"56978\" href=\"https:\/\/msk.lodz.pl\/en\/msk\/rytmika-a-dla-dzieci-4-6lat-zajecia-stale-ix-488-539-814-832-737-896-772-979-299-798-981-449-289-358-889-626-774-901-566-911-443-910-724-501-657-132-217-688-115-794-185-134-710-337-954-306-413-730-2-2\/?occurrence=2026-04-27\" target=\"_self\" rel=\"noopener\">Reprezentacja  (grupa zaawansowana posiadaj\u0105ca podstawy ta\u0144ca i \u015bpiewu)\/ dla m\u0142odzie\u017cy i doros\u0142ych \/ 16 -35 lat \/ zaj\u0119cia sta\u0142e IV<\/a><span class=\"event-color\" style=\"background: #fdd700\"><\/span><\/h4><div class=\"mec-event-detail\">\r\n                        <div class=\"mec-event-loc-place\">MSK: Harnam, Harnam Centre<\/div>\r\n                        \r\n                    <\/div><\/div><div style=\"clear:both\"><\/div><\/article><article class=\"mec-past-event mec-event-article\"><div class=\"mec-event-image\"><img loading=\"lazy\" decoding=\"async\" width=\"300\" height=\"300\" data-src=\"https:\/\/msk.lodz.pl\/wp-content\/uploads\/2024\/08\/Ariadance-II-300x300.png\" class=\"attachment-thumblist size-thumblist wp-post-image lazyload\" alt=\"\" data-mec-postid=\"134712\" src=\"data:image\/gif;base64,R0lGODlhAQABAAAAACH5BAEKAAEALAAAAAABAAEAAAICTAEAOw==\" style=\"--smush-placeholder-width: 300px; --smush-placeholder-aspect-ratio: 300\/300;\" \/><noscript><img loading=\"lazy\" decoding=\"async\" width=\"300\" height=\"300\" src=\"https:\/\/msk.lodz.pl\/wp-content\/uploads\/2024\/08\/Ariadance-II-300x300.png\" class=\"attachment-thumblist size-thumblist wp-post-image\" alt=\"\" data-mec-postid=\"134712\" \/><\/noscript><\/div><div class=\"mec-monthly-contents\" style=\"width: calc(100% - 85px)\"><div class=\"mec-event-time mec-color\"><i class=\"mec-sl-clock-o\"><\/i> 19:00 - 20:30<\/div><h4 class=\"mec-event-title\"><a class=\"mec-color-hover\" data-event-id=\"134712\" href=\"https:\/\/msk.lodz.pl\/en\/msk\/zespol-taneczny-ariadance-ii-zajecia-stale-iv-3\/?occurrence=2026-04-27\" target=\"_self\" rel=\"noopener\">Zesp\u00f3\u0142 Taneczny Ariadance II \/\/ zaj\u0119cia sta\u0142e \/\/ IV<\/a><\/h4><div class=\"mec-event-detail\">\r\n                        <div class=\"mec-event-loc-place\">Liceum Og\u00f3lnokszta\u0142c\u0105ce nr XXIII im. ks. prof. J. Tischnera<\/div>\r\n                        \r\n                    <\/div><\/div><div style=\"clear:both\"><\/div><\/article><article class=\"mec-past-event mec-event-article\"><div class=\"mec-event-image\"><img loading=\"lazy\" decoding=\"async\" width=\"300\" height=\"300\" data-src=\"https:\/\/msk.lodz.pl\/wp-content\/uploads\/2024\/09\/3-2-300x300.jpg\" class=\"attachment-thumblist size-thumblist wp-post-image lazyload\" alt=\"\" data-mec-postid=\"143045\" src=\"data:image\/gif;base64,R0lGODlhAQABAAAAACH5BAEKAAEALAAAAAABAAEAAAICTAEAOw==\" style=\"--smush-placeholder-width: 300px; --smush-placeholder-aspect-ratio: 300\/300;\" \/><noscript><img loading=\"lazy\" decoding=\"async\" width=\"300\" height=\"300\" src=\"https:\/\/msk.lodz.pl\/wp-content\/uploads\/2024\/09\/3-2-300x300.jpg\" class=\"attachment-thumblist size-thumblist wp-post-image\" alt=\"\" data-mec-postid=\"143045\" \/><\/noscript><\/div><div class=\"mec-monthly-contents\" style=\"width: calc(100% - 85px)\"><div class=\"mec-event-time mec-color\"><i class=\"mec-sl-clock-o\"><\/i> 19:00 - 21:00<\/div><h4 class=\"mec-event-title\"><a class=\"mec-color-hover\" data-event-id=\"143045\" href=\"https:\/\/msk.lodz.pl\/en\/msk\/teatr-tanca-tkane-takty-zajecia-stale-wrzesien-233-209-312-148-302-459-586-921-980-650-799-932-336-420-926-471-654\/?occurrence=2026-04-27\" target=\"_self\" rel=\"noopener\">Teatr Ta\u0144ca \u201eTkane Takty\u201d \/\/ zaj\u0119cia sta\u0142e \/\/ IV 2026<\/a><span class=\"event-color\" style=\"background: #fdd700\"><\/span><\/h4><div class=\"mec-event-detail\">\r\n                        <div class=\"mec-event-loc-place\">MSK: Widzew Wsch\u00f3d, Dom Kultury \"502\"<\/div>\r\n                        \r\n                    <\/div><\/div><div style=\"clear:both\"><\/div><\/article><article class=\"mec-past-event mec-event-article\"><div class=\"mec-event-image\"><img loading=\"lazy\" decoding=\"async\" width=\"300\" height=\"300\" data-src=\"https:\/\/msk.lodz.pl\/wp-content\/uploads\/2025\/02\/11-300x300.png\" class=\"attachment-thumblist size-thumblist wp-post-image lazyload\" alt=\"\" data-mec-postid=\"143408\" src=\"data:image\/gif;base64,R0lGODlhAQABAAAAACH5BAEKAAEALAAAAAABAAEAAAICTAEAOw==\" style=\"--smush-placeholder-width: 300px; --smush-placeholder-aspect-ratio: 300\/300;\" \/><noscript><img loading=\"lazy\" decoding=\"async\" width=\"300\" height=\"300\" src=\"https:\/\/msk.lodz.pl\/wp-content\/uploads\/2025\/02\/11-300x300.png\" class=\"attachment-thumblist size-thumblist wp-post-image\" alt=\"\" data-mec-postid=\"143408\" \/><\/noscript><\/div><div class=\"mec-monthly-contents\" style=\"width: calc(100% - 85px)\"><div class=\"mec-event-time mec-color\"><i class=\"mec-sl-clock-o\"><\/i> 19:00 - 20:00<\/div><h4 class=\"mec-event-title\"><a class=\"mec-color-hover\" data-event-id=\"143408\" href=\"https:\/\/msk.lodz.pl\/en\/msk\/jezyk-hiszpanski-dla-doroslych-zajecia-stale-ix-2025-760-581-999-698-894-884-692\/?occurrence=2026-04-27\" target=\"_self\" rel=\"noopener\">J\u0119zyk hiszpa\u0144ski dla doros\u0142ych gr. I \/\/zaj\u0119cia sta\u0142e\/\/ IV 2026<\/a> <span class=\"mec-event-title-soldout\"><span class=\"soldout\">Sold Out<\/span><\/span> <span class=\"event-color\" style=\"background: #fdd700\"><\/span><\/h4><div class=\"mec-event-detail\">\r\n                        <div class=\"mec-event-loc-place\">MSK: Widzew Wsch\u00f3d, Dom Kultury \"502\"<\/div>\r\n                        \r\n                    <\/div><\/div><div style=\"clear:both\"><\/div><\/article><article class=\"mec-past-event mec-event-article\"><div class=\"mec-event-image\"><img loading=\"lazy\" decoding=\"async\" width=\"300\" height=\"300\" data-src=\"https:\/\/msk.lodz.pl\/wp-content\/uploads\/2023\/12\/JOGA-300x300.jpg\" class=\"attachment-thumblist size-thumblist wp-post-image lazyload\" alt=\"\" data-mec-postid=\"145930\" src=\"data:image\/gif;base64,R0lGODlhAQABAAAAACH5BAEKAAEALAAAAAABAAEAAAICTAEAOw==\" style=\"--smush-placeholder-width: 300px; --smush-placeholder-aspect-ratio: 300\/300;\" \/><noscript><img loading=\"lazy\" decoding=\"async\" width=\"300\" height=\"300\" src=\"https:\/\/msk.lodz.pl\/wp-content\/uploads\/2023\/12\/JOGA-300x300.jpg\" class=\"attachment-thumblist size-thumblist wp-post-image\" alt=\"\" data-mec-postid=\"145930\" \/><\/noscript><\/div><div class=\"mec-monthly-contents\" style=\"width: calc(100% - 85px)\"><div class=\"mec-event-time mec-color\"><i class=\"mec-sl-clock-o\"><\/i> 19:00 - 20:00<\/div><h4 class=\"mec-event-title\"><a class=\"mec-color-hover\" data-event-id=\"145930\" href=\"https:\/\/msk.lodz.pl\/en\/msk\/joga-zajecia-stale-wrzesien-2025-877-580-612-676-331-111-804\/?occurrence=2026-04-27\" target=\"_self\" rel=\"noopener\">JOGA \/\/ ZAJ\u0118CIA STA\u0141E \/\/KWIECIE\u0143 2026<\/a><span class=\"event-color\" style=\"background: #dd823b\"><\/span><\/h4><div class=\"mec-event-detail\">\r\n                        <div class=\"mec-event-loc-place\">MSK: \u017bubard\u017a, Cultural Education Centre on \u017bubardzka Street<\/div>\r\n                        \r\n                    <\/div><\/div><div style=\"clear:both\"><\/div><\/article><article class=\"mec-past-event mec-event-article\"><div class=\"mec-event-image\"><img loading=\"lazy\" decoding=\"async\" width=\"300\" height=\"300\" data-src=\"https:\/\/msk.lodz.pl\/wp-content\/uploads\/2023\/07\/MSK-Zubardz-na-www-33-300x300.png\" class=\"attachment-thumblist size-thumblist wp-post-image lazyload\" alt=\"\" data-mec-postid=\"145934\" src=\"data:image\/gif;base64,R0lGODlhAQABAAAAACH5BAEKAAEALAAAAAABAAEAAAICTAEAOw==\" style=\"--smush-placeholder-width: 300px; --smush-placeholder-aspect-ratio: 300\/300;\" \/><noscript><img loading=\"lazy\" decoding=\"async\" width=\"300\" height=\"300\" src=\"https:\/\/msk.lodz.pl\/wp-content\/uploads\/2023\/07\/MSK-Zubardz-na-www-33-300x300.png\" class=\"attachment-thumblist size-thumblist wp-post-image\" alt=\"\" data-mec-postid=\"145934\" \/><\/noscript><\/div><div class=\"mec-monthly-contents\" style=\"width: calc(100% - 85px)\"><div class=\"mec-event-time mec-color\"><i class=\"mec-sl-clock-o\"><\/i> 19:00 - 20:30<\/div><h4 class=\"mec-event-title\"><a class=\"mec-color-hover\" data-event-id=\"145934\" href=\"https:\/\/msk.lodz.pl\/en\/msk\/coffee-english-zajecia-stale-iv-2-743-945-513-258-961-156-654\/?occurrence=2026-04-27\" target=\"_self\" rel=\"noopener\">J\u0118ZYK ANGIELSKI DLA DOROS\u0141YCH &#8211; KONWERSACJE \/\/ ZAJ\u0118CIA STA\u0141E\/\/KWIECIE\u0143 2026<\/a><span class=\"event-color\" style=\"background: #a3b745\"><\/span><\/h4><div class=\"mec-event-detail\">\r\n                        <div class=\"mec-event-loc-place\">MSK: \u017bubard\u017a, Cultural Education Centre on \u017bubardzka Street<\/div>\r\n                        \r\n                    <\/div><\/div><div style=\"clear:both\"><\/div><\/article><article class=\"mec-past-event mec-event-article\"><div class=\"mec-event-image\"><img loading=\"lazy\" decoding=\"async\" width=\"300\" height=\"300\" data-src=\"https:\/\/msk.lodz.pl\/wp-content\/uploads\/2023\/10\/7-1-300x300.jpg\" class=\"attachment-thumblist size-thumblist wp-post-image lazyload\" alt=\"\" data-mec-postid=\"143389\" src=\"data:image\/gif;base64,R0lGODlhAQABAAAAACH5BAEKAAEALAAAAAABAAEAAAICTAEAOw==\" style=\"--smush-placeholder-width: 300px; --smush-placeholder-aspect-ratio: 300\/300;\" \/><noscript><img loading=\"lazy\" decoding=\"async\" width=\"300\" height=\"300\" data-src=\"https:\/\/msk.lodz.pl\/wp-content\/uploads\/2023\/10\/7-1-300x300.jpg\" class=\"attachment-thumblist size-thumblist wp-post-image lazyload\" alt=\"\" data-mec-postid=\"143389\" src=\"data:image\/gif;base64,R0lGODlhAQABAAAAACH5BAEKAAEALAAAAAABAAEAAAICTAEAOw==\" style=\"--smush-placeholder-width: 300px; --smush-placeholder-aspect-ratio: 300\/300;\" \/><noscript><img loading=\"lazy\" decoding=\"async\" width=\"300\" height=\"300\" src=\"https:\/\/msk.lodz.pl\/wp-content\/uploads\/2023\/10\/7-1-300x300.jpg\" class=\"attachment-thumblist size-thumblist wp-post-image\" alt=\"\" data-mec-postid=\"143389\" \/><\/noscript><\/noscript><\/div><div class=\"mec-monthly-contents\" style=\"width: calc(100% - 85px)\"><div class=\"mec-event-time mec-color\"><i class=\"mec-sl-clock-o\"><\/i> 19:15 - 20:45<\/div><h4 class=\"mec-event-title\"><a class=\"mec-color-hover\" data-event-id=\"143389\" href=\"https:\/\/msk.lodz.pl\/en\/msk\/capoeira-dla-mlodziezy-i-doroslych-356-688-999-888-131-188-542-883\/?occurrence=2026-04-27\" target=\"_self\" rel=\"noopener\">Capoeira dla m\u0142odzie\u017cy i doros\u0142ych \/\/ zaj\u0119cia sta\u0142e \/\/ IV 2026<\/a><span class=\"event-color\" style=\"background: #fdd700\"><\/span><\/h4><div class=\"mec-event-detail\">\r\n                        <div class=\"mec-event-loc-place\">MSK: Widzew Wsch\u00f3d, Dom Kultury \"502\"<\/div>\r\n                        \r\n                    <\/div><\/div><div style=\"clear:both\"><\/div><\/article><article class=\"mec-past-event mec-event-article\"><div class=\"mec-event-image\"><img loading=\"lazy\" decoding=\"async\" width=\"300\" height=\"300\" data-src=\"https:\/\/msk.lodz.pl\/wp-content\/uploads\/2024\/03\/JOGA-DLA-DZIECI-1-300x300.png\" class=\"attachment-thumblist size-thumblist wp-post-image lazyload\" alt=\"\" data-mec-postid=\"144308\" src=\"data:image\/gif;base64,R0lGODlhAQABAAAAACH5BAEKAAEALAAAAAABAAEAAAICTAEAOw==\" style=\"--smush-placeholder-width: 300px; --smush-placeholder-aspect-ratio: 300\/300;\" \/><noscript><img loading=\"lazy\" decoding=\"async\" width=\"300\" height=\"300\" src=\"https:\/\/msk.lodz.pl\/wp-content\/uploads\/2024\/03\/JOGA-DLA-DZIECI-1-300x300.png\" class=\"attachment-thumblist size-thumblist wp-post-image\" alt=\"\" data-mec-postid=\"144308\" \/><\/noscript><\/div><div class=\"mec-monthly-contents\" style=\"width: calc(100% - 85px)\"><div class=\"mec-event-time mec-color\"><i class=\"mec-sl-clock-o\"><\/i> 19:30 - 20:30<\/div><h4 class=\"mec-event-title\"><a class=\"mec-color-hover\" data-event-id=\"144308\" href=\"https:\/\/msk.lodz.pl\/en\/msk\/salsation-tancz-baw-sie-zadbaj-o-swoja-kondycje-zajecia-stale-iv-26-wk\/?occurrence=2026-04-27\" target=\"_self\" rel=\"noopener\">SALSATION &#8211; ta\u0144cz, baw si\u0119, zadbaj o swoj\u0105 kondycj\u0119 \/\/zaj\u0119cia sta\u0142e\/\/ IV 26 \/\/ wk<\/a><\/h4><div class=\"mec-event-detail\">\r\n                        <div class=\"mec-event-loc-place\">MSK: Radogoszcz, Island of Culture Centre<\/div>\r\n                        \r\n                    <\/div><\/div><div style=\"clear:both\"><\/div><\/article><article class=\"mec-past-event mec-event-article\"><div class=\"mec-event-image\"><img loading=\"lazy\" decoding=\"async\" width=\"300\" height=\"300\" data-src=\"https:\/\/msk.lodz.pl\/wp-content\/uploads\/2023\/07\/www-23-300x300.png\" class=\"attachment-thumblist size-thumblist wp-post-image lazyload\" alt=\"\" data-mec-postid=\"145675\" src=\"data:image\/gif;base64,R0lGODlhAQABAAAAACH5BAEKAAEALAAAAAABAAEAAAICTAEAOw==\" style=\"--smush-placeholder-width: 300px; --smush-placeholder-aspect-ratio: 300\/300;\" \/><noscript><img loading=\"lazy\" decoding=\"async\" width=\"300\" height=\"300\" data-src=\"https:\/\/msk.lodz.pl\/wp-content\/uploads\/2023\/07\/www-23-300x300.png\" class=\"attachment-thumblist size-thumblist wp-post-image lazyload\" alt=\"\" data-mec-postid=\"145675\" src=\"data:image\/gif;base64,R0lGODlhAQABAAAAACH5BAEKAAEALAAAAAABAAEAAAICTAEAOw==\" style=\"--smush-placeholder-width: 300px; --smush-placeholder-aspect-ratio: 300\/300;\" \/><noscript><img loading=\"lazy\" decoding=\"async\" width=\"300\" height=\"300\" src=\"https:\/\/msk.lodz.pl\/wp-content\/uploads\/2023\/07\/www-23-300x300.png\" class=\"attachment-thumblist size-thumblist wp-post-image\" alt=\"\" data-mec-postid=\"145675\" \/><\/noscript><\/noscript><\/div><div class=\"mec-monthly-contents\" style=\"width: calc(100% - 85px)\"><div class=\"mec-event-time mec-color\"><i class=\"mec-sl-clock-o\"><\/i> 19:30 - 20:30<\/div><h4 class=\"mec-event-title\"><a class=\"mec-color-hover\" data-event-id=\"145675\" href=\"https:\/\/msk.lodz.pl\/en\/msk\/body-dance-zajecia-ruchowo-taneczne-lutnia-zajecia-stale-iv-3\/?occurrence=2026-04-27\" target=\"_self\" rel=\"noopener\">Body DANCE &#8211; zaj\u0119cia ruchowo &#8211; taneczne LUTNIA \/\/ zaj\u0119cia sta\u0142e \/\/ IV<\/a><span class=\"event-color\" style=\"background: #00a0d2\"><\/span><\/h4><div class=\"mec-event-detail\">\r\n                        <div class=\"mec-event-loc-place\">MSK: Teofil\u00f3w, Lutnia Creative Centre<\/div>\r\n                        \r\n                    <\/div><\/div><div style=\"clear:both\"><\/div><\/article><article class=\"mec-past-event mec-event-article\"><div class=\"mec-event-image\"><img loading=\"lazy\" decoding=\"async\" width=\"300\" height=\"300\" data-src=\"https:\/\/msk.lodz.pl\/wp-content\/uploads\/2026\/03\/kobiety1-300x300.png\" class=\"attachment-thumblist size-thumblist wp-post-image lazyload\" alt=\"\" data-mec-postid=\"146967\" src=\"data:image\/gif;base64,R0lGODlhAQABAAAAACH5BAEKAAEALAAAAAABAAEAAAICTAEAOw==\" style=\"--smush-placeholder-width: 300px; --smush-placeholder-aspect-ratio: 300\/300;\" \/><noscript><img loading=\"lazy\" decoding=\"async\" width=\"300\" height=\"300\" data-src=\"https:\/\/msk.lodz.pl\/wp-content\/uploads\/2026\/03\/kobiety1-300x300.png\" class=\"attachment-thumblist size-thumblist wp-post-image lazyload\" alt=\"\" data-mec-postid=\"146967\" src=\"data:image\/gif;base64,R0lGODlhAQABAAAAACH5BAEKAAEALAAAAAABAAEAAAICTAEAOw==\" style=\"--smush-placeholder-width: 300px; --smush-placeholder-aspect-ratio: 300\/300;\" \/><noscript><img loading=\"lazy\" decoding=\"async\" width=\"300\" height=\"300\" data-src=\"https:\/\/msk.lodz.pl\/wp-content\/uploads\/2026\/03\/kobiety1-300x300.png\" class=\"attachment-thumblist size-thumblist wp-post-image lazyload\" alt=\"\" data-mec-postid=\"146967\" src=\"data:image\/gif;base64,R0lGODlhAQABAAAAACH5BAEKAAEALAAAAAABAAEAAAICTAEAOw==\" style=\"--smush-placeholder-width: 300px; --smush-placeholder-aspect-ratio: 300\/300;\" \/><noscript><img loading=\"lazy\" decoding=\"async\" width=\"300\" height=\"300\" data-src=\"https:\/\/msk.lodz.pl\/wp-content\/uploads\/2026\/03\/kobiety1-300x300.png\" class=\"attachment-thumblist size-thumblist wp-post-image lazyload\" alt=\"\" data-mec-postid=\"146967\" src=\"data:image\/gif;base64,R0lGODlhAQABAAAAACH5BAEKAAEALAAAAAABAAEAAAICTAEAOw==\" style=\"--smush-placeholder-width: 300px; --smush-placeholder-aspect-ratio: 300\/300;\" \/><noscript><img loading=\"lazy\" decoding=\"async\" width=\"300\" height=\"300\" data-src=\"https:\/\/msk.lodz.pl\/wp-content\/uploads\/2026\/03\/kobiety1-300x300.png\" class=\"attachment-thumblist size-thumblist wp-post-image lazyload\" alt=\"\" data-mec-postid=\"146967\" src=\"data:image\/gif;base64,R0lGODlhAQABAAAAACH5BAEKAAEALAAAAAABAAEAAAICTAEAOw==\" style=\"--smush-placeholder-width: 300px; --smush-placeholder-aspect-ratio: 300\/300;\" \/><noscript><img loading=\"lazy\" decoding=\"async\" width=\"300\" height=\"300\" src=\"https:\/\/msk.lodz.pl\/wp-content\/uploads\/2026\/03\/kobiety1-300x300.png\" class=\"attachment-thumblist size-thumblist wp-post-image\" alt=\"\" data-mec-postid=\"146967\" \/><\/noscript><\/noscript><\/noscript><\/noscript><\/noscript><\/div><div class=\"mec-monthly-contents\" style=\"width: calc(100% - 85px)\"><div class=\"mec-event-time mec-color\"><i class=\"mec-sl-clock-o\"><\/i> 23:00 - 23:55<\/div><h4 class=\"mec-event-title\"><a class=\"mec-color-hover\" data-event-id=\"146967\" href=\"https:\/\/msk.lodz.pl\/en\/msk\/kobiety-niezwykle-2026-zglos-swoja-kandydatke\/?occurrence=2026-04-27\" target=\"_self\" rel=\"noopener\">Kobiety Niezwyk\u0142e 2026 \u2013 Zg\u0142o\u015b swoj\u0105 kandydatk\u0119!<\/a><span class=\"event-color\" style=\"background: #30f2eb\"><\/span><\/h4><div class=\"mec-event-detail\">\r\n                        <div class=\"mec-event-loc-place\">MSK: D\u0105browa, Klub D\u0105browa<\/div>\r\n                        \r\n                    <\/div><\/div><div style=\"clear:both\"><\/div><\/article><\/div><div class=\"mec-calendar-events-sec\" id=\"mec-calendar-events-sec-11745-20260428\" data-mec-cell=\"20260428\" ><h6 class=\"mec-table-side-title\">Events for April<\/h6><h3 class=\"mec-color mec-table-side-day\"> 28<\/h3><article class=\"mec-past-event mec-event-article\"><div class=\"mec-event-image\"><img loading=\"lazy\" decoding=\"async\" width=\"300\" height=\"300\" data-src=\"https:\/\/msk.lodz.pl\/wp-content\/uploads\/2024\/09\/nauka-jezyka-nag-300x300.jpg\" class=\"attachment-thumblist size-thumblist wp-post-image lazyload\" alt=\"\" data-mec-postid=\"145269\" src=\"data:image\/gif;base64,R0lGODlhAQABAAAAACH5BAEKAAEALAAAAAABAAEAAAICTAEAOw==\" style=\"--smush-placeholder-width: 300px; --smush-placeholder-aspect-ratio: 300\/300;\" \/><noscript><img loading=\"lazy\" decoding=\"async\" width=\"300\" height=\"300\" src=\"https:\/\/msk.lodz.pl\/wp-content\/uploads\/2024\/09\/nauka-jezyka-nag-300x300.jpg\" class=\"attachment-thumblist size-thumblist wp-post-image\" alt=\"\" data-mec-postid=\"145269\" \/><\/noscript><\/div><div class=\"mec-monthly-contents\" style=\"width: calc(100% - 85px)\"><div class=\"mec-event-time mec-color\"><i class=\"mec-sl-clock-o\"><\/i> 08:30 - 10:00<\/div><h4 class=\"mec-event-title\"><a class=\"mec-color-hover\" data-event-id=\"145269\" href=\"https:\/\/msk.lodz.pl\/en\/msk\/lektorat-jezyka-angielskiego-dla-doroslych-i-seniorow-zabieniec-zajecia-stale-ix-204-547-400-113-811-920-346-267-257-459-243-914-144-252\/?occurrence=2026-04-28\" target=\"_self\" rel=\"noopener\">Lektorat j\u0119zyka angielskiego dla doros\u0142ych i senior\u00f3w \u017babieniec \/\/ zaj\u0119cia sta\u0142e \/\/ kwiecie\u0144 2026<\/a><\/h4><div class=\"mec-event-detail\">\r\n                        <div class=\"mec-event-loc-place\">MSK: \u017babieniec, RONDO Animation and Revitalisation Centre<\/div>\r\n                        \r\n                    <\/div><\/div><div style=\"clear:both\"><\/div><\/article><article class=\"mec-past-event mec-event-article\"><div class=\"mec-event-image\"><img loading=\"lazy\" decoding=\"async\" width=\"300\" height=\"300\" data-src=\"https:\/\/msk.lodz.pl\/wp-content\/uploads\/2023\/07\/www-34-300x300.png\" class=\"attachment-thumblist size-thumblist wp-post-image lazyload\" alt=\"\" data-mec-postid=\"14156\" src=\"data:image\/gif;base64,R0lGODlhAQABAAAAACH5BAEKAAEALAAAAAABAAEAAAICTAEAOw==\" style=\"--smush-placeholder-width: 300px; --smush-placeholder-aspect-ratio: 300\/300;\" \/><noscript><img loading=\"lazy\" decoding=\"async\" width=\"300\" height=\"300\" data-src=\"https:\/\/msk.lodz.pl\/wp-content\/uploads\/2023\/07\/www-34-300x300.png\" class=\"attachment-thumblist size-thumblist wp-post-image lazyload\" alt=\"\" data-mec-postid=\"14156\" src=\"data:image\/gif;base64,R0lGODlhAQABAAAAACH5BAEKAAEALAAAAAABAAEAAAICTAEAOw==\" style=\"--smush-placeholder-width: 300px; --smush-placeholder-aspect-ratio: 300\/300;\" \/><noscript><img loading=\"lazy\" decoding=\"async\" width=\"300\" height=\"300\" src=\"https:\/\/msk.lodz.pl\/wp-content\/uploads\/2023\/07\/www-34-300x300.png\" class=\"attachment-thumblist size-thumblist wp-post-image\" alt=\"\" data-mec-postid=\"14156\" \/><\/noscript><\/noscript><\/div><div class=\"mec-monthly-contents\" style=\"width: calc(100% - 85px)\"><div class=\"mec-event-time mec-color\"><i class=\"mec-sl-clock-o\"><\/i> 09:00 - 14:00<\/div><h4 class=\"mec-event-title\"><a class=\"mec-color-hover\" data-event-id=\"14156\" href=\"https:\/\/msk.lodz.pl\/en\/msk\/klub-brydza\/?occurrence=2026-04-28\" target=\"_self\" rel=\"noopener\">Klub Bryd\u017ca dla senior\u00f3w<\/a><span class=\"event-color\" style=\"background: #fdd700\"><\/span><\/h4><div class=\"mec-event-detail\">\r\n                        <div class=\"mec-event-loc-place\">MSK: Polesie, Art Centre<\/div>\r\n                        \r\n                    <\/div><\/div><div style=\"clear:both\"><\/div><\/article><article class=\"mec-past-event mec-event-article\"><div class=\"mec-event-image\"><img loading=\"lazy\" decoding=\"async\" width=\"300\" height=\"300\" data-src=\"https:\/\/msk.lodz.pl\/wp-content\/uploads\/2023\/08\/potancowka-300x300.png\" class=\"attachment-thumblist size-thumblist wp-post-image lazyload\" alt=\"Para senior\u00f3w ta\u0144czy\" data-mec-postid=\"145659\" src=\"data:image\/gif;base64,R0lGODlhAQABAAAAACH5BAEKAAEALAAAAAABAAEAAAICTAEAOw==\" style=\"--smush-placeholder-width: 300px; --smush-placeholder-aspect-ratio: 300\/300;\" \/><noscript><img loading=\"lazy\" decoding=\"async\" width=\"300\" height=\"300\" src=\"https:\/\/msk.lodz.pl\/wp-content\/uploads\/2023\/08\/potancowka-300x300.png\" class=\"attachment-thumblist size-thumblist wp-post-image\" alt=\"Para senior\u00f3w ta\u0144czy\" data-mec-postid=\"145659\" \/><\/noscript><\/div><div class=\"mec-monthly-contents\" style=\"width: calc(100% - 85px)\"><div class=\"mec-event-time mec-color\"><i class=\"mec-sl-clock-o\"><\/i> 09:00 - 10:00<\/div><h4 class=\"mec-event-title\"><a class=\"mec-color-hover\" data-event-id=\"145659\" href=\"https:\/\/msk.lodz.pl\/en\/msk\/warsztaty-tanca-towarzyskiego-dla-seniorow-2-749-314-949-473-802-835-989-315-187-690-862\/?occurrence=2026-04-28\" target=\"_self\" rel=\"noopener\">Taniec dla Seniora gr.1\/Karolew\/zaj\u0119cia sta\u0142e\/kwiecie\u0144 2026<\/a> <span class=\"mec-event-title-soldout mec-few-tickets\"><span class=\"soldout\">Sale has ended<\/span><\/span> <span class=\"event-color\" style=\"background: #e14d43\"><\/span><\/h4><div class=\"mec-event-detail\">\r\n                        <div class=\"mec-event-loc-place\">MSK: Karolew, Karolew Centre<\/div>\r\n                        \r\n                    <\/div><\/div><div style=\"clear:both\"><\/div><\/article><article class=\"mec-past-event mec-event-article\"><div class=\"mec-event-image\"><img loading=\"lazy\" decoding=\"async\" width=\"300\" height=\"300\" data-src=\"https:\/\/msk.lodz.pl\/wp-content\/uploads\/2024\/09\/11-1-300x300.jpg\" class=\"attachment-thumblist size-thumblist wp-post-image lazyload\" alt=\"\" data-mec-postid=\"143078\" src=\"data:image\/gif;base64,R0lGODlhAQABAAAAACH5BAEKAAEALAAAAAABAAEAAAICTAEAOw==\" style=\"--smush-placeholder-width: 300px; --smush-placeholder-aspect-ratio: 300\/300;\" \/><noscript><img loading=\"lazy\" decoding=\"async\" width=\"300\" height=\"300\" data-src=\"https:\/\/msk.lodz.pl\/wp-content\/uploads\/2024\/09\/11-1-300x300.jpg\" class=\"attachment-thumblist size-thumblist wp-post-image lazyload\" alt=\"\" data-mec-postid=\"143078\" src=\"data:image\/gif;base64,R0lGODlhAQABAAAAACH5BAEKAAEALAAAAAABAAEAAAICTAEAOw==\" style=\"--smush-placeholder-width: 300px; --smush-placeholder-aspect-ratio: 300\/300;\" \/><noscript><img loading=\"lazy\" decoding=\"async\" width=\"300\" height=\"300\" src=\"https:\/\/msk.lodz.pl\/wp-content\/uploads\/2024\/09\/11-1-300x300.jpg\" class=\"attachment-thumblist size-thumblist wp-post-image\" alt=\"\" data-mec-postid=\"143078\" \/><\/noscript><\/noscript><\/div><div class=\"mec-monthly-contents\" style=\"width: calc(100% - 85px)\"><div class=\"mec-event-time mec-color\"><i class=\"mec-sl-clock-o\"><\/i> 09:30 - 10:30<\/div><h4 class=\"mec-event-title\"><a class=\"mec-color-hover\" data-event-id=\"143078\" href=\"https:\/\/msk.lodz.pl\/en\/msk\/gimnastyka-dla-seniorow-zajecia-stale-wrzesien-287-553-688-296-567-729-249-265-754-452-298-169-321-604-753-407-481\/?occurrence=2026-04-28\" target=\"_self\" rel=\"noopener\">Gimnastyka 65+ \/\/ zaj\u0119cia sta\u0142e \/\/ IV 2026<\/a><span class=\"event-color\" style=\"background: #fdd700\"><\/span><\/h4><div class=\"mec-event-detail\">\r\n                        <div class=\"mec-event-loc-place\">MSK: Widzew Wsch\u00f3d, Dom Kultury \"502\"<\/div>\r\n                        \r\n                    <\/div><\/div><div style=\"clear:both\"><\/div><\/article><article class=\"mec-past-event mec-event-article\"><div class=\"mec-event-image\"><img loading=\"lazy\" decoding=\"async\" width=\"300\" height=\"300\" data-src=\"https:\/\/msk.lodz.pl\/wp-content\/uploads\/2023\/07\/gimnastyka-300x300.png\" class=\"attachment-thumblist size-thumblist wp-post-image lazyload\" alt=\"zdj\u0119cie przedstawia tr\u00f3jk\u0119 senior\u00f3w \u0107wicz\u0105cych gimnastyk\u0119\" data-mec-postid=\"144321\" src=\"data:image\/gif;base64,R0lGODlhAQABAAAAACH5BAEKAAEALAAAAAABAAEAAAICTAEAOw==\" style=\"--smush-placeholder-width: 300px; --smush-placeholder-aspect-ratio: 300\/300;\" \/><noscript><img loading=\"lazy\" decoding=\"async\" width=\"300\" height=\"300\" data-src=\"https:\/\/msk.lodz.pl\/wp-content\/uploads\/2023\/07\/gimnastyka-300x300.png\" class=\"attachment-thumblist size-thumblist wp-post-image lazyload\" alt=\"zdj\u0119cie przedstawia tr\u00f3jk\u0119 senior\u00f3w \u0107wicz\u0105cych gimnastyk\u0119\" data-mec-postid=\"144321\" src=\"data:image\/gif;base64,R0lGODlhAQABAAAAACH5BAEKAAEALAAAAAABAAEAAAICTAEAOw==\" style=\"--smush-placeholder-width: 300px; --smush-placeholder-aspect-ratio: 300\/300;\" \/><noscript><img loading=\"lazy\" decoding=\"async\" width=\"300\" height=\"300\" src=\"https:\/\/msk.lodz.pl\/wp-content\/uploads\/2023\/07\/gimnastyka-300x300.png\" class=\"attachment-thumblist size-thumblist wp-post-image\" alt=\"zdj\u0119cie przedstawia tr\u00f3jk\u0119 senior\u00f3w \u0107wicz\u0105cych gimnastyk\u0119\" data-mec-postid=\"144321\" \/><\/noscript><\/noscript><\/div><div class=\"mec-monthly-contents\" style=\"width: calc(100% - 85px)\"><div class=\"mec-event-time mec-color\"><i class=\"mec-sl-clock-o\"><\/i> 09:30 - 10:30<\/div><h4 class=\"mec-event-title\"><a class=\"mec-color-hover\" data-event-id=\"144321\" href=\"https:\/\/msk.lodz.pl\/en\/msk\/gimnastyka-dla-seniorow-zdrowy-kregoslup-gr-1-zajecia-stale-iv-26-wk\/?occurrence=2026-04-28\" target=\"_self\" rel=\"noopener\">Gimnastyka dla Senior\u00f3w &#8211; ZDROWY KR\u0118GOS\u0141UP gr. 1 \/\/ zaj\u0119cia sta\u0142e \/\/ IV 26 \/\/ wk<\/a> <span class=\"mec-event-title-soldout\"><span class=\"soldout\">Sold Out<\/span><\/span> <\/h4><div class=\"mec-event-detail\">\r\n                        <div class=\"mec-event-loc-place\">MSK: Radogoszcz, Island of Culture Centre<\/div>\r\n                        \r\n                    <\/div><\/div><div style=\"clear:both\"><\/div><\/article><article class=\"mec-past-event mec-event-article\"><div class=\"mec-event-image\"><img loading=\"lazy\" decoding=\"async\" width=\"300\" height=\"300\" data-src=\"https:\/\/msk.lodz.pl\/wp-content\/uploads\/2023\/08\/Okladka_kurs-jezykowy-300x300.jpg\" class=\"attachment-thumblist size-thumblist wp-post-image lazyload\" alt=\"\" data-mec-postid=\"144879\" src=\"data:image\/gif;base64,R0lGODlhAQABAAAAACH5BAEKAAEALAAAAAABAAEAAAICTAEAOw==\" style=\"--smush-placeholder-width: 300px; --smush-placeholder-aspect-ratio: 300\/300;\" \/><noscript><img loading=\"lazy\" decoding=\"async\" width=\"300\" height=\"300\" src=\"https:\/\/msk.lodz.pl\/wp-content\/uploads\/2023\/08\/Okladka_kurs-jezykowy-300x300.jpg\" class=\"attachment-thumblist size-thumblist wp-post-image\" alt=\"\" data-mec-postid=\"144879\" \/><\/noscript><\/div><div class=\"mec-monthly-contents\" style=\"width: calc(100% - 85px)\"><div class=\"mec-event-time mec-color\"><i class=\"mec-sl-clock-o\"><\/i> 10:00 - 10:45<\/div><h4 class=\"mec-event-title\"><a class=\"mec-color-hover\" data-event-id=\"144879\" href=\"https:\/\/msk.lodz.pl\/en\/msk\/j-angielski-60-poczatkujacy-kwiecien2026\/?occurrence=2026-04-28\" target=\"_self\" rel=\"noopener\">J\u0119zyk angielski 60+ (pocz\u0105tkuj\u0105cy) \/\/ zaj\u0119cia sta\u0142e \/\/ O\u015brodek G\u00f3rna \/\/ Kwiecie\u0144 2026<\/a><\/h4><div class=\"mec-event-detail\">\r\n                        <div class=\"mec-event-loc-place\">MSK: Upper, Upper Centre<\/div>\r\n                        \r\n                    <\/div><\/div><div style=\"clear:both\"><\/div><\/article><article class=\"mec-past-event mec-event-article\"><div class=\"mec-event-image\"><img loading=\"lazy\" decoding=\"async\" width=\"300\" height=\"300\" data-src=\"https:\/\/msk.lodz.pl\/wp-content\/uploads\/2025\/12\/ceramika-300x300.jpg\" class=\"attachment-thumblist size-thumblist wp-post-image lazyload\" alt=\"\" data-mec-postid=\"145644\" src=\"data:image\/gif;base64,R0lGODlhAQABAAAAACH5BAEKAAEALAAAAAABAAEAAAICTAEAOw==\" style=\"--smush-placeholder-width: 300px; --smush-placeholder-aspect-ratio: 300\/300;\" \/><noscript><img loading=\"lazy\" decoding=\"async\" width=\"300\" height=\"300\" src=\"https:\/\/msk.lodz.pl\/wp-content\/uploads\/2025\/12\/ceramika-300x300.jpg\" class=\"attachment-thumblist size-thumblist wp-post-image\" alt=\"\" data-mec-postid=\"145644\" \/><\/noscript><\/div><div class=\"mec-monthly-contents\" style=\"width: calc(100% - 85px)\"><div class=\"mec-event-time mec-color\"><i class=\"mec-sl-clock-o\"><\/i> 10:00 - 14:00<\/div><h4 class=\"mec-event-title\"><a class=\"mec-color-hover\" data-event-id=\"145644\" href=\"https:\/\/msk.lodz.pl\/en\/msk\/ceramika-dla-seniora-karolew-iii-837-239-788-225-417-655-899-636-316-710-571-703-712-491-341-552-525-133-756-330-241-538-442\/?occurrence=2026-04-28\" target=\"_self\" rel=\"noopener\">Ceramika dla Seniora\/Karolew\/zaj\u0119cia sta\u0142e\/kwiecie\u0144 2026<\/a> <span class=\"mec-event-title-soldout\"><span class=\"soldout\">Sold Out<\/span><\/span> <span class=\"event-color\" style=\"background: #a3b745\"><\/span><\/h4><div class=\"mec-event-detail\">\r\n                        <div class=\"mec-event-loc-place\">MSK: Polesie, Art Centre<\/div>\r\n                        \r\n                    <\/div><\/div><div style=\"clear:both\"><\/div><\/article><article class=\"mec-past-event mec-event-article\"><div class=\"mec-event-image\"><img loading=\"lazy\" decoding=\"async\" width=\"300\" height=\"300\" data-src=\"https:\/\/msk.lodz.pl\/wp-content\/uploads\/2023\/06\/353686295_599319112183693_7811764298433700449_n-300x300.jpg\" class=\"attachment-thumblist size-thumblist wp-post-image lazyload\" alt=\"kolorowe farby w s\u0142oikach. W tle rozmazane na kartonie farby.\" data-mec-postid=\"145691\" src=\"data:image\/gif;base64,R0lGODlhAQABAAAAACH5BAEKAAEALAAAAAABAAEAAAICTAEAOw==\" style=\"--smush-placeholder-width: 300px; --smush-placeholder-aspect-ratio: 300\/300;\" \/><noscript><img loading=\"lazy\" decoding=\"async\" width=\"300\" height=\"300\" data-src=\"https:\/\/msk.lodz.pl\/wp-content\/uploads\/2023\/06\/353686295_599319112183693_7811764298433700449_n-300x300.jpg\" class=\"attachment-thumblist size-thumblist wp-post-image lazyload\" alt=\"kolorowe farby w s\u0142oikach. W tle rozmazane na kartonie farby.\" data-mec-postid=\"145691\" src=\"data:image\/gif;base64,R0lGODlhAQABAAAAACH5BAEKAAEALAAAAAABAAEAAAICTAEAOw==\" style=\"--smush-placeholder-width: 300px; --smush-placeholder-aspect-ratio: 300\/300;\" \/><noscript><img loading=\"lazy\" decoding=\"async\" width=\"300\" height=\"300\" src=\"https:\/\/msk.lodz.pl\/wp-content\/uploads\/2023\/06\/353686295_599319112183693_7811764298433700449_n-300x300.jpg\" class=\"attachment-thumblist size-thumblist wp-post-image\" alt=\"kolorowe farby w s\u0142oikach. W tle rozmazane na kartonie farby.\" data-mec-postid=\"145691\" \/><\/noscript><\/noscript><\/div><div class=\"mec-monthly-contents\" style=\"width: calc(100% - 85px)\"><div class=\"mec-event-time mec-color\"><i class=\"mec-sl-clock-o\"><\/i> 10:00 - 13:00<\/div><h4 class=\"mec-event-title\"><a class=\"mec-color-hover\" data-event-id=\"145691\" href=\"https:\/\/msk.lodz.pl\/en\/msk\/grupa-malarska-impresja-60lutnia-zajecia-stale-iv-3\/?occurrence=2026-04-28\" target=\"_self\" rel=\"noopener\">Grupa Malarska &#8222;IMPRESJA&#8221; 60+LUTNIA \/\/ zaj\u0119cia sta\u0142e \/\/ IV<\/a><span class=\"event-color\" style=\"background: #fdd700\"><\/span><\/h4><div class=\"mec-event-detail\">\r\n                        <div class=\"mec-event-loc-place\">MSK: Teofil\u00f3w, Lutnia Creative Centre<\/div>\r\n                        \r\n                    <\/div><\/div><div style=\"clear:both\"><\/div><\/article><article class=\"mec-past-event mec-event-article\"><div class=\"mec-event-image\"><img loading=\"lazy\" decoding=\"async\" width=\"300\" height=\"300\" data-src=\"https:\/\/msk.lodz.pl\/wp-content\/uploads\/2023\/07\/www-17-1-300x300.png\" class=\"attachment-thumblist size-thumblist wp-post-image lazyload\" alt=\"\" data-mec-postid=\"149974\" src=\"data:image\/gif;base64,R0lGODlhAQABAAAAACH5BAEKAAEALAAAAAABAAEAAAICTAEAOw==\" style=\"--smush-placeholder-width: 300px; --smush-placeholder-aspect-ratio: 300\/300;\" \/><noscript><img loading=\"lazy\" decoding=\"async\" width=\"300\" height=\"300\" src=\"https:\/\/msk.lodz.pl\/wp-content\/uploads\/2023\/07\/www-17-1-300x300.png\" class=\"attachment-thumblist size-thumblist wp-post-image\" alt=\"\" data-mec-postid=\"149974\" \/><\/noscript><\/div><div class=\"mec-monthly-contents\" style=\"width: calc(100% - 85px)\"><div class=\"mec-event-time mec-color\"><i class=\"mec-sl-clock-o\"><\/i> 10:00 - 13:00<\/div><h4 class=\"mec-event-title\"><a class=\"mec-color-hover\" data-event-id=\"149974\" href=\"https:\/\/msk.lodz.pl\/en\/msk\/kurs-komputerowy-kwiecien2026-789-441\/?occurrence=2026-04-28\" target=\"_self\" rel=\"noopener\">KURS KOMPUTEROWY \/\/ zaj\u0119cia sta\u0142e \/\/ O\u015brodek G\u00f3rna \/\/ 21, 28 Kwiecie\u0144 2026<\/a> <span class=\"mec-event-title-soldout\"><span class=\"soldout\">Sale has ended<\/span><\/span> <span class=\"event-color\" style=\"background: #00a0d2\"><\/span><\/h4><div class=\"mec-event-detail\">\r\n                        <div class=\"mec-event-loc-place\">MSK: Upper, Upper Centre<\/div>\r\n                        \r\n                    <\/div><\/div><div style=\"clear:both\"><\/div><\/article><article class=\"mec-past-event mec-event-article\"><div class=\"mec-event-image\"><img loading=\"lazy\" decoding=\"async\" width=\"300\" height=\"300\" data-src=\"https:\/\/msk.lodz.pl\/wp-content\/uploads\/2023\/08\/potancowka-300x300.png\" class=\"attachment-thumblist size-thumblist wp-post-image lazyload\" alt=\"Para senior\u00f3w ta\u0144czy\" data-mec-postid=\"145660\" src=\"data:image\/gif;base64,R0lGODlhAQABAAAAACH5BAEKAAEALAAAAAABAAEAAAICTAEAOw==\" style=\"--smush-placeholder-width: 300px; --smush-placeholder-aspect-ratio: 300\/300;\" \/><noscript><img loading=\"lazy\" decoding=\"async\" width=\"300\" height=\"300\" src=\"https:\/\/msk.lodz.pl\/wp-content\/uploads\/2023\/08\/potancowka-300x300.png\" class=\"attachment-thumblist size-thumblist wp-post-image\" alt=\"Para senior\u00f3w ta\u0144czy\" data-mec-postid=\"145660\" \/><\/noscript><\/div><div class=\"mec-monthly-contents\" style=\"width: calc(100% - 85px)\"><div class=\"mec-event-time mec-color\"><i class=\"mec-sl-clock-o\"><\/i> 10:10 - 11:10<\/div><h4 class=\"mec-event-title\"><a class=\"mec-color-hover\" data-event-id=\"145660\" href=\"https:\/\/msk.lodz.pl\/en\/msk\/warsztaty-tanca-towarzyskiego-dla-seniorow-2-2-2-924-915-565-204-235-164-201-472-873-256-142-569\/?occurrence=2026-04-28\" target=\"_self\" rel=\"noopener\">Taniec dla Seniora gr.2\/Karolew\/zaj\u0119cia sta\u0142e\/kwiecie\u0144 2026<\/a> <span class=\"mec-event-title-soldout\"><span class=\"soldout\">Sold Out<\/span><\/span> <span class=\"event-color\" style=\"background: #fdd700\"><\/span><\/h4><div class=\"mec-event-detail\">\r\n                        <div class=\"mec-event-loc-place\">MSK: Karolew, Karolew Centre<\/div>\r\n                        \r\n                    <\/div><\/div><div style=\"clear:both\"><\/div><\/article><article class=\"mec-past-event mec-event-article\"><div class=\"mec-event-image\"><img loading=\"lazy\" decoding=\"async\" width=\"300\" height=\"300\" data-src=\"https:\/\/msk.lodz.pl\/wp-content\/uploads\/2025\/02\/11-300x300.png\" class=\"attachment-thumblist size-thumblist wp-post-image lazyload\" alt=\"\" data-mec-postid=\"143083\" src=\"data:image\/gif;base64,R0lGODlhAQABAAAAACH5BAEKAAEALAAAAAABAAEAAAICTAEAOw==\" style=\"--smush-placeholder-width: 300px; --smush-placeholder-aspect-ratio: 300\/300;\" \/><noscript><img loading=\"lazy\" decoding=\"async\" width=\"300\" height=\"300\" src=\"https:\/\/msk.lodz.pl\/wp-content\/uploads\/2025\/02\/11-300x300.png\" class=\"attachment-thumblist size-thumblist wp-post-image\" alt=\"\" data-mec-postid=\"143083\" \/><\/noscript><\/div><div class=\"mec-monthly-contents\" style=\"width: calc(100% - 85px)\"><div class=\"mec-event-time mec-color\"><i class=\"mec-sl-clock-o\"><\/i> 10:15 - 11:45<\/div><h4 class=\"mec-event-title\"><a class=\"mec-color-hover\" data-event-id=\"143083\" href=\"https:\/\/msk.lodz.pl\/en\/msk\/707-736-807-327-113-243-596-697-405-410-455-194-321-285-552-163-567-742-206-851-360-207-393-791\/?occurrence=2026-04-28\" target=\"_self\" rel=\"noopener\">J\u0119zyk w\u0142oski &#8211; I grupa \/\/ zaj\u0119cia sta\u0142e \/\/ IV 2026<\/a> <span class=\"mec-event-title-soldout mec-few-tickets\"><span class=\"soldout\">Last Few Tickets<\/span><\/span> <span class=\"event-color\" style=\"background: #fdd700\"><\/span><\/h4><div class=\"mec-event-detail\">\r\n                        <div class=\"mec-event-loc-place\">MSK: Widzew Wsch\u00f3d, Dom Kultury \"502\"<\/div>\r\n                        \r\n                    <\/div><\/div><div style=\"clear:both\"><\/div><\/article><article class=\"mec-past-event mec-event-article\"><div class=\"mec-event-image\"><img loading=\"lazy\" decoding=\"async\" width=\"300\" height=\"300\" data-src=\"https:\/\/msk.lodz.pl\/wp-content\/uploads\/2025\/08\/SZABLON-NA-WWW-5-300x300.png\" class=\"attachment-thumblist size-thumblist wp-post-image lazyload\" alt=\"\" data-mec-postid=\"109828\" src=\"data:image\/gif;base64,R0lGODlhAQABAAAAACH5BAEKAAEALAAAAAABAAEAAAICTAEAOw==\" style=\"--smush-placeholder-width: 300px; --smush-placeholder-aspect-ratio: 300\/300;\" \/><noscript><img loading=\"lazy\" decoding=\"async\" width=\"300\" height=\"300\" src=\"https:\/\/msk.lodz.pl\/wp-content\/uploads\/2025\/08\/SZABLON-NA-WWW-5-300x300.png\" class=\"attachment-thumblist size-thumblist wp-post-image\" alt=\"\" data-mec-postid=\"109828\" \/><\/noscript><\/div><div class=\"mec-monthly-contents\" style=\"width: calc(100% - 85px)\"><div class=\"mec-event-time mec-color\"><i class=\"mec-sl-clock-o\"><\/i> 10:30 - 12:00<\/div><h4 class=\"mec-event-title\"><a class=\"mec-color-hover\" data-event-id=\"109828\" href=\"https:\/\/msk.lodz.pl\/en\/msk\/gry-i-my-salon-gier-dla-seniorow-zajecia-stale-wrzesien-2025-661-629\/?occurrence=2026-04-28\" target=\"_self\" rel=\"noopener\">Gry i My &#8211; salon gier dla Senior\u00f3w \/\/ zaj\u0119cia sta\u0142e<\/a><span class=\"event-color\" style=\"background: #4153f2\"><\/span><\/h4><div class=\"mec-event-detail\">\r\n                        <div class=\"mec-event-loc-place\">MSK: D\u0105browa, Klub D\u0105browa<\/div>\r\n                        \r\n                    <\/div><\/div><div style=\"clear:both\"><\/div><\/article><article class=\"mec-past-event mec-event-article\"><div class=\"mec-event-image\"><img loading=\"lazy\" decoding=\"async\" width=\"300\" height=\"300\" data-src=\"https:\/\/msk.lodz.pl\/wp-content\/uploads\/2023\/07\/gimnastyka-300x300.png\" class=\"attachment-thumblist size-thumblist wp-post-image lazyload\" alt=\"zdj\u0119cie przedstawia tr\u00f3jk\u0119 senior\u00f3w \u0107wicz\u0105cych gimnastyk\u0119\" data-mec-postid=\"144320\" src=\"data:image\/gif;base64,R0lGODlhAQABAAAAACH5BAEKAAEALAAAAAABAAEAAAICTAEAOw==\" style=\"--smush-placeholder-width: 300px; --smush-placeholder-aspect-ratio: 300\/300;\" \/><noscript><img loading=\"lazy\" decoding=\"async\" width=\"300\" height=\"300\" data-src=\"https:\/\/msk.lodz.pl\/wp-content\/uploads\/2023\/07\/gimnastyka-300x300.png\" class=\"attachment-thumblist size-thumblist wp-post-image lazyload\" alt=\"zdj\u0119cie przedstawia tr\u00f3jk\u0119 senior\u00f3w \u0107wicz\u0105cych gimnastyk\u0119\" data-mec-postid=\"144320\" src=\"data:image\/gif;base64,R0lGODlhAQABAAAAACH5BAEKAAEALAAAAAABAAEAAAICTAEAOw==\" style=\"--smush-placeholder-width: 300px; --smush-placeholder-aspect-ratio: 300\/300;\" \/><noscript><img loading=\"lazy\" decoding=\"async\" width=\"300\" height=\"300\" src=\"https:\/\/msk.lodz.pl\/wp-content\/uploads\/2023\/07\/gimnastyka-300x300.png\" class=\"attachment-thumblist size-thumblist wp-post-image\" alt=\"zdj\u0119cie przedstawia tr\u00f3jk\u0119 senior\u00f3w \u0107wicz\u0105cych gimnastyk\u0119\" data-mec-postid=\"144320\" \/><\/noscript><\/noscript><\/div><div class=\"mec-monthly-contents\" style=\"width: calc(100% - 85px)\"><div class=\"mec-event-time mec-color\"><i class=\"mec-sl-clock-o\"><\/i> 10:40 - 11:40<\/div><h4 class=\"mec-event-title\"><a class=\"mec-color-hover\" data-event-id=\"144320\" href=\"https:\/\/msk.lodz.pl\/en\/msk\/gimnastyka-dla-seniorow-zdrowy-kregoslup-gr-2-zajecia-stale-iv-26-wk\/?occurrence=2026-04-28\" target=\"_self\" rel=\"noopener\">Gimnastyka dla Senior\u00f3w &#8211; ZDROWY KR\u0118GOS\u0141UP gr. 2 \/\/ zaj\u0119cia sta\u0142e \/\/ IV 26 \/\/ wk<\/a> <span class=\"mec-event-title-soldout\"><span class=\"soldout\">Sold Out<\/span><\/span> <span class=\"event-color\" style=\"background: #00a0d2\"><\/span><\/h4><div class=\"mec-event-detail\">\r\n                        <div class=\"mec-event-loc-place\">MSK: Radogoszcz, Island of Culture Centre<\/div>\r\n                        \r\n                    <\/div><\/div><div style=\"clear:both\"><\/div><\/article><article class=\"mec-past-event mec-event-article\"><div class=\"mec-event-image\"><img loading=\"lazy\" decoding=\"async\" width=\"300\" height=\"300\" data-src=\"https:\/\/msk.lodz.pl\/wp-content\/uploads\/2023\/08\/Okladka_kurs-jezykowy-300x300.jpg\" class=\"attachment-thumblist size-thumblist wp-post-image lazyload\" alt=\"\" data-mec-postid=\"144877\" src=\"data:image\/gif;base64,R0lGODlhAQABAAAAACH5BAEKAAEALAAAAAABAAEAAAICTAEAOw==\" style=\"--smush-placeholder-width: 300px; --smush-placeholder-aspect-ratio: 300\/300;\" \/><noscript><img loading=\"lazy\" decoding=\"async\" width=\"300\" height=\"300\" src=\"https:\/\/msk.lodz.pl\/wp-content\/uploads\/2023\/08\/Okladka_kurs-jezykowy-300x300.jpg\" class=\"attachment-thumblist size-thumblist wp-post-image\" alt=\"\" data-mec-postid=\"144877\" \/><\/noscript><\/div><div class=\"mec-monthly-contents\" style=\"width: calc(100% - 85px)\"><div class=\"mec-event-time mec-color\"><i class=\"mec-sl-clock-o\"><\/i> 11:00 - 11:45<\/div><h4 class=\"mec-event-title\"><a class=\"mec-color-hover\" data-event-id=\"144877\" href=\"https:\/\/msk.lodz.pl\/en\/msk\/j-angielski-60-zaawansowani-kwiecien2026\/?occurrence=2026-04-28\" target=\"_self\" rel=\"noopener\">J\u0119zyk angielski 60+ (zaawansowani) \/\/ zaj\u0119cia sta\u0142e \/\/ O\u015brodek G\u00f3rna \/\/ Kwiecie\u0144 2026<\/a> <span class=\"mec-event-title-soldout mec-few-tickets\"><span class=\"soldout\">Last Few Tickets<\/span><\/span> <\/h4><div class=\"mec-event-detail\">\r\n                        <div class=\"mec-event-loc-place\">MSK: Upper, Upper Centre<\/div>\r\n                        \r\n                    <\/div><\/div><div style=\"clear:both\"><\/div><\/article><article class=\"mec-past-event mec-event-article\"><div class=\"mec-event-image\"><img loading=\"lazy\" decoding=\"async\" width=\"300\" height=\"300\" data-src=\"https:\/\/msk.lodz.pl\/wp-content\/uploads\/2023\/07\/www-9-300x300.png\" class=\"attachment-thumblist size-thumblist wp-post-image lazyload\" alt=\"\" data-mec-postid=\"145363\" src=\"data:image\/gif;base64,R0lGODlhAQABAAAAACH5BAEKAAEALAAAAAABAAEAAAICTAEAOw==\" style=\"--smush-placeholder-width: 300px; --smush-placeholder-aspect-ratio: 300\/300;\" \/><noscript><img loading=\"lazy\" decoding=\"async\" width=\"300\" height=\"300\" src=\"https:\/\/msk.lodz.pl\/wp-content\/uploads\/2023\/07\/www-9-300x300.png\" class=\"attachment-thumblist size-thumblist wp-post-image\" alt=\"\" data-mec-postid=\"145363\" \/><\/noscript><\/div><div class=\"mec-monthly-contents\" style=\"width: calc(100% - 85px)\"><div class=\"mec-event-time mec-color\"><i class=\"mec-sl-clock-o\"><\/i> 11:00<\/div><h4 class=\"mec-event-title\"><a class=\"mec-color-hover\" data-event-id=\"145363\" href=\"https:\/\/msk.lodz.pl\/en\/msk\/styl-zycia-zajecia-ruchowe-dla-seniorow-zajecia-stale-iv\/?occurrence=2026-04-28\" target=\"_self\" rel=\"noopener\">Styl \u017cycia &#8211; zaj\u0119cia ruchowe dla senior\u00f3w \/\/ zaj\u0119cia sta\u0142e \/\/ IV<\/a> <span class=\"mec-event-title-soldout\"><span class=\"soldout\">Sale has ended<\/span><\/span> <span class=\"event-color\" style=\"background: #00a0d2\"><\/span><\/h4><div class=\"mec-event-detail\">\r\n                        <div class=\"mec-event-loc-place\">MSK: Olech\u00f3w - Strefa Kultury Otwartej<\/div>\r\n                        \r\n                    <\/div><\/div><div style=\"clear:both\"><\/div><\/article><article class=\"mec-past-event mec-event-article\"><div class=\"mec-event-image\"><img loading=\"lazy\" decoding=\"async\" width=\"300\" height=\"300\" data-src=\"https:\/\/msk.lodz.pl\/wp-content\/uploads\/2025\/08\/INSTRYMENTARIUM-300x300.jpg\" class=\"attachment-thumblist size-thumblist wp-post-image lazyload\" alt=\"\" data-mec-postid=\"145641\" src=\"data:image\/gif;base64,R0lGODlhAQABAAAAACH5BAEKAAEALAAAAAABAAEAAAICTAEAOw==\" style=\"--smush-placeholder-width: 300px; --smush-placeholder-aspect-ratio: 300\/300;\" \/><noscript><img loading=\"lazy\" decoding=\"async\" width=\"300\" height=\"300\" src=\"https:\/\/msk.lodz.pl\/wp-content\/uploads\/2025\/08\/INSTRYMENTARIUM-300x300.jpg\" class=\"attachment-thumblist size-thumblist wp-post-image\" alt=\"\" data-mec-postid=\"145641\" \/><\/noscript><\/div><div class=\"mec-monthly-contents\" style=\"width: calc(100% - 85px)\"><div class=\"mec-event-time mec-color\"><i class=\"mec-sl-clock-o\"><\/i> 11:00 - 19:00<\/div><h4 class=\"mec-event-title\"><a class=\"mec-color-hover\" data-event-id=\"145641\" href=\"https:\/\/msk.lodz.pl\/en\/msk\/instrumentarium-3-470-287-651-673-555-118-890-937-436-246-996-417-381-401\/?occurrence=2026-04-28\" target=\"_self\" rel=\"noopener\">Instrumentarium\/Karolew\/zaj\u0119cia sta\u0142e\/kwiecie\u0144 2026<\/a> <span class=\"mec-event-title-soldout\"><span class=\"soldout\">Sold Out<\/span><\/span> <span class=\"event-color\" style=\"background: #fdd700\"><\/span><\/h4><div class=\"mec-event-detail\">\r\n                        <div class=\"mec-event-loc-place\">MSK: Karolew, Karolew Centre<\/div>\r\n                        \r\n                    <\/div><\/div><div style=\"clear:both\"><\/div><\/article><article class=\"mec-past-event mec-event-article\"><div class=\"mec-event-image\"><img loading=\"lazy\" decoding=\"async\" width=\"300\" height=\"300\" data-src=\"https:\/\/msk.lodz.pl\/wp-content\/uploads\/2023\/08\/potancowka-300x300.png\" class=\"attachment-thumblist size-thumblist wp-post-image lazyload\" alt=\"Para senior\u00f3w ta\u0144czy\" data-mec-postid=\"145664\" src=\"data:image\/gif;base64,R0lGODlhAQABAAAAACH5BAEKAAEALAAAAAABAAEAAAICTAEAOw==\" style=\"--smush-placeholder-width: 300px; --smush-placeholder-aspect-ratio: 300\/300;\" \/><noscript><img loading=\"lazy\" decoding=\"async\" width=\"300\" height=\"300\" src=\"https:\/\/msk.lodz.pl\/wp-content\/uploads\/2023\/08\/potancowka-300x300.png\" class=\"attachment-thumblist size-thumblist wp-post-image\" alt=\"Para senior\u00f3w ta\u0144czy\" data-mec-postid=\"145664\" \/><\/noscript><\/div><div class=\"mec-monthly-contents\" style=\"width: calc(100% - 85px)\"><div class=\"mec-event-time mec-color\"><i class=\"mec-sl-clock-o\"><\/i> 11:20 - 12:20<\/div><h4 class=\"mec-event-title\"><a class=\"mec-color-hover\" data-event-id=\"145664\" href=\"https:\/\/msk.lodz.pl\/en\/msk\/warsztaty-tanca-towarzyskiego-dla-seniorow-2-749-314-949-473-419-147-849-432-566-353-190\/?occurrence=2026-04-28\" target=\"_self\" rel=\"noopener\">Taniec dla Seniora gr.3\/Karolew\/zaj\u0119cia sta\u0142e\/kwiecie\u0144 2026<\/a> <span class=\"mec-event-title-soldout\"><span class=\"soldout\">Sale has ended<\/span><\/span> <span class=\"event-color\" style=\"background: #e14d43\"><\/span><\/h4><div class=\"mec-event-detail\">\r\n                        <div class=\"mec-event-loc-place\">MSK: Karolew, Karolew Centre<\/div>\r\n                        \r\n                    <\/div><\/div><div style=\"clear:both\"><\/div><\/article><article class=\"mec-past-event mec-event-article\"><div class=\"mec-event-image\"><img loading=\"lazy\" decoding=\"async\" width=\"300\" height=\"300\" data-src=\"https:\/\/msk.lodz.pl\/wp-content\/uploads\/2025\/02\/11-300x300.png\" class=\"attachment-thumblist size-thumblist wp-post-image lazyload\" alt=\"\" data-mec-postid=\"143088\" src=\"data:image\/gif;base64,R0lGODlhAQABAAAAACH5BAEKAAEALAAAAAABAAEAAAICTAEAOw==\" style=\"--smush-placeholder-width: 300px; --smush-placeholder-aspect-ratio: 300\/300;\" \/><noscript><img loading=\"lazy\" decoding=\"async\" width=\"300\" height=\"300\" src=\"https:\/\/msk.lodz.pl\/wp-content\/uploads\/2025\/02\/11-300x300.png\" class=\"attachment-thumblist size-thumblist wp-post-image\" alt=\"\" data-mec-postid=\"143088\" \/><\/noscript><\/div><div class=\"mec-monthly-contents\" style=\"width: calc(100% - 85px)\"><div class=\"mec-event-time mec-color\"><i class=\"mec-sl-clock-o\"><\/i> 12:00 - 13:30<\/div><h4 class=\"mec-event-title\"><a class=\"mec-color-hover\" data-event-id=\"143088\" href=\"https:\/\/msk.lodz.pl\/en\/msk\/707-736-807-327-113-243-596-697-405-410-455-194-321-285-552-424-522-402-734-615-787-499\/?occurrence=2026-04-28\" target=\"_self\" rel=\"noopener\">J\u0119zyk w\u0142oski od podstaw &#8211; II grupa \/\/ zaj\u0119cia sta\u0142e \/\/ IV 2026<\/a><span class=\"event-color\" style=\"background: #fdd700\"><\/span><\/h4><div class=\"mec-event-detail\">\r\n                        <div class=\"mec-event-loc-place\">MSK: Widzew Wsch\u00f3d, Dom Kultury \"502\"<\/div>\r\n                        \r\n                    <\/div><\/div><div style=\"clear:both\"><\/div><\/article><article class=\"mec-past-event mec-event-article\"><div class=\"mec-event-image\"><img loading=\"lazy\" decoding=\"async\" width=\"300\" height=\"300\" data-src=\"https:\/\/msk.lodz.pl\/wp-content\/uploads\/2023\/07\/malarstwo-300x300.png\" class=\"attachment-thumblist size-thumblist wp-post-image lazyload\" alt=\"\" data-mec-postid=\"144869\" src=\"data:image\/gif;base64,R0lGODlhAQABAAAAACH5BAEKAAEALAAAAAABAAEAAAICTAEAOw==\" style=\"--smush-placeholder-width: 300px; --smush-placeholder-aspect-ratio: 300\/300;\" \/><noscript><img loading=\"lazy\" decoding=\"async\" width=\"300\" height=\"300\" src=\"https:\/\/msk.lodz.pl\/wp-content\/uploads\/2023\/07\/malarstwo-300x300.png\" class=\"attachment-thumblist size-thumblist wp-post-image\" alt=\"\" data-mec-postid=\"144869\" \/><\/noscript><\/div><div class=\"mec-monthly-contents\" style=\"width: calc(100% - 85px)\"><div class=\"mec-event-time mec-color\"><i class=\"mec-sl-clock-o\"><\/i> 12:00 - 13:30<\/div><h4 class=\"mec-event-title\"><a class=\"mec-color-hover\" data-event-id=\"144869\" href=\"https:\/\/msk.lodz.pl\/en\/msk\/maluj-przy-herbacie-kwiecien2026\/?occurrence=2026-04-28\" target=\"_self\" rel=\"noopener\">Maluj przy herbacie \/\/ zaj\u0119cia sta\u0142e \/\/ O\u015brodek G\u00f3rna \/\/ Kwiecie\u0144 2026<\/a> <span class=\"mec-event-title-soldout\"><span class=\"soldout\">Sale has ended<\/span><\/span> <span class=\"event-color\" style=\"background: #fdd700\"><\/span><\/h4><div class=\"mec-event-detail\">\r\n                        <div class=\"mec-event-loc-place\">MSK: Upper, Upper Centre<\/div>\r\n                        \r\n                    <\/div><\/div><div style=\"clear:both\"><\/div><\/article><article class=\"mec-past-event mec-event-article\"><div class=\"mec-event-image\"><img loading=\"lazy\" decoding=\"async\" width=\"300\" height=\"300\" data-src=\"https:\/\/msk.lodz.pl\/wp-content\/uploads\/2023\/08\/potancowka-300x300.png\" class=\"attachment-thumblist size-thumblist wp-post-image lazyload\" alt=\"Para senior\u00f3w ta\u0144czy\" data-mec-postid=\"145666\" src=\"data:image\/gif;base64,R0lGODlhAQABAAAAACH5BAEKAAEALAAAAAABAAEAAAICTAEAOw==\" style=\"--smush-placeholder-width: 300px; --smush-placeholder-aspect-ratio: 300\/300;\" \/><noscript><img loading=\"lazy\" decoding=\"async\" width=\"300\" height=\"300\" src=\"https:\/\/msk.lodz.pl\/wp-content\/uploads\/2023\/08\/potancowka-300x300.png\" class=\"attachment-thumblist size-thumblist wp-post-image\" alt=\"Para senior\u00f3w ta\u0144czy\" data-mec-postid=\"145666\" \/><\/noscript><\/div><div class=\"mec-monthly-contents\" style=\"width: calc(100% - 85px)\"><div class=\"mec-event-time mec-color\"><i class=\"mec-sl-clock-o\"><\/i> 12:30 - 13:30<\/div><h4 class=\"mec-event-title\"><a class=\"mec-color-hover\" data-event-id=\"145666\" href=\"https:\/\/msk.lodz.pl\/en\/msk\/warsztaty-tanca-towarzyskiego-dla-seniorow-2-3-124-333-426-607-256-203-785-814-725-520\/?occurrence=2026-04-28\" target=\"_self\" rel=\"noopener\">Taniec dla Seniora gr.4 taniec towarzyski\/Karolew\/zaj\u0119cia sta\u0142e\/kwiecie\u0144 2026<\/a> <span class=\"mec-event-title-soldout\"><span class=\"soldout\">Sold Out<\/span><\/span> <span class=\"event-color\" style=\"background: #e14d43\"><\/span><\/h4><div class=\"mec-event-detail\">\r\n                        <div class=\"mec-event-loc-place\">MSK: Karolew, Karolew Centre<\/div>\r\n                        \r\n                    <\/div><\/div><div style=\"clear:both\"><\/div><\/article><article class=\"mec-past-event mec-event-article\"><div class=\"mec-event-image\"><\/div><div class=\"mec-monthly-contents\" style=\"width: 100%\"><div class=\"mec-event-time mec-color\"><i class=\"mec-sl-clock-o\"><\/i> 13:00 - 15:00<\/div><h4 class=\"mec-event-title\"><a class=\"mec-color-hover\" data-event-id=\"110774\" href=\"https:\/\/msk.lodz.pl\/en\/msk\/teatr-bez-granic-zajecia-stale\/?occurrence=2026-04-28\" target=\"_self\" rel=\"noopener\">TEATR BEZ GRANIC\/\/ZAJ\u0118CIA STA\u0141E<\/a><span class=\"event-color\" style=\"background: #dd823b\"><\/span><\/h4><div class=\"mec-event-detail\">\r\n                        <div class=\"mec-event-loc-place\">MSK: \u017bubard\u017a, Cultural Education Centre on \u017bubardzka Street<\/div>\r\n                        \r\n                    <\/div><\/div><div style=\"clear:both\"><\/div><\/article><article class=\"mec-past-event mec-event-article\"><div class=\"mec-event-image\"><img loading=\"lazy\" decoding=\"async\" width=\"300\" height=\"300\" data-src=\"https:\/\/msk.lodz.pl\/wp-content\/uploads\/2023\/07\/wokalne-indywidualne-300x300.png\" class=\"attachment-thumblist size-thumblist wp-post-image lazyload\" alt=\"zdj\u0119cie przedstawia m\u0119\u017cczyzn\u0119 \u015bpiewaj\u0105cego do mikrofonu\" data-mec-postid=\"139725\" src=\"data:image\/gif;base64,R0lGODlhAQABAAAAACH5BAEKAAEALAAAAAABAAEAAAICTAEAOw==\" style=\"--smush-placeholder-width: 300px; --smush-placeholder-aspect-ratio: 300\/300;\" \/><noscript><img loading=\"lazy\" decoding=\"async\" width=\"300\" height=\"300\" src=\"https:\/\/msk.lodz.pl\/wp-content\/uploads\/2023\/07\/wokalne-indywidualne-300x300.png\" class=\"attachment-thumblist size-thumblist wp-post-image\" alt=\"zdj\u0119cie przedstawia m\u0119\u017cczyzn\u0119 \u015bpiewaj\u0105cego do mikrofonu\" data-mec-postid=\"139725\" \/><\/noscript><\/div><div class=\"mec-monthly-contents\" style=\"width: calc(100% - 85px)\"><div class=\"mec-event-time mec-color\"><i class=\"mec-sl-clock-o\"><\/i> 13:00 - 20:00<\/div><h4 class=\"mec-event-title\"><a class=\"mec-color-hover\" data-event-id=\"139725\" href=\"https:\/\/msk.lodz.pl\/en\/msk\/zajecia-indywidualne-ze-spiewu-dzieci-mlodziez-dorosli-zajecia-stale-iv-26-wk\/?occurrence=2026-04-28\" target=\"_self\" rel=\"noopener\">Zaj\u0119cia indywidualne ze \u015bpiewu &#8211; dzieci, m\u0142odzie\u017c, doro\u015bli \/\/ zaj\u0119cia sta\u0142e \/\/ IV 26 \/\/ wk<\/a><\/h4><div class=\"mec-event-detail\">\r\n                        <div class=\"mec-event-loc-place\">MSK: Radogoszcz, Island of Culture Centre<\/div>\r\n                        \r\n                    <\/div><\/div><div style=\"clear:both\"><\/div><\/article><article class=\"mec-past-event mec-event-article\"><div class=\"mec-event-image\"><img loading=\"lazy\" decoding=\"async\" width=\"300\" height=\"300\" data-src=\"https:\/\/msk.lodz.pl\/wp-content\/uploads\/2025\/10\/MUZYKA-300x300.png\" class=\"attachment-thumblist size-thumblist wp-post-image lazyload\" alt=\"\" data-mec-postid=\"143073\" src=\"data:image\/gif;base64,R0lGODlhAQABAAAAACH5BAEKAAEALAAAAAABAAEAAAICTAEAOw==\" style=\"--smush-placeholder-width: 300px; --smush-placeholder-aspect-ratio: 300\/300;\" \/><noscript><img loading=\"lazy\" decoding=\"async\" width=\"300\" height=\"300\" src=\"https:\/\/msk.lodz.pl\/wp-content\/uploads\/2025\/10\/MUZYKA-300x300.png\" class=\"attachment-thumblist size-thumblist wp-post-image\" alt=\"\" data-mec-postid=\"143073\" \/><\/noscript><\/div><div class=\"mec-monthly-contents\" style=\"width: calc(100% - 85px)\"><div class=\"mec-event-time mec-color\"><i class=\"mec-sl-clock-o\"><\/i> 13:00 - 18:00<\/div><h4 class=\"mec-event-title\"><a class=\"mec-color-hover\" data-event-id=\"143073\" href=\"https:\/\/msk.lodz.pl\/en\/msk\/nauka-gry-na-pianinie-emisja-glosu-146-483-487-300-814-204-154-575-241-681-730-426-220-961-564\/?occurrence=2026-04-28\" target=\"_self\" rel=\"noopener\">Nauka \u015bpiewu &#8211; zaj\u0119cia indywidualne \/ zaj\u0119cia sta\u0142e\/\/ IV 2026<\/a><span class=\"event-color\" style=\"background: #fdd700\"><\/span><\/h4><div class=\"mec-event-detail\">\r\n                        <div class=\"mec-event-loc-place\">MSK: Widzew Wsch\u00f3d, Dom Kultury \"502\"<\/div>\r\n                        \r\n                    <\/div><\/div><div style=\"clear:both\"><\/div><\/article><article class=\"mec-past-event mec-event-article\"><div class=\"mec-event-image\"><img loading=\"lazy\" decoding=\"async\" width=\"300\" height=\"300\" data-src=\"https:\/\/msk.lodz.pl\/wp-content\/uploads\/2025\/10\/MUZYKA-300x300.png\" class=\"attachment-thumblist size-thumblist wp-post-image lazyload\" alt=\"\" data-mec-postid=\"143445\" src=\"data:image\/gif;base64,R0lGODlhAQABAAAAACH5BAEKAAEALAAAAAABAAEAAAICTAEAOw==\" style=\"--smush-placeholder-width: 300px; --smush-placeholder-aspect-ratio: 300\/300;\" \/><noscript><img loading=\"lazy\" decoding=\"async\" width=\"300\" height=\"300\" src=\"https:\/\/msk.lodz.pl\/wp-content\/uploads\/2025\/10\/MUZYKA-300x300.png\" class=\"attachment-thumblist size-thumblist wp-post-image\" alt=\"\" data-mec-postid=\"143445\" \/><\/noscript><\/div><div class=\"mec-monthly-contents\" style=\"width: calc(100% - 85px)\"><div class=\"mec-event-time mec-color\"><i class=\"mec-sl-clock-o\"><\/i> 13:00 - 20:00<\/div><h4 class=\"mec-event-title\"><a class=\"mec-color-hover\" data-event-id=\"143445\" href=\"https:\/\/msk.lodz.pl\/en\/msk\/nauka-gry-na-pianinie-emisja-glosu-146-483-487-300-814-204-154-575-241-681-730-426-985-819\/?occurrence=2026-04-28\" target=\"_self\" rel=\"noopener\">Nauka gry na pianinie \/ akordeonie \/ zaj\u0119cia sta\u0142e\/\/ IV 2026<\/a><span class=\"event-color\" style=\"background: #fdd700\"><\/span><\/h4><div class=\"mec-event-detail\">\r\n                        <div class=\"mec-event-loc-place\">MSK: Widzew Wsch\u00f3d, Dom Kultury \"502\"<\/div>\r\n                        \r\n                    <\/div><\/div><div style=\"clear:both\"><\/div><\/article><article class=\"mec-past-event mec-event-article\"><div class=\"mec-event-image\"><img loading=\"lazy\" decoding=\"async\" width=\"300\" height=\"300\" data-src=\"https:\/\/msk.lodz.pl\/wp-content\/uploads\/2025\/10\/MUZYKA-300x300.png\" class=\"attachment-thumblist size-thumblist wp-post-image lazyload\" alt=\"\" data-mec-postid=\"147979\" src=\"data:image\/gif;base64,R0lGODlhAQABAAAAACH5BAEKAAEALAAAAAABAAEAAAICTAEAOw==\" style=\"--smush-placeholder-width: 300px; --smush-placeholder-aspect-ratio: 300\/300;\" \/><noscript><img loading=\"lazy\" decoding=\"async\" width=\"300\" height=\"300\" data-src=\"https:\/\/msk.lodz.pl\/wp-content\/uploads\/2025\/10\/MUZYKA-300x300.png\" class=\"attachment-thumblist size-thumblist wp-post-image lazyload\" alt=\"\" data-mec-postid=\"147979\" src=\"data:image\/gif;base64,R0lGODlhAQABAAAAACH5BAEKAAEALAAAAAABAAEAAAICTAEAOw==\" style=\"--smush-placeholder-width: 300px; --smush-placeholder-aspect-ratio: 300\/300;\" \/><noscript><img loading=\"lazy\" decoding=\"async\" width=\"300\" height=\"300\" src=\"https:\/\/msk.lodz.pl\/wp-content\/uploads\/2025\/10\/MUZYKA-300x300.png\" class=\"attachment-thumblist size-thumblist wp-post-image\" alt=\"\" data-mec-postid=\"147979\" \/><\/noscript><\/noscript><\/div><div class=\"mec-monthly-contents\" style=\"width: calc(100% - 85px)\"><div class=\"mec-event-time mec-color\"><i class=\"mec-sl-clock-o\"><\/i> 13:00 - 18:00<\/div><h4 class=\"mec-event-title\"><a class=\"mec-color-hover\" data-event-id=\"147979\" href=\"https:\/\/msk.lodz.pl\/en\/msk\/nauka-gry-na-pianinie-emisja-glosu-146-483-487-300-814-204-154-575-241-681-730-426-220-961-564-419\/?occurrence=2026-04-28\" target=\"_self\" rel=\"noopener\">Nauka gry na gitarze &#8211; zaj\u0119cia indywidualne \/ zaj\u0119cia sta\u0142e\/\/ IV 2026<\/a><span class=\"event-color\" style=\"background: #fdd700\"><\/span><\/h4><div class=\"mec-event-detail\">\r\n                        <div class=\"mec-event-loc-place\">MSK: Widzew Wsch\u00f3d, Dom Kultury \"502\"<\/div>\r\n                        \r\n                    <\/div><\/div><div style=\"clear:both\"><\/div><\/article><article class=\"mec-past-event mec-event-article\"><div class=\"mec-event-image\"><img loading=\"lazy\" decoding=\"async\" width=\"300\" height=\"300\" data-src=\"https:\/\/msk.lodz.pl\/wp-content\/uploads\/2023\/08\/Studio-Maestro-wtorek-14.30--300x300.png\" class=\"attachment-thumblist size-thumblist wp-post-image lazyload\" alt=\"\" data-mec-postid=\"141717\" src=\"data:image\/gif;base64,R0lGODlhAQABAAAAACH5BAEKAAEALAAAAAABAAEAAAICTAEAOw==\" style=\"--smush-placeholder-width: 300px; --smush-placeholder-aspect-ratio: 300\/300;\" \/><noscript><img loading=\"lazy\" decoding=\"async\" width=\"300\" height=\"300\" data-src=\"https:\/\/msk.lodz.pl\/wp-content\/uploads\/2023\/08\/Studio-Maestro-wtorek-14.30--300x300.png\" class=\"attachment-thumblist size-thumblist wp-post-image lazyload\" alt=\"\" data-mec-postid=\"141717\" src=\"data:image\/gif;base64,R0lGODlhAQABAAAAACH5BAEKAAEALAAAAAABAAEAAAICTAEAOw==\" style=\"--smush-placeholder-width: 300px; --smush-placeholder-aspect-ratio: 300\/300;\" \/><noscript><img loading=\"lazy\" decoding=\"async\" width=\"300\" height=\"300\" src=\"https:\/\/msk.lodz.pl\/wp-content\/uploads\/2023\/08\/Studio-Maestro-wtorek-14.30--300x300.png\" class=\"attachment-thumblist size-thumblist wp-post-image\" alt=\"\" data-mec-postid=\"141717\" \/><\/noscript><\/noscript><\/div><div class=\"mec-monthly-contents\" style=\"width: calc(100% - 85px)\"><div class=\"mec-event-time mec-color\"><i class=\"mec-sl-clock-o\"><\/i> 15:00 - 19:00<\/div><h4 class=\"mec-event-title\"><a class=\"mec-color-hover\" data-event-id=\"141717\" href=\"https:\/\/msk.lodz.pl\/en\/msk\/studio-maestro-zajecia-stale-pazdziernik-2025-744\/?occurrence=2026-04-28\" target=\"_self\" rel=\"noopener\">STUDIO MAESTRO+ \/\/ZAJ\u0118CIA STA\u0141E\/\/ MARZEC-CZERWIEC 2026<\/a><span class=\"event-color\" style=\"background: #a3b745\"><\/span><\/h4><div class=\"mec-event-detail\">\r\n                        <div class=\"mec-event-loc-place\">MSK: \u017bubard\u017a, Cultural Education Centre on \u017bubardzka Street<\/div>\r\n                        \r\n                    <\/div><\/div><div style=\"clear:both\"><\/div><\/article><article class=\"mec-past-event mec-event-article\"><div class=\"mec-event-image\"><img loading=\"lazy\" decoding=\"async\" width=\"300\" height=\"300\" data-src=\"https:\/\/msk.lodz.pl\/wp-content\/uploads\/2023\/07\/www-15-1-300x300.png\" class=\"attachment-thumblist size-thumblist wp-post-image lazyload\" alt=\"\" data-mec-postid=\"144876\" src=\"data:image\/gif;base64,R0lGODlhAQABAAAAACH5BAEKAAEALAAAAAABAAEAAAICTAEAOw==\" style=\"--smush-placeholder-width: 300px; --smush-placeholder-aspect-ratio: 300\/300;\" \/><noscript><img loading=\"lazy\" decoding=\"async\" width=\"300\" height=\"300\" data-src=\"https:\/\/msk.lodz.pl\/wp-content\/uploads\/2023\/07\/www-15-1-300x300.png\" class=\"attachment-thumblist size-thumblist wp-post-image lazyload\" alt=\"\" data-mec-postid=\"144876\" src=\"data:image\/gif;base64,R0lGODlhAQABAAAAACH5BAEKAAEALAAAAAABAAEAAAICTAEAOw==\" style=\"--smush-placeholder-width: 300px; --smush-placeholder-aspect-ratio: 300\/300;\" \/><noscript><img loading=\"lazy\" decoding=\"async\" width=\"300\" height=\"300\" src=\"https:\/\/msk.lodz.pl\/wp-content\/uploads\/2023\/07\/www-15-1-300x300.png\" class=\"attachment-thumblist size-thumblist wp-post-image\" alt=\"\" data-mec-postid=\"144876\" \/><\/noscript><\/noscript><\/div><div class=\"mec-monthly-contents\" style=\"width: calc(100% - 85px)\"><div class=\"mec-event-time mec-color\"><i class=\"mec-sl-clock-o\"><\/i> 15:00 - 19:00<\/div><h4 class=\"mec-event-title\"><a class=\"mec-color-hover\" data-event-id=\"144876\" href=\"https:\/\/msk.lodz.pl\/en\/msk\/realizacja-dzwieku-kwiecien2026\/?occurrence=2026-04-28\" target=\"_self\" rel=\"noopener\">Realizacja d\u017awi\u0119ku (Studio Nagra\u0144) \/\/ zaj\u0119cia indywidualne \/\/ O\u015brodek G\u00f3rna \/\/ Kwiecie\u0144 2026<\/a><span class=\"event-color\" style=\"background: #00a0d2\"><\/span><\/h4><div class=\"mec-event-detail\">\r\n                        <div class=\"mec-event-loc-place\">MSK: Upper, Upper Centre<\/div>\r\n                        \r\n                    <\/div><\/div><div style=\"clear:both\"><\/div><\/article><article class=\"mec-past-event mec-event-article\"><div class=\"mec-event-image\"><img loading=\"lazy\" decoding=\"async\" width=\"300\" height=\"300\" data-src=\"https:\/\/msk.lodz.pl\/wp-content\/uploads\/2026\/03\/www-kategorie-zajeciawydarzenia-4-300x300.png\" class=\"attachment-thumblist size-thumblist wp-post-image lazyload\" alt=\"\" data-mec-postid=\"145498\" src=\"data:image\/gif;base64,R0lGODlhAQABAAAAACH5BAEKAAEALAAAAAABAAEAAAICTAEAOw==\" style=\"--smush-placeholder-width: 300px; --smush-placeholder-aspect-ratio: 300\/300;\" \/><noscript><img loading=\"lazy\" decoding=\"async\" width=\"300\" height=\"300\" src=\"https:\/\/msk.lodz.pl\/wp-content\/uploads\/2026\/03\/www-kategorie-zajeciawydarzenia-4-300x300.png\" class=\"attachment-thumblist size-thumblist wp-post-image\" alt=\"\" data-mec-postid=\"145498\" \/><\/noscript><\/div><div class=\"mec-monthly-contents\" style=\"width: calc(100% - 85px)\"><div class=\"mec-event-time mec-color\"><i class=\"mec-sl-clock-o\"><\/i> 15:00 - 16:00<\/div><h4 class=\"mec-event-title\"><a class=\"mec-color-hover\" data-event-id=\"145498\" href=\"https:\/\/msk.lodz.pl\/en\/msk\/recital-solowy-wydarzenie\/?occurrence=2026-04-28\" target=\"_self\" rel=\"noopener\">Recital solowy \/\/ wydarzenie<\/a><span class=\"event-color\" style=\"background: #fdd700\"><\/span><\/h4><div class=\"mec-event-detail\">\r\n                        <div class=\"mec-event-loc-place\">MSK: Teofil\u00f3w, Lutnia Creative Centre<\/div>\r\n                        \r\n                    <\/div><\/div><div style=\"clear:both\"><\/div><\/article><article class=\"mec-past-event mec-event-article\"><div class=\"mec-event-image\"><img loading=\"lazy\" decoding=\"async\" width=\"300\" height=\"300\" data-src=\"https:\/\/msk.lodz.pl\/wp-content\/uploads\/2023\/09\/brydz-300x300.jpg\" class=\"attachment-thumblist size-thumblist wp-post-image lazyload\" alt=\"\" data-mec-postid=\"145756\" src=\"data:image\/gif;base64,R0lGODlhAQABAAAAACH5BAEKAAEALAAAAAABAAEAAAICTAEAOw==\" style=\"--smush-placeholder-width: 300px; --smush-placeholder-aspect-ratio: 300\/300;\" \/><noscript><img loading=\"lazy\" decoding=\"async\" width=\"300\" height=\"300\" src=\"https:\/\/msk.lodz.pl\/wp-content\/uploads\/2023\/09\/brydz-300x300.jpg\" class=\"attachment-thumblist size-thumblist wp-post-image\" alt=\"\" data-mec-postid=\"145756\" \/><\/noscript><\/div><div class=\"mec-monthly-contents\" style=\"width: calc(100% - 85px)\"><div class=\"mec-event-time mec-color\"><i class=\"mec-sl-clock-o\"><\/i> 15:00 - 19:00<\/div><h4 class=\"mec-event-title\"><a class=\"mec-color-hover\" data-event-id=\"145756\" href=\"https:\/\/msk.lodz.pl\/en\/msk\/klub-brydzowy-na-gornej-grupa-i-kwiecien-2026-886-727-517\/?occurrence=2026-04-28\" target=\"_self\" rel=\"noopener\">Klub bryd\u017cowy na G\u00f3rnej \/\/ grupa I \/\/ kwiecie\u0144 2026<\/a><span class=\"event-color\" style=\"background: #4153f2\"><\/span><\/h4><div class=\"mec-event-detail\">\r\n                        <div class=\"mec-event-loc-place\">MSK: Upper, Upper Centre<\/div>\r\n                        \r\n                    <\/div><\/div><div style=\"clear:both\"><\/div><\/article><article class=\"mec-past-event mec-event-article\"><div class=\"mec-event-image\"><img loading=\"lazy\" decoding=\"async\" width=\"300\" height=\"300\" data-src=\"https:\/\/msk.lodz.pl\/wp-content\/uploads\/2023\/07\/MSK-Zubardz-na-www-7-300x300.png\" class=\"attachment-thumblist size-thumblist wp-post-image lazyload\" alt=\"\" data-mec-postid=\"145928\" src=\"data:image\/gif;base64,R0lGODlhAQABAAAAACH5BAEKAAEALAAAAAABAAEAAAICTAEAOw==\" style=\"--smush-placeholder-width: 300px; --smush-placeholder-aspect-ratio: 300\/300;\" \/><noscript><img loading=\"lazy\" decoding=\"async\" width=\"300\" height=\"300\" data-src=\"https:\/\/msk.lodz.pl\/wp-content\/uploads\/2023\/07\/MSK-Zubardz-na-www-7-300x300.png\" class=\"attachment-thumblist size-thumblist wp-post-image lazyload\" alt=\"\" data-mec-postid=\"145928\" src=\"data:image\/gif;base64,R0lGODlhAQABAAAAACH5BAEKAAEALAAAAAABAAEAAAICTAEAOw==\" style=\"--smush-placeholder-width: 300px; --smush-placeholder-aspect-ratio: 300\/300;\" \/><noscript><img loading=\"lazy\" decoding=\"async\" width=\"300\" height=\"300\" src=\"https:\/\/msk.lodz.pl\/wp-content\/uploads\/2023\/07\/MSK-Zubardz-na-www-7-300x300.png\" class=\"attachment-thumblist size-thumblist wp-post-image\" alt=\"\" data-mec-postid=\"145928\" \/><\/noscript><\/noscript><\/div><div class=\"mec-monthly-contents\" style=\"width: calc(100% - 85px)\"><div class=\"mec-event-time mec-color\"><i class=\"mec-sl-clock-o\"><\/i> 15:00 - 20:00<\/div><h4 class=\"mec-event-title\"><a class=\"mec-color-hover\" data-event-id=\"145928\" href=\"https:\/\/msk.lodz.pl\/en\/msk\/nauka-gry-na-gitarze-zajecia-stale-284-743-495-605-957-220-463\/?occurrence=2026-04-28\" target=\"_self\" rel=\"noopener\">NAUKA GRY NA GITARZE \/\/ ZAJ\u0118CIA STA\u0141E\/\/KWIECIE\u0143 2026<\/a><span class=\"event-color\" style=\"background: #e14d43\"><\/span><\/h4><div class=\"mec-event-detail\">\r\n                        <div class=\"mec-event-loc-place\">MSK: \u017bubard\u017a, Cultural Education Centre on \u017bubardzka Street<\/div>\r\n                        \r\n                    <\/div><\/div><div style=\"clear:both\"><\/div><\/article><article class=\"mec-past-event mec-event-article\"><div class=\"mec-event-image\"><img loading=\"lazy\" decoding=\"async\" width=\"300\" height=\"300\" data-src=\"https:\/\/msk.lodz.pl\/wp-content\/uploads\/2023\/07\/MSK-Zubardz-na-www-7-300x300.png\" class=\"attachment-thumblist size-thumblist wp-post-image lazyload\" alt=\"\" data-mec-postid=\"145931\" src=\"data:image\/gif;base64,R0lGODlhAQABAAAAACH5BAEKAAEALAAAAAABAAEAAAICTAEAOw==\" style=\"--smush-placeholder-width: 300px; --smush-placeholder-aspect-ratio: 300\/300;\" \/><noscript><img loading=\"lazy\" decoding=\"async\" width=\"300\" height=\"300\" data-src=\"https:\/\/msk.lodz.pl\/wp-content\/uploads\/2023\/07\/MSK-Zubardz-na-www-7-300x300.png\" class=\"attachment-thumblist size-thumblist wp-post-image lazyload\" alt=\"\" data-mec-postid=\"145931\" src=\"data:image\/gif;base64,R0lGODlhAQABAAAAACH5BAEKAAEALAAAAAABAAEAAAICTAEAOw==\" style=\"--smush-placeholder-width: 300px; --smush-placeholder-aspect-ratio: 300\/300;\" \/><noscript><img loading=\"lazy\" decoding=\"async\" width=\"300\" height=\"300\" src=\"https:\/\/msk.lodz.pl\/wp-content\/uploads\/2023\/07\/MSK-Zubardz-na-www-7-300x300.png\" class=\"attachment-thumblist size-thumblist wp-post-image\" alt=\"\" data-mec-postid=\"145931\" \/><\/noscript><\/noscript><\/div><div class=\"mec-monthly-contents\" style=\"width: calc(100% - 85px)\"><div class=\"mec-event-time mec-color\"><i class=\"mec-sl-clock-o\"><\/i> 15:00 - 20:00<\/div><h4 class=\"mec-event-title\"><a class=\"mec-color-hover\" data-event-id=\"145931\" href=\"https:\/\/msk.lodz.pl\/en\/msk\/nauka-gry-na-ukulele-zajecia-stale-wrzesien-2025-239-378-888-127-412-124-253\/?occurrence=2026-04-28\" target=\"_self\" rel=\"noopener\">NAUKA GRY NA UKULELE \/\/ ZAJ\u0118CIA STA\u0141E\/\/ KWIECIE\u0143 2026<\/a><span class=\"event-color\" style=\"background: #e14d43\"><\/span><\/h4><div class=\"mec-event-detail\">\r\n                        <div class=\"mec-event-loc-place\">MSK: \u017bubard\u017a, Cultural Education Centre on \u017bubardzka Street<\/div>\r\n                        \r\n                    <\/div><\/div><div style=\"clear:both\"><\/div><\/article><article class=\"mec-past-event mec-event-article\"><div class=\"mec-event-image\"><img loading=\"lazy\" decoding=\"async\" width=\"300\" height=\"300\" data-src=\"https:\/\/msk.lodz.pl\/wp-content\/uploads\/2023\/07\/wokalne-grupowe-300x300.png\" class=\"attachment-thumblist size-thumblist wp-post-image lazyload\" alt=\"zdj\u0119cie przedstawia grup\u0119 przyjaci\u00f3\u0142 wsp\u00f3lnie \u015bpiewaj\u0105cych do mikrofonu\" data-mec-postid=\"146651\" src=\"data:image\/gif;base64,R0lGODlhAQABAAAAACH5BAEKAAEALAAAAAABAAEAAAICTAEAOw==\" style=\"--smush-placeholder-width: 300px; --smush-placeholder-aspect-ratio: 300\/300;\" \/><noscript><img loading=\"lazy\" decoding=\"async\" width=\"300\" height=\"300\" src=\"https:\/\/msk.lodz.pl\/wp-content\/uploads\/2023\/07\/wokalne-grupowe-300x300.png\" class=\"attachment-thumblist size-thumblist wp-post-image\" alt=\"zdj\u0119cie przedstawia grup\u0119 przyjaci\u00f3\u0142 wsp\u00f3lnie \u015bpiewaj\u0105cych do mikrofonu\" data-mec-postid=\"146651\" \/><\/noscript><\/div><div class=\"mec-monthly-contents\" style=\"width: calc(100% - 85px)\"><div class=\"mec-event-time mec-color\"><i class=\"mec-sl-clock-o\"><\/i> 15:00 - 19:55<\/div><h4 class=\"mec-event-title\"><a class=\"mec-color-hover\" data-event-id=\"146651\" href=\"https:\/\/msk.lodz.pl\/en\/msk\/zajecia-wokalne-zajecia-stale-i-2-497-552-760-980-439-498-910-775-961-110-295-883-797\/?occurrence=2026-04-28\" target=\"_self\" rel=\"noopener\">Studio piosenki &#8211; zaj\u0119cia wokalne \/\/ gr. wtorkowa \/\/ zaj\u0119cia sta\u0142e \/\/ \/\/ D\u0105browa \/\/ kwiecie\u0144 2026<\/a><span class=\"event-color\" style=\"background: #e14d43\"><\/span><\/h4><div class=\"mec-event-detail\">\r\n                        <div class=\"mec-event-loc-place\">MSK: D\u0105browa, Klub D\u0105browa<\/div>\r\n                        \r\n                    <\/div><\/div><div style=\"clear:both\"><\/div><\/article><article class=\"mec-past-event mec-event-article\"><div class=\"mec-event-image\"><img loading=\"lazy\" decoding=\"async\" width=\"300\" height=\"300\" data-src=\"https:\/\/msk.lodz.pl\/wp-content\/uploads\/2024\/09\/8-1-300x300.jpg\" class=\"attachment-thumblist size-thumblist wp-post-image lazyload\" alt=\"\" data-mec-postid=\"143055\" src=\"data:image\/gif;base64,R0lGODlhAQABAAAAACH5BAEKAAEALAAAAAABAAEAAAICTAEAOw==\" style=\"--smush-placeholder-width: 300px; --smush-placeholder-aspect-ratio: 300\/300;\" \/><noscript><img loading=\"lazy\" decoding=\"async\" width=\"300\" height=\"300\" src=\"https:\/\/msk.lodz.pl\/wp-content\/uploads\/2024\/09\/8-1-300x300.jpg\" class=\"attachment-thumblist size-thumblist wp-post-image\" alt=\"\" data-mec-postid=\"143055\" \/><\/noscript><\/div><div class=\"mec-monthly-contents\" style=\"width: calc(100% - 85px)\"><div class=\"mec-event-time mec-color\"><i class=\"mec-sl-clock-o\"><\/i> 15:30 - 17:00<\/div><h4 class=\"mec-event-title\"><a class=\"mec-color-hover\" data-event-id=\"143055\" href=\"https:\/\/msk.lodz.pl\/en\/msk\/warsztaty-szydelkowania-dla-poczatkujacych-zajecia-stale-luty-661-753-844-207-936-464-864-894-653-536-942-797-353-132-965-185-644-606-239-298-103-551-183\/?occurrence=2026-04-28\" target=\"_self\" rel=\"noopener\">Warsztaty szyde\u0142kowania\u00a0dla pocz\u0105tkuj\u0105cych &#8211; dzieci, grupa wtorkowa \/\/ zaj\u0119cia sta\u0142e \/\/ IV 2026<\/a><span class=\"event-color\" style=\"background: #fdd700\"><\/span><\/h4><div class=\"mec-event-detail\">\r\n                        <div class=\"mec-event-loc-place\">MSK: Widzew Wsch\u00f3d, Dom Kultury \"502\"<\/div>\r\n                        \r\n                    <\/div><\/div><div style=\"clear:both\"><\/div><\/article><article class=\"mec-past-event mec-event-article\"><div class=\"mec-event-image\"><img loading=\"lazy\" decoding=\"async\" width=\"300\" height=\"300\" data-src=\"https:\/\/msk.lodz.pl\/wp-content\/uploads\/2024\/09\/6-1-300x300.jpg\" class=\"attachment-thumblist size-thumblist wp-post-image lazyload\" alt=\"\" data-mec-postid=\"143050\" src=\"data:image\/gif;base64,R0lGODlhAQABAAAAACH5BAEKAAEALAAAAAABAAEAAAICTAEAOw==\" style=\"--smush-placeholder-width: 300px; --smush-placeholder-aspect-ratio: 300\/300;\" \/><noscript><img loading=\"lazy\" decoding=\"async\" width=\"300\" height=\"300\" src=\"https:\/\/msk.lodz.pl\/wp-content\/uploads\/2024\/09\/6-1-300x300.jpg\" class=\"attachment-thumblist size-thumblist wp-post-image\" alt=\"\" data-mec-postid=\"143050\" \/><\/noscript><\/div><div class=\"mec-monthly-contents\" style=\"width: calc(100% - 85px)\"><div class=\"mec-event-time mec-color\"><i class=\"mec-sl-clock-o\"><\/i> 16:00 - 17:30<\/div><h4 class=\"mec-event-title\"><a class=\"mec-color-hover\" data-event-id=\"143050\" href=\"https:\/\/msk.lodz.pl\/en\/msk\/studio-plastyczne-plama-5-8-lat-zajecia-stale-693-721-673-649-363-707-870-375-400-622-577-105-996-555-337-231-883-938-562-166-984-949-130-392-599-528-558\/?occurrence=2026-04-28\" target=\"_self\" rel=\"noopener\">Studio Plastyczne &#8222;Plama Junior&#8221; (4 &#8211; 7 lat) \/\/ zaj\u0119cia sta\u0142e \/\/ IV 2026<\/a><span class=\"event-color\" style=\"background: #fdd700\"><\/span><\/h4><div class=\"mec-event-detail\">\r\n                        <div class=\"mec-event-loc-place\">MSK: Widzew Wsch\u00f3d, Dom Kultury \"502\"<\/div>\r\n                        \r\n                    <\/div><\/div><div style=\"clear:both\"><\/div><\/article><article class=\"mec-past-event mec-event-article\"><div class=\"mec-event-image\"><img loading=\"lazy\" decoding=\"async\" width=\"300\" height=\"300\" data-src=\"https:\/\/msk.lodz.pl\/wp-content\/uploads\/2023\/09\/5-1-300x300.jpg\" class=\"attachment-thumblist size-thumblist wp-post-image lazyload\" alt=\"\" data-mec-postid=\"143089\" src=\"data:image\/gif;base64,R0lGODlhAQABAAAAACH5BAEKAAEALAAAAAABAAEAAAICTAEAOw==\" style=\"--smush-placeholder-width: 300px; --smush-placeholder-aspect-ratio: 300\/300;\" \/><noscript><img loading=\"lazy\" decoding=\"async\" width=\"300\" height=\"300\" src=\"https:\/\/msk.lodz.pl\/wp-content\/uploads\/2023\/09\/5-1-300x300.jpg\" class=\"attachment-thumblist size-thumblist wp-post-image\" alt=\"\" data-mec-postid=\"143089\" \/><\/noscript><\/div><div class=\"mec-monthly-contents\" style=\"width: calc(100% - 85px)\"><div class=\"mec-event-time mec-color\"><i class=\"mec-sl-clock-o\"><\/i> 16:00 - 17:00<\/div><h4 class=\"mec-event-title\"><a class=\"mec-color-hover\" data-event-id=\"143089\" href=\"https:\/\/msk.lodz.pl\/en\/msk\/zespol-tanca-estradowego-misiaczek-597-930-203-293-857-701-662-913-371-177-549-327-544-901-372-550-142-372-866\/?occurrence=2026-04-28\" target=\"_self\" rel=\"noopener\">Zesp\u00f3\u0142 Ta\u0144ca \u201eMisiaczek\u201d \/\/ zaj\u0119cia sta\u0142e \/\/ IV 2026<\/a><span class=\"event-color\" style=\"background: #fdd700\"><\/span><\/h4><div class=\"mec-event-detail\">\r\n                        <div class=\"mec-event-loc-place\">MSK: Widzew Wsch\u00f3d, Dom Kultury \"502\"<\/div>\r\n                        \r\n                    <\/div><\/div><div style=\"clear:both\"><\/div><\/article><article class=\"mec-past-event mec-event-article\"><div class=\"mec-event-image\"><img loading=\"lazy\" decoding=\"async\" width=\"300\" height=\"300\" data-src=\"https:\/\/msk.lodz.pl\/wp-content\/uploads\/2024\/09\/4-2-300x300.jpg\" class=\"attachment-thumblist size-thumblist wp-post-image lazyload\" alt=\"\" data-mec-postid=\"143443\" src=\"data:image\/gif;base64,R0lGODlhAQABAAAAACH5BAEKAAEALAAAAAABAAEAAAICTAEAOw==\" style=\"--smush-placeholder-width: 300px; --smush-placeholder-aspect-ratio: 300\/300;\" \/><noscript><img loading=\"lazy\" decoding=\"async\" width=\"300\" height=\"300\" src=\"https:\/\/msk.lodz.pl\/wp-content\/uploads\/2024\/09\/4-2-300x300.jpg\" class=\"attachment-thumblist size-thumblist wp-post-image\" alt=\"\" data-mec-postid=\"143443\" \/><\/noscript><\/div><div class=\"mec-monthly-contents\" style=\"width: calc(100% - 85px)\"><div class=\"mec-event-time mec-color\"><i class=\"mec-sl-clock-o\"><\/i> 16:00 - 17:30<\/div><h4 class=\"mec-event-title\"><a class=\"mec-color-hover\" data-event-id=\"143443\" href=\"https:\/\/msk.lodz.pl\/en\/msk\/teatr-malego-aktora-zajecia-stale-maj-287-958-619-860-604-652-976-127-176-141-424-683-929-591-703-424-419-723-314\/?occurrence=2026-04-28\" target=\"_self\" rel=\"noopener\">Teatr Ma\u0142ego Aktora \/\/ zaj\u0119cia sta\u0142e \/\/ IV 2026<\/a><span class=\"event-color\" style=\"background: #fdd700\"><\/span><\/h4><div class=\"mec-event-detail\">\r\n                        <div class=\"mec-event-loc-place\">MSK: Widzew Wsch\u00f3d, Dom Kultury \"502\"<\/div>\r\n                        \r\n                    <\/div><\/div><div style=\"clear:both\"><\/div><\/article><article class=\"mec-past-event mec-event-article\"><div class=\"mec-event-image\"><img loading=\"lazy\" decoding=\"async\" width=\"300\" height=\"300\" data-src=\"https:\/\/msk.lodz.pl\/wp-content\/uploads\/2025\/08\/RYSUNE-300x300.png\" class=\"attachment-thumblist size-thumblist wp-post-image lazyload\" alt=\"\" data-mec-postid=\"146309\" src=\"data:image\/gif;base64,R0lGODlhAQABAAAAACH5BAEKAAEALAAAAAABAAEAAAICTAEAOw==\" style=\"--smush-placeholder-width: 300px; --smush-placeholder-aspect-ratio: 300\/300;\" \/><noscript><img loading=\"lazy\" decoding=\"async\" width=\"300\" height=\"300\" data-src=\"https:\/\/msk.lodz.pl\/wp-content\/uploads\/2025\/08\/RYSUNE-300x300.png\" class=\"attachment-thumblist size-thumblist wp-post-image lazyload\" alt=\"\" data-mec-postid=\"146309\" src=\"data:image\/gif;base64,R0lGODlhAQABAAAAACH5BAEKAAEALAAAAAABAAEAAAICTAEAOw==\" style=\"--smush-placeholder-width: 300px; --smush-placeholder-aspect-ratio: 300\/300;\" \/><noscript><img loading=\"lazy\" decoding=\"async\" width=\"300\" height=\"300\" src=\"https:\/\/msk.lodz.pl\/wp-content\/uploads\/2025\/08\/RYSUNE-300x300.png\" class=\"attachment-thumblist size-thumblist wp-post-image\" alt=\"\" data-mec-postid=\"146309\" \/><\/noscript><\/noscript><\/div><div class=\"mec-monthly-contents\" style=\"width: calc(100% - 85px)\"><div class=\"mec-event-time mec-color\"><i class=\"mec-sl-clock-o\"><\/i> 16:00 - 16:45<\/div><h4 class=\"mec-event-title\"><a class=\"mec-color-hover\" data-event-id=\"146309\" href=\"https:\/\/msk.lodz.pl\/en\/msk\/mix-taneczny-zajecia-taneczne-dla-dzieci-4-6-lat-zajecia-stale-kwiecien-2026\/?occurrence=2026-04-28\" target=\"_self\" rel=\"noopener\">MIX TANECZNY \/\/ zaj\u0119cia taneczne dla dzieci 4-6 lat \/\/ zaj\u0119cia sta\u0142e \/\/ kwiecie\u0144 2026<\/a><span class=\"event-color\" style=\"background: #dd823b\"><\/span><\/h4><div class=\"mec-event-detail\">\r\n                        <div class=\"mec-event-loc-place\">MSK: Chojny, Youth Cultural Centre<\/div>\r\n                        \r\n                    <\/div><\/div><div style=\"clear:both\"><\/div><\/article><article class=\"mec-past-event mec-event-article\"><div class=\"mec-event-image\"><img loading=\"lazy\" decoding=\"async\" width=\"300\" height=\"300\" data-src=\"https:\/\/msk.lodz.pl\/wp-content\/uploads\/2025\/04\/vinyasa-300x300.png\" class=\"attachment-thumblist size-thumblist wp-post-image lazyload\" alt=\"\" data-mec-postid=\"142859\" src=\"data:image\/gif;base64,R0lGODlhAQABAAAAACH5BAEKAAEALAAAAAABAAEAAAICTAEAOw==\" style=\"--smush-placeholder-width: 300px; --smush-placeholder-aspect-ratio: 300\/300;\" \/><noscript><img loading=\"lazy\" decoding=\"async\" width=\"300\" height=\"300\" src=\"https:\/\/msk.lodz.pl\/wp-content\/uploads\/2025\/04\/vinyasa-300x300.png\" class=\"attachment-thumblist size-thumblist wp-post-image\" alt=\"\" data-mec-postid=\"142859\" \/><\/noscript><\/div><div class=\"mec-monthly-contents\" style=\"width: calc(100% - 85px)\"><div class=\"mec-event-time mec-color\"><i class=\"mec-sl-clock-o\"><\/i> 16:30 - 17:45<\/div><h4 class=\"mec-event-title\"><a class=\"mec-color-hover\" data-event-id=\"142859\" href=\"https:\/\/msk.lodz.pl\/en\/msk\/joga-vinyasa-zajecia-stale-kwiecien-2026\/?occurrence=2026-04-28\" target=\"_self\" rel=\"noopener\">JOGA VINYASA \/\/ zaj\u0119cia sta\u0142e \/\/ Kwiecie\u0144 2026<\/a><span class=\"event-color\" style=\"background: #4153f2\"><\/span><\/h4><div class=\"mec-event-detail\">\r\n                        <div class=\"mec-event-loc-place\">MSK: Upper, Upper Centre<\/div>\r\n                        \r\n                    <\/div><\/div><div style=\"clear:both\"><\/div><\/article><article class=\"mec-past-event mec-event-article\"><div class=\"mec-event-image\"><img loading=\"lazy\" decoding=\"async\" width=\"300\" height=\"300\" data-src=\"https:\/\/msk.lodz.pl\/wp-content\/uploads\/2025\/02\/10-300x300.png\" class=\"attachment-thumblist size-thumblist wp-post-image lazyload\" alt=\"\" data-mec-postid=\"143374\" src=\"data:image\/gif;base64,R0lGODlhAQABAAAAACH5BAEKAAEALAAAAAABAAEAAAICTAEAOw==\" style=\"--smush-placeholder-width: 300px; --smush-placeholder-aspect-ratio: 300\/300;\" \/><noscript><img loading=\"lazy\" decoding=\"async\" width=\"300\" height=\"300\" src=\"https:\/\/msk.lodz.pl\/wp-content\/uploads\/2025\/02\/10-300x300.png\" class=\"attachment-thumblist size-thumblist wp-post-image\" alt=\"\" data-mec-postid=\"143374\" \/><\/noscript><\/div><div class=\"mec-monthly-contents\" style=\"width: calc(100% - 85px)\"><div class=\"mec-event-time mec-color\"><i class=\"mec-sl-clock-o\"><\/i> 16:30 - 18:30<\/div><h4 class=\"mec-event-title\"><a class=\"mec-color-hover\" data-event-id=\"143374\" href=\"https:\/\/msk.lodz.pl\/en\/msk\/ceramika502-595-939-308-760-946-117-911-124-411-699-304-816-451-806-670-166-534\/?occurrence=2026-04-28\" target=\"_self\" rel=\"noopener\">Ceramika 502 dla doros\u0142ych gr. III \/\/ grupa dla pocz\u0105tkuj\u0105cych\/\/ IV 2026<\/a> <span class=\"mec-event-title-soldout\"><span class=\"soldout\">Sold Out<\/span><\/span> <span class=\"event-color\" style=\"background: #fdd700\"><\/span><\/h4><div class=\"mec-event-detail\">\r\n                        <div class=\"mec-event-loc-place\">MSK: Widzew Wsch\u00f3d, Dom Kultury \"502\"<\/div>\r\n                        \r\n                    <\/div><\/div><div style=\"clear:both\"><\/div><\/article><article class=\"mec-past-event mec-event-article\"><div class=\"mec-event-image\"><img loading=\"lazy\" decoding=\"async\" width=\"300\" height=\"300\" data-src=\"https:\/\/msk.lodz.pl\/wp-content\/uploads\/2025\/08\/224-300x300.png\" class=\"attachment-thumblist size-thumblist wp-post-image lazyload\" alt=\"\" data-mec-postid=\"144709\" src=\"data:image\/gif;base64,R0lGODlhAQABAAAAACH5BAEKAAEALAAAAAABAAEAAAICTAEAOw==\" style=\"--smush-placeholder-width: 300px; --smush-placeholder-aspect-ratio: 300\/300;\" \/><noscript><img loading=\"lazy\" decoding=\"async\" width=\"300\" height=\"300\" src=\"https:\/\/msk.lodz.pl\/wp-content\/uploads\/2025\/08\/224-300x300.png\" class=\"attachment-thumblist size-thumblist wp-post-image\" alt=\"\" data-mec-postid=\"144709\" \/><\/noscript><\/div><div class=\"mec-monthly-contents\" style=\"width: calc(100% - 85px)\"><div class=\"mec-event-time mec-color\"><i class=\"mec-sl-clock-o\"><\/i> 16:30 - 17:30<\/div><h4 class=\"mec-event-title\"><a class=\"mec-color-hover\" data-event-id=\"144709\" href=\"https:\/\/msk.lodz.pl\/en\/msk\/pracownia-wyobrazni-gr-i-zajecia-stale-ix-473-456-101-274-620\/?occurrence=2026-04-28\" target=\"_self\" rel=\"noopener\">Pracownia wyobra\u017ani (gr. 4-7 lat) \/\/ zaj\u0119cia sta\u0142e \/\/ kwiecie\u0144 2026<\/a><span class=\"event-color\" style=\"background: #fdd700\"><\/span><\/h4><div class=\"mec-event-detail\">\r\n                        <div class=\"mec-event-loc-place\">MSK: D\u0105browa, Klub D\u0105browa<\/div>\r\n                        \r\n                    <\/div><\/div><div style=\"clear:both\"><\/div><\/article><article class=\"mec-past-event mec-event-article\"><div class=\"mec-event-image\"><img loading=\"lazy\" decoding=\"async\" width=\"300\" height=\"300\" data-src=\"https:\/\/msk.lodz.pl\/wp-content\/uploads\/2026\/02\/www-2-300x300.png\" class=\"attachment-thumblist size-thumblist wp-post-image lazyload\" alt=\"\" data-mec-postid=\"144864\" src=\"data:image\/gif;base64,R0lGODlhAQABAAAAACH5BAEKAAEALAAAAAABAAEAAAICTAEAOw==\" style=\"--smush-placeholder-width: 300px; --smush-placeholder-aspect-ratio: 300\/300;\" \/><noscript><img loading=\"lazy\" decoding=\"async\" width=\"300\" height=\"300\" src=\"https:\/\/msk.lodz.pl\/wp-content\/uploads\/2026\/02\/www-2-300x300.png\" class=\"attachment-thumblist size-thumblist wp-post-image\" alt=\"\" data-mec-postid=\"144864\" \/><\/noscript><\/div><div class=\"mec-monthly-contents\" style=\"width: calc(100% - 85px)\"><div class=\"mec-event-time mec-color\"><i class=\"mec-sl-clock-o\"><\/i> 16:30 - 19:00<\/div><h4 class=\"mec-event-title\"><a class=\"mec-color-hover\" data-event-id=\"144864\" href=\"https:\/\/msk.lodz.pl\/en\/msk\/popoludnie-z-akwarela-kwiecien2026\/?occurrence=2026-04-28\" target=\"_self\" rel=\"noopener\">Popo\u0142udnie z akwarel\u0105 \/\/ zaj\u0119cia sta\u0142e \/\/ O\u015brodek G\u00f3rna \/\/ Kwiecie\u0144 2026<\/a><span class=\"event-color\" style=\"background: #339638\"><\/span><\/h4><div class=\"mec-event-detail\">\r\n                        <div class=\"mec-event-loc-place\">MSK: Upper, Upper Centre<\/div>\r\n                        \r\n                    <\/div><\/div><div style=\"clear:both\"><\/div><\/article><article class=\"mec-past-event mec-event-article\"><div class=\"mec-event-image\"><img loading=\"lazy\" decoding=\"async\" width=\"300\" height=\"300\" data-src=\"https:\/\/msk.lodz.pl\/wp-content\/uploads\/2023\/07\/www-3-300x300.png\" class=\"attachment-thumblist size-thumblist wp-post-image lazyload\" alt=\"\" data-mec-postid=\"144870\" src=\"data:image\/gif;base64,R0lGODlhAQABAAAAACH5BAEKAAEALAAAAAABAAEAAAICTAEAOw==\" style=\"--smush-placeholder-width: 300px; --smush-placeholder-aspect-ratio: 300\/300;\" \/><noscript><img loading=\"lazy\" decoding=\"async\" width=\"300\" height=\"300\" src=\"https:\/\/msk.lodz.pl\/wp-content\/uploads\/2023\/07\/www-3-300x300.png\" class=\"attachment-thumblist size-thumblist wp-post-image\" alt=\"\" data-mec-postid=\"144870\" \/><\/noscript><\/div><div class=\"mec-monthly-contents\" style=\"width: calc(100% - 85px)\"><div class=\"mec-event-time mec-color\"><i class=\"mec-sl-clock-o\"><\/i> 16:30 - 18:00<\/div><h4 class=\"mec-event-title\"><a class=\"mec-color-hover\" data-event-id=\"144870\" href=\"https:\/\/msk.lodz.pl\/en\/msk\/kolo-sztuki-1-kwiecien2026\/?occurrence=2026-04-28\" target=\"_self\" rel=\"noopener\">Ko\u0142o Sztuki gr. 1 dzieci 7-11\u00a0lat \/\/ zaj\u0119cia sta\u0142e \/\/ O\u015brodek G\u00f3rna \/\/ Kwiecie\u0144 2026<\/a><span class=\"event-color\" style=\"background: #fdd700\"><\/span><\/h4><div class=\"mec-event-detail\">\r\n                        <div class=\"mec-event-loc-place\">MSK: Upper, Upper Centre<\/div>\r\n                        \r\n                    <\/div><\/div><div style=\"clear:both\"><\/div><\/article><article class=\"mec-past-event mec-event-article\"><div class=\"mec-event-image\"><img loading=\"lazy\" decoding=\"async\" width=\"300\" height=\"300\" data-src=\"https:\/\/msk.lodz.pl\/wp-content\/uploads\/2023\/07\/www-5-300x300.png\" class=\"attachment-thumblist size-thumblist wp-post-image lazyload\" alt=\"\" data-mec-postid=\"145367\" src=\"data:image\/gif;base64,R0lGODlhAQABAAAAACH5BAEKAAEALAAAAAABAAEAAAICTAEAOw==\" style=\"--smush-placeholder-width: 300px; --smush-placeholder-aspect-ratio: 300\/300;\" \/><noscript><img loading=\"lazy\" decoding=\"async\" width=\"300\" height=\"300\" src=\"https:\/\/msk.lodz.pl\/wp-content\/uploads\/2023\/07\/www-5-300x300.png\" class=\"attachment-thumblist size-thumblist wp-post-image\" alt=\"\" data-mec-postid=\"145367\" \/><\/noscript><\/div><div class=\"mec-monthly-contents\" style=\"width: calc(100% - 85px)\"><div class=\"mec-event-time mec-color\"><i class=\"mec-sl-clock-o\"><\/i> 16:30<\/div><h4 class=\"mec-event-title\"><a class=\"mec-color-hover\" data-event-id=\"145367\" href=\"https:\/\/msk.lodz.pl\/en\/msk\/plastusie-zajecia-plastyczne-dla-dzieci-zajecia-stale-iv\/?occurrence=2026-04-28\" target=\"_self\" rel=\"noopener\">Plastusie &#8211; zaj\u0119cia plastyczne dla dzieci \/\/ zaj\u0119cia sta\u0142e \/\/ IV<\/a><span class=\"event-color\" style=\"background: #fdd700\"><\/span><\/h4><div class=\"mec-event-detail\">\r\n                        <div class=\"mec-event-loc-place\">MSK: Olech\u00f3w - Strefa Kultury Otwartej<\/div>\r\n                        \r\n                    <\/div><\/div><div style=\"clear:both\"><\/div><\/article><article class=\"mec-past-event mec-event-article\"><div class=\"mec-event-image\"><\/div><div class=\"mec-monthly-contents\" style=\"width: 100%\"><div class=\"mec-event-time mec-color\"><i class=\"mec-sl-clock-o\"><\/i> 16:30 - 17:30<\/div><h4 class=\"mec-event-title\"><a class=\"mec-color-hover\" data-event-id=\"145948\" href=\"https:\/\/msk.lodz.pl\/en\/msk\/capoeira-zajecia-stale-wrzesien-2025-558-348-253-789-648-831\/?occurrence=2026-04-28\" target=\"_self\" rel=\"noopener\">CAPOEIRA- DZIECI 5-10 LAT\/\/ZAJ\u0118CIA STA\u0141E\/\/KWIECIE\u0143 2026<\/a><span class=\"event-color\" style=\"background: #a3b745\"><\/span><\/h4><div class=\"mec-event-detail\">\r\n                        <div class=\"mec-event-loc-place\">MSK: \u017bubard\u017a, Cultural Education Centre on \u017bubardzka Street<\/div>\r\n                        \r\n                    <\/div><\/div><div style=\"clear:both\"><\/div><\/article><article class=\"mec-past-event mec-event-article\"><div class=\"mec-event-image\"><img loading=\"lazy\" decoding=\"async\" width=\"300\" height=\"300\" data-src=\"https:\/\/msk.lodz.pl\/wp-content\/uploads\/2024\/07\/3-300x300.png\" class=\"attachment-thumblist size-thumblist wp-post-image lazyload\" alt=\"\" data-mec-postid=\"56936\" src=\"data:image\/gif;base64,R0lGODlhAQABAAAAACH5BAEKAAEALAAAAAABAAEAAAICTAEAOw==\" style=\"--smush-placeholder-width: 300px; --smush-placeholder-aspect-ratio: 300\/300;\" \/><noscript><img loading=\"lazy\" decoding=\"async\" width=\"300\" height=\"300\" data-src=\"https:\/\/msk.lodz.pl\/wp-content\/uploads\/2024\/07\/3-300x300.png\" class=\"attachment-thumblist size-thumblist wp-post-image lazyload\" alt=\"\" data-mec-postid=\"56936\" src=\"data:image\/gif;base64,R0lGODlhAQABAAAAACH5BAEKAAEALAAAAAABAAEAAAICTAEAOw==\" style=\"--smush-placeholder-width: 300px; --smush-placeholder-aspect-ratio: 300\/300;\" \/><noscript><img loading=\"lazy\" decoding=\"async\" width=\"300\" height=\"300\" src=\"https:\/\/msk.lodz.pl\/wp-content\/uploads\/2024\/07\/3-300x300.png\" class=\"attachment-thumblist size-thumblist wp-post-image\" alt=\"\" data-mec-postid=\"56936\" \/><\/noscript><\/noscript><\/div><div class=\"mec-monthly-contents\" style=\"width: calc(100% - 85px)\"><div class=\"mec-event-time mec-color\"><i class=\"mec-sl-clock-o\"><\/i> 17:00 - 18:00<\/div><h4 class=\"mec-event-title\"><a class=\"mec-color-hover\" data-event-id=\"56936\" href=\"https:\/\/msk.lodz.pl\/en\/msk\/rytmika-a-dla-dzieci-4-6lat-zajecia-stale-ix-488-539-814-832-737-896-772-979-299-798-981-449-289-358-889-626-774-901-566-911-443-910-724-501-657-132-217-688-115-794-185-134-710-337-954-306-413\/?occurrence=2026-04-28\" target=\"_self\" rel=\"noopener\">Taniec ludowy -grupa II ( grupa zaawansowana, posiadaj\u0105ca postawy ta\u0144ca i \u015bpiewu)  \/ dla dzieci \/ 9-11 lat \/zaj\u0119cia sta\u0142e IV<\/a><span class=\"event-color\" style=\"background: #fdd700\"><\/span><\/h4><div class=\"mec-event-detail\">\r\n                        <div class=\"mec-event-loc-place\">MSK: Harnam, Harnam Centre<\/div>\r\n                        \r\n                    <\/div><\/div><div style=\"clear:both\"><\/div><\/article><article class=\"mec-past-event mec-event-article\"><div class=\"mec-event-image\"><img loading=\"lazy\" decoding=\"async\" width=\"300\" height=\"300\" data-src=\"https:\/\/msk.lodz.pl\/wp-content\/uploads\/2025\/09\/kvitka1-300x300.jpg\" class=\"attachment-thumblist size-thumblist wp-post-image lazyload\" alt=\"\" data-mec-postid=\"109686\" src=\"data:image\/gif;base64,R0lGODlhAQABAAAAACH5BAEKAAEALAAAAAABAAEAAAICTAEAOw==\" style=\"--smush-placeholder-width: 300px; --smush-placeholder-aspect-ratio: 300\/300;\" \/><noscript><img loading=\"lazy\" decoding=\"async\" width=\"300\" height=\"300\" src=\"https:\/\/msk.lodz.pl\/wp-content\/uploads\/2025\/09\/kvitka1-300x300.jpg\" class=\"attachment-thumblist size-thumblist wp-post-image\" alt=\"\" data-mec-postid=\"109686\" \/><\/noscript><\/div><div class=\"mec-monthly-contents\" style=\"width: calc(100% - 85px)\"><div class=\"mec-event-time mec-color\"><i class=\"mec-sl-clock-o\"><\/i> 17:00 - 18:00<\/div><h4 class=\"mec-event-title\"><a class=\"mec-color-hover\" data-event-id=\"109686\" href=\"https:\/\/msk.lodz.pl\/en\/msk\/chor-kvitka-dla-dzieci-zajecia-stale-wrzesien-2025\/?occurrence=2026-04-28\" target=\"_self\" rel=\"noopener\">Ch\u00f3r KVITKA \/\/ dla dzieci \/\/ zaj\u0119cia sta\u0142e \/\/ 2026<\/a><span class=\"event-color\" style=\"background: #e14d43\"><\/span><\/h4><div class=\"mec-event-detail\">\r\n                        <div class=\"mec-event-loc-place\">MSK: D\u0105browa, Klub D\u0105browa<\/div>\r\n                        \r\n                    <\/div><\/div><div style=\"clear:both\"><\/div><\/article><article class=\"mec-past-event mec-event-article\"><div class=\"mec-event-image\"><img loading=\"lazy\" decoding=\"async\" width=\"300\" height=\"300\" data-src=\"https:\/\/msk.lodz.pl\/wp-content\/uploads\/2024\/08\/mala-anilana--300x300.png\" class=\"attachment-thumblist size-thumblist wp-post-image lazyload\" alt=\"\" data-mec-postid=\"134607\" src=\"data:image\/gif;base64,R0lGODlhAQABAAAAACH5BAEKAAEALAAAAAABAAEAAAICTAEAOw==\" style=\"--smush-placeholder-width: 300px; --smush-placeholder-aspect-ratio: 300\/300;\" \/><noscript><img loading=\"lazy\" decoding=\"async\" width=\"300\" height=\"300\" data-src=\"https:\/\/msk.lodz.pl\/wp-content\/uploads\/2024\/08\/mala-anilana--300x300.png\" class=\"attachment-thumblist size-thumblist wp-post-image lazyload\" alt=\"\" data-mec-postid=\"134607\" src=\"data:image\/gif;base64,R0lGODlhAQABAAAAACH5BAEKAAEALAAAAAABAAEAAAICTAEAOw==\" style=\"--smush-placeholder-width: 300px; --smush-placeholder-aspect-ratio: 300\/300;\" \/><noscript><img loading=\"lazy\" decoding=\"async\" width=\"300\" height=\"300\" src=\"https:\/\/msk.lodz.pl\/wp-content\/uploads\/2024\/08\/mala-anilana--300x300.png\" class=\"attachment-thumblist size-thumblist wp-post-image\" alt=\"\" data-mec-postid=\"134607\" \/><\/noscript><\/noscript><\/div><div class=\"mec-monthly-contents\" style=\"width: calc(100% - 85px)\"><div class=\"mec-event-time mec-color\"><i class=\"mec-sl-clock-o\"><\/i> 17:00 - 18:00<\/div><h4 class=\"mec-event-title\"><a class=\"mec-color-hover\" data-event-id=\"134607\" href=\"https:\/\/msk.lodz.pl\/en\/msk\/zespol-piesni-i-tanca-mala-anilana-zajecia-stale-iv-3\/?occurrence=2026-04-28\" target=\"_self\" rel=\"noopener\">Zesp\u00f3\u0142 Pie\u015bni i Ta\u0144ca Ma\u0142a Anilana \/\/ zaj\u0119cia sta\u0142e \/ IV<\/a><\/h4><div class=\"mec-event-detail\">\r\n                        <div class=\"mec-event-loc-place\">Liceum Og\u00f3lnokszta\u0142c\u0105ce nr XXIII im. ks. prof. J. Tischnera<\/div>\r\n                        \r\n                    <\/div><\/div><div style=\"clear:both\"><\/div><\/article><article class=\"mec-past-event mec-event-article\"><div class=\"mec-event-image\"><img loading=\"lazy\" decoding=\"async\" width=\"300\" height=\"300\" data-src=\"https:\/\/msk.lodz.pl\/wp-content\/uploads\/2025\/08\/rozmiar-grafiki-na-strone-grupy-zorganizowane-1-300x300.png\" class=\"attachment-thumblist size-thumblist wp-post-image lazyload\" alt=\"\" data-mec-postid=\"144307\" src=\"data:image\/gif;base64,R0lGODlhAQABAAAAACH5BAEKAAEALAAAAAABAAEAAAICTAEAOw==\" style=\"--smush-placeholder-width: 300px; --smush-placeholder-aspect-ratio: 300\/300;\" \/><noscript><img loading=\"lazy\" decoding=\"async\" width=\"300\" height=\"300\" src=\"https:\/\/msk.lodz.pl\/wp-content\/uploads\/2025\/08\/rozmiar-grafiki-na-strone-grupy-zorganizowane-1-300x300.png\" class=\"attachment-thumblist size-thumblist wp-post-image\" alt=\"\" data-mec-postid=\"144307\" \/><\/noscript><\/div><div class=\"mec-monthly-contents\" style=\"width: calc(100% - 85px)\"><div class=\"mec-event-time mec-color\"><i class=\"mec-sl-clock-o\"><\/i> 17:00 - 18:30<\/div><h4 class=\"mec-event-title\"><a class=\"mec-color-hover\" data-event-id=\"144307\" href=\"https:\/\/msk.lodz.pl\/en\/msk\/pracownia-ceramiki-dla-dzieci-i-mlodziezy-iv-26-wk\/?occurrence=2026-04-28\" target=\"_self\" rel=\"noopener\">Pracownia Ceramiki dla dzieci i m\u0142odzie\u017cy \/\/ IV 26 \/\/ wk<\/a> <span class=\"mec-event-title-soldout\"><span class=\"soldout\">Sold Out<\/span><\/span> <\/h4><div class=\"mec-event-detail\">\r\n                        <div class=\"mec-event-loc-place\">MSK: Radogoszcz, Island of Culture Centre<\/div>\r\n                        \r\n                    <\/div><\/div><div style=\"clear:both\"><\/div><\/article><article class=\"mec-past-event mec-event-article\"><div class=\"mec-event-image\"><img loading=\"lazy\" decoding=\"async\" width=\"300\" height=\"300\" data-src=\"https:\/\/msk.lodz.pl\/wp-content\/uploads\/2025\/09\/zajecia-sensoryczne-dla-maluszkow-300x300.png\" class=\"attachment-thumblist size-thumblist wp-post-image lazyload\" alt=\"\" data-mec-postid=\"145947\" src=\"data:image\/gif;base64,R0lGODlhAQABAAAAACH5BAEKAAEALAAAAAABAAEAAAICTAEAOw==\" style=\"--smush-placeholder-width: 300px; --smush-placeholder-aspect-ratio: 300\/300;\" \/><noscript><img loading=\"lazy\" decoding=\"async\" width=\"300\" height=\"300\" src=\"https:\/\/msk.lodz.pl\/wp-content\/uploads\/2025\/09\/zajecia-sensoryczne-dla-maluszkow-300x300.png\" class=\"attachment-thumblist size-thumblist wp-post-image\" alt=\"\" data-mec-postid=\"145947\" \/><\/noscript><\/div><div class=\"mec-monthly-contents\" style=\"width: calc(100% - 85px)\"><div class=\"mec-event-time mec-color\"><i class=\"mec-sl-clock-o\"><\/i> 17:00 - 18:00<\/div><h4 class=\"mec-event-title\"><a class=\"mec-color-hover\" data-event-id=\"145947\" href=\"https:\/\/msk.lodz.pl\/en\/msk\/zajecia-sensoryczne-dla-maluszkow-386-442-581-303-390-641\/?occurrence=2026-04-28\" target=\"_self\" rel=\"noopener\">ZAJ\u0118CIA SENSORYCZNE DLA MALUSZK\u00d3W\/\/KWIECIE\u0143 2026<\/a><span class=\"event-color\" style=\"background: #4153f2\"><\/span><\/h4><div class=\"mec-event-detail\">\r\n                        <div class=\"mec-event-loc-place\">MSK: \u017bubard\u017a, Cultural Education Centre on \u017bubardzka Street<\/div>\r\n                        \r\n                    <\/div><\/div><div style=\"clear:both\"><\/div><\/article><article class=\"mec-past-event mec-event-article\"><div class=\"mec-event-image\"><img loading=\"lazy\" decoding=\"async\" width=\"300\" height=\"300\" data-src=\"https:\/\/msk.lodz.pl\/wp-content\/uploads\/2023\/07\/359972077_1407578789803077_1195290474012229075_n-300x300.jpg\" class=\"attachment-thumblist size-thumblist wp-post-image lazyload\" alt=\"\" data-mec-postid=\"145706\" src=\"data:image\/gif;base64,R0lGODlhAQABAAAAACH5BAEKAAEALAAAAAABAAEAAAICTAEAOw==\" style=\"--smush-placeholder-width: 300px; --smush-placeholder-aspect-ratio: 300\/300;\" \/><noscript><img loading=\"lazy\" decoding=\"async\" width=\"300\" height=\"300\" src=\"https:\/\/msk.lodz.pl\/wp-content\/uploads\/2023\/07\/359972077_1407578789803077_1195290474012229075_n-300x300.jpg\" class=\"attachment-thumblist size-thumblist wp-post-image\" alt=\"\" data-mec-postid=\"145706\" \/><\/noscript><\/div><div class=\"mec-monthly-contents\" style=\"width: calc(100% - 85px)\"><div class=\"mec-event-time mec-color\"><i class=\"mec-sl-clock-o\"><\/i> 17:30 - 20:30<\/div><h4 class=\"mec-event-title\"><a class=\"mec-color-hover\" data-event-id=\"145706\" href=\"https:\/\/msk.lodz.pl\/en\/msk\/feirin-zespol-tanca-irlandzkiego-lutnia-zajecia-stale-iv-2\/?occurrence=2026-04-28\" target=\"_self\" rel=\"noopener\">FEIRIN -Zesp\u00f3\u0142 Ta\u0144ca Irlandzkiego \/\/ LUTNIA \/\/ zaj\u0119cia sta\u0142e \/\/ IV<\/a><span class=\"event-color\" style=\"background: #a3b745\"><\/span><\/h4><div class=\"mec-event-detail\">\r\n                        <div class=\"mec-event-loc-place\">MSK: Teofil\u00f3w, Lutnia Creative Centre<\/div>\r\n                        \r\n                    <\/div><\/div><div style=\"clear:both\"><\/div><\/article><article class=\"mec-past-event mec-event-article\"><div class=\"mec-event-image\"><img loading=\"lazy\" decoding=\"async\" width=\"300\" height=\"300\" data-src=\"https:\/\/msk.lodz.pl\/wp-content\/uploads\/2024\/10\/grupa-I-sroda-6-8-lat-16-1730-6-300x300.png\" class=\"attachment-thumblist size-thumblist wp-post-image lazyload\" alt=\"\" data-mec-postid=\"145937\" src=\"data:image\/gif;base64,R0lGODlhAQABAAAAACH5BAEKAAEALAAAAAABAAEAAAICTAEAOw==\" style=\"--smush-placeholder-width: 300px; --smush-placeholder-aspect-ratio: 300\/300;\" \/><noscript><img loading=\"lazy\" decoding=\"async\" width=\"300\" height=\"300\" src=\"https:\/\/msk.lodz.pl\/wp-content\/uploads\/2024\/10\/grupa-I-sroda-6-8-lat-16-1730-6-300x300.png\" class=\"attachment-thumblist size-thumblist wp-post-image\" alt=\"\" data-mec-postid=\"145937\" \/><\/noscript><\/div><div class=\"mec-monthly-contents\" style=\"width: calc(100% - 85px)\"><div class=\"mec-event-time mec-color\"><i class=\"mec-sl-clock-o\"><\/i> 17:30 - 18:15<\/div><h4 class=\"mec-event-title\"><a class=\"mec-color-hover\" data-event-id=\"145937\" href=\"https:\/\/msk.lodz.pl\/en\/msk\/jezyk-hiszpanski-dla-kazdego-zajecia-stale-wrzesien-2025-395-825-788-319-272-739-244\/?occurrence=2026-04-28\" target=\"_self\" rel=\"noopener\">J\u0118ZYK HISZPA\u0143SKI DLA KA\u017bDEGO\/\/ZAJ\u0118CIA STA\u0141E\/\/KWIECIE\u0143 2026<\/a><span class=\"event-color\" style=\"background: #a3b745\"><\/span><\/h4><div class=\"mec-event-detail\">\r\n                        <div class=\"mec-event-loc-place\">MSK: \u017bubard\u017a, Cultural Education Centre on \u017bubardzka Street<\/div>\r\n                        \r\n                    <\/div><\/div><div style=\"clear:both\"><\/div><\/article><article class=\"mec-past-event mec-event-article\"><div class=\"mec-event-image\"><\/div><div class=\"mec-monthly-contents\" style=\"width: 100%\"><div class=\"mec-event-time mec-color\"><i class=\"mec-sl-clock-o\"><\/i> 17:30 - 19:00<\/div><h4 class=\"mec-event-title\"><a class=\"mec-color-hover\" data-event-id=\"145949\" href=\"https:\/\/msk.lodz.pl\/en\/msk\/capoeira-zajecia-stale-wrzesien-2025-558-348-253-789-648-664\/?occurrence=2026-04-28\" target=\"_self\" rel=\"noopener\">CAPOEIRA &#8211; DZIECI POWY\u017bEJ 10 LAT\/\/ZAJ\u0118CIA STA\u0141E\/\/KWIECIE\u01432026<\/a><span class=\"event-color\" style=\"background: #a3b745\"><\/span><\/h4><div class=\"mec-event-detail\">\r\n                        <div class=\"mec-event-loc-place\">MSK: \u017bubard\u017a, Cultural Education Centre on \u017bubardzka Street<\/div>\r\n                        \r\n                    <\/div><\/div><div style=\"clear:both\"><\/div><\/article><article class=\"mec-past-event mec-event-article\"><div class=\"mec-event-image\"><img loading=\"lazy\" decoding=\"async\" width=\"300\" height=\"300\" data-src=\"https:\/\/msk.lodz.pl\/wp-content\/uploads\/2025\/09\/kvitka1-300x300.jpg\" class=\"attachment-thumblist size-thumblist wp-post-image lazyload\" alt=\"\" data-mec-postid=\"109716\" src=\"data:image\/gif;base64,R0lGODlhAQABAAAAACH5BAEKAAEALAAAAAABAAEAAAICTAEAOw==\" style=\"--smush-placeholder-width: 300px; --smush-placeholder-aspect-ratio: 300\/300;\" \/><noscript><img loading=\"lazy\" decoding=\"async\" width=\"300\" height=\"300\" src=\"https:\/\/msk.lodz.pl\/wp-content\/uploads\/2025\/09\/kvitka1-300x300.jpg\" class=\"attachment-thumblist size-thumblist wp-post-image\" alt=\"\" data-mec-postid=\"109716\" \/><\/noscript><\/div><div class=\"mec-monthly-contents\" style=\"width: calc(100% - 85px)\"><div class=\"mec-event-time mec-color\"><i class=\"mec-sl-clock-o\"><\/i> 18:00 - 19:30<\/div><h4 class=\"mec-event-title\"><a class=\"mec-color-hover\" data-event-id=\"109716\" href=\"https:\/\/msk.lodz.pl\/en\/msk\/chor-kvitka-dla-dzieci-zajecia-stale-wrzesien-2025-490\/?occurrence=2026-04-28\" target=\"_self\" rel=\"noopener\">Ch\u00f3r KVITKA \/\/ dla doros\u0142ych \/\/ zaj\u0119cia sta\u0142e \/\/ 2026<\/a><span class=\"event-color\" style=\"background: #fdd700\"><\/span><\/h4><div class=\"mec-event-detail\">\r\n                        <div class=\"mec-event-loc-place\">MSK: D\u0105browa, Klub D\u0105browa<\/div>\r\n                        \r\n                    <\/div><\/div><div style=\"clear:both\"><\/div><\/article><article class=\"mec-past-event mec-event-article\"><div class=\"mec-event-image\"><img loading=\"lazy\" decoding=\"async\" width=\"300\" height=\"300\" data-src=\"https:\/\/msk.lodz.pl\/wp-content\/uploads\/2025\/09\/TANIEC-2-300x300.png\" class=\"attachment-thumblist size-thumblist wp-post-image lazyload\" alt=\"\" data-mec-postid=\"110753\" src=\"data:image\/gif;base64,R0lGODlhAQABAAAAACH5BAEKAAEALAAAAAABAAEAAAICTAEAOw==\" style=\"--smush-placeholder-width: 300px; --smush-placeholder-aspect-ratio: 300\/300;\" \/><noscript><img loading=\"lazy\" decoding=\"async\" width=\"300\" height=\"300\" src=\"https:\/\/msk.lodz.pl\/wp-content\/uploads\/2025\/09\/TANIEC-2-300x300.png\" class=\"attachment-thumblist size-thumblist wp-post-image\" alt=\"\" data-mec-postid=\"110753\" \/><\/noscript><\/div><div class=\"mec-monthly-contents\" style=\"width: calc(100% - 85px)\"><div class=\"mec-event-time mec-color\"><i class=\"mec-sl-clock-o\"><\/i> 18:00 - 19:15<\/div><h4 class=\"mec-event-title\"><a class=\"mec-color-hover\" data-event-id=\"110753\" href=\"https:\/\/msk.lodz.pl\/en\/msk\/rytmika-a-dla-dzieci-4-6lat-zajecia-stale-ix-488-539-814-832-737-896-772-979-299-798-981-449-289-358-889-626-774-901-566-911-443-910-724-501-657-132-217-688-115-794-185-134-710-337-954-306-413-822\/?occurrence=2026-04-28\" target=\"_self\" rel=\"noopener\">Taniec ludowy -grupa III ( grupa zaawansowana, posiadaj\u0105ca postawy ta\u0144ca i \u015bpiewu)  \/ dla dzieci \/ 12-13 lat \/zaj\u0119cia sta\u0142e IV<\/a><span class=\"event-color\" style=\"background: #fdd700\"><\/span><\/h4><div class=\"mec-event-detail\">\r\n                        <div class=\"mec-event-loc-place\">MSK: Harnam, Harnam Centre<\/div>\r\n                        \r\n                    <\/div><\/div><div style=\"clear:both\"><\/div><\/article><article class=\"mec-past-event mec-event-article\"><div class=\"mec-event-image\"><img loading=\"lazy\" decoding=\"async\" width=\"300\" height=\"300\" data-src=\"https:\/\/msk.lodz.pl\/wp-content\/uploads\/2025\/09\/fota-anilana-strona333-300x300.png\" class=\"attachment-thumblist size-thumblist wp-post-image lazyload\" alt=\"trzy osoby w kostiumach ludowych w izbie\" data-mec-postid=\"134625\" src=\"data:image\/gif;base64,R0lGODlhAQABAAAAACH5BAEKAAEALAAAAAABAAEAAAICTAEAOw==\" style=\"--smush-placeholder-width: 300px; --smush-placeholder-aspect-ratio: 300\/300;\" \/><noscript><img loading=\"lazy\" decoding=\"async\" width=\"300\" height=\"300\" data-src=\"https:\/\/msk.lodz.pl\/wp-content\/uploads\/2025\/09\/fota-anilana-strona333-300x300.png\" class=\"attachment-thumblist size-thumblist wp-post-image lazyload\" alt=\"trzy osoby w kostiumach ludowych w izbie\" data-mec-postid=\"134625\" src=\"data:image\/gif;base64,R0lGODlhAQABAAAAACH5BAEKAAEALAAAAAABAAEAAAICTAEAOw==\" style=\"--smush-placeholder-width: 300px; --smush-placeholder-aspect-ratio: 300\/300;\" \/><noscript><img loading=\"lazy\" decoding=\"async\" width=\"300\" height=\"300\" src=\"https:\/\/msk.lodz.pl\/wp-content\/uploads\/2025\/09\/fota-anilana-strona333-300x300.png\" class=\"attachment-thumblist size-thumblist wp-post-image\" alt=\"trzy osoby w kostiumach ludowych w izbie\" data-mec-postid=\"134625\" \/><\/noscript><\/noscript><\/div><div class=\"mec-monthly-contents\" style=\"width: calc(100% - 85px)\"><div class=\"mec-event-time mec-color\"><i class=\"mec-sl-clock-o\"><\/i> 18:00 - 20:00<\/div><h4 class=\"mec-event-title\"><a class=\"mec-color-hover\" data-event-id=\"134625\" href=\"https:\/\/msk.lodz.pl\/en\/msk\/zespol-piesni-i-tanca-anilana-im-leszka-woszczynskiego-grupa-przygotowawcza-zajecia-stale-iv-2\/?occurrence=2026-04-28\" target=\"_self\" rel=\"noopener\">Zesp\u00f3\u0142 Pie\u015bni i Ta\u0144ca \u201eAnilana&#8221; im. Leszka Woszczy\u0144skiego grupa przygotowawcza \/\/ zaj\u0119cia sta\u0142e \/\/ IV<\/a><\/h4><div class=\"mec-event-detail\">\r\n                        <div class=\"mec-event-loc-place\">Liceum Og\u00f3lnokszta\u0142c\u0105ce nr XXIII im. ks. prof. J. Tischnera<\/div>\r\n                        \r\n                    <\/div><\/div><div style=\"clear:both\"><\/div><\/article><article class=\"mec-past-event mec-event-article\"><div class=\"mec-event-image\"><img loading=\"lazy\" decoding=\"async\" width=\"300\" height=\"300\" data-src=\"https:\/\/msk.lodz.pl\/wp-content\/uploads\/2025\/02\/11-300x300.png\" class=\"attachment-thumblist size-thumblist wp-post-image lazyload\" alt=\"\" data-mec-postid=\"143409\" src=\"data:image\/gif;base64,R0lGODlhAQABAAAAACH5BAEKAAEALAAAAAABAAEAAAICTAEAOw==\" style=\"--smush-placeholder-width: 300px; --smush-placeholder-aspect-ratio: 300\/300;\" \/><noscript><img loading=\"lazy\" decoding=\"async\" width=\"300\" height=\"300\" src=\"https:\/\/msk.lodz.pl\/wp-content\/uploads\/2025\/02\/11-300x300.png\" class=\"attachment-thumblist size-thumblist wp-post-image\" alt=\"\" data-mec-postid=\"143409\" \/><\/noscript><\/div><div class=\"mec-monthly-contents\" style=\"width: calc(100% - 85px)\"><div class=\"mec-event-time mec-color\"><i class=\"mec-sl-clock-o\"><\/i> 18:00 - 19:00<\/div><h4 class=\"mec-event-title\"><a class=\"mec-color-hover\" data-event-id=\"143409\" href=\"https:\/\/msk.lodz.pl\/en\/msk\/jezyk-hiszpanski-dla-doroslych-zajecia-stale-ix-2025-263-566-276-106-411-306-228\/?occurrence=2026-04-28\" target=\"_self\" rel=\"noopener\">J\u0119zyk hiszpa\u0144ski dla doros\u0142ych gr. II \/\/ IV 2026<\/a><span class=\"event-color\" style=\"background: #fdd700\"><\/span><\/h4><div class=\"mec-event-detail\">\r\n                        <div class=\"mec-event-loc-place\">MSK: Widzew Wsch\u00f3d, Dom Kultury \"502\"<\/div>\r\n                        \r\n                    <\/div><\/div><div style=\"clear:both\"><\/div><\/article><article class=\"mec-past-event mec-event-article\"><div class=\"mec-event-image\"><img loading=\"lazy\" decoding=\"async\" width=\"300\" height=\"300\" data-src=\"https:\/\/msk.lodz.pl\/wp-content\/uploads\/2024\/09\/6-1-300x300.jpg\" class=\"attachment-thumblist size-thumblist wp-post-image lazyload\" alt=\"\" data-mec-postid=\"143453\" src=\"data:image\/gif;base64,R0lGODlhAQABAAAAACH5BAEKAAEALAAAAAABAAEAAAICTAEAOw==\" style=\"--smush-placeholder-width: 300px; --smush-placeholder-aspect-ratio: 300\/300;\" \/><noscript><img loading=\"lazy\" decoding=\"async\" width=\"300\" height=\"300\" src=\"https:\/\/msk.lodz.pl\/wp-content\/uploads\/2024\/09\/6-1-300x300.jpg\" class=\"attachment-thumblist size-thumblist wp-post-image\" alt=\"\" data-mec-postid=\"143453\" \/><\/noscript><\/div><div class=\"mec-monthly-contents\" style=\"width: calc(100% - 85px)\"><div class=\"mec-event-time mec-color\"><i class=\"mec-sl-clock-o\"><\/i> 18:00 - 19:45<\/div><h4 class=\"mec-event-title\"><a class=\"mec-color-hover\" data-event-id=\"143453\" href=\"https:\/\/msk.lodz.pl\/en\/msk\/studio-plastyczne-plama-5-8-lat-zajecia-stale-693-721-673-649-363-707-870-375-400-551-356-522-809-115-481-454-170-620-426-101-377-384-553-622-870-242\/?occurrence=2026-04-28\" target=\"_self\" rel=\"noopener\">Studio Plastyczne &#8222;Plama&#8221; (8 &#8211; 13 lat) \/\/ zaj\u0119cia sta\u0142e \/\/ IV 2026<\/a><span class=\"event-color\" style=\"background: #fdd700\"><\/span><\/h4><div class=\"mec-event-detail\">\r\n                        <div class=\"mec-event-loc-place\">MSK: Widzew Wsch\u00f3d, Dom Kultury \"502\"<\/div>\r\n                        \r\n                    <\/div><\/div><div style=\"clear:both\"><\/div><\/article><article class=\"mec-past-event mec-event-article\"><div class=\"mec-event-image\"><img loading=\"lazy\" decoding=\"async\" width=\"300\" height=\"300\" data-src=\"https:\/\/msk.lodz.pl\/wp-content\/uploads\/2023\/07\/joga-k-300x300.jpg\" class=\"attachment-thumblist size-thumblist wp-post-image lazyload\" alt=\"Zdj\u0119cie przedstawia medytuj\u0105c\u0105 kobiet\u0119.\" data-mec-postid=\"144330\" src=\"data:image\/gif;base64,R0lGODlhAQABAAAAACH5BAEKAAEALAAAAAABAAEAAAICTAEAOw==\" style=\"--smush-placeholder-width: 300px; --smush-placeholder-aspect-ratio: 300\/300;\" \/><noscript><img loading=\"lazy\" decoding=\"async\" width=\"300\" height=\"300\" src=\"https:\/\/msk.lodz.pl\/wp-content\/uploads\/2023\/07\/joga-k-300x300.jpg\" class=\"attachment-thumblist size-thumblist wp-post-image\" alt=\"Zdj\u0119cie przedstawia medytuj\u0105c\u0105 kobiet\u0119.\" data-mec-postid=\"144330\" \/><\/noscript><\/div><div class=\"mec-monthly-contents\" style=\"width: calc(100% - 85px)\"><div class=\"mec-event-time mec-color\"><i class=\"mec-sl-clock-o\"><\/i> 18:00 - 19:15<\/div><h4 class=\"mec-event-title\"><a class=\"mec-color-hover\" data-event-id=\"144330\" href=\"https:\/\/msk.lodz.pl\/en\/msk\/joga-kundalini-zajecia-stale-iv-26-wk\/?occurrence=2026-04-28\" target=\"_self\" rel=\"noopener\">Joga Kundalini\/\/zaj\u0119cia sta\u0142e\/\/ IV 26 \/\/ wk<\/a><span class=\"event-color\" style=\"background: #30f2eb\"><\/span><\/h4><div class=\"mec-event-detail\">\r\n                        <div class=\"mec-event-loc-place\">MSK: Radogoszcz, Island of Culture Centre<\/div>\r\n                        \r\n                    <\/div><\/div><div style=\"clear:both\"><\/div><\/article><article class=\"mec-past-event mec-event-article\"><div class=\"mec-event-image\"><img loading=\"lazy\" decoding=\"async\" width=\"300\" height=\"300\" data-src=\"https:\/\/msk.lodz.pl\/wp-content\/uploads\/2025\/08\/8-300x300.png\" class=\"attachment-thumblist size-thumblist wp-post-image lazyload\" alt=\"\" data-mec-postid=\"144715\" src=\"data:image\/gif;base64,R0lGODlhAQABAAAAACH5BAEKAAEALAAAAAABAAEAAAICTAEAOw==\" style=\"--smush-placeholder-width: 300px; --smush-placeholder-aspect-ratio: 300\/300;\" \/><noscript><img loading=\"lazy\" decoding=\"async\" width=\"300\" height=\"300\" src=\"https:\/\/msk.lodz.pl\/wp-content\/uploads\/2025\/08\/8-300x300.png\" class=\"attachment-thumblist size-thumblist wp-post-image\" alt=\"\" data-mec-postid=\"144715\" \/><\/noscript><\/div><div class=\"mec-monthly-contents\" style=\"width: calc(100% - 85px)\"><div class=\"mec-event-time mec-color\"><i class=\"mec-sl-clock-o\"><\/i> 18:00 - 19:30<\/div><h4 class=\"mec-event-title\"><a class=\"mec-color-hover\" data-event-id=\"144715\" href=\"https:\/\/msk.lodz.pl\/en\/msk\/pracownia-wyobrazni-gr-i-zajecia-stale-ix-404-350-440-555-662-970\/?occurrence=2026-04-28\" target=\"_self\" rel=\"noopener\">Pracownia ekspresji (gr. 13+ lat) \/\/ zaj\u0119cia sta\u0142e \/\/ kwiecie\u0144 2026<\/a><span class=\"event-color\" style=\"background: #fdd700\"><\/span><\/h4><div class=\"mec-event-detail\">\r\n                        <div class=\"mec-event-loc-place\">MSK: D\u0105browa, Klub D\u0105browa<\/div>\r\n                        \r\n                    <\/div><\/div><div style=\"clear:both\"><\/div><\/article><article class=\"mec-past-event mec-event-article\"><div class=\"mec-event-image\"><img loading=\"lazy\" decoding=\"async\" width=\"300\" height=\"300\" data-src=\"https:\/\/msk.lodz.pl\/wp-content\/uploads\/2025\/08\/pracownia-R-300x300.jpg\" class=\"attachment-thumblist size-thumblist wp-post-image lazyload\" alt=\"\" data-mec-postid=\"145136\" src=\"data:image\/gif;base64,R0lGODlhAQABAAAAACH5BAEKAAEALAAAAAABAAEAAAICTAEAOw==\" style=\"--smush-placeholder-width: 300px; --smush-placeholder-aspect-ratio: 300\/300;\" \/><noscript><img loading=\"lazy\" decoding=\"async\" width=\"300\" height=\"300\" src=\"https:\/\/msk.lodz.pl\/wp-content\/uploads\/2025\/08\/pracownia-R-300x300.jpg\" class=\"attachment-thumblist size-thumblist wp-post-image\" alt=\"\" data-mec-postid=\"145136\" \/><\/noscript><\/div><div class=\"mec-monthly-contents\" style=\"width: calc(100% - 85px)\"><div class=\"mec-event-time mec-color\"><i class=\"mec-sl-clock-o\"><\/i> 18:00 - 20:00<\/div><h4 class=\"mec-event-title\"><a class=\"mec-color-hover\" data-event-id=\"145136\" href=\"https:\/\/msk.lodz.pl\/en\/msk\/pracownia-plastyczna-r-zajecia-stale-xi-721-717-345-157-403-401-483-838-863-361-686-600-128-846\/?occurrence=2026-04-28\" target=\"_self\" rel=\"noopener\">Zaj\u0119cia Pracowni Plastycznej &gt;R&lt; dla m\u0142odzie\u017cy i doros\u0142ych \/\/ zaj\u0119cia sta\u0142e \/\/ kwiecie\u0144 2026<\/a> <span class=\"mec-event-title-soldout\"><span class=\"soldout\">Sold Out<\/span><\/span> <\/h4><div class=\"mec-event-detail\">\r\n                        <div class=\"mec-event-loc-place\">MSK: \u017babieniec, RONDO Animation and Revitalisation Centre<\/div>\r\n                        \r\n                    <\/div><\/div><div style=\"clear:both\"><\/div><\/article><article class=\"mec-past-event mec-event-article\"><div class=\"mec-event-image\"><img loading=\"lazy\" decoding=\"async\" width=\"300\" height=\"300\" data-src=\"https:\/\/msk.lodz.pl\/wp-content\/uploads\/2025\/10\/SOUND-UP-Zdjecie-300x300.png\" class=\"attachment-thumblist size-thumblist wp-post-image lazyload\" alt=\"\" data-mec-postid=\"145673\" src=\"data:image\/gif;base64,R0lGODlhAQABAAAAACH5BAEKAAEALAAAAAABAAEAAAICTAEAOw==\" style=\"--smush-placeholder-width: 300px; --smush-placeholder-aspect-ratio: 300\/300;\" \/><noscript><img loading=\"lazy\" decoding=\"async\" width=\"300\" height=\"300\" src=\"https:\/\/msk.lodz.pl\/wp-content\/uploads\/2025\/10\/SOUND-UP-Zdjecie-300x300.png\" class=\"attachment-thumblist size-thumblist wp-post-image\" alt=\"\" data-mec-postid=\"145673\" \/><\/noscript><\/div><div class=\"mec-monthly-contents\" style=\"width: calc(100% - 85px)\"><div class=\"mec-event-time mec-color\"><i class=\"mec-sl-clock-o\"><\/i> 18:00 - 20:00<\/div><h4 class=\"mec-event-title\"><a class=\"mec-color-hover\" data-event-id=\"145673\" href=\"https:\/\/msk.lodz.pl\/en\/msk\/studio-piosenki-grupa-wokalna-zajecia-stale-x-343-725-403-207-924-885-504-563-319-666-126-792-862-681-958-248-134-858\/?occurrence=2026-04-28\" target=\"_self\" rel=\"noopener\">SOUND UP &#8211; grupa wokalna \/\/ zaj\u0119cia sta\u0142e \/\/ grupa doros\u0142a \/\/ OS IV 2026<\/a><\/h4><div class=\"mec-event-detail\">\r\n                        <div class=\"mec-event-loc-place\">MSK: Polesie, Art Centre<\/div>\r\n                        \r\n                    <\/div><\/div><div style=\"clear:both\"><\/div><\/article><article class=\"mec-past-event mec-event-article\"><div class=\"mec-event-image\"><img loading=\"lazy\" decoding=\"async\" width=\"300\" height=\"300\" data-src=\"https:\/\/msk.lodz.pl\/wp-content\/uploads\/2023\/09\/75-300x300.jpg\" class=\"attachment-thumblist size-thumblist wp-post-image lazyload\" alt=\"\" data-mec-postid=\"145678\" src=\"data:image\/gif;base64,R0lGODlhAQABAAAAACH5BAEKAAEALAAAAAABAAEAAAICTAEAOw==\" style=\"--smush-placeholder-width: 300px; --smush-placeholder-aspect-ratio: 300\/300;\" \/><noscript><img loading=\"lazy\" decoding=\"async\" width=\"300\" height=\"300\" src=\"https:\/\/msk.lodz.pl\/wp-content\/uploads\/2023\/09\/75-300x300.jpg\" class=\"attachment-thumblist size-thumblist wp-post-image\" alt=\"\" data-mec-postid=\"145678\" \/><\/noscript><\/div><div class=\"mec-monthly-contents\" style=\"width: calc(100% - 85px)\"><div class=\"mec-event-time mec-color\"><i class=\"mec-sl-clock-o\"><\/i> 18:00 - 19:30<\/div><h4 class=\"mec-event-title\"><a class=\"mec-color-hover\" data-event-id=\"145678\" href=\"https:\/\/msk.lodz.pl\/en\/msk\/nieustanne-tango-nauka-tanga-argentynskiego-zajecia-stale-grupa-otwarta-os-ii-2026-876-422\/?occurrence=2026-04-28\" target=\"_self\" rel=\"noopener\">Nieustanne tango \/\/ Nauka tanga argenty\u0144skiego \/\/ Zaj\u0119cia sta\u0142e \/\/ grupa otwarta \/\/ OS \/\/ IV 2026<\/a><\/h4><div class=\"mec-event-detail\">\r\n                        <div class=\"mec-event-loc-place\">MSK: Polesie, Art Centre<\/div>\r\n                        \r\n                    <\/div><\/div><div style=\"clear:both\"><\/div><\/article><article class=\"mec-past-event mec-event-article\"><div class=\"mec-event-image\"><img loading=\"lazy\" decoding=\"async\" width=\"300\" height=\"216\" data-src=\"https:\/\/msk.lodz.pl\/wp-content\/uploads\/2025\/08\/RYSUNE-1-pdf.jpg\" class=\"attachment-thumblist size-thumblist wp-post-image lazyload\" alt=\"\" data-mec-postid=\"146591\" src=\"data:image\/gif;base64,R0lGODlhAQABAAAAACH5BAEKAAEALAAAAAABAAEAAAICTAEAOw==\" style=\"--smush-placeholder-width: 300px; --smush-placeholder-aspect-ratio: 300\/216;\" \/><noscript><img loading=\"lazy\" decoding=\"async\" width=\"300\" height=\"216\" src=\"https:\/\/msk.lodz.pl\/wp-content\/uploads\/2025\/08\/RYSUNE-1-pdf.jpg\" class=\"attachment-thumblist size-thumblist wp-post-image\" alt=\"\" data-mec-postid=\"146591\" \/><\/noscript><\/div><div class=\"mec-monthly-contents\" style=\"width: calc(100% - 85px)\"><div class=\"mec-event-time mec-color\"><i class=\"mec-sl-clock-o\"><\/i> 18:00 - 19:30<\/div><h4 class=\"mec-event-title\"><a class=\"mec-color-hover\" data-event-id=\"146591\" href=\"https:\/\/msk.lodz.pl\/en\/msk\/zreczne-dzielo-zajecia-plastyczne-dla-dzieci-7-11-lat-zajecia-stale-kwiecien-2026\/?occurrence=2026-04-28\" target=\"_self\" rel=\"noopener\">ZR\u0118CZNE DZIE\u0141O \/\/ Zaj\u0119cia plastyczne dla dzieci 7-11 lat \/\/ zaj\u0119cia sta\u0142e \/\/ kwiecie\u0144 2026<\/a><span class=\"event-color\" style=\"background: #dd823b\"><\/span><\/h4><div class=\"mec-event-detail\">\r\n                        <div class=\"mec-event-loc-place\">MSK: Chojny, Youth Cultural Centre<\/div>\r\n                        \r\n                    <\/div><\/div><div style=\"clear:both\"><\/div><\/article><article class=\"mec-past-event mec-event-article\"><div class=\"mec-event-image\"><img loading=\"lazy\" decoding=\"async\" width=\"300\" height=\"300\" data-src=\"https:\/\/msk.lodz.pl\/wp-content\/uploads\/2025\/09\/styl-zycia-2-300x300.png\" class=\"attachment-thumblist size-thumblist wp-post-image lazyload\" alt=\"\" data-mec-postid=\"146595\" src=\"data:image\/gif;base64,R0lGODlhAQABAAAAACH5BAEKAAEALAAAAAABAAEAAAICTAEAOw==\" style=\"--smush-placeholder-width: 300px; --smush-placeholder-aspect-ratio: 300\/300;\" \/><noscript><img loading=\"lazy\" decoding=\"async\" width=\"300\" height=\"300\" src=\"https:\/\/msk.lodz.pl\/wp-content\/uploads\/2025\/09\/styl-zycia-2-300x300.png\" class=\"attachment-thumblist size-thumblist wp-post-image\" alt=\"\" data-mec-postid=\"146595\" \/><\/noscript><\/div><div class=\"mec-monthly-contents\" style=\"width: calc(100% - 85px)\"><div class=\"mec-event-time mec-color\"><i class=\"mec-sl-clock-o\"><\/i> 18:15 - 19:15<\/div><h4 class=\"mec-event-title\"><a class=\"mec-color-hover\" data-event-id=\"146595\" href=\"https:\/\/msk.lodz.pl\/en\/msk\/joga-wprowadzenie-dla-osob-18-zajecia-stale-kwiecien-2026\/?occurrence=2026-04-28\" target=\"_self\" rel=\"noopener\">JOGA &#8211; WPROWADZENIE \/\/ dla os\u00f3b 18+ \/\/zaj\u0119cia sta\u0142e\/\/ kwiecie\u0144 2026<\/a><span class=\"event-color\" style=\"background: #dd823b\"><\/span><\/h4><div class=\"mec-event-detail\">\r\n                        <div class=\"mec-event-loc-place\">MSK: Chojny, Youth Cultural Centre<\/div>\r\n                        \r\n                    <\/div><\/div><div style=\"clear:both\"><\/div><\/article><article class=\"mec-past-event mec-event-article\"><div class=\"mec-event-image\"><img loading=\"lazy\" decoding=\"async\" width=\"300\" height=\"300\" data-src=\"https:\/\/msk.lodz.pl\/wp-content\/uploads\/2025\/02\/10-300x300.png\" class=\"attachment-thumblist size-thumblist wp-post-image lazyload\" alt=\"\" data-mec-postid=\"143373\" src=\"data:image\/gif;base64,R0lGODlhAQABAAAAACH5BAEKAAEALAAAAAABAAEAAAICTAEAOw==\" style=\"--smush-placeholder-width: 300px; --smush-placeholder-aspect-ratio: 300\/300;\" \/><noscript><img loading=\"lazy\" decoding=\"async\" width=\"300\" height=\"300\" src=\"https:\/\/msk.lodz.pl\/wp-content\/uploads\/2025\/02\/10-300x300.png\" class=\"attachment-thumblist size-thumblist wp-post-image\" alt=\"\" data-mec-postid=\"143373\" \/><\/noscript><\/div><div class=\"mec-monthly-contents\" style=\"width: calc(100% - 85px)\"><div class=\"mec-event-time mec-color\"><i class=\"mec-sl-clock-o\"><\/i> 18:30 - 20:30<\/div><h4 class=\"mec-event-title\"><a class=\"mec-color-hover\" data-event-id=\"143373\" href=\"http:\/\/msk.lodz.pl\/en\/msk\/ceramika502-595-939-308-760-946-117-161-123-710-979-550-789-591-661\/?occurrence=2026-04-28\" target=\"_self\" rel=\"noopener\">Ceramika 502 dla doros\u0142ych gr. II \/\/ grupa zaawansowana \/ zaj\u0119cia sta\u0142e \/\/ IV 2026<\/a> <span class=\"mec-event-title-soldout\"><span class=\"soldout\">Sold Out<\/span><\/span> <span class=\"event-color\" style=\"background: #fdd700\"><\/span><\/h4><div class=\"mec-event-detail\">\r\n                        <div class=\"mec-event-loc-place\">MSK: Widzew Wsch\u00f3d, Dom Kultury \"502\"<\/div>\r\n                        \r\n                    <\/div><\/div><div style=\"clear:both\"><\/div><\/article><article class=\"mec-past-event mec-event-article\"><div class=\"mec-event-image\"><img loading=\"lazy\" decoding=\"async\" width=\"300\" height=\"300\" data-src=\"https:\/\/msk.lodz.pl\/wp-content\/uploads\/2025\/09\/WOKAL-300x300.png\" class=\"attachment-thumblist size-thumblist wp-post-image lazyload\" alt=\"\" data-mec-postid=\"145642\" src=\"data:image\/gif;base64,R0lGODlhAQABAAAAACH5BAEKAAEALAAAAAABAAEAAAICTAEAOw==\" style=\"--smush-placeholder-width: 300px; --smush-placeholder-aspect-ratio: 300\/300;\" \/><noscript><img loading=\"lazy\" decoding=\"async\" width=\"300\" height=\"300\" src=\"https:\/\/msk.lodz.pl\/wp-content\/uploads\/2025\/09\/WOKAL-300x300.png\" class=\"attachment-thumblist size-thumblist wp-post-image\" alt=\"\" data-mec-postid=\"145642\" \/><\/noscript><\/div><div class=\"mec-monthly-contents\" style=\"width: calc(100% - 85px)\"><div class=\"mec-event-time mec-color\"><i class=\"mec-sl-clock-o\"><\/i> 19:00 - 20:00<\/div><h4 class=\"mec-event-title\"><a class=\"mec-color-hover\" data-event-id=\"145642\" href=\"https:\/\/msk.lodz.pl\/en\/msk\/spiewajmy-razem-zajecia-wokalne-dla-dzieci-i-mlodziezy-karolew-zajecia-stale-wrzesien-2025-151-918-153-239-160-837-636\/?occurrence=2026-04-28\" target=\"_self\" rel=\"noopener\">\u015apiewajmy razem\/Karolew\/zaj\u0119cia sta\u0142e\/kwiecie\u0144 2026<\/a> <span class=\"mec-event-title-soldout\"><span class=\"soldout\">Sold Out<\/span><\/span> <span class=\"event-color\" style=\"background: #4153f2\"><\/span><\/h4><div class=\"mec-event-detail\">\r\n                        <div class=\"mec-event-loc-place\">MSK: Karolew, Karolew Centre<\/div>\r\n                        \r\n                    <\/div><\/div><div style=\"clear:both\"><\/div><\/article><article class=\"mec-past-event mec-event-article\"><div class=\"mec-event-image\"><img loading=\"lazy\" decoding=\"async\" width=\"300\" height=\"300\" data-src=\"https:\/\/msk.lodz.pl\/wp-content\/uploads\/2024\/07\/Kopia-Kopia-Kopia-300x300.png\" class=\"attachment-thumblist size-thumblist wp-post-image lazyload\" alt=\"\" data-mec-postid=\"145935\" src=\"data:image\/gif;base64,R0lGODlhAQABAAAAACH5BAEKAAEALAAAAAABAAEAAAICTAEAOw==\" style=\"--smush-placeholder-width: 300px; --smush-placeholder-aspect-ratio: 300\/300;\" \/><noscript><img loading=\"lazy\" decoding=\"async\" width=\"300\" height=\"300\" data-src=\"https:\/\/msk.lodz.pl\/wp-content\/uploads\/2024\/07\/Kopia-Kopia-Kopia-300x300.png\" class=\"attachment-thumblist size-thumblist wp-post-image lazyload\" alt=\"\" data-mec-postid=\"145935\" src=\"data:image\/gif;base64,R0lGODlhAQABAAAAACH5BAEKAAEALAAAAAABAAEAAAICTAEAOw==\" style=\"--smush-placeholder-width: 300px; --smush-placeholder-aspect-ratio: 300\/300;\" \/><noscript><img loading=\"lazy\" decoding=\"async\" width=\"300\" height=\"300\" src=\"https:\/\/msk.lodz.pl\/wp-content\/uploads\/2024\/07\/Kopia-Kopia-Kopia-300x300.png\" class=\"attachment-thumblist size-thumblist wp-post-image\" alt=\"\" data-mec-postid=\"145935\" \/><\/noscript><\/noscript><\/div><div class=\"mec-monthly-contents\" style=\"width: calc(100% - 85px)\"><div class=\"mec-event-time mec-color\"><i class=\"mec-sl-clock-o\"><\/i> 19:00 - 20:00<\/div><h4 class=\"mec-event-title\"><a class=\"mec-color-hover\" data-event-id=\"145935\" href=\"https:\/\/msk.lodz.pl\/en\/msk\/zumba-zajecia-stale-v-581-364-398-904-904-562-250-739-646\/?occurrence=2026-04-28\" target=\"_self\" rel=\"noopener\">ZUMBA \/\/ ZAJ\u0118CIA STA\u0141E \/\/ KWIECIE\u0143 2026<\/a><span class=\"event-color\" style=\"background: #fdd700\"><\/span><\/h4><div class=\"mec-event-detail\">\r\n                        <div class=\"mec-event-loc-place\">MSK: \u017bubard\u017a, Cultural Education Centre on \u017bubardzka Street<\/div>\r\n                        \r\n                    <\/div><\/div><div style=\"clear:both\"><\/div><\/article><article class=\"mec-past-event mec-event-article\"><div class=\"mec-event-image\"><img loading=\"lazy\" decoding=\"async\" width=\"300\" height=\"300\" data-src=\"https:\/\/msk.lodz.pl\/wp-content\/uploads\/2024\/07\/5-300x300.png\" class=\"attachment-thumblist size-thumblist wp-post-image lazyload\" alt=\"\" data-mec-postid=\"56955\" src=\"data:image\/gif;base64,R0lGODlhAQABAAAAACH5BAEKAAEALAAAAAABAAEAAAICTAEAOw==\" style=\"--smush-placeholder-width: 300px; --smush-placeholder-aspect-ratio: 300\/300;\" \/><noscript><img loading=\"lazy\" decoding=\"async\" width=\"300\" height=\"300\" src=\"https:\/\/msk.lodz.pl\/wp-content\/uploads\/2024\/07\/5-300x300.png\" class=\"attachment-thumblist size-thumblist wp-post-image\" alt=\"\" data-mec-postid=\"56955\" \/><\/noscript><\/div><div class=\"mec-monthly-contents\" style=\"width: calc(100% - 85px)\"><div class=\"mec-event-time mec-color\"><i class=\"mec-sl-clock-o\"><\/i> 19:30 - 20:30<\/div><h4 class=\"mec-event-title\"><a class=\"mec-color-hover\" data-event-id=\"56955\" href=\"https:\/\/msk.lodz.pl\/en\/msk\/rytmika-a-dla-dzieci-4-6lat-zajecia-stale-ix-488-539-814-832-737-896-772-979-299-798-981-449-289-358-889-626-774-901-566-911-443-910-724-501-657-132-217-688-115-794-185-134-710-337-954-306-413-730-9-9\/?occurrence=2026-04-28\" target=\"_self\" rel=\"noopener\">Ma\u0142a Reprezentacja \/ dla m\u0142odzie\u017cy \/ 13-14 lat \/zaj\u0119cia sta\u0142e IV<\/a><span class=\"event-color\" style=\"background: #fdd700\"><\/span><\/h4><div class=\"mec-event-detail\">\r\n                        <div class=\"mec-event-loc-place\">MSK: Harnam, Harnam Centre<\/div>\r\n                        \r\n                    <\/div><\/div><div style=\"clear:both\"><\/div><\/article><article class=\"mec-past-event mec-event-article\"><div class=\"mec-event-image\"><img loading=\"lazy\" decoding=\"async\" width=\"300\" height=\"300\" data-src=\"https:\/\/msk.lodz.pl\/wp-content\/uploads\/2024\/12\/Anilana--300x300.png\" class=\"attachment-thumblist size-thumblist wp-post-image lazyload\" alt=\"zdj\u0119cie trzech dziewczyn w strojach ludowych\" data-mec-postid=\"109089\" src=\"data:image\/gif;base64,R0lGODlhAQABAAAAACH5BAEKAAEALAAAAAABAAEAAAICTAEAOw==\" style=\"--smush-placeholder-width: 300px; --smush-placeholder-aspect-ratio: 300\/300;\" \/><noscript><img loading=\"lazy\" decoding=\"async\" width=\"300\" height=\"300\" data-src=\"https:\/\/msk.lodz.pl\/wp-content\/uploads\/2024\/12\/Anilana--300x300.png\" class=\"attachment-thumblist size-thumblist wp-post-image lazyload\" alt=\"zdj\u0119cie trzech dziewczyn w strojach ludowych\" data-mec-postid=\"109089\" src=\"data:image\/gif;base64,R0lGODlhAQABAAAAACH5BAEKAAEALAAAAAABAAEAAAICTAEAOw==\" style=\"--smush-placeholder-width: 300px; --smush-placeholder-aspect-ratio: 300\/300;\" \/><noscript><img loading=\"lazy\" decoding=\"async\" width=\"300\" height=\"300\" src=\"https:\/\/msk.lodz.pl\/wp-content\/uploads\/2024\/12\/Anilana--300x300.png\" class=\"attachment-thumblist size-thumblist wp-post-image\" alt=\"zdj\u0119cie trzech dziewczyn w strojach ludowych\" data-mec-postid=\"109089\" \/><\/noscript><\/noscript><\/div><div class=\"mec-monthly-contents\" style=\"width: calc(100% - 85px)\"><div class=\"mec-event-time mec-color\"><i class=\"mec-sl-clock-o\"><\/i> 20:00 - 22:00<\/div><h4 class=\"mec-event-title\"><a class=\"mec-color-hover\" data-event-id=\"109089\" href=\"https:\/\/msk.lodz.pl\/en\/msk\/zespol-piesni-i-tanca-anilana-im-leszka-woszczynskiego-zajecia-stale-xi-2-131\/?occurrence=2026-04-28\" target=\"_self\" rel=\"noopener\">Zesp\u00f3\u0142 Pie\u015bni i Ta\u0144ca \u201eAnilana&#8221; im. Leszka Woszczy\u0144skiego \/\/ zaj\u0119cia sta\u0142e<\/a><\/h4><div class=\"mec-event-detail\">\r\n                        <div class=\"mec-event-loc-place\">Liceum Og\u00f3lnokszta\u0142c\u0105ce nr XXIII im. ks. prof. J. Tischnera<\/div>\r\n                        \r\n                    <\/div><\/div><div style=\"clear:both\"><\/div><\/article><article class=\"mec-event-article\"><div class=\"mec-event-image\"><img loading=\"lazy\" decoding=\"async\" width=\"300\" height=\"300\" data-src=\"https:\/\/msk.lodz.pl\/wp-content\/uploads\/2026\/03\/kobiety1-300x300.png\" class=\"attachment-thumblist size-thumblist wp-post-image lazyload\" alt=\"\" data-mec-postid=\"146967\" src=\"data:image\/gif;base64,R0lGODlhAQABAAAAACH5BAEKAAEALAAAAAABAAEAAAICTAEAOw==\" style=\"--smush-placeholder-width: 300px; --smush-placeholder-aspect-ratio: 300\/300;\" \/><noscript><img loading=\"lazy\" decoding=\"async\" width=\"300\" height=\"300\" data-src=\"https:\/\/msk.lodz.pl\/wp-content\/uploads\/2026\/03\/kobiety1-300x300.png\" class=\"attachment-thumblist size-thumblist wp-post-image lazyload\" alt=\"\" data-mec-postid=\"146967\" src=\"data:image\/gif;base64,R0lGODlhAQABAAAAACH5BAEKAAEALAAAAAABAAEAAAICTAEAOw==\" style=\"--smush-placeholder-width: 300px; --smush-placeholder-aspect-ratio: 300\/300;\" \/><noscript><img loading=\"lazy\" decoding=\"async\" width=\"300\" height=\"300\" data-src=\"https:\/\/msk.lodz.pl\/wp-content\/uploads\/2026\/03\/kobiety1-300x300.png\" class=\"attachment-thumblist size-thumblist wp-post-image lazyload\" alt=\"\" data-mec-postid=\"146967\" src=\"data:image\/gif;base64,R0lGODlhAQABAAAAACH5BAEKAAEALAAAAAABAAEAAAICTAEAOw==\" style=\"--smush-placeholder-width: 300px; --smush-placeholder-aspect-ratio: 300\/300;\" \/><noscript><img loading=\"lazy\" decoding=\"async\" width=\"300\" height=\"300\" data-src=\"https:\/\/msk.lodz.pl\/wp-content\/uploads\/2026\/03\/kobiety1-300x300.png\" class=\"attachment-thumblist size-thumblist wp-post-image lazyload\" alt=\"\" data-mec-postid=\"146967\" src=\"data:image\/gif;base64,R0lGODlhAQABAAAAACH5BAEKAAEALAAAAAABAAEAAAICTAEAOw==\" style=\"--smush-placeholder-width: 300px; --smush-placeholder-aspect-ratio: 300\/300;\" \/><noscript><img loading=\"lazy\" decoding=\"async\" width=\"300\" height=\"300\" data-src=\"https:\/\/msk.lodz.pl\/wp-content\/uploads\/2026\/03\/kobiety1-300x300.png\" class=\"attachment-thumblist size-thumblist wp-post-image lazyload\" alt=\"\" data-mec-postid=\"146967\" src=\"data:image\/gif;base64,R0lGODlhAQABAAAAACH5BAEKAAEALAAAAAABAAEAAAICTAEAOw==\" style=\"--smush-placeholder-width: 300px; --smush-placeholder-aspect-ratio: 300\/300;\" \/><noscript><img loading=\"lazy\" decoding=\"async\" width=\"300\" height=\"300\" src=\"https:\/\/msk.lodz.pl\/wp-content\/uploads\/2026\/03\/kobiety1-300x300.png\" class=\"attachment-thumblist size-thumblist wp-post-image\" alt=\"\" data-mec-postid=\"146967\" \/><\/noscript><\/noscript><\/noscript><\/noscript><\/noscript><\/div><div class=\"mec-monthly-contents\" style=\"width: calc(100% - 85px)\"><div class=\"mec-event-time mec-color\"><i class=\"mec-sl-clock-o\"><\/i> 23:00 - 23:55<\/div><h4 class=\"mec-event-title\"><a class=\"mec-color-hover\" data-event-id=\"146967\" href=\"https:\/\/msk.lodz.pl\/en\/msk\/kobiety-niezwykle-2026-zglos-swoja-kandydatke\/?occurrence=2026-04-28\" target=\"_self\" rel=\"noopener\">Kobiety Niezwyk\u0142e 2026 \u2013 Zg\u0142o\u015b swoj\u0105 kandydatk\u0119!<\/a><span class=\"event-color\" style=\"background: #30f2eb\"><\/span><\/h4><div class=\"mec-event-detail\">\r\n                        <div class=\"mec-event-loc-place\">MSK: D\u0105browa, Klub D\u0105browa<\/div>\r\n                        \r\n                    <\/div><\/div><div style=\"clear:both\"><\/div><\/article><\/div><div class=\"mec-calendar-events-sec\" id=\"mec-calendar-events-sec-11745-20260429\" data-mec-cell=\"20260429\"  style=\"display: block;\"><h6 class=\"mec-table-side-title\">Events for April<\/h6><h3 class=\"mec-color mec-table-side-day\"> 29<\/h3><article class=\"mec-event-article\"><div class=\"mec-event-image\"><img loading=\"lazy\" decoding=\"async\" width=\"300\" height=\"300\" data-src=\"https:\/\/msk.lodz.pl\/wp-content\/uploads\/2023\/10\/www-kategorie-zajeciawydarzenia-3-300x300.png\" class=\"attachment-thumblist size-thumblist wp-post-image lazyload\" alt=\"\" data-mec-postid=\"108274\" src=\"data:image\/gif;base64,R0lGODlhAQABAAAAACH5BAEKAAEALAAAAAABAAEAAAICTAEAOw==\" style=\"--smush-placeholder-width: 300px; --smush-placeholder-aspect-ratio: 300\/300;\" \/><noscript><img loading=\"lazy\" decoding=\"async\" width=\"300\" height=\"300\" src=\"https:\/\/msk.lodz.pl\/wp-content\/uploads\/2023\/10\/www-kategorie-zajeciawydarzenia-3-300x300.png\" class=\"attachment-thumblist size-thumblist wp-post-image\" alt=\"\" data-mec-postid=\"108274\" \/><\/noscript><\/div><div class=\"mec-monthly-contents\" style=\"width: calc(100% - 85px)\"><div class=\"mec-event-time mec-color\"><i class=\"mec-sl-clock-o\"><\/i> 08:00 - 14:00<\/div><h4 class=\"mec-event-title\"><a class=\"mec-color-hover\" data-event-id=\"108274\" href=\"https:\/\/msk.lodz.pl\/en\/msk\/edukacja-cyfrowa-dla-seniorow-2-781\/?occurrence=2026-04-29\" target=\"_self\" rel=\"noopener\">EDUKACJA CYFROWA DLA SENIOR\u00d3W<\/a><\/h4><div class=\"mec-event-detail\">\r\n                        <div class=\"mec-event-loc-place\">MSK: Radogoszcz, Island of Culture Centre<\/div>\r\n                        \r\n                    <\/div><\/div><div style=\"clear:both\"><\/div><\/article><article class=\"mec-event-article\"><div class=\"mec-event-image\"><img loading=\"lazy\" decoding=\"async\" width=\"300\" height=\"300\" data-src=\"https:\/\/msk.lodz.pl\/wp-content\/uploads\/2025\/08\/ghjk-300x300.png\" class=\"attachment-thumblist size-thumblist wp-post-image lazyload\" alt=\"\" data-mec-postid=\"144718\" src=\"data:image\/gif;base64,R0lGODlhAQABAAAAACH5BAEKAAEALAAAAAABAAEAAAICTAEAOw==\" style=\"--smush-placeholder-width: 300px; --smush-placeholder-aspect-ratio: 300\/300;\" \/><noscript><img loading=\"lazy\" decoding=\"async\" width=\"300\" height=\"300\" src=\"https:\/\/msk.lodz.pl\/wp-content\/uploads\/2025\/08\/ghjk-300x300.png\" class=\"attachment-thumblist size-thumblist wp-post-image\" alt=\"\" data-mec-postid=\"144718\" \/><\/noscript><\/div><div class=\"mec-monthly-contents\" style=\"width: calc(100% - 85px)\"><div class=\"mec-event-time mec-color\"><i class=\"mec-sl-clock-o\"><\/i> 10:30 - 12:00<\/div><h4 class=\"mec-event-title\"><a class=\"mec-color-hover\" data-event-id=\"144718\" href=\"https:\/\/msk.lodz.pl\/en\/msk\/pracownia-wyobrazni-gr-i-zajecia-stale-ix-404-350-682-699-232-559-904-407\/?occurrence=2026-04-29\" target=\"_self\" rel=\"noopener\">Pracownia inspiracji (seniorzy) \/\/ zaj\u0119cia sta\u0142e \/\/ kwiecie\u0144 2026<\/a><span class=\"event-color\" style=\"background: #fdd700\"><\/span><\/h4><div class=\"mec-event-detail\">\r\n                        <div class=\"mec-event-loc-place\">MSK: D\u0105browa, Klub D\u0105browa<\/div>\r\n                        \r\n                    <\/div><\/div><div style=\"clear:both\"><\/div><\/article><article class=\"mec-event-article\"><div class=\"mec-event-image\"><img fetchpriority=\"high\" decoding=\"async\" width=\"300\" height=\"300\" src=\"https:\/\/msk.lodz.pl\/wp-content\/uploads\/2024\/12\/474978545_1519103135444562_603731469924182328_n-300x300.jpg\" class=\"attachment-thumblist size-thumblist wp-post-image\" alt=\"\" data-mec-postid=\"75060\" \/><\/div><div class=\"mec-monthly-contents\" style=\"width: calc(100% - 85px)\"><div class=\"mec-event-time mec-color\"><i class=\"mec-sl-clock-o\"><\/i> 11:00 - 12:00<\/div><h4 class=\"mec-event-title\"><a class=\"mec-color-hover\" data-event-id=\"75060\" href=\"https:\/\/msk.lodz.pl\/en\/msk\/nitka-i-kordonkiem-tworcza-grupa-zajecia-stale\/?occurrence=2026-04-29\" target=\"_self\" rel=\"noopener\">Nitk\u0105 i kordonkiem -tw\u00f3rcza grupa\/\/ zaj\u0119cia sta\u0142e<\/a><\/h4><div class=\"mec-event-detail\">\r\n                        <div class=\"mec-event-loc-place\">MSK: Teofil\u00f3w, Lutnia Creative Centre<\/div>\r\n                        \r\n                    <\/div><\/div><div style=\"clear:both\"><\/div><\/article><article class=\"mec-event-article\"><div class=\"mec-event-image\"><img decoding=\"async\" width=\"300\" height=\"300\" data-src=\"https:\/\/msk.lodz.pl\/wp-content\/uploads\/2023\/08\/363838108_663073152131674_5622583870727877271_n-300x300.jpg\" class=\"attachment-thumblist size-thumblist wp-post-image lazyload\" alt=\"\" data-mec-postid=\"109193\" src=\"data:image\/gif;base64,R0lGODlhAQABAAAAACH5BAEKAAEALAAAAAABAAEAAAICTAEAOw==\" style=\"--smush-placeholder-width: 300px; --smush-placeholder-aspect-ratio: 300\/300;\" \/><noscript><img decoding=\"async\" width=\"300\" height=\"300\" data-src=\"https:\/\/msk.lodz.pl\/wp-content\/uploads\/2023\/08\/363838108_663073152131674_5622583870727877271_n-300x300.jpg\" class=\"attachment-thumblist size-thumblist wp-post-image lazyload\" alt=\"\" data-mec-postid=\"109193\" src=\"data:image\/gif;base64,R0lGODlhAQABAAAAACH5BAEKAAEALAAAAAABAAEAAAICTAEAOw==\" style=\"--smush-placeholder-width: 300px; --smush-placeholder-aspect-ratio: 300\/300;\" \/><noscript><img decoding=\"async\" width=\"300\" height=\"300\" data-src=\"https:\/\/msk.lodz.pl\/wp-content\/uploads\/2023\/08\/363838108_663073152131674_5622583870727877271_n-300x300.jpg\" class=\"attachment-thumblist size-thumblist wp-post-image lazyload\" alt=\"\" data-mec-postid=\"109193\" src=\"data:image\/gif;base64,R0lGODlhAQABAAAAACH5BAEKAAEALAAAAAABAAEAAAICTAEAOw==\" style=\"--smush-placeholder-width: 300px; --smush-placeholder-aspect-ratio: 300\/300;\" \/><noscript><img decoding=\"async\" width=\"300\" height=\"300\" data-src=\"https:\/\/msk.lodz.pl\/wp-content\/uploads\/2023\/08\/363838108_663073152131674_5622583870727877271_n-300x300.jpg\" class=\"attachment-thumblist size-thumblist wp-post-image lazyload\" alt=\"\" data-mec-postid=\"109193\" src=\"data:image\/gif;base64,R0lGODlhAQABAAAAACH5BAEKAAEALAAAAAABAAEAAAICTAEAOw==\" style=\"--smush-placeholder-width: 300px; --smush-placeholder-aspect-ratio: 300\/300;\" \/><noscript><img decoding=\"async\" width=\"300\" height=\"300\" data-src=\"https:\/\/msk.lodz.pl\/wp-content\/uploads\/2023\/08\/363838108_663073152131674_5622583870727877271_n-300x300.jpg\" class=\"attachment-thumblist size-thumblist wp-post-image lazyload\" alt=\"\" data-mec-postid=\"109193\" src=\"data:image\/gif;base64,R0lGODlhAQABAAAAACH5BAEKAAEALAAAAAABAAEAAAICTAEAOw==\" style=\"--smush-placeholder-width: 300px; --smush-placeholder-aspect-ratio: 300\/300;\" \/><noscript><img decoding=\"async\" width=\"300\" height=\"300\" src=\"https:\/\/msk.lodz.pl\/wp-content\/uploads\/2023\/08\/363838108_663073152131674_5622583870727877271_n-300x300.jpg\" class=\"attachment-thumblist size-thumblist wp-post-image\" alt=\"\" data-mec-postid=\"109193\" \/><\/noscript><\/noscript><\/noscript><\/noscript><\/noscript><\/div><div class=\"mec-monthly-contents\" style=\"width: calc(100% - 85px)\"><div class=\"mec-event-time mec-color\"><i class=\"mec-sl-clock-o\"><\/i> 11:00<\/div><h4 class=\"mec-event-title\"><a class=\"mec-color-hover\" data-event-id=\"109193\" href=\"https:\/\/msk.lodz.pl\/en\/msk\/chor-canto-zajecia-stale-3\/?occurrence=2026-04-29\" target=\"_self\" rel=\"noopener\">Ch\u00f3r CANTO \/\/ zaj\u0119cia sta\u0142e \/\/ sezon 2025\/2026<\/a><span class=\"event-color\" style=\"background: #e14d43\"><\/span><\/h4><div class=\"mec-event-detail\">\r\n                        <div class=\"mec-event-loc-place\">MSK: Teofil\u00f3w, Lutnia Creative Centre<\/div>\r\n                        \r\n                    <\/div><\/div><div style=\"clear:both\"><\/div><\/article><article class=\"mec-event-article\"><div class=\"mec-event-image\"><img loading=\"lazy\" decoding=\"async\" width=\"300\" height=\"300\" data-src=\"https:\/\/msk.lodz.pl\/wp-content\/uploads\/2025\/09\/styl-zycia-2-300x300.png\" class=\"attachment-thumblist size-thumblist wp-post-image lazyload\" alt=\"\" data-mec-postid=\"124947\" src=\"data:image\/gif;base64,R0lGODlhAQABAAAAACH5BAEKAAEALAAAAAABAAEAAAICTAEAOw==\" style=\"--smush-placeholder-width: 300px; --smush-placeholder-aspect-ratio: 300\/300;\" \/><noscript><img loading=\"lazy\" decoding=\"async\" width=\"300\" height=\"300\" src=\"https:\/\/msk.lodz.pl\/wp-content\/uploads\/2025\/09\/styl-zycia-2-300x300.png\" class=\"attachment-thumblist size-thumblist wp-post-image\" alt=\"\" data-mec-postid=\"124947\" \/><\/noscript><\/div><div class=\"mec-monthly-contents\" style=\"width: calc(100% - 85px)\"><div class=\"mec-event-time mec-color\"><i class=\"mec-sl-clock-o\"><\/i> 11:00 - 12:15<\/div><h4 class=\"mec-event-title\"><a class=\"mec-color-hover\" data-event-id=\"124947\" href=\"https:\/\/msk.lodz.pl\/en\/msk\/sztuka-patrzenia-zajecia-stale-dla-seniorow-styczen-2026\/?occurrence=2026-04-29\" target=\"_self\" rel=\"noopener\">SZTUKA PATRZENIA \/\/ zaj\u0119cia sta\u0142e dla senior\u00f3w \/\/ luty 2026<\/a><span class=\"event-color\" style=\"background: #dd823b\"><\/span><\/h4><div class=\"mec-event-detail\">\r\n                        <div class=\"mec-event-loc-place\">MSK: Chojny, Youth Cultural Centre<\/div>\r\n                        \r\n                    <\/div><\/div><div style=\"clear:both\"><\/div><\/article><article class=\"mec-event-article\"><div class=\"mec-event-image\"><img loading=\"lazy\" decoding=\"async\" width=\"300\" height=\"300\" data-src=\"https:\/\/msk.lodz.pl\/wp-content\/uploads\/2024\/08\/452924868_1566782187599438_3304100361977787237_n-300x300.jpg\" class=\"attachment-thumblist size-thumblist wp-post-image lazyload\" alt=\"\" data-mec-postid=\"145634\" src=\"data:image\/gif;base64,R0lGODlhAQABAAAAACH5BAEKAAEALAAAAAABAAEAAAICTAEAOw==\" style=\"--smush-placeholder-width: 300px; --smush-placeholder-aspect-ratio: 300\/300;\" \/><noscript><img loading=\"lazy\" decoding=\"async\" width=\"300\" height=\"300\" src=\"https:\/\/msk.lodz.pl\/wp-content\/uploads\/2024\/08\/452924868_1566782187599438_3304100361977787237_n-300x300.jpg\" class=\"attachment-thumblist size-thumblist wp-post-image\" alt=\"\" data-mec-postid=\"145634\" \/><\/noscript><\/div><div class=\"mec-monthly-contents\" style=\"width: calc(100% - 85px)\"><div class=\"mec-event-time mec-color\"><i class=\"mec-sl-clock-o\"><\/i> 11:00 - 12:00<\/div><h4 class=\"mec-event-title\"><a class=\"mec-color-hover\" data-event-id=\"145634\" href=\"https:\/\/msk.lodz.pl\/en\/msk\/rytmiczanki-zajecia-stale-iv-2\/?occurrence=2026-04-29\" target=\"_self\" rel=\"noopener\">RytmiczANKI \/\/ zaj\u0119cia sta\u0142e \/\/ IV<\/a><span class=\"event-color\" style=\"background: #fdd700\"><\/span><\/h4><div class=\"mec-event-detail\">\r\n                        <div class=\"mec-event-loc-place\">MSK: Teofil\u00f3w, Lutnia Creative Centre<\/div>\r\n                        \r\n                    <\/div><\/div><div style=\"clear:both\"><\/div><\/article><article class=\"mec-event-article\"><div class=\"mec-event-image\"><img loading=\"lazy\" decoding=\"async\" width=\"300\" height=\"300\" data-src=\"https:\/\/msk.lodz.pl\/wp-content\/uploads\/2023\/07\/www-17-300x300.png\" class=\"attachment-thumblist size-thumblist wp-post-image lazyload\" alt=\"\" data-mec-postid=\"145671\" src=\"data:image\/gif;base64,R0lGODlhAQABAAAAACH5BAEKAAEALAAAAAABAAEAAAICTAEAOw==\" style=\"--smush-placeholder-width: 300px; --smush-placeholder-aspect-ratio: 300\/300;\" \/><noscript><img loading=\"lazy\" decoding=\"async\" width=\"300\" height=\"300\" src=\"https:\/\/msk.lodz.pl\/wp-content\/uploads\/2023\/07\/www-17-300x300.png\" class=\"attachment-thumblist size-thumblist wp-post-image\" alt=\"\" data-mec-postid=\"145671\" \/><\/noscript><\/div><div class=\"mec-monthly-contents\" style=\"width: calc(100% - 85px)\"><div class=\"mec-event-time mec-color\"><i class=\"mec-sl-clock-o\"><\/i> 11:00 - 12:00<\/div><h4 class=\"mec-event-title\"><a class=\"mec-color-hover\" data-event-id=\"145671\" href=\"https:\/\/msk.lodz.pl\/en\/msk\/scrabble-kolo-milosnikow-planszowych-gier-slownych-zajecia-stale-karolew-iv-723-999-304-880-641-141-321-937-881-396-936-712-558-634-868-129\/?occurrence=2026-04-29\" target=\"_self\" rel=\"noopener\">Scrabble &#038; &#8230;\/Karolew\/zaj\u0119cia sta\u0142e\/kwiecie\u0144 2026<\/a> <span class=\"mec-event-title-soldout\"><span class=\"soldout\">Sold Out<\/span><\/span> <span class=\"event-color\" style=\"background: #fdd700\"><\/span><\/h4><div class=\"mec-event-detail\">\r\n                        <div class=\"mec-event-loc-place\">MSK: Karolew, Karolew Centre<\/div>\r\n                        \r\n                    <\/div><\/div><div style=\"clear:both\"><\/div><\/article><article class=\"mec-event-article\"><div class=\"mec-event-image\"><img loading=\"lazy\" decoding=\"async\" width=\"300\" height=\"300\" data-src=\"https:\/\/msk.lodz.pl\/wp-content\/uploads\/2023\/07\/www-17-1-300x300.png\" class=\"attachment-thumblist size-thumblist wp-post-image lazyload\" alt=\"\" data-mec-postid=\"149804\" src=\"data:image\/gif;base64,R0lGODlhAQABAAAAACH5BAEKAAEALAAAAAABAAEAAAICTAEAOw==\" style=\"--smush-placeholder-width: 300px; --smush-placeholder-aspect-ratio: 300\/300;\" \/><noscript><img loading=\"lazy\" decoding=\"async\" width=\"300\" height=\"300\" src=\"https:\/\/msk.lodz.pl\/wp-content\/uploads\/2023\/07\/www-17-1-300x300.png\" class=\"attachment-thumblist size-thumblist wp-post-image\" alt=\"\" data-mec-postid=\"149804\" \/><\/noscript><\/div><div class=\"mec-monthly-contents\" style=\"width: calc(100% - 85px)\"><div class=\"mec-event-time mec-color\"><i class=\"mec-sl-clock-o\"><\/i> 11:00 - 14:00<\/div><h4 class=\"mec-event-title\"><a class=\"mec-color-hover\" data-event-id=\"149804\" href=\"https:\/\/msk.lodz.pl\/en\/msk\/kurs-komputerowy-kwiecien2026-789\/?occurrence=2026-04-29\" target=\"_self\" rel=\"noopener\">KURS KOMPUTEROWY \/\/ zaj\u0119cia sta\u0142e \/\/ O\u015brodek G\u00f3rna \/\/ 22, 29 Kwiecie\u0144 2026<\/a> <span class=\"mec-event-title-soldout\"><span class=\"soldout\">Sale has ended<\/span><\/span> <span class=\"event-color\" style=\"background: #00a0d2\"><\/span><\/h4><div class=\"mec-event-detail\">\r\n                        <div class=\"mec-event-loc-place\">MSK: Upper, Upper Centre<\/div>\r\n                        \r\n                    <\/div><\/div><div style=\"clear:both\"><\/div><\/article><article class=\"mec-event-article\"><div class=\"mec-event-image\"><img loading=\"lazy\" decoding=\"async\" width=\"300\" height=\"300\" data-src=\"https:\/\/msk.lodz.pl\/wp-content\/uploads\/2023\/07\/www-10-300x300.png\" class=\"attachment-thumblist size-thumblist wp-post-image lazyload\" alt=\"\" data-mec-postid=\"145364\" src=\"data:image\/gif;base64,R0lGODlhAQABAAAAACH5BAEKAAEALAAAAAABAAEAAAICTAEAOw==\" style=\"--smush-placeholder-width: 300px; --smush-placeholder-aspect-ratio: 300\/300;\" \/><noscript><img loading=\"lazy\" decoding=\"async\" width=\"300\" height=\"300\" src=\"https:\/\/msk.lodz.pl\/wp-content\/uploads\/2023\/07\/www-10-300x300.png\" class=\"attachment-thumblist size-thumblist wp-post-image\" alt=\"\" data-mec-postid=\"145364\" \/><\/noscript><\/div><div class=\"mec-monthly-contents\" style=\"width: calc(100% - 85px)\"><div class=\"mec-event-time mec-color\"><i class=\"mec-sl-clock-o\"><\/i> 12:00<\/div><h4 class=\"mec-event-title\"><a class=\"mec-color-hover\" data-event-id=\"145364\" href=\"https:\/\/msk.lodz.pl\/en\/msk\/j-angielski-60-zajecia-stale-iv-2\/?occurrence=2026-04-29\" target=\"_self\" rel=\"noopener\">J.ANGIELSKI 60+ \/\/ zaj\u0119cia sta\u0142e \/\/ IV<\/a><span class=\"event-color\" style=\"background: #00a0d2\"><\/span><\/h4><div class=\"mec-event-detail\">\r\n                        <div class=\"mec-event-loc-place\">MSK: Olech\u00f3w - Strefa Kultury Otwartej<\/div>\r\n                        \r\n                    <\/div><\/div><div style=\"clear:both\"><\/div><\/article><article class=\"mec-event-article\"><div class=\"mec-event-image\"><img decoding=\"async\" width=\"300\" height=\"300\" data-src=\"https:\/\/msk.lodz.pl\/wp-content\/uploads\/2023\/06\/353734435_276021151619514_9152851679136019414_n-300x300.jpg\" class=\"attachment-thumblist size-thumblist wp-post-image lazyload\" alt=\"Osoby w wieku senioralnym ustawione w kole.\" data-mec-postid=\"109220\" src=\"data:image\/gif;base64,R0lGODlhAQABAAAAACH5BAEKAAEALAAAAAABAAEAAAICTAEAOw==\" style=\"--smush-placeholder-width: 300px; --smush-placeholder-aspect-ratio: 300\/300;\" \/><noscript><img decoding=\"async\" width=\"300\" height=\"300\" data-src=\"https:\/\/msk.lodz.pl\/wp-content\/uploads\/2023\/06\/353734435_276021151619514_9152851679136019414_n-300x300.jpg\" class=\"attachment-thumblist size-thumblist wp-post-image lazyload\" alt=\"Osoby w wieku senioralnym ustawione w kole.\" data-mec-postid=\"109220\" src=\"data:image\/gif;base64,R0lGODlhAQABAAAAACH5BAEKAAEALAAAAAABAAEAAAICTAEAOw==\" style=\"--smush-placeholder-width: 300px; --smush-placeholder-aspect-ratio: 300\/300;\" \/><noscript><img decoding=\"async\" width=\"300\" height=\"300\" data-src=\"https:\/\/msk.lodz.pl\/wp-content\/uploads\/2023\/06\/353734435_276021151619514_9152851679136019414_n-300x300.jpg\" class=\"attachment-thumblist size-thumblist wp-post-image lazyload\" alt=\"Osoby w wieku senioralnym ustawione w kole.\" data-mec-postid=\"109220\" src=\"data:image\/gif;base64,R0lGODlhAQABAAAAACH5BAEKAAEALAAAAAABAAEAAAICTAEAOw==\" style=\"--smush-placeholder-width: 300px; --smush-placeholder-aspect-ratio: 300\/300;\" \/><noscript><img decoding=\"async\" width=\"300\" height=\"300\" data-src=\"https:\/\/msk.lodz.pl\/wp-content\/uploads\/2023\/06\/353734435_276021151619514_9152851679136019414_n-300x300.jpg\" class=\"attachment-thumblist size-thumblist wp-post-image lazyload\" alt=\"Osoby w wieku senioralnym ustawione w kole.\" data-mec-postid=\"109220\" src=\"data:image\/gif;base64,R0lGODlhAQABAAAAACH5BAEKAAEALAAAAAABAAEAAAICTAEAOw==\" style=\"--smush-placeholder-width: 300px; --smush-placeholder-aspect-ratio: 300\/300;\" \/><noscript><img decoding=\"async\" width=\"300\" height=\"300\" data-src=\"https:\/\/msk.lodz.pl\/wp-content\/uploads\/2023\/06\/353734435_276021151619514_9152851679136019414_n-300x300.jpg\" class=\"attachment-thumblist size-thumblist wp-post-image lazyload\" alt=\"Osoby w wieku senioralnym ustawione w kole.\" data-mec-postid=\"109220\" src=\"data:image\/gif;base64,R0lGODlhAQABAAAAACH5BAEKAAEALAAAAAABAAEAAAICTAEAOw==\" style=\"--smush-placeholder-width: 300px; --smush-placeholder-aspect-ratio: 300\/300;\" \/><noscript><img decoding=\"async\" width=\"300\" height=\"300\" src=\"https:\/\/msk.lodz.pl\/wp-content\/uploads\/2023\/06\/353734435_276021151619514_9152851679136019414_n-300x300.jpg\" class=\"attachment-thumblist size-thumblist wp-post-image\" alt=\"Osoby w wieku senioralnym ustawione w kole.\" data-mec-postid=\"109220\" \/><\/noscript><\/noscript><\/noscript><\/noscript><\/noscript><\/div><div class=\"mec-monthly-contents\" style=\"width: calc(100% - 85px)\"><div class=\"mec-event-time mec-color\"><i class=\"mec-sl-clock-o\"><\/i> 13:00 - 15:00<\/div><h4 class=\"mec-event-title\"><a class=\"mec-color-hover\" data-event-id=\"109220\" href=\"https:\/\/msk.lodz.pl\/en\/msk\/eretz-taniec-w-kregu-grupa-taneczna-zajecia-stale-2\/?occurrence=2026-04-29\" target=\"_self\" rel=\"noopener\">ERETZ taniec w kr\u0119gu -grupa taneczna \/\/ zaj\u0119cia sta\u0142e<\/a><span class=\"event-color\" style=\"background: #fdd700\"><\/span><\/h4><div class=\"mec-event-detail\">\r\n                        <div class=\"mec-event-loc-place\">MSK: Teofil\u00f3w, Lutnia Creative Centre<\/div>\r\n                        \r\n                    <\/div><\/div><div style=\"clear:both\"><\/div><\/article><article class=\"mec-event-article\"><div class=\"mec-event-image\"><img loading=\"lazy\" decoding=\"async\" width=\"300\" height=\"300\" data-src=\"https:\/\/msk.lodz.pl\/wp-content\/uploads\/2023\/07\/www-21-300x300.png\" class=\"attachment-thumblist size-thumblist wp-post-image lazyload\" alt=\"\" data-mec-postid=\"145670\" src=\"data:image\/gif;base64,R0lGODlhAQABAAAAACH5BAEKAAEALAAAAAABAAEAAAICTAEAOw==\" style=\"--smush-placeholder-width: 300px; --smush-placeholder-aspect-ratio: 300\/300;\" \/><noscript><img loading=\"lazy\" decoding=\"async\" width=\"300\" height=\"300\" src=\"https:\/\/msk.lodz.pl\/wp-content\/uploads\/2023\/07\/www-21-300x300.png\" class=\"attachment-thumblist size-thumblist wp-post-image\" alt=\"\" data-mec-postid=\"145670\" \/><\/noscript><\/div><div class=\"mec-monthly-contents\" style=\"width: calc(100% - 85px)\"><div class=\"mec-event-time mec-color\"><i class=\"mec-sl-clock-o\"><\/i> 14:00 - 15:00<\/div><h4 class=\"mec-event-title\"><a class=\"mec-color-hover\" data-event-id=\"145670\" href=\"https:\/\/msk.lodz.pl\/en\/msk\/tance-w-kregu-warsztaty-z-prelekcja-karolew-387-701-748-647-585-842-114-485-438\/?occurrence=2026-04-29\" target=\"_self\" rel=\"noopener\">Ta\u0144ce w kr\u0119gu &#8211; warsztaty dla senior\u00f3w\/Karolew\/spotkanie cykliczne\/kwiecie\u0144 2026<\/a><span class=\"event-color\" style=\"background: #e14d43\"><\/span><\/h4><div class=\"mec-event-detail\">\r\n                        <div class=\"mec-event-loc-place\">MSK: Karolew, Karolew Centre<\/div>\r\n                        \r\n                    <\/div><\/div><div style=\"clear:both\"><\/div><\/article><article class=\"mec-event-article\"><div class=\"mec-event-image\"><img loading=\"lazy\" decoding=\"async\" width=\"300\" height=\"300\" data-src=\"https:\/\/msk.lodz.pl\/wp-content\/uploads\/2024\/08\/Kopia-Kopia-Kopia-42-300x300.png\" class=\"attachment-thumblist size-thumblist wp-post-image lazyload\" alt=\"\" data-mec-postid=\"145923\" src=\"data:image\/gif;base64,R0lGODlhAQABAAAAACH5BAEKAAEALAAAAAABAAEAAAICTAEAOw==\" style=\"--smush-placeholder-width: 300px; --smush-placeholder-aspect-ratio: 300\/300;\" \/><noscript><img loading=\"lazy\" decoding=\"async\" width=\"300\" height=\"300\" src=\"https:\/\/msk.lodz.pl\/wp-content\/uploads\/2024\/08\/Kopia-Kopia-Kopia-42-300x300.png\" class=\"attachment-thumblist size-thumblist wp-post-image\" alt=\"\" data-mec-postid=\"145923\" \/><\/noscript><\/div><div class=\"mec-monthly-contents\" style=\"width: calc(100% - 85px)\"><div class=\"mec-event-time mec-color\"><i class=\"mec-sl-clock-o\"><\/i> 14:00 - 20:00<\/div><h4 class=\"mec-event-title\"><a class=\"mec-color-hover\" data-event-id=\"145923\" href=\"https:\/\/msk.lodz.pl\/en\/msk\/keyboard-masters-nauka-gry-na-keyboardzie-zajecia-stale-iii-249-286-985-631-801-349-630-792-917-718-658-376-757-750\/?occurrence=2026-04-29\" target=\"_self\" rel=\"noopener\">NAUKA GRY NA INSTRUMENTACH (PIANINO)\/\/ZAJ\u0118CIA STA\u0141E\/\/KWIECIE\u0143 2026<\/a><span class=\"event-color\" style=\"background: #e14d43\"><\/span><\/h4><div class=\"mec-event-detail\">\r\n                        <div class=\"mec-event-loc-place\">MSK: \u017bubard\u017a, Cultural Education Centre on \u017bubardzka Street<\/div>\r\n                        \r\n                    <\/div><\/div><div style=\"clear:both\"><\/div><\/article><article class=\"mec-event-article\"><div class=\"mec-event-image\"><img loading=\"lazy\" decoding=\"async\" width=\"300\" height=\"300\" data-src=\"https:\/\/msk.lodz.pl\/wp-content\/uploads\/2025\/08\/RYSUNE-300x300.png\" class=\"attachment-thumblist size-thumblist wp-post-image lazyload\" alt=\"\" data-mec-postid=\"146315\" src=\"data:image\/gif;base64,R0lGODlhAQABAAAAACH5BAEKAAEALAAAAAABAAEAAAICTAEAOw==\" style=\"--smush-placeholder-width: 300px; --smush-placeholder-aspect-ratio: 300\/300;\" \/><noscript><img loading=\"lazy\" decoding=\"async\" width=\"300\" height=\"300\" data-src=\"https:\/\/msk.lodz.pl\/wp-content\/uploads\/2025\/08\/RYSUNE-300x300.png\" class=\"attachment-thumblist size-thumblist wp-post-image lazyload\" alt=\"\" data-mec-postid=\"146315\" src=\"data:image\/gif;base64,R0lGODlhAQABAAAAACH5BAEKAAEALAAAAAABAAEAAAICTAEAOw==\" style=\"--smush-placeholder-width: 300px; --smush-placeholder-aspect-ratio: 300\/300;\" \/><noscript><img loading=\"lazy\" decoding=\"async\" width=\"300\" height=\"300\" src=\"https:\/\/msk.lodz.pl\/wp-content\/uploads\/2025\/08\/RYSUNE-300x300.png\" class=\"attachment-thumblist size-thumblist wp-post-image\" alt=\"\" data-mec-postid=\"146315\" \/><\/noscript><\/noscript><\/div><div class=\"mec-monthly-contents\" style=\"width: calc(100% - 85px)\"><div class=\"mec-event-time mec-color\"><i class=\"mec-sl-clock-o\"><\/i> 14:00 - 15:00<\/div><h4 class=\"mec-event-title\"><a class=\"mec-color-hover\" data-event-id=\"146315\" href=\"https:\/\/msk.lodz.pl\/en\/msk\/magiczny-krag-warsztaty-taneczne-dla-seniorow-zajecia-stale-kwiecien-2026\/?occurrence=2026-04-29\" target=\"_self\" rel=\"noopener\">MAGICZNY KR\u0104G warsztaty taneczne dla senior\u00f3w \/ zaj\u0119cia sta\u0142e \/ kwiecie\u0144 2026<\/a><span class=\"event-color\" style=\"background: #fdd700\"><\/span><\/h4><div class=\"mec-event-detail\">\r\n                        <div class=\"mec-event-loc-place\">MSK: Chojny, Youth Cultural Centre<\/div>\r\n                        \r\n                    <\/div><\/div><div style=\"clear:both\"><\/div><\/article><article class=\"mec-event-article\"><div class=\"mec-event-image\"><img loading=\"lazy\" decoding=\"async\" width=\"300\" height=\"300\" data-src=\"https:\/\/msk.lodz.pl\/wp-content\/uploads\/2025\/09\/styl-zycia-2-300x300.png\" class=\"attachment-thumblist size-thumblist wp-post-image lazyload\" alt=\"\" data-mec-postid=\"146600\" src=\"data:image\/gif;base64,R0lGODlhAQABAAAAACH5BAEKAAEALAAAAAABAAEAAAICTAEAOw==\" style=\"--smush-placeholder-width: 300px; --smush-placeholder-aspect-ratio: 300\/300;\" \/><noscript><img loading=\"lazy\" decoding=\"async\" width=\"300\" height=\"300\" src=\"https:\/\/msk.lodz.pl\/wp-content\/uploads\/2025\/09\/styl-zycia-2-300x300.png\" class=\"attachment-thumblist size-thumblist wp-post-image\" alt=\"\" data-mec-postid=\"146600\" \/><\/noscript><\/div><div class=\"mec-monthly-contents\" style=\"width: calc(100% - 85px)\"><div class=\"mec-event-time mec-color\"><i class=\"mec-sl-clock-o\"><\/i> 15:30 - 16:00<\/div><h4 class=\"mec-event-title\"><a class=\"mec-color-hover\" data-event-id=\"146600\" href=\"https:\/\/msk.lodz.pl\/en\/msk\/gimnastyka-na-krzeslach-zajecia-stale-dla-seniorow-kwiecien-2026\/?occurrence=2026-04-29\" target=\"_self\" rel=\"noopener\">GIMNASTYKA NA KRZES\u0141ACH \/\/ zaj\u0119cia sta\u0142e dla senior\u00f3w \/\/ kwiecie\u0144 2026<\/a><span class=\"event-color\" style=\"background: #dd823b\"><\/span><\/h4><div class=\"mec-event-detail\">\r\n                        <div class=\"mec-event-loc-place\">MSK: Chojny, Youth Cultural Centre<\/div>\r\n                        \r\n                    <\/div><\/div><div style=\"clear:both\"><\/div><\/article><article class=\"mec-event-article\"><div class=\"mec-event-image\"><img loading=\"lazy\" decoding=\"async\" width=\"300\" height=\"300\" data-src=\"https:\/\/msk.lodz.pl\/wp-content\/uploads\/2023\/07\/Kukuleczki-300x300.png\" class=\"attachment-thumblist size-thumblist wp-post-image lazyload\" alt=\"Zdj\u0119cie przedstawia dzieci podczas wyst\u0119pu tanecznego.\" data-mec-postid=\"134640\" src=\"data:image\/gif;base64,R0lGODlhAQABAAAAACH5BAEKAAEALAAAAAABAAEAAAICTAEAOw==\" style=\"--smush-placeholder-width: 300px; --smush-placeholder-aspect-ratio: 300\/300;\" \/><noscript><img loading=\"lazy\" decoding=\"async\" width=\"300\" height=\"300\" src=\"https:\/\/msk.lodz.pl\/wp-content\/uploads\/2023\/07\/Kukuleczki-300x300.png\" class=\"attachment-thumblist size-thumblist wp-post-image\" alt=\"Zdj\u0119cie przedstawia dzieci podczas wyst\u0119pu tanecznego.\" data-mec-postid=\"134640\" \/><\/noscript><\/div><div class=\"mec-monthly-contents\" style=\"width: calc(100% - 85px)\"><div class=\"mec-event-time mec-color\"><i class=\"mec-sl-clock-o\"><\/i> 16:00 - 17:00<\/div><h4 class=\"mec-event-title\"><a class=\"mec-color-hover\" data-event-id=\"134640\" href=\"https:\/\/msk.lodz.pl\/en\/msk\/kukuleczki-zajecia-stale-iv-3\/?occurrence=2026-04-29\" target=\"_self\" rel=\"noopener\">Kuku\u0142eczki \/\/ zaj\u0119cia sta\u0142e \/\/ IV<\/a><\/h4><div class=\"mec-event-detail\">\r\n                        <div class=\"mec-event-loc-place\">Liceum Og\u00f3lnokszta\u0142c\u0105ce nr XXIII im. ks. prof. J. Tischnera<\/div>\r\n                        \r\n                    <\/div><\/div><div style=\"clear:both\"><\/div><\/article><article class=\"mec-event-article\"><div class=\"mec-event-image\"><img loading=\"lazy\" decoding=\"async\" width=\"300\" height=\"300\" data-src=\"https:\/\/msk.lodz.pl\/wp-content\/uploads\/2025\/10\/facebook-reklama-300x300.jpg\" class=\"attachment-thumblist size-thumblist wp-post-image lazyload\" alt=\"\" data-mec-postid=\"144323\" src=\"data:image\/gif;base64,R0lGODlhAQABAAAAACH5BAEKAAEALAAAAAABAAEAAAICTAEAOw==\" style=\"--smush-placeholder-width: 300px; --smush-placeholder-aspect-ratio: 300\/300;\" \/><noscript><img loading=\"lazy\" decoding=\"async\" width=\"300\" height=\"300\" src=\"https:\/\/msk.lodz.pl\/wp-content\/uploads\/2025\/10\/facebook-reklama-300x300.jpg\" class=\"attachment-thumblist size-thumblist wp-post-image\" alt=\"\" data-mec-postid=\"144323\" \/><\/noscript><\/div><div class=\"mec-monthly-contents\" style=\"width: calc(100% - 85px)\"><div class=\"mec-event-time mec-color\"><i class=\"mec-sl-clock-o\"><\/i> 16:00 - 21:00<\/div><h4 class=\"mec-event-title\"><a class=\"mec-color-hover\" data-event-id=\"144323\" href=\"https:\/\/msk.lodz.pl\/en\/msk\/nauka-gry-na-akordeonie-i-pianinie-zajecia-stale-iv-26-wk\/?occurrence=2026-04-29\" target=\"_self\" rel=\"noopener\">Nauka gry na akordeonie i pianinie \/\/ zaj\u0119cia sta\u0142e \/\/ IV 26 \/\/ wk<\/a><\/h4><div class=\"mec-event-detail\">\r\n                        <div class=\"mec-event-loc-place\">MSK: Radogoszcz, Island of Culture Centre<\/div>\r\n                        \r\n                    <\/div><\/div><div style=\"clear:both\"><\/div><\/article><article class=\"mec-event-article\"><div class=\"mec-event-image\"><img loading=\"lazy\" decoding=\"async\" width=\"300\" height=\"300\" data-src=\"https:\/\/msk.lodz.pl\/wp-content\/uploads\/2023\/08\/3-300x300.jpg\" class=\"attachment-thumblist size-thumblist wp-post-image lazyload\" alt=\"\" data-mec-postid=\"144880\" src=\"data:image\/gif;base64,R0lGODlhAQABAAAAACH5BAEKAAEALAAAAAABAAEAAAICTAEAOw==\" style=\"--smush-placeholder-width: 300px; --smush-placeholder-aspect-ratio: 300\/300;\" \/><noscript><img loading=\"lazy\" decoding=\"async\" width=\"300\" height=\"300\" src=\"https:\/\/msk.lodz.pl\/wp-content\/uploads\/2023\/08\/3-300x300.jpg\" class=\"attachment-thumblist size-thumblist wp-post-image\" alt=\"\" data-mec-postid=\"144880\" \/><\/noscript><\/div><div class=\"mec-monthly-contents\" style=\"width: calc(100% - 85px)\"><h4 class=\"mec-event-title\"><a class=\"mec-color-hover\" data-event-id=\"144880\" href=\"https:\/\/msk.lodz.pl\/en\/msk\/studio-piosenki-kwiecien2026\/?occurrence=2026-04-29\" target=\"_self\" rel=\"noopener\">Studio Piosenki \/\/ zaj\u0119cia grupowe \/\/ O\u015brodek G\u00f3rna \/\/ Kwiecie\u0144 2026<\/a><span class=\"event-color\" style=\"background: #e14d43\"><\/span><\/h4><div class=\"mec-event-detail\">\r\n                        <div class=\"mec-event-loc-place\">MSK: Upper, Upper Centre<\/div>\r\n                        \r\n                    <\/div><\/div><div style=\"clear:both\"><\/div><\/article><article class=\"mec-event-article\"><div class=\"mec-event-image\"><img loading=\"lazy\" decoding=\"async\" width=\"300\" height=\"300\" data-src=\"https:\/\/msk.lodz.pl\/wp-content\/uploads\/2023\/07\/radiesteci-300x300.jpg\" class=\"attachment-thumblist size-thumblist wp-post-image lazyload\" alt=\"\" data-mec-postid=\"145261\" src=\"data:image\/gif;base64,R0lGODlhAQABAAAAACH5BAEKAAEALAAAAAABAAEAAAICTAEAOw==\" style=\"--smush-placeholder-width: 300px; --smush-placeholder-aspect-ratio: 300\/300;\" \/><noscript><img loading=\"lazy\" decoding=\"async\" width=\"300\" height=\"300\" src=\"https:\/\/msk.lodz.pl\/wp-content\/uploads\/2023\/07\/radiesteci-300x300.jpg\" class=\"attachment-thumblist size-thumblist wp-post-image\" alt=\"\" data-mec-postid=\"145261\" \/><\/noscript><\/div><div class=\"mec-monthly-contents\" style=\"width: calc(100% - 85px)\"><div class=\"mec-event-time mec-color\"><i class=\"mec-sl-clock-o\"><\/i> 16:00 - 18:00<\/div><h4 class=\"mec-event-title\"><a class=\"mec-color-hover\" data-event-id=\"145261\" href=\"https:\/\/msk.lodz.pl\/en\/msk\/klub-radiestetow-i-naturoterapeutow-zajecia-stale-x-282-712-758-883-662-178-298-206-189-599-274-436-988-446-238\/?occurrence=2026-04-29\" target=\"_self\" rel=\"noopener\">Klub Naturoterapeut\u00f3w i Radiestet\u00f3w \/\/ zaj\u0119cia sta\u0142e \/\/ kwiecie\u0144 2026<\/a> <span class=\"mec-event-title-soldout\"><span class=\"soldout\">Sold Out<\/span><\/span> <\/h4><div class=\"mec-event-detail\">\r\n                        <div class=\"mec-event-loc-place\">MSK: \u017babieniec, RONDO Animation and Revitalisation Centre<\/div>\r\n                        \r\n                    <\/div><\/div><div style=\"clear:both\"><\/div><\/article><article class=\"mec-event-article\"><div class=\"mec-event-image\"><img loading=\"lazy\" decoding=\"async\" width=\"300\" height=\"300\" data-src=\"https:\/\/msk.lodz.pl\/wp-content\/uploads\/2026\/03\/gitara_plakat-1424-x-1042-px-300x300.jpg\" class=\"attachment-thumblist size-thumblist wp-post-image lazyload\" alt=\"\" data-mec-postid=\"145273\" src=\"data:image\/gif;base64,R0lGODlhAQABAAAAACH5BAEKAAEALAAAAAABAAEAAAICTAEAOw==\" style=\"--smush-placeholder-width: 300px; --smush-placeholder-aspect-ratio: 300\/300;\" \/><noscript><img loading=\"lazy\" decoding=\"async\" width=\"300\" height=\"300\" src=\"https:\/\/msk.lodz.pl\/wp-content\/uploads\/2026\/03\/gitara_plakat-1424-x-1042-px-300x300.jpg\" class=\"attachment-thumblist size-thumblist wp-post-image\" alt=\"\" data-mec-postid=\"145273\" \/><\/noscript><\/div><div class=\"mec-monthly-contents\" style=\"width: calc(100% - 85px)\"><div class=\"mec-event-time mec-color\"><i class=\"mec-sl-clock-o\"><\/i> 16:00 - 18:30<\/div><h4 class=\"mec-event-title\"><a class=\"mec-color-hover\" data-event-id=\"145273\" href=\"https:\/\/msk.lodz.pl\/en\/msk\/profesjonalna-nauka-gry-na-gitarze-eklektycznej-akustycznej-klasycznej-zajecia-stale-ix-kopia-398-757-343-871-603-384-241-775-423-457-612-756-245-314-784\/?occurrence=2026-04-29\" target=\"_self\" rel=\"noopener\">Profesjonalna nauka gry na gitarze elektrycznej, akustycznej, klasycznej i ukulele \/\/ zaj\u0119cia sta\u0142e \/\/ kwiecie\u0144 2026<\/a><\/h4><div class=\"mec-event-detail\">\r\n                        <div class=\"mec-event-loc-place\">MSK: \u017babieniec, RONDO Animation and Revitalisation Centre<\/div>\r\n                        \r\n                    <\/div><\/div><div style=\"clear:both\"><\/div><\/article><article class=\"mec-event-article\"><div class=\"mec-event-image\"><img loading=\"lazy\" decoding=\"async\" width=\"300\" height=\"300\" data-src=\"https:\/\/msk.lodz.pl\/wp-content\/uploads\/2025\/10\/SOUND-UP-Zdjecie-300x300.png\" class=\"attachment-thumblist size-thumblist wp-post-image lazyload\" alt=\"\" data-mec-postid=\"145674\" src=\"data:image\/gif;base64,R0lGODlhAQABAAAAACH5BAEKAAEALAAAAAABAAEAAAICTAEAOw==\" style=\"--smush-placeholder-width: 300px; --smush-placeholder-aspect-ratio: 300\/300;\" \/><noscript><img loading=\"lazy\" decoding=\"async\" width=\"300\" height=\"300\" src=\"https:\/\/msk.lodz.pl\/wp-content\/uploads\/2025\/10\/SOUND-UP-Zdjecie-300x300.png\" class=\"attachment-thumblist size-thumblist wp-post-image\" alt=\"\" data-mec-postid=\"145674\" \/><\/noscript><\/div><div class=\"mec-monthly-contents\" style=\"width: calc(100% - 85px)\"><div class=\"mec-event-time mec-color\"><i class=\"mec-sl-clock-o\"><\/i> 16:00 - 18:00<\/div><h4 class=\"mec-event-title\"><a class=\"mec-color-hover\" data-event-id=\"145674\" href=\"https:\/\/msk.lodz.pl\/en\/msk\/studio-piosenki-grupa-wokalna-zajecia-stale-x-343-292-916-866-778-402-280-483-811-667-571-914-752-990-632-598\/?occurrence=2026-04-29\" target=\"_self\" rel=\"noopener\">SOUND UP \u2013 grupa wokalna \/\/ zaj\u0119cia sta\u0142e \/\/ grupa m\u0142odzie\u017cowa \/\/ OS IV 2026<\/a><\/h4><div class=\"mec-event-detail\">\r\n                        <div class=\"mec-event-loc-place\">MSK: Polesie, Art Centre<\/div>\r\n                        \r\n                    <\/div><\/div><div style=\"clear:both\"><\/div><\/article><article class=\"mec-event-article\"><div class=\"mec-event-image\"><img loading=\"lazy\" decoding=\"async\" width=\"300\" height=\"300\" data-src=\"https:\/\/msk.lodz.pl\/wp-content\/uploads\/2025\/09\/Pracownia-Plastyczna-Z-grupa-I-300x300.jpg\" class=\"attachment-thumblist size-thumblist wp-post-image lazyload\" alt=\"\" data-mec-postid=\"145946\" src=\"data:image\/gif;base64,R0lGODlhAQABAAAAACH5BAEKAAEALAAAAAABAAEAAAICTAEAOw==\" style=\"--smush-placeholder-width: 300px; --smush-placeholder-aspect-ratio: 300\/300;\" \/><noscript><img loading=\"lazy\" decoding=\"async\" width=\"300\" height=\"300\" src=\"https:\/\/msk.lodz.pl\/wp-content\/uploads\/2025\/09\/Pracownia-Plastyczna-Z-grupa-I-300x300.jpg\" class=\"attachment-thumblist size-thumblist wp-post-image\" alt=\"\" data-mec-postid=\"145946\" \/><\/noscript><\/div><div class=\"mec-monthly-contents\" style=\"width: calc(100% - 85px)\"><div class=\"mec-event-time mec-color\"><i class=\"mec-sl-clock-o\"><\/i> 16:00 - 17:30<\/div><h4 class=\"mec-event-title\"><a class=\"mec-color-hover\" data-event-id=\"145946\" href=\"https:\/\/msk.lodz.pl\/en\/msk\/pracownia-plastyczna-z-grupa-i-6-8-lat-zajecia-stale-pazdziernik-2025-416-821-930-929-999-473\/?occurrence=2026-04-29\" target=\"_self\" rel=\"noopener\">PRACOWNIA PLASTYCZNA &#8222;\u017b&#8221;\/\/GRUPA I (6-8 LAT)\/\/ZAJ\u0118CIA STA\u0141E\/KWIECIE\u0143 2026<\/a><span class=\"event-color\" style=\"background: #a3b745\"><\/span><\/h4><div class=\"mec-event-detail\">\r\n                        <div class=\"mec-event-loc-place\">MSK: \u017bubard\u017a, Cultural Education Centre on \u017bubardzka Street<\/div>\r\n                        \r\n                    <\/div><\/div><div style=\"clear:both\"><\/div><\/article><article class=\"mec-event-article\"><div class=\"mec-event-image\"><img loading=\"lazy\" decoding=\"async\" width=\"300\" height=\"300\" data-src=\"https:\/\/msk.lodz.pl\/wp-content\/uploads\/2023\/07\/www-19-1-300x300.png\" class=\"attachment-thumblist size-thumblist wp-post-image lazyload\" alt=\"\" data-mec-postid=\"144742\" src=\"data:image\/gif;base64,R0lGODlhAQABAAAAACH5BAEKAAEALAAAAAABAAEAAAICTAEAOw==\" style=\"--smush-placeholder-width: 300px; --smush-placeholder-aspect-ratio: 300\/300;\" \/><noscript><img loading=\"lazy\" decoding=\"async\" width=\"300\" height=\"300\" src=\"https:\/\/msk.lodz.pl\/wp-content\/uploads\/2023\/07\/www-19-1-300x300.png\" class=\"attachment-thumblist size-thumblist wp-post-image\" alt=\"\" data-mec-postid=\"144742\" \/><\/noscript><\/div><div class=\"mec-monthly-contents\" style=\"width: calc(100% - 85px)\"><div class=\"mec-event-time mec-color\"><i class=\"mec-sl-clock-o\"><\/i> 16:15 - 17:00<\/div><h4 class=\"mec-event-title\"><a class=\"mec-color-hover\" data-event-id=\"144742\" href=\"https:\/\/msk.lodz.pl\/en\/msk\/zajecia-taneczne-dla-dzieci-grupa-i-zajecia-stale-i-948-405-455-640-156-725-295-468-607-735-301-848\/?occurrence=2026-04-29\" target=\"_self\" rel=\"noopener\">Mix taneczny dla dzieci w wieku 3-4 lat \/\/ D\u0105browa \/\/ zaj\u0119cia sta\u0142e \/\/ kwiecie\u0144 2026<\/a><\/h4><div class=\"mec-event-detail\">\r\n                        <div class=\"mec-event-loc-place\">MSK: D\u0105browa, Klub D\u0105browa<\/div>\r\n                        \r\n                    <\/div><\/div><div style=\"clear:both\"><\/div><\/article><article class=\"mec-event-article\"><div class=\"mec-event-image\"><img loading=\"lazy\" decoding=\"async\" width=\"300\" height=\"300\" data-src=\"https:\/\/msk.lodz.pl\/wp-content\/uploads\/2025\/08\/flamenco_grupa-300x300.jpg\" class=\"attachment-thumblist size-thumblist wp-post-image lazyload\" alt=\"\" data-mec-postid=\"145258\" src=\"data:image\/gif;base64,R0lGODlhAQABAAAAACH5BAEKAAEALAAAAAABAAEAAAICTAEAOw==\" style=\"--smush-placeholder-width: 300px; --smush-placeholder-aspect-ratio: 300\/300;\" \/><noscript><img loading=\"lazy\" decoding=\"async\" width=\"300\" height=\"300\" src=\"https:\/\/msk.lodz.pl\/wp-content\/uploads\/2025\/08\/flamenco_grupa-300x300.jpg\" class=\"attachment-thumblist size-thumblist wp-post-image\" alt=\"\" data-mec-postid=\"145258\" \/><\/noscript><\/div><div class=\"mec-monthly-contents\" style=\"width: calc(100% - 85px)\"><div class=\"mec-event-time mec-color\"><i class=\"mec-sl-clock-o\"><\/i> 16:15 - 17:15<\/div><h4 class=\"mec-event-title\"><a class=\"mec-color-hover\" data-event-id=\"145258\" href=\"https:\/\/msk.lodz.pl\/en\/msk\/warsztaty-flamenco-dla-poczatkujacych-na-zabiencu-zajecia-stale-x-912-595-493-635-157-141-199-869-596-431-211-652-343-266-184-981\/?occurrence=2026-04-29\" target=\"_self\" rel=\"noopener\">Warsztaty flamenco dla pocz\u0105tkuj\u0105cych na \u017babie\u0144cu \/\/ zaj\u0119cia sta\u0142e \/\/ godz. 16:15 \/\/ kwiecie\u0144 2026<\/a><\/h4><div class=\"mec-event-detail\">\r\n                        <div class=\"mec-event-loc-place\">MSK: \u017babieniec, RONDO Animation and Revitalisation Centre<\/div>\r\n                        \r\n                    <\/div><\/div><div style=\"clear:both\"><\/div><\/article><article class=\"mec-event-article\"><div class=\"mec-event-image\"><img loading=\"lazy\" decoding=\"async\" width=\"300\" height=\"300\" data-src=\"https:\/\/msk.lodz.pl\/wp-content\/uploads\/2024\/08\/zajecia-Zubardz-1-300x300.png\" class=\"attachment-thumblist size-thumblist wp-post-image lazyload\" alt=\"\" data-mec-postid=\"144701\" src=\"data:image\/gif;base64,R0lGODlhAQABAAAAACH5BAEKAAEALAAAAAABAAEAAAICTAEAOw==\" style=\"--smush-placeholder-width: 300px; --smush-placeholder-aspect-ratio: 300\/300;\" \/><noscript><img loading=\"lazy\" decoding=\"async\" width=\"300\" height=\"300\" src=\"https:\/\/msk.lodz.pl\/wp-content\/uploads\/2024\/08\/zajecia-Zubardz-1-300x300.png\" class=\"attachment-thumblist size-thumblist wp-post-image\" alt=\"\" data-mec-postid=\"144701\" \/><\/noscript><\/div><div class=\"mec-monthly-contents\" style=\"width: calc(100% - 85px)\"><div class=\"mec-event-time mec-color\"><i class=\"mec-sl-clock-o\"><\/i> 16:30 - 17:15<\/div><h4 class=\"mec-event-title\"><a class=\"mec-color-hover\" data-event-id=\"144701\" href=\"https:\/\/msk.lodz.pl\/en\/msk\/sing-and-play-in-english-gr-i-zajecia-stale-i-889-311-786-988-439-362-987-644\/?occurrence=2026-04-29\" target=\"_self\" rel=\"noopener\">Mini Language Fun &#8211; nauka j. angielskiego przez zabaw\u0119 \/\/ gr. 4-7 lat \/\/ zaj\u0119cia sta\u0142e \/\/ kwiecie\u0144 2026<\/a><\/h4><div class=\"mec-event-detail\">\r\n                        <div class=\"mec-event-loc-place\">MSK: D\u0105browa, Klub D\u0105browa<\/div>\r\n                        \r\n                    <\/div><\/div><div style=\"clear:both\"><\/div><\/article><article class=\"mec-event-article\"><div class=\"mec-event-image\"><img loading=\"lazy\" decoding=\"async\" width=\"300\" height=\"300\" data-src=\"https:\/\/msk.lodz.pl\/wp-content\/uploads\/2024\/08\/foto-2-300x300.jpg\" class=\"attachment-thumblist size-thumblist wp-post-image lazyload\" alt=\"\" data-mec-postid=\"145264\" src=\"data:image\/gif;base64,R0lGODlhAQABAAAAACH5BAEKAAEALAAAAAABAAEAAAICTAEAOw==\" style=\"--smush-placeholder-width: 300px; --smush-placeholder-aspect-ratio: 300\/300;\" \/><noscript><img loading=\"lazy\" decoding=\"async\" width=\"300\" height=\"300\" src=\"https:\/\/msk.lodz.pl\/wp-content\/uploads\/2024\/08\/foto-2-300x300.jpg\" class=\"attachment-thumblist size-thumblist wp-post-image\" alt=\"\" data-mec-postid=\"145264\" \/><\/noscript><\/div><div class=\"mec-monthly-contents\" style=\"width: calc(100% - 85px)\"><div class=\"mec-event-time mec-color\"><i class=\"mec-sl-clock-o\"><\/i> 16:30 - 18:30<\/div><h4 class=\"mec-event-title\"><a class=\"mec-color-hover\" data-event-id=\"145264\" href=\"https:\/\/msk.lodz.pl\/en\/msk\/w-zwiazku-z-fotografia-od-rzemiosla-do-sztuki-zajecia-stale-x-431-518-249-672-856-631-587-716-746-709-138-786-490-748-854-108\/?occurrence=2026-04-29\" target=\"_self\" rel=\"noopener\">Pracownia Fotografii Artystycznej, warsztaty fotograficzne \/\/ grupa zaawansowana \/\/ zaj\u0119cia sta\u0142e \/\/ kwiecie\u0144 2026<\/a><\/h4><div class=\"mec-event-detail\">\r\n                        <div class=\"mec-event-loc-place\">MSK: \u017babieniec, RONDO Animation and Revitalisation Centre<\/div>\r\n                        \r\n                    <\/div><\/div><div style=\"clear:both\"><\/div><\/article><article class=\"mec-event-article\"><div class=\"mec-event-image\"><img loading=\"lazy\" decoding=\"async\" width=\"300\" height=\"300\" data-src=\"https:\/\/msk.lodz.pl\/wp-content\/uploads\/2025\/08\/taniec-ludowy-1-300x300.png\" class=\"attachment-thumblist size-thumblist wp-post-image lazyload\" alt=\"\" data-mec-postid=\"146308\" src=\"data:image\/gif;base64,R0lGODlhAQABAAAAACH5BAEKAAEALAAAAAABAAEAAAICTAEAOw==\" style=\"--smush-placeholder-width: 300px; --smush-placeholder-aspect-ratio: 300\/300;\" \/><noscript><img loading=\"lazy\" decoding=\"async\" width=\"300\" height=\"300\" data-src=\"https:\/\/msk.lodz.pl\/wp-content\/uploads\/2025\/08\/taniec-ludowy-1-300x300.png\" class=\"attachment-thumblist size-thumblist wp-post-image lazyload\" alt=\"\" data-mec-postid=\"146308\" src=\"data:image\/gif;base64,R0lGODlhAQABAAAAACH5BAEKAAEALAAAAAABAAEAAAICTAEAOw==\" style=\"--smush-placeholder-width: 300px; --smush-placeholder-aspect-ratio: 300\/300;\" \/><noscript><img loading=\"lazy\" decoding=\"async\" width=\"300\" height=\"300\" src=\"https:\/\/msk.lodz.pl\/wp-content\/uploads\/2025\/08\/taniec-ludowy-1-300x300.png\" class=\"attachment-thumblist size-thumblist wp-post-image\" alt=\"\" data-mec-postid=\"146308\" \/><\/noscript><\/noscript><\/div><div class=\"mec-monthly-contents\" style=\"width: calc(100% - 85px)\"><div class=\"mec-event-time mec-color\"><i class=\"mec-sl-clock-o\"><\/i> 16:30 - 18:00<\/div><h4 class=\"mec-event-title\"><a class=\"mec-color-hover\" data-event-id=\"146308\" href=\"https:\/\/msk.lodz.pl\/en\/msk\/taniec-ludowy-zespol-piesni-i-tanca-lodeczki-grupa-dziecieca-zajecia-stale-kwiecien-2026\/?occurrence=2026-04-29\" target=\"_self\" rel=\"noopener\">TANIEC LUDOWY \/\/ Zesp\u00f3\u0142 Pie\u015bni i Ta\u0144ca  &#8222;\u0141\u00f3deczki&#8221; grupa dzieci\u0119ca \/\/ zaj\u0119cia sta\u0142e \/\/ kwiecie\u0144 2026<\/a><span class=\"event-color\" style=\"background: #dd823b\"><\/span><\/h4><div class=\"mec-event-detail\">\r\n                        <div class=\"mec-event-loc-place\">MSK: Chojny, Youth Cultural Centre<\/div>\r\n                        \r\n                    <\/div><\/div><div style=\"clear:both\"><\/div><\/article><article class=\"mec-event-article\"><div class=\"mec-event-image\"><img loading=\"lazy\" decoding=\"async\" width=\"300\" height=\"300\" data-src=\"https:\/\/msk.lodz.pl\/wp-content\/uploads\/2023\/07\/wokalne-grupowe-300x300.png\" class=\"attachment-thumblist size-thumblist wp-post-image lazyload\" alt=\"zdj\u0119cie przedstawia grup\u0119 przyjaci\u00f3\u0142 wsp\u00f3lnie \u015bpiewaj\u0105cych do mikrofonu\" data-mec-postid=\"146650\" src=\"data:image\/gif;base64,R0lGODlhAQABAAAAACH5BAEKAAEALAAAAAABAAEAAAICTAEAOw==\" style=\"--smush-placeholder-width: 300px; --smush-placeholder-aspect-ratio: 300\/300;\" \/><noscript><img loading=\"lazy\" decoding=\"async\" width=\"300\" height=\"300\" src=\"https:\/\/msk.lodz.pl\/wp-content\/uploads\/2023\/07\/wokalne-grupowe-300x300.png\" class=\"attachment-thumblist size-thumblist wp-post-image\" alt=\"zdj\u0119cie przedstawia grup\u0119 przyjaci\u00f3\u0142 wsp\u00f3lnie \u015bpiewaj\u0105cych do mikrofonu\" data-mec-postid=\"146650\" \/><\/noscript><\/div><div class=\"mec-monthly-contents\" style=\"width: calc(100% - 85px)\"><div class=\"mec-event-time mec-color\"><i class=\"mec-sl-clock-o\"><\/i> 16:30 - 19:55<\/div><h4 class=\"mec-event-title\"><a class=\"mec-color-hover\" data-event-id=\"146650\" href=\"https:\/\/msk.lodz.pl\/en\/msk\/zajecia-wokalne-zajecia-stale-i-2-497-552-760-980-439-498-910-534-569-762-423-506-886-956\/?occurrence=2026-04-29\" target=\"_self\" rel=\"noopener\">Studio piosenki &#8211; zaj\u0119cia wokalne \/\/ gr. \u015brodowa \/\/ zaj\u0119cia sta\u0142e \/\/ D\u0105browa \/\/ kwiecie\u0144 2026<\/a> <span class=\"mec-event-title-soldout\"><span class=\"soldout\">Sold Out<\/span><\/span> <span class=\"event-color\" style=\"background: #e14d43\"><\/span><\/h4><div class=\"mec-event-detail\">\r\n                        <div class=\"mec-event-loc-place\">MSK: D\u0105browa, Klub D\u0105browa<\/div>\r\n                        \r\n                    <\/div><\/div><div style=\"clear:both\"><\/div><\/article><article class=\"mec-event-article\"><div class=\"mec-event-image\"><img loading=\"lazy\" decoding=\"async\" width=\"300\" height=\"300\" data-src=\"https:\/\/msk.lodz.pl\/wp-content\/uploads\/2023\/09\/Kopia-Kopia-Kopia-5-300x300.png\" class=\"attachment-thumblist size-thumblist wp-post-image lazyload\" alt=\"\" data-mec-postid=\"145932\" src=\"data:image\/gif;base64,R0lGODlhAQABAAAAACH5BAEKAAEALAAAAAABAAEAAAICTAEAOw==\" style=\"--smush-placeholder-width: 300px; --smush-placeholder-aspect-ratio: 300\/300;\" \/><noscript><img loading=\"lazy\" decoding=\"async\" width=\"300\" height=\"300\" data-src=\"https:\/\/msk.lodz.pl\/wp-content\/uploads\/2023\/09\/Kopia-Kopia-Kopia-5-300x300.png\" class=\"attachment-thumblist size-thumblist wp-post-image lazyload\" alt=\"\" data-mec-postid=\"145932\" src=\"data:image\/gif;base64,R0lGODlhAQABAAAAACH5BAEKAAEALAAAAAABAAEAAAICTAEAOw==\" style=\"--smush-placeholder-width: 300px; --smush-placeholder-aspect-ratio: 300\/300;\" \/><noscript><img loading=\"lazy\" decoding=\"async\" width=\"300\" height=\"300\" src=\"https:\/\/msk.lodz.pl\/wp-content\/uploads\/2023\/09\/Kopia-Kopia-Kopia-5-300x300.png\" class=\"attachment-thumblist size-thumblist wp-post-image\" alt=\"\" data-mec-postid=\"145932\" \/><\/noscript><\/noscript><\/div><div class=\"mec-monthly-contents\" style=\"width: calc(100% - 85px)\"><div class=\"mec-event-time mec-color\"><i class=\"mec-sl-clock-o\"><\/i> 16:45 - 17:30<\/div><h4 class=\"mec-event-title\"><a class=\"mec-color-hover\" data-event-id=\"145932\" href=\"https:\/\/msk.lodz.pl\/en\/msk\/jezyk-angielski-grupa-iii-9lat-zajecia-stale-vi-569-592-827-720-813-108-678\/?occurrence=2026-04-29\" target=\"_self\" rel=\"noopener\">J\u0118ZYK ANGIELSKI DLA DZIECI \/\/ 4-6 LAT\/\/ZAJ\u0118CIA STA\u0141E\/\/KWIECIE\u0143 2026<\/a><span class=\"event-color\" style=\"background: #a3b745\"><\/span><\/h4><div class=\"mec-event-detail\">\r\n                        <div class=\"mec-event-loc-place\">MSK: \u017bubard\u017a, Cultural Education Centre on \u017bubardzka Street<\/div>\r\n                        \r\n                    <\/div><\/div><div style=\"clear:both\"><\/div><\/article><article class=\"mec-event-article\"><div class=\"mec-event-image\"><img loading=\"lazy\" decoding=\"async\" width=\"300\" height=\"300\" data-src=\"https:\/\/msk.lodz.pl\/wp-content\/uploads\/2024\/07\/harnam-www-zdjecia--300x300.png\" class=\"attachment-thumblist size-thumblist wp-post-image lazyload\" alt=\"\" data-mec-postid=\"56878\" src=\"data:image\/gif;base64,R0lGODlhAQABAAAAACH5BAEKAAEALAAAAAABAAEAAAICTAEAOw==\" style=\"--smush-placeholder-width: 300px; --smush-placeholder-aspect-ratio: 300\/300;\" \/><noscript><img loading=\"lazy\" decoding=\"async\" width=\"300\" height=\"300\" data-src=\"https:\/\/msk.lodz.pl\/wp-content\/uploads\/2024\/07\/harnam-www-zdjecia--300x300.png\" class=\"attachment-thumblist size-thumblist wp-post-image lazyload\" alt=\"\" data-mec-postid=\"56878\" src=\"data:image\/gif;base64,R0lGODlhAQABAAAAACH5BAEKAAEALAAAAAABAAEAAAICTAEAOw==\" style=\"--smush-placeholder-width: 300px; --smush-placeholder-aspect-ratio: 300\/300;\" \/><noscript><img loading=\"lazy\" decoding=\"async\" width=\"300\" height=\"300\" src=\"https:\/\/msk.lodz.pl\/wp-content\/uploads\/2024\/07\/harnam-www-zdjecia--300x300.png\" class=\"attachment-thumblist size-thumblist wp-post-image\" alt=\"\" data-mec-postid=\"56878\" \/><\/noscript><\/noscript><\/div><div class=\"mec-monthly-contents\" style=\"width: calc(100% - 85px)\"><div class=\"mec-event-time mec-color\"><i class=\"mec-sl-clock-o\"><\/i> 17:00 - 17:45<\/div><h4 class=\"mec-event-title\"><a class=\"mec-color-hover\" data-event-id=\"56878\" href=\"https:\/\/msk.lodz.pl\/en\/msk\/rytmika-a-dla-dzieci-4-6lat-zajecia-stale-ix-488-539-814-832-737-896-772\/?occurrence=2026-04-29\" target=\"_self\" rel=\"noopener\">Rytmika A \/ dla dzieci \/ 4-6lat \/zaj\u0119cia sta\u0142e IV<\/a><span class=\"event-color\" style=\"background: #fdd700\"><\/span><\/h4><div class=\"mec-event-detail\">\r\n                        <div class=\"mec-event-loc-place\">MSK: Harnam, Harnam Centre<\/div>\r\n                        \r\n                    <\/div><\/div><div style=\"clear:both\"><\/div><\/article><article class=\"mec-event-article\"><div class=\"mec-event-image\"><img loading=\"lazy\" decoding=\"async\" width=\"300\" height=\"300\" data-src=\"https:\/\/msk.lodz.pl\/wp-content\/uploads\/2023\/08\/Mazurki-1-300x300.png\" class=\"attachment-thumblist size-thumblist wp-post-image lazyload\" alt=\"Zdj\u0119cie przedstawia muzykuj\u0105cych m\u0119\u017cczyzn.\" data-mec-postid=\"134648\" src=\"data:image\/gif;base64,R0lGODlhAQABAAAAACH5BAEKAAEALAAAAAABAAEAAAICTAEAOw==\" style=\"--smush-placeholder-width: 300px; --smush-placeholder-aspect-ratio: 300\/300;\" \/><noscript><img loading=\"lazy\" decoding=\"async\" width=\"300\" height=\"300\" src=\"https:\/\/msk.lodz.pl\/wp-content\/uploads\/2023\/08\/Mazurki-1-300x300.png\" class=\"attachment-thumblist size-thumblist wp-post-image\" alt=\"Zdj\u0119cie przedstawia muzykuj\u0105cych m\u0119\u017cczyzn.\" data-mec-postid=\"134648\" \/><\/noscript><\/div><div class=\"mec-monthly-contents\" style=\"width: calc(100% - 85px)\"><div class=\"mec-event-time mec-color\"><i class=\"mec-sl-clock-o\"><\/i> 17:00 - 18:30<\/div><h4 class=\"mec-event-title\"><a class=\"mec-color-hover\" data-event-id=\"134648\" href=\"https:\/\/msk.lodz.pl\/en\/msk\/oberek-mazurek-poleczka-nauka-gry-zajecia-stale-iv-2\/?occurrence=2026-04-29\" target=\"_self\" rel=\"noopener\">Oberek, mazurek, poleczka \/\/ nauka gry \/\/ zaj\u0119cia sta\u0142e \/\/ IV<\/a><\/h4><div class=\"mec-event-detail\">\r\n                        <div class=\"mec-event-loc-place\">Liceum Og\u00f3lnokszta\u0142c\u0105ce nr XXIII im. ks. prof. J. Tischnera<\/div>\r\n                        \r\n                    <\/div><\/div><div style=\"clear:both\"><\/div><\/article><article class=\"mec-event-article\"><div class=\"mec-event-image\"><img loading=\"lazy\" decoding=\"async\" width=\"300\" height=\"300\" data-src=\"https:\/\/msk.lodz.pl\/wp-content\/uploads\/2024\/08\/Jaskoleczki-300x300.png\" class=\"attachment-thumblist size-thumblist wp-post-image lazyload\" alt=\"\" data-mec-postid=\"134664\" src=\"data:image\/gif;base64,R0lGODlhAQABAAAAACH5BAEKAAEALAAAAAABAAEAAAICTAEAOw==\" style=\"--smush-placeholder-width: 300px; --smush-placeholder-aspect-ratio: 300\/300;\" \/><noscript><img loading=\"lazy\" decoding=\"async\" width=\"300\" height=\"300\" src=\"https:\/\/msk.lodz.pl\/wp-content\/uploads\/2024\/08\/Jaskoleczki-300x300.png\" class=\"attachment-thumblist size-thumblist wp-post-image\" alt=\"\" data-mec-postid=\"134664\" \/><\/noscript><\/div><div class=\"mec-monthly-contents\" style=\"width: calc(100% - 85px)\"><div class=\"mec-event-time mec-color\"><i class=\"mec-sl-clock-o\"><\/i> 17:00 - 18:30<\/div><h4 class=\"mec-event-title\"><a class=\"mec-color-hover\" data-event-id=\"134664\" href=\"https:\/\/msk.lodz.pl\/en\/msk\/zespol-taneczny-ariadance-iv-zajecia-stale-iv\/?occurrence=2026-04-29\" target=\"_self\" rel=\"noopener\">Zesp\u00f3\u0142 Taneczny Ariadance IV \/\/ zaj\u0119cia sta\u0142e \/\/ IV<\/a><\/h4><div class=\"mec-event-detail\">\r\n                        <div class=\"mec-event-loc-place\">Liceum Og\u00f3lnokszta\u0142c\u0105ce nr XXIII im. ks. prof. J. Tischnera<\/div>\r\n                        \r\n                    <\/div><\/div><div style=\"clear:both\"><\/div><\/article><article class=\"mec-event-article\"><div class=\"mec-event-image\"><img loading=\"lazy\" decoding=\"async\" width=\"300\" height=\"300\" data-src=\"https:\/\/msk.lodz.pl\/wp-content\/uploads\/2023\/07\/tworcze-smyki-300x300.png\" class=\"attachment-thumblist size-thumblist wp-post-image lazyload\" alt=\"na zdj\u0119ciu wida\u0107 r\u0119ce dziecka maluj\u0105cego farb\u0105\" data-mec-postid=\"139727\" src=\"data:image\/gif;base64,R0lGODlhAQABAAAAACH5BAEKAAEALAAAAAABAAEAAAICTAEAOw==\" style=\"--smush-placeholder-width: 300px; --smush-placeholder-aspect-ratio: 300\/300;\" \/><noscript><img loading=\"lazy\" decoding=\"async\" width=\"300\" height=\"300\" src=\"https:\/\/msk.lodz.pl\/wp-content\/uploads\/2023\/07\/tworcze-smyki-300x300.png\" class=\"attachment-thumblist size-thumblist wp-post-image\" alt=\"na zdj\u0119ciu wida\u0107 r\u0119ce dziecka maluj\u0105cego farb\u0105\" data-mec-postid=\"139727\" \/><\/noscript><\/div><div class=\"mec-monthly-contents\" style=\"width: calc(100% - 85px)\"><div class=\"mec-event-time mec-color\"><i class=\"mec-sl-clock-o\"><\/i> 17:00 - 18:00<\/div><h4 class=\"mec-event-title\"><a class=\"mec-color-hover\" data-event-id=\"139727\" href=\"https:\/\/msk.lodz.pl\/en\/msk\/pracownia-plastyczna-tworcze-smyki-zajecia-stale-iv-26-wk\/?occurrence=2026-04-29\" target=\"_self\" rel=\"noopener\">Pracownia plastyczna TW\u00d3RCZE SMYKI \/\/ zaj\u0119cia sta\u0142e \/\/ IV 26 \/\/ wk<\/a> <span class=\"mec-event-title-soldout\"><span class=\"soldout\">Sold Out<\/span><\/span> <span class=\"event-color\" style=\"background: #e14d43\"><\/span><\/h4><div class=\"mec-event-detail\">\r\n                        <div class=\"mec-event-loc-place\">MSK: Radogoszcz, Island of Culture Centre<\/div>\r\n                        \r\n                    <\/div><\/div><div style=\"clear:both\"><\/div><\/article><article class=\"mec-event-article\"><div class=\"mec-event-image\"><img loading=\"lazy\" decoding=\"async\" width=\"300\" height=\"300\" data-src=\"https:\/\/msk.lodz.pl\/wp-content\/uploads\/2024\/09\/8-1-300x300.jpg\" class=\"attachment-thumblist size-thumblist wp-post-image lazyload\" alt=\"\" data-mec-postid=\"143042\" src=\"data:image\/gif;base64,R0lGODlhAQABAAAAACH5BAEKAAEALAAAAAABAAEAAAICTAEAOw==\" style=\"--smush-placeholder-width: 300px; --smush-placeholder-aspect-ratio: 300\/300;\" \/><noscript><img loading=\"lazy\" decoding=\"async\" width=\"300\" height=\"300\" src=\"https:\/\/msk.lodz.pl\/wp-content\/uploads\/2024\/09\/8-1-300x300.jpg\" class=\"attachment-thumblist size-thumblist wp-post-image\" alt=\"\" data-mec-postid=\"143042\" \/><\/noscript><\/div><div class=\"mec-monthly-contents\" style=\"width: calc(100% - 85px)\"><div class=\"mec-event-time mec-color\"><i class=\"mec-sl-clock-o\"><\/i> 17:00 - 18:30<\/div><h4 class=\"mec-event-title\"><a class=\"mec-color-hover\" data-event-id=\"143042\" href=\"https:\/\/msk.lodz.pl\/en\/msk\/warsztaty-szydelkowania-dla-poczatkujacych-zajecia-stale-luty-661-753-844-207-936-464-864-894-653-536-942-797-353-132-965-185-492-661-410-699-437-409\/?occurrence=2026-04-29\" target=\"_self\" rel=\"noopener\">Warsztaty szyde\u0142kowania\u00a0dla dzieci \/\/ zaj\u0119cia sta\u0142e \/\/ IV 2026<\/a><span class=\"event-color\" style=\"background: #fdd700\"><\/span><\/h4><div class=\"mec-event-detail\">\r\n                        <div class=\"mec-event-loc-place\">MSK: Widzew Wsch\u00f3d, Dom Kultury \"502\"<\/div>\r\n                        \r\n                    <\/div><\/div><div style=\"clear:both\"><\/div><\/article><article class=\"mec-event-article\"><div class=\"mec-event-image\"><img loading=\"lazy\" decoding=\"async\" width=\"300\" height=\"300\" data-src=\"https:\/\/msk.lodz.pl\/wp-content\/uploads\/2024\/11\/8-300x300.jpg\" class=\"attachment-thumblist size-thumblist wp-post-image lazyload\" alt=\"\" data-mec-postid=\"143385\" src=\"data:image\/gif;base64,R0lGODlhAQABAAAAACH5BAEKAAEALAAAAAABAAEAAAICTAEAOw==\" style=\"--smush-placeholder-width: 300px; --smush-placeholder-aspect-ratio: 300\/300;\" \/><noscript><img loading=\"lazy\" decoding=\"async\" width=\"300\" height=\"300\" data-src=\"https:\/\/msk.lodz.pl\/wp-content\/uploads\/2024\/11\/8-300x300.jpg\" class=\"attachment-thumblist size-thumblist wp-post-image lazyload\" alt=\"\" data-mec-postid=\"143385\" src=\"data:image\/gif;base64,R0lGODlhAQABAAAAACH5BAEKAAEALAAAAAABAAEAAAICTAEAOw==\" style=\"--smush-placeholder-width: 300px; --smush-placeholder-aspect-ratio: 300\/300;\" \/><noscript><img loading=\"lazy\" decoding=\"async\" width=\"300\" height=\"300\" src=\"https:\/\/msk.lodz.pl\/wp-content\/uploads\/2024\/11\/8-300x300.jpg\" class=\"attachment-thumblist size-thumblist wp-post-image\" alt=\"\" data-mec-postid=\"143385\" \/><\/noscript><\/noscript><\/div><div class=\"mec-monthly-contents\" style=\"width: calc(100% - 85px)\"><div class=\"mec-event-time mec-color\"><i class=\"mec-sl-clock-o\"><\/i> 17:00 - 18:00<\/div><h4 class=\"mec-event-title\"><a class=\"mec-color-hover\" data-event-id=\"143385\" href=\"https:\/\/msk.lodz.pl\/en\/msk\/taniec-wspolczesny-grupa-i-zajecia-stale-888-731-927-700-677-231-745-327-304-547-507-715-959-855\/?occurrence=2026-04-29\" target=\"_self\" rel=\"noopener\">Taniec wsp\u00f3\u0142czesny gr. I (8 &#8211; 15 lat) \/\/ zaj\u0119cia sta\u0142e \/\/ IV 2026 (poniedzia\u0142ki, \u015brody)<\/a><span class=\"event-color\" style=\"background: #fdd700\"><\/span><\/h4><div class=\"mec-event-detail\">\r\n                        <div class=\"mec-event-loc-place\">MSK: Widzew Wsch\u00f3d, Dom Kultury \"502\"<\/div>\r\n                        \r\n                    <\/div><\/div><div style=\"clear:both\"><\/div><\/article><article class=\"mec-event-article\"><div class=\"mec-event-image\"><img loading=\"lazy\" decoding=\"async\" width=\"300\" height=\"300\" data-src=\"https:\/\/msk.lodz.pl\/wp-content\/uploads\/2024\/10\/JOGA-DLA-DZIECI-5-300x300.png\" class=\"attachment-thumblist size-thumblist wp-post-image lazyload\" alt=\"\" data-mec-postid=\"144324\" src=\"data:image\/gif;base64,R0lGODlhAQABAAAAACH5BAEKAAEALAAAAAABAAEAAAICTAEAOw==\" style=\"--smush-placeholder-width: 300px; --smush-placeholder-aspect-ratio: 300\/300;\" \/><noscript><img loading=\"lazy\" decoding=\"async\" width=\"300\" height=\"300\" src=\"https:\/\/msk.lodz.pl\/wp-content\/uploads\/2024\/10\/JOGA-DLA-DZIECI-5-300x300.png\" class=\"attachment-thumblist size-thumblist wp-post-image\" alt=\"\" data-mec-postid=\"144324\" \/><\/noscript><\/div><div class=\"mec-monthly-contents\" style=\"width: calc(100% - 85px)\"><div class=\"mec-event-time mec-color\"><i class=\"mec-sl-clock-o\"><\/i> 17:00 - 18:30<\/div><h4 class=\"mec-event-title\"><a class=\"mec-color-hover\" data-event-id=\"144324\" href=\"https:\/\/msk.lodz.pl\/en\/msk\/zajecia-taneczne-zajecia-stale-iv-26-wk\/?occurrence=2026-04-29\" target=\"_self\" rel=\"noopener\">Zaj\u0119cia taneczne \/\/ zaj\u0119cia sta\u0142e \/\/ IV 26 \/\/ wk<\/a><span class=\"event-color\" style=\"background: #fdd700\"><\/span><\/h4><div class=\"mec-event-detail\">\r\n                        <div class=\"mec-event-loc-place\">MSK: Radogoszcz, Island of Culture Centre<\/div>\r\n                        \r\n                    <\/div><\/div><div style=\"clear:both\"><\/div><\/article><article class=\"mec-event-article\"><div class=\"mec-event-image\"><img loading=\"lazy\" decoding=\"async\" width=\"300\" height=\"300\" data-src=\"https:\/\/msk.lodz.pl\/wp-content\/uploads\/2023\/07\/www-19-1-300x300.png\" class=\"attachment-thumblist size-thumblist wp-post-image lazyload\" alt=\"\" data-mec-postid=\"144753\" src=\"data:image\/gif;base64,R0lGODlhAQABAAAAACH5BAEKAAEALAAAAAABAAEAAAICTAEAOw==\" style=\"--smush-placeholder-width: 300px; --smush-placeholder-aspect-ratio: 300\/300;\" \/><noscript><img loading=\"lazy\" decoding=\"async\" width=\"300\" height=\"300\" src=\"https:\/\/msk.lodz.pl\/wp-content\/uploads\/2023\/07\/www-19-1-300x300.png\" class=\"attachment-thumblist size-thumblist wp-post-image\" alt=\"\" data-mec-postid=\"144753\" \/><\/noscript><\/div><div class=\"mec-monthly-contents\" style=\"width: calc(100% - 85px)\"><div class=\"mec-event-time mec-color\"><i class=\"mec-sl-clock-o\"><\/i> 17:00 - 18:00<\/div><h4 class=\"mec-event-title\"><a class=\"mec-color-hover\" data-event-id=\"144753\" href=\"https:\/\/msk.lodz.pl\/en\/msk\/zajecia-taneczne-dla-dzieci-grupa-ii-zajecia-stale-i-142-419-989-174-497-528-699-710-201-116-579\/?occurrence=2026-04-29\" target=\"_self\" rel=\"noopener\">Mix taneczny dla dzieci (grupa 7-8 lat) \/\/ D\u0105browa \/\/ zaj\u0119cia sta\u0142e \/\/ kwiecie\u0144 2026<\/a><\/h4><div class=\"mec-event-detail\">\r\n                        <div class=\"mec-event-loc-place\">MSK: D\u0105browa, Klub D\u0105browa<\/div>\r\n                        \r\n                    <\/div><\/div><div style=\"clear:both\"><\/div><\/article><article class=\"mec-event-article\"><div class=\"mec-event-image\"><img loading=\"lazy\" decoding=\"async\" width=\"300\" height=\"300\" data-src=\"https:\/\/msk.lodz.pl\/wp-content\/uploads\/2025\/09\/dance-300x300.png\" class=\"attachment-thumblist size-thumblist wp-post-image lazyload\" alt=\"\" data-mec-postid=\"145633\" src=\"data:image\/gif;base64,R0lGODlhAQABAAAAACH5BAEKAAEALAAAAAABAAEAAAICTAEAOw==\" style=\"--smush-placeholder-width: 300px; --smush-placeholder-aspect-ratio: 300\/300;\" \/><noscript><img loading=\"lazy\" decoding=\"async\" width=\"300\" height=\"300\" src=\"https:\/\/msk.lodz.pl\/wp-content\/uploads\/2025\/09\/dance-300x300.png\" class=\"attachment-thumblist size-thumblist wp-post-image\" alt=\"\" data-mec-postid=\"145633\" \/><\/noscript><\/div><div class=\"mec-monthly-contents\" style=\"width: calc(100% - 85px)\"><div class=\"mec-event-time mec-color\"><i class=\"mec-sl-clock-o\"><\/i> 17:00 - 19:00<\/div><h4 class=\"mec-event-title\"><a class=\"mec-color-hover\" data-event-id=\"145633\" href=\"https:\/\/msk.lodz.pl\/en\/msk\/acro-dance-zajecia-taneczne-karolew-zajecia-stale-wrzesien-2025-179-790-352-109-291-586-462\/?occurrence=2026-04-29\" target=\"_self\" rel=\"noopener\">Acro Dance\/Karolew\/zaj\u0119cia sta\u0142e\/kwiecie\u0144 2026<\/a><span class=\"event-color\" style=\"background: #e14d43\"><\/span><\/h4><div class=\"mec-event-detail\">\r\n                        <div class=\"mec-event-loc-place\">MSK: Karolew, Karolew Centre<\/div>\r\n                        \r\n                    <\/div><\/div><div style=\"clear:both\"><\/div><\/article><article class=\"mec-event-article\"><div class=\"mec-event-image\"><img loading=\"lazy\" decoding=\"async\" width=\"300\" height=\"300\" data-src=\"https:\/\/msk.lodz.pl\/wp-content\/uploads\/2023\/07\/www-27-300x300.png\" class=\"attachment-thumblist size-thumblist wp-post-image lazyload\" alt=\"\" data-mec-postid=\"145683\" src=\"data:image\/gif;base64,R0lGODlhAQABAAAAACH5BAEKAAEALAAAAAABAAEAAAICTAEAOw==\" style=\"--smush-placeholder-width: 300px; --smush-placeholder-aspect-ratio: 300\/300;\" \/><noscript><img loading=\"lazy\" decoding=\"async\" width=\"300\" height=\"300\" src=\"https:\/\/msk.lodz.pl\/wp-content\/uploads\/2023\/07\/www-27-300x300.png\" class=\"attachment-thumblist size-thumblist wp-post-image\" alt=\"\" data-mec-postid=\"145683\" \/><\/noscript><\/div><div class=\"mec-monthly-contents\" style=\"width: calc(100% - 85px)\"><div class=\"mec-event-time mec-color\"><i class=\"mec-sl-clock-o\"><\/i> 17:00 - 19:00<\/div><h4 class=\"mec-event-title\"><a class=\"mec-color-hover\" data-event-id=\"145683\" href=\"https:\/\/msk.lodz.pl\/en\/msk\/pracownia-plastyczna-2-479-673-951-810-753-603-481-457-874-216-265-448-476-367-885-414-450-594-966-841-636-523-123-283-509-401\/?occurrence=2026-04-29\" target=\"_self\" rel=\"noopener\">Pracownia plastyczna (12-14 lat) OS \/\/ Zaj\u0119cia sta\u0142e \/\/ IV 2026<\/a><span class=\"event-color\" style=\"background: #e14d43\"><\/span><\/h4><div class=\"mec-event-detail\">\r\n                        <div class=\"mec-event-loc-place\">MSK: Polesie, Art Centre<\/div>\r\n                        \r\n                    <\/div><\/div><div style=\"clear:both\"><\/div><\/article><article class=\"mec-event-article\"><div class=\"mec-event-image\"><img loading=\"lazy\" decoding=\"async\" width=\"300\" height=\"300\" data-src=\"https:\/\/msk.lodz.pl\/wp-content\/uploads\/2025\/03\/p-1424-x-1024-px-1-300x300.png\" class=\"attachment-thumblist size-thumblist wp-post-image lazyload\" alt=\"\" data-mec-postid=\"145939\" src=\"data:image\/gif;base64,R0lGODlhAQABAAAAACH5BAEKAAEALAAAAAABAAEAAAICTAEAOw==\" style=\"--smush-placeholder-width: 300px; --smush-placeholder-aspect-ratio: 300\/300;\" \/><noscript><img loading=\"lazy\" decoding=\"async\" width=\"300\" height=\"300\" src=\"https:\/\/msk.lodz.pl\/wp-content\/uploads\/2025\/03\/p-1424-x-1024-px-1-300x300.png\" class=\"attachment-thumblist size-thumblist wp-post-image\" alt=\"\" data-mec-postid=\"145939\" \/><\/noscript><\/div><div class=\"mec-monthly-contents\" style=\"width: calc(100% - 85px)\"><div class=\"mec-event-time mec-color\"><i class=\"mec-sl-clock-o\"><\/i> 17:00 - 18:00<\/div><h4 class=\"mec-event-title\"><a class=\"mec-color-hover\" data-event-id=\"145939\" href=\"https:\/\/msk.lodz.pl\/en\/msk\/cosplay-zajecia-stale-wrzesien-583-555-317-745-161-995-857\/?occurrence=2026-04-29\" target=\"_self\" rel=\"noopener\">COSPLAY-POK\u00d3J WCIELE\u0143\/ZAJ\u0118CIA STA\u0141E\/\/KWIECIE\u0143 2026<\/a><span class=\"event-color\" style=\"background: #e14d43\"><\/span><\/h4><div class=\"mec-event-detail\">\r\n                        <div class=\"mec-event-loc-place\">MSK: \u017bubard\u017a, Cultural Education Centre on \u017bubardzka Street<\/div>\r\n                        \r\n                    <\/div><\/div><div style=\"clear:both\"><\/div><\/article><article class=\"mec-event-article\"><div class=\"mec-event-image\"><img loading=\"lazy\" decoding=\"async\" width=\"300\" height=\"300\" data-src=\"https:\/\/msk.lodz.pl\/wp-content\/uploads\/2025\/09\/ceramika-zdjecie-300x300.png\" class=\"attachment-thumblist size-thumblist wp-post-image lazyload\" alt=\"\" data-mec-postid=\"146168\" src=\"data:image\/gif;base64,R0lGODlhAQABAAAAACH5BAEKAAEALAAAAAABAAEAAAICTAEAOw==\" style=\"--smush-placeholder-width: 300px; --smush-placeholder-aspect-ratio: 300\/300;\" \/><noscript><img loading=\"lazy\" decoding=\"async\" width=\"300\" height=\"300\" src=\"https:\/\/msk.lodz.pl\/wp-content\/uploads\/2025\/09\/ceramika-zdjecie-300x300.png\" class=\"attachment-thumblist size-thumblist wp-post-image\" alt=\"\" data-mec-postid=\"146168\" \/><\/noscript><\/div><div class=\"mec-monthly-contents\" style=\"width: calc(100% - 85px)\"><div class=\"mec-event-time mec-color\"><i class=\"mec-sl-clock-o\"><\/i> 17:00 - 20:00<\/div><h4 class=\"mec-event-title\"><a class=\"mec-color-hover\" data-event-id=\"146168\" href=\"https:\/\/msk.lodz.pl\/en\/msk\/ceramika-zajecia-stale-grupa-sroda-os-viii-991-495-734-918-177-774-491-461\/?occurrence=2026-04-29\" target=\"_self\" rel=\"noopener\">Ceramika \/\/ zaj\u0119cia sta\u0142e \/\/ grupa \u015broda \/\/ OS \/\/ IV 2026<\/a><\/h4><div class=\"mec-event-detail\">\r\n                        <div class=\"mec-event-loc-place\">MSK: Polesie, Art Centre<\/div>\r\n                        \r\n                    <\/div><\/div><div style=\"clear:both\"><\/div><\/article><article class=\"mec-event-article\"><div class=\"mec-event-image\"><img loading=\"lazy\" decoding=\"async\" width=\"300\" height=\"300\" data-src=\"https:\/\/msk.lodz.pl\/wp-content\/uploads\/2025\/09\/SZABLON-NA-WWW-2-300x300.png\" class=\"attachment-thumblist size-thumblist wp-post-image lazyload\" alt=\"\" data-mec-postid=\"144776\" src=\"data:image\/gif;base64,R0lGODlhAQABAAAAACH5BAEKAAEALAAAAAABAAEAAAICTAEAOw==\" style=\"--smush-placeholder-width: 300px; --smush-placeholder-aspect-ratio: 300\/300;\" \/><noscript><img loading=\"lazy\" decoding=\"async\" width=\"300\" height=\"300\" src=\"https:\/\/msk.lodz.pl\/wp-content\/uploads\/2025\/09\/SZABLON-NA-WWW-2-300x300.png\" class=\"attachment-thumblist size-thumblist wp-post-image\" alt=\"\" data-mec-postid=\"144776\" \/><\/noscript><\/div><div class=\"mec-monthly-contents\" style=\"width: calc(100% - 85px)\"><div class=\"mec-event-time mec-color\"><i class=\"mec-sl-clock-o\"><\/i> 17:15 - 18:15<\/div><h4 class=\"mec-event-title\"><a class=\"mec-color-hover\" data-event-id=\"144776\" href=\"https:\/\/msk.lodz.pl\/en\/msk\/taniec-modern-jazz-dzieci-4-8-lat-zajecia-stale-pazdziernik-2025-509-805-439-760-399\/?occurrence=2026-04-29\" target=\"_self\" rel=\"noopener\">Taniec. Modern\/jazz \/\/ dzieci 4-8 lat \/\/ zaj\u0119cia sta\u0142e \/\/ D\u0105browa \/\/ kwiecie\u0144 2026<\/a><span class=\"event-color\" style=\"background: #e14d43\"><\/span><\/h4><div class=\"mec-event-detail\">\r\n                        <div class=\"mec-event-loc-place\">MSK: D\u0105browa, Klub D\u0105browa<\/div>\r\n                        \r\n                    <\/div><\/div><div style=\"clear:both\"><\/div><\/article><article class=\"mec-event-article\"><div class=\"mec-event-image\"><img loading=\"lazy\" decoding=\"async\" width=\"300\" height=\"300\" data-src=\"https:\/\/msk.lodz.pl\/wp-content\/uploads\/2024\/07\/4-300x300.png\" class=\"attachment-thumblist size-thumblist wp-post-image lazyload\" alt=\"\" data-mec-postid=\"56924\" src=\"data:image\/gif;base64,R0lGODlhAQABAAAAACH5BAEKAAEALAAAAAABAAEAAAICTAEAOw==\" style=\"--smush-placeholder-width: 300px; --smush-placeholder-aspect-ratio: 300\/300;\" \/><noscript><img loading=\"lazy\" decoding=\"async\" width=\"300\" height=\"300\" src=\"https:\/\/msk.lodz.pl\/wp-content\/uploads\/2024\/07\/4-300x300.png\" class=\"attachment-thumblist size-thumblist wp-post-image\" alt=\"\" data-mec-postid=\"56924\" \/><\/noscript><\/div><div class=\"mec-monthly-contents\" style=\"width: calc(100% - 85px)\"><div class=\"mec-event-time mec-color\"><i class=\"mec-sl-clock-o\"><\/i> 17:30 - 18:15<\/div><h4 class=\"mec-event-title\"><a class=\"mec-color-hover\" data-event-id=\"56924\" href=\"https:\/\/msk.lodz.pl\/en\/msk\/rytmika-a-dla-dzieci-4-6lat-zajecia-stale-ix-488-539-814-832-737-896-772-979-299-798-981-449-289-358-889-626-774-901-566-911-443-910-724-501-657-132-217\/?occurrence=2026-04-29\" target=\"_self\" rel=\"noopener\">Taniec ludowy -grupa I (grupa pocz\u0105tkuj\u0105ca)\/ dla dzieci \/ 7-9 lat \/zaj\u0119cia sta\u0142e IV<\/a><span class=\"event-color\" style=\"background: #fdd700\"><\/span><\/h4><div class=\"mec-event-detail\">\r\n                        <div class=\"mec-event-loc-place\">MSK: Harnam, Harnam Centre<\/div>\r\n                        \r\n                    <\/div><\/div><div style=\"clear:both\"><\/div><\/article><article class=\"mec-event-article\"><div class=\"mec-event-image\"><img loading=\"lazy\" decoding=\"async\" width=\"300\" height=\"300\" data-src=\"https:\/\/msk.lodz.pl\/wp-content\/uploads\/2024\/07\/7-300x300.png\" class=\"attachment-thumblist size-thumblist wp-post-image lazyload\" alt=\"\" data-mec-postid=\"56966\" src=\"data:image\/gif;base64,R0lGODlhAQABAAAAACH5BAEKAAEALAAAAAABAAEAAAICTAEAOw==\" style=\"--smush-placeholder-width: 300px; --smush-placeholder-aspect-ratio: 300\/300;\" \/><noscript><img loading=\"lazy\" decoding=\"async\" width=\"300\" height=\"300\" data-src=\"https:\/\/msk.lodz.pl\/wp-content\/uploads\/2024\/07\/7-300x300.png\" class=\"attachment-thumblist size-thumblist wp-post-image lazyload\" alt=\"\" data-mec-postid=\"56966\" src=\"data:image\/gif;base64,R0lGODlhAQABAAAAACH5BAEKAAEALAAAAAABAAEAAAICTAEAOw==\" style=\"--smush-placeholder-width: 300px; --smush-placeholder-aspect-ratio: 300\/300;\" \/><noscript><img loading=\"lazy\" decoding=\"async\" width=\"300\" height=\"300\" src=\"https:\/\/msk.lodz.pl\/wp-content\/uploads\/2024\/07\/7-300x300.png\" class=\"attachment-thumblist size-thumblist wp-post-image\" alt=\"\" data-mec-postid=\"56966\" \/><\/noscript><\/noscript><\/div><div class=\"mec-monthly-contents\" style=\"width: calc(100% - 85px)\"><div class=\"mec-event-time mec-color\"><i class=\"mec-sl-clock-o\"><\/i> 17:30 - 20:00<\/div><h4 class=\"mec-event-title\"><a class=\"mec-color-hover\" data-event-id=\"56966\" href=\"https:\/\/msk.lodz.pl\/en\/msk\/rytmika-a-dla-dzieci-4-6lat-zajecia-stale-ix-488-539-814-832-737-896-772-979-299-798-981-449-289-358-889-626-774-901-566-911-443-910-724-501-657-132-217-688-115-794-185-134-710-337-954-306-413-730-11\/?occurrence=2026-04-29\" target=\"_self\" rel=\"noopener\">Grupa M\u0142odzie\u017cowa (grupa zaawansowana posiadaj\u0105ca podstawy ta\u0144ca i \u015bpiewu)\/ dla m\u0142odzie\u017cy \/ 14 lat &#8211;   \/ zaj\u0119cia sta\u0142e IV<\/a><span class=\"event-color\" style=\"background: #fdd700\"><\/span><\/h4><div class=\"mec-event-detail\">\r\n                        <div class=\"mec-event-loc-place\">MSK: Harnam, Harnam Centre<\/div>\r\n                        \r\n                    <\/div><\/div><div style=\"clear:both\"><\/div><\/article><article class=\"mec-event-article\"><div class=\"mec-event-image\"><img loading=\"lazy\" decoding=\"async\" width=\"300\" height=\"300\" data-src=\"https:\/\/msk.lodz.pl\/wp-content\/uploads\/2024\/08\/Kopia-Kopia-Kopia-34-300x300.png\" class=\"attachment-thumblist size-thumblist wp-post-image lazyload\" alt=\"\" data-mec-postid=\"145940\" src=\"data:image\/gif;base64,R0lGODlhAQABAAAAACH5BAEKAAEALAAAAAABAAEAAAICTAEAOw==\" style=\"--smush-placeholder-width: 300px; --smush-placeholder-aspect-ratio: 300\/300;\" \/><noscript><img loading=\"lazy\" decoding=\"async\" width=\"300\" height=\"300\" src=\"https:\/\/msk.lodz.pl\/wp-content\/uploads\/2024\/08\/Kopia-Kopia-Kopia-34-300x300.png\" class=\"attachment-thumblist size-thumblist wp-post-image\" alt=\"\" data-mec-postid=\"145940\" \/><\/noscript><\/div><div class=\"mec-monthly-contents\" style=\"width: calc(100% - 85px)\"><div class=\"mec-event-time mec-color\"><i class=\"mec-sl-clock-o\"><\/i> 17:45 - 18:45<\/div><h4 class=\"mec-event-title\"><a class=\"mec-color-hover\" data-event-id=\"145940\" href=\"https:\/\/msk.lodz.pl\/en\/msk\/jezyk-angielski-dla-dzieci-8-9-lat-zajecia-stale-pazdziernik-2025-275-204-831-531-783-928-316\/?occurrence=2026-04-29\" target=\"_self\" rel=\"noopener\">J\u0118ZYK ANGIELSKI DLA DZIECI (8-9 lat)\/\/ZAJ\u0118CIA STA\u0141E\/\/KWIECIE\u0143 2026<\/a><\/h4><div class=\"mec-event-detail\">\r\n                        <div class=\"mec-event-loc-place\">MSK: \u017bubard\u017a, Cultural Education Centre on \u017bubardzka Street<\/div>\r\n                        \r\n                    <\/div><\/div><div style=\"clear:both\"><\/div><\/article><article class=\"mec-event-article\"><div class=\"mec-event-image\"><img loading=\"lazy\" decoding=\"async\" width=\"300\" height=\"300\" data-src=\"https:\/\/msk.lodz.pl\/wp-content\/uploads\/2025\/09\/Pracownia-Plastyczna-Z-grupai-II-300x300.jpg\" class=\"attachment-thumblist size-thumblist wp-post-image lazyload\" alt=\"\" data-mec-postid=\"145945\" src=\"data:image\/gif;base64,R0lGODlhAQABAAAAACH5BAEKAAEALAAAAAABAAEAAAICTAEAOw==\" style=\"--smush-placeholder-width: 300px; --smush-placeholder-aspect-ratio: 300\/300;\" \/><noscript><img loading=\"lazy\" decoding=\"async\" width=\"300\" height=\"300\" src=\"https:\/\/msk.lodz.pl\/wp-content\/uploads\/2025\/09\/Pracownia-Plastyczna-Z-grupai-II-300x300.jpg\" class=\"attachment-thumblist size-thumblist wp-post-image\" alt=\"\" data-mec-postid=\"145945\" \/><\/noscript><\/div><div class=\"mec-monthly-contents\" style=\"width: calc(100% - 85px)\"><div class=\"mec-event-time mec-color\"><i class=\"mec-sl-clock-o\"><\/i> 17:45 - 19:15<\/div><h4 class=\"mec-event-title\"><a class=\"mec-color-hover\" data-event-id=\"145945\" href=\"https:\/\/msk.lodz.pl\/en\/msk\/pracownia-plastyczna-z-grupa-ii9-10lat-zajecia-stale-pazdziernik-2025-587-921-764-340-764-166\/?occurrence=2026-04-29\" target=\"_self\" rel=\"noopener\">PRACOWNIA PLASTYCZNA &#8222;\u017b&#8221;\/\/GRUPA II(12-13)LAT\/\/ZAJ\u0118CIA STA\u0141E\/\/KWIECIE\u0143 2026<\/a><span class=\"event-color\" style=\"background: #a3b745\"><\/span><\/h4><div class=\"mec-event-detail\">\r\n                        <div class=\"mec-event-loc-place\">MSK: \u017bubard\u017a, Cultural Education Centre on \u017bubardzka Street<\/div>\r\n                        \r\n                    <\/div><\/div><div style=\"clear:both\"><\/div><\/article><article class=\"mec-event-article\"><div class=\"mec-event-image\"><img loading=\"lazy\" decoding=\"async\" width=\"300\" height=\"300\" data-src=\"https:\/\/msk.lodz.pl\/wp-content\/uploads\/2024\/07\/harnam-www-zdjecia-1-300x300.png\" class=\"attachment-thumblist size-thumblist wp-post-image lazyload\" alt=\"\" data-mec-postid=\"56893\" src=\"data:image\/gif;base64,R0lGODlhAQABAAAAACH5BAEKAAEALAAAAAABAAEAAAICTAEAOw==\" style=\"--smush-placeholder-width: 300px; --smush-placeholder-aspect-ratio: 300\/300;\" \/><noscript><img loading=\"lazy\" decoding=\"async\" width=\"300\" height=\"300\" data-src=\"https:\/\/msk.lodz.pl\/wp-content\/uploads\/2024\/07\/harnam-www-zdjecia-1-300x300.png\" class=\"attachment-thumblist size-thumblist wp-post-image lazyload\" alt=\"\" data-mec-postid=\"56893\" src=\"data:image\/gif;base64,R0lGODlhAQABAAAAACH5BAEKAAEALAAAAAABAAEAAAICTAEAOw==\" style=\"--smush-placeholder-width: 300px; --smush-placeholder-aspect-ratio: 300\/300;\" \/><noscript><img loading=\"lazy\" decoding=\"async\" width=\"300\" height=\"300\" src=\"https:\/\/msk.lodz.pl\/wp-content\/uploads\/2024\/07\/harnam-www-zdjecia-1-300x300.png\" class=\"attachment-thumblist size-thumblist wp-post-image\" alt=\"\" data-mec-postid=\"56893\" \/><\/noscript><\/noscript><\/div><div class=\"mec-monthly-contents\" style=\"width: calc(100% - 85px)\"><div class=\"mec-event-time mec-color\"><i class=\"mec-sl-clock-o\"><\/i> 18:00 - 18:45<\/div><h4 class=\"mec-event-title\"><a class=\"mec-color-hover\" data-event-id=\"56893\" href=\"https:\/\/msk.lodz.pl\/en\/msk\/rytmika-a-dla-dzieci-4-6lat-zajecia-stale-ix-488-539-814-832-737-896-772-979-299-798-981-449-289-358-889-626-774\/?occurrence=2026-04-29\" target=\"_self\" rel=\"noopener\">Rytmika B \/ dla dzieci \/ 4-6lat \/zaj\u0119cia sta\u0142e IV<\/a><span class=\"event-color\" style=\"background: #fdd700\"><\/span><\/h4><div class=\"mec-event-detail\">\r\n                        <div class=\"mec-event-loc-place\">MSK: Harnam, Harnam Centre<\/div>\r\n                        \r\n                    <\/div><\/div><div style=\"clear:both\"><\/div><\/article><article class=\"mec-event-article\"><div class=\"mec-event-image\"><img loading=\"lazy\" decoding=\"async\" width=\"300\" height=\"300\" data-src=\"https:\/\/msk.lodz.pl\/wp-content\/uploads\/2024\/11\/8-300x300.jpg\" class=\"attachment-thumblist size-thumblist wp-post-image lazyload\" alt=\"\" data-mec-postid=\"143386\" src=\"data:image\/gif;base64,R0lGODlhAQABAAAAACH5BAEKAAEALAAAAAABAAEAAAICTAEAOw==\" style=\"--smush-placeholder-width: 300px; --smush-placeholder-aspect-ratio: 300\/300;\" \/><noscript><img loading=\"lazy\" decoding=\"async\" width=\"300\" height=\"300\" data-src=\"https:\/\/msk.lodz.pl\/wp-content\/uploads\/2024\/11\/8-300x300.jpg\" class=\"attachment-thumblist size-thumblist wp-post-image lazyload\" alt=\"\" data-mec-postid=\"143386\" src=\"data:image\/gif;base64,R0lGODlhAQABAAAAACH5BAEKAAEALAAAAAABAAEAAAICTAEAOw==\" style=\"--smush-placeholder-width: 300px; --smush-placeholder-aspect-ratio: 300\/300;\" \/><noscript><img loading=\"lazy\" decoding=\"async\" width=\"300\" height=\"300\" src=\"https:\/\/msk.lodz.pl\/wp-content\/uploads\/2024\/11\/8-300x300.jpg\" class=\"attachment-thumblist size-thumblist wp-post-image\" alt=\"\" data-mec-postid=\"143386\" \/><\/noscript><\/noscript><\/div><div class=\"mec-monthly-contents\" style=\"width: calc(100% - 85px)\"><div class=\"mec-event-time mec-color\"><i class=\"mec-sl-clock-o\"><\/i> 18:00 - 19:00<\/div><h4 class=\"mec-event-title\"><a class=\"mec-color-hover\" data-event-id=\"143386\" href=\"https:\/\/msk.lodz.pl\/en\/msk\/taniec-wspolczesny-grupa-i-zajecia-stale-888-731-927-700-677-231-745-828-464-838-950-759-995-421\/?occurrence=2026-04-29\" target=\"_self\" rel=\"noopener\">Taniec wsp\u00f3\u0142czesny gr. II (8 &#8211; 15 lat) \/\/ zaj\u0119cia sta\u0142e \/\/ IV 2026 (poniedzia\u0142ki, \u015brody)<\/a><span class=\"event-color\" style=\"background: #fdd700\"><\/span><\/h4><div class=\"mec-event-detail\">\r\n                        <div class=\"mec-event-loc-place\">MSK: Widzew Wsch\u00f3d, Dom Kultury \"502\"<\/div>\r\n                        \r\n                    <\/div><\/div><div style=\"clear:both\"><\/div><\/article><article class=\"mec-event-article\"><div class=\"mec-event-image\"><img loading=\"lazy\" decoding=\"async\" width=\"300\" height=\"300\" data-src=\"https:\/\/msk.lodz.pl\/wp-content\/uploads\/2023\/10\/7-1-300x300.jpg\" class=\"attachment-thumblist size-thumblist wp-post-image lazyload\" alt=\"\" data-mec-postid=\"143387\" src=\"data:image\/gif;base64,R0lGODlhAQABAAAAACH5BAEKAAEALAAAAAABAAEAAAICTAEAOw==\" style=\"--smush-placeholder-width: 300px; --smush-placeholder-aspect-ratio: 300\/300;\" \/><noscript><img loading=\"lazy\" decoding=\"async\" width=\"300\" height=\"300\" data-src=\"https:\/\/msk.lodz.pl\/wp-content\/uploads\/2023\/10\/7-1-300x300.jpg\" class=\"attachment-thumblist size-thumblist wp-post-image lazyload\" alt=\"\" data-mec-postid=\"143387\" src=\"data:image\/gif;base64,R0lGODlhAQABAAAAACH5BAEKAAEALAAAAAABAAEAAAICTAEAOw==\" style=\"--smush-placeholder-width: 300px; --smush-placeholder-aspect-ratio: 300\/300;\" \/><noscript><img loading=\"lazy\" decoding=\"async\" width=\"300\" height=\"300\" src=\"https:\/\/msk.lodz.pl\/wp-content\/uploads\/2023\/10\/7-1-300x300.jpg\" class=\"attachment-thumblist size-thumblist wp-post-image\" alt=\"\" data-mec-postid=\"143387\" \/><\/noscript><\/noscript><\/div><div class=\"mec-monthly-contents\" style=\"width: calc(100% - 85px)\"><div class=\"mec-event-time mec-color\"><i class=\"mec-sl-clock-o\"><\/i> 18:00 - 19:00<\/div><h4 class=\"mec-event-title\"><a class=\"mec-color-hover\" data-event-id=\"143387\" href=\"https:\/\/msk.lodz.pl\/en\/msk\/capoeira-dla-dzieci-265-897-330-280-652-164-376-592-794-349-619-759-801-260-616-511\/?occurrence=2026-04-29\" target=\"_self\" rel=\"noopener\">Capoeira dla dzieci \/\/ zaj\u0119cia sta\u0142e \/\/ IV 2026<\/a><span class=\"event-color\" style=\"background: #fdd700\"><\/span><\/h4><div class=\"mec-event-detail\">\r\n                        <div class=\"mec-event-loc-place\">MSK: Widzew Wsch\u00f3d, Dom Kultury \"502\"<\/div>\r\n                        \r\n                    <\/div><\/div><div style=\"clear:both\"><\/div><\/article><article class=\"mec-event-article\"><div class=\"mec-event-image\"><img loading=\"lazy\" decoding=\"async\" width=\"300\" height=\"300\" data-src=\"https:\/\/msk.lodz.pl\/wp-content\/uploads\/2024\/09\/6-1-300x300.jpg\" class=\"attachment-thumblist size-thumblist wp-post-image lazyload\" alt=\"\" data-mec-postid=\"143455\" src=\"data:image\/gif;base64,R0lGODlhAQABAAAAACH5BAEKAAEALAAAAAABAAEAAAICTAEAOw==\" style=\"--smush-placeholder-width: 300px; --smush-placeholder-aspect-ratio: 300\/300;\" \/><noscript><img loading=\"lazy\" decoding=\"async\" width=\"300\" height=\"300\" src=\"https:\/\/msk.lodz.pl\/wp-content\/uploads\/2024\/09\/6-1-300x300.jpg\" class=\"attachment-thumblist size-thumblist wp-post-image\" alt=\"\" data-mec-postid=\"143455\" \/><\/noscript><\/div><div class=\"mec-monthly-contents\" style=\"width: calc(100% - 85px)\"><div class=\"mec-event-time mec-color\"><i class=\"mec-sl-clock-o\"><\/i> 18:00 - 19:45<\/div><h4 class=\"mec-event-title\"><a class=\"mec-color-hover\" data-event-id=\"143455\" href=\"https:\/\/msk.lodz.pl\/en\/msk\/studio-plastyczne-plama-powyzej-14-lat-zajecia-stale-105-156-494-156-323-517-129-149-193-550-709-860-423-899-389-998-676-215-482-956-357-228-738-883-881\/?occurrence=2026-04-29\" target=\"_self\" rel=\"noopener\">Studio Plastyczne &#8222;Plama&#8221; (11 &#8211; 17 lat) \/\/ zaj\u0119cia sta\u0142e \/\/ IV 2026<\/a><span class=\"event-color\" style=\"background: #fdd700\"><\/span><\/h4><div class=\"mec-event-detail\">\r\n                        <div class=\"mec-event-loc-place\">MSK: Widzew Wsch\u00f3d, Dom Kultury \"502\"<\/div>\r\n                        \r\n                    <\/div><\/div><div style=\"clear:both\"><\/div><\/article><article class=\"mec-event-article\"><div class=\"mec-event-image\"><img loading=\"lazy\" decoding=\"async\" width=\"300\" height=\"300\" data-src=\"https:\/\/msk.lodz.pl\/wp-content\/uploads\/2024\/09\/2-2-300x300.jpg\" class=\"attachment-thumblist size-thumblist wp-post-image lazyload\" alt=\"\" data-mec-postid=\"143459\" src=\"data:image\/gif;base64,R0lGODlhAQABAAAAACH5BAEKAAEALAAAAAABAAEAAAICTAEAOw==\" style=\"--smush-placeholder-width: 300px; --smush-placeholder-aspect-ratio: 300\/300;\" \/><noscript><img loading=\"lazy\" decoding=\"async\" width=\"300\" height=\"300\" src=\"https:\/\/msk.lodz.pl\/wp-content\/uploads\/2024\/09\/2-2-300x300.jpg\" class=\"attachment-thumblist size-thumblist wp-post-image\" alt=\"\" data-mec-postid=\"143459\" \/><\/noscript><\/div><div class=\"mec-monthly-contents\" style=\"width: calc(100% - 85px)\"><div class=\"mec-event-time mec-color\"><i class=\"mec-sl-clock-o\"><\/i> 18:00 - 21:00<\/div><h4 class=\"mec-event-title\"><a class=\"mec-color-hover\" data-event-id=\"143459\" href=\"https:\/\/msk.lodz.pl\/en\/msk\/707-736-807-327-113-243-596-697-405-408-630-798-627-283-671-909-695-929-625-669-573\/?occurrence=2026-04-29\" target=\"_self\" rel=\"noopener\">Teatr \u201e502\u201d\/\/ zaj\u0119cia sta\u0142e \/\/ IV 2026<\/a><span class=\"event-color\" style=\"background: #fdd700\"><\/span><\/h4><div class=\"mec-event-detail\">\r\n                        <div class=\"mec-event-loc-place\">MSK: Widzew Wsch\u00f3d, Dom Kultury \"502\"<\/div>\r\n                        \r\n                    <\/div><\/div><div style=\"clear:both\"><\/div><\/article><article class=\"mec-event-article\"><div class=\"mec-event-image\"><img loading=\"lazy\" decoding=\"async\" width=\"300\" height=\"300\" data-src=\"https:\/\/msk.lodz.pl\/wp-content\/uploads\/2023\/07\/www-19-1-300x300.png\" class=\"attachment-thumblist size-thumblist wp-post-image lazyload\" alt=\"\" data-mec-postid=\"144762\" src=\"data:image\/gif;base64,R0lGODlhAQABAAAAACH5BAEKAAEALAAAAAABAAEAAAICTAEAOw==\" style=\"--smush-placeholder-width: 300px; --smush-placeholder-aspect-ratio: 300\/300;\" \/><noscript><img loading=\"lazy\" decoding=\"async\" width=\"300\" height=\"300\" src=\"https:\/\/msk.lodz.pl\/wp-content\/uploads\/2023\/07\/www-19-1-300x300.png\" class=\"attachment-thumblist size-thumblist wp-post-image\" alt=\"\" data-mec-postid=\"144762\" \/><\/noscript><\/div><div class=\"mec-monthly-contents\" style=\"width: calc(100% - 85px)\"><div class=\"mec-event-time mec-color\"><i class=\"mec-sl-clock-o\"><\/i> 18:00 - 19:00<\/div><h4 class=\"mec-event-title\"><a class=\"mec-color-hover\" data-event-id=\"144762\" href=\"https:\/\/msk.lodz.pl\/en\/msk\/zajecia-taneczne-dla-dzieci-grupa-i-zajecia-stale-i-664-860-898-535-111-374-717-804-464-257-313\/?occurrence=2026-04-29\" target=\"_self\" rel=\"noopener\">Mix taneczny dla dzieci (grupa 9+) \/\/ D\u0105browa \/\/ zaj\u0119cia sta\u0142e \/\/ kwiecie\u0144 2026<\/a><\/h4><div class=\"mec-event-detail\">\r\n                        <div class=\"mec-event-loc-place\">MSK: D\u0105browa, Klub D\u0105browa<\/div>\r\n                        \r\n                    <\/div><\/div><div style=\"clear:both\"><\/div><\/article><article class=\"mec-event-article\"><div class=\"mec-event-image\"><img loading=\"lazy\" decoding=\"async\" width=\"300\" height=\"300\" data-src=\"https:\/\/msk.lodz.pl\/wp-content\/uploads\/2024\/07\/9-300x300.png\" class=\"attachment-thumblist size-thumblist wp-post-image lazyload\" alt=\"\" data-mec-postid=\"57001\" src=\"data:image\/gif;base64,R0lGODlhAQABAAAAACH5BAEKAAEALAAAAAABAAEAAAICTAEAOw==\" style=\"--smush-placeholder-width: 300px; --smush-placeholder-aspect-ratio: 300\/300;\" \/><noscript><img loading=\"lazy\" decoding=\"async\" width=\"300\" height=\"300\" data-src=\"https:\/\/msk.lodz.pl\/wp-content\/uploads\/2024\/07\/9-300x300.png\" class=\"attachment-thumblist size-thumblist wp-post-image lazyload\" alt=\"\" data-mec-postid=\"57001\" src=\"data:image\/gif;base64,R0lGODlhAQABAAAAACH5BAEKAAEALAAAAAABAAEAAAICTAEAOw==\" style=\"--smush-placeholder-width: 300px; --smush-placeholder-aspect-ratio: 300\/300;\" \/><noscript><img loading=\"lazy\" decoding=\"async\" width=\"300\" height=\"300\" src=\"https:\/\/msk.lodz.pl\/wp-content\/uploads\/2024\/07\/9-300x300.png\" class=\"attachment-thumblist size-thumblist wp-post-image\" alt=\"\" data-mec-postid=\"57001\" \/><\/noscript><\/noscript><\/div><div class=\"mec-monthly-contents\" style=\"width: calc(100% - 85px)\"><div class=\"mec-event-time mec-color\"><i class=\"mec-sl-clock-o\"><\/i> 18:15 - 19:45<\/div><h4 class=\"mec-event-title\"><a class=\"mec-color-hover\" data-event-id=\"57001\" href=\"https:\/\/msk.lodz.pl\/en\/msk\/rytmika-a-dla-dzieci-4-6lat-zajecia-stale-ix-488-539-814-832-737-896-772-979-299-798-981-449-289-358-889-626-774-901-566-911-443-910-724-501-657-132-217-688-115-794-185-134-710-337-954-306-413-730-3-4\/?occurrence=2026-04-29\" target=\"_self\" rel=\"noopener\">Taniec -Seniorzy  \/ dla doros\u0142ych \/ 40 lat  &#8211;  \/ zaj\u0119cia sta\u0142e IV<\/a><span class=\"event-color\" style=\"background: #fdd700\"><\/span><\/h4><div class=\"mec-event-detail\">\r\n                        <div class=\"mec-event-loc-place\">MSK: Harnam, Harnam Centre<\/div>\r\n                        \r\n                    <\/div><\/div><div style=\"clear:both\"><\/div><\/article><article class=\"mec-event-article\"><div class=\"mec-event-image\"><img loading=\"lazy\" decoding=\"async\" width=\"300\" height=\"300\" data-src=\"https:\/\/msk.lodz.pl\/wp-content\/uploads\/2025\/09\/SZABLON-NA-WWW-2-300x300.png\" class=\"attachment-thumblist size-thumblist wp-post-image lazyload\" alt=\"\" data-mec-postid=\"144767\" src=\"data:image\/gif;base64,R0lGODlhAQABAAAAACH5BAEKAAEALAAAAAABAAEAAAICTAEAOw==\" style=\"--smush-placeholder-width: 300px; --smush-placeholder-aspect-ratio: 300\/300;\" \/><noscript><img loading=\"lazy\" decoding=\"async\" width=\"300\" height=\"300\" src=\"https:\/\/msk.lodz.pl\/wp-content\/uploads\/2025\/09\/SZABLON-NA-WWW-2-300x300.png\" class=\"attachment-thumblist size-thumblist wp-post-image\" alt=\"\" data-mec-postid=\"144767\" \/><\/noscript><\/div><div class=\"mec-monthly-contents\" style=\"width: calc(100% - 85px)\"><div class=\"mec-event-time mec-color\"><i class=\"mec-sl-clock-o\"><\/i> 18:15 - 19:15<\/div><h4 class=\"mec-event-title\"><a class=\"mec-color-hover\" data-event-id=\"144767\" href=\"https:\/\/msk.lodz.pl\/en\/msk\/taniec-modern-jazz-dzieci-9-zajecia-stale-pazdziernik-2025-909-938-521-153-452\/?occurrence=2026-04-29\" target=\"_self\" rel=\"noopener\">Taniec. Modern\/Jazz \/\/ dzieci 9+ \/\/ zaj\u0119cia sta\u0142e \/\/ D\u0105browa \/\/ kwiecie\u0144 2026<\/a><span class=\"event-color\" style=\"background: #4153f2\"><\/span><\/h4><div class=\"mec-event-detail\">\r\n                        <div class=\"mec-event-loc-place\">MSK: D\u0105browa, Klub D\u0105browa<\/div>\r\n                        \r\n                    <\/div><\/div><div style=\"clear:both\"><\/div><\/article><article class=\"mec-event-article\"><div class=\"mec-event-image\"><img loading=\"lazy\" decoding=\"async\" width=\"300\" height=\"300\" data-src=\"https:\/\/msk.lodz.pl\/wp-content\/uploads\/2024\/08\/IMG_3425-1-zdjecie-choru-300x300.jpeg\" class=\"attachment-thumblist size-thumblist wp-post-image lazyload\" alt=\"\" data-mec-postid=\"59435\" src=\"data:image\/gif;base64,R0lGODlhAQABAAAAACH5BAEKAAEALAAAAAABAAEAAAICTAEAOw==\" style=\"--smush-placeholder-width: 300px; --smush-placeholder-aspect-ratio: 300\/300;\" \/><noscript><img loading=\"lazy\" decoding=\"async\" width=\"300\" height=\"300\" src=\"https:\/\/msk.lodz.pl\/wp-content\/uploads\/2024\/08\/IMG_3425-1-zdjecie-choru-300x300.jpeg\" class=\"attachment-thumblist size-thumblist wp-post-image\" alt=\"\" data-mec-postid=\"59435\" \/><\/noscript><\/div><div class=\"mec-monthly-contents\" style=\"width: calc(100% - 85px)\"><div class=\"mec-event-time mec-color\"><i class=\"mec-sl-clock-o\"><\/i> 18:30 - 20:30<\/div><h4 class=\"mec-event-title\"><a class=\"mec-color-hover\" data-event-id=\"59435\" href=\"https:\/\/msk.lodz.pl\/en\/msk\/chor-clil-zajecia-stale-738-763\/?occurrence=2026-04-29\" target=\"_self\" rel=\"noopener\">Ch\u00f3r Clil \/\/ zaj\u0119cia sta\u0142e<\/a><\/h4><div class=\"mec-event-detail\">\r\n                        <div class=\"mec-event-loc-place\">MSK: Polesie, Art Centre<\/div>\r\n                        \r\n                    <\/div><\/div><div style=\"clear:both\"><\/div><\/article><article class=\"mec-event-article\"><div class=\"mec-event-image\"><img loading=\"lazy\" decoding=\"async\" width=\"300\" height=\"300\" data-src=\"https:\/\/msk.lodz.pl\/wp-content\/uploads\/2025\/08\/taniec-ludowy-1-300x300.png\" class=\"attachment-thumblist size-thumblist wp-post-image lazyload\" alt=\"\" data-mec-postid=\"108996\" src=\"data:image\/gif;base64,R0lGODlhAQABAAAAACH5BAEKAAEALAAAAAABAAEAAAICTAEAOw==\" style=\"--smush-placeholder-width: 300px; --smush-placeholder-aspect-ratio: 300\/300;\" \/><noscript><img loading=\"lazy\" decoding=\"async\" width=\"300\" height=\"300\" src=\"https:\/\/msk.lodz.pl\/wp-content\/uploads\/2025\/08\/taniec-ludowy-1-300x300.png\" class=\"attachment-thumblist size-thumblist wp-post-image\" alt=\"\" data-mec-postid=\"108996\" \/><\/noscript><\/div><div class=\"mec-monthly-contents\" style=\"width: calc(100% - 85px)\"><div class=\"mec-event-time mec-color\"><i class=\"mec-sl-clock-o\"><\/i> 18:30 - 20:15<\/div><h4 class=\"mec-event-title\"><a class=\"mec-color-hover\" data-event-id=\"108996\" href=\"https:\/\/msk.lodz.pl\/en\/msk\/taniec-ludowy-zespol-piesni-i-tanca-lodz-grupa-reprezentacyjna-zajecia-stale-sezon-2025-2026\/?occurrence=2026-04-29\" target=\"_self\" rel=\"noopener\">TANIEC LUDOWY \/\/ Zesp\u00f3\u0142 Pie\u015bni i Ta\u0144ca &#8222;\u0141\u00f3d\u017a&#8221; grupa reprezentacyjna \/\/ zaj\u0119cia sta\u0142e\/\/ sezon 2025-2026<\/a><span class=\"event-color\" style=\"background: #dd823b\"><\/span><\/h4><div class=\"mec-event-detail\">\r\n                        <div class=\"mec-event-loc-place\">MSK: Chojny, Youth Cultural Centre<\/div>\r\n                        \r\n                    <\/div><\/div><div style=\"clear:both\"><\/div><\/article><article class=\"mec-event-article\"><div class=\"mec-event-image\"><img loading=\"lazy\" decoding=\"async\" width=\"300\" height=\"300\" data-src=\"https:\/\/msk.lodz.pl\/wp-content\/uploads\/2023\/07\/Ariadance-300x300.png\" class=\"attachment-thumblist size-thumblist wp-post-image lazyload\" alt=\"Zdj\u0119cie przedstawia ta\u0144cz\u0105ce dzieci i m\u0142odzie\u017c.\" data-mec-postid=\"134687\" src=\"data:image\/gif;base64,R0lGODlhAQABAAAAACH5BAEKAAEALAAAAAABAAEAAAICTAEAOw==\" style=\"--smush-placeholder-width: 300px; --smush-placeholder-aspect-ratio: 300\/300;\" \/><noscript><img loading=\"lazy\" decoding=\"async\" width=\"300\" height=\"300\" src=\"https:\/\/msk.lodz.pl\/wp-content\/uploads\/2023\/07\/Ariadance-300x300.png\" class=\"attachment-thumblist size-thumblist wp-post-image\" alt=\"Zdj\u0119cie przedstawia ta\u0144cz\u0105ce dzieci i m\u0142odzie\u017c.\" data-mec-postid=\"134687\" \/><\/noscript><\/div><div class=\"mec-monthly-contents\" style=\"width: calc(100% - 85px)\"><div class=\"mec-event-time mec-color\"><i class=\"mec-sl-clock-o\"><\/i> 18:30 - 20:30<\/div><h4 class=\"mec-event-title\"><a class=\"mec-color-hover\" data-event-id=\"134687\" href=\"https:\/\/msk.lodz.pl\/en\/msk\/zespol-taneczny-ariadance-i-zajecia-stale-iv-3\/?occurrence=2026-04-29\" target=\"_self\" rel=\"noopener\">Zesp\u00f3\u0142 Taneczny Ariadance I \/\/ zaj\u0119cia sta\u0142e \/\/ IV<\/a><\/h4><div class=\"mec-event-detail\">\r\n                        <div class=\"mec-event-loc-place\">Liceum Og\u00f3lnokszta\u0142c\u0105ce nr XXIII im. ks. prof. J. Tischnera<\/div>\r\n                        \r\n                    <\/div><\/div><div style=\"clear:both\"><\/div><\/article><article class=\"mec-event-article\"><div class=\"mec-event-image\"><img loading=\"lazy\" decoding=\"async\" width=\"300\" height=\"300\" data-src=\"https:\/\/msk.lodz.pl\/wp-content\/uploads\/2025\/09\/joga-bez-barier-1424-x-1042-px-300x300.jpg\" class=\"attachment-thumblist size-thumblist wp-post-image lazyload\" alt=\"\" data-mec-postid=\"145265\" src=\"data:image\/gif;base64,R0lGODlhAQABAAAAACH5BAEKAAEALAAAAAABAAEAAAICTAEAOw==\" style=\"--smush-placeholder-width: 300px; --smush-placeholder-aspect-ratio: 300\/300;\" \/><noscript><img loading=\"lazy\" decoding=\"async\" width=\"300\" height=\"300\" src=\"https:\/\/msk.lodz.pl\/wp-content\/uploads\/2025\/09\/joga-bez-barier-1424-x-1042-px-300x300.jpg\" class=\"attachment-thumblist size-thumblist wp-post-image\" alt=\"\" data-mec-postid=\"145265\" \/><\/noscript><\/div><div class=\"mec-monthly-contents\" style=\"width: calc(100% - 85px)\"><div class=\"mec-event-time mec-color\"><i class=\"mec-sl-clock-o\"><\/i> 18:30 - 20:00<\/div><h4 class=\"mec-event-title\"><a class=\"mec-color-hover\" data-event-id=\"145265\" href=\"https:\/\/msk.lodz.pl\/en\/msk\/joga-bez-barier-420-377-164-283-443-687-798\/?occurrence=2026-04-29\" target=\"_self\" rel=\"noopener\">Joga dla kr\u0119gos\u0142upa \/\/ zaj\u0119cia sta\u0142e \/\/ kwiecie\u0144 2026<\/a> <span class=\"mec-event-title-soldout\"><span class=\"soldout\">Sold Out<\/span><\/span> <\/h4><div class=\"mec-event-detail\">\r\n                        <div class=\"mec-event-loc-place\">MSK: \u017babieniec, RONDO Animation and Revitalisation Centre<\/div>\r\n                        \r\n                    <\/div><\/div><div style=\"clear:both\"><\/div><\/article><article class=\"mec-event-article\"><div class=\"mec-event-image\"><img loading=\"lazy\" decoding=\"async\" width=\"300\" height=\"300\" data-src=\"https:\/\/msk.lodz.pl\/wp-content\/uploads\/2024\/07\/6-300x300.png\" class=\"attachment-thumblist size-thumblist wp-post-image lazyload\" alt=\"\" data-mec-postid=\"56978\" src=\"data:image\/gif;base64,R0lGODlhAQABAAAAACH5BAEKAAEALAAAAAABAAEAAAICTAEAOw==\" style=\"--smush-placeholder-width: 300px; --smush-placeholder-aspect-ratio: 300\/300;\" \/><noscript><img loading=\"lazy\" decoding=\"async\" width=\"300\" height=\"300\" data-src=\"https:\/\/msk.lodz.pl\/wp-content\/uploads\/2024\/07\/6-300x300.png\" class=\"attachment-thumblist size-thumblist wp-post-image lazyload\" alt=\"\" data-mec-postid=\"56978\" src=\"data:image\/gif;base64,R0lGODlhAQABAAAAACH5BAEKAAEALAAAAAABAAEAAAICTAEAOw==\" style=\"--smush-placeholder-width: 300px; --smush-placeholder-aspect-ratio: 300\/300;\" \/><noscript><img loading=\"lazy\" decoding=\"async\" width=\"300\" height=\"300\" src=\"https:\/\/msk.lodz.pl\/wp-content\/uploads\/2024\/07\/6-300x300.png\" class=\"attachment-thumblist size-thumblist wp-post-image\" alt=\"\" data-mec-postid=\"56978\" \/><\/noscript><\/noscript><\/div><div class=\"mec-monthly-contents\" style=\"width: calc(100% - 85px)\"><div class=\"mec-event-time mec-color\"><i class=\"mec-sl-clock-o\"><\/i> 19:00 - 22:00<\/div><h4 class=\"mec-event-title\"><a class=\"mec-color-hover\" data-event-id=\"56978\" href=\"https:\/\/msk.lodz.pl\/en\/msk\/rytmika-a-dla-dzieci-4-6lat-zajecia-stale-ix-488-539-814-832-737-896-772-979-299-798-981-449-289-358-889-626-774-901-566-911-443-910-724-501-657-132-217-688-115-794-185-134-710-337-954-306-413-730-2-2\/?occurrence=2026-04-29\" target=\"_self\" rel=\"noopener\">Reprezentacja  (grupa zaawansowana posiadaj\u0105ca podstawy ta\u0144ca i \u015bpiewu)\/ dla m\u0142odzie\u017cy i doros\u0142ych \/ 16 -35 lat \/ zaj\u0119cia sta\u0142e IV<\/a><span class=\"event-color\" style=\"background: #fdd700\"><\/span><\/h4><div class=\"mec-event-detail\">\r\n                        <div class=\"mec-event-loc-place\">MSK: Harnam, Harnam Centre<\/div>\r\n                        \r\n                    <\/div><\/div><div style=\"clear:both\"><\/div><\/article><article class=\"mec-event-article\"><div class=\"mec-event-image\"><img loading=\"lazy\" decoding=\"async\" width=\"300\" height=\"300\" data-src=\"https:\/\/msk.lodz.pl\/wp-content\/uploads\/2025\/09\/Medley-Group-300x300.jpg\" class=\"attachment-thumblist size-thumblist wp-post-image lazyload\" alt=\"\" data-mec-postid=\"110732\" src=\"data:image\/gif;base64,R0lGODlhAQABAAAAACH5BAEKAAEALAAAAAABAAEAAAICTAEAOw==\" style=\"--smush-placeholder-width: 300px; --smush-placeholder-aspect-ratio: 300\/300;\" \/><noscript><img loading=\"lazy\" decoding=\"async\" width=\"300\" height=\"300\" src=\"https:\/\/msk.lodz.pl\/wp-content\/uploads\/2025\/09\/Medley-Group-300x300.jpg\" class=\"attachment-thumblist size-thumblist wp-post-image\" alt=\"\" data-mec-postid=\"110732\" \/><\/noscript><\/div><div class=\"mec-monthly-contents\" style=\"width: calc(100% - 85px)\"><div class=\"mec-event-time mec-color\"><i class=\"mec-sl-clock-o\"><\/i> 19:00 - 21:00<\/div><h4 class=\"mec-event-title\"><a class=\"mec-color-hover\" data-event-id=\"110732\" href=\"https:\/\/msk.lodz.pl\/en\/msk\/medley-group-wrzesien-2025\/?occurrence=2026-04-29\" target=\"_self\" rel=\"noopener\">MEDLEY GROUP\/\/ZAJ\u0118CIA STA\u0141E\/\/ 2025-2026<\/a><span class=\"event-color\" style=\"background: #a3b745\"><\/span><\/h4><div class=\"mec-event-detail\">\r\n                        <div class=\"mec-event-loc-place\">MSK: \u017bubard\u017a, Cultural Education Centre on \u017bubardzka Street<\/div>\r\n                        \r\n                    <\/div><\/div><div style=\"clear:both\"><\/div><\/article><article class=\"mec-event-article\"><div class=\"mec-event-image\"><img loading=\"lazy\" decoding=\"async\" width=\"300\" height=\"300\" data-src=\"https:\/\/msk.lodz.pl\/wp-content\/uploads\/2024\/08\/Kopia-Kopia-Kopia-37-300x300.png\" class=\"attachment-thumblist size-thumblist wp-post-image lazyload\" alt=\"\" data-mec-postid=\"145941\" src=\"data:image\/gif;base64,R0lGODlhAQABAAAAACH5BAEKAAEALAAAAAABAAEAAAICTAEAOw==\" style=\"--smush-placeholder-width: 300px; --smush-placeholder-aspect-ratio: 300\/300;\" \/><noscript><img loading=\"lazy\" decoding=\"async\" width=\"300\" height=\"300\" src=\"https:\/\/msk.lodz.pl\/wp-content\/uploads\/2024\/08\/Kopia-Kopia-Kopia-37-300x300.png\" class=\"attachment-thumblist size-thumblist wp-post-image\" alt=\"\" data-mec-postid=\"145941\" \/><\/noscript><\/div><div class=\"mec-monthly-contents\" style=\"width: calc(100% - 85px)\"><div class=\"mec-event-time mec-color\"><i class=\"mec-sl-clock-o\"><\/i> 19:00 - 20:35<\/div><h4 class=\"mec-event-title\"><a class=\"mec-color-hover\" data-event-id=\"145941\" href=\"https:\/\/msk.lodz.pl\/en\/msk\/jezyk-angielski-dla-doroslych-podstawowa-grupa-zajecia-stale-wrzesien-2025-853-407-229-661-963-324-871\/?occurrence=2026-04-29\" target=\"_self\" rel=\"noopener\">J\u0118ZYK ANGIELSKI DLA DOROS\u0141YCH\/\/PODSTAWOWA GRUPA\/\/ZAJ\u0118CIA STA\u0141E\/\/KWIECIE\u0143 2026<\/a><span class=\"event-color\" style=\"background: #dd823b\"><\/span><\/h4><div class=\"mec-event-detail\">\r\n                        <div class=\"mec-event-loc-place\">MSK: \u017bubard\u017a, Cultural Education Centre on \u017bubardzka Street<\/div>\r\n                        \r\n                    <\/div><\/div><div style=\"clear:both\"><\/div><\/article><article class=\"mec-event-article\"><div class=\"mec-event-image\"><img loading=\"lazy\" decoding=\"async\" width=\"300\" height=\"300\" data-src=\"https:\/\/msk.lodz.pl\/wp-content\/uploads\/2023\/10\/7-1-300x300.jpg\" class=\"attachment-thumblist size-thumblist wp-post-image lazyload\" alt=\"\" data-mec-postid=\"143389\" src=\"data:image\/gif;base64,R0lGODlhAQABAAAAACH5BAEKAAEALAAAAAABAAEAAAICTAEAOw==\" style=\"--smush-placeholder-width: 300px; --smush-placeholder-aspect-ratio: 300\/300;\" \/><noscript><img loading=\"lazy\" decoding=\"async\" width=\"300\" height=\"300\" data-src=\"https:\/\/msk.lodz.pl\/wp-content\/uploads\/2023\/10\/7-1-300x300.jpg\" class=\"attachment-thumblist size-thumblist wp-post-image lazyload\" alt=\"\" data-mec-postid=\"143389\" src=\"data:image\/gif;base64,R0lGODlhAQABAAAAACH5BAEKAAEALAAAAAABAAEAAAICTAEAOw==\" style=\"--smush-placeholder-width: 300px; --smush-placeholder-aspect-ratio: 300\/300;\" \/><noscript><img loading=\"lazy\" decoding=\"async\" width=\"300\" height=\"300\" src=\"https:\/\/msk.lodz.pl\/wp-content\/uploads\/2023\/10\/7-1-300x300.jpg\" class=\"attachment-thumblist size-thumblist wp-post-image\" alt=\"\" data-mec-postid=\"143389\" \/><\/noscript><\/noscript><\/div><div class=\"mec-monthly-contents\" style=\"width: calc(100% - 85px)\"><div class=\"mec-event-time mec-color\"><i class=\"mec-sl-clock-o\"><\/i> 19:15 - 20:45<\/div><h4 class=\"mec-event-title\"><a class=\"mec-color-hover\" data-event-id=\"143389\" href=\"https:\/\/msk.lodz.pl\/en\/msk\/capoeira-dla-mlodziezy-i-doroslych-356-688-999-888-131-188-542-883\/?occurrence=2026-04-29\" target=\"_self\" rel=\"noopener\">Capoeira dla m\u0142odzie\u017cy i doros\u0142ych \/\/ zaj\u0119cia sta\u0142e \/\/ IV 2026<\/a><span class=\"event-color\" style=\"background: #fdd700\"><\/span><\/h4><div class=\"mec-event-detail\">\r\n                        <div class=\"mec-event-loc-place\">MSK: Widzew Wsch\u00f3d, Dom Kultury \"502\"<\/div>\r\n                        \r\n                    <\/div><\/div><div style=\"clear:both\"><\/div><\/article><article class=\"mec-event-article\"><div class=\"mec-event-image\"><img loading=\"lazy\" decoding=\"async\" width=\"300\" height=\"300\" data-src=\"https:\/\/msk.lodz.pl\/wp-content\/uploads\/2025\/09\/AKROBATYKA-300x300.png\" class=\"attachment-thumblist size-thumblist wp-post-image lazyload\" alt=\"\" data-mec-postid=\"144780\" src=\"data:image\/gif;base64,R0lGODlhAQABAAAAACH5BAEKAAEALAAAAAABAAEAAAICTAEAOw==\" style=\"--smush-placeholder-width: 300px; --smush-placeholder-aspect-ratio: 300\/300;\" \/><noscript><img loading=\"lazy\" decoding=\"async\" width=\"300\" height=\"300\" src=\"https:\/\/msk.lodz.pl\/wp-content\/uploads\/2025\/09\/AKROBATYKA-300x300.png\" class=\"attachment-thumblist size-thumblist wp-post-image\" alt=\"\" data-mec-postid=\"144780\" \/><\/noscript><\/div><div class=\"mec-monthly-contents\" style=\"width: calc(100% - 85px)\"><div class=\"mec-event-time mec-color\"><i class=\"mec-sl-clock-o\"><\/i> 19:15 - 20:15<\/div><h4 class=\"mec-event-title\"><a class=\"mec-color-hover\" data-event-id=\"144780\" href=\"https:\/\/msk.lodz.pl\/en\/msk\/akrobatyka-dzieci-7-zajecia-stale-pazdziernik-2025-848-683-493-669-751\/?occurrence=2026-04-29\" target=\"_self\" rel=\"noopener\">Akrobatyka \/\/ dzieci 7+ \/\/ zaj\u0119cia sta\u0142e \/\/ D\u0105browa \/\/ kwiecie\u0144 2026<\/a><span class=\"event-color\" style=\"background: #fdd700\"><\/span><\/h4><div class=\"mec-event-detail\">\r\n                        <div class=\"mec-event-loc-place\">MSK: D\u0105browa, Klub D\u0105browa<\/div>\r\n                        \r\n                    <\/div><\/div><div style=\"clear:both\"><\/div><\/article><article class=\"mec-event-article\"><div class=\"mec-event-image\"><img loading=\"lazy\" decoding=\"async\" width=\"300\" height=\"300\" data-src=\"https:\/\/msk.lodz.pl\/wp-content\/uploads\/2025\/08\/rozmiar-grafiki-na-strone-grupy-zorganizowane-2-300x300.png\" class=\"attachment-thumblist size-thumblist wp-post-image lazyload\" alt=\"\" data-mec-postid=\"144322\" src=\"data:image\/gif;base64,R0lGODlhAQABAAAAACH5BAEKAAEALAAAAAABAAEAAAICTAEAOw==\" style=\"--smush-placeholder-width: 300px; --smush-placeholder-aspect-ratio: 300\/300;\" \/><noscript><img loading=\"lazy\" decoding=\"async\" width=\"300\" height=\"300\" src=\"https:\/\/msk.lodz.pl\/wp-content\/uploads\/2025\/08\/rozmiar-grafiki-na-strone-grupy-zorganizowane-2-300x300.png\" class=\"attachment-thumblist size-thumblist wp-post-image\" alt=\"\" data-mec-postid=\"144322\" \/><\/noscript><\/div><div class=\"mec-monthly-contents\" style=\"width: calc(100% - 85px)\"><div class=\"mec-event-time mec-color\"><i class=\"mec-sl-clock-o\"><\/i> 19:30 - 20:30<\/div><h4 class=\"mec-event-title\"><a class=\"mec-color-hover\" data-event-id=\"144322\" href=\"https:\/\/msk.lodz.pl\/en\/msk\/stretching-z-elementami-pilatesu-zajecia-stale-iv-26-wk\/?occurrence=2026-04-29\" target=\"_self\" rel=\"noopener\">STRETCHING Z ELEMENTAMI PILATESU \/\/ zaj\u0119cia sta\u0142e \/\/ IV 26 \/\/ wk<\/a><\/h4><div class=\"mec-event-detail\">\r\n                        <div class=\"mec-event-loc-place\">MSK: Radogoszcz, Island of Culture Centre<\/div>\r\n                        \r\n                    <\/div><\/div><div style=\"clear:both\"><\/div><\/article><article class=\"mec-event-article\"><div class=\"mec-event-image\"><img loading=\"lazy\" decoding=\"async\" width=\"300\" height=\"300\" data-src=\"https:\/\/msk.lodz.pl\/wp-content\/uploads\/2023\/07\/www-23-300x300.png\" class=\"attachment-thumblist size-thumblist wp-post-image lazyload\" alt=\"\" data-mec-postid=\"145675\" src=\"data:image\/gif;base64,R0lGODlhAQABAAAAACH5BAEKAAEALAAAAAABAAEAAAICTAEAOw==\" style=\"--smush-placeholder-width: 300px; --smush-placeholder-aspect-ratio: 300\/300;\" \/><noscript><img loading=\"lazy\" decoding=\"async\" width=\"300\" height=\"300\" data-src=\"https:\/\/msk.lodz.pl\/wp-content\/uploads\/2023\/07\/www-23-300x300.png\" class=\"attachment-thumblist size-thumblist wp-post-image lazyload\" alt=\"\" data-mec-postid=\"145675\" src=\"data:image\/gif;base64,R0lGODlhAQABAAAAACH5BAEKAAEALAAAAAABAAEAAAICTAEAOw==\" style=\"--smush-placeholder-width: 300px; --smush-placeholder-aspect-ratio: 300\/300;\" \/><noscript><img loading=\"lazy\" decoding=\"async\" width=\"300\" height=\"300\" src=\"https:\/\/msk.lodz.pl\/wp-content\/uploads\/2023\/07\/www-23-300x300.png\" class=\"attachment-thumblist size-thumblist wp-post-image\" alt=\"\" data-mec-postid=\"145675\" \/><\/noscript><\/noscript><\/div><div class=\"mec-monthly-contents\" style=\"width: calc(100% - 85px)\"><div class=\"mec-event-time mec-color\"><i class=\"mec-sl-clock-o\"><\/i> 19:30 - 20:30<\/div><h4 class=\"mec-event-title\"><a class=\"mec-color-hover\" data-event-id=\"145675\" href=\"https:\/\/msk.lodz.pl\/en\/msk\/body-dance-zajecia-ruchowo-taneczne-lutnia-zajecia-stale-iv-3\/?occurrence=2026-04-29\" target=\"_self\" rel=\"noopener\">Body DANCE &#8211; zaj\u0119cia ruchowo &#8211; taneczne LUTNIA \/\/ zaj\u0119cia sta\u0142e \/\/ IV<\/a><span class=\"event-color\" style=\"background: #00a0d2\"><\/span><\/h4><div class=\"mec-event-detail\">\r\n                        <div class=\"mec-event-loc-place\">MSK: Teofil\u00f3w, Lutnia Creative Centre<\/div>\r\n                        \r\n                    <\/div><\/div><div style=\"clear:both\"><\/div><\/article><article class=\"mec-event-article\"><div class=\"mec-event-image\"><img loading=\"lazy\" decoding=\"async\" width=\"300\" height=\"300\" data-src=\"https:\/\/msk.lodz.pl\/wp-content\/uploads\/2026\/03\/kobiety1-300x300.png\" class=\"attachment-thumblist size-thumblist wp-post-image lazyload\" alt=\"\" data-mec-postid=\"146967\" src=\"data:image\/gif;base64,R0lGODlhAQABAAAAACH5BAEKAAEALAAAAAABAAEAAAICTAEAOw==\" style=\"--smush-placeholder-width: 300px; --smush-placeholder-aspect-ratio: 300\/300;\" \/><noscript><img loading=\"lazy\" decoding=\"async\" width=\"300\" height=\"300\" data-src=\"https:\/\/msk.lodz.pl\/wp-content\/uploads\/2026\/03\/kobiety1-300x300.png\" class=\"attachment-thumblist size-thumblist wp-post-image lazyload\" alt=\"\" data-mec-postid=\"146967\" src=\"data:image\/gif;base64,R0lGODlhAQABAAAAACH5BAEKAAEALAAAAAABAAEAAAICTAEAOw==\" style=\"--smush-placeholder-width: 300px; --smush-placeholder-aspect-ratio: 300\/300;\" \/><noscript><img loading=\"lazy\" decoding=\"async\" width=\"300\" height=\"300\" data-src=\"https:\/\/msk.lodz.pl\/wp-content\/uploads\/2026\/03\/kobiety1-300x300.png\" class=\"attachment-thumblist size-thumblist wp-post-image lazyload\" alt=\"\" data-mec-postid=\"146967\" src=\"data:image\/gif;base64,R0lGODlhAQABAAAAACH5BAEKAAEALAAAAAABAAEAAAICTAEAOw==\" style=\"--smush-placeholder-width: 300px; --smush-placeholder-aspect-ratio: 300\/300;\" \/><noscript><img loading=\"lazy\" decoding=\"async\" width=\"300\" height=\"300\" data-src=\"https:\/\/msk.lodz.pl\/wp-content\/uploads\/2026\/03\/kobiety1-300x300.png\" class=\"attachment-thumblist size-thumblist wp-post-image lazyload\" alt=\"\" data-mec-postid=\"146967\" src=\"data:image\/gif;base64,R0lGODlhAQABAAAAACH5BAEKAAEALAAAAAABAAEAAAICTAEAOw==\" style=\"--smush-placeholder-width: 300px; --smush-placeholder-aspect-ratio: 300\/300;\" \/><noscript><img loading=\"lazy\" decoding=\"async\" width=\"300\" height=\"300\" data-src=\"https:\/\/msk.lodz.pl\/wp-content\/uploads\/2026\/03\/kobiety1-300x300.png\" class=\"attachment-thumblist size-thumblist wp-post-image lazyload\" alt=\"\" data-mec-postid=\"146967\" src=\"data:image\/gif;base64,R0lGODlhAQABAAAAACH5BAEKAAEALAAAAAABAAEAAAICTAEAOw==\" style=\"--smush-placeholder-width: 300px; --smush-placeholder-aspect-ratio: 300\/300;\" \/><noscript><img loading=\"lazy\" decoding=\"async\" width=\"300\" height=\"300\" src=\"https:\/\/msk.lodz.pl\/wp-content\/uploads\/2026\/03\/kobiety1-300x300.png\" class=\"attachment-thumblist size-thumblist wp-post-image\" alt=\"\" data-mec-postid=\"146967\" \/><\/noscript><\/noscript><\/noscript><\/noscript><\/noscript><\/div><div class=\"mec-monthly-contents\" style=\"width: calc(100% - 85px)\"><div class=\"mec-event-time mec-color\"><i class=\"mec-sl-clock-o\"><\/i> 23:00 - 23:55<\/div><h4 class=\"mec-event-title\"><a class=\"mec-color-hover\" data-event-id=\"146967\" href=\"https:\/\/msk.lodz.pl\/en\/msk\/kobiety-niezwykle-2026-zglos-swoja-kandydatke\/?occurrence=2026-04-29\" target=\"_self\" rel=\"noopener\">Kobiety Niezwyk\u0142e 2026 \u2013 Zg\u0142o\u015b swoj\u0105 kandydatk\u0119!<\/a><span class=\"event-color\" style=\"background: #30f2eb\"><\/span><\/h4><div class=\"mec-event-detail\">\r\n                        <div class=\"mec-event-loc-place\">MSK: D\u0105browa, Klub D\u0105browa<\/div>\r\n                        \r\n                    <\/div><\/div><div style=\"clear:both\"><\/div><\/article><\/div><div class=\"mec-calendar-events-sec\" id=\"mec-calendar-events-sec-11745-20260430\" data-mec-cell=\"20260430\" ><h6 class=\"mec-table-side-title\">Events for April<\/h6><h3 class=\"mec-color mec-table-side-day\"> 30<\/h3><article class=\"mec-event-article\"><div class=\"mec-event-image\"><img loading=\"lazy\" decoding=\"async\" width=\"300\" height=\"300\" data-src=\"https:\/\/msk.lodz.pl\/wp-content\/uploads\/2023\/07\/www-7-1-300x300.png\" class=\"attachment-thumblist size-thumblist wp-post-image lazyload\" alt=\"\" data-mec-postid=\"145366\" src=\"data:image\/gif;base64,R0lGODlhAQABAAAAACH5BAEKAAEALAAAAAABAAEAAAICTAEAOw==\" style=\"--smush-placeholder-width: 300px; --smush-placeholder-aspect-ratio: 300\/300;\" \/><noscript><img loading=\"lazy\" decoding=\"async\" width=\"300\" height=\"300\" src=\"https:\/\/msk.lodz.pl\/wp-content\/uploads\/2023\/07\/www-7-1-300x300.png\" class=\"attachment-thumblist size-thumblist wp-post-image\" alt=\"\" data-mec-postid=\"145366\" \/><\/noscript><\/div><div class=\"mec-monthly-contents\" style=\"width: calc(100% - 85px)\"><div class=\"mec-event-time mec-color\"><i class=\"mec-sl-clock-o\"><\/i> Ca\u0142y dzie\u0144<\/div><h4 class=\"mec-event-title\"><a class=\"mec-color-hover\" data-event-id=\"145366\" href=\"https:\/\/msk.lodz.pl\/en\/msk\/nauka-gry-na-instrumencie-zajecia-stale-iv-2\/?occurrence=2026-04-30\" target=\"_self\" rel=\"noopener\">Nauka gry na instrumencie \/\/ zaj\u0119cia sta\u0142e \/\/ IV<\/a><span class=\"event-color\" style=\"background: #dd823b\"><\/span><\/h4><div class=\"mec-event-detail\">\r\n                        <div class=\"mec-event-loc-place\">MSK: Olech\u00f3w - Strefa Kultury Otwartej<\/div>\r\n                        \r\n                    <\/div><\/div><div style=\"clear:both\"><\/div><\/article><article class=\"mec-event-article\"><div class=\"mec-event-image\"><img loading=\"lazy\" decoding=\"async\" width=\"300\" height=\"300\" data-src=\"https:\/\/msk.lodz.pl\/wp-content\/uploads\/2023\/07\/www-34-300x300.png\" class=\"attachment-thumblist size-thumblist wp-post-image lazyload\" alt=\"\" data-mec-postid=\"14156\" src=\"data:image\/gif;base64,R0lGODlhAQABAAAAACH5BAEKAAEALAAAAAABAAEAAAICTAEAOw==\" style=\"--smush-placeholder-width: 300px; --smush-placeholder-aspect-ratio: 300\/300;\" \/><noscript><img loading=\"lazy\" decoding=\"async\" width=\"300\" height=\"300\" data-src=\"https:\/\/msk.lodz.pl\/wp-content\/uploads\/2023\/07\/www-34-300x300.png\" class=\"attachment-thumblist size-thumblist wp-post-image lazyload\" alt=\"\" data-mec-postid=\"14156\" src=\"data:image\/gif;base64,R0lGODlhAQABAAAAACH5BAEKAAEALAAAAAABAAEAAAICTAEAOw==\" style=\"--smush-placeholder-width: 300px; --smush-placeholder-aspect-ratio: 300\/300;\" \/><noscript><img loading=\"lazy\" decoding=\"async\" width=\"300\" height=\"300\" src=\"https:\/\/msk.lodz.pl\/wp-content\/uploads\/2023\/07\/www-34-300x300.png\" class=\"attachment-thumblist size-thumblist wp-post-image\" alt=\"\" data-mec-postid=\"14156\" \/><\/noscript><\/noscript><\/div><div class=\"mec-monthly-contents\" style=\"width: calc(100% - 85px)\"><div class=\"mec-event-time mec-color\"><i class=\"mec-sl-clock-o\"><\/i> 09:00 - 14:00<\/div><h4 class=\"mec-event-title\"><a class=\"mec-color-hover\" data-event-id=\"14156\" href=\"https:\/\/msk.lodz.pl\/en\/msk\/klub-brydza\/?occurrence=2026-04-30\" target=\"_self\" rel=\"noopener\">Klub Bryd\u017ca dla senior\u00f3w<\/a><span class=\"event-color\" style=\"background: #fdd700\"><\/span><\/h4><div class=\"mec-event-detail\">\r\n                        <div class=\"mec-event-loc-place\">MSK: Polesie, Art Centre<\/div>\r\n                        \r\n                    <\/div><\/div><div style=\"clear:both\"><\/div><\/article><article class=\"mec-event-article\"><div class=\"mec-event-image\"><img loading=\"lazy\" decoding=\"async\" width=\"300\" height=\"300\" data-src=\"https:\/\/msk.lodz.pl\/wp-content\/uploads\/2023\/09\/brydz-300x300.jpg\" class=\"attachment-thumblist size-thumblist wp-post-image lazyload\" alt=\"\" data-mec-postid=\"145631\" src=\"data:image\/gif;base64,R0lGODlhAQABAAAAACH5BAEKAAEALAAAAAABAAEAAAICTAEAOw==\" style=\"--smush-placeholder-width: 300px; --smush-placeholder-aspect-ratio: 300\/300;\" \/><noscript><img loading=\"lazy\" decoding=\"async\" width=\"300\" height=\"300\" src=\"https:\/\/msk.lodz.pl\/wp-content\/uploads\/2023\/09\/brydz-300x300.jpg\" class=\"attachment-thumblist size-thumblist wp-post-image\" alt=\"\" data-mec-postid=\"145631\" \/><\/noscript><\/div><div class=\"mec-monthly-contents\" style=\"width: calc(100% - 85px)\"><div class=\"mec-event-time mec-color\"><i class=\"mec-sl-clock-o\"><\/i> 09:00 - 14:00<\/div><h4 class=\"mec-event-title\"><a class=\"mec-color-hover\" data-event-id=\"145631\" href=\"https:\/\/msk.lodz.pl\/en\/msk\/klub-brydzowy-na-gornej-grupa-ii-kwiecien-2026-886-727\/?occurrence=2026-04-30\" target=\"_self\" rel=\"noopener\">Klub bryd\u017cowy na G\u00f3rnej \/\/ grupa II \/\/ kwiecie\u0144 2026<\/a> <span class=\"mec-event-title-soldout\"><span class=\"soldout\">Sold Out<\/span><\/span> <span class=\"event-color\" style=\"background: #4153f2\"><\/span><\/h4><div class=\"mec-event-detail\">\r\n                        <div class=\"mec-event-loc-place\">MSK: Upper, Upper Centre<\/div>\r\n                        \r\n                    <\/div><\/div><div style=\"clear:both\"><\/div><\/article><article class=\"mec-event-article\"><div class=\"mec-event-image\"><img loading=\"lazy\" decoding=\"async\" width=\"300\" height=\"300\" data-src=\"https:\/\/msk.lodz.pl\/wp-content\/uploads\/2024\/09\/11-1-300x300.jpg\" class=\"attachment-thumblist size-thumblist wp-post-image lazyload\" alt=\"\" data-mec-postid=\"143078\" src=\"data:image\/gif;base64,R0lGODlhAQABAAAAACH5BAEKAAEALAAAAAABAAEAAAICTAEAOw==\" style=\"--smush-placeholder-width: 300px; --smush-placeholder-aspect-ratio: 300\/300;\" \/><noscript><img loading=\"lazy\" decoding=\"async\" width=\"300\" height=\"300\" data-src=\"https:\/\/msk.lodz.pl\/wp-content\/uploads\/2024\/09\/11-1-300x300.jpg\" class=\"attachment-thumblist size-thumblist wp-post-image lazyload\" alt=\"\" data-mec-postid=\"143078\" src=\"data:image\/gif;base64,R0lGODlhAQABAAAAACH5BAEKAAEALAAAAAABAAEAAAICTAEAOw==\" style=\"--smush-placeholder-width: 300px; --smush-placeholder-aspect-ratio: 300\/300;\" \/><noscript><img loading=\"lazy\" decoding=\"async\" width=\"300\" height=\"300\" src=\"https:\/\/msk.lodz.pl\/wp-content\/uploads\/2024\/09\/11-1-300x300.jpg\" class=\"attachment-thumblist size-thumblist wp-post-image\" alt=\"\" data-mec-postid=\"143078\" \/><\/noscript><\/noscript><\/div><div class=\"mec-monthly-contents\" style=\"width: calc(100% - 85px)\"><div class=\"mec-event-time mec-color\"><i class=\"mec-sl-clock-o\"><\/i> 09:30 - 10:30<\/div><h4 class=\"mec-event-title\"><a class=\"mec-color-hover\" data-event-id=\"143078\" href=\"https:\/\/msk.lodz.pl\/en\/msk\/gimnastyka-dla-seniorow-zajecia-stale-wrzesien-287-553-688-296-567-729-249-265-754-452-298-169-321-604-753-407-481\/?occurrence=2026-04-30\" target=\"_self\" rel=\"noopener\">Gimnastyka 65+ \/\/ zaj\u0119cia sta\u0142e \/\/ IV 2026<\/a><span class=\"event-color\" style=\"background: #fdd700\"><\/span><\/h4><div class=\"mec-event-detail\">\r\n                        <div class=\"mec-event-loc-place\">MSK: Widzew Wsch\u00f3d, Dom Kultury \"502\"<\/div>\r\n                        \r\n                    <\/div><\/div><div style=\"clear:both\"><\/div><\/article><article class=\"mec-event-article\"><div class=\"mec-event-image\"><img loading=\"lazy\" decoding=\"async\" width=\"300\" height=\"300\" data-src=\"https:\/\/msk.lodz.pl\/wp-content\/uploads\/2023\/07\/gimnastyka-300x300.png\" class=\"attachment-thumblist size-thumblist wp-post-image lazyload\" alt=\"zdj\u0119cie przedstawia tr\u00f3jk\u0119 senior\u00f3w \u0107wicz\u0105cych gimnastyk\u0119\" data-mec-postid=\"144321\" src=\"data:image\/gif;base64,R0lGODlhAQABAAAAACH5BAEKAAEALAAAAAABAAEAAAICTAEAOw==\" style=\"--smush-placeholder-width: 300px; --smush-placeholder-aspect-ratio: 300\/300;\" \/><noscript><img loading=\"lazy\" decoding=\"async\" width=\"300\" height=\"300\" data-src=\"https:\/\/msk.lodz.pl\/wp-content\/uploads\/2023\/07\/gimnastyka-300x300.png\" class=\"attachment-thumblist size-thumblist wp-post-image lazyload\" alt=\"zdj\u0119cie przedstawia tr\u00f3jk\u0119 senior\u00f3w \u0107wicz\u0105cych gimnastyk\u0119\" data-mec-postid=\"144321\" src=\"data:image\/gif;base64,R0lGODlhAQABAAAAACH5BAEKAAEALAAAAAABAAEAAAICTAEAOw==\" style=\"--smush-placeholder-width: 300px; --smush-placeholder-aspect-ratio: 300\/300;\" \/><noscript><img loading=\"lazy\" decoding=\"async\" width=\"300\" height=\"300\" src=\"https:\/\/msk.lodz.pl\/wp-content\/uploads\/2023\/07\/gimnastyka-300x300.png\" class=\"attachment-thumblist size-thumblist wp-post-image\" alt=\"zdj\u0119cie przedstawia tr\u00f3jk\u0119 senior\u00f3w \u0107wicz\u0105cych gimnastyk\u0119\" data-mec-postid=\"144321\" \/><\/noscript><\/noscript><\/div><div class=\"mec-monthly-contents\" style=\"width: calc(100% - 85px)\"><div class=\"mec-event-time mec-color\"><i class=\"mec-sl-clock-o\"><\/i> 09:30 - 10:30<\/div><h4 class=\"mec-event-title\"><a class=\"mec-color-hover\" data-event-id=\"144321\" href=\"https:\/\/msk.lodz.pl\/en\/msk\/gimnastyka-dla-seniorow-zdrowy-kregoslup-gr-1-zajecia-stale-iv-26-wk\/?occurrence=2026-04-30\" target=\"_self\" rel=\"noopener\">Gimnastyka dla Senior\u00f3w &#8211; ZDROWY KR\u0118GOS\u0141UP gr. 1 \/\/ zaj\u0119cia sta\u0142e \/\/ IV 26 \/\/ wk<\/a> <span class=\"mec-event-title-soldout\"><span class=\"soldout\">Sold Out<\/span><\/span> <\/h4><div class=\"mec-event-detail\">\r\n                        <div class=\"mec-event-loc-place\">MSK: Radogoszcz, Island of Culture Centre<\/div>\r\n                        \r\n                    <\/div><\/div><div style=\"clear:both\"><\/div><\/article><article class=\"mec-event-article\"><div class=\"mec-event-image\"><img loading=\"lazy\" decoding=\"async\" width=\"300\" height=\"300\" data-src=\"https:\/\/msk.lodz.pl\/wp-content\/uploads\/2023\/08\/MSK-Karolew-www13-300x300.png\" class=\"attachment-thumblist size-thumblist wp-post-image lazyload\" alt=\"\" data-mec-postid=\"145657\" src=\"data:image\/gif;base64,R0lGODlhAQABAAAAACH5BAEKAAEALAAAAAABAAEAAAICTAEAOw==\" style=\"--smush-placeholder-width: 300px; --smush-placeholder-aspect-ratio: 300\/300;\" \/><noscript><img loading=\"lazy\" decoding=\"async\" width=\"300\" height=\"300\" src=\"https:\/\/msk.lodz.pl\/wp-content\/uploads\/2023\/08\/MSK-Karolew-www13-300x300.png\" class=\"attachment-thumblist size-thumblist wp-post-image\" alt=\"\" data-mec-postid=\"145657\" \/><\/noscript><\/div><div class=\"mec-monthly-contents\" style=\"width: calc(100% - 85px)\"><div class=\"mec-event-time mec-color\"><i class=\"mec-sl-clock-o\"><\/i> 09:30 - 10:30<\/div><h4 class=\"mec-event-title\"><a class=\"mec-color-hover\" data-event-id=\"145657\" href=\"https:\/\/msk.lodz.pl\/en\/msk\/muzykoterapia-aktywna-dla-seniora-karolew-zajecia-cykliczne-iv-701-753-599-432-974-946-425-461-712-426-153-976-401-808-445-579\/?occurrence=2026-04-30\" target=\"_self\" rel=\"noopener\">Muzykoterapia aktywna dla Seniora\/Karolew\/zaj\u0119cia sta\u0142e\/kwiecie\u0144 2026<\/a><span class=\"event-color\" style=\"background: #e14d43\"><\/span><\/h4><div class=\"mec-event-detail\">\r\n                        <div class=\"mec-event-loc-place\">MSK: Karolew, Karolew Centre<\/div>\r\n                        \r\n                    <\/div><\/div><div style=\"clear:both\"><\/div><\/article><article class=\"mec-event-article\"><div class=\"mec-event-image\"><img loading=\"lazy\" decoding=\"async\" width=\"300\" height=\"300\" data-src=\"https:\/\/msk.lodz.pl\/wp-content\/uploads\/2025\/02\/11-300x300.png\" class=\"attachment-thumblist size-thumblist wp-post-image lazyload\" alt=\"\" data-mec-postid=\"143059\" src=\"data:image\/gif;base64,R0lGODlhAQABAAAAACH5BAEKAAEALAAAAAABAAEAAAICTAEAOw==\" style=\"--smush-placeholder-width: 300px; --smush-placeholder-aspect-ratio: 300\/300;\" \/><noscript><img loading=\"lazy\" decoding=\"async\" width=\"300\" height=\"300\" src=\"https:\/\/msk.lodz.pl\/wp-content\/uploads\/2025\/02\/11-300x300.png\" class=\"attachment-thumblist size-thumblist wp-post-image\" alt=\"\" data-mec-postid=\"143059\" \/><\/noscript><\/div><div class=\"mec-monthly-contents\" style=\"width: calc(100% - 85px)\"><div class=\"mec-event-time mec-color\"><i class=\"mec-sl-clock-o\"><\/i> 10:00 - 11:30<\/div><h4 class=\"mec-event-title\"><a class=\"mec-color-hover\" data-event-id=\"143059\" href=\"https:\/\/msk.lodz.pl\/en\/msk\/707-736-807-327-113-243-596-697-405-410-455-194-321-285-552-424-522-402-734-615-551-879-611\/?occurrence=2026-04-30\" target=\"_self\" rel=\"noopener\">J\u0119zyk w\u0142oski od podstaw &#8211; nowa III grupa \/\/ zaj\u0119cia sta\u0142e \/\/ IV 2026<\/a><span class=\"event-color\" style=\"background: #fdd700\"><\/span><\/h4><div class=\"mec-event-detail\">\r\n                        <div class=\"mec-event-loc-place\">MSK: Widzew Wsch\u00f3d, Dom Kultury \"502\"<\/div>\r\n                        \r\n                    <\/div><\/div><div style=\"clear:both\"><\/div><\/article><article class=\"mec-event-article\"><div class=\"mec-event-image\"><img loading=\"lazy\" decoding=\"async\" width=\"300\" height=\"300\" data-src=\"https:\/\/msk.lodz.pl\/wp-content\/uploads\/2025\/10\/wystawa-seniora-czas-wolny-1424-x-1042-px-300x300.jpg\" class=\"attachment-thumblist size-thumblist wp-post-image lazyload\" alt=\"\" data-mec-postid=\"145138\" src=\"data:image\/gif;base64,R0lGODlhAQABAAAAACH5BAEKAAEALAAAAAABAAEAAAICTAEAOw==\" style=\"--smush-placeholder-width: 300px; --smush-placeholder-aspect-ratio: 300\/300;\" \/><noscript><img loading=\"lazy\" decoding=\"async\" width=\"300\" height=\"300\" src=\"https:\/\/msk.lodz.pl\/wp-content\/uploads\/2025\/10\/wystawa-seniora-czas-wolny-1424-x-1042-px-300x300.jpg\" class=\"attachment-thumblist size-thumblist wp-post-image\" alt=\"\" data-mec-postid=\"145138\" \/><\/noscript><\/div><div class=\"mec-monthly-contents\" style=\"width: calc(100% - 85px)\"><div class=\"mec-event-time mec-color\"><i class=\"mec-sl-clock-o\"><\/i> 10:00 - 11:00<\/div><h4 class=\"mec-event-title\"><a class=\"mec-color-hover\" data-event-id=\"145138\" href=\"https:\/\/msk.lodz.pl\/en\/msk\/pracownia-u-la-la-tworcze-spotkanie-dla-przedszkolakow-245-867-147-992-563-804-282-770-632-641-649-397-686-889-646-627-692-348-342-704-554-768-308-726-356-124-701-837\/?occurrence=2026-04-30\" target=\"_self\" rel=\"noopener\">Pracownia U-LA-LA! Tw\u00f3rcze spotkanie \/\/ 30.04.2026<\/a><\/h4><div class=\"mec-event-detail\">\r\n                        <div class=\"mec-event-loc-place\">MSK: \u017babieniec, RONDO Animation and Revitalisation Centre<\/div>\r\n                        \r\n                    <\/div><\/div><div style=\"clear:both\"><\/div><\/article><article class=\"mec-event-article\"><div class=\"mec-event-image\"><img loading=\"lazy\" decoding=\"async\" width=\"300\" height=\"300\" data-src=\"https:\/\/msk.lodz.pl\/wp-content\/uploads\/2023\/06\/353686295_599319112183693_7811764298433700449_n-300x300.jpg\" class=\"attachment-thumblist size-thumblist wp-post-image lazyload\" alt=\"kolorowe farby w s\u0142oikach. W tle rozmazane na kartonie farby.\" data-mec-postid=\"145691\" src=\"data:image\/gif;base64,R0lGODlhAQABAAAAACH5BAEKAAEALAAAAAABAAEAAAICTAEAOw==\" style=\"--smush-placeholder-width: 300px; --smush-placeholder-aspect-ratio: 300\/300;\" \/><noscript><img loading=\"lazy\" decoding=\"async\" width=\"300\" height=\"300\" data-src=\"https:\/\/msk.lodz.pl\/wp-content\/uploads\/2023\/06\/353686295_599319112183693_7811764298433700449_n-300x300.jpg\" class=\"attachment-thumblist size-thumblist wp-post-image lazyload\" alt=\"kolorowe farby w s\u0142oikach. W tle rozmazane na kartonie farby.\" data-mec-postid=\"145691\" src=\"data:image\/gif;base64,R0lGODlhAQABAAAAACH5BAEKAAEALAAAAAABAAEAAAICTAEAOw==\" style=\"--smush-placeholder-width: 300px; --smush-placeholder-aspect-ratio: 300\/300;\" \/><noscript><img loading=\"lazy\" decoding=\"async\" width=\"300\" height=\"300\" src=\"https:\/\/msk.lodz.pl\/wp-content\/uploads\/2023\/06\/353686295_599319112183693_7811764298433700449_n-300x300.jpg\" class=\"attachment-thumblist size-thumblist wp-post-image\" alt=\"kolorowe farby w s\u0142oikach. W tle rozmazane na kartonie farby.\" data-mec-postid=\"145691\" \/><\/noscript><\/noscript><\/div><div class=\"mec-monthly-contents\" style=\"width: calc(100% - 85px)\"><div class=\"mec-event-time mec-color\"><i class=\"mec-sl-clock-o\"><\/i> 10:00 - 13:00<\/div><h4 class=\"mec-event-title\"><a class=\"mec-color-hover\" data-event-id=\"145691\" href=\"https:\/\/msk.lodz.pl\/en\/msk\/grupa-malarska-impresja-60lutnia-zajecia-stale-iv-3\/?occurrence=2026-04-30\" target=\"_self\" rel=\"noopener\">Grupa Malarska &#8222;IMPRESJA&#8221; 60+LUTNIA \/\/ zaj\u0119cia sta\u0142e \/\/ IV<\/a><span class=\"event-color\" style=\"background: #fdd700\"><\/span><\/h4><div class=\"mec-event-detail\">\r\n                        <div class=\"mec-event-loc-place\">MSK: Teofil\u00f3w, Lutnia Creative Centre<\/div>\r\n                        \r\n                    <\/div><\/div><div style=\"clear:both\"><\/div><\/article><article class=\"mec-event-article\"><div class=\"mec-event-image\"><img loading=\"lazy\" decoding=\"async\" width=\"300\" height=\"300\" data-src=\"https:\/\/msk.lodz.pl\/wp-content\/uploads\/2023\/08\/364226274_6478457898913102_357038036982789663_n-300x300.jpg\" class=\"attachment-thumblist size-thumblist wp-post-image lazyload\" alt=\"\" data-mec-postid=\"145771\" src=\"data:image\/gif;base64,R0lGODlhAQABAAAAACH5BAEKAAEALAAAAAABAAEAAAICTAEAOw==\" style=\"--smush-placeholder-width: 300px; --smush-placeholder-aspect-ratio: 300\/300;\" \/><noscript><img loading=\"lazy\" decoding=\"async\" width=\"300\" height=\"300\" src=\"https:\/\/msk.lodz.pl\/wp-content\/uploads\/2023\/08\/364226274_6478457898913102_357038036982789663_n-300x300.jpg\" class=\"attachment-thumblist size-thumblist wp-post-image\" alt=\"\" data-mec-postid=\"145771\" \/><\/noscript><\/div><div class=\"mec-monthly-contents\" style=\"width: calc(100% - 85px)\"><div class=\"mec-event-time mec-color\"><i class=\"mec-sl-clock-o\"><\/i> 10:00 - 14:00<\/div><h4 class=\"mec-event-title\"><a class=\"mec-color-hover\" data-event-id=\"145771\" href=\"https:\/\/msk.lodz.pl\/en\/msk\/english-dla-seniora-lutnia-zajecia-stale-iv\/?occurrence=2026-04-30\" target=\"_self\" rel=\"noopener\">English dla Seniora \/\/ LUTNIA \/\/ zaj\u0119cia sta\u0142e \/\/ IV<\/a><span class=\"event-color\" style=\"background: #a3b745\"><\/span><\/h4><div class=\"mec-event-detail\">\r\n                        <div class=\"mec-event-loc-place\">MSK: Teofil\u00f3w, Lutnia Creative Centre<\/div>\r\n                        \r\n                    <\/div><\/div><div style=\"clear:both\"><\/div><\/article><article class=\"mec-event-article\"><div class=\"mec-event-image\"><img loading=\"lazy\" decoding=\"async\" width=\"300\" height=\"300\" data-src=\"https:\/\/msk.lodz.pl\/wp-content\/uploads\/2023\/09\/Konsultacje_komp-300x300.jpg\" class=\"attachment-thumblist size-thumblist wp-post-image lazyload\" alt=\"\" data-mec-postid=\"149812\" src=\"data:image\/gif;base64,R0lGODlhAQABAAAAACH5BAEKAAEALAAAAAABAAEAAAICTAEAOw==\" style=\"--smush-placeholder-width: 300px; --smush-placeholder-aspect-ratio: 300\/300;\" \/><noscript><img loading=\"lazy\" decoding=\"async\" width=\"300\" height=\"300\" src=\"https:\/\/msk.lodz.pl\/wp-content\/uploads\/2023\/09\/Konsultacje_komp-300x300.jpg\" class=\"attachment-thumblist size-thumblist wp-post-image\" alt=\"\" data-mec-postid=\"149812\" \/><\/noscript><\/div><div class=\"mec-monthly-contents\" style=\"width: calc(100% - 85px)\"><div class=\"mec-event-time mec-color\"><i class=\"mec-sl-clock-o\"><\/i> 10:00 - 14:00<\/div><h4 class=\"mec-event-title\"><a class=\"mec-color-hover\" data-event-id=\"149812\" href=\"https:\/\/msk.lodz.pl\/en\/msk\/konsultacje-komputerowe-kwiecien2026-642-690\/?occurrence=2026-04-30\" target=\"_self\" rel=\"noopener\">Konsultacje komputerowe \/\/ zaj\u0119cia sta\u0142e \/\/ O\u015brodek G\u00f3rna \/\/ 30 kwietnia<\/a><span class=\"event-color\" style=\"background: #00a0d2\"><\/span><\/h4><div class=\"mec-event-detail\">\r\n                        <div class=\"mec-event-loc-place\">MSK: Upper, Upper Centre<\/div>\r\n                        \r\n                    <\/div><\/div><div style=\"clear:both\"><\/div><\/article><article class=\"mec-event-article\"><div class=\"mec-event-image\"><img loading=\"lazy\" decoding=\"async\" width=\"300\" height=\"300\" data-src=\"https:\/\/msk.lodz.pl\/wp-content\/uploads\/2025\/04\/do-strony-www-1424-x-1024-px3-300x300.png\" class=\"attachment-thumblist size-thumblist wp-post-image lazyload\" alt=\"\" data-mec-postid=\"96644\" src=\"data:image\/gif;base64,R0lGODlhAQABAAAAACH5BAEKAAEALAAAAAABAAEAAAICTAEAOw==\" style=\"--smush-placeholder-width: 300px; --smush-placeholder-aspect-ratio: 300\/300;\" \/><noscript><img loading=\"lazy\" decoding=\"async\" width=\"300\" height=\"300\" data-src=\"https:\/\/msk.lodz.pl\/wp-content\/uploads\/2025\/04\/do-strony-www-1424-x-1024-px3-300x300.png\" class=\"attachment-thumblist size-thumblist wp-post-image lazyload\" alt=\"\" data-mec-postid=\"96644\" src=\"data:image\/gif;base64,R0lGODlhAQABAAAAACH5BAEKAAEALAAAAAABAAEAAAICTAEAOw==\" style=\"--smush-placeholder-width: 300px; --smush-placeholder-aspect-ratio: 300\/300;\" \/><noscript><img loading=\"lazy\" decoding=\"async\" width=\"300\" height=\"300\" data-src=\"https:\/\/msk.lodz.pl\/wp-content\/uploads\/2025\/04\/do-strony-www-1424-x-1024-px3-300x300.png\" class=\"attachment-thumblist size-thumblist wp-post-image lazyload\" alt=\"\" data-mec-postid=\"96644\" src=\"data:image\/gif;base64,R0lGODlhAQABAAAAACH5BAEKAAEALAAAAAABAAEAAAICTAEAOw==\" style=\"--smush-placeholder-width: 300px; --smush-placeholder-aspect-ratio: 300\/300;\" \/><noscript><img loading=\"lazy\" decoding=\"async\" width=\"300\" height=\"300\" data-src=\"https:\/\/msk.lodz.pl\/wp-content\/uploads\/2025\/04\/do-strony-www-1424-x-1024-px3-300x300.png\" class=\"attachment-thumblist size-thumblist wp-post-image lazyload\" alt=\"\" data-mec-postid=\"96644\" src=\"data:image\/gif;base64,R0lGODlhAQABAAAAACH5BAEKAAEALAAAAAABAAEAAAICTAEAOw==\" style=\"--smush-placeholder-width: 300px; --smush-placeholder-aspect-ratio: 300\/300;\" \/><noscript><img loading=\"lazy\" decoding=\"async\" width=\"300\" height=\"300\" data-src=\"https:\/\/msk.lodz.pl\/wp-content\/uploads\/2025\/04\/do-strony-www-1424-x-1024-px3-300x300.png\" class=\"attachment-thumblist size-thumblist wp-post-image lazyload\" alt=\"\" data-mec-postid=\"96644\" src=\"data:image\/gif;base64,R0lGODlhAQABAAAAACH5BAEKAAEALAAAAAABAAEAAAICTAEAOw==\" style=\"--smush-placeholder-width: 300px; --smush-placeholder-aspect-ratio: 300\/300;\" \/><noscript><img loading=\"lazy\" decoding=\"async\" width=\"300\" height=\"300\" src=\"https:\/\/msk.lodz.pl\/wp-content\/uploads\/2025\/04\/do-strony-www-1424-x-1024-px3-300x300.png\" class=\"attachment-thumblist size-thumblist wp-post-image\" alt=\"\" data-mec-postid=\"96644\" \/><\/noscript><\/noscript><\/noscript><\/noscript><\/noscript><\/div><div class=\"mec-monthly-contents\" style=\"width: calc(100% - 85px)\"><div class=\"mec-event-time mec-color\"><i class=\"mec-sl-clock-o\"><\/i> 10:30 - 11:30<\/div><h4 class=\"mec-event-title\"><a class=\"mec-color-hover\" data-event-id=\"96644\" href=\"https:\/\/msk.lodz.pl\/en\/msk\/muzykoterapia-dla-seniorow\/?occurrence=2026-04-30\" target=\"_self\" rel=\"noopener\">Muzykoterapia dla senior\u00f3w<\/a><\/h4><div class=\"mec-event-detail\">\r\n                        <div class=\"mec-event-loc-place\">MSK: D\u0105browa, Klub D\u0105browa<\/div>\r\n                        \r\n                    <\/div><\/div><div style=\"clear:both\"><\/div><\/article><article class=\"mec-event-article\"><div class=\"mec-event-image\"><img loading=\"lazy\" decoding=\"async\" width=\"300\" height=\"300\" data-src=\"https:\/\/msk.lodz.pl\/wp-content\/uploads\/2023\/07\/gimnastyka-300x300.png\" class=\"attachment-thumblist size-thumblist wp-post-image lazyload\" alt=\"zdj\u0119cie przedstawia tr\u00f3jk\u0119 senior\u00f3w \u0107wicz\u0105cych gimnastyk\u0119\" data-mec-postid=\"144320\" src=\"data:image\/gif;base64,R0lGODlhAQABAAAAACH5BAEKAAEALAAAAAABAAEAAAICTAEAOw==\" style=\"--smush-placeholder-width: 300px; --smush-placeholder-aspect-ratio: 300\/300;\" \/><noscript><img loading=\"lazy\" decoding=\"async\" width=\"300\" height=\"300\" data-src=\"https:\/\/msk.lodz.pl\/wp-content\/uploads\/2023\/07\/gimnastyka-300x300.png\" class=\"attachment-thumblist size-thumblist wp-post-image lazyload\" alt=\"zdj\u0119cie przedstawia tr\u00f3jk\u0119 senior\u00f3w \u0107wicz\u0105cych gimnastyk\u0119\" data-mec-postid=\"144320\" src=\"data:image\/gif;base64,R0lGODlhAQABAAAAACH5BAEKAAEALAAAAAABAAEAAAICTAEAOw==\" style=\"--smush-placeholder-width: 300px; --smush-placeholder-aspect-ratio: 300\/300;\" \/><noscript><img loading=\"lazy\" decoding=\"async\" width=\"300\" height=\"300\" src=\"https:\/\/msk.lodz.pl\/wp-content\/uploads\/2023\/07\/gimnastyka-300x300.png\" class=\"attachment-thumblist size-thumblist wp-post-image\" alt=\"zdj\u0119cie przedstawia tr\u00f3jk\u0119 senior\u00f3w \u0107wicz\u0105cych gimnastyk\u0119\" data-mec-postid=\"144320\" \/><\/noscript><\/noscript><\/div><div class=\"mec-monthly-contents\" style=\"width: calc(100% - 85px)\"><div class=\"mec-event-time mec-color\"><i class=\"mec-sl-clock-o\"><\/i> 10:40 - 11:40<\/div><h4 class=\"mec-event-title\"><a class=\"mec-color-hover\" data-event-id=\"144320\" href=\"https:\/\/msk.lodz.pl\/en\/msk\/gimnastyka-dla-seniorow-zdrowy-kregoslup-gr-2-zajecia-stale-iv-26-wk\/?occurrence=2026-04-30\" target=\"_self\" rel=\"noopener\">Gimnastyka dla Senior\u00f3w &#8211; ZDROWY KR\u0118GOS\u0141UP gr. 2 \/\/ zaj\u0119cia sta\u0142e \/\/ IV 26 \/\/ wk<\/a> <span class=\"mec-event-title-soldout\"><span class=\"soldout\">Sold Out<\/span><\/span> <span class=\"event-color\" style=\"background: #00a0d2\"><\/span><\/h4><div class=\"mec-event-detail\">\r\n                        <div class=\"mec-event-loc-place\">MSK: Radogoszcz, Island of Culture Centre<\/div>\r\n                        \r\n                    <\/div><\/div><div style=\"clear:both\"><\/div><\/article><article class=\"mec-event-article\"><div class=\"mec-event-image\"><img loading=\"lazy\" decoding=\"async\" width=\"300\" height=\"300\" data-src=\"https:\/\/msk.lodz.pl\/wp-content\/uploads\/2025\/08\/687643c0-dec6-4a88-a734-2de6ee8464a4-300x300.jpg\" class=\"attachment-thumblist size-thumblist wp-post-image lazyload\" alt=\"\" data-mec-postid=\"108861\" src=\"data:image\/gif;base64,R0lGODlhAQABAAAAACH5BAEKAAEALAAAAAABAAEAAAICTAEAOw==\" style=\"--smush-placeholder-width: 300px; --smush-placeholder-aspect-ratio: 300\/300;\" \/><noscript><img loading=\"lazy\" decoding=\"async\" width=\"300\" height=\"300\" src=\"https:\/\/msk.lodz.pl\/wp-content\/uploads\/2025\/08\/687643c0-dec6-4a88-a734-2de6ee8464a4-300x300.jpg\" class=\"attachment-thumblist size-thumblist wp-post-image\" alt=\"\" data-mec-postid=\"108861\" \/><\/noscript><\/div><div class=\"mec-monthly-contents\" style=\"width: calc(100% - 85px)\"><div class=\"mec-event-time mec-color\"><i class=\"mec-sl-clock-o\"><\/i> 11:00 - 13:00<\/div><h4 class=\"mec-event-title\"><a class=\"mec-color-hover\" data-event-id=\"108861\" href=\"https:\/\/msk.lodz.pl\/en\/msk\/teatr-podtekst-zajecia-stale\/?occurrence=2026-04-30\" target=\"_self\" rel=\"noopener\">Teatr PODTEKST \/\/ zaj\u0119cia sta\u0142e<\/a><span class=\"event-color\" style=\"background: #fdd700\"><\/span><\/h4><div class=\"mec-event-detail\">\r\n                        <div class=\"mec-event-loc-place\">MSK: Teofil\u00f3w, Lutnia Creative Centre<\/div>\r\n                        \r\n                    <\/div><\/div><div style=\"clear:both\"><\/div><\/article><article class=\"mec-event-article\"><div class=\"mec-event-image\"><img loading=\"lazy\" decoding=\"async\" width=\"300\" height=\"300\" data-src=\"https:\/\/msk.lodz.pl\/wp-content\/uploads\/2026\/03\/Muzyczne-Poranki-e1773733752704-300x300.png\" class=\"attachment-thumblist size-thumblist wp-post-image lazyload\" alt=\"\" data-mec-postid=\"144282\" src=\"data:image\/gif;base64,R0lGODlhAQABAAAAACH5BAEKAAEALAAAAAABAAEAAAICTAEAOw==\" style=\"--smush-placeholder-width: 300px; --smush-placeholder-aspect-ratio: 300\/300;\" \/><noscript><img loading=\"lazy\" decoding=\"async\" width=\"300\" height=\"300\" src=\"https:\/\/msk.lodz.pl\/wp-content\/uploads\/2026\/03\/Muzyczne-Poranki-e1773733752704-300x300.png\" class=\"attachment-thumblist size-thumblist wp-post-image\" alt=\"\" data-mec-postid=\"144282\" \/><\/noscript><\/div><div class=\"mec-monthly-contents\" style=\"width: calc(100% - 85px)\"><div class=\"mec-event-time mec-color\"><i class=\"mec-sl-clock-o\"><\/i> 11:00 - 12:00<\/div><h4 class=\"mec-event-title\"><a class=\"mec-color-hover\" data-event-id=\"144282\" href=\"https:\/\/msk.lodz.pl\/en\/msk\/muzyczne-poranki-dla-mam-i-maluszkow-iv-2026\/?occurrence=2026-04-30\" target=\"_self\" rel=\"noopener\">Muzyczne poranki dla rodzic\u00f3w i maluszk\u00f3w \/ zaj\u0119cia sta\u0142e \/ IV 2026<\/a><\/h4><div class=\"mec-event-detail\">\r\n                        <div class=\"mec-event-loc-place\">MSK: Widzew Wsch\u00f3d, Dom Kultury \"502\"<\/div>\r\n                        \r\n                    <\/div><\/div><div style=\"clear:both\"><\/div><\/article><article class=\"mec-event-article\"><div class=\"mec-event-image\"><img loading=\"lazy\" decoding=\"async\" width=\"300\" height=\"300\" data-src=\"https:\/\/msk.lodz.pl\/wp-content\/uploads\/2025\/08\/SZABLON-NA-WWW-3-300x300.png\" class=\"attachment-thumblist size-thumblist wp-post-image lazyload\" alt=\"\" data-mec-postid=\"144698\" src=\"data:image\/gif;base64,R0lGODlhAQABAAAAACH5BAEKAAEALAAAAAABAAEAAAICTAEAOw==\" style=\"--smush-placeholder-width: 300px; --smush-placeholder-aspect-ratio: 300\/300;\" \/><noscript><img loading=\"lazy\" decoding=\"async\" width=\"300\" height=\"300\" src=\"https:\/\/msk.lodz.pl\/wp-content\/uploads\/2025\/08\/SZABLON-NA-WWW-3-300x300.png\" class=\"attachment-thumblist size-thumblist wp-post-image\" alt=\"\" data-mec-postid=\"144698\" \/><\/noscript><\/div><div class=\"mec-monthly-contents\" style=\"width: calc(100% - 85px)\"><div class=\"mec-event-time mec-color\"><i class=\"mec-sl-clock-o\"><\/i> 12:00 - 13:00<\/div><h4 class=\"mec-event-title\"><a class=\"mec-color-hover\" data-event-id=\"144698\" href=\"https:\/\/msk.lodz.pl\/en\/msk\/jezyk-angielski-dla-seniorow-nauka-od-podstaw-hello-senior-gr-i-zajecia-stale-ix-375-784-383\/?occurrence=2026-04-30\" target=\"_self\" rel=\"noopener\">J\u0119zyk angielski dla senior\u00f3w, nauka od podstaw \u2013 ,,Hello Senior!\u201d \/\/ zaj\u0119cia sta\u0142e \/\/ kwiecie\u0144 2026<\/a><span class=\"event-color\" style=\"background: #b100d8\"><\/span><\/h4><div class=\"mec-event-detail\">\r\n                        <div class=\"mec-event-loc-place\">MSK: D\u0105browa, Klub D\u0105browa<\/div>\r\n                        \r\n                    <\/div><\/div><div style=\"clear:both\"><\/div><\/article><article class=\"mec-event-article\"><div class=\"mec-event-image\"><img loading=\"lazy\" decoding=\"async\" width=\"300\" height=\"300\" data-src=\"https:\/\/msk.lodz.pl\/wp-content\/uploads\/2025\/09\/GIM-50-300x300.png\" class=\"attachment-thumblist size-thumblist wp-post-image lazyload\" alt=\"\" data-mec-postid=\"145649\" src=\"data:image\/gif;base64,R0lGODlhAQABAAAAACH5BAEKAAEALAAAAAABAAEAAAICTAEAOw==\" style=\"--smush-placeholder-width: 300px; --smush-placeholder-aspect-ratio: 300\/300;\" \/><noscript><img loading=\"lazy\" decoding=\"async\" width=\"300\" height=\"300\" src=\"https:\/\/msk.lodz.pl\/wp-content\/uploads\/2025\/09\/GIM-50-300x300.png\" class=\"attachment-thumblist size-thumblist wp-post-image\" alt=\"\" data-mec-postid=\"145649\" \/><\/noscript><\/div><div class=\"mec-monthly-contents\" style=\"width: calc(100% - 85px)\"><div class=\"mec-event-time mec-color\"><i class=\"mec-sl-clock-o\"><\/i> 12:00 - 13:00<\/div><h4 class=\"mec-event-title\"><a class=\"mec-color-hover\" data-event-id=\"145649\" href=\"https:\/\/msk.lodz.pl\/en\/msk\/gimnastyka-50-karolew-zajecia-stale-wrzesien-2025-515-118-554-815-687-645-731\/?occurrence=2026-04-30\" target=\"_self\" rel=\"noopener\">Gimnastyka 50+\/Karolew\/zaj\u0119cia sta\u0142e\/kwiecie\u0144 2026<\/a><span class=\"event-color\" style=\"background: #fdd700\"><\/span><\/h4><div class=\"mec-event-detail\">\r\n                        <div class=\"mec-event-loc-place\">MSK: Karolew, Karolew Centre<\/div>\r\n                        \r\n                    <\/div><\/div><div style=\"clear:both\"><\/div><\/article><article class=\"mec-event-article\"><div class=\"mec-event-image\"><img loading=\"lazy\" decoding=\"async\" width=\"300\" height=\"300\" data-src=\"https:\/\/msk.lodz.pl\/wp-content\/uploads\/2024\/12\/www-kategorie-zajeciawydarzenia9-300x300.png\" class=\"attachment-thumblist size-thumblist wp-post-image lazyload\" alt=\"\" data-mec-postid=\"145646\" src=\"data:image\/gif;base64,R0lGODlhAQABAAAAACH5BAEKAAEALAAAAAABAAEAAAICTAEAOw==\" style=\"--smush-placeholder-width: 300px; --smush-placeholder-aspect-ratio: 300\/300;\" \/><noscript><img loading=\"lazy\" decoding=\"async\" width=\"300\" height=\"300\" data-src=\"https:\/\/msk.lodz.pl\/wp-content\/uploads\/2024\/12\/www-kategorie-zajeciawydarzenia9-300x300.png\" class=\"attachment-thumblist size-thumblist wp-post-image lazyload\" alt=\"\" data-mec-postid=\"145646\" src=\"data:image\/gif;base64,R0lGODlhAQABAAAAACH5BAEKAAEALAAAAAABAAEAAAICTAEAOw==\" style=\"--smush-placeholder-width: 300px; --smush-placeholder-aspect-ratio: 300\/300;\" \/><noscript><img loading=\"lazy\" decoding=\"async\" width=\"300\" height=\"300\" src=\"https:\/\/msk.lodz.pl\/wp-content\/uploads\/2024\/12\/www-kategorie-zajeciawydarzenia9-300x300.png\" class=\"attachment-thumblist size-thumblist wp-post-image\" alt=\"\" data-mec-postid=\"145646\" \/><\/noscript><\/noscript><\/div><div class=\"mec-monthly-contents\" style=\"width: calc(100% - 85px)\"><div class=\"mec-event-time mec-color\"><i class=\"mec-sl-clock-o\"><\/i> 12:30 - 13:30<\/div><h4 class=\"mec-event-title\"><a class=\"mec-color-hover\" data-event-id=\"145646\" href=\"https:\/\/msk.lodz.pl\/en\/msk\/grupa-taneczna-cheerleaderki-60-karolew-zajecia-stale-i-824-266-110-508-132-394-534-510\/?occurrence=2026-04-30\" target=\"_self\" rel=\"noopener\">Grupa taneczna Cheerleaderki 60+\/Karolew\/zaj\u0119cia sta\u0142e\/kwiecie\u0144 2026<\/a><\/h4><div class=\"mec-event-detail\">\r\n                        <div class=\"mec-event-loc-place\">MSK: Karolew, Karolew Centre<\/div>\r\n                        \r\n                    <\/div><\/div><div style=\"clear:both\"><\/div><\/article><article class=\"mec-event-article\"><div class=\"mec-event-image\"><img loading=\"lazy\" decoding=\"async\" width=\"300\" height=\"300\" data-src=\"https:\/\/msk.lodz.pl\/wp-content\/uploads\/2023\/07\/MSK-Zubardz-na-www-31-300x300.png\" class=\"attachment-thumblist size-thumblist wp-post-image lazyload\" alt=\"\" data-mec-postid=\"13820\" src=\"data:image\/gif;base64,R0lGODlhAQABAAAAACH5BAEKAAEALAAAAAABAAEAAAICTAEAOw==\" style=\"--smush-placeholder-width: 300px; --smush-placeholder-aspect-ratio: 300\/300;\" \/><noscript><img loading=\"lazy\" decoding=\"async\" width=\"300\" height=\"300\" data-src=\"https:\/\/msk.lodz.pl\/wp-content\/uploads\/2023\/07\/MSK-Zubardz-na-www-31-300x300.png\" class=\"attachment-thumblist size-thumblist wp-post-image lazyload\" alt=\"\" data-mec-postid=\"13820\" src=\"data:image\/gif;base64,R0lGODlhAQABAAAAACH5BAEKAAEALAAAAAABAAEAAAICTAEAOw==\" style=\"--smush-placeholder-width: 300px; --smush-placeholder-aspect-ratio: 300\/300;\" \/><noscript><img loading=\"lazy\" decoding=\"async\" width=\"300\" height=\"300\" src=\"https:\/\/msk.lodz.pl\/wp-content\/uploads\/2023\/07\/MSK-Zubardz-na-www-31-300x300.png\" class=\"attachment-thumblist size-thumblist wp-post-image\" alt=\"\" data-mec-postid=\"13820\" \/><\/noscript><\/noscript><\/div><div class=\"mec-monthly-contents\" style=\"width: calc(100% - 85px)\"><div class=\"mec-event-time mec-color\"><i class=\"mec-sl-clock-o\"><\/i> 14:00 - 16:00<\/div><h4 class=\"mec-event-title\"><a class=\"mec-color-hover\" data-event-id=\"13820\" href=\"https:\/\/msk.lodz.pl\/en\/msk\/konsultacje-aktorskie\/?occurrence=2026-04-30\" target=\"_self\" rel=\"noopener\">KONSULTACJE AKTORSKIE \/\/ ZAJ\u0118CIA STA\u0141E \/ 2025<\/a><span class=\"event-color\" style=\"background: #fdd700\"><\/span><\/h4><div class=\"mec-event-detail\">\r\n                        <div class=\"mec-event-loc-place\">MSK: \u017bubard\u017a, Cultural Education Centre on \u017bubardzka Street<\/div>\r\n                        \r\n                    <\/div><\/div><div style=\"clear:both\"><\/div><\/article><article class=\"mec-event-article\"><div class=\"mec-event-image\"><img loading=\"lazy\" decoding=\"async\" width=\"300\" height=\"300\" data-src=\"https:\/\/msk.lodz.pl\/wp-content\/uploads\/2025\/09\/BABCIE-W-LOCIE-300x300.png\" class=\"attachment-thumblist size-thumblist wp-post-image lazyload\" alt=\"\" data-mec-postid=\"145645\" src=\"data:image\/gif;base64,R0lGODlhAQABAAAAACH5BAEKAAEALAAAAAABAAEAAAICTAEAOw==\" style=\"--smush-placeholder-width: 300px; --smush-placeholder-aspect-ratio: 300\/300;\" \/><noscript><img loading=\"lazy\" decoding=\"async\" width=\"300\" height=\"300\" src=\"https:\/\/msk.lodz.pl\/wp-content\/uploads\/2025\/09\/BABCIE-W-LOCIE-300x300.png\" class=\"attachment-thumblist size-thumblist wp-post-image\" alt=\"\" data-mec-postid=\"145645\" \/><\/noscript><\/div><div class=\"mec-monthly-contents\" style=\"width: calc(100% - 85px)\"><div class=\"mec-event-time mec-color\"><i class=\"mec-sl-clock-o\"><\/i> 14:00 - 16:30<\/div><h4 class=\"mec-event-title\"><a class=\"mec-color-hover\" data-event-id=\"145645\" href=\"https:\/\/msk.lodz.pl\/en\/msk\/babcie-w-locie-z-dziadkiem-karolew-zajecia-stale-wrzesien-2025-307-141-442-127\/?occurrence=2026-04-30\" target=\"_self\" rel=\"noopener\">Babcie w locie z Dziadkiem\/Karolew\/zaj\u0119cia sta\u0142e\/kwiecie\u0144 2026<\/a><span class=\"event-color\" style=\"background: #fdd700\"><\/span><\/h4><div class=\"mec-event-detail\">\r\n                        <div class=\"mec-event-loc-place\">MSK: Karolew, Karolew Centre<\/div>\r\n                        \r\n                    <\/div><\/div><div style=\"clear:both\"><\/div><\/article><article class=\"mec-event-article\"><div class=\"mec-event-image\"><img loading=\"lazy\" decoding=\"async\" width=\"300\" height=\"300\" data-src=\"https:\/\/msk.lodz.pl\/wp-content\/uploads\/2023\/08\/359685896_1565772963953975_365048787135323253_n-300x300.jpg\" class=\"attachment-thumblist size-thumblist wp-post-image lazyload\" alt=\"\" data-mec-postid=\"145688\" src=\"data:image\/gif;base64,R0lGODlhAQABAAAAACH5BAEKAAEALAAAAAABAAEAAAICTAEAOw==\" style=\"--smush-placeholder-width: 300px; --smush-placeholder-aspect-ratio: 300\/300;\" \/><noscript><img loading=\"lazy\" decoding=\"async\" width=\"300\" height=\"300\" src=\"https:\/\/msk.lodz.pl\/wp-content\/uploads\/2023\/08\/359685896_1565772963953975_365048787135323253_n-300x300.jpg\" class=\"attachment-thumblist size-thumblist wp-post-image\" alt=\"\" data-mec-postid=\"145688\" \/><\/noscript><\/div><div class=\"mec-monthly-contents\" style=\"width: calc(100% - 85px)\"><div class=\"mec-event-time mec-color\"><i class=\"mec-sl-clock-o\"><\/i> 14:00<\/div><h4 class=\"mec-event-title\"><a class=\"mec-color-hover\" data-event-id=\"145688\" href=\"https:\/\/msk.lodz.pl\/en\/msk\/nauka-gry-na-gitarze-lutnia-zajecia-stale-iv-3\/?occurrence=2026-04-30\" target=\"_self\" rel=\"noopener\">Nauka gry na GITARZE -LUTNIA\/\/ zaj\u0119cia sta\u0142e \/\/ IV<\/a><span class=\"event-color\" style=\"background: #e14d43\"><\/span><\/h4><div class=\"mec-event-detail\">\r\n                        <div class=\"mec-event-loc-place\">MSK: Teofil\u00f3w, Lutnia Creative Centre<\/div>\r\n                        \r\n                    <\/div><\/div><div style=\"clear:both\"><\/div><\/article><article class=\"mec-event-article\"><div class=\"mec-event-image\"><img loading=\"lazy\" decoding=\"async\" width=\"300\" height=\"300\" data-src=\"https:\/\/msk.lodz.pl\/wp-content\/uploads\/2025\/08\/antropologia-300x300.png\" class=\"attachment-thumblist size-thumblist wp-post-image lazyload\" alt=\"\" data-mec-postid=\"146616\" src=\"data:image\/gif;base64,R0lGODlhAQABAAAAACH5BAEKAAEALAAAAAABAAEAAAICTAEAOw==\" style=\"--smush-placeholder-width: 300px; --smush-placeholder-aspect-ratio: 300\/300;\" \/><noscript><img loading=\"lazy\" decoding=\"async\" width=\"300\" height=\"300\" src=\"https:\/\/msk.lodz.pl\/wp-content\/uploads\/2025\/08\/antropologia-300x300.png\" class=\"attachment-thumblist size-thumblist wp-post-image\" alt=\"\" data-mec-postid=\"146616\" \/><\/noscript><\/div><div class=\"mec-monthly-contents\" style=\"width: calc(100% - 85px)\"><div class=\"mec-event-time mec-color\"><i class=\"mec-sl-clock-o\"><\/i> 14:00 - 15:30<\/div><h4 class=\"mec-event-title\"><a class=\"mec-color-hover\" data-event-id=\"146616\" href=\"https:\/\/msk.lodz.pl\/en\/msk\/zasmakuj-swiata-zajecia-stale-dla-seniorow-kwiecien-2026\/?occurrence=2026-04-30\" target=\"_self\" rel=\"noopener\">ZASMAKUJ \u015aWIATA \/\/ zaj\u0119cia sta\u0142e dla senior\u00f3w \/\/ kwiecie\u0144 2026<\/a><span class=\"event-color\" style=\"background: #dd823b\"><\/span><\/h4><div class=\"mec-event-detail\">\r\n                        <div class=\"mec-event-loc-place\">MSK: Chojny, Youth Cultural Centre<\/div>\r\n                        \r\n                    <\/div><\/div><div style=\"clear:both\"><\/div><\/article><article class=\"mec-event-article\"><div class=\"mec-event-image\"><img loading=\"lazy\" decoding=\"async\" width=\"300\" height=\"300\" data-src=\"https:\/\/msk.lodz.pl\/wp-content\/uploads\/2025\/04\/do-strony-www-1424-x-1024-px1-300x300.png\" class=\"attachment-thumblist size-thumblist wp-post-image lazyload\" alt=\"\" data-mec-postid=\"144656\" src=\"data:image\/gif;base64,R0lGODlhAQABAAAAACH5BAEKAAEALAAAAAABAAEAAAICTAEAOw==\" style=\"--smush-placeholder-width: 300px; --smush-placeholder-aspect-ratio: 300\/300;\" \/><noscript><img loading=\"lazy\" decoding=\"async\" width=\"300\" height=\"300\" src=\"https:\/\/msk.lodz.pl\/wp-content\/uploads\/2025\/04\/do-strony-www-1424-x-1024-px1-300x300.png\" class=\"attachment-thumblist size-thumblist wp-post-image\" alt=\"\" data-mec-postid=\"144656\" \/><\/noscript><\/div><div class=\"mec-monthly-contents\" style=\"width: calc(100% - 85px)\"><div class=\"mec-event-time mec-color\"><i class=\"mec-sl-clock-o\"><\/i> 14:30 - 17:30<\/div><h4 class=\"mec-event-title\"><a class=\"mec-color-hover\" data-event-id=\"144656\" href=\"https:\/\/msk.lodz.pl\/en\/msk\/zajecia-instrumentalne-gitara-zajecia-stale-v-951-246-662-657-383-662-461-951\/?occurrence=2026-04-30\" target=\"_self\" rel=\"noopener\">Nauka gry na gitarze \/\/zaj\u0119cia sta\u0142e\/\/ D\u0105browa \/\/ kwiecie\u0144 2026<\/a><span class=\"event-color\" style=\"background: #e14d43\"><\/span><\/h4><div class=\"mec-event-detail\">\r\n                        <div class=\"mec-event-loc-place\">MSK: D\u0105browa, Klub D\u0105browa<\/div>\r\n                        \r\n                    <\/div><\/div><div style=\"clear:both\"><\/div><\/article><article class=\"mec-event-article\"><div class=\"mec-event-image\"><img loading=\"lazy\" decoding=\"async\" width=\"300\" height=\"300\" data-src=\"https:\/\/msk.lodz.pl\/wp-content\/uploads\/2024\/09\/4-1-300x300.jpg\" class=\"attachment-thumblist size-thumblist wp-post-image lazyload\" alt=\"\" data-mec-postid=\"143355\" src=\"data:image\/gif;base64,R0lGODlhAQABAAAAACH5BAEKAAEALAAAAAABAAEAAAICTAEAOw==\" style=\"--smush-placeholder-width: 300px; --smush-placeholder-aspect-ratio: 300\/300;\" \/><noscript><img loading=\"lazy\" decoding=\"async\" width=\"300\" height=\"300\" src=\"https:\/\/msk.lodz.pl\/wp-content\/uploads\/2024\/09\/4-1-300x300.jpg\" class=\"attachment-thumblist size-thumblist wp-post-image\" alt=\"\" data-mec-postid=\"143355\" \/><\/noscript><\/div><div class=\"mec-monthly-contents\" style=\"width: calc(100% - 85px)\"><div class=\"mec-event-time mec-color\"><i class=\"mec-sl-clock-o\"><\/i> 14:45 - 15:45<\/div><h4 class=\"mec-event-title\"><a class=\"mec-color-hover\" data-event-id=\"143355\" href=\"https:\/\/msk.lodz.pl\/en\/msk\/latinotoma-zajecia-stale-luty-184-535-703-181-983-950-419-655-167-473-436-736-516-971-189-809-769-561-679-275-146-909\/?occurrence=2026-04-30\" target=\"_self\" rel=\"noopener\">Latinotoma (zesp\u00f3\u0142 taneczny) \/\/ zaj\u0119cia sta\u0142e \/\/ IV 2026<\/a><span class=\"event-color\" style=\"background: #fdd700\"><\/span><\/h4><div class=\"mec-event-detail\">\r\n                        <div class=\"mec-event-loc-place\">MSK: Widzew Wsch\u00f3d, Dom Kultury \"502\"<\/div>\r\n                        \r\n                    <\/div><\/div><div style=\"clear:both\"><\/div><\/article><article class=\"mec-event-article\"><div class=\"mec-event-image\"><img loading=\"lazy\" decoding=\"async\" width=\"300\" height=\"300\" data-src=\"https:\/\/msk.lodz.pl\/wp-content\/uploads\/2025\/09\/gietki-jezyk-300x300.jpg\" class=\"attachment-thumblist size-thumblist wp-post-image lazyload\" alt=\"\" data-mec-postid=\"145142\" src=\"data:image\/gif;base64,R0lGODlhAQABAAAAACH5BAEKAAEALAAAAAABAAEAAAICTAEAOw==\" style=\"--smush-placeholder-width: 300px; --smush-placeholder-aspect-ratio: 300\/300;\" \/><noscript><img loading=\"lazy\" decoding=\"async\" width=\"300\" height=\"300\" src=\"https:\/\/msk.lodz.pl\/wp-content\/uploads\/2025\/09\/gietki-jezyk-300x300.jpg\" class=\"attachment-thumblist size-thumblist wp-post-image\" alt=\"\" data-mec-postid=\"145142\" \/><\/noscript><\/div><div class=\"mec-monthly-contents\" style=\"width: calc(100% - 85px)\"><div class=\"mec-event-time mec-color\"><i class=\"mec-sl-clock-o\"><\/i> 15:00 - 15:45<\/div><h4 class=\"mec-event-title\"><a class=\"mec-color-hover\" data-event-id=\"145142\" href=\"https:\/\/msk.lodz.pl\/en\/msk\/gimnastyka-umyslu-i-nie-tylko-914-635-740-550-615-477-397-146-220-626-179-610-315-941-883-603-554\/?occurrence=2026-04-30\" target=\"_self\" rel=\"noopener\">Gi\u0119tki j\u0119zyk &#8211; indywidualne zaj\u0119cia logopedyczne \/ kwiecie\u0144 2026<\/a> <span class=\"mec-event-title-soldout\"><span class=\"soldout\">Sold Out<\/span><\/span> <\/h4><div class=\"mec-event-detail\">\r\n                        <div class=\"mec-event-loc-place\">MSK: \u017babieniec, RONDO Animation and Revitalisation Centre<\/div>\r\n                        \r\n                    <\/div><\/div><div style=\"clear:both\"><\/div><\/article><article class=\"mec-event-article\"><div class=\"mec-event-image\"><img loading=\"lazy\" decoding=\"async\" width=\"300\" height=\"300\" data-src=\"https:\/\/msk.lodz.pl\/wp-content\/uploads\/2023\/08\/364213806_6386027864847001_262939063755503364_n-300x300.jpg\" class=\"attachment-thumblist size-thumblist wp-post-image lazyload\" alt=\"\" data-mec-postid=\"145773\" src=\"data:image\/gif;base64,R0lGODlhAQABAAAAACH5BAEKAAEALAAAAAABAAEAAAICTAEAOw==\" style=\"--smush-placeholder-width: 300px; --smush-placeholder-aspect-ratio: 300\/300;\" \/><noscript><img loading=\"lazy\" decoding=\"async\" width=\"300\" height=\"300\" data-src=\"https:\/\/msk.lodz.pl\/wp-content\/uploads\/2023\/08\/364213806_6386027864847001_262939063755503364_n-300x300.jpg\" class=\"attachment-thumblist size-thumblist wp-post-image lazyload\" alt=\"\" data-mec-postid=\"145773\" src=\"data:image\/gif;base64,R0lGODlhAQABAAAAACH5BAEKAAEALAAAAAABAAEAAAICTAEAOw==\" style=\"--smush-placeholder-width: 300px; --smush-placeholder-aspect-ratio: 300\/300;\" \/><noscript><img loading=\"lazy\" decoding=\"async\" width=\"300\" height=\"300\" src=\"https:\/\/msk.lodz.pl\/wp-content\/uploads\/2023\/08\/364213806_6386027864847001_262939063755503364_n-300x300.jpg\" class=\"attachment-thumblist size-thumblist wp-post-image\" alt=\"\" data-mec-postid=\"145773\" \/><\/noscript><\/noscript><\/div><div class=\"mec-monthly-contents\" style=\"width: calc(100% - 85px)\"><div class=\"mec-event-time mec-color\"><i class=\"mec-sl-clock-o\"><\/i> 15:00 - 20:00<\/div><h4 class=\"mec-event-title\"><a class=\"mec-color-hover\" data-event-id=\"145773\" href=\"https:\/\/msk.lodz.pl\/en\/msk\/studio-piosenki-melange-zajecia-stale-iv-2\/?occurrence=2026-04-30\" target=\"_self\" rel=\"noopener\">Studio Piosenki MELANGE \/\/ zaj\u0119cia sta\u0142e \/\/ IV<\/a><span class=\"event-color\" style=\"background: #e14d43\"><\/span><\/h4><div class=\"mec-event-detail\">\r\n                        <div class=\"mec-event-loc-place\">MSK: Teofil\u00f3w, Lutnia Creative Centre<\/div>\r\n                        \r\n                    <\/div><\/div><div style=\"clear:both\"><\/div><\/article><article class=\"mec-event-article\"><div class=\"mec-event-image\"><img loading=\"lazy\" decoding=\"async\" width=\"300\" height=\"300\" data-src=\"https:\/\/msk.lodz.pl\/wp-content\/uploads\/2023\/09\/Kopia-Kopia-Kopia-6-300x300.png\" class=\"attachment-thumblist size-thumblist wp-post-image lazyload\" alt=\"\" data-mec-postid=\"145925\" src=\"data:image\/gif;base64,R0lGODlhAQABAAAAACH5BAEKAAEALAAAAAABAAEAAAICTAEAOw==\" style=\"--smush-placeholder-width: 300px; --smush-placeholder-aspect-ratio: 300\/300;\" \/><noscript><img loading=\"lazy\" decoding=\"async\" width=\"300\" height=\"300\" src=\"https:\/\/msk.lodz.pl\/wp-content\/uploads\/2023\/09\/Kopia-Kopia-Kopia-6-300x300.png\" class=\"attachment-thumblist size-thumblist wp-post-image\" alt=\"\" data-mec-postid=\"145925\" \/><\/noscript><\/div><div class=\"mec-monthly-contents\" style=\"width: calc(100% - 85px)\"><div class=\"mec-event-time mec-color\"><i class=\"mec-sl-clock-o\"><\/i> 15:00 - 20:00<\/div><h4 class=\"mec-event-title\"><a class=\"mec-color-hover\" data-event-id=\"145925\" href=\"https:\/\/msk.lodz.pl\/en\/msk\/vocal-masters-studio-wokalu-estradowego-zajecia-stale-ii-529-305-154-572-678-355-786\/?occurrence=2026-04-30\" target=\"_self\" rel=\"noopener\">&#8222;VOCAL MASTERS&#8221;- NAUKA WOKALU ESTRADOWEGO\/\/ZAJ\u0118CIA STA\u0141E\/\/KWIECIE\u0143 2026<\/a><span class=\"event-color\" style=\"background: #e14d43\"><\/span><\/h4><div class=\"mec-event-detail\">\r\n                        <div class=\"mec-event-loc-place\">MSK: \u017bubard\u017a, Cultural Education Centre on \u017bubardzka Street<\/div>\r\n                        \r\n                    <\/div><\/div><div style=\"clear:both\"><\/div><\/article><article class=\"mec-event-article\"><div class=\"mec-event-image\"><img loading=\"lazy\" decoding=\"async\" width=\"300\" height=\"300\" data-src=\"https:\/\/msk.lodz.pl\/wp-content\/uploads\/2024\/02\/perkusja--300x300.png\" class=\"attachment-thumblist size-thumblist wp-post-image lazyload\" alt=\"\" data-mec-postid=\"145936\" src=\"data:image\/gif;base64,R0lGODlhAQABAAAAACH5BAEKAAEALAAAAAABAAEAAAICTAEAOw==\" style=\"--smush-placeholder-width: 300px; --smush-placeholder-aspect-ratio: 300\/300;\" \/><noscript><img loading=\"lazy\" decoding=\"async\" width=\"300\" height=\"300\" data-src=\"https:\/\/msk.lodz.pl\/wp-content\/uploads\/2024\/02\/perkusja--300x300.png\" class=\"attachment-thumblist size-thumblist wp-post-image lazyload\" alt=\"\" data-mec-postid=\"145936\" src=\"data:image\/gif;base64,R0lGODlhAQABAAAAACH5BAEKAAEALAAAAAABAAEAAAICTAEAOw==\" style=\"--smush-placeholder-width: 300px; --smush-placeholder-aspect-ratio: 300\/300;\" \/><noscript><img loading=\"lazy\" decoding=\"async\" width=\"300\" height=\"300\" src=\"https:\/\/msk.lodz.pl\/wp-content\/uploads\/2024\/02\/perkusja--300x300.png\" class=\"attachment-thumblist size-thumblist wp-post-image\" alt=\"\" data-mec-postid=\"145936\" \/><\/noscript><\/noscript><\/div><div class=\"mec-monthly-contents\" style=\"width: calc(100% - 85px)\"><div class=\"mec-event-time mec-color\"><i class=\"mec-sl-clock-o\"><\/i> 15:00 - 20:00<\/div><h4 class=\"mec-event-title\"><a class=\"mec-color-hover\" data-event-id=\"145936\" href=\"https:\/\/msk.lodz.pl\/en\/msk\/nauka-gry-na-ukulele-zajecia-stale-wrzesien-2025-2-106-651-412-583-118-248-815\/?occurrence=2026-04-30\" target=\"_self\" rel=\"noopener\">NAUKA GRY NA PERKUSJI \/\/ ZAJ\u0118CIA STA\u0141E\/\/ KWIECIE\u0143 2026<\/a><span class=\"event-color\" style=\"background: #e14d43\"><\/span><\/h4><div class=\"mec-event-detail\">\r\n                        <div class=\"mec-event-loc-place\">MSK: \u017bubard\u017a, Cultural Education Centre on \u017bubardzka Street<\/div>\r\n                        \r\n                    <\/div><\/div><div style=\"clear:both\"><\/div><\/article><article class=\"mec-event-article\"><div class=\"mec-event-image\"><img loading=\"lazy\" decoding=\"async\" width=\"300\" height=\"300\" data-src=\"https:\/\/msk.lodz.pl\/wp-content\/uploads\/2023\/07\/www-1-1-300x300.png\" class=\"attachment-thumblist size-thumblist wp-post-image lazyload\" alt=\"\" data-mec-postid=\"146262\" src=\"data:image\/gif;base64,R0lGODlhAQABAAAAACH5BAEKAAEALAAAAAABAAEAAAICTAEAOw==\" style=\"--smush-placeholder-width: 300px; --smush-placeholder-aspect-ratio: 300\/300;\" \/><noscript><img loading=\"lazy\" decoding=\"async\" width=\"300\" height=\"300\" src=\"https:\/\/msk.lodz.pl\/wp-content\/uploads\/2023\/07\/www-1-1-300x300.png\" class=\"attachment-thumblist size-thumblist wp-post-image\" alt=\"\" data-mec-postid=\"146262\" \/><\/noscript><\/div><div class=\"mec-monthly-contents\" style=\"width: calc(100% - 85px)\"><div class=\"mec-event-time mec-color\"><i class=\"mec-sl-clock-o\"><\/i> 15:00 - 16:30<\/div><h4 class=\"mec-event-title\"><a class=\"mec-color-hover\" data-event-id=\"146262\" href=\"https:\/\/msk.lodz.pl\/en\/msk\/ceramika-seniorzy-marzec-2026-813\/?occurrence=2026-04-30\" target=\"_self\" rel=\"noopener\">Ceramika dla senior\u00f3w \/\/ zaj\u0119cia sta\u0142e \/\/ Kwiecie\u0144 2026<\/a><span class=\"event-color\" style=\"background: #fdd700\"><\/span><\/h4><div class=\"mec-event-detail\">\r\n                        <div class=\"mec-event-loc-place\">MSK: Upper, Upper Centre<\/div>\r\n                        \r\n                    <\/div><\/div><div style=\"clear:both\"><\/div><\/article><article class=\"mec-event-article\"><div class=\"mec-event-image\"><img loading=\"lazy\" decoding=\"async\" width=\"300\" height=\"300\" data-src=\"https:\/\/msk.lodz.pl\/wp-content\/uploads\/2024\/12\/462648184_1485339152868985_8803448760212739279_n-300x300.jpg\" class=\"attachment-thumblist size-thumblist wp-post-image lazyload\" alt=\"\" data-mec-postid=\"108824\" src=\"data:image\/gif;base64,R0lGODlhAQABAAAAACH5BAEKAAEALAAAAAABAAEAAAICTAEAOw==\" style=\"--smush-placeholder-width: 300px; --smush-placeholder-aspect-ratio: 300\/300;\" \/><noscript><img loading=\"lazy\" decoding=\"async\" width=\"300\" height=\"300\" data-src=\"https:\/\/msk.lodz.pl\/wp-content\/uploads\/2024\/12\/462648184_1485339152868985_8803448760212739279_n-300x300.jpg\" class=\"attachment-thumblist size-thumblist wp-post-image lazyload\" alt=\"\" data-mec-postid=\"108824\" src=\"data:image\/gif;base64,R0lGODlhAQABAAAAACH5BAEKAAEALAAAAAABAAEAAAICTAEAOw==\" style=\"--smush-placeholder-width: 300px; --smush-placeholder-aspect-ratio: 300\/300;\" \/><noscript><img loading=\"lazy\" decoding=\"async\" width=\"300\" height=\"300\" src=\"https:\/\/msk.lodz.pl\/wp-content\/uploads\/2024\/12\/462648184_1485339152868985_8803448760212739279_n-300x300.jpg\" class=\"attachment-thumblist size-thumblist wp-post-image\" alt=\"\" data-mec-postid=\"108824\" \/><\/noscript><\/noscript><\/div><div class=\"mec-monthly-contents\" style=\"width: calc(100% - 85px)\"><div class=\"mec-event-time mec-color\"><i class=\"mec-sl-clock-o\"><\/i> 16:00 - 18:00<\/div><h4 class=\"mec-event-title\"><a class=\"mec-color-hover\" data-event-id=\"108824\" href=\"https:\/\/msk.lodz.pl\/en\/msk\/orkiestra-instrumentow-perkusyjnych-maly-big-band-zajecia-stale-2\/?occurrence=2026-04-30\" target=\"_self\" rel=\"noopener\">Orkiestra Instrument\u00f3w Perkusyjnych MA\u0141Y BIG BAND \/\/ zaj\u0119cia sta\u0142e<\/a><span class=\"event-color\" style=\"background: #30f2eb\"><\/span><\/h4><div class=\"mec-event-detail\">\r\n                        <div class=\"mec-event-loc-place\">MSK: Teofil\u00f3w, Lutnia Creative Centre<\/div>\r\n                        \r\n                    <\/div><\/div><div style=\"clear:both\"><\/div><\/article><article class=\"mec-event-article\"><div class=\"mec-event-image\"><img loading=\"lazy\" decoding=\"async\" width=\"300\" height=\"300\" data-src=\"https:\/\/msk.lodz.pl\/wp-content\/uploads\/2024\/09\/4-1-300x300.jpg\" class=\"attachment-thumblist size-thumblist wp-post-image lazyload\" alt=\"\" data-mec-postid=\"143114\" src=\"data:image\/gif;base64,R0lGODlhAQABAAAAACH5BAEKAAEALAAAAAABAAEAAAICTAEAOw==\" style=\"--smush-placeholder-width: 300px; --smush-placeholder-aspect-ratio: 300\/300;\" \/><noscript><img loading=\"lazy\" decoding=\"async\" width=\"300\" height=\"300\" src=\"https:\/\/msk.lodz.pl\/wp-content\/uploads\/2024\/09\/4-1-300x300.jpg\" class=\"attachment-thumblist size-thumblist wp-post-image\" alt=\"\" data-mec-postid=\"143114\" \/><\/noscript><\/div><div class=\"mec-monthly-contents\" style=\"width: calc(100% - 85px)\"><div class=\"mec-event-time mec-color\"><i class=\"mec-sl-clock-o\"><\/i> 16:00 - 17:00<\/div><h4 class=\"mec-event-title\"><a class=\"mec-color-hover\" data-event-id=\"143114\" href=\"https:\/\/msk.lodz.pl\/en\/msk\/taniec-dla-seniorow-gr-1-zajecia-stale-701-878-614-286-810-800-430-666-353-768-569-502-239-984-480-460-811-702-652-941-423-423-228-216-641-620-867-252-185-920\/?occurrence=2026-04-30\" target=\"_self\" rel=\"noopener\">Taniec dla senior\u00f3w \/ gr. 4 \/\/ zaj\u0119cia sta\u0142e \/\/ IV 2026<\/a><span class=\"event-color\" style=\"background: #e14d43\"><\/span><\/h4><div class=\"mec-event-detail\">\r\n                        <div class=\"mec-event-loc-place\">MSK: Widzew Wsch\u00f3d, Dom Kultury \"502\"<\/div>\r\n                        \r\n                    <\/div><\/div><div style=\"clear:both\"><\/div><\/article><article class=\"mec-event-article\"><div class=\"mec-event-image\"><img loading=\"lazy\" decoding=\"async\" width=\"300\" height=\"300\" data-src=\"https:\/\/msk.lodz.pl\/wp-content\/uploads\/2025\/02\/11-300x300.png\" class=\"attachment-thumblist size-thumblist wp-post-image lazyload\" alt=\"\" data-mec-postid=\"143378\" src=\"data:image\/gif;base64,R0lGODlhAQABAAAAACH5BAEKAAEALAAAAAABAAEAAAICTAEAOw==\" style=\"--smush-placeholder-width: 300px; --smush-placeholder-aspect-ratio: 300\/300;\" \/><noscript><img loading=\"lazy\" decoding=\"async\" width=\"300\" height=\"300\" src=\"https:\/\/msk.lodz.pl\/wp-content\/uploads\/2025\/02\/11-300x300.png\" class=\"attachment-thumblist size-thumblist wp-post-image\" alt=\"\" data-mec-postid=\"143378\" \/><\/noscript><\/div><div class=\"mec-monthly-contents\" style=\"width: calc(100% - 85px)\"><div class=\"mec-event-time mec-color\"><i class=\"mec-sl-clock-o\"><\/i> 16:00 - 17:00<\/div><h4 class=\"mec-event-title\"><a class=\"mec-color-hover\" data-event-id=\"143378\" href=\"https:\/\/msk.lodz.pl\/en\/msk\/angielski-a1-a1-352-221-726-820-146-751-367\/?occurrence=2026-04-30\" target=\"_self\" rel=\"noopener\">J\u0119zyk angielski dla dzieci &#8211; poziom A1 i A1+ \/\/ zaj\u0119cia sta\u0142e \/\/ IV 2026<\/a> <span class=\"mec-event-title-soldout\"><span class=\"soldout\">Sold Out<\/span><\/span> <span class=\"event-color\" style=\"background: #fdd700\"><\/span><\/h4><div class=\"mec-event-detail\">\r\n                        <div class=\"mec-event-loc-place\">MSK: Widzew Wsch\u00f3d, Dom Kultury \"502\"<\/div>\r\n                        \r\n                    <\/div><\/div><div style=\"clear:both\"><\/div><\/article><article class=\"mec-event-article\"><div class=\"mec-event-image\"><img loading=\"lazy\" decoding=\"async\" width=\"300\" height=\"300\" data-src=\"https:\/\/msk.lodz.pl\/wp-content\/uploads\/2025\/08\/akordeon_zajecia-300x300.jpg\" class=\"attachment-thumblist size-thumblist wp-post-image lazyload\" alt=\"\" data-mec-postid=\"145266\" src=\"data:image\/gif;base64,R0lGODlhAQABAAAAACH5BAEKAAEALAAAAAABAAEAAAICTAEAOw==\" style=\"--smush-placeholder-width: 300px; --smush-placeholder-aspect-ratio: 300\/300;\" \/><noscript><img loading=\"lazy\" decoding=\"async\" width=\"300\" height=\"300\" src=\"https:\/\/msk.lodz.pl\/wp-content\/uploads\/2025\/08\/akordeon_zajecia-300x300.jpg\" class=\"attachment-thumblist size-thumblist wp-post-image\" alt=\"\" data-mec-postid=\"145266\" \/><\/noscript><\/div><div class=\"mec-monthly-contents\" style=\"width: calc(100% - 85px)\"><div class=\"mec-event-time mec-color\"><i class=\"mec-sl-clock-o\"><\/i> 16:00 - 17:00<\/div><h4 class=\"mec-event-title\"><a class=\"mec-color-hover\" data-event-id=\"145266\" href=\"https:\/\/msk.lodz.pl\/en\/msk\/profesjonalna-nauka-gry-na-gitarze-eklektycznej-akustycznej-klasycznej-zajecia-stale-ix-kopia-398-757-343-871-603-384-241-674-627-468-859-201-306-409-468\/?occurrence=2026-04-30\" target=\"_self\" rel=\"noopener\">Nauka gry na akordeonie \/\/ zaj\u0119cia sta\u0142e \/\/ kwiecie\u0144 2026<\/a><\/h4><div class=\"mec-event-detail\">\r\n                        <div class=\"mec-event-loc-place\">MSK: \u017babieniec, RONDO Animation and Revitalisation Centre<\/div>\r\n                        \r\n                    <\/div><\/div><div style=\"clear:both\"><\/div><\/article><article class=\"mec-event-article\"><div class=\"mec-event-image\"><img loading=\"lazy\" decoding=\"async\" width=\"300\" height=\"300\" data-src=\"https:\/\/msk.lodz.pl\/wp-content\/uploads\/2025\/09\/Pracownia-Plastyczna-Z-grupa-III-300x300.jpg\" class=\"attachment-thumblist size-thumblist wp-post-image lazyload\" alt=\"\" data-mec-postid=\"145944\" src=\"data:image\/gif;base64,R0lGODlhAQABAAAAACH5BAEKAAEALAAAAAABAAEAAAICTAEAOw==\" style=\"--smush-placeholder-width: 300px; --smush-placeholder-aspect-ratio: 300\/300;\" \/><noscript><img loading=\"lazy\" decoding=\"async\" width=\"300\" height=\"300\" src=\"https:\/\/msk.lodz.pl\/wp-content\/uploads\/2025\/09\/Pracownia-Plastyczna-Z-grupa-III-300x300.jpg\" class=\"attachment-thumblist size-thumblist wp-post-image\" alt=\"\" data-mec-postid=\"145944\" \/><\/noscript><\/div><div class=\"mec-monthly-contents\" style=\"width: calc(100% - 85px)\"><div class=\"mec-event-time mec-color\"><i class=\"mec-sl-clock-o\"><\/i> 16:00 - 17:30<\/div><h4 class=\"mec-event-title\"><a class=\"mec-color-hover\" data-event-id=\"145944\" href=\"https:\/\/msk.lodz.pl\/en\/msk\/pracownia-plastyczna-z-grupa-iii11-13-lat-pazdziernik-2025-882-162-923-500-575-396\/?occurrence=2026-04-30\" target=\"_self\" rel=\"noopener\">PRACOWNIA PLASTYCZNA &#8222;\u017b&#8221;\/\/GRUPA III(9-11 lat)\/\/KWIECIE\u0143 2026<\/a><span class=\"event-color\" style=\"background: #a3b745\"><\/span><\/h4><div class=\"mec-event-detail\">\r\n                        <div class=\"mec-event-loc-place\">MSK: \u017bubard\u017a, Cultural Education Centre on \u017bubardzka Street<\/div>\r\n                        \r\n                    <\/div><\/div><div style=\"clear:both\"><\/div><\/article><article class=\"mec-event-article\"><div class=\"mec-event-image\"><img loading=\"lazy\" decoding=\"async\" width=\"300\" height=\"300\" data-src=\"https:\/\/msk.lodz.pl\/wp-content\/uploads\/2025\/08\/RYSUNE-300x300.png\" class=\"attachment-thumblist size-thumblist wp-post-image lazyload\" alt=\"\" data-mec-postid=\"146309\" src=\"data:image\/gif;base64,R0lGODlhAQABAAAAACH5BAEKAAEALAAAAAABAAEAAAICTAEAOw==\" style=\"--smush-placeholder-width: 300px; --smush-placeholder-aspect-ratio: 300\/300;\" \/><noscript><img loading=\"lazy\" decoding=\"async\" width=\"300\" height=\"300\" data-src=\"https:\/\/msk.lodz.pl\/wp-content\/uploads\/2025\/08\/RYSUNE-300x300.png\" class=\"attachment-thumblist size-thumblist wp-post-image lazyload\" alt=\"\" data-mec-postid=\"146309\" src=\"data:image\/gif;base64,R0lGODlhAQABAAAAACH5BAEKAAEALAAAAAABAAEAAAICTAEAOw==\" style=\"--smush-placeholder-width: 300px; --smush-placeholder-aspect-ratio: 300\/300;\" \/><noscript><img loading=\"lazy\" decoding=\"async\" width=\"300\" height=\"300\" src=\"https:\/\/msk.lodz.pl\/wp-content\/uploads\/2025\/08\/RYSUNE-300x300.png\" class=\"attachment-thumblist size-thumblist wp-post-image\" alt=\"\" data-mec-postid=\"146309\" \/><\/noscript><\/noscript><\/div><div class=\"mec-monthly-contents\" style=\"width: calc(100% - 85px)\"><div class=\"mec-event-time mec-color\"><i class=\"mec-sl-clock-o\"><\/i> 16:00 - 16:45<\/div><h4 class=\"mec-event-title\"><a class=\"mec-color-hover\" data-event-id=\"146309\" href=\"https:\/\/msk.lodz.pl\/en\/msk\/mix-taneczny-zajecia-taneczne-dla-dzieci-4-6-lat-zajecia-stale-kwiecien-2026\/?occurrence=2026-04-30\" target=\"_self\" rel=\"noopener\">MIX TANECZNY \/\/ zaj\u0119cia taneczne dla dzieci 4-6 lat \/\/ zaj\u0119cia sta\u0142e \/\/ kwiecie\u0144 2026<\/a><span class=\"event-color\" style=\"background: #dd823b\"><\/span><\/h4><div class=\"mec-event-detail\">\r\n                        <div class=\"mec-event-loc-place\">MSK: Chojny, Youth Cultural Centre<\/div>\r\n                        \r\n                    <\/div><\/div><div style=\"clear:both\"><\/div><\/article><article class=\"mec-event-article\"><div class=\"mec-event-image\"><img loading=\"lazy\" decoding=\"async\" width=\"300\" height=\"300\" data-src=\"https:\/\/msk.lodz.pl\/wp-content\/uploads\/2025\/08\/rozmiar-grafiki-na-strone-grupy-zorganizowane-2-2-300x300.png\" class=\"attachment-thumblist size-thumblist wp-post-image lazyload\" alt=\"\" data-mec-postid=\"139732\" src=\"data:image\/gif;base64,R0lGODlhAQABAAAAACH5BAEKAAEALAAAAAABAAEAAAICTAEAOw==\" style=\"--smush-placeholder-width: 300px; --smush-placeholder-aspect-ratio: 300\/300;\" \/><noscript><img loading=\"lazy\" decoding=\"async\" width=\"300\" height=\"300\" src=\"https:\/\/msk.lodz.pl\/wp-content\/uploads\/2025\/08\/rozmiar-grafiki-na-strone-grupy-zorganizowane-2-2-300x300.png\" class=\"attachment-thumblist size-thumblist wp-post-image\" alt=\"\" data-mec-postid=\"139732\" \/><\/noscript><\/div><div class=\"mec-monthly-contents\" style=\"width: calc(100% - 85px)\"><div class=\"mec-event-time mec-color\"><i class=\"mec-sl-clock-o\"><\/i> 16:30 - 17:30<\/div><h4 class=\"mec-event-title\"><a class=\"mec-color-hover\" data-event-id=\"139732\" href=\"https:\/\/msk.lodz.pl\/en\/msk\/pracownia-plastyczna-kreska-zajecia-stale-iv-26-wk\/?occurrence=2026-04-30\" target=\"_self\" rel=\"noopener\">Pracownia plastyczna KRESKA \/\/ zaj\u0119cia sta\u0142e \/\/ IV 26 \/\/ wk<\/a><\/h4><div class=\"mec-event-detail\">\r\n                        <div class=\"mec-event-loc-place\">MSK: Radogoszcz, Island of Culture Centre<\/div>\r\n                        \r\n                    <\/div><\/div><div style=\"clear:both\"><\/div><\/article><article class=\"mec-event-article\"><div class=\"mec-event-image\"><\/div><div class=\"mec-monthly-contents\" style=\"width: 100%\"><div class=\"mec-event-time mec-color\"><i class=\"mec-sl-clock-o\"><\/i> 16:30 - 17:30<\/div><h4 class=\"mec-event-title\"><a class=\"mec-color-hover\" data-event-id=\"145948\" href=\"https:\/\/msk.lodz.pl\/en\/msk\/capoeira-zajecia-stale-wrzesien-2025-558-348-253-789-648-831\/?occurrence=2026-04-30\" target=\"_self\" rel=\"noopener\">CAPOEIRA- DZIECI 5-10 LAT\/\/ZAJ\u0118CIA STA\u0141E\/\/KWIECIE\u0143 2026<\/a><span class=\"event-color\" style=\"background: #a3b745\"><\/span><\/h4><div class=\"mec-event-detail\">\r\n                        <div class=\"mec-event-loc-place\">MSK: \u017bubard\u017a, Cultural Education Centre on \u017bubardzka Street<\/div>\r\n                        \r\n                    <\/div><\/div><div style=\"clear:both\"><\/div><\/article><article class=\"mec-event-article\"><div class=\"mec-event-image\"><img loading=\"lazy\" decoding=\"async\" width=\"300\" height=\"300\" data-src=\"https:\/\/msk.lodz.pl\/wp-content\/uploads\/2025\/08\/9-300x300.png\" class=\"attachment-thumblist size-thumblist wp-post-image lazyload\" alt=\"\" data-mec-postid=\"146310\" src=\"data:image\/gif;base64,R0lGODlhAQABAAAAACH5BAEKAAEALAAAAAABAAEAAAICTAEAOw==\" style=\"--smush-placeholder-width: 300px; --smush-placeholder-aspect-ratio: 300\/300;\" \/><noscript><img loading=\"lazy\" decoding=\"async\" width=\"300\" height=\"300\" src=\"https:\/\/msk.lodz.pl\/wp-content\/uploads\/2025\/08\/9-300x300.png\" class=\"attachment-thumblist size-thumblist wp-post-image\" alt=\"\" data-mec-postid=\"146310\" \/><\/noscript><\/div><div class=\"mec-monthly-contents\" style=\"width: calc(100% - 85px)\"><div class=\"mec-event-time mec-color\"><i class=\"mec-sl-clock-o\"><\/i> 16:30 - 18:00<\/div><h4 class=\"mec-event-title\"><a class=\"mec-color-hover\" data-event-id=\"146310\" href=\"https:\/\/msk.lodz.pl\/en\/msk\/tu-teraz-teatr-zajecia-teatralne-dla-dzieci-7-11-lat-zajecia-stale-kwiecien-2026\/?occurrence=2026-04-30\" target=\"_self\" rel=\"noopener\">TU TERAZ TEATR \/\/ zaj\u0119cia teatralne dla dzieci 7-11 lat \/\/ zaj\u0119cia sta\u0142e \/\/ kwiecie\u0144 2026<\/a><span class=\"event-color\" style=\"background: #dd823b\"><\/span><\/h4><div class=\"mec-event-detail\">\r\n                        <div class=\"mec-event-loc-place\">MSK: Chojny, Youth Cultural Centre<\/div>\r\n                        \r\n                    <\/div><\/div><div style=\"clear:both\"><\/div><\/article><article class=\"mec-event-article\"><div class=\"mec-event-image\"><img loading=\"lazy\" decoding=\"async\" width=\"300\" height=\"300\" data-src=\"https:\/\/msk.lodz.pl\/wp-content\/uploads\/2025\/08\/plastyka-300x300.png\" class=\"attachment-thumblist size-thumblist wp-post-image lazyload\" alt=\"\" data-mec-postid=\"146615\" src=\"data:image\/gif;base64,R0lGODlhAQABAAAAACH5BAEKAAEALAAAAAABAAEAAAICTAEAOw==\" style=\"--smush-placeholder-width: 300px; --smush-placeholder-aspect-ratio: 300\/300;\" \/><noscript><img loading=\"lazy\" decoding=\"async\" width=\"300\" height=\"300\" src=\"https:\/\/msk.lodz.pl\/wp-content\/uploads\/2025\/08\/plastyka-300x300.png\" class=\"attachment-thumblist size-thumblist wp-post-image\" alt=\"\" data-mec-postid=\"146615\" \/><\/noscript><\/div><div class=\"mec-monthly-contents\" style=\"width: calc(100% - 85px)\"><div class=\"mec-event-time mec-color\"><i class=\"mec-sl-clock-o\"><\/i> 16:30 - 18:00<\/div><h4 class=\"mec-event-title\"><a class=\"mec-color-hover\" data-event-id=\"146615\" href=\"https:\/\/msk.lodz.pl\/en\/msk\/pracownia-sztuki-grupa-i-zajecia-plastyczne-dla-mlodziezy-11-17-lat-zajecia-stale-kwiecien-2026\/?occurrence=2026-04-30\" target=\"_self\" rel=\"noopener\">PRACOWNIA SZTUKI GRUPA I\/\/ zaj\u0119cia plastyczne dla m\u0142odzie\u017cy 11 &#8211; 17 lat \/\/ zaj\u0119cia sta\u0142e \/\/ kwiecie\u0144 2026<\/a><span class=\"event-color\" style=\"background: #dd823b\"><\/span><\/h4><div class=\"mec-event-detail\">\r\n                        <div class=\"mec-event-loc-place\">MSK: Chojny, Youth Cultural Centre<\/div>\r\n                        \r\n                    <\/div><\/div><div style=\"clear:both\"><\/div><\/article><article class=\"mec-event-article\"><div class=\"mec-event-image\"><img loading=\"lazy\" decoding=\"async\" width=\"300\" height=\"300\" data-src=\"https:\/\/msk.lodz.pl\/wp-content\/uploads\/2023\/07\/serce-300x300.png\" class=\"attachment-thumblist size-thumblist wp-post-image lazyload\" alt=\"\" data-mec-postid=\"14158\" src=\"data:image\/gif;base64,R0lGODlhAQABAAAAACH5BAEKAAEALAAAAAABAAEAAAICTAEAOw==\" style=\"--smush-placeholder-width: 300px; --smush-placeholder-aspect-ratio: 300\/300;\" \/><noscript><img loading=\"lazy\" decoding=\"async\" width=\"300\" height=\"300\" src=\"https:\/\/msk.lodz.pl\/wp-content\/uploads\/2023\/07\/serce-300x300.png\" class=\"attachment-thumblist size-thumblist wp-post-image\" alt=\"\" data-mec-postid=\"14158\" \/><\/noscript><\/div><div class=\"mec-monthly-contents\" style=\"width: calc(100% - 85px)\"><div class=\"mec-event-time mec-color\"><i class=\"mec-sl-clock-o\"><\/i> 17:00 - 20:30<\/div><h4 class=\"mec-event-title\"><a class=\"mec-color-hover\" data-event-id=\"14158\" href=\"https:\/\/msk.lodz.pl\/en\/msk\/planszowkowa-retkinia\/?occurrence=2026-04-30\" target=\"_self\" rel=\"noopener\">Plansz\u00f3wkowa Retkinia<\/a><span class=\"event-color\" style=\"background: #e14d43\"><\/span><\/h4><div class=\"mec-event-detail\">\r\n                        <div class=\"mec-event-loc-place\">MSK: Polesie, Art Centre<\/div>\r\n                        \r\n                    <\/div><\/div><div style=\"clear:both\"><\/div><\/article><article class=\"mec-event-article\"><div class=\"mec-event-image\"><img loading=\"lazy\" decoding=\"async\" width=\"300\" height=\"300\" data-src=\"https:\/\/msk.lodz.pl\/wp-content\/uploads\/2024\/07\/3-300x300.png\" class=\"attachment-thumblist size-thumblist wp-post-image lazyload\" alt=\"\" data-mec-postid=\"56936\" src=\"data:image\/gif;base64,R0lGODlhAQABAAAAACH5BAEKAAEALAAAAAABAAEAAAICTAEAOw==\" style=\"--smush-placeholder-width: 300px; --smush-placeholder-aspect-ratio: 300\/300;\" \/><noscript><img loading=\"lazy\" decoding=\"async\" width=\"300\" height=\"300\" data-src=\"https:\/\/msk.lodz.pl\/wp-content\/uploads\/2024\/07\/3-300x300.png\" class=\"attachment-thumblist size-thumblist wp-post-image lazyload\" alt=\"\" data-mec-postid=\"56936\" src=\"data:image\/gif;base64,R0lGODlhAQABAAAAACH5BAEKAAEALAAAAAABAAEAAAICTAEAOw==\" style=\"--smush-placeholder-width: 300px; --smush-placeholder-aspect-ratio: 300\/300;\" \/><noscript><img loading=\"lazy\" decoding=\"async\" width=\"300\" height=\"300\" src=\"https:\/\/msk.lodz.pl\/wp-content\/uploads\/2024\/07\/3-300x300.png\" class=\"attachment-thumblist size-thumblist wp-post-image\" alt=\"\" data-mec-postid=\"56936\" \/><\/noscript><\/noscript><\/div><div class=\"mec-monthly-contents\" style=\"width: calc(100% - 85px)\"><div class=\"mec-event-time mec-color\"><i class=\"mec-sl-clock-o\"><\/i> 17:00 - 18:00<\/div><h4 class=\"mec-event-title\"><a class=\"mec-color-hover\" data-event-id=\"56936\" href=\"https:\/\/msk.lodz.pl\/en\/msk\/rytmika-a-dla-dzieci-4-6lat-zajecia-stale-ix-488-539-814-832-737-896-772-979-299-798-981-449-289-358-889-626-774-901-566-911-443-910-724-501-657-132-217-688-115-794-185-134-710-337-954-306-413\/?occurrence=2026-04-30\" target=\"_self\" rel=\"noopener\">Taniec ludowy -grupa II ( grupa zaawansowana, posiadaj\u0105ca postawy ta\u0144ca i \u015bpiewu)  \/ dla dzieci \/ 9-11 lat \/zaj\u0119cia sta\u0142e IV<\/a><span class=\"event-color\" style=\"background: #fdd700\"><\/span><\/h4><div class=\"mec-event-detail\">\r\n                        <div class=\"mec-event-loc-place\">MSK: Harnam, Harnam Centre<\/div>\r\n                        \r\n                    <\/div><\/div><div style=\"clear:both\"><\/div><\/article><article class=\"mec-event-article\"><div class=\"mec-event-image\"><img loading=\"lazy\" decoding=\"async\" width=\"300\" height=\"300\" data-src=\"https:\/\/msk.lodz.pl\/wp-content\/uploads\/2024\/08\/mala-anilana--300x300.png\" class=\"attachment-thumblist size-thumblist wp-post-image lazyload\" alt=\"\" data-mec-postid=\"134607\" src=\"data:image\/gif;base64,R0lGODlhAQABAAAAACH5BAEKAAEALAAAAAABAAEAAAICTAEAOw==\" style=\"--smush-placeholder-width: 300px; --smush-placeholder-aspect-ratio: 300\/300;\" \/><noscript><img loading=\"lazy\" decoding=\"async\" width=\"300\" height=\"300\" data-src=\"https:\/\/msk.lodz.pl\/wp-content\/uploads\/2024\/08\/mala-anilana--300x300.png\" class=\"attachment-thumblist size-thumblist wp-post-image lazyload\" alt=\"\" data-mec-postid=\"134607\" src=\"data:image\/gif;base64,R0lGODlhAQABAAAAACH5BAEKAAEALAAAAAABAAEAAAICTAEAOw==\" style=\"--smush-placeholder-width: 300px; --smush-placeholder-aspect-ratio: 300\/300;\" \/><noscript><img loading=\"lazy\" decoding=\"async\" width=\"300\" height=\"300\" src=\"https:\/\/msk.lodz.pl\/wp-content\/uploads\/2024\/08\/mala-anilana--300x300.png\" class=\"attachment-thumblist size-thumblist wp-post-image\" alt=\"\" data-mec-postid=\"134607\" \/><\/noscript><\/noscript><\/div><div class=\"mec-monthly-contents\" style=\"width: calc(100% - 85px)\"><div class=\"mec-event-time mec-color\"><i class=\"mec-sl-clock-o\"><\/i> 17:00 - 18:00<\/div><h4 class=\"mec-event-title\"><a class=\"mec-color-hover\" data-event-id=\"134607\" href=\"https:\/\/msk.lodz.pl\/en\/msk\/zespol-piesni-i-tanca-mala-anilana-zajecia-stale-iv-3\/?occurrence=2026-04-30\" target=\"_self\" rel=\"noopener\">Zesp\u00f3\u0142 Pie\u015bni i Ta\u0144ca Ma\u0142a Anilana \/\/ zaj\u0119cia sta\u0142e \/ IV<\/a><\/h4><div class=\"mec-event-detail\">\r\n                        <div class=\"mec-event-loc-place\">Liceum Og\u00f3lnokszta\u0142c\u0105ce nr XXIII im. ks. prof. J. Tischnera<\/div>\r\n                        \r\n                    <\/div><\/div><div style=\"clear:both\"><\/div><\/article><article class=\"mec-event-article\"><div class=\"mec-event-image\"><img loading=\"lazy\" decoding=\"async\" width=\"300\" height=\"300\" data-src=\"https:\/\/msk.lodz.pl\/wp-content\/uploads\/2025\/02\/11-300x300.png\" class=\"attachment-thumblist size-thumblist wp-post-image lazyload\" alt=\"\" data-mec-postid=\"143383\" src=\"data:image\/gif;base64,R0lGODlhAQABAAAAACH5BAEKAAEALAAAAAABAAEAAAICTAEAOw==\" style=\"--smush-placeholder-width: 300px; --smush-placeholder-aspect-ratio: 300\/300;\" \/><noscript><img loading=\"lazy\" decoding=\"async\" width=\"300\" height=\"300\" src=\"https:\/\/msk.lodz.pl\/wp-content\/uploads\/2025\/02\/11-300x300.png\" class=\"attachment-thumblist size-thumblist wp-post-image\" alt=\"\" data-mec-postid=\"143383\" \/><\/noscript><\/div><div class=\"mec-monthly-contents\" style=\"width: calc(100% - 85px)\"><div class=\"mec-event-time mec-color\"><i class=\"mec-sl-clock-o\"><\/i> 17:00 - 18:00<\/div><h4 class=\"mec-event-title\"><a class=\"mec-color-hover\" data-event-id=\"143383\" href=\"https:\/\/msk.lodz.pl\/en\/msk\/angielski-a2-264-914-919-814-951-943-225\/?occurrence=2026-04-30\" target=\"_self\" rel=\"noopener\">J\u0119zyk angielski dla dzieci &#8211; poziom A2 \/\/ zaj\u0119cia sta\u0142e \/\/ IV 2026<\/a> <span class=\"mec-event-title-soldout\"><span class=\"soldout\">Sold Out<\/span><\/span> <span class=\"event-color\" style=\"background: #fdd700\"><\/span><\/h4><div class=\"mec-event-detail\">\r\n                        <div class=\"mec-event-loc-place\">MSK: Widzew Wsch\u00f3d, Dom Kultury \"502\"<\/div>\r\n                        \r\n                    <\/div><\/div><div style=\"clear:both\"><\/div><\/article><article class=\"mec-event-article\"><div class=\"mec-event-image\"><img loading=\"lazy\" decoding=\"async\" width=\"300\" height=\"300\" data-src=\"https:\/\/msk.lodz.pl\/wp-content\/uploads\/2024\/09\/8-1-300x300.jpg\" class=\"attachment-thumblist size-thumblist wp-post-image lazyload\" alt=\"\" data-mec-postid=\"143410\" src=\"data:image\/gif;base64,R0lGODlhAQABAAAAACH5BAEKAAEALAAAAAABAAEAAAICTAEAOw==\" style=\"--smush-placeholder-width: 300px; --smush-placeholder-aspect-ratio: 300\/300;\" \/><noscript><img loading=\"lazy\" decoding=\"async\" width=\"300\" height=\"300\" src=\"https:\/\/msk.lodz.pl\/wp-content\/uploads\/2024\/09\/8-1-300x300.jpg\" class=\"attachment-thumblist size-thumblist wp-post-image\" alt=\"\" data-mec-postid=\"143410\" \/><\/noscript><\/div><div class=\"mec-monthly-contents\" style=\"width: calc(100% - 85px)\"><div class=\"mec-event-time mec-color\"><i class=\"mec-sl-clock-o\"><\/i> 17:00 - 18:30<\/div><h4 class=\"mec-event-title\"><a class=\"mec-color-hover\" data-event-id=\"143410\" href=\"https:\/\/msk.lodz.pl\/en\/msk\/warsztaty-szydelkowania-dla-poczatkujacych-zajecia-stale-luty-661-753-844-207-936-474-171-147-452-601-110-128-339-529-530-927-318-656-543-219-795-396-929\/?occurrence=2026-04-30\" target=\"_self\" rel=\"noopener\">Warsztaty szyde\u0142kowania\u00a0dla pocz\u0105tkuj\u0105cych &#8211; doro\u015bli \/\/ zaj\u0119cia sta\u0142e \/\/ IV 2026<\/a><span class=\"event-color\" style=\"background: #fdd700\"><\/span><\/h4><div class=\"mec-event-detail\">\r\n                        <div class=\"mec-event-loc-place\">MSK: Widzew Wsch\u00f3d, Dom Kultury \"502\"<\/div>\r\n                        \r\n                    <\/div><\/div><div style=\"clear:both\"><\/div><\/article><article class=\"mec-event-article\"><div class=\"mec-event-image\"><img loading=\"lazy\" decoding=\"async\" width=\"300\" height=\"300\" data-src=\"https:\/\/msk.lodz.pl\/wp-content\/uploads\/2023\/07\/ceramika-dorosli-300x300.png\" class=\"attachment-thumblist size-thumblist wp-post-image lazyload\" alt=\"M\u0142oda kobieta lepi z gliny kubek.\" data-mec-postid=\"144319\" src=\"data:image\/gif;base64,R0lGODlhAQABAAAAACH5BAEKAAEALAAAAAABAAEAAAICTAEAOw==\" style=\"--smush-placeholder-width: 300px; --smush-placeholder-aspect-ratio: 300\/300;\" \/><noscript><img loading=\"lazy\" decoding=\"async\" width=\"300\" height=\"300\" src=\"https:\/\/msk.lodz.pl\/wp-content\/uploads\/2023\/07\/ceramika-dorosli-300x300.png\" class=\"attachment-thumblist size-thumblist wp-post-image\" alt=\"M\u0142oda kobieta lepi z gliny kubek.\" data-mec-postid=\"144319\" \/><\/noscript><\/div><div class=\"mec-monthly-contents\" style=\"width: calc(100% - 85px)\"><div class=\"mec-event-time mec-color\"><i class=\"mec-sl-clock-o\"><\/i> 17:00 - 19:00<\/div><h4 class=\"mec-event-title\"><a class=\"mec-color-hover\" data-event-id=\"144319\" href=\"https:\/\/msk.lodz.pl\/en\/msk\/pracownia-ceramiki-zajecia-stale-iv-26-wk\/?occurrence=2026-04-30\" target=\"_self\" rel=\"noopener\">Pracownia ceramiki \/\/ zaj\u0119cia sta\u0142e \/\/ IV 26 \/\/ wk<\/a> <span class=\"mec-event-title-soldout\"><span class=\"soldout\">Sold Out<\/span><\/span> <span class=\"event-color\" style=\"background: #30f2eb\"><\/span><\/h4><div class=\"mec-event-detail\">\r\n                        <div class=\"mec-event-loc-place\">MSK: Radogoszcz, Island of Culture Centre<\/div>\r\n                        \r\n                    <\/div><\/div><div style=\"clear:both\"><\/div><\/article><article class=\"mec-event-article\"><div class=\"mec-event-image\"><img loading=\"lazy\" decoding=\"async\" width=\"300\" height=\"300\" data-src=\"https:\/\/msk.lodz.pl\/wp-content\/uploads\/2023\/07\/www-19-1-300x300.png\" class=\"attachment-thumblist size-thumblist wp-post-image lazyload\" alt=\"\" data-mec-postid=\"144746\" src=\"data:image\/gif;base64,R0lGODlhAQABAAAAACH5BAEKAAEALAAAAAABAAEAAAICTAEAOw==\" style=\"--smush-placeholder-width: 300px; --smush-placeholder-aspect-ratio: 300\/300;\" \/><noscript><img loading=\"lazy\" decoding=\"async\" width=\"300\" height=\"300\" src=\"https:\/\/msk.lodz.pl\/wp-content\/uploads\/2023\/07\/www-19-1-300x300.png\" class=\"attachment-thumblist size-thumblist wp-post-image\" alt=\"\" data-mec-postid=\"144746\" \/><\/noscript><\/div><div class=\"mec-monthly-contents\" style=\"width: calc(100% - 85px)\"><div class=\"mec-event-time mec-color\"><i class=\"mec-sl-clock-o\"><\/i> 17:00 - 18:00<\/div><h4 class=\"mec-event-title\"><a class=\"mec-color-hover\" data-event-id=\"144746\" href=\"https:\/\/msk.lodz.pl\/en\/msk\/zajecia-taneczne-dla-dzieci-grupa-i-zajecia-stale-i-948-405-455-640-156-725-144-354-186-885-155\/?occurrence=2026-04-30\" target=\"_self\" rel=\"noopener\">Mix taneczny dla dzieci (grupa 5-6 lat) \/\/ D\u0105browa \/\/ zaj\u0119cia sta\u0142e \/\/ kwiecie\u0144 2026<\/a><\/h4><div class=\"mec-event-detail\">\r\n                        <div class=\"mec-event-loc-place\">MSK: D\u0105browa, Klub D\u0105browa<\/div>\r\n                        \r\n                    <\/div><\/div><div style=\"clear:both\"><\/div><\/article><article class=\"mec-event-article\"><div class=\"mec-event-image\"><img loading=\"lazy\" decoding=\"async\" width=\"300\" height=\"300\" data-src=\"https:\/\/msk.lodz.pl\/wp-content\/uploads\/2026\/03\/Naglowek-2-300x300.png\" class=\"attachment-thumblist size-thumblist wp-post-image lazyload\" alt=\"\" data-mec-postid=\"145114\" src=\"data:image\/gif;base64,R0lGODlhAQABAAAAACH5BAEKAAEALAAAAAABAAEAAAICTAEAOw==\" style=\"--smush-placeholder-width: 300px; --smush-placeholder-aspect-ratio: 300\/300;\" \/><noscript><img loading=\"lazy\" decoding=\"async\" width=\"300\" height=\"300\" src=\"https:\/\/msk.lodz.pl\/wp-content\/uploads\/2026\/03\/Naglowek-2-300x300.png\" class=\"attachment-thumblist size-thumblist wp-post-image\" alt=\"\" data-mec-postid=\"145114\" \/><\/noscript><\/div><div class=\"mec-monthly-contents\" style=\"width: calc(100% - 85px)\"><div class=\"mec-event-time mec-color\"><i class=\"mec-sl-clock-o\"><\/i> 17:00 - 18:30<\/div><h4 class=\"mec-event-title\"><a class=\"mec-color-hover\" data-event-id=\"145114\" href=\"https:\/\/msk.lodz.pl\/en\/msk\/moj-zmyslostan-zajecia-stale-kwiecien-2026\/?occurrence=2026-04-30&#038;time=1777568400\" target=\"_self\" rel=\"noopener\">M\u00d3J ZMYS\u0141OSTAN\/\/ zaj\u0119cia sta\u0142e\/\/ kwiecie\u0144 2026<\/a><span class=\"event-color\" style=\"background: #dd823b\"><\/span><\/h4><div class=\"mec-event-detail\">\r\n                        <div class=\"mec-event-loc-place\">MSK: Chojny, Youth Cultural Centre<\/div>\r\n                        \r\n                    <\/div><\/div><div style=\"clear:both\"><\/div><\/article><article class=\"mec-event-article\"><div class=\"mec-event-image\"><img loading=\"lazy\" decoding=\"async\" width=\"300\" height=\"300\" data-src=\"https:\/\/msk.lodz.pl\/wp-content\/uploads\/2023\/09\/www-kategorie-zajeciawydarzenia-5-300x300.jpg\" class=\"attachment-thumblist size-thumblist wp-post-image lazyload\" alt=\"\" data-mec-postid=\"145260\" src=\"data:image\/gif;base64,R0lGODlhAQABAAAAACH5BAEKAAEALAAAAAABAAEAAAICTAEAOw==\" style=\"--smush-placeholder-width: 300px; --smush-placeholder-aspect-ratio: 300\/300;\" \/><noscript><img loading=\"lazy\" decoding=\"async\" width=\"300\" height=\"300\" data-src=\"https:\/\/msk.lodz.pl\/wp-content\/uploads\/2023\/09\/www-kategorie-zajeciawydarzenia-5-300x300.jpg\" class=\"attachment-thumblist size-thumblist wp-post-image lazyload\" alt=\"\" data-mec-postid=\"145260\" src=\"data:image\/gif;base64,R0lGODlhAQABAAAAACH5BAEKAAEALAAAAAABAAEAAAICTAEAOw==\" style=\"--smush-placeholder-width: 300px; --smush-placeholder-aspect-ratio: 300\/300;\" \/><noscript><img loading=\"lazy\" decoding=\"async\" width=\"300\" height=\"300\" src=\"https:\/\/msk.lodz.pl\/wp-content\/uploads\/2023\/09\/www-kategorie-zajeciawydarzenia-5-300x300.jpg\" class=\"attachment-thumblist size-thumblist wp-post-image\" alt=\"\" data-mec-postid=\"145260\" \/><\/noscript><\/noscript><\/div><div class=\"mec-monthly-contents\" style=\"width: calc(100% - 85px)\"><div class=\"mec-event-time mec-color\"><i class=\"mec-sl-clock-o\"><\/i> 17:00 - 19:00<\/div><h4 class=\"mec-event-title\"><a class=\"mec-color-hover\" data-event-id=\"145260\" href=\"https:\/\/msk.lodz.pl\/en\/msk\/stowarzyszenie-spiewacze-echo-zajecia-stale-x-652-168-966-119-610-869-526-270-906-760-195-402-811-226-175-976\/?occurrence=2026-04-30\" target=\"_self\" rel=\"noopener\">Stowarzyszenie \u015apiewacze Echo \/\/ zaj\u0119cia sta\u0142e \/\/ kwiecie\u0144 2026<\/a> <span class=\"mec-event-title-soldout\"><span class=\"soldout\">Sold Out<\/span><\/span> <\/h4><div class=\"mec-event-detail\">\r\n                        <div class=\"mec-event-loc-place\">MSK: \u017babieniec, RONDO Animation and Revitalisation Centre<\/div>\r\n                        \r\n                    <\/div><\/div><div style=\"clear:both\"><\/div><\/article><article class=\"mec-event-article\"><div class=\"mec-event-image\"><img loading=\"lazy\" decoding=\"async\" width=\"300\" height=\"300\" data-src=\"https:\/\/msk.lodz.pl\/wp-content\/uploads\/2024\/08\/foto-abc-300x300.jpg\" class=\"attachment-thumblist size-thumblist wp-post-image lazyload\" alt=\"\" data-mec-postid=\"145262\" src=\"data:image\/gif;base64,R0lGODlhAQABAAAAACH5BAEKAAEALAAAAAABAAEAAAICTAEAOw==\" style=\"--smush-placeholder-width: 300px; --smush-placeholder-aspect-ratio: 300\/300;\" \/><noscript><img loading=\"lazy\" decoding=\"async\" width=\"300\" height=\"300\" src=\"https:\/\/msk.lodz.pl\/wp-content\/uploads\/2024\/08\/foto-abc-300x300.jpg\" class=\"attachment-thumblist size-thumblist wp-post-image\" alt=\"\" data-mec-postid=\"145262\" \/><\/noscript><\/div><div class=\"mec-monthly-contents\" style=\"width: calc(100% - 85px)\"><div class=\"mec-event-time mec-color\"><i class=\"mec-sl-clock-o\"><\/i> 17:00 - 18:00<\/div><h4 class=\"mec-event-title\"><a class=\"mec-color-hover\" data-event-id=\"145262\" href=\"https:\/\/msk.lodz.pl\/en\/msk\/abc-dla-poczatkujacego-fotografa-od-rzemiosla-do-sztuki-zajecia-stale-x-543-153-996-601-269-377-326-216-308-720-924-802-386-376-963-905\/?occurrence=2026-04-30\" target=\"_self\" rel=\"noopener\">Pracownia Fotografii Artystycznej, warsztaty fotograficzne \/\/ grupa pocz\u0105tkuj\u0105ca \/\/ zaj\u0119cia sta\u0142e \/\/ kwiecie\u0144 2026<\/a><\/h4><div class=\"mec-event-detail\">\r\n                        <div class=\"mec-event-loc-place\">MSK: \u017babieniec, RONDO Animation and Revitalisation Centre<\/div>\r\n                        \r\n                    <\/div><\/div><div style=\"clear:both\"><\/div><\/article><article class=\"mec-event-article\"><div class=\"mec-event-image\"><img loading=\"lazy\" decoding=\"async\" width=\"300\" height=\"300\" data-src=\"https:\/\/msk.lodz.pl\/wp-content\/uploads\/2023\/07\/brydz-300x300.jpg\" class=\"attachment-thumblist size-thumblist wp-post-image lazyload\" alt=\"\" data-mec-postid=\"145268\" src=\"data:image\/gif;base64,R0lGODlhAQABAAAAACH5BAEKAAEALAAAAAABAAEAAAICTAEAOw==\" style=\"--smush-placeholder-width: 300px; --smush-placeholder-aspect-ratio: 300\/300;\" \/><noscript><img loading=\"lazy\" decoding=\"async\" width=\"300\" height=\"300\" data-src=\"https:\/\/msk.lodz.pl\/wp-content\/uploads\/2023\/07\/brydz-300x300.jpg\" class=\"attachment-thumblist size-thumblist wp-post-image lazyload\" alt=\"\" data-mec-postid=\"145268\" src=\"data:image\/gif;base64,R0lGODlhAQABAAAAACH5BAEKAAEALAAAAAABAAEAAAICTAEAOw==\" style=\"--smush-placeholder-width: 300px; --smush-placeholder-aspect-ratio: 300\/300;\" \/><noscript><img loading=\"lazy\" decoding=\"async\" width=\"300\" height=\"300\" src=\"https:\/\/msk.lodz.pl\/wp-content\/uploads\/2023\/07\/brydz-300x300.jpg\" class=\"attachment-thumblist size-thumblist wp-post-image\" alt=\"\" data-mec-postid=\"145268\" \/><\/noscript><\/noscript><\/div><div class=\"mec-monthly-contents\" style=\"width: calc(100% - 85px)\"><div class=\"mec-event-time mec-color\"><i class=\"mec-sl-clock-o\"><\/i> 17:00 - 21:00<\/div><h4 class=\"mec-event-title\"><a class=\"mec-color-hover\" data-event-id=\"145268\" href=\"https:\/\/msk.lodz.pl\/en\/msk\/klub-brydza-sportowego-na-zabiencu-zajecia-stale-x-168-330-240-422-807-409-286-522-781-636-783-393-870-478-915-211\/?occurrence=2026-04-30\" target=\"_self\" rel=\"noopener\">Klub Bryd\u017ca Sportowego na \u017babie\u0144cu \/\/ zaj\u0119cia sta\u0142e \/\/ kwiecie\u0144 2026<\/a> <span class=\"mec-event-title-soldout\"><span class=\"soldout\">Sold Out<\/span><\/span> <\/h4><div class=\"mec-event-detail\">\r\n                        <div class=\"mec-event-loc-place\">MSK: \u017babieniec, RONDO Animation and Revitalisation Centre<\/div>\r\n                        \r\n                    <\/div><\/div><div style=\"clear:both\"><\/div><\/article><article class=\"mec-event-article\"><div class=\"mec-event-image\"><img loading=\"lazy\" decoding=\"async\" width=\"300\" height=\"300\" data-src=\"https:\/\/msk.lodz.pl\/wp-content\/uploads\/2025\/09\/plakat-karolew-dla-najmlodszych-300x300.jpg\" class=\"attachment-thumblist size-thumblist wp-post-image lazyload\" alt=\"\" data-mec-postid=\"145648\" src=\"data:image\/gif;base64,R0lGODlhAQABAAAAACH5BAEKAAEALAAAAAABAAEAAAICTAEAOw==\" style=\"--smush-placeholder-width: 300px; --smush-placeholder-aspect-ratio: 300\/300;\" \/><noscript><img loading=\"lazy\" decoding=\"async\" width=\"300\" height=\"300\" src=\"https:\/\/msk.lodz.pl\/wp-content\/uploads\/2025\/09\/plakat-karolew-dla-najmlodszych-300x300.jpg\" class=\"attachment-thumblist size-thumblist wp-post-image\" alt=\"\" data-mec-postid=\"145648\" \/><\/noscript><\/div><div class=\"mec-monthly-contents\" style=\"width: calc(100% - 85px)\"><div class=\"mec-event-time mec-color\"><i class=\"mec-sl-clock-o\"><\/i> 17:00 - 18:00<\/div><h4 class=\"mec-event-title\"><a class=\"mec-color-hover\" data-event-id=\"145648\" href=\"https:\/\/msk.lodz.pl\/en\/msk\/karolew-dla-najmlodszych-karolew-zajecia-stale-pazdziernika-2025-631-281-102-910-608\/?occurrence=2026-04-30\" target=\"_self\" rel=\"noopener\">Karolew dla najm\u0142odszych\/Karolew\/zaj\u0119cia sta\u0142e\/kwiecie\u0144 2026<\/a><span class=\"event-color\" style=\"background: #fdd700\"><\/span><\/h4><div class=\"mec-event-detail\">\r\n                        <div class=\"mec-event-loc-place\">MSK: Karolew, Karolew Centre<\/div>\r\n                        \r\n                    <\/div><\/div><div style=\"clear:both\"><\/div><\/article><article class=\"mec-event-article\"><div class=\"mec-event-image\"><img loading=\"lazy\" decoding=\"async\" width=\"300\" height=\"300\" data-src=\"https:\/\/msk.lodz.pl\/wp-content\/uploads\/2023\/07\/www-28-300x300.png\" class=\"attachment-thumblist size-thumblist wp-post-image lazyload\" alt=\"\" data-mec-postid=\"145684\" src=\"data:image\/gif;base64,R0lGODlhAQABAAAAACH5BAEKAAEALAAAAAABAAEAAAICTAEAOw==\" style=\"--smush-placeholder-width: 300px; --smush-placeholder-aspect-ratio: 300\/300;\" \/><noscript><img loading=\"lazy\" decoding=\"async\" width=\"300\" height=\"300\" src=\"https:\/\/msk.lodz.pl\/wp-content\/uploads\/2023\/07\/www-28-300x300.png\" class=\"attachment-thumblist size-thumblist wp-post-image\" alt=\"\" data-mec-postid=\"145684\" \/><\/noscript><\/div><div class=\"mec-monthly-contents\" style=\"width: calc(100% - 85px)\"><div class=\"mec-event-time mec-color\"><i class=\"mec-sl-clock-o\"><\/i> 17:00 - 19:00<\/div><h4 class=\"mec-event-title\"><a class=\"mec-color-hover\" data-event-id=\"145684\" href=\"https:\/\/msk.lodz.pl\/en\/msk\/pracownia-plastyczna-15-18-lat-os-zajecia-stale-x-2025-599-204-803-564-155-584\/?occurrence=2026-04-30\" target=\"_self\" rel=\"noopener\">Pracownia plastyczna (15 -18 lat) OS \/\/ Zaj\u0119cia sta\u0142e \/\/ IV 2026<\/a><span class=\"event-color\" style=\"background: #00a0d2\"><\/span><\/h4><div class=\"mec-event-detail\">\r\n                        <div class=\"mec-event-loc-place\">MSK: Polesie, Art Centre<\/div>\r\n                        \r\n                    <\/div><\/div><div style=\"clear:both\"><\/div><\/article><article class=\"mec-event-article\"><div class=\"mec-event-image\"><img loading=\"lazy\" decoding=\"async\" width=\"300\" height=\"300\" data-src=\"https:\/\/msk.lodz.pl\/wp-content\/uploads\/2023\/08\/364236158_250243444521919_3233474650369628905_n-300x300.jpg\" class=\"attachment-thumblist size-thumblist wp-post-image lazyload\" alt=\"\" data-mec-postid=\"145770\" src=\"data:image\/gif;base64,R0lGODlhAQABAAAAACH5BAEKAAEALAAAAAABAAEAAAICTAEAOw==\" style=\"--smush-placeholder-width: 300px; --smush-placeholder-aspect-ratio: 300\/300;\" \/><noscript><img loading=\"lazy\" decoding=\"async\" width=\"300\" height=\"300\" src=\"https:\/\/msk.lodz.pl\/wp-content\/uploads\/2023\/08\/364236158_250243444521919_3233474650369628905_n-300x300.jpg\" class=\"attachment-thumblist size-thumblist wp-post-image\" alt=\"\" data-mec-postid=\"145770\" \/><\/noscript><\/div><div class=\"mec-monthly-contents\" style=\"width: calc(100% - 85px)\"><div class=\"mec-event-time mec-color\"><i class=\"mec-sl-clock-o\"><\/i> 17:00 - 18:00<\/div><h4 class=\"mec-event-title\"><a class=\"mec-color-hover\" data-event-id=\"145770\" href=\"https:\/\/msk.lodz.pl\/en\/msk\/pracownia-plastyczna-lutnia-5-7-lat-lutnia-zajecia-stale-iii-3-623\/?occurrence=2026-04-30\" target=\"_self\" rel=\"noopener\">Pracownia Plastyczna LUTNIA (5-7 lat) \/\/ LUTNIA\/\/ zaj\u0119cia sta\u0142e \/\/ IV<\/a><span class=\"event-color\" style=\"background: #fdd700\"><\/span><\/h4><div class=\"mec-event-detail\">\r\n                        <div class=\"mec-event-loc-place\">MSK: Teofil\u00f3w, Lutnia Creative Centre<\/div>\r\n                        \r\n                    <\/div><\/div><div style=\"clear:both\"><\/div><\/article><article class=\"mec-event-article\"><div class=\"mec-event-image\"><img loading=\"lazy\" decoding=\"async\" width=\"300\" height=\"300\" data-src=\"https:\/\/msk.lodz.pl\/wp-content\/uploads\/2025\/09\/ceramika-zdjecie-300x300.png\" class=\"attachment-thumblist size-thumblist wp-post-image lazyload\" alt=\"\" data-mec-postid=\"146169\" src=\"data:image\/gif;base64,R0lGODlhAQABAAAAACH5BAEKAAEALAAAAAABAAEAAAICTAEAOw==\" style=\"--smush-placeholder-width: 300px; --smush-placeholder-aspect-ratio: 300\/300;\" \/><noscript><img loading=\"lazy\" decoding=\"async\" width=\"300\" height=\"300\" src=\"https:\/\/msk.lodz.pl\/wp-content\/uploads\/2025\/09\/ceramika-zdjecie-300x300.png\" class=\"attachment-thumblist size-thumblist wp-post-image\" alt=\"\" data-mec-postid=\"146169\" \/><\/noscript><\/div><div class=\"mec-monthly-contents\" style=\"width: calc(100% - 85px)\"><div class=\"mec-event-time mec-color\"><i class=\"mec-sl-clock-o\"><\/i> 17:00 - 20:00<\/div><h4 class=\"mec-event-title\"><a class=\"mec-color-hover\" data-event-id=\"146169\" href=\"https:\/\/msk.lodz.pl\/en\/msk\/ceramika-zajecia-stale-grupa-czwartek-os-viii-695-588-203-939-998-179-436-597\/?occurrence=2026-04-30\" target=\"_self\" rel=\"noopener\">Ceramika \/\/ zaj\u0119cia sta\u0142e \/\/ grupa czwartek \/\/ OS \/\/ IV 2026<\/a><\/h4><div class=\"mec-event-detail\">\r\n                        <div class=\"mec-event-loc-place\">MSK: Polesie, Art Centre<\/div>\r\n                        \r\n                    <\/div><\/div><div style=\"clear:both\"><\/div><\/article><article class=\"mec-event-article\"><div class=\"mec-event-image\"><img loading=\"lazy\" decoding=\"async\" width=\"300\" height=\"300\" data-src=\"https:\/\/msk.lodz.pl\/wp-content\/uploads\/2026\/03\/modelarnia_www_war-300x300.png\" class=\"attachment-thumblist size-thumblist wp-post-image lazyload\" alt=\"\" data-mec-postid=\"146277\" src=\"data:image\/gif;base64,R0lGODlhAQABAAAAACH5BAEKAAEALAAAAAABAAEAAAICTAEAOw==\" style=\"--smush-placeholder-width: 300px; --smush-placeholder-aspect-ratio: 300\/300;\" \/><noscript><img loading=\"lazy\" decoding=\"async\" width=\"300\" height=\"300\" src=\"https:\/\/msk.lodz.pl\/wp-content\/uploads\/2026\/03\/modelarnia_www_war-300x300.png\" class=\"attachment-thumblist size-thumblist wp-post-image\" alt=\"\" data-mec-postid=\"146277\" \/><\/noscript><\/div><div class=\"mec-monthly-contents\" style=\"width: calc(100% - 85px)\"><div class=\"mec-event-time mec-color\"><i class=\"mec-sl-clock-o\"><\/i> 17:00 - 18:30<\/div><h4 class=\"mec-event-title\"><a class=\"mec-color-hover\" data-event-id=\"146277\" href=\"https:\/\/msk.lodz.pl\/en\/msk\/modelarnia-kwiecien-2026\/?occurrence=2026-04-30\" target=\"_self\" rel=\"noopener\">Modelarnia \/\/ Dzieci i m\u0142odzie\u017c \/\/ kwiecie\u0144 2026<\/a><span class=\"event-color\" style=\"background: #dd823b\"><\/span><\/h4><div class=\"mec-event-detail\">\r\n                        <div class=\"mec-event-loc-place\">MSK: Upper, Upper Centre<\/div>\r\n                        \r\n                    <\/div><\/div><div style=\"clear:both\"><\/div><\/article><article class=\"mec-event-article\"><div class=\"mec-event-image\"><img loading=\"lazy\" decoding=\"async\" width=\"300\" height=\"300\" data-src=\"https:\/\/msk.lodz.pl\/wp-content\/uploads\/2024\/09\/4-1-300x300.jpg\" class=\"attachment-thumblist size-thumblist wp-post-image lazyload\" alt=\"\" data-mec-postid=\"143353\" src=\"data:image\/gif;base64,R0lGODlhAQABAAAAACH5BAEKAAEALAAAAAABAAEAAAICTAEAOw==\" style=\"--smush-placeholder-width: 300px; --smush-placeholder-aspect-ratio: 300\/300;\" \/><noscript><img loading=\"lazy\" decoding=\"async\" width=\"300\" height=\"300\" src=\"https:\/\/msk.lodz.pl\/wp-content\/uploads\/2024\/09\/4-1-300x300.jpg\" class=\"attachment-thumblist size-thumblist wp-post-image\" alt=\"\" data-mec-postid=\"143353\" \/><\/noscript><\/div><div class=\"mec-monthly-contents\" style=\"width: calc(100% - 85px)\"><div class=\"mec-event-time mec-color\"><i class=\"mec-sl-clock-o\"><\/i> 17:15 - 18:45<\/div><h4 class=\"mec-event-title\"><a class=\"mec-color-hover\" data-event-id=\"143353\" href=\"https:\/\/msk.lodz.pl\/en\/msk\/kurs-tanca-towarzyskiego-dla-par-grupa-zaawansowana-zajecia-stale-pazdziernik-536-538-842-584-854-841-907-436-693-982-457-950-346-165-549\/?occurrence=2026-04-30\" target=\"_self\" rel=\"noopener\">Kurs ta\u0144ca towarzyskiego dla par &#8211; kontynuacja\/\/ zaj\u0119cia sta\u0142e \/\/ IV 2026<\/a><span class=\"event-color\" style=\"background: #fdd700\"><\/span><\/h4><div class=\"mec-event-detail\">\r\n                        <div class=\"mec-event-loc-place\">MSK: Widzew Wsch\u00f3d, Dom Kultury \"502\"<\/div>\r\n                        \r\n                    <\/div><\/div><div style=\"clear:both\"><\/div><\/article><article class=\"mec-event-article\"><div class=\"mec-event-image\"><img loading=\"lazy\" decoding=\"async\" width=\"300\" height=\"300\" data-src=\"https:\/\/msk.lodz.pl\/wp-content\/uploads\/2023\/08\/www-14-300x300.png\" class=\"attachment-thumblist size-thumblist wp-post-image lazyload\" alt=\"\" data-mec-postid=\"144866\" src=\"data:image\/gif;base64,R0lGODlhAQABAAAAACH5BAEKAAEALAAAAAABAAEAAAICTAEAOw==\" style=\"--smush-placeholder-width: 300px; --smush-placeholder-aspect-ratio: 300\/300;\" \/><noscript><img loading=\"lazy\" decoding=\"async\" width=\"300\" height=\"300\" src=\"https:\/\/msk.lodz.pl\/wp-content\/uploads\/2023\/08\/www-14-300x300.png\" class=\"attachment-thumblist size-thumblist wp-post-image\" alt=\"\" data-mec-postid=\"144866\" \/><\/noscript><\/div><div class=\"mec-monthly-contents\" style=\"width: calc(100% - 85px)\"><div class=\"mec-event-time mec-color\"><i class=\"mec-sl-clock-o\"><\/i> 17:15 - 18:00<\/div><h4 class=\"mec-event-title\"><a class=\"mec-color-hover\" data-event-id=\"144866\" href=\"https:\/\/msk.lodz.pl\/en\/msk\/balet-4-6-kwiecien2026\/?occurrence=2026-04-30\" target=\"_self\" rel=\"noopener\">Balet gr. I (4-6 lat) \/\/ zaj\u0119cia sta\u0142e \/\/ O\u015brodek G\u00f3rna \/\/ Kwiecie\u0144 2026<\/a><span class=\"event-color\" style=\"background: #00a0d2\"><\/span><\/h4><div class=\"mec-event-detail\">\r\n                        <div class=\"mec-event-loc-place\">MSK: Upper, Upper Centre<\/div>\r\n                        \r\n                    <\/div><\/div><div style=\"clear:both\"><\/div><\/article><article class=\"mec-event-article\"><div class=\"mec-event-image\"><img loading=\"lazy\" decoding=\"async\" width=\"300\" height=\"300\" data-src=\"https:\/\/msk.lodz.pl\/wp-content\/uploads\/2024\/10\/grupa-I-sroda-6-8-lat-16-1730-6-300x300.png\" class=\"attachment-thumblist size-thumblist wp-post-image lazyload\" alt=\"\" data-mec-postid=\"145938\" src=\"data:image\/gif;base64,R0lGODlhAQABAAAAACH5BAEKAAEALAAAAAABAAEAAAICTAEAOw==\" style=\"--smush-placeholder-width: 300px; --smush-placeholder-aspect-ratio: 300\/300;\" \/><noscript><img loading=\"lazy\" decoding=\"async\" width=\"300\" height=\"300\" src=\"https:\/\/msk.lodz.pl\/wp-content\/uploads\/2024\/10\/grupa-I-sroda-6-8-lat-16-1730-6-300x300.png\" class=\"attachment-thumblist size-thumblist wp-post-image\" alt=\"\" data-mec-postid=\"145938\" \/><\/noscript><\/div><div class=\"mec-monthly-contents\" style=\"width: calc(100% - 85px)\"><div class=\"mec-event-time mec-color\"><i class=\"mec-sl-clock-o\"><\/i> 17:30 - 18:15<\/div><h4 class=\"mec-event-title\"><a class=\"mec-color-hover\" data-event-id=\"145938\" href=\"https:\/\/msk.lodz.pl\/en\/msk\/109310-596-887-610-404-482-432-622\/?occurrence=2026-04-30\" target=\"_self\" rel=\"noopener\">J\u0118ZYK HISZPA\u0143SKI\/KONTYNUACJA\/ZAJ\u0118CIA STA\u0141E\/\/KWIECIE\u0143 2026<\/a><\/h4><div class=\"mec-event-detail\">\r\n                        <div class=\"mec-event-loc-place\">MSK: \u017bubard\u017a, Cultural Education Centre on \u017bubardzka Street<\/div>\r\n                        \r\n                    <\/div><\/div><div style=\"clear:both\"><\/div><\/article><article class=\"mec-event-article\"><div class=\"mec-event-image\"><\/div><div class=\"mec-monthly-contents\" style=\"width: 100%\"><div class=\"mec-event-time mec-color\"><i class=\"mec-sl-clock-o\"><\/i> 17:30 - 19:00<\/div><h4 class=\"mec-event-title\"><a class=\"mec-color-hover\" data-event-id=\"145949\" href=\"https:\/\/msk.lodz.pl\/en\/msk\/capoeira-zajecia-stale-wrzesien-2025-558-348-253-789-648-664\/?occurrence=2026-04-30\" target=\"_self\" rel=\"noopener\">CAPOEIRA &#8211; DZIECI POWY\u017bEJ 10 LAT\/\/ZAJ\u0118CIA STA\u0141E\/\/KWIECIE\u01432026<\/a><span class=\"event-color\" style=\"background: #a3b745\"><\/span><\/h4><div class=\"mec-event-detail\">\r\n                        <div class=\"mec-event-loc-place\">MSK: \u017bubard\u017a, Cultural Education Centre on \u017bubardzka Street<\/div>\r\n                        \r\n                    <\/div><\/div><div style=\"clear:both\"><\/div><\/article><article class=\"mec-event-article\"><div class=\"mec-event-image\"><img loading=\"lazy\" decoding=\"async\" width=\"300\" height=\"300\" data-src=\"https:\/\/msk.lodz.pl\/wp-content\/uploads\/2025\/09\/fota-anilana-strona333-300x300.png\" class=\"attachment-thumblist size-thumblist wp-post-image lazyload\" alt=\"trzy osoby w kostiumach ludowych w izbie\" data-mec-postid=\"134625\" src=\"data:image\/gif;base64,R0lGODlhAQABAAAAACH5BAEKAAEALAAAAAABAAEAAAICTAEAOw==\" style=\"--smush-placeholder-width: 300px; --smush-placeholder-aspect-ratio: 300\/300;\" \/><noscript><img loading=\"lazy\" decoding=\"async\" width=\"300\" height=\"300\" data-src=\"https:\/\/msk.lodz.pl\/wp-content\/uploads\/2025\/09\/fota-anilana-strona333-300x300.png\" class=\"attachment-thumblist size-thumblist wp-post-image lazyload\" alt=\"trzy osoby w kostiumach ludowych w izbie\" data-mec-postid=\"134625\" src=\"data:image\/gif;base64,R0lGODlhAQABAAAAACH5BAEKAAEALAAAAAABAAEAAAICTAEAOw==\" style=\"--smush-placeholder-width: 300px; --smush-placeholder-aspect-ratio: 300\/300;\" \/><noscript><img loading=\"lazy\" decoding=\"async\" width=\"300\" height=\"300\" src=\"https:\/\/msk.lodz.pl\/wp-content\/uploads\/2025\/09\/fota-anilana-strona333-300x300.png\" class=\"attachment-thumblist size-thumblist wp-post-image\" alt=\"trzy osoby w kostiumach ludowych w izbie\" data-mec-postid=\"134625\" \/><\/noscript><\/noscript><\/div><div class=\"mec-monthly-contents\" style=\"width: calc(100% - 85px)\"><div class=\"mec-event-time mec-color\"><i class=\"mec-sl-clock-o\"><\/i> 18:00 - 20:00<\/div><h4 class=\"mec-event-title\"><a class=\"mec-color-hover\" data-event-id=\"134625\" href=\"https:\/\/msk.lodz.pl\/en\/msk\/zespol-piesni-i-tanca-anilana-im-leszka-woszczynskiego-grupa-przygotowawcza-zajecia-stale-iv-2\/?occurrence=2026-04-30\" target=\"_self\" rel=\"noopener\">Zesp\u00f3\u0142 Pie\u015bni i Ta\u0144ca \u201eAnilana&#8221; im. Leszka Woszczy\u0144skiego grupa przygotowawcza \/\/ zaj\u0119cia sta\u0142e \/\/ IV<\/a><\/h4><div class=\"mec-event-detail\">\r\n                        <div class=\"mec-event-loc-place\">Liceum Og\u00f3lnokszta\u0142c\u0105ce nr XXIII im. ks. prof. J. Tischnera<\/div>\r\n                        \r\n                    <\/div><\/div><div style=\"clear:both\"><\/div><\/article><article class=\"mec-event-article\"><div class=\"mec-event-image\"><img loading=\"lazy\" decoding=\"async\" width=\"300\" height=\"300\" data-src=\"https:\/\/msk.lodz.pl\/wp-content\/uploads\/2025\/08\/rozmiar-grafiki-na-strone-grupy-zorganizowane-3-300x300.png\" class=\"attachment-thumblist size-thumblist wp-post-image lazyload\" alt=\"\" data-mec-postid=\"144303\" src=\"data:image\/gif;base64,R0lGODlhAQABAAAAACH5BAEKAAEALAAAAAABAAEAAAICTAEAOw==\" style=\"--smush-placeholder-width: 300px; --smush-placeholder-aspect-ratio: 300\/300;\" \/><noscript><img loading=\"lazy\" decoding=\"async\" width=\"300\" height=\"300\" src=\"https:\/\/msk.lodz.pl\/wp-content\/uploads\/2025\/08\/rozmiar-grafiki-na-strone-grupy-zorganizowane-3-300x300.png\" class=\"attachment-thumblist size-thumblist wp-post-image\" alt=\"\" data-mec-postid=\"144303\" \/><\/noscript><\/div><div class=\"mec-monthly-contents\" style=\"width: calc(100% - 85px)\"><div class=\"mec-event-time mec-color\"><i class=\"mec-sl-clock-o\"><\/i> 18:00 - 19:30<\/div><h4 class=\"mec-event-title\"><a class=\"mec-color-hover\" data-event-id=\"144303\" href=\"https:\/\/msk.lodz.pl\/en\/msk\/pracownia-plastyczna-strefa-sztuki-zajecia-stale-iv-26-wk\/?occurrence=2026-04-30\" target=\"_self\" rel=\"noopener\">Pracownia Plastyczna Strefa Sztuki \/\/ zaj\u0119cia sta\u0142e\/\/ IV 26 \/\/ wk<\/a><span class=\"event-color\" style=\"background: #4153f2\"><\/span><\/h4><div class=\"mec-event-detail\">\r\n                        <div class=\"mec-event-loc-place\">MSK: Radogoszcz, Island of Culture Centre<\/div>\r\n                        \r\n                    <\/div><\/div><div style=\"clear:both\"><\/div><\/article><article class=\"mec-event-article\"><div class=\"mec-event-image\"><img loading=\"lazy\" decoding=\"async\" width=\"300\" height=\"300\" data-src=\"https:\/\/msk.lodz.pl\/wp-content\/uploads\/2023\/07\/www-19-1-300x300.png\" class=\"attachment-thumblist size-thumblist wp-post-image lazyload\" alt=\"\" data-mec-postid=\"144764\" src=\"data:image\/gif;base64,R0lGODlhAQABAAAAACH5BAEKAAEALAAAAAABAAEAAAICTAEAOw==\" style=\"--smush-placeholder-width: 300px; --smush-placeholder-aspect-ratio: 300\/300;\" \/><noscript><img loading=\"lazy\" decoding=\"async\" width=\"300\" height=\"300\" src=\"https:\/\/msk.lodz.pl\/wp-content\/uploads\/2023\/07\/www-19-1-300x300.png\" class=\"attachment-thumblist size-thumblist wp-post-image\" alt=\"\" data-mec-postid=\"144764\" \/><\/noscript><\/div><div class=\"mec-monthly-contents\" style=\"width: calc(100% - 85px)\"><div class=\"mec-event-time mec-color\"><i class=\"mec-sl-clock-o\"><\/i> 18:00 - 19:30<\/div><h4 class=\"mec-event-title\"><a class=\"mec-color-hover\" data-event-id=\"144764\" href=\"https:\/\/msk.lodz.pl\/en\/msk\/zajecia-taneczne-dla-dzieci-grupa-i-zajecia-stale-i-948-405-455-640-156-725-874-499-359-881-782-274\/?occurrence=2026-04-30\" target=\"_self\" rel=\"noopener\">Mix taneczny dla dzieci (grupa 9++) \/\/ D\u0105browa \/\/ zaj\u0119cia sta\u0142e \/\/ kwiecie\u0144 2026<\/a><\/h4><div class=\"mec-event-detail\">\r\n                        <div class=\"mec-event-loc-place\">MSK: D\u0105browa, Klub D\u0105browa<\/div>\r\n                        \r\n                    <\/div><\/div><div style=\"clear:both\"><\/div><\/article><article class=\"mec-event-article\"><div class=\"mec-event-image\"><img loading=\"lazy\" decoding=\"async\" width=\"300\" height=\"300\" data-src=\"https:\/\/msk.lodz.pl\/wp-content\/uploads\/2023\/08\/www-14-300x300.png\" class=\"attachment-thumblist size-thumblist wp-post-image lazyload\" alt=\"\" data-mec-postid=\"144875\" src=\"data:image\/gif;base64,R0lGODlhAQABAAAAACH5BAEKAAEALAAAAAABAAEAAAICTAEAOw==\" style=\"--smush-placeholder-width: 300px; --smush-placeholder-aspect-ratio: 300\/300;\" \/><noscript><img loading=\"lazy\" decoding=\"async\" width=\"300\" height=\"300\" src=\"https:\/\/msk.lodz.pl\/wp-content\/uploads\/2023\/08\/www-14-300x300.png\" class=\"attachment-thumblist size-thumblist wp-post-image\" alt=\"\" data-mec-postid=\"144875\" \/><\/noscript><\/div><div class=\"mec-monthly-contents\" style=\"width: calc(100% - 85px)\"><div class=\"mec-event-time mec-color\"><i class=\"mec-sl-clock-o\"><\/i> 18:00 - 18:45<\/div><h4 class=\"mec-event-title\"><a class=\"mec-color-hover\" data-event-id=\"144875\" href=\"https:\/\/msk.lodz.pl\/en\/msk\/balet-7-10-kwiecien2026\/?occurrence=2026-04-30\" target=\"_self\" rel=\"noopener\">Balet gr. II (7-10+ lat) \/\/ zaj\u0119cia sta\u0142e \/\/ O\u015brodek G\u00f3rna \/\/ Kwiecie\u0144 2026<\/a><span class=\"event-color\" style=\"background: #00a0d2\"><\/span><\/h4><div class=\"mec-event-detail\">\r\n                        <div class=\"mec-event-loc-place\">MSK: Upper, Upper Centre<\/div>\r\n                        \r\n                    <\/div><\/div><div style=\"clear:both\"><\/div><\/article><article class=\"mec-event-article\"><div class=\"mec-event-image\"><img loading=\"lazy\" decoding=\"async\" width=\"300\" height=\"300\" data-src=\"https:\/\/msk.lodz.pl\/wp-content\/uploads\/2025\/09\/Pracownia-Plastyczna-Z-grupa-IV-300x300.jpg\" class=\"attachment-thumblist size-thumblist wp-post-image lazyload\" alt=\"\" data-mec-postid=\"145943\" src=\"data:image\/gif;base64,R0lGODlhAQABAAAAACH5BAEKAAEALAAAAAABAAEAAAICTAEAOw==\" style=\"--smush-placeholder-width: 300px; --smush-placeholder-aspect-ratio: 300\/300;\" \/><noscript><img loading=\"lazy\" decoding=\"async\" width=\"300\" height=\"300\" src=\"https:\/\/msk.lodz.pl\/wp-content\/uploads\/2025\/09\/Pracownia-Plastyczna-Z-grupa-IV-300x300.jpg\" class=\"attachment-thumblist size-thumblist wp-post-image\" alt=\"\" data-mec-postid=\"145943\" \/><\/noscript><\/div><div class=\"mec-monthly-contents\" style=\"width: calc(100% - 85px)\"><div class=\"mec-event-time mec-color\"><i class=\"mec-sl-clock-o\"><\/i> 18:00 - 19:30<\/div><h4 class=\"mec-event-title\"><a class=\"mec-color-hover\" data-event-id=\"145943\" href=\"https:\/\/msk.lodz.pl\/en\/msk\/pracownia-plastycznaz-grupa-ivpowyzej-13-lat-pazdziernik-2025-539-396-101-152-557-980\/?occurrence=2026-04-30\" target=\"_self\" rel=\"noopener\">PRACOWNIA PLASTYCZNA&#8221;\u017b&#8221;\/\/GRUPA IV(powy\u017cej 13 lat)\/\/KWIECIE\u0143 2026<\/a><span class=\"event-color\" style=\"background: #a3b745\"><\/span><\/h4><div class=\"mec-event-detail\">\r\n                        <div class=\"mec-event-loc-place\">MSK: \u017bubard\u017a, Cultural Education Centre on \u017bubardzka Street<\/div>\r\n                        \r\n                    <\/div><\/div><div style=\"clear:both\"><\/div><\/article><article class=\"mec-event-article\"><div class=\"mec-event-image\"><img loading=\"lazy\" decoding=\"async\" width=\"300\" height=\"300\" data-src=\"https:\/\/msk.lodz.pl\/wp-content\/uploads\/2025\/09\/styl-zycia-2-300x300.png\" class=\"attachment-thumblist size-thumblist wp-post-image lazyload\" alt=\"\" data-mec-postid=\"146599\" src=\"data:image\/gif;base64,R0lGODlhAQABAAAAACH5BAEKAAEALAAAAAABAAEAAAICTAEAOw==\" style=\"--smush-placeholder-width: 300px; --smush-placeholder-aspect-ratio: 300\/300;\" \/><noscript><img loading=\"lazy\" decoding=\"async\" width=\"300\" height=\"300\" src=\"https:\/\/msk.lodz.pl\/wp-content\/uploads\/2025\/09\/styl-zycia-2-300x300.png\" class=\"attachment-thumblist size-thumblist wp-post-image\" alt=\"\" data-mec-postid=\"146599\" \/><\/noscript><\/div><div class=\"mec-monthly-contents\" style=\"width: calc(100% - 85px)\"><div class=\"mec-event-time mec-color\"><i class=\"mec-sl-clock-o\"><\/i> 18:15 - 19:15<\/div><h4 class=\"mec-event-title\"><a class=\"mec-color-hover\" data-event-id=\"146599\" href=\"https:\/\/msk.lodz.pl\/en\/msk\/fitness-zajecia-stale-dla-osob-35-kwiecien-2026\/?occurrence=2026-04-30\" target=\"_self\" rel=\"noopener\">FITNESS \/\/ zaj\u0119cia sta\u0142e dla os\u00f3b 35+ \/\/ kwiecie\u0144 2026<\/a><span class=\"event-color\" style=\"background: #dd823b\"><\/span><\/h4><div class=\"mec-event-detail\">\r\n                        <div class=\"mec-event-loc-place\">MSK: Chojny, Youth Cultural Centre<\/div>\r\n                        \r\n                    <\/div><\/div><div style=\"clear:both\"><\/div><\/article><article class=\"mec-event-article\"><div class=\"mec-event-image\"><img loading=\"lazy\" decoding=\"async\" width=\"300\" height=\"300\" data-src=\"https:\/\/msk.lodz.pl\/wp-content\/uploads\/2025\/10\/JEZYK-WLOSKI-DLA-DOROSLYCH-OD-PODSTAW-2-300x300.png\" class=\"attachment-thumblist size-thumblist wp-post-image lazyload\" alt=\"\" data-mec-postid=\"143467\" src=\"data:image\/gif;base64,R0lGODlhAQABAAAAACH5BAEKAAEALAAAAAABAAEAAAICTAEAOw==\" style=\"--smush-placeholder-width: 300px; --smush-placeholder-aspect-ratio: 300\/300;\" \/><noscript><img loading=\"lazy\" decoding=\"async\" width=\"300\" height=\"300\" src=\"https:\/\/msk.lodz.pl\/wp-content\/uploads\/2025\/10\/JEZYK-WLOSKI-DLA-DOROSLYCH-OD-PODSTAW-2-300x300.png\" class=\"attachment-thumblist size-thumblist wp-post-image\" alt=\"\" data-mec-postid=\"143467\" \/><\/noscript><\/div><div class=\"mec-monthly-contents\" style=\"width: calc(100% - 85px)\"><div class=\"mec-event-time mec-color\"><i class=\"mec-sl-clock-o\"><\/i> 18:30 - 20:00<\/div><h4 class=\"mec-event-title\"><a class=\"mec-color-hover\" data-event-id=\"143467\" href=\"https:\/\/msk.lodz.pl\/en\/msk\/impast-zajecia-stale-693-721-673-649-363-707-870-375-400-551-356-522-809-645-905-775-429-213-257-661-301-167-470-345-185\/?occurrence=2026-04-30\" target=\"_self\" rel=\"noopener\">Foto 502 \/\/ zaj\u0119cia sta\u0142e \/\/ IV 2026<\/a><span class=\"event-color\" style=\"background: #fdd700\"><\/span><\/h4><div class=\"mec-event-detail\">\r\n                        <div class=\"mec-event-loc-place\">MSK: Widzew Wsch\u00f3d, Dom Kultury \"502\"<\/div>\r\n                        \r\n                    <\/div><\/div><div style=\"clear:both\"><\/div><\/article><article class=\"mec-event-article\"><div class=\"mec-event-image\"><img loading=\"lazy\" decoding=\"async\" width=\"300\" height=\"300\" data-src=\"https:\/\/msk.lodz.pl\/wp-content\/uploads\/2024\/09\/JOGA-DLA-DZIECI-300x300.png\" class=\"attachment-thumblist size-thumblist wp-post-image lazyload\" alt=\"\" data-mec-postid=\"144310\" src=\"data:image\/gif;base64,R0lGODlhAQABAAAAACH5BAEKAAEALAAAAAABAAEAAAICTAEAOw==\" style=\"--smush-placeholder-width: 300px; --smush-placeholder-aspect-ratio: 300\/300;\" \/><noscript><img loading=\"lazy\" decoding=\"async\" width=\"300\" height=\"300\" src=\"https:\/\/msk.lodz.pl\/wp-content\/uploads\/2024\/09\/JOGA-DLA-DZIECI-300x300.png\" class=\"attachment-thumblist size-thumblist wp-post-image\" alt=\"\" data-mec-postid=\"144310\" \/><\/noscript><\/div><div class=\"mec-monthly-contents\" style=\"width: calc(100% - 85px)\"><div class=\"mec-event-time mec-color\"><i class=\"mec-sl-clock-o\"><\/i> 18:30 - 19:30<\/div><h4 class=\"mec-event-title\"><a class=\"mec-color-hover\" data-event-id=\"144310\" href=\"https:\/\/msk.lodz.pl\/en\/msk\/zdrowy-kregoslup-wzmacnianie-czwartki-zajecia-stale-iv-26-wk\/?occurrence=2026-04-30\" target=\"_self\" rel=\"noopener\">ZDROWY KR\u0118GOS\u0141UP-WZMACNIANIE\/\/ CZWARTKI \/\/ ZAJ\u0118CIA STA\u0141E \/\/ IV 26 \/\/ wk<\/a><\/h4><div class=\"mec-event-detail\">\r\n                        <div class=\"mec-event-loc-place\">MSK: Radogoszcz, Island of Culture Centre<\/div>\r\n                        \r\n                    <\/div><\/div><div style=\"clear:both\"><\/div><\/article><article class=\"mec-event-article\"><div class=\"mec-event-image\"><img loading=\"lazy\" decoding=\"async\" width=\"300\" height=\"300\" data-src=\"https:\/\/msk.lodz.pl\/wp-content\/uploads\/2024\/09\/Projekt-bez-nazwy-300x300.jpg\" class=\"attachment-thumblist size-thumblist wp-post-image lazyload\" alt=\"\" data-mec-postid=\"143068\" src=\"data:image\/gif;base64,R0lGODlhAQABAAAAACH5BAEKAAEALAAAAAABAAEAAAICTAEAOw==\" style=\"--smush-placeholder-width: 300px; --smush-placeholder-aspect-ratio: 300\/300;\" \/><noscript><img loading=\"lazy\" decoding=\"async\" width=\"300\" height=\"300\" src=\"https:\/\/msk.lodz.pl\/wp-content\/uploads\/2024\/09\/Projekt-bez-nazwy-300x300.jpg\" class=\"attachment-thumblist size-thumblist wp-post-image\" alt=\"\" data-mec-postid=\"143068\" \/><\/noscript><\/div><div class=\"mec-monthly-contents\" style=\"width: calc(100% - 85px)\"><div class=\"mec-event-time mec-color\"><i class=\"mec-sl-clock-o\"><\/i> 19:00 - 20:30<\/div><h4 class=\"mec-event-title\"><a class=\"mec-color-hover\" data-event-id=\"143068\" href=\"https:\/\/msk.lodz.pl\/en\/msk\/vinyasa-joga-289-174-211-132-601-412-327-579\/?occurrence=2026-04-30\" target=\"_self\" rel=\"noopener\">Vinyasa joga \/\/ zaj\u0119cia sta\u0142e \/\/ IV 2026<\/a><span class=\"event-color\" style=\"background: #fdd700\"><\/span><\/h4><div class=\"mec-event-detail\">\r\n                        <div class=\"mec-event-loc-place\">MSK: Widzew Wsch\u00f3d, Dom Kultury \"502\"<\/div>\r\n                        \r\n                    <\/div><\/div><div style=\"clear:both\"><\/div><\/article><article class=\"mec-event-article\"><div class=\"mec-event-image\"><img loading=\"lazy\" decoding=\"async\" width=\"300\" height=\"300\" data-src=\"https:\/\/msk.lodz.pl\/wp-content\/uploads\/2024\/07\/Kopia-Kopia-Kopia-300x300.png\" class=\"attachment-thumblist size-thumblist wp-post-image lazyload\" alt=\"\" data-mec-postid=\"145935\" src=\"data:image\/gif;base64,R0lGODlhAQABAAAAACH5BAEKAAEALAAAAAABAAEAAAICTAEAOw==\" style=\"--smush-placeholder-width: 300px; --smush-placeholder-aspect-ratio: 300\/300;\" \/><noscript><img loading=\"lazy\" decoding=\"async\" width=\"300\" height=\"300\" data-src=\"https:\/\/msk.lodz.pl\/wp-content\/uploads\/2024\/07\/Kopia-Kopia-Kopia-300x300.png\" class=\"attachment-thumblist size-thumblist wp-post-image lazyload\" alt=\"\" data-mec-postid=\"145935\" src=\"data:image\/gif;base64,R0lGODlhAQABAAAAACH5BAEKAAEALAAAAAABAAEAAAICTAEAOw==\" style=\"--smush-placeholder-width: 300px; --smush-placeholder-aspect-ratio: 300\/300;\" \/><noscript><img loading=\"lazy\" decoding=\"async\" width=\"300\" height=\"300\" src=\"https:\/\/msk.lodz.pl\/wp-content\/uploads\/2024\/07\/Kopia-Kopia-Kopia-300x300.png\" class=\"attachment-thumblist size-thumblist wp-post-image\" alt=\"\" data-mec-postid=\"145935\" \/><\/noscript><\/noscript><\/div><div class=\"mec-monthly-contents\" style=\"width: calc(100% - 85px)\"><div class=\"mec-event-time mec-color\"><i class=\"mec-sl-clock-o\"><\/i> 19:00 - 20:00<\/div><h4 class=\"mec-event-title\"><a class=\"mec-color-hover\" data-event-id=\"145935\" href=\"https:\/\/msk.lodz.pl\/en\/msk\/zumba-zajecia-stale-v-581-364-398-904-904-562-250-739-646\/?occurrence=2026-04-30\" target=\"_self\" rel=\"noopener\">ZUMBA \/\/ ZAJ\u0118CIA STA\u0141E \/\/ KWIECIE\u0143 2026<\/a><span class=\"event-color\" style=\"background: #fdd700\"><\/span><\/h4><div class=\"mec-event-detail\">\r\n                        <div class=\"mec-event-loc-place\">MSK: \u017bubard\u017a, Cultural Education Centre on \u017bubardzka Street<\/div>\r\n                        \r\n                    <\/div><\/div><div style=\"clear:both\"><\/div><\/article><article class=\"mec-event-article\"><div class=\"mec-event-image\"><img loading=\"lazy\" decoding=\"async\" width=\"300\" height=\"300\" data-src=\"https:\/\/msk.lodz.pl\/wp-content\/uploads\/2024\/12\/Anilana--300x300.png\" class=\"attachment-thumblist size-thumblist wp-post-image lazyload\" alt=\"zdj\u0119cie trzech dziewczyn w strojach ludowych\" data-mec-postid=\"109089\" src=\"data:image\/gif;base64,R0lGODlhAQABAAAAACH5BAEKAAEALAAAAAABAAEAAAICTAEAOw==\" style=\"--smush-placeholder-width: 300px; --smush-placeholder-aspect-ratio: 300\/300;\" \/><noscript><img loading=\"lazy\" decoding=\"async\" width=\"300\" height=\"300\" data-src=\"https:\/\/msk.lodz.pl\/wp-content\/uploads\/2024\/12\/Anilana--300x300.png\" class=\"attachment-thumblist size-thumblist wp-post-image lazyload\" alt=\"zdj\u0119cie trzech dziewczyn w strojach ludowych\" data-mec-postid=\"109089\" src=\"data:image\/gif;base64,R0lGODlhAQABAAAAACH5BAEKAAEALAAAAAABAAEAAAICTAEAOw==\" style=\"--smush-placeholder-width: 300px; --smush-placeholder-aspect-ratio: 300\/300;\" \/><noscript><img loading=\"lazy\" decoding=\"async\" width=\"300\" height=\"300\" src=\"https:\/\/msk.lodz.pl\/wp-content\/uploads\/2024\/12\/Anilana--300x300.png\" class=\"attachment-thumblist size-thumblist wp-post-image\" alt=\"zdj\u0119cie trzech dziewczyn w strojach ludowych\" data-mec-postid=\"109089\" \/><\/noscript><\/noscript><\/div><div class=\"mec-monthly-contents\" style=\"width: calc(100% - 85px)\"><div class=\"mec-event-time mec-color\"><i class=\"mec-sl-clock-o\"><\/i> 20:00 - 22:00<\/div><h4 class=\"mec-event-title\"><a class=\"mec-color-hover\" data-event-id=\"109089\" href=\"https:\/\/msk.lodz.pl\/en\/msk\/zespol-piesni-i-tanca-anilana-im-leszka-woszczynskiego-zajecia-stale-xi-2-131\/?occurrence=2026-04-30\" target=\"_self\" rel=\"noopener\">Zesp\u00f3\u0142 Pie\u015bni i Ta\u0144ca \u201eAnilana&#8221; im. Leszka Woszczy\u0144skiego \/\/ zaj\u0119cia sta\u0142e<\/a><\/h4><div class=\"mec-event-detail\">\r\n                        <div class=\"mec-event-loc-place\">Liceum Og\u00f3lnokszta\u0142c\u0105ce nr XXIII im. ks. prof. J. Tischnera<\/div>\r\n                        \r\n                    <\/div><\/div><div style=\"clear:both\"><\/div><\/article><article class=\"mec-event-article\"><div class=\"mec-event-image\"><img loading=\"lazy\" decoding=\"async\" width=\"300\" height=\"300\" data-src=\"https:\/\/msk.lodz.pl\/wp-content\/uploads\/2026\/03\/kobiety1-300x300.png\" class=\"attachment-thumblist size-thumblist wp-post-image lazyload\" alt=\"\" data-mec-postid=\"146967\" src=\"data:image\/gif;base64,R0lGODlhAQABAAAAACH5BAEKAAEALAAAAAABAAEAAAICTAEAOw==\" style=\"--smush-placeholder-width: 300px; --smush-placeholder-aspect-ratio: 300\/300;\" \/><noscript><img loading=\"lazy\" decoding=\"async\" width=\"300\" height=\"300\" data-src=\"https:\/\/msk.lodz.pl\/wp-content\/uploads\/2026\/03\/kobiety1-300x300.png\" class=\"attachment-thumblist size-thumblist wp-post-image lazyload\" alt=\"\" data-mec-postid=\"146967\" src=\"data:image\/gif;base64,R0lGODlhAQABAAAAACH5BAEKAAEALAAAAAABAAEAAAICTAEAOw==\" style=\"--smush-placeholder-width: 300px; --smush-placeholder-aspect-ratio: 300\/300;\" \/><noscript><img loading=\"lazy\" decoding=\"async\" width=\"300\" height=\"300\" data-src=\"https:\/\/msk.lodz.pl\/wp-content\/uploads\/2026\/03\/kobiety1-300x300.png\" class=\"attachment-thumblist size-thumblist wp-post-image lazyload\" alt=\"\" data-mec-postid=\"146967\" src=\"data:image\/gif;base64,R0lGODlhAQABAAAAACH5BAEKAAEALAAAAAABAAEAAAICTAEAOw==\" style=\"--smush-placeholder-width: 300px; --smush-placeholder-aspect-ratio: 300\/300;\" \/><noscript><img loading=\"lazy\" decoding=\"async\" width=\"300\" height=\"300\" data-src=\"https:\/\/msk.lodz.pl\/wp-content\/uploads\/2026\/03\/kobiety1-300x300.png\" class=\"attachment-thumblist size-thumblist wp-post-image lazyload\" alt=\"\" data-mec-postid=\"146967\" src=\"data:image\/gif;base64,R0lGODlhAQABAAAAACH5BAEKAAEALAAAAAABAAEAAAICTAEAOw==\" style=\"--smush-placeholder-width: 300px; --smush-placeholder-aspect-ratio: 300\/300;\" \/><noscript><img loading=\"lazy\" decoding=\"async\" width=\"300\" height=\"300\" data-src=\"https:\/\/msk.lodz.pl\/wp-content\/uploads\/2026\/03\/kobiety1-300x300.png\" class=\"attachment-thumblist size-thumblist wp-post-image lazyload\" alt=\"\" data-mec-postid=\"146967\" src=\"data:image\/gif;base64,R0lGODlhAQABAAAAACH5BAEKAAEALAAAAAABAAEAAAICTAEAOw==\" style=\"--smush-placeholder-width: 300px; --smush-placeholder-aspect-ratio: 300\/300;\" \/><noscript><img loading=\"lazy\" decoding=\"async\" width=\"300\" height=\"300\" src=\"https:\/\/msk.lodz.pl\/wp-content\/uploads\/2026\/03\/kobiety1-300x300.png\" class=\"attachment-thumblist size-thumblist wp-post-image\" alt=\"\" data-mec-postid=\"146967\" \/><\/noscript><\/noscript><\/noscript><\/noscript><\/noscript><\/div><div class=\"mec-monthly-contents\" style=\"width: calc(100% - 85px)\"><div class=\"mec-event-time mec-color\"><i class=\"mec-sl-clock-o\"><\/i> 23:00 - 23:55<\/div><h4 class=\"mec-event-title\"><a class=\"mec-color-hover\" data-event-id=\"146967\" href=\"https:\/\/msk.lodz.pl\/en\/msk\/kobiety-niezwykle-2026-zglos-swoja-kandydatke\/?occurrence=2026-04-30\" target=\"_self\" rel=\"noopener\">Kobiety Niezwyk\u0142e 2026 \u2013 Zg\u0142o\u015b swoj\u0105 kandydatk\u0119!<\/a><span class=\"event-color\" style=\"background: #30f2eb\"><\/span><\/h4><div class=\"mec-event-detail\">\r\n                        <div class=\"mec-event-loc-place\">MSK: D\u0105browa, Klub D\u0105browa<\/div>\r\n                        \r\n                    <\/div><\/div><div style=\"clear:both\"><\/div><\/article><\/div><div class=\"mec-calendar-events-sec\" id=\"mec-calendar-events-sec-11745-20260501\" data-mec-cell=\"20260501\" ><h6 class=\"mec-table-side-title\">Events for May<\/h6><h3 class=\"mec-color mec-table-side-day\"> 1<\/h3><article class=\"mec-event-article\"><div class=\"mec-event-image\"><\/div><div class=\"mec-monthly-contents\" style=\"width: 100%\"><div class=\"mec-event-time mec-color\"><i class=\"mec-sl-clock-o\"><\/i> 13:00 - 15:00<\/div><h4 class=\"mec-event-title\"><a class=\"mec-color-hover\" data-event-id=\"110774\" href=\"https:\/\/msk.lodz.pl\/en\/msk\/teatr-bez-granic-zajecia-stale\/?occurrence=2026-05-01\" target=\"_self\" rel=\"noopener\">TEATR BEZ GRANIC\/\/ZAJ\u0118CIA STA\u0141E<\/a><span class=\"event-color\" style=\"background: #dd823b\"><\/span><\/h4><div class=\"mec-event-detail\">\r\n                            <div class=\"mec-event-loc-place\">MSK: \u017bubard\u017a, Cultural Education Centre on \u017bubardzka Street<\/div>\r\n                            \r\n                        <\/div><\/div><div style=\"clear:both\"><\/div><\/article><article class=\"mec-event-article\"><div class=\"mec-event-image\"><img loading=\"lazy\" decoding=\"async\" width=\"300\" height=\"300\" data-src=\"https:\/\/msk.lodz.pl\/wp-content\/uploads\/2023\/07\/Kopia-Kopia-Kopia-8-300x300.png\" class=\"attachment-thumblist size-thumblist wp-post-image lazyload\" alt=\"\" data-mec-postid=\"110567\" src=\"data:image\/gif;base64,R0lGODlhAQABAAAAACH5BAEKAAEALAAAAAABAAEAAAICTAEAOw==\" style=\"--smush-placeholder-width: 300px; --smush-placeholder-aspect-ratio: 300\/300;\" \/><noscript><img loading=\"lazy\" decoding=\"async\" width=\"300\" height=\"300\" src=\"https:\/\/msk.lodz.pl\/wp-content\/uploads\/2023\/07\/Kopia-Kopia-Kopia-8-300x300.png\" class=\"attachment-thumblist size-thumblist wp-post-image\" alt=\"\" data-mec-postid=\"110567\" \/><\/noscript><\/div><div class=\"mec-monthly-contents\" style=\"width: calc(100% - 85px)\"><div class=\"mec-event-time mec-color\"><i class=\"mec-sl-clock-o\"><\/i> 13:30 - 17:00<\/div><h4 class=\"mec-event-title\"><a class=\"mec-color-hover\" data-event-id=\"110567\" href=\"https:\/\/msk.lodz.pl\/en\/msk\/klub-gier-piatkowych-wrzesien-2025\/?occurrence=2026-05-01\" target=\"_self\" rel=\"noopener\">KLUB GIER PI\u0104TKOWYCH\/\/ZAJ\u0118CIA STA\u0141E\/\/ 2025-2026<\/a><span class=\"event-color\" style=\"background: #dd823b\"><\/span><\/h4><div class=\"mec-event-detail\">\r\n                            <div class=\"mec-event-loc-place\">MSK: \u017bubard\u017a, Cultural Education Centre on \u017bubardzka Street<\/div>\r\n                            \r\n                        <\/div><\/div><div style=\"clear:both\"><\/div><\/article><article class=\"mec-event-article\"><div class=\"mec-event-image\"><img loading=\"lazy\" decoding=\"async\" width=\"300\" height=\"300\" data-src=\"https:\/\/msk.lodz.pl\/wp-content\/uploads\/2023\/07\/MSK-Zubardz-na-www-31-300x300.png\" class=\"attachment-thumblist size-thumblist wp-post-image lazyload\" alt=\"\" data-mec-postid=\"13820\" src=\"data:image\/gif;base64,R0lGODlhAQABAAAAACH5BAEKAAEALAAAAAABAAEAAAICTAEAOw==\" style=\"--smush-placeholder-width: 300px; --smush-placeholder-aspect-ratio: 300\/300;\" \/><noscript><img loading=\"lazy\" decoding=\"async\" width=\"300\" height=\"300\" data-src=\"https:\/\/msk.lodz.pl\/wp-content\/uploads\/2023\/07\/MSK-Zubardz-na-www-31-300x300.png\" class=\"attachment-thumblist size-thumblist wp-post-image lazyload\" alt=\"\" data-mec-postid=\"13820\" src=\"data:image\/gif;base64,R0lGODlhAQABAAAAACH5BAEKAAEALAAAAAABAAEAAAICTAEAOw==\" style=\"--smush-placeholder-width: 300px; --smush-placeholder-aspect-ratio: 300\/300;\" \/><noscript><img loading=\"lazy\" decoding=\"async\" width=\"300\" height=\"300\" src=\"https:\/\/msk.lodz.pl\/wp-content\/uploads\/2023\/07\/MSK-Zubardz-na-www-31-300x300.png\" class=\"attachment-thumblist size-thumblist wp-post-image\" alt=\"\" data-mec-postid=\"13820\" \/><\/noscript><\/noscript><\/div><div class=\"mec-monthly-contents\" style=\"width: calc(100% - 85px)\"><div class=\"mec-event-time mec-color\"><i class=\"mec-sl-clock-o\"><\/i> 14:00 - 16:00<\/div><h4 class=\"mec-event-title\"><a class=\"mec-color-hover\" data-event-id=\"13820\" href=\"https:\/\/msk.lodz.pl\/en\/msk\/konsultacje-aktorskie\/?occurrence=2026-05-01\" target=\"_self\" rel=\"noopener\">KONSULTACJE AKTORSKIE \/\/ ZAJ\u0118CIA STA\u0141E \/ 2025<\/a><span class=\"event-color\" style=\"background: #fdd700\"><\/span><\/h4><div class=\"mec-event-detail\">\r\n                            <div class=\"mec-event-loc-place\">MSK: \u017bubard\u017a, Cultural Education Centre on \u017bubardzka Street<\/div>\r\n                            \r\n                        <\/div><\/div><div style=\"clear:both\"><\/div><\/article><article class=\"mec-event-article\"><div class=\"mec-event-image\"><img loading=\"lazy\" decoding=\"async\" width=\"300\" height=\"300\" data-src=\"https:\/\/msk.lodz.pl\/wp-content\/uploads\/2023\/07\/gry-300x300.png\" class=\"attachment-thumblist size-thumblist wp-post-image lazyload\" alt=\"\" data-mec-postid=\"14123\" src=\"data:image\/gif;base64,R0lGODlhAQABAAAAACH5BAEKAAEALAAAAAABAAEAAAICTAEAOw==\" style=\"--smush-placeholder-width: 300px; --smush-placeholder-aspect-ratio: 300\/300;\" \/><noscript><img loading=\"lazy\" decoding=\"async\" width=\"300\" height=\"300\" src=\"https:\/\/msk.lodz.pl\/wp-content\/uploads\/2023\/07\/gry-300x300.png\" class=\"attachment-thumblist size-thumblist wp-post-image\" alt=\"\" data-mec-postid=\"14123\" \/><\/noscript><\/div><div class=\"mec-monthly-contents\" style=\"width: calc(100% - 85px)\"><div class=\"mec-event-time mec-color\"><i class=\"mec-sl-clock-o\"><\/i> 17:00 - 21:00<\/div><h4 class=\"mec-event-title\"><a class=\"mec-color-hover\" data-event-id=\"14123\" href=\"https:\/\/msk.lodz.pl\/en\/msk\/wyspa-planszowek-klub-milosnikow-gier-planszowych-dla-kazdego\/?occurrence=2026-05-01\" target=\"_self\" rel=\"noopener\">Wyspa Plansz\u00f3wek &#8211; Klub mi\u0142o\u015bnik\u00f3w gier planszowych dla ka\u017cdego<\/a><span class=\"event-color\" style=\"background: #00a0d2\"><\/span><\/h4><div class=\"mec-event-detail\">\r\n                            <div class=\"mec-event-loc-place\">MSK: Radogoszcz, Island of Culture Centre<\/div>\r\n                            \r\n                        <\/div><\/div><div style=\"clear:both\"><\/div><\/article><\/div><div class=\"mec-calendar-events-sec\" id=\"mec-calendar-events-sec-11745-20260502\" data-mec-cell=\"20260502\" ><h6 class=\"mec-table-side-title\">Events for May<\/h6><h3 class=\"mec-color mec-table-side-day\"> 2<\/h3><article class=\"mec-event-article\"><div class=\"mec-event-image\"><\/div><div class=\"mec-monthly-contents\" style=\"width: 100%\"><div class=\"mec-event-time mec-color\"><i class=\"mec-sl-clock-o\"><\/i> 12:00 - 14:00<\/div><h4 class=\"mec-event-title\"><a class=\"mec-color-hover\" data-event-id=\"110775\" href=\"https:\/\/msk.lodz.pl\/en\/msk\/zespol-nuta-osemka\/?occurrence=2026-05-02\" target=\"_self\" rel=\"noopener\">ZESP\u00d3\u0141 \u00d3SEMKA<\/a><span class=\"event-color\" style=\"background: #dd823b\"><\/span><\/h4><div class=\"mec-event-detail\">\r\n                            <div class=\"mec-event-loc-place\">MSK: \u017bubard\u017a, Cultural Education Centre on \u017bubardzka Street<\/div>\r\n                            \r\n                        <\/div><\/div><div style=\"clear:both\"><\/div><\/article><\/div><\/div><\/div><\/div><div class=\"mec-event-footer\"><\/div>    <\/div>\r\n\r\n        \r\n        <div class=\"mec-modal-result\"><\/div>\r\n\r\n<\/div>    <\/div>\r\n\r\n    <\/div>\n<\/div>\n\t\t\t\t\t\t<\/div>\n\t\t\t\t<\/div>\n\t\t\t\t\t<\/div>\n\t\t<\/div>\n\t\t\t\t\t<\/div>\n\t\t<\/section>\n\t\t<div class=\"elementor-element elementor-element-7c605b6 e-flex e-con-boxed e-con e-parent\" data-id=\"7c605b6\" data-element_type=\"container\" data-settings=\"{&quot;background_background&quot;:&quot;classic&quot;}\">\n\t\t\t\t\t<div class=\"e-con-inner\">\n\t\t\t\t<div class=\"elementor-element elementor-element-f68a66c elementor-widget elementor-widget-spacer\" data-id=\"f68a66c\" data-element_type=\"widget\" data-widget_type=\"spacer.default\">\n\t\t\t\t<div class=\"elementor-widget-container\">\n\t\t\t\t\t\t\t<div class=\"elementor-spacer\">\n\t\t\t<div class=\"elementor-spacer-inner\"><\/div>\n\t\t<\/div>\n\t\t\t\t\t\t<\/div>\n\t\t\t\t<\/div>\n\t\t\t\t\t<\/div>\n\t\t\t\t<\/div>\n\t\t<div class=\"elementor-element elementor-element-9b7c999 e-flex e-con-boxed e-con e-parent\" data-id=\"9b7c999\" data-element_type=\"container\">\n\t\t\t\t\t<div class=\"e-con-inner\">\n\t\t<div class=\"elementor-element elementor-element-92cf00d e-con-full e-flex e-con e-child\" data-id=\"92cf00d\" data-element_type=\"container\">\n\t\t\t\t<div class=\"elementor-element elementor-element-c8a9e6a elementor-widget elementor-widget-image\" data-id=\"c8a9e6a\" data-element_type=\"widget\" data-widget_type=\"image.default\">\n\t\t\t\t<div class=\"elementor-widget-container\">\n\t\t\t\t\t\t\t\t\t\t\t\t\t\t\t<img loading=\"lazy\" decoding=\"async\" width=\"800\" height=\"800\" data-src=\"https:\/\/msk.lodz.pl\/wp-content\/uploads\/2025\/12\/5-1024x1024.png\" class=\"attachment-large size-large wp-image-127065 lazyload\" alt=\"Wydarzenia \u0141\u00f3d\u017a\" data-srcset=\"https:\/\/msk.lodz.pl\/wp-content\/uploads\/2025\/12\/5-1024x1024.png 1024w, https:\/\/msk.lodz.pl\/wp-content\/uploads\/2025\/12\/5-300x300.png 300w, https:\/\/msk.lodz.pl\/wp-content\/uploads\/2025\/12\/5-150x150.png 150w, https:\/\/msk.lodz.pl\/wp-content\/uploads\/2025\/12\/5-768x768.png 768w, https:\/\/msk.lodz.pl\/wp-content\/uploads\/2025\/12\/5-500x500.png 500w, https:\/\/msk.lodz.pl\/wp-content\/uploads\/2025\/12\/5-12x12.png 12w, https:\/\/msk.lodz.pl\/wp-content\/uploads\/2025\/12\/5-600x600.png 600w, https:\/\/msk.lodz.pl\/wp-content\/uploads\/2025\/12\/5-100x100.png 100w, https:\/\/msk.lodz.pl\/wp-content\/uploads\/2025\/12\/5.png 1200w\" data-sizes=\"(max-width: 800px) 100vw, 800px\" src=\"data:image\/gif;base64,R0lGODlhAQABAAAAACH5BAEKAAEALAAAAAABAAEAAAICTAEAOw==\" style=\"--smush-placeholder-width: 800px; --smush-placeholder-aspect-ratio: 800\/800;\" \/><noscript><img loading=\"lazy\" decoding=\"async\" width=\"800\" height=\"800\" src=\"https:\/\/msk.lodz.pl\/wp-content\/uploads\/2025\/12\/5-1024x1024.png\" class=\"attachment-large size-large wp-image-127065\" alt=\"Wydarzenia \u0141\u00f3d\u017a\" srcset=\"https:\/\/msk.lodz.pl\/wp-content\/uploads\/2025\/12\/5-1024x1024.png 1024w, https:\/\/msk.lodz.pl\/wp-content\/uploads\/2025\/12\/5-300x300.png 300w, https:\/\/msk.lodz.pl\/wp-content\/uploads\/2025\/12\/5-150x150.png 150w, https:\/\/msk.lodz.pl\/wp-content\/uploads\/2025\/12\/5-768x768.png 768w, https:\/\/msk.lodz.pl\/wp-content\/uploads\/2025\/12\/5-500x500.png 500w, https:\/\/msk.lodz.pl\/wp-content\/uploads\/2025\/12\/5-12x12.png 12w, https:\/\/msk.lodz.pl\/wp-content\/uploads\/2025\/12\/5-600x600.png 600w, https:\/\/msk.lodz.pl\/wp-content\/uploads\/2025\/12\/5-100x100.png 100w, https:\/\/msk.lodz.pl\/wp-content\/uploads\/2025\/12\/5.png 1200w\" sizes=\"(max-width: 800px) 100vw, 800px\" \/><\/noscript>\t\t\t\t\t\t\t\t\t\t\t\t\t\t\t<\/div>\n\t\t\t\t<\/div>\n\t\t\t\t<\/div>\n\t\t<div class=\"elementor-element elementor-element-80bc8de e-con-full e-flex e-con e-child\" data-id=\"80bc8de\" data-element_type=\"container\">\n\t\t\t\t<div class=\"elementor-element elementor-element-b6b387a elementor-widget elementor-widget-heading\" data-id=\"b6b387a\" data-element_type=\"widget\" data-widget_type=\"heading.default\">\n\t\t\t\t<div class=\"elementor-widget-container\">\n\t\t\t\t\t<h2 class=\"elementor-heading-title elementor-size-default\">Wydarzenia \u0141\u00f3d\u017a - pe\u0142na oferta kulturalna w jednym miejscu<\/h2>\t\t\t\t<\/div>\n\t\t\t\t<\/div>\n\t\t\t\t<div class=\"elementor-element elementor-element-f432c1d elementor-widget elementor-widget-text-editor\" data-id=\"f432c1d\" data-element_type=\"widget\" data-widget_type=\"text-editor.default\">\n\t\t\t\t<div class=\"elementor-widget-container\">\n\t\t\t\t\t\t\t\t\t<p>W MSK znajdziesz <strong>najciekawsze wydarzenia w \u0141odzi<\/strong> przygotowywane przez 15 filii dzia\u0142aj\u0105cych w r\u00f3\u017cnych cz\u0119\u015bciach miasta. Zbieramy kultur\u0119 z ca\u0142ej \u0141odzi w jednym kalendarzu, dzi\u0119ki czemu mo\u017cesz szybko sprawdzi\u0107 koncerty, warsztaty, spotkania, spektakle i dzia\u0142ania spo\u0142eczne bez szukania na wielu stronach. Nasza oferta jest r\u00f3\u017cnorodna i aktualizowana na bie\u017c\u0105co, \u017ceby\u015b zawsze wiedzia\u0142 co dzieje si\u0119 w Twojej okolicy.<\/p>\t\t\t\t\t\t\t\t<\/div>\n\t\t\t\t<\/div>\n\t\t\t\t<div class=\"elementor-element elementor-element-a961422 elementor-widget elementor-widget-heading\" data-id=\"a961422\" data-element_type=\"widget\" data-widget_type=\"heading.default\">\n\t\t\t\t<div class=\"elementor-widget-container\">\n\t\t\t\t\t<h2 class=\"elementor-heading-title elementor-size-default\">\u0141\u00f3d\u017a Kalendarz Wydarze\u0144 - planuj tydzie\u0144 i miesi\u0105c z MSK<\/h2>\t\t\t\t<\/div>\n\t\t\t\t<\/div>\n\t\t\t\t<div class=\"elementor-element elementor-element-352418a elementor-widget elementor-widget-text-editor\" data-id=\"352418a\" data-element_type=\"widget\" data-widget_type=\"text-editor.default\">\n\t\t\t\t<div class=\"elementor-widget-container\">\n\t\t\t\t\t\t\t\t\t<p><strong>Kalendarz wydarze\u0144 \u0141\u00f3d\u017a,<\/strong> w MSK to przejrzysty harmonogram zaj\u0119\u0107 i imprez odbywaj\u0105cych si\u0119 w naszych filiach. Mo\u017cesz przegl\u0105da\u0107 wydarzenia wed\u0142ug terminu, miejsca lub kategorii, dzi\u0119ki czemu \u0142atwo zaplanujesz tydzie\u0144 lub miesi\u0105c pe\u0142en aktywno\u015bci. To centrum informacji o kulturze w \u0141odzi &#8211; zawsze aktualne, zawsze dost\u0119pne i stworzone z my\u015bl\u0105 o mieszka\u0144cach.<\/p>\t\t\t\t\t\t\t\t<\/div>\n\t\t\t\t<\/div>\n\t\t\t\t<\/div>\n\t\t\t\t\t<\/div>\n\t\t\t\t<\/div>\n\t\t<div class=\"elementor-element elementor-element-8bea707 e-flex e-con-boxed e-con e-parent\" data-id=\"8bea707\" data-element_type=\"container\" data-settings=\"{&quot;background_background&quot;:&quot;classic&quot;}\">\n\t\t\t\t\t<div class=\"e-con-inner\">\n\t\t\t\t<div class=\"elementor-element elementor-element-ec48e58 elementor-widget elementor-widget-spacer\" data-id=\"ec48e58\" data-element_type=\"widget\" data-widget_type=\"spacer.default\">\n\t\t\t\t<div class=\"elementor-widget-container\">\n\t\t\t\t\t\t\t<div class=\"elementor-spacer\">\n\t\t\t<div class=\"elementor-spacer-inner\"><\/div>\n\t\t<\/div>\n\t\t\t\t\t\t<\/div>\n\t\t\t\t<\/div>\n\t\t\t\t\t<\/div>\n\t\t\t\t<\/div>\n\t\t\t\t<\/div>","protected":false},"excerpt":{"rendered":"<p>Wydarzenia \u0141\u00f3d\u017a &#8211; MSK Je\u015bli szukasz najciekawszych wydarze\u0144 w \u0141odzi, tutaj znajdziesz pe\u0142n\u0105 i aktualn\u0105 ofert\u0119. Prezentujemy koncerty, spotkania, warsztaty oraz propozycje kulturalne dost\u0119pne we wszystkich filiach Miejskiej Strefy Kultury dla dzieci m\u0142odzie\u017cy doros\u0142ych i senior\u00f3w.\u00a0 Wydarzenia \u0141\u00f3d\u017a &#8211; pe\u0142na oferta kulturalna w jednym miejscu W MSK znajdziesz najciekawsze wydarzenia w \u0141odzi przygotowywane przez 15 [&hellip;]<\/p>","protected":false},"author":1,"featured_media":127065,"parent":0,"menu_order":0,"comment_status":"closed","ping_status":"closed","template":"","meta":{"footnotes":""},"class_list":["post-11624","page","type-page","status-publish","has-post-thumbnail","hentry"],"yoast_head":"<!-- This site is optimized with the Yoast SEO plugin v26.5 - https:\/\/yoast.com\/wordpress\/plugins\/seo\/ -->\n<title>Wydarzenia \u0141\u00f3d\u017a - kalendarz atrakcji i wydarze\u0144 - MSK<\/title>\n<meta name=\"description\" content=\"Wydarzenia \u0141\u00f3d\u017a - sprawd\u017a aktualny kalendarz wydarze\u0144 i odkryj najciekawsze atrakcje organizowane przez Miejsk\u0105 Stref\u0119 Kultury w \u0141odzi\" \/>\n<meta name=\"robots\" content=\"index, follow, max-snippet:-1, max-image-preview:large, max-video-preview:-1\" \/>\n<link rel=\"canonical\" href=\"https:\/\/msk.lodz.pl\/en\/kalendarz-msk\/\" \/>\n<meta property=\"og:locale\" content=\"en_GB\" \/>\n<meta property=\"og:type\" content=\"article\" \/>\n<meta property=\"og:title\" content=\"Wydarzenia \u0141\u00f3d\u017a - kalendarz atrakcji i wydarze\u0144 - MSK\" \/>\n<meta property=\"og:description\" content=\"Wydarzenia \u0141\u00f3d\u017a - sprawd\u017a aktualny kalendarz wydarze\u0144 i odkryj najciekawsze atrakcje organizowane przez Miejsk\u0105 Stref\u0119 Kultury w \u0141odzi\" \/>\n<meta property=\"og:url\" content=\"https:\/\/msk.lodz.pl\/en\/kalendarz-msk\/\" \/>\n<meta property=\"og:site_name\" content=\"MSK\" \/>\n<meta property=\"article:modified_time\" content=\"2025-12-12T12:25:14+00:00\" \/>\n<meta property=\"og:image\" content=\"https:\/\/msk.lodz.pl\/wp-content\/uploads\/2025\/12\/5.png\" \/>\n\t<meta property=\"og:image:width\" content=\"1200\" \/>\n\t<meta property=\"og:image:height\" content=\"1200\" \/>\n\t<meta property=\"og:image:type\" content=\"image\/png\" \/>\n<meta name=\"twitter:card\" content=\"summary_large_image\" \/>\n<meta name=\"twitter:label1\" content=\"Estimated reading time\" \/>\n\t<meta name=\"twitter:data1\" content=\"2 minutes\" \/>\n<script type=\"application\/ld+json\" class=\"yoast-schema-graph\">{\"@context\":\"https:\/\/schema.org\",\"@graph\":[{\"@type\":\"WebPage\",\"@id\":\"https:\/\/msk.lodz.pl\/kalendarz-msk\/\",\"url\":\"https:\/\/msk.lodz.pl\/kalendarz-msk\/\",\"name\":\"Wydarzenia \u0141\u00f3d\u017a - kalendarz atrakcji i wydarze\u0144 - MSK\",\"isPartOf\":{\"@id\":\"https:\/\/msk.lodz.pl\/#website\"},\"primaryImageOfPage\":{\"@id\":\"https:\/\/msk.lodz.pl\/kalendarz-msk\/#primaryimage\"},\"image\":{\"@id\":\"https:\/\/msk.lodz.pl\/kalendarz-msk\/#primaryimage\"},\"thumbnailUrl\":\"https:\/\/msk.lodz.pl\/wp-content\/uploads\/2025\/12\/5.png\",\"datePublished\":\"2023-05-29T19:28:06+00:00\",\"dateModified\":\"2025-12-12T12:25:14+00:00\",\"description\":\"Wydarzenia \u0141\u00f3d\u017a - sprawd\u017a aktualny kalendarz wydarze\u0144 i odkryj najciekawsze atrakcje organizowane przez Miejsk\u0105 Stref\u0119 Kultury w \u0141odzi\",\"breadcrumb\":{\"@id\":\"https:\/\/msk.lodz.pl\/kalendarz-msk\/#breadcrumb\"},\"inLanguage\":\"en-GB\",\"potentialAction\":[{\"@type\":\"ReadAction\",\"target\":[\"https:\/\/msk.lodz.pl\/kalendarz-msk\/\"]}]},{\"@type\":\"ImageObject\",\"inLanguage\":\"en-GB\",\"@id\":\"https:\/\/msk.lodz.pl\/kalendarz-msk\/#primaryimage\",\"url\":\"https:\/\/msk.lodz.pl\/wp-content\/uploads\/2025\/12\/5.png\",\"contentUrl\":\"https:\/\/msk.lodz.pl\/wp-content\/uploads\/2025\/12\/5.png\",\"width\":1200,\"height\":1200,\"caption\":\"Wydarzenia \u0141\u00f3d\u017a\"},{\"@type\":\"BreadcrumbList\",\"@id\":\"https:\/\/msk.lodz.pl\/kalendarz-msk\/#breadcrumb\",\"itemListElement\":[{\"@type\":\"ListItem\",\"position\":1,\"name\":\"Strona g\u0142\u00f3wna\",\"item\":\"http:\/\/msk.lodz.pl\/en\/\"},{\"@type\":\"ListItem\",\"position\":2,\"name\":\"Kalendarz MSK\"}]},{\"@type\":\"WebSite\",\"@id\":\"https:\/\/msk.lodz.pl\/#website\",\"url\":\"https:\/\/msk.lodz.pl\/\",\"name\":\"MSK - \u0141\u00f3d\u017a\",\"description\":\"\",\"publisher\":{\"@id\":\"https:\/\/msk.lodz.pl\/#organization\"},\"potentialAction\":[{\"@type\":\"SearchAction\",\"target\":{\"@type\":\"EntryPoint\",\"urlTemplate\":\"https:\/\/msk.lodz.pl\/?s={search_term_string}\"},\"query-input\":{\"@type\":\"PropertyValueSpecification\",\"valueRequired\":true,\"valueName\":\"search_term_string\"}}],\"inLanguage\":\"en-GB\"},{\"@type\":\"Organization\",\"@id\":\"https:\/\/msk.lodz.pl\/#organization\",\"name\":\"MSK - \u0141\u00f3d\u017a\",\"url\":\"https:\/\/msk.lodz.pl\/\",\"logo\":{\"@type\":\"ImageObject\",\"inLanguage\":\"en-GB\",\"@id\":\"https:\/\/msk.lodz.pl\/#\/schema\/logo\/image\/\",\"url\":\"https:\/\/msk.lodz.pl\/wp-content\/uploads\/2023\/04\/cropped-Fav_icon_MSK.png\",\"contentUrl\":\"https:\/\/msk.lodz.pl\/wp-content\/uploads\/2023\/04\/cropped-Fav_icon_MSK.png\",\"width\":512,\"height\":512,\"caption\":\"MSK - \u0141\u00f3d\u017a\"},\"image\":{\"@id\":\"https:\/\/msk.lodz.pl\/#\/schema\/logo\/image\/\"}}]}<\/script>\n<!-- \/ Yoast SEO plugin. -->","yoast_head_json":{"title":"Wydarzenia \u0141\u00f3d\u017a - kalendarz atrakcji i wydarze\u0144 - MSK","description":"Wydarzenia \u0141\u00f3d\u017a - sprawd\u017a aktualny kalendarz wydarze\u0144 i odkryj najciekawsze atrakcje organizowane przez Miejsk\u0105 Stref\u0119 Kultury w \u0141odzi","robots":{"index":"index","follow":"follow","max-snippet":"max-snippet:-1","max-image-preview":"max-image-preview:large","max-video-preview":"max-video-preview:-1"},"canonical":"https:\/\/msk.lodz.pl\/en\/kalendarz-msk\/","og_locale":"en_GB","og_type":"article","og_title":"Wydarzenia \u0141\u00f3d\u017a - kalendarz atrakcji i wydarze\u0144 - MSK","og_description":"Wydarzenia \u0141\u00f3d\u017a - sprawd\u017a aktualny kalendarz wydarze\u0144 i odkryj najciekawsze atrakcje organizowane przez Miejsk\u0105 Stref\u0119 Kultury w \u0141odzi","og_url":"https:\/\/msk.lodz.pl\/en\/kalendarz-msk\/","og_site_name":"MSK","article_modified_time":"2025-12-12T12:25:14+00:00","og_image":[{"width":1200,"height":1200,"url":"https:\/\/msk.lodz.pl\/wp-content\/uploads\/2025\/12\/5.png","type":"image\/png"}],"twitter_card":"summary_large_image","twitter_misc":{"Estimated reading time":"2 minutes"},"schema":{"@context":"https:\/\/schema.org","@graph":[{"@type":"WebPage","@id":"https:\/\/msk.lodz.pl\/kalendarz-msk\/","url":"https:\/\/msk.lodz.pl\/kalendarz-msk\/","name":"Wydarzenia \u0141\u00f3d\u017a - kalendarz atrakcji i wydarze\u0144 - MSK","isPartOf":{"@id":"https:\/\/msk.lodz.pl\/#website"},"primaryImageOfPage":{"@id":"https:\/\/msk.lodz.pl\/kalendarz-msk\/#primaryimage"},"image":{"@id":"https:\/\/msk.lodz.pl\/kalendarz-msk\/#primaryimage"},"thumbnailUrl":"https:\/\/msk.lodz.pl\/wp-content\/uploads\/2025\/12\/5.png","datePublished":"2023-05-29T19:28:06+00:00","dateModified":"2025-12-12T12:25:14+00:00","description":"Wydarzenia \u0141\u00f3d\u017a - sprawd\u017a aktualny kalendarz wydarze\u0144 i odkryj najciekawsze atrakcje organizowane przez Miejsk\u0105 Stref\u0119 Kultury w \u0141odzi","breadcrumb":{"@id":"https:\/\/msk.lodz.pl\/kalendarz-msk\/#breadcrumb"},"inLanguage":"en-GB","potentialAction":[{"@type":"ReadAction","target":["https:\/\/msk.lodz.pl\/kalendarz-msk\/"]}]},{"@type":"ImageObject","inLanguage":"en-GB","@id":"https:\/\/msk.lodz.pl\/kalendarz-msk\/#primaryimage","url":"https:\/\/msk.lodz.pl\/wp-content\/uploads\/2025\/12\/5.png","contentUrl":"https:\/\/msk.lodz.pl\/wp-content\/uploads\/2025\/12\/5.png","width":1200,"height":1200,"caption":"Wydarzenia \u0141\u00f3d\u017a"},{"@type":"BreadcrumbList","@id":"https:\/\/msk.lodz.pl\/kalendarz-msk\/#breadcrumb","itemListElement":[{"@type":"ListItem","position":1,"name":"Strona g\u0142\u00f3wna","item":"http:\/\/msk.lodz.pl\/en\/"},{"@type":"ListItem","position":2,"name":"Kalendarz MSK"}]},{"@type":"WebSite","@id":"https:\/\/msk.lodz.pl\/#website","url":"https:\/\/msk.lodz.pl\/","name":"MSK - \u0141\u00f3d\u017a","description":"","publisher":{"@id":"https:\/\/msk.lodz.pl\/#organization"},"potentialAction":[{"@type":"SearchAction","target":{"@type":"EntryPoint","urlTemplate":"https:\/\/msk.lodz.pl\/?s={search_term_string}"},"query-input":{"@type":"PropertyValueSpecification","valueRequired":true,"valueName":"search_term_string"}}],"inLanguage":"en-GB"},{"@type":"Organization","@id":"https:\/\/msk.lodz.pl\/#organization","name":"MSK - \u0141\u00f3d\u017a","url":"https:\/\/msk.lodz.pl\/","logo":{"@type":"ImageObject","inLanguage":"en-GB","@id":"https:\/\/msk.lodz.pl\/#\/schema\/logo\/image\/","url":"https:\/\/msk.lodz.pl\/wp-content\/uploads\/2023\/04\/cropped-Fav_icon_MSK.png","contentUrl":"https:\/\/msk.lodz.pl\/wp-content\/uploads\/2023\/04\/cropped-Fav_icon_MSK.png","width":512,"height":512,"caption":"MSK - \u0141\u00f3d\u017a"},"image":{"@id":"https:\/\/msk.lodz.pl\/#\/schema\/logo\/image\/"}}]}},"_links":{"self":[{"href":"https:\/\/msk.lodz.pl\/en\/wp-json\/wp\/v2\/pages\/11624","targetHints":{"allow":["GET"]}}],"collection":[{"href":"https:\/\/msk.lodz.pl\/en\/wp-json\/wp\/v2\/pages"}],"about":[{"href":"https:\/\/msk.lodz.pl\/en\/wp-json\/wp\/v2\/types\/page"}],"author":[{"embeddable":true,"href":"https:\/\/msk.lodz.pl\/en\/wp-json\/wp\/v2\/users\/1"}],"replies":[{"embeddable":true,"href":"https:\/\/msk.lodz.pl\/en\/wp-json\/wp\/v2\/comments?post=11624"}],"version-history":[{"count":0,"href":"https:\/\/msk.lodz.pl\/en\/wp-json\/wp\/v2\/pages\/11624\/revisions"}],"wp:featuredmedia":[{"embeddable":true,"href":"https:\/\/msk.lodz.pl\/en\/wp-json\/wp\/v2\/media\/127065"}],"wp:attachment":[{"href":"https:\/\/msk.lodz.pl\/en\/wp-json\/wp\/v2\/media?parent=11624"}],"curies":[{"name":"wp","href":"https:\/\/api.w.org\/{rel}","templated":true}]}}